{"id":1204,"date":"2023-01-12T14:15:31","date_gmt":"2023-01-12T20:15:31","guid":{"rendered":"https:\/\/www.ssaver.gob.mx\/administraciondepersonal\/?page_id=1204"},"modified":"2024-12-16T14:29:19","modified_gmt":"2024-12-16T20:29:19","slug":"2022-2","status":"publish","type":"page","link":"https:\/\/www.ssaver.gob.mx\/administraciondepersonal\/comision-central-mixta-de-escalafon\/2022-2\/","title":{"rendered":"Comisi\u00f3n Central Mixta de Escalaf\u00f3n 2022"},"content":{"rendered":"\n<hr class=\"wp-block-separator has-text-color has-alpha-channel-opacity has-background is-style-wide\" style=\"background-color:#d8bf31;color:#d8bf31\" \/>\n\n\n\n<p class=\"has-text-align-center has-white-color has-text-color has-background\" style=\"background-color:#9d861e;font-size:22px\"><strong>CONVOCATORIA<\/strong><\/p>\n\n\n\n<p class=\"has-text-align-center has-text-color\" style=\"color:#5b4c0d;font-size:22px\"><strong>2022<\/strong><\/p>\n\n\n\n<hr class=\"wp-block-separator has-text-color has-alpha-channel-opacity has-background is-style-wide\" style=\"background-color:#d8bf31;color:#d8bf31\" \/>\n\n\n\n<p><strong>Oficina Central &#8211; Xalapa<\/strong><\/p>\n\n\n\n<ul class=\"wp-block-list\">\n<li><a rel=\"noreferrer noopener\" href=\"https:\/\/www.ssaver.gob.mx\/administraciondepersonal\/wp-content\/uploads\/sites\/15\/2022\/11\/CONV-NUM-02_2022_SECCION-70.pdf\" target=\"_blank\">Convocatoria N\u00b002 Oficina Central &#8211; SNTSA Secc.70<\/a><\/li>\n\n\n\n<li><a rel=\"noreferrer noopener\" href=\"https:\/\/www.ssaver.gob.mx\/administraciondepersonal\/wp-content\/uploads\/sites\/15\/2022\/11\/CONV-NUM-03_2022_SECCION-70.pdf\" target=\"_blank\">Convocatoria N\u00b003 Oficina Central &#8211; SNTSA Secc.70<\/a><\/li>\n\n\n\n<li><a rel=\"noreferrer noopener\" href=\"https:\/\/www.ssaver.gob.mx\/administraciondepersonal\/wp-content\/uploads\/sites\/15\/2022\/11\/11.-CONV-NUM-29-SECCION-26_2022.pdf\" target=\"_blank\">Convocatoria N\u00b029 Oficina Central &#8211; SNTSA Secci\u00f3n 26<\/a><\/li>\n\n\n\n<li><a rel=\"noreferrer noopener\" href=\"https:\/\/www.ssaver.gob.mx\/administraciondepersonal\/wp-content\/uploads\/sites\/15\/2022\/11\/13.-CONV-NUM-34-SECCION-26_2022.pdf\" target=\"_blank\">Convocatoria N\u00b034 Oficina Central &#8211; SNTSA Secci\u00f3n 26<\/a><\/li>\n\n\n\n<li><a rel=\"noreferrer noopener\" href=\"https:\/\/www.ssaver.gob.mx\/administraciondepersonal\/wp-content\/uploads\/sites\/15\/2022\/11\/15.-CONV-NUM-40-SECCION-26_2022.pdf\" target=\"_blank\">Convocatoria N\u00b040 Oficina Central &#8211; SNTSA Secci\u00f3n 26<\/a><\/li>\n\n\n\n<li><a href=\"https:\/\/www.ssaver.gob.mx\/administraciondepersonal\/wp-content\/uploads\/sites\/15\/2022\/11\/27.-CONV-NUM-56-SECCION-26_2022.pdf\">Convocatoria N\u00b056 Oficina Central &#8211; SNTSA Secci\u00f3n 26<\/a><\/li>\n\n\n\n<li><a href=\"https:\/\/www.ssaver.gob.mx\/administraciondepersonal\/wp-content\/uploads\/sites\/15\/2022\/11\/28.-CONV-NUM-57-SECCION-26_2022.pdf\" target=\"_blank\" rel=\"noreferrer noopener\">Convocatoria N\u00b057 Oficina Central &#8211; SNTSA Secci\u00f3n 26<\/a><\/li>\n\n\n\n<li><a rel=\"noreferrer noopener\" href=\"https:\/\/www.ssaver.gob.mx\/administraciondepersonal\/wp-content\/uploads\/sites\/15\/2022\/11\/CONV-NUM-16_2022_SETSSV.pdf\" target=\"_blank\">Convocatoria N\u00b016 Oficina Central &#8211; SETSSV<\/a><\/li>\n\n\n\n<li><a rel=\"noreferrer noopener\" href=\"https:\/\/www.ssaver.gob.mx\/administraciondepersonal\/wp-content\/uploads\/sites\/15\/2022\/11\/16.-ACTA-CONV-NUM-16_2022_SETSSV.pdf\" target=\"_blank\">Acta-Convocatoria N\u00b016-2022 Oficina Central &#8211; SETSSV<\/a><\/li>\n\n\n\n<li><a href=\"https:\/\/www.ssaver.gob.mx\/administraciondepersonal\/wp-content\/uploads\/sites\/15\/2023\/06\/ACTA-CONV-NUM-02_2022_SECCION-70_2022.pdf\" target=\"_blank\" rel=\"noreferrer noopener\">Acta Convocatoria N\u00b0 02 &#8211; 2022 Oficina Central \u2013 SNTSA Secci\u00f3n 70<\/a><\/li>\n\n\n\n<li><a href=\"https:\/\/www.ssaver.gob.mx\/administraciondepersonal\/wp-content\/uploads\/sites\/15\/2023\/06\/ACTA-CONV-NUM_03_2022_SECCION-70.pdf\" target=\"_blank\" rel=\"noreferrer noopener\">Acta Convocatoria N\u00b0 03 &#8211; 2022 Oficina Central \u2013 SNTSA Secci\u00f3n 70<\/a><\/li>\n<\/ul>\n\n\n\n<p><strong>Jurisdicci\u00f3n Sanitaria No. I &#8211; P\u00e1nuco<\/strong><\/p>\n\n\n\n<ul class=\"wp-block-list\">\n<li><a href=\"https:\/\/www.ssaver.gob.mx\/administraciondepersonal\/wp-content\/uploads\/sites\/15\/2024\/04\/ACTA-CONV-NUM-49_2022_SECCION-26-NORTE_2022.pdf\">Acta Convocatoria N\u00b0 49 &#8211; 2022 Jurisdicci\u00f3n Sanitaria \u2013 SNTSA Secci\u00f3n 26 NORTE<\/a><\/li>\n<\/ul>\n\n\n\n<p>Hospital General de P\u00e1nuco \u00abDr. Manuel I. \u00c1vila\u00bb<\/p>\n\n\n\n<p>Hospital de la Comunidad de Ozuluama de Mascare\u00f1as<\/p>\n\n\n\n<p>Hospital General de Tantoyuca<\/p>\n\n\n\n<ul class=\"wp-block-list\">\n<li><a href=\"https:\/\/www.ssaver.gob.mx\/administraciondepersonal\/wp-content\/uploads\/sites\/15\/2022\/11\/20.-CONV-NUM-49_2022_SECCION-26_06311_2022.pdf\" target=\"_blank\" rel=\"noreferrer noopener\">Convocatoria N\u00b049 Hospital &#8211; Ofic. SRH\/06311\/2022 \u2013 SNTSA Secci\u00f3n 26<\/a><\/li>\n<\/ul>\n\n\n\n<p>Hospital de la Comunidad de Tempoal<\/p>\n\n\n\n<p>UNEME de Plat\u00f3n S\u00e1nchez<\/p>\n\n\n\n<p><strong>Jurisdicci\u00f3n Sanitaria No. II &#8211; Tuxpan<\/strong><\/p>\n\n\n\n<ul class=\"wp-block-list\">\n<li><a rel=\"noreferrer noopener\" href=\"https:\/\/www.ssaver.gob.mx\/administraciondepersonal\/wp-content\/uploads\/sites\/15\/2022\/11\/10.-CONV-NUM-28-_2022_SESVER_SRH_DAP_6123_2022_SECCION-26.pdf\" target=\"_blank\">Convocatoria N\u00b028 Jurisdicci\u00f3n &#8211; Ofic. SRH\/6123\/2022 &#8211; SNTSA Secci\u00f3n 26<\/a><\/li>\n\n\n\n<li><a href=\"https:\/\/www.ssaver.gob.mx\/administraciondepersonal\/wp-content\/uploads\/sites\/15\/2023\/09\/ACTA-CONV-NUM-28_2022_SECCION-26-NORTE_2022-.pdf\" data-type=\"link\" data-id=\"https:\/\/www.ssaver.gob.mx\/administraciondepersonal\/wp-content\/uploads\/sites\/15\/2023\/09\/ACTA-CONV-NUM-28_2022_SECCION-26-NORTE_2022-.pdf\">Acta Convocatoria N\u00b0 28 &#8211; 2022 Jurisdicci\u00f3n Sanitaria \u2013 SNTSA Secci\u00f3n 26 NORTE<\/a><\/li>\n<\/ul>\n\n\n\n<p>Hospital General de Tuxpan \u00abDr. Emilio Alc\u00e1zar\u201d<\/p>\n\n\n\n<ul class=\"wp-block-list\">\n<li><a rel=\"noreferrer noopener\" href=\"https:\/\/www.ssaver.gob.mx\/administraciondepersonal\/wp-content\/uploads\/sites\/15\/2022\/11\/14.-CONV-NUM-20_2022_SETSSV.pdf\" target=\"_blank\">Convocatoria N\u00b020 Hospital &#8211; Ofic. SRH\/13666\/2022 &#8211; SETSSV<\/a><\/li>\n\n\n\n<li><a href=\"https:\/\/www.ssaver.gob.mx\/administraciondepersonal\/wp-content\/uploads\/sites\/15\/2022\/11\/18.-CONV-NUM-25_2022_SETSSV_SRH_DAP_14275.pdf\" target=\"_blank\" rel=\"noreferrer noopener\">Convocatoria N\u00b025 Hospital &#8211; Ofic. SRH\/14275\/2022 &#8211; SETSSV<\/a><\/li>\n\n\n\n<li><a href=\"https:\/\/www.ssaver.gob.mx\/administraciondepersonal\/wp-content\/uploads\/sites\/15\/2024\/04\/ACTA-CONV-NUM-20_2022_SETSSV.pdf\">Acta Convocatoria N\u00b0 20 \u2013 2022 \u2013 Hospital &#8211; &nbsp;SETSSV<\/a><\/li>\n<\/ul>\n\n\n\n<p>Hospital de la Comunidad de Naranjos<\/p>\n\n\n\n<ul class=\"wp-block-list\">\n<li><a href=\"https:\/\/www.ssaver.gob.mx\/administraciondepersonal\/wp-content\/uploads\/sites\/15\/2022\/11\/9.-CONV-NUM-23_2022_SECCION-26_5101_2022.pdf\" target=\"_blank\" rel=\"noreferrer noopener\">Convocatoria N\u00b023 Hospital &#8211; Ofic. SRH\/5101\/2022 \u2013 SNTSA Secci\u00f3n 26<\/a><\/li>\n<\/ul>\n\n\n\n<p>Hospital de la Comunidad de Cerro Azul<\/p>\n\n\n\n<p>Hospital General de \u00c1lamo<\/p>\n\n\n\n<ul class=\"wp-block-list\">\n<li><a href=\"https:\/\/www.ssaver.gob.mx\/administraciondepersonal\/wp-content\/uploads\/sites\/15\/2024\/12\/ACTA-CONV-NUM-09_2022_SECCION-26-NORTE_2024.pdf\">Acta Convocatoria N\u00b0 09 &#8211; 2022 Hospital \u2013 SNTSA Secci\u00f3n 26 &#8211; NORTE<\/a><\/li>\n<\/ul>\n\n\n\n<p><strong>Jurisdicci\u00f3n Sanitaria No. III &#8211; Poza Rica<\/strong><\/p>\n\n\n\n<ul class=\"wp-block-list\">\n<li><a rel=\"noreferrer noopener\" href=\"https:\/\/www.ssaver.gob.mx\/administraciondepersonal\/wp-content\/uploads\/sites\/15\/2022\/11\/1.-CONV-NUM-01_02_2022_SESVER_SRH_DAP_2345_2022_SECCION-26.pdf\" target=\"_blank\">Convocatoria N\u00b001,02 Jurisdicci\u00f3n &#8211; Ofic. SRH\/2345\/2022 &#8211; SNTSA Secci\u00f3n 26<\/a><\/li>\n\n\n\n<li><a rel=\"noreferrer noopener\" href=\"https:\/\/www.ssaver.gob.mx\/administraciondepersonal\/wp-content\/uploads\/sites\/15\/2022\/11\/5.-CONV-NUM-12_13_14_2022_SECCION-26_6121_2022.pdf\" target=\"_blank\">Convocatoria N\u00b012,13,14 Jurisdicci\u00f3n &#8211; Ofic. SRH\/6121\/2022 &#8211; SNTSA Secci\u00f3n 26<\/a><\/li>\n\n\n\n<li><a rel=\"noreferrer noopener\" href=\"https:\/\/www.ssaver.gob.mx\/administraciondepersonal\/wp-content\/uploads\/sites\/15\/2022\/11\/19.-CON-NUM-46_2022_SESVER_SRH_DAP_07640_2022_SECCION-26.pdf\" target=\"_blank\">Convocatoria N\u00b046 Jurisdicci\u00f3n &#8211; Ofic. SRH\/07640\/2022 &#8211; SNTSA Secci\u00f3n 26<\/a><\/li>\n\n\n\n<li><a rel=\"noreferrer noopener\" href=\"https:\/\/www.ssaver.gob.mx\/administraciondepersonal\/wp-content\/uploads\/sites\/15\/2023\/06\/ACTA-CONV-NUM-16_2022_SECCION-70_2023.pdf\" target=\"_blank\">Acta Convocatoria N\u00b0 16 &#8211; 2022 Jurisdicci\u00f3n Sanitaria\u2013 SNTSA Secci\u00f3n 70<\/a><\/li>\n\n\n\n<li><a rel=\"noreferrer noopener\" href=\"https:\/\/www.ssaver.gob.mx\/administraciondepersonal\/wp-content\/uploads\/sites\/15\/2023\/07\/ACTA-CONV-NUM-14_2022_SECCION-26-NORTE_2022.pdf\" target=\"_blank\">Acta Convocatoria N\u00b0 14 &#8211; 2022 Jurisdicci\u00f3n Sanitaria \u2013 SNTSA Secci\u00f3n 26 \u2013 NORTE<\/a><\/li>\n\n\n\n<li><a rel=\"noreferrer noopener\" href=\"https:\/\/www.ssaver.gob.mx\/administraciondepersonal\/wp-content\/uploads\/sites\/15\/2023\/07\/ACTA-CONV-NUM-16_2023_SECCION-70_2022.pdf\" target=\"_blank\">Acta Convocatoria N\u00b0 16 &#8211; 2022 Jurisdicci\u00f3n Sanitaria \u2013 SNTSA Secci\u00f3n 70<\/a><\/li>\n\n\n\n<li><a rel=\"noreferrer noopener\" href=\"https:\/\/www.ssaver.gob.mx\/administraciondepersonal\/wp-content\/uploads\/sites\/15\/2023\/07\/ACTA-CONV-NUM-02_2022_SECCION-26-NORTE_2022.pdf\" target=\"_blank\">Acta Convocatoria N\u00b0 02 &#8211; 2022 Jurisdicci\u00f3n Sanitaria \u2013 SNTSA Secci\u00f3n 26 NORTE<\/a><\/li>\n\n\n\n<li><a href=\"https:\/\/www.ssaver.gob.mx\/administraciondepersonal\/wp-content\/uploads\/sites\/15\/2023\/10\/ACTA-CONV-NUM-12_2022_SECCION-26-NORTE_2022-.pdf\" data-type=\"link\" data-id=\"https:\/\/www.ssaver.gob.mx\/administraciondepersonal\/wp-content\/uploads\/sites\/15\/2023\/10\/ACTA-CONV-NUM-12_2022_SECCION-26-NORTE_2022-.pdf\">Acta Convocatoria N\u00b0 12 &#8211; 2022 Jurisdicci\u00f3n Sanitaria \u2013 SNTSA Secci\u00f3n 26 NORTE<\/a><\/li>\n<\/ul>\n\n\n\n<p>Hospital Regional de Poza Rica de Hidalgo<\/p>\n\n\n\n<ul class=\"wp-block-list\">\n<li><a rel=\"noreferrer noopener\" href=\"https:\/\/www.ssaver.gob.mx\/administraciondepersonal\/wp-content\/uploads\/sites\/15\/2022\/11\/6.-CONV-NUM-8-BIS_2022_STSPEEV_6320_2022.pdf\" target=\"_blank\">Convocatoria N\u00b008-BIS Hospital &#8211; Ofic. SRH\/6320\/2022 &#8211; STSPEEV<\/a><\/li>\n\n\n\n<li><a rel=\"noreferrer noopener\" href=\"https:\/\/www.ssaver.gob.mx\/administraciondepersonal\/wp-content\/uploads\/sites\/15\/2022\/11\/15.-CONV-NUM-19_2022_STSPEEV_14271_2022.pdf\" target=\"_blank\">Convocatoria N\u00b019 Hospital &#8211; Ofic. SRH\/14271\/2022 &#8211; STSPEEV<\/a><\/li>\n\n\n\n<li><a rel=\"noreferrer noopener\" href=\"https:\/\/www.ssaver.gob.mx\/administraciondepersonal\/wp-content\/uploads\/sites\/15\/2022\/11\/13.-CONV-NUM-19_2022_SETSSV.pdf\" target=\"_blank\">Convocatoria N\u00b019 Hospital &#8211; Ofic. SRH\/13663\/2022 &#8211; SETSSV<\/a><\/li>\n\n\n\n<li><a rel=\"noreferrer noopener\" href=\"https:\/\/www.ssaver.gob.mx\/administraciondepersonal\/wp-content\/uploads\/sites\/15\/2022\/11\/22.-CONV-NUM-30_2022_SETSSV_SRH_DAP_14278.pdf\" target=\"_blank\">Convocatoria N\u00b030 Hospital &#8211; Ofic. SRH\/14278\/2022 &#8211; SETSSV<\/a><\/li>\n\n\n\n<li><a href=\"https:\/\/www.ssaver.gob.mx\/administraciondepersonal\/wp-content\/uploads\/sites\/15\/2022\/11\/17.-CONV-NUM-43_2022_SECCION-26_06313_2022.pdf\" target=\"_blank\" rel=\"noreferrer noopener\">Convocatoria N\u00b043 Hospital &#8211; Ofic. SRH\/06313\/2022 \u2013 SNTSA Secci\u00f3n 26<\/a><\/li>\n\n\n\n<li><a href=\"https:\/\/www.ssaver.gob.mx\/administraciondepersonal\/wp-content\/uploads\/sites\/15\/2022\/11\/21.-ACTA-CONV-NUM-08-BIS-_2022_STSPEEV.pdf\" target=\"_blank\" rel=\"noreferrer noopener\">Acta-Convocatoria N\u00b008 BIS-2022 Hospital &#8211; STSPEEV<\/a><\/li>\n\n\n\n<li><a href=\"https:\/\/www.ssaver.gob.mx\/administraciondepersonal\/wp-content\/uploads\/sites\/15\/2024\/04\/ACTA-CONV-NUM-19_2022_STSPEEV_20222-.pdf\">Acta Convocatoria N\u00b0 19 &#8211; 2022 Hospital &#8211; STSPEEV<\/a><\/li>\n<\/ul>\n\n\n\n<p>Hospital General de Papantla \u00abDr. Jos\u00e9 Buill Belenguer\u00bb<\/p>\n\n\n\n<ul class=\"wp-block-list\">\n<li><a rel=\"noreferrer noopener\" href=\"https:\/\/www.ssaver.gob.mx\/administraciondepersonal\/wp-content\/uploads\/sites\/15\/2022\/11\/1.-CONV-NUM-01_09_SESVER_SRH_DAP_2022_SETSSV.pdf\" target=\"_blank\">Convocatoria N\u00b001,09 Hospital &#8211; Ofic. SRH\/4222\/2022 &#8211; SETSSV<\/a><\/li>\n\n\n\n<li><a rel=\"noreferrer noopener\" href=\"https:\/\/www.ssaver.gob.mx\/administraciondepersonal\/wp-content\/uploads\/sites\/15\/2022\/11\/15.-CONV-NUM-21_2022_SETSSV.pdf\" target=\"_blank\">Convocatoria N\u00b021 Hospital &#8211; Ofic. SRH\/13668\/2022 &#8211; SETSSV<\/a><\/li>\n\n\n\n<li><a rel=\"noreferrer noopener\" href=\"https:\/\/www.ssaver.gob.mx\/administraciondepersonal\/wp-content\/uploads\/sites\/15\/2022\/11\/1.-ACTA-CONV-NUM-01_2022_SETSSV.pdf\" target=\"_blank\">Acta-Convocatoria N\u00b001-2022 Hospital &#8211; SETSSV<\/a><\/li>\n\n\n\n<li><a href=\"https:\/\/www.ssaver.gob.mx\/administraciondepersonal\/wp-content\/uploads\/sites\/15\/2023\/05\/ACTA-CONV-NUM-21_2022_SETSSV_2022.pdf\" target=\"_blank\" rel=\"noreferrer noopener\">Acta-Convocatoria N\u00b021-2022 Hospital &#8211; SETSSV<\/a><\/li>\n<\/ul>\n\n\n\n<p>Hospital de la Comunidad de Huayacocotla<\/p>\n\n\n\n<ul class=\"wp-block-list\">\n<li><a href=\"https:\/\/www.ssaver.gob.mx\/administraciondepersonal\/wp-content\/uploads\/sites\/15\/2022\/11\/18.-CONV-NUM-44_2022_SECCION-26_06315_2022.pdf\" target=\"_blank\" rel=\"noreferrer noopener\">Convocatoria N\u00b044 Hospital &#8211; Ofic. SRH\/06315\/2022 \u2013 SNTSA Secci\u00f3n 26<\/a><\/li>\n<\/ul>\n\n\n\n<p>Hospital de la Comunidad de Llano En medio<\/p>\n\n\n\n<p>Hospital de la Comunidad de Entabladero<\/p>\n\n\n\n<ul class=\"wp-block-list\">\n<li><a href=\"https:\/\/www.ssaver.gob.mx\/administraciondepersonal\/wp-content\/uploads\/sites\/15\/2022\/11\/31.-CONV-NUM-64_2022_SECCION-26_6293_2022.pdf\" target=\"_blank\" rel=\"noreferrer noopener\">Convocatoria N\u00b064 Hospital &#8211; Ofic. SRH\/06293\/2022 \u2013 SNTSA Secci\u00f3n 26<\/a><\/li>\n<\/ul>\n\n\n\n<p>Casa Hogar del Adulto Mayor \u00abLi Mash Kan\u00bb<\/p>\n\n\n\n<ul class=\"wp-block-list\">\n<li><a rel=\"noreferrer noopener\" href=\"https:\/\/www.ssaver.gob.mx\/administraciondepersonal\/wp-content\/uploads\/sites\/15\/2022\/11\/5.-CONV-NUM-07_SESVER_SRH_DAP_4268_2022_SETSSV.pdf\" target=\"_blank\">Convocatoria N\u00b007 Hospital &#8211; Ofic. SRH\/4268\/2022 &#8211; SETSSV<\/a><\/li>\n\n\n\n<li><a rel=\"noreferrer noopener\" href=\"https:\/\/www.ssaver.gob.mx\/administraciondepersonal\/wp-content\/uploads\/sites\/15\/2022\/11\/7.-ACTA-CONV-NUM-07_2022_SETSSV.pdf\" target=\"_blank\">Acta-Convocatoria N\u00b007-2022 Hospital &#8211; SETSSV<\/a><\/li>\n<\/ul>\n\n\n\n<p><strong>Jurisdicci\u00f3n Sanitaria No. IV &#8211; Mart\u00ednez de la Torre<\/strong><\/p>\n\n\n\n<ul class=\"wp-block-list\">\n<li><a rel=\"noreferrer noopener\" href=\"https:\/\/www.ssaver.gob.mx\/administraciondepersonal\/wp-content\/uploads\/sites\/15\/2022\/11\/CONV-NUM-12_2022_SECCION-70_11328.pdf\" target=\"_blank\">Convocatoria N\u00b012 Jurisdicci\u00f3n &#8211; Ofic. SRH\/11328\/2022 &#8211; SNTSA Secc.70<\/a><\/li>\n\n\n\n<li><a href=\"https:\/\/www.ssaver.gob.mx\/administraciondepersonal\/wp-content\/uploads\/sites\/15\/2022\/11\/8.-CONV-NUM-22_2022_SECCION-26_4823_2022.pdf\" target=\"_blank\" rel=\"noreferrer noopener\">Convocatoria N\u00b022 Jurisdicci\u00f3n &#8211; Ofic. SRH\/4823\/2022 &#8211; SNTSA Secci\u00f3n 26<\/a><\/li>\n<\/ul>\n\n\n\n<p>Hospital General de Mart\u00ednez de la Torre \u00abManuel \u00c1vila Camacho\u00bb<\/p>\n\n\n\n<ul class=\"wp-block-list\">\n<li><a rel=\"noreferrer noopener\" href=\"https:\/\/www.ssaver.gob.mx\/administraciondepersonal\/wp-content\/uploads\/sites\/15\/2022\/11\/3.-CONV-NUM-04_2022_STSPEEV_4690_2022.pdf\" target=\"_blank\">Convocatoria N\u00b004 Hospital &#8211; Ofic. SRH\/4690\/2022 &#8211; STSPEEV<\/a><\/li>\n\n\n\n<li><a href=\"https:\/\/www.ssaver.gob.mx\/administraciondepersonal\/wp-content\/uploads\/sites\/15\/2022\/11\/9.-CONV-NUM-11_2022_STSPEEV_SRH_DAP_09446_2022.pdf\" target=\"_blank\" rel=\"noreferrer noopener\">Convocatoria N\u00b011 Hospital &#8211; Ofic. SRH\/09446\/2022 &#8211; STSPEEV<\/a><\/li>\n\n\n\n<li><a href=\"https:\/\/www.ssaver.gob.mx\/administraciondepersonal\/wp-content\/uploads\/sites\/15\/2023\/12\/ACTA-CONV-NUM-04_2022_STSPEEV_2022-.pdf\" data-type=\"link\" data-id=\"https:\/\/www.ssaver.gob.mx\/administraciondepersonal\/wp-content\/uploads\/sites\/15\/2023\/12\/ACTA-CONV-NUM-04_2022_STSPEEV_2022-.pdf\">Acta-Convocatoria N\u00b0 04 \u2013 2022 Hospital \u2013 STSPEEV<\/a><\/li>\n\n\n\n<li><a href=\"https:\/\/www.ssaver.gob.mx\/administraciondepersonal\/wp-content\/uploads\/sites\/15\/2023\/12\/ACTA-CONV-NUM-11_2022_STSPEEV_2022-.pdf\" data-type=\"link\" data-id=\"https:\/\/www.ssaver.gob.mx\/administraciondepersonal\/wp-content\/uploads\/sites\/15\/2023\/12\/ACTA-CONV-NUM-11_2022_STSPEEV_2022-.pdf\">Acta-Convocatoria N\u00b0 11 \u2013 2022 Hospital \u2013 STSPEEV<\/a><\/li>\n<\/ul>\n\n\n\n<p>Hospital General de Misantla<\/p>\n\n\n\n<p>Directora del Hospital de la Comunidad de Guti\u00e9rrez Zamora<\/p>\n\n\n\n<ul class=\"wp-block-list\">\n<li><a rel=\"noreferrer noopener\" href=\"https:\/\/www.ssaver.gob.mx\/administraciondepersonal\/wp-content\/uploads\/sites\/15\/2022\/11\/4.-CONV-NUM-06_2022_SETUSSV_14266.pdf\" target=\"_blank\">Convocatoria N\u00b006 Hospital &#8211; Ofic. SRH\/14266\/2022 &#8211; SETUSSV<\/a><\/li>\n\n\n\n<li><a rel=\"noreferrer noopener\" href=\"https:\/\/www.ssaver.gob.mx\/administraciondepersonal\/wp-content\/uploads\/sites\/15\/2022\/11\/9.-ACTA-CONV-NUM-09_2022_SETSSV.pdf\" target=\"_blank\">Acta-Convocatoria N\u00b009-2022 Hospital &#8211; SETSSV<\/a><\/li>\n<\/ul>\n\n\n\n<p>Hospital de la Comunidad de Tlapacoyan<\/p>\n\n\n\n<p><strong>Jurisdicci\u00f3n Sanitaria No. V &#8211; Xalapa<\/strong><\/p>\n\n\n\n<ul class=\"wp-block-list\">\n<li><a rel=\"noreferrer noopener\" href=\"https:\/\/www.ssaver.gob.mx\/administraciondepersonal\/wp-content\/uploads\/sites\/15\/2022\/11\/CONV-NUM-07_2022_SESVER_SRH_DAP_11206_2022_SECCION-70_0001.pdf\" target=\"_blank\">Convocatoria N\u00b007 Jurisdicci\u00f3n-Ofic. SRH\/11206\/2022 &#8211; SNTSA Secc.70<\/a><\/li>\n\n\n\n<li><a rel=\"noreferrer noopener\" href=\"https:\/\/www.ssaver.gob.mx\/administraciondepersonal\/wp-content\/uploads\/sites\/15\/2022\/11\/CONV-NUM-10_2022_SECCION-70_14794_2022.pdf\" target=\"_blank\">Convocatoria N\u00b010 Jurisdicci\u00f3n &#8211; Ofic. SRH\/14794\/2022 &#8211; SNTSA Secc.70<\/a><\/li>\n\n\n\n<li><a rel=\"noreferrer noopener\" href=\"https:\/\/www.ssaver.gob.mx\/administraciondepersonal\/wp-content\/uploads\/sites\/15\/2022\/11\/CONV-NUM-15_2022_SECCION-70_14321.pdf\" target=\"_blank\">Convocatoria N\u00b015 Jurisdicci\u00f3n &#8211; Ofic. SRH\/14321\/2022 &#8211; SNTSA Secc.70<\/a><\/li>\n\n\n\n<li><a rel=\"noreferrer noopener\" href=\"https:\/\/www.ssaver.gob.mx\/administraciondepersonal\/wp-content\/uploads\/sites\/15\/2022\/11\/2.-CONV-NUM-02_2022_06367_2022_SUETYPS.pdf\" target=\"_blank\">Convocatoria N\u00b002 Jurisdicci\u00f3n &#8211; Ofic. SRH\/06367\/2022 &#8211; <\/a>SUETYPS<\/li>\n\n\n\n<li><a rel=\"noreferrer noopener\" href=\"https:\/\/www.ssaver.gob.mx\/administraciondepersonal\/wp-content\/uploads\/sites\/15\/2022\/11\/12.-CONV-NUM-15_2022_STSPEEV_12383_2022.pdf\" target=\"_blank\">Convocatoria N\u00b015 Jurisdicci\u00f3n &#8211; Ofic. SRH\/12383\/2022 &#8211; STSPEEV<\/a><\/li>\n\n\n\n<li><a rel=\"noreferrer noopener\" href=\"https:\/\/www.ssaver.gob.mx\/administraciondepersonal\/wp-content\/uploads\/sites\/15\/2022\/11\/16.-CONV-NUM-22_2022_SETSSV.pdf\" target=\"_blank\">Convocatoria N\u00b022 Jurisdicci\u00f3n &#8211; Ofic. SRH\/13665\/2022 &#8211; SETSSV<\/a><\/li>\n\n\n\n<li><a rel=\"noreferrer noopener\" href=\"https:\/\/www.ssaver.gob.mx\/administraciondepersonal\/wp-content\/uploads\/sites\/15\/2022\/11\/29.-CONV-NUM-59_2022_SECCION-26_06358_2022.pdf\" target=\"_blank\">Convocatoria N\u00b059 Jurisdicci\u00f3n &#8211; Ofic. SRH\/06358\/2022 &#8211; SNTSA Secci\u00f3n 26<\/a><\/li>\n\n\n\n<li><a rel=\"noreferrer noopener\" href=\"https:\/\/www.ssaver.gob.mx\/administraciondepersonal\/wp-content\/uploads\/sites\/15\/2022\/11\/ACTA-CONV-NUM-38_2022_SECCION-26.pdf\" target=\"_blank\">Acta-convocatoria &nbsp;N\u00b038-2022 Jurisdicci\u00f3n &#8211; SNTSA Secci\u00f3n 26<\/a><\/li>\n\n\n\n<li><a rel=\"noreferrer noopener\" href=\"https:\/\/www.ssaver.gob.mx\/administraciondepersonal\/wp-content\/uploads\/sites\/15\/2023\/06\/ACTA-CONV-NUM-01-BIS_2022_SUETYPS_2022.pdf\" target=\"_blank\">Acta Convocatoria N\u00b0 01BIS &#8211; 2022 <\/a><a rel=\"noreferrer noopener\" href=\"https:\/\/www.ssaver.gob.mx\/administraciondepersonal\/wp-content\/uploads\/sites\/15\/2023\/06\/ACTA-CONV-NUM-01-BIS_2022_SUETYPS_2022.pdf\" target=\"_blank\">J<\/a><a rel=\"noreferrer noopener\" href=\"https:\/\/www.ssaver.gob.mx\/administraciondepersonal\/wp-content\/uploads\/sites\/15\/2023\/06\/ACTA-CONV-NUM-01-BIS_2022_SUETYPS_2022.pdf\" target=\"_blank\">u<\/a><a rel=\"noreferrer noopener\" href=\"https:\/\/www.ssaver.gob.mx\/administraciondepersonal\/wp-content\/uploads\/sites\/15\/2023\/06\/ACTA-CONV-NUM-01-BIS_2022_SUETYPS_2022.pdf\" target=\"_blank\">r<\/a><a rel=\"noreferrer noopener\" href=\"https:\/\/www.ssaver.gob.mx\/administraciondepersonal\/wp-content\/uploads\/sites\/15\/2023\/06\/ACTA-CONV-NUM-01-BIS_2022_SUETYPS_2022.pdf\" target=\"_blank\">i<\/a><a rel=\"noreferrer noopener\" href=\"https:\/\/www.ssaver.gob.mx\/administraciondepersonal\/wp-content\/uploads\/sites\/15\/2023\/06\/ACTA-CONV-NUM-01-BIS_2022_SUETYPS_2022.pdf\" target=\"_blank\">s<\/a><a rel=\"noreferrer noopener\" href=\"https:\/\/www.ssaver.gob.mx\/administraciondepersonal\/wp-content\/uploads\/sites\/15\/2023\/06\/ACTA-CONV-NUM-01-BIS_2022_SUETYPS_2022.pdf\" target=\"_blank\">d<\/a><a rel=\"noreferrer noopener\" href=\"https:\/\/www.ssaver.gob.mx\/administraciondepersonal\/wp-content\/uploads\/sites\/15\/2023\/06\/ACTA-CONV-NUM-01-BIS_2022_SUETYPS_2022.pdf\" target=\"_blank\">i<\/a><a rel=\"noreferrer noopener\" href=\"https:\/\/www.ssaver.gob.mx\/administraciondepersonal\/wp-content\/uploads\/sites\/15\/2023\/06\/ACTA-CONV-NUM-01-BIS_2022_SUETYPS_2022.pdf\" target=\"_blank\">c<\/a><a rel=\"noreferrer noopener\" href=\"https:\/\/www.ssaver.gob.mx\/administraciondepersonal\/wp-content\/uploads\/sites\/15\/2023\/06\/ACTA-CONV-NUM-01-BIS_2022_SUETYPS_2022.pdf\" target=\"_blank\">c<\/a><a rel=\"noreferrer noopener\" href=\"https:\/\/www.ssaver.gob.mx\/administraciondepersonal\/wp-content\/uploads\/sites\/15\/2023\/06\/ACTA-CONV-NUM-01-BIS_2022_SUETYPS_2022.pdf\" target=\"_blank\">i\u00f3<\/a><a rel=\"noreferrer noopener\" href=\"https:\/\/www.ssaver.gob.mx\/administraciondepersonal\/wp-content\/uploads\/sites\/15\/2023\/06\/ACTA-CONV-NUM-01-BIS_2022_SUETYPS_2022.pdf\" target=\"_blank\">n<\/a><a rel=\"noreferrer noopener\" href=\"https:\/\/www.ssaver.gob.mx\/administraciondepersonal\/wp-content\/uploads\/sites\/15\/2023\/06\/ACTA-CONV-NUM-01-BIS_2022_SUETYPS_2022.pdf\" target=\"_blank\"> <\/a><a rel=\"noreferrer noopener\" href=\"https:\/\/www.ssaver.gob.mx\/administraciondepersonal\/wp-content\/uploads\/sites\/15\/2023\/06\/ACTA-CONV-NUM-01-BIS_2022_SUETYPS_2022.pdf\" target=\"_blank\">S<\/a><a rel=\"noreferrer noopener\" href=\"https:\/\/www.ssaver.gob.mx\/administraciondepersonal\/wp-content\/uploads\/sites\/15\/2023\/06\/ACTA-CONV-NUM-01-BIS_2022_SUETYPS_2022.pdf\" target=\"_blank\">a<\/a><a rel=\"noreferrer noopener\" href=\"https:\/\/www.ssaver.gob.mx\/administraciondepersonal\/wp-content\/uploads\/sites\/15\/2023\/06\/ACTA-CONV-NUM-01-BIS_2022_SUETYPS_2022.pdf\" target=\"_blank\">n<\/a><a rel=\"noreferrer noopener\" href=\"https:\/\/www.ssaver.gob.mx\/administraciondepersonal\/wp-content\/uploads\/sites\/15\/2023\/06\/ACTA-CONV-NUM-01-BIS_2022_SUETYPS_2022.pdf\" target=\"_blank\">i<\/a><a rel=\"noreferrer noopener\" href=\"https:\/\/www.ssaver.gob.mx\/administraciondepersonal\/wp-content\/uploads\/sites\/15\/2023\/06\/ACTA-CONV-NUM-01-BIS_2022_SUETYPS_2022.pdf\" target=\"_blank\">t<\/a><a rel=\"noreferrer noopener\" href=\"https:\/\/www.ssaver.gob.mx\/administraciondepersonal\/wp-content\/uploads\/sites\/15\/2023\/06\/ACTA-CONV-NUM-01-BIS_2022_SUETYPS_2022.pdf\" target=\"_blank\">a<\/a><a rel=\"noreferrer noopener\" href=\"https:\/\/www.ssaver.gob.mx\/administraciondepersonal\/wp-content\/uploads\/sites\/15\/2023\/06\/ACTA-CONV-NUM-01-BIS_2022_SUETYPS_2022.pdf\" target=\"_blank\">r<\/a><a rel=\"noreferrer noopener\" href=\"https:\/\/www.ssaver.gob.mx\/administraciondepersonal\/wp-content\/uploads\/sites\/15\/2023\/06\/ACTA-CONV-NUM-01-BIS_2022_SUETYPS_2022.pdf\" target=\"_blank\">i<\/a><a rel=\"noreferrer noopener\" href=\"https:\/\/www.ssaver.gob.mx\/administraciondepersonal\/wp-content\/uploads\/sites\/15\/2023\/06\/ACTA-CONV-NUM-01-BIS_2022_SUETYPS_2022.pdf\" target=\"_blank\">a<\/a><a rel=\"noreferrer noopener\" href=\"https:\/\/www.ssaver.gob.mx\/administraciondepersonal\/wp-content\/uploads\/sites\/15\/2023\/06\/ACTA-CONV-NUM-01-BIS_2022_SUETYPS_2022.pdf\" target=\"_blank\"> \u2013 SUETYPS<\/a><\/li>\n<\/ul>\n\n\n\n<p>Hospital Regional de Xalapa \u00abDr. Luis F. Nach\u00f3n\u00bb<\/p>\n\n\n\n<ul class=\"wp-block-list\">\n<li><a rel=\"noreferrer noopener\" href=\"https:\/\/www.ssaver.gob.mx\/administraciondepersonal\/wp-content\/uploads\/sites\/15\/2022\/11\/1.-CONV-NUM-01_2022_SIEDIPEV.pdf\" target=\"_blank\">Convocatoria N\u00b001 Hospital &#8211; Ofic. SRH\/11329\/2022 &#8211; SIEDIPEV<\/a><\/li>\n\n\n\n<li><a rel=\"noreferrer noopener\" href=\"https:\/\/www.ssaver.gob.mx\/administraciondepersonal\/wp-content\/uploads\/sites\/15\/2022\/11\/2.-CONV-NUM-02_2022_SIEDIPEV_14320.pdf\" target=\"_blank\">Convocatoria N\u00b002 Hospital &#8211; Ofic. SRH\/14320\/2022 &#8211; SIEDIPEV<\/a><\/li>\n\n\n\n<li><a rel=\"noreferrer noopener\" href=\"https:\/\/www.ssaver.gob.mx\/administraciondepersonal\/wp-content\/uploads\/sites\/15\/2022\/11\/1.-CONV-NUM-01_2022_SIDETSSV.pdf\" target=\"_blank\">Convocatoria N\u00b001 Hospital &#8211; Ofic. SRH\/04176\/2022 &#8211; SIDETSSV<\/a><\/li>\n\n\n\n<li><a rel=\"noreferrer noopener\" href=\"https:\/\/www.ssaver.gob.mx\/administraciondepersonal\/wp-content\/uploads\/sites\/15\/2022\/11\/2.-CONV-NUM-02_03_2022_SIDETSSV.pdf\" target=\"_blank\">Convocatoria N\u00b002,03 Hospital &#8211; Ofic. SRH\/06767\/2022 &#8211; SIDETSSV<\/a><\/li>\n\n\n\n<li><a rel=\"noreferrer noopener\" href=\"https:\/\/www.ssaver.gob.mx\/administraciondepersonal\/wp-content\/uploads\/sites\/15\/2022\/11\/3.-CONV-NUM-04_2022_SIDETSSV.pdf\" target=\"_blank\">Convocatoria N\u00b004 Hospital &#8211; Ofic. SRH\/13667\/2022 &#8211; SIDETSSV<\/a><\/li>\n\n\n\n<li><a rel=\"noreferrer noopener\" href=\"https:\/\/www.ssaver.gob.mx\/administraciondepersonal\/wp-content\/uploads\/sites\/15\/2022\/11\/4.-CONV-NUM-05_06_07_2022_STSPEEV_SRH_DAP_4691_2022.pdf\" target=\"_blank\">Convocatoria N\u00b005,06,07 Hospital &#8211; Ofic. SRH\/4691\/2022 &#8211; STSPEEV<\/a><\/li>\n\n\n\n<li><a rel=\"noreferrer noopener\" href=\"https:\/\/www.ssaver.gob.mx\/administraciondepersonal\/wp-content\/uploads\/sites\/15\/2022\/11\/13.-CONV-NUM-16_2022_STSPEEV_14269_2022.pdf\" target=\"_blank\">Convocatoria N\u00b016 Hospital &#8211; Ofic. SRH\/14269\/2022 &#8211; STSPEEV<\/a><\/li>\n\n\n\n<li><a rel=\"noreferrer noopener\" href=\"https:\/\/www.ssaver.gob.mx\/administraciondepersonal\/wp-content\/uploads\/sites\/15\/2022\/11\/16.-CONV-NUM-20_2022_STSPEEV.pdf\" target=\"_blank\">Convocatoria N\u00b020 Hospital &#8211; Ofic. SRH\/14795\/2022 &#8211; STSPEEV<\/a><\/li>\n\n\n\n<li><a rel=\"noreferrer noopener\" href=\"https:\/\/www.ssaver.gob.mx\/administraciondepersonal\/wp-content\/uploads\/sites\/15\/2022\/11\/19.-CONV-NUM-26_2022_SETSSV_SRH_DAP_14276.pdf\" target=\"_blank\">Convocatoria N\u00b026 Hospital &#8211; Ofic. SRH\/14276\/2022 &#8211; SETSSV<\/a><\/li>\n\n\n\n<li><a rel=\"noreferrer noopener\" href=\"https:\/\/www.ssaver.gob.mx\/administraciondepersonal\/wp-content\/uploads\/sites\/15\/2022\/11\/3.-ACTA-CONV-NUM-01_2022_SIEDIPEV.pdf\" target=\"_blank\">Acta-Convocatoria N\u00b001-2022 Hospital &#8211; SIEDIPEV<\/a><\/li>\n\n\n\n<li><a rel=\"noreferrer noopener\" href=\"https:\/\/www.ssaver.gob.mx\/administraciondepersonal\/wp-content\/uploads\/sites\/15\/2022\/11\/4.-ACTA-CONV-NUM-01_2022_SIDETSSV.pdf\" target=\"_blank\">Acta-Convocatoria N\u00b001-2022 Hospital &#8211; SIDETSSV<\/a><\/li>\n\n\n\n<li><a rel=\"noreferrer noopener\" href=\"https:\/\/www.ssaver.gob.mx\/administraciondepersonal\/wp-content\/uploads\/sites\/15\/2022\/11\/5.-ACTA-CONV-NUM-02_2022_SIDETSSV.pdf\" target=\"_blank\">Acta-Convocatoria N\u00b002-2022 Hospital &#8211; SIDETSSV<\/a><\/li>\n\n\n\n<li><a rel=\"noreferrer noopener\" href=\"https:\/\/www.ssaver.gob.mx\/administraciondepersonal\/wp-content\/uploads\/sites\/15\/2022\/11\/6.-ACTA-CONV-NUM-03_2022_SIDETSSV.pdf\" target=\"_blank\">Acta-Convocatoria N\u00b003-2022 Hospital &#8211; SIDETSSV<\/a><\/li>\n\n\n\n<li><a rel=\"noreferrer noopener\" href=\"https:\/\/www.ssaver.gob.mx\/administraciondepersonal\/wp-content\/uploads\/sites\/15\/2022\/11\/18.-ACTA-CONV-NUM-05_2022_STSPEEV.pdf\" target=\"_blank\">Acta-Convocatoria N\u00b005-2022 Hospital &#8211; STSPEEV<\/a><\/li>\n\n\n\n<li><a rel=\"noreferrer noopener\" href=\"https:\/\/www.ssaver.gob.mx\/administraciondepersonal\/wp-content\/uploads\/sites\/15\/2022\/11\/19.-ACTA-CONV-NUM-06_2022_STSPEEV.pdf\" target=\"_blank\">Acta-Convocatoria N\u00b006-2022 Hospital &#8211; STSPEEV<\/a><\/li>\n\n\n\n<li><a href=\"https:\/\/www.ssaver.gob.mx\/administraciondepersonal\/wp-content\/uploads\/sites\/15\/2022\/11\/20.-ACTA-CONV-NUM-07_2022_STSPEEV.pdf\" target=\"_blank\" rel=\"noreferrer noopener\">Acta-Convocatoria N\u00b007-2022 Hospital &#8211; STSPEEV<\/a><\/li>\n\n\n\n<li><a href=\"https:\/\/www.ssaver.gob.mx\/administraciondepersonal\/wp-content\/uploads\/sites\/15\/2023\/12\/ACTA-CONV-NUM-16_2022_STSPEEV_2022-.pdf\" data-type=\"link\" data-id=\"https:\/\/www.ssaver.gob.mx\/administraciondepersonal\/wp-content\/uploads\/sites\/15\/2023\/12\/ACTA-CONV-NUM-16_2022_STSPEEV_2022-.pdf\" target=\"_blank\" rel=\"noreferrer noopener\">Acta-Convocatoria N\u00b0 16 \u2013 2022 Hospital \u2013 STSPEEV<\/a><\/li>\n<\/ul>\n\n\n\n<p>Centro de Alta Especialidad \u00abDr. Rafael Lucio\u00bb<\/p>\n\n\n\n<ul class=\"wp-block-list\">\n<li><a rel=\"noreferrer noopener\" href=\"https:\/\/www.ssaver.gob.mx\/administraciondepersonal\/wp-content\/uploads\/sites\/15\/2022\/11\/2.-CONV-NUM-03_2022_SETUSSV.pdf\" target=\"_blank\">Convocatoria N\u00b003 Hospital &#8211; Ofic. SRH\/06895\/2022 &#8211; SETUSSV<\/a><\/li>\n\n\n\n<li><a rel=\"noreferrer noopener\" href=\"https:\/\/www.ssaver.gob.mx\/administraciondepersonal\/wp-content\/uploads\/sites\/15\/2022\/11\/CONV-NUM-01_02_2022_STOPDAEV_11294_2022.pdf\" target=\"_blank\">Convocatoria N\u00b001,02 Hospital &#8211; Ofic. SRH\/11294\/2022 &#8211; STOPDAEV<\/a><\/li>\n\n\n\n<li><a rel=\"noreferrer noopener\" href=\"https:\/\/www.ssaver.gob.mx\/administraciondepersonal\/wp-content\/uploads\/sites\/15\/2022\/11\/5.-CONV-NUM-08_2022_STSPEEV_5276_2022.pdf\" target=\"_blank\">Convocatoria N\u00b008 Hospital &#8211; Ofic. SRH\/5276\/2022 &#8211; STSPEEV<\/a><\/li>\n\n\n\n<li><a rel=\"noreferrer noopener\" href=\"https:\/\/www.ssaver.gob.mx\/administraciondepersonal\/wp-content\/uploads\/sites\/15\/2022\/11\/11.-CONV-NUM-13_2022_STSPEEV.pdf\" target=\"_blank\">Convocatoria N\u00b013 Hospital &#8211; Ofic. SRH\/12384\/2022 &#8211; STSPEEV<\/a><\/li>\n\n\n\n<li><a rel=\"noreferrer noopener\" href=\"https:\/\/www.ssaver.gob.mx\/administraciondepersonal\/wp-content\/uploads\/sites\/15\/2022\/11\/14.-CONV-NUM-17_18_STSPEEV_2022_SRH_DAP_14272.pdf\" target=\"_blank\">Convocatoria N\u00b017,18 Hospital &#8211; Ofic. SRH\/14272\/2022 &#8211; STSPEEV<\/a><\/li>\n\n\n\n<li><a rel=\"noreferrer noopener\" href=\"https:\/\/www.ssaver.gob.mx\/administraciondepersonal\/wp-content\/uploads\/sites\/15\/2022\/11\/2.-CONV-NUM-02_03_06_08_10_SRH_DAP_2022_SETSSV.pdf\" target=\"_blank\">Convocatoria N\u00b002,03,06,08,10 Hospital &#8211; Ofic. SRH\/4223\/2022 &#8211; SETSSV<\/a><\/li>\n\n\n\n<li><a rel=\"noreferrer noopener\" href=\"https:\/\/www.ssaver.gob.mx\/administraciondepersonal\/wp-content\/uploads\/sites\/15\/2022\/11\/6.-CONV-NUM-11_SESVER_SRH_DAP_06642_2022_SETSSV.pdf\" target=\"_blank\">Convocatoria N\u00b011 Hospital &#8211; Ofic. SRH\/06642\/2022 &#8211; SETSSV<\/a><\/li>\n\n\n\n<li><a rel=\"noreferrer noopener\" href=\"https:\/\/www.ssaver.gob.mx\/administraciondepersonal\/wp-content\/uploads\/sites\/15\/2022\/11\/21.-CONV-NUM-29_2022_SETSSV_14796.pdf\" target=\"_blank\">Convocatoria N\u00b029 Hospital &#8211; Ofic. SRH\/14796\/2022 &#8211; SETSSV<\/a><\/li>\n\n\n\n<li><a rel=\"noreferrer noopener\" href=\"https:\/\/www.ssaver.gob.mx\/administraciondepersonal\/wp-content\/uploads\/sites\/15\/2022\/11\/17.-CONV-NUM-28_31_32_33_34_2022_-SETSSV.pdf\" target=\"_blank\">Convocatoria N\u00b028,31,32,33,34 Hospital &#8211; Ofic. SRH\/14273\/2022 &#8211; SETSSV<\/a><\/li>\n\n\n\n<li><a href=\"https:\/\/www.ssaver.gob.mx\/administraciondepersonal\/wp-content\/uploads\/sites\/15\/2022\/11\/16.-CONV-NUM-41_65_2022_SECCON-26_06357_2022.pdf\" target=\"_blank\" rel=\"noreferrer noopener\">Convocatoria N\u00b041,65 Hospital &#8211; Ofic. SRH\/06357\/2022 \u2013 SNTSA Secci\u00f3n 26<\/a><\/li>\n\n\n\n<li><a rel=\"noreferrer noopener\" href=\"https:\/\/www.ssaver.gob.mx\/administraciondepersonal\/wp-content\/uploads\/sites\/15\/2022\/11\/6.-ACTA-CONV-NUM-03_2022_SETUSSV.pdf\" target=\"_blank\">Acta-Convocatoria N\u00b003-2022 Hospital &#8211; SETUSSV<\/a><\/li>\n\n\n\n<li><a rel=\"noreferrer noopener\" href=\"https:\/\/www.ssaver.gob.mx\/administraciondepersonal\/wp-content\/uploads\/sites\/15\/2022\/11\/ACTA-CONV-NUM-02_2022_STOPDAEV.pdf\" target=\"_blank\">Acta-Convocatoria N\u00b002-2022 Hospital &#8211; STOPDAEV<\/a><\/li>\n\n\n\n<li><a rel=\"noreferrer noopener\" href=\"https:\/\/www.ssaver.gob.mx\/administraciondepersonal\/wp-content\/uploads\/sites\/15\/2022\/11\/22.-ACTA-CONV-NUM-08_2022_STSPEEV.pdf\" target=\"_blank\">Acta-Convocatoria N\u00b008-2022 Hospital &#8211; STSPEEV<\/a><\/li>\n\n\n\n<li><a rel=\"noreferrer noopener\" href=\"https:\/\/www.ssaver.gob.mx\/administraciondepersonal\/wp-content\/uploads\/sites\/15\/2022\/11\/2.-ACTA-CONV-NUM-02_2022_SETSSV.pdf\" target=\"_blank\">Acta-Convocatoria N\u00b002-2022 Hospital &#8211; SETSSV<\/a><\/li>\n\n\n\n<li><a rel=\"noreferrer noopener\" href=\"https:\/\/www.ssaver.gob.mx\/administraciondepersonal\/wp-content\/uploads\/sites\/15\/2022\/11\/3.-ACTA-CONV-NUM-03_2022_SETSSV.pdf\" target=\"_blank\">Acta-Convocatoria N\u00b003-2022 Hospital &#8211; SETSSV<\/a><\/li>\n\n\n\n<li><a rel=\"noreferrer noopener\" href=\"https:\/\/www.ssaver.gob.mx\/administraciondepersonal\/wp-content\/uploads\/sites\/15\/2022\/11\/6.-ACTA-CONV-NUM-06_2022_SETSSV.pdf\" target=\"_blank\">Acta-Convocatoria N\u00b006-2022 Hospital &#8211; SETSSV<\/a><\/li>\n\n\n\n<li><a rel=\"noreferrer noopener\" href=\"https:\/\/www.ssaver.gob.mx\/administraciondepersonal\/wp-content\/uploads\/sites\/15\/2022\/11\/8.-ACTA-CONV-NUM-08_2022_SETSSV.pdf\" target=\"_blank\">Acta-Convocatoria N\u00b008-2022 Hospital &#8211; SETSSV<\/a><\/li>\n\n\n\n<li><a rel=\"noreferrer noopener\" href=\"https:\/\/www.ssaver.gob.mx\/administraciondepersonal\/wp-content\/uploads\/sites\/15\/2022\/11\/10.-ACTA-CONV-NUM-10_2022_SETSSV.pdf\" target=\"_blank\">Acta-Convocatoria N\u00b010-2022 Hospital &#8211; SETSSV<\/a><\/li>\n\n\n\n<li><a rel=\"noreferrer noopener\" href=\"https:\/\/www.ssaver.gob.mx\/administraciondepersonal\/wp-content\/uploads\/sites\/15\/2022\/11\/11.-ACTA-CONV-NUM-11_2022_SETSSV.pdf\" target=\"_blank\">Acta-Convocatoria N\u00b011-2022 Hospital &#8211; SETSSV<\/a><\/li>\n\n\n\n<li><a rel=\"noreferrer noopener\" href=\"https:\/\/www.ssaver.gob.mx\/administraciondepersonal\/wp-content\/uploads\/sites\/15\/2023\/05\/ACTA-CONV-NUM-29_2022_SETSSV_2022.pdf\" target=\"_blank\">Acta-Convocatoria N\u00b029-2022 Hospital &#8211; SETSSV<\/a><\/li>\n\n\n\n<li><a href=\"https:\/\/www.ssaver.gob.mx\/administraciondepersonal\/wp-content\/uploads\/sites\/15\/2023\/08\/ACTA-CONV-NUM-13_2022_STSPEEV_2022.pdf\" data-type=\"link\" data-id=\"https:\/\/www.ssaver.gob.mx\/administraciondepersonal\/wp-content\/uploads\/sites\/15\/2023\/08\/ACTA-CONV-NUM-13_2022_STSPEEV_2022.pdf\">Acta Convocatoria N\u00b0 13 &#8211; 2022 Oficina Central \u2013 STSPEEV<\/a><\/li>\n\n\n\n<li><a href=\"https:\/\/www.ssaver.gob.mx\/administraciondepersonal\/wp-content\/uploads\/sites\/15\/2024\/04\/ACTA-CONV-NUM-01_2022_STOPDAEV.pdf\">Acta Convocatoria N\u00b0 01 \u2013 2022 \u2013 Hospital &#8211; STOPDAEV<\/a><\/li>\n\n\n\n<li><a href=\"https:\/\/www.ssaver.gob.mx\/administraciondepersonal\/wp-content\/uploads\/sites\/15\/2024\/05\/ACTA-CONV-NUM-07_2022_LIBRE_2022.pdf\">Acta Convocatoria N\u00b0 07 &#8211; 2022 Hospital \u2013 LIBRE<\/a><\/li>\n<\/ul>\n\n\n\n<p>Directora del Centro Estatal de Cancerolog\u00eda \u00abDr. Miguel Dorantes Mesa\u00bb<\/p>\n\n\n\n<ul class=\"wp-block-list\">\n<li><a rel=\"noreferrer noopener\" href=\"https:\/\/www.ssaver.gob.mx\/administraciondepersonal\/wp-content\/uploads\/sites\/15\/2022\/11\/1.-CONV-NUM-01_02_2022_SETUSSV.pdf\" target=\"_blank\">Convocatoria N\u00b001,02 Hospital &#8211; Ofic. SRH\/4266\/2022 &#8211; SETUSSV<\/a><\/li>\n\n\n\n<li><a rel=\"noreferrer noopener\" href=\"https:\/\/www.ssaver.gob.mx\/administraciondepersonal\/wp-content\/uploads\/sites\/15\/2022\/11\/3.-CONV-NUM-04_2022_SETUSSV.pdf\" target=\"_blank\">Convocatoria N\u00b004 Hospital &#8211; Ofic. SRH\/06896\/2022 &#8211; SETUSSV<\/a><\/li>\n\n\n\n<li><a rel=\"noreferrer noopener\" href=\"https:\/\/www.ssaver.gob.mx\/administraciondepersonal\/wp-content\/uploads\/sites\/15\/2022\/11\/3.-CONV-NUM-04_SESVER_SRH_DAP_4266_2022_SETSSV.pdf\" target=\"_blank\">Convocatoria N\u00b004 Hospital &#8211; Ofic. SRH\/4266\/2022 &#8211; SETSSV<\/a><\/li>\n\n\n\n<li><a rel=\"noreferrer noopener\" href=\"https:\/\/www.ssaver.gob.mx\/administraciondepersonal\/wp-content\/uploads\/sites\/15\/2022\/11\/12.-CONV-NUM-18_2022_SETSSV.pdf\" target=\"_blank\">Convocatoria N\u00b018 Hospital &#8211; Ofic. SRH\/13664\/2022 &#8211; SETSSV<\/a><\/li>\n\n\n\n<li><a rel=\"noreferrer noopener\" href=\"https:\/\/www.ssaver.gob.mx\/administraciondepersonal\/wp-content\/uploads\/sites\/15\/2022\/11\/7.-CONV-NUM-19_2022_SECCION-26_6119_2022.pdf\" target=\"_blank\">Convocatoria N\u00b019 Hospital &#8211; Ofic. SRH\/6119\/2022 \u2013 SNTSA Secci\u00f3n 26<\/a><\/li>\n\n\n\n<li><a href=\"https:\/\/www.ssaver.gob.mx\/administraciondepersonal\/wp-content\/uploads\/sites\/15\/2022\/11\/21.-CONV-NUM-50_2022_SESVER_SRH_DAP_06354_2022_SECCION-26.pdf\" target=\"_blank\" rel=\"noreferrer noopener\">Convocatoria N\u00b050 Hospital &#8211; Ofic. SRH\/06354\/2022 \u2013 SNTSA Secci\u00f3n 26<\/a><\/li>\n\n\n\n<li><a rel=\"noreferrer noopener\" href=\"https:\/\/www.ssaver.gob.mx\/administraciondepersonal\/wp-content\/uploads\/sites\/15\/2022\/11\/5.-ACTA-CONV-NUM-02_2022_SETUSSV.pdf\" target=\"_blank\">Acta-Convocatoria  N\u00b002-2022 &#8211; Hospital &#8211; SETUSSV<\/a><\/li>\n\n\n\n<li><a rel=\"noreferrer noopener\" href=\"https:\/\/www.ssaver.gob.mx\/administraciondepersonal\/wp-content\/uploads\/sites\/15\/2022\/11\/4.-ACTA-CONV-NUM-04_2022_SETSSV.pdf\" target=\"_blank\">Acta-Convocatoria N\u00b004-2022 Hospital &#8211; SETSSV<\/a><\/li>\n\n\n\n<li><a rel=\"noreferrer noopener\" href=\"https:\/\/www.ssaver.gob.mx\/administraciondepersonal\/wp-content\/uploads\/sites\/15\/2023\/05\/ACTA-CONV-NUM-04_2022_SETUSSV_2022.pdf\" target=\"_blank\">Acta Convocatoria N\u00b0 04 &#8211; 2022 Hospital \u2013 SETUSSV<\/a><\/li>\n\n\n\n<li><a href=\"https:\/\/www.ssaver.gob.mx\/administraciondepersonal\/wp-content\/uploads\/sites\/15\/2023\/05\/ACTA-COV-NUM-18_2022_SETSSV_2022.pdf\" target=\"_blank\" rel=\"noreferrer noopener\">Acta-Convocatoria N\u00b018-2022 Hospital &#8211; SETSSV<\/a><\/li>\n<\/ul>\n\n\n\n<p>Director del Instituto Veracruzano de Salud Mental \u00abDr. Rafael Velasco Fern\u00e1ndez\u00bb<\/p>\n\n\n\n<p>Hospital General de Altotonga \u00abEufrosina Camacho\u00bb<\/p>\n\n\n\n<ul class=\"wp-block-list\">\n<li><a rel=\"noreferrer noopener\" href=\"https:\/\/www.ssaver.gob.mx\/administraciondepersonal\/wp-content\/uploads\/sites\/15\/2022\/11\/10.-CONV-NUM-15_SESVER_SRH_DAP_06645_2022_SETSSV.pdf\" target=\"_blank\">Convocatoria N\u00b015 Hospital &#8211; Ofic. SRH\/06645\/2022 &#8211; SETSSV<\/a><\/li>\n\n\n\n<li><a rel=\"noreferrer noopener\" href=\"https:\/\/www.ssaver.gob.mx\/administraciondepersonal\/wp-content\/uploads\/sites\/15\/2022\/11\/11.-CONV-NUM-17_2022_SETSSV.pdf\" target=\"_blank\">Convocatoria N\u00b017 Hospital &#8211; Ofic. SRH\/13699\/2022 &#8211; SETSSV<\/a><\/li>\n\n\n\n<li><a rel=\"noreferrer noopener\" href=\"https:\/\/www.ssaver.gob.mx\/administraciondepersonal\/wp-content\/uploads\/sites\/15\/2022\/11\/15.-ACTA-CONV-NUM-15_2022_SETSSV.pdf\" target=\"_blank\">Acta-Convocatoria N\u00b015-2022 Hospital &#8211; SETSSV<\/a><\/li>\n<\/ul>\n\n\n\n<p>Hospital General de Perote<\/p>\n\n\n\n<p>Hospital de la Comunidad de Naolinco<\/p>\n\n\n\n<p>Hospital de la Comunidad de Coatepec<\/p>\n\n\n\n<ul class=\"wp-block-list\">\n<li><a href=\"https:\/\/www.ssaver.gob.mx\/administraciondepersonal\/wp-content\/uploads\/sites\/15\/2022\/11\/1.-CONV-NUM-01_2022_STSPEEV_SRH_SDAP_4688_2022.pdf\" target=\"_blank\" rel=\"noreferrer noopener\">Convocatoria N\u00b001 Hospital &#8211; Ofic. SRH\/4688\/2022 &#8211; STSPEEV<\/a><\/li>\n<\/ul>\n\n\n\n<p>Casa Hogar del Adulto Mayor \u00abMariana Sayago\u00bb<\/p>\n\n\n\n<p>Hospital de la Comunidad de Teocelo<\/p>\n\n\n\n<p>Centro de Salud con Hospitalizaci\u00f3n de Alto Lucero de Guti\u00e9rrez Barrios, Ver.<\/p>\n\n\n\n<p><strong>Jurisdicci\u00f3n Sanitaria No. VI &#8211; C\u00f3rdoba<\/strong><\/p>\n\n\n\n<ul class=\"wp-block-list\">\n<li><a rel=\"noreferrer noopener\" href=\"https:\/\/www.ssaver.gob.mx\/administraciondepersonal\/wp-content\/uploads\/sites\/15\/2022\/11\/CONV-NUM-04_2022_06368_SECCION-70_2022.pdf\" target=\"_blank\">Convocatoria N\u00b004 Jurisdicci\u00f3n &#8211; Ofic.SRH\/06368\/2022 &#8211; SNTSA Secc.70<\/a><\/li>\n\n\n\n<li><a rel=\"noreferrer noopener\" href=\"https:\/\/www.ssaver.gob.mx\/administraciondepersonal\/wp-content\/uploads\/sites\/15\/2022\/11\/14.-CONV-NUM-38_2022_SECCION-26_5175_2022.pdf\" target=\"_blank\">Convocatoria N\u00b038 Jurisdicci\u00f3n &#8211; Ofic. SRH\/5175\/2022 &#8211; SNTSA Secci\u00f3n 26<\/a><\/li>\n\n\n\n<li><a rel=\"noreferrer noopener\" href=\"https:\/\/www.ssaver.gob.mx\/administraciondepersonal\/wp-content\/uploads\/sites\/15\/2022\/11\/24.-CONV-NUM-53_2022_SECCION-26_09445_2022.pdf\" target=\"_blank\">Convocatoria N\u00b053 Jurisdicci\u00f3n &#8211; Ofic. SRH\/09445\/2022 &#8211; SNTSA Secci\u00f3n 26<\/a><\/li>\n\n\n\n<li><a rel=\"noreferrer noopener\" href=\"https:\/\/www.ssaver.gob.mx\/administraciondepersonal\/wp-content\/uploads\/sites\/15\/2022\/11\/25.-CONV-NUM-54_66_67_68_69_70_71_72_2022_SECCION-26_06314_2022.pdf\" target=\"_blank\">Convocatoria N\u00b054,66,67,68,69,70,71,72 Jurisdicci\u00f3n &#8211; Ofic. SRH\/06314\/2022 &#8211; SNTSA Secci\u00f3n 26<\/a><\/li>\n\n\n\n<li><a href=\"https:\/\/www.ssaver.gob.mx\/administraciondepersonal\/wp-content\/uploads\/sites\/15\/2023\/06\/ACTA-CONV-NUM-04_2022_SECCION-70_2022.pdf\" target=\"_blank\" rel=\"noreferrer noopener\">Acta Convocatoria N\u00b0 04 &#8211; 2022 Jurisdicci\u00f3n Sanitaria\u2013 SNTSA Secci\u00f3n 70<\/a><\/li>\n<\/ul>\n\n\n\n<p>Hospital General de Huatusco \u201cDr. Dar\u00edo M\u00e9ndez Lima\u201d<\/p>\n\n\n\n<p>Hospital General de C\u00f3rdoba \u00abYanga\u00bb<\/p>\n\n\n\n<ul class=\"wp-block-list\">\n<li><a rel=\"noreferrer noopener\" href=\"https:\/\/www.ssaver.gob.mx\/administraciondepersonal\/wp-content\/uploads\/sites\/15\/2022\/11\/9.-CONV-NUM-14_-SESVER_SRH_DAP_06645_2022_2_SETSSV.pdf\" target=\"_blank\">Convocatoria N\u00b014 Hospital &#8211; Ofic. SRH\/06645\/2022 &#8211; SETSSV<\/a><\/li>\n\n\n\n<li><a rel=\"noreferrer noopener\" href=\"https:\/\/www.ssaver.gob.mx\/administraciondepersonal\/wp-content\/uploads\/sites\/15\/2022\/11\/17.-CONV-NUM-23_2022_SETSSV.pdf\" target=\"_blank\">Convocatoria N\u00b023 Hospital &#8211; Ofic. SRH\/13669\/2022 &#8211; SETSSV<\/a><\/li>\n\n\n\n<li><a rel=\"noreferrer noopener\" href=\"https:\/\/www.ssaver.gob.mx\/administraciondepersonal\/wp-content\/uploads\/sites\/15\/2022\/11\/23.-CONV-NUM-35_2022_SETSSV_SRH_DAP_14274.pdf\" target=\"_blank\">Convocatoria N\u00b035 Hospital &#8211; Ofic. SRH\/14274\/2022 &#8211; SETSSV<\/a><\/li>\n\n\n\n<li><a rel=\"noreferrer noopener\" href=\"https:\/\/www.ssaver.gob.mx\/administraciondepersonal\/wp-content\/uploads\/sites\/15\/2022\/11\/14.-ACTA-CONV-NUM-14_2022_SETSSV.pdf\" target=\"_blank\">Acta-Convocatoria N\u00b014-2022 Hospital &#8211; SETSSV<\/a><\/li>\n<\/ul>\n\n\n\n<p>Hospital de la Comunidad de Tezonapa<\/p>\n\n\n\n<p><strong>Jurisdicci\u00f3n Sanitaria No. VII &#8211; Orizaba<\/strong><\/p>\n\n\n\n<ul class=\"wp-block-list\">\n<li><a href=\"https:\/\/www.ssaver.gob.mx\/administraciondepersonal\/wp-content\/uploads\/sites\/15\/2022\/11\/22.-CONV-NUM-51_2022_SECCION-26_06356.pdf\" target=\"_blank\" rel=\"noreferrer noopener\">Convocatoria N\u00b051 Jurisdicci\u00f3n &#8211; Ofic. SRH\/06356\/2022 &#8211; SNTSA Secci\u00f3n 26<\/a><\/li>\n<\/ul>\n\n\n\n<p>Directora del Hospital de la Comunidad de Tlaquilpa<\/p>\n\n\n\n<p>Director del Hospital de Salud Mental de Orizaba \u00abDr. V\u00edctor M. Concha V\u00e1squez\u00bb<\/p>\n\n\n\n<ul class=\"wp-block-list\">\n<li><a href=\"https:\/\/www.ssaver.gob.mx\/administraciondepersonal\/wp-content\/uploads\/sites\/15\/2022\/11\/20.-CONV-NUM-27_2022_SETSSV_SRH_DAP_14277.pdf\" target=\"_blank\" rel=\"noreferrer noopener\">Convocatoria N\u00b027 Hospital &#8211; Ofic. SRH\/14277\/2022 &#8211; SETSSV<\/a><\/li>\n\n\n\n<li><a href=\"https:\/\/www.ssaver.gob.mx\/administraciondepersonal\/wp-content\/uploads\/sites\/15\/2024\/04\/ACTA-CONV-NUM-27_2022_SETSSV.pdf\">Acta Convocatoria N\u00b0 27 \u2013 2022 \u2013 Hospital &#8211;  SETSSV<\/a><\/li>\n<\/ul>\n\n\n\n<p>Director del Hospital Regional de R\u00edo Blanco<\/p>\n\n\n\n<ul class=\"wp-block-list\">\n<li><a rel=\"noreferrer noopener\" href=\"https:\/\/www.ssaver.gob.mx\/administraciondepersonal\/wp-content\/uploads\/sites\/15\/2022\/11\/4.-CONV-NUM-11_24_25_26_27_31_39_2022_SESVER_SRH_DAP_06118_2022_-SECCION-26.pdf\" target=\"_blank\">Convocatoria N\u00b011,24,25,26,27,31,39 Hospital &#8211; Ofic. SRH\/6118\/2022 \u2013 SNTSA Secci\u00f3n 26<\/a><\/li>\n\n\n\n<li><a href=\"https:\/\/www.ssaver.gob.mx\/administraciondepersonal\/wp-content\/uploads\/sites\/15\/2022\/11\/30.-CONV-NUM-60_2022_SESVER_SRH_DAP_06355_2022_SECCION-26.pdf\" target=\"_blank\" rel=\"noreferrer noopener\">Convocatoria N\u00b060 Hospital &#8211; Ofic. SRH\/06355\/2022 \u2013 SNTSA Secci\u00f3n 26<\/a><\/li>\n<\/ul>\n\n\n\n<p><strong>Jefe de la Jurisdicci\u00f3n Sanitaria No. VIII &#8211; Veracruz<\/strong><\/p>\n\n\n\n<ul class=\"wp-block-list\">\n<li><a rel=\"noreferrer noopener\" href=\"https:\/\/www.ssaver.gob.mx\/administraciondepersonal\/wp-content\/uploads\/sites\/15\/2022\/11\/CONV-NUM-01_2022_SECCION-71_SESVER_SRH_DAP_11470_2022.pdf\" target=\"_blank\">Convocatoria N\u00b001 Jurisdicci\u00f3n &#8211; Ofic. SRH\/11470\/2022 &#8211; SNTSA Secc.71<\/a><\/li>\n\n\n\n<li><a rel=\"noreferrer noopener\" href=\"https:\/\/www.ssaver.gob.mx\/administraciondepersonal\/wp-content\/uploads\/sites\/15\/2022\/11\/1.-CONV-NUM-01_2022_SUETYPS_5272_2022.pdf\" target=\"_blank\">Convocatoria N\u00b001 Jurisdicci\u00f3n &#8211; Ofic. SRH\/5275\/2022 &#8211; SUETYPS<\/a><\/li>\n\n\n\n<li><a rel=\"noreferrer noopener\" href=\"https:\/\/www.ssaver.gob.mx\/administraciondepersonal\/wp-content\/uploads\/sites\/15\/2022\/11\/CONV-NUM-06_2022_SECCION-70_06365_2022.pdf\" target=\"_blank\">Convocatoria N\u00b006 Jurisdicci\u00f3n &#8211; Ofic. SRH\/06365\/2022 &#8211; SNTSA Secc.70<\/a><\/li>\n\n\n\n<li><a href=\"https:\/\/www.ssaver.gob.mx\/administraciondepersonal\/wp-content\/uploads\/sites\/15\/2022\/11\/2.-CONV-NUM-01-BIS_03_2022_SESVER_SRH_DAP_0691_2022_SECCION-26.pdf\" target=\"_blank\" rel=\"noreferrer noopener\">Convocatoria N\u00b001-BIS, 03 Jurisdicci\u00f3n &#8211; Ofic. SRH\/0691\/2022 &#8211; SNTSA Secci\u00f3n 26<\/a><\/li>\n\n\n\n<li><a rel=\"noreferrer noopener\" href=\"https:\/\/www.ssaver.gob.mx\/administraciondepersonal\/wp-content\/uploads\/sites\/15\/2022\/11\/3.-ACTA-CONV-NUM-01_2022_SUETYPS.pdf\" target=\"_blank\">Acta-Convocatoria N\u00b001-2022 Jurisdicci\u00f3n &#8211; SUETYPS<\/a><\/li>\n\n\n\n<li><a rel=\"noreferrer noopener\" href=\"https:\/\/www.ssaver.gob.mx\/administraciondepersonal\/wp-content\/uploads\/sites\/15\/2023\/06\/ACTA-CONV-NUM-06_2022_SECCION-70_2022.pdf\" target=\"_blank\">Acta Convocatoria N\u00b0 06 &#8211; 2022 Jurisdicci\u00f3n Sanitaria\u2013 SNTSA Secci\u00f3n 70<\/a><\/li>\n\n\n\n<li><a href=\"https:\/\/www.ssaver.gob.mx\/administraciondepersonal\/wp-content\/uploads\/sites\/15\/2023\/08\/ACTA-CONV-NUM-01_2022_SECCION-71_2022.pdf\" data-type=\"link\" data-id=\"https:\/\/www.ssaver.gob.mx\/administraciondepersonal\/wp-content\/uploads\/sites\/15\/2023\/08\/ACTA-CONV-NUM-01_2022_SECCION-71_2022.pdf\">Acta Convocatoria N\u00b0 01 &#8211; 2022 Jurisdicci\u00f3n Sanitaria \u2013 SNTSA Secci\u00f3n 71<\/a><\/li>\n<\/ul>\n\n\n\n<p>Director del Hospital de la Comunidad de Alvarado<\/p>\n\n\n\n<p>Director del Hospital de Alta Especialidad de Veracruz<\/p>\n\n\n\n<ul class=\"wp-block-list\">\n<li><a rel=\"noreferrer noopener\" href=\"https:\/\/www.ssaver.gob.mx\/administraciondepersonal\/wp-content\/uploads\/sites\/15\/2022\/11\/CONV-NUM-01_2022_SECCION-70_14094_2022.pdf\" target=\"_blank\">Convocatoria N\u00b001 Hospital Ofic. SRH\/14094\/2022 &#8211; SNTSA Secc.70<\/a><\/li>\n\n\n\n<li><a rel=\"noreferrer noopener\" href=\"https:\/\/www.ssaver.gob.mx\/administraciondepersonal\/wp-content\/uploads\/sites\/15\/2022\/11\/1.-CONV-NUM-01_02_03_04_05_06_07_08_09_10_11_12_13_14_16_17_18_19_20_21_2022_SECCION-40_4269_2022.pdf\" target=\"_blank\">Convocatoria N\u00b001,02,03,04,05,06,07,08,09,10,11,12,13,14,16,17,18,19,20,21-Hospital-Ofic. SRH\/4269\/2022\u2013 SNTSA Secci\u00f3n 40<\/a><\/li>\n\n\n\n<li><a href=\"https:\/\/www.ssaver.gob.mx\/administraciondepersonal\/wp-content\/uploads\/sites\/15\/2022\/11\/5.-CONV-NUM-33_34_35_37_38_39_40_41_42_44_45_47_48_50_51_52_54_55_56_57_58_59_60_SEC-40_2022.pdf\" target=\"_blank\" rel=\"noreferrer noopener\">Convocatoria N\u00b0 33,34,35,37,38,39,40,41,42,44,45,47,48,50,51,52,54,55,56,57,58,59,60-Hospital Oficio SRH\/14811\/2022 &#8211; SNTSA Secci\u00f3n 40<\/a><\/li>\n\n\n\n<li><a rel=\"noreferrer noopener\" href=\"https:\/\/www.ssaver.gob.mx\/administraciondepersonal\/wp-content\/uploads\/sites\/15\/2022\/11\/2.-CONV-NUM-15_2022_SECCION-40_6196_2022.pdf\" target=\"_blank\">Convocatoria N\u00b015 Hospital &#8211; Ofic. SRH\/6196\/2022 \u2013 SNTSA Secci\u00f3n 40<\/a><\/li>\n<\/ul>\n\n\n\n<ul class=\"wp-block-list\">\n<li><a rel=\"noreferrer noopener\" href=\"https:\/\/www.ssaver.gob.mx\/administraciondepersonal\/wp-content\/uploads\/sites\/15\/2022\/11\/ACTA-CONV-NUM-01_2022_0001.pdf\" target=\"_blank\">Acta-Convocatoria N\u00b001&nbsp;Hospital\u2013 SNTSA Secci\u00f3n 40<\/a><\/li>\n\n\n\n<li><a rel=\"noreferrer noopener\" href=\"https:\/\/www.ssaver.gob.mx\/administraciondepersonal\/wp-content\/uploads\/sites\/15\/2022\/11\/ACTA-CONV-NUM-02_2022-_0001.pdf\" target=\"_blank\">Acta-Convocatoria N\u00b002 Hospital\u2013 SNTSA Secci\u00f3n 40<\/a><\/li>\n\n\n\n<li><a rel=\"noreferrer noopener\" href=\"https:\/\/www.ssaver.gob.mx\/administraciondepersonal\/wp-content\/uploads\/sites\/15\/2022\/11\/ACTA-CONV-NUM-03_2022_SECCION-40_0001.pdf\" target=\"_blank\">Acta-Convocatoria N\u00b003 Hospital\u2013 SNTSA Secci\u00f3n 40<\/a><\/li>\n\n\n\n<li><a rel=\"noreferrer noopener\" href=\"https:\/\/www.ssaver.gob.mx\/administraciondepersonal\/wp-content\/uploads\/sites\/15\/2022\/11\/ACTA-CONV-NUM-04_2022_-SECCION-40-_0001.pdf\" target=\"_blank\">Acta-Convocatoria N\u00b004 Hospital\u2013 SNTSA Secci\u00f3n 40<\/a><\/li>\n\n\n\n<li><a href=\"https:\/\/www.ssaver.gob.mx\/administraciondepersonal\/wp-content\/uploads\/sites\/15\/2022\/11\/ACTA-CONV-NUM-05_2022_-SECCION-40-_0001.pdf\">Acta-Convocatoria N\u00b005 Hospital\u2013 SNTSA Secci\u00f3n 40<\/a><\/li>\n\n\n\n<li><a rel=\"noreferrer noopener\" href=\"https:\/\/www.ssaver.gob.mx\/administraciondepersonal\/wp-content\/uploads\/sites\/15\/2022\/11\/ACTA-CONV-NUM-06_2022_SECCION-40-_0001.pdf\" target=\"_blank\">Acta-Convocatoria N\u00b006 Hospital\u2013 SNTSA Secci\u00f3n 40<\/a><\/li>\n\n\n\n<li><a rel=\"noreferrer noopener\" href=\"https:\/\/www.ssaver.gob.mx\/administraciondepersonal\/wp-content\/uploads\/sites\/15\/2022\/11\/ACTA-CONV-NUM-07_2022_SECCION-40.pdf\" target=\"_blank\">Acta-Convocatoria N\u00b007 Hospital\u2013 SNTSA Secci\u00f3n 40<\/a><\/li>\n\n\n\n<li><a rel=\"noreferrer noopener\" href=\"https:\/\/www.ssaver.gob.mx\/administraciondepersonal\/wp-content\/uploads\/sites\/15\/2022\/11\/ACTA-CONV-NUM-08_2022_-SECCION-40-_0001.pdf\" target=\"_blank\">Acta-Convocatoria N\u00b008 Hospital\u2013 SNTSA Secci\u00f3n 40<\/a><\/li>\n\n\n\n<li><a rel=\"noreferrer noopener\" href=\"https:\/\/www.ssaver.gob.mx\/administraciondepersonal\/wp-content\/uploads\/sites\/15\/2022\/11\/ACTA-CONV-NUM-09_2022_SECCION-40_0001_0001_0001.pdf\" target=\"_blank\">Acta-Convocatoria N\u00b009 Hospital\u2013 SNTSA Secci\u00f3n 40<\/a><\/li>\n\n\n\n<li><a rel=\"noreferrer noopener\" href=\"https:\/\/www.ssaver.gob.mx\/administraciondepersonal\/wp-content\/uploads\/sites\/15\/2022\/11\/ACTA-CONV-NUM-10_2022_SECC-40-.pdf\" target=\"_blank\">Acta-Convocatoria N\u00b010 Hospital\u2013 SNTSA Secci\u00f3n 40<\/a><\/li>\n\n\n\n<li><a rel=\"noreferrer noopener\" href=\"https:\/\/www.ssaver.gob.mx\/administraciondepersonal\/wp-content\/uploads\/sites\/15\/2022\/11\/ACTA-CONV-NUM-12_2022_SECC-40-.pdf\" target=\"_blank\">Acta-Convocatoria N\u00b012 Hospital\u2013 SNTSA Secci\u00f3n 40<\/a><\/li>\n\n\n\n<li><a href=\"https:\/\/www.ssaver.gob.mx\/administraciondepersonal\/wp-content\/uploads\/sites\/15\/2022\/11\/ACTA-CONV-NUM-13_2022_SECC-40-.pdf\" target=\"_blank\" rel=\"noreferrer noopener\">Acta-Convocatoria N\u00b013 Hospital\u2013 SNTSA Secci\u00f3n 40<\/a><\/li>\n\n\n\n<li><a href=\"https:\/\/www.ssaver.gob.mx\/administraciondepersonal\/wp-content\/uploads\/sites\/15\/2022\/11\/ACTA-CONV-NUM-14_2022_SECC-40-.pdf\" target=\"_blank\" rel=\"noreferrer noopener\">Acta-Convocatoria N\u00b014 Hospital\u2013 SNTSA Secci\u00f3n 40<\/a><\/li>\n\n\n\n<li><a href=\"https:\/\/www.ssaver.gob.mx\/administraciondepersonal\/wp-content\/uploads\/sites\/15\/2022\/11\/ACTA-CONV-NUM-15_2022_-SECCION-40-_0001.pdf\" target=\"_blank\" rel=\"noreferrer noopener\">Acta-Convocatoria N\u00b015 Hospital\u2013 SNTSA Secci\u00f3n 40<\/a><\/li>\n\n\n\n<li><a href=\"https:\/\/www.ssaver.gob.mx\/administraciondepersonal\/wp-content\/uploads\/sites\/15\/2022\/11\/ACTA-CONV-NUM-16_2022_SECCION-40.pdf\" target=\"_blank\" rel=\"noreferrer noopener\">Acta-Convocatoria N\u00b016 Hospital\u2013 SNTSA Secci\u00f3n 40<\/a><\/li>\n\n\n\n<li><a href=\"https:\/\/www.ssaver.gob.mx\/administraciondepersonal\/wp-content\/uploads\/sites\/15\/2022\/11\/ACTA-CONV-NUM-17_2022_SECCION-40-.pdf\" target=\"_blank\" rel=\"noreferrer noopener\">Acta-Convocatoria N\u00b017 Hospital\u2013 SNTSA Secci\u00f3n 40<\/a><\/li>\n\n\n\n<li><a href=\"https:\/\/www.ssaver.gob.mx\/administraciondepersonal\/wp-content\/uploads\/sites\/15\/2022\/11\/ACTA-CONV-NUM-18_2022_SECC-40-.pdf\" target=\"_blank\" rel=\"noreferrer noopener\">Acta-Convocatoria N\u00b018 Hospital\u2013 SNTSA Secci\u00f3n 40<\/a><\/li>\n\n\n\n<li><a href=\"https:\/\/www.ssaver.gob.mx\/administraciondepersonal\/wp-content\/uploads\/sites\/15\/2022\/11\/ACTA-CONV-NUM-19_2022_SECCION-40.pdf\" target=\"_blank\" rel=\"noreferrer noopener\">Acta-Convocatoria N\u00b019 Hospital\u2013 SNTSA Secci\u00f3n 40<\/a><\/li>\n\n\n\n<li><a rel=\"noreferrer noopener\" href=\"https:\/\/www.ssaver.gob.mx\/administraciondepersonal\/wp-content\/uploads\/sites\/15\/2022\/11\/ACTA-CONV-NUM-21_2022_SECC-40-.pdf\" target=\"_blank\">Acta-Convocatoria N\u00b021 Hospital\u2013 SNTSA Secci\u00f3n 40<\/a><\/li>\n\n\n\n<li><a rel=\"noreferrer noopener\" href=\"https:\/\/www.ssaver.gob.mx\/administraciondepersonal\/wp-content\/uploads\/sites\/15\/2023\/05\/ACTA-CONV-NUM-33_2022_SECCION-40_2022.pdf\" target=\"_blank\">Acta Convocatoria N\u00b0 33 &#8211; 2022 Hospital \u2013 SNTSA Secci\u00f3n 40<\/a><\/li>\n\n\n\n<li><a rel=\"noreferrer noopener\" href=\"https:\/\/www.ssaver.gob.mx\/administraciondepersonal\/wp-content\/uploads\/sites\/15\/2023\/05\/ACTA-CONV-NUM-34_2022_SECCION-40_2022.pdf\" target=\"_blank\">Acta Convocatoria N\u00b0 34 &#8211; 2022 Hospital \u2013 SNTSA Secci\u00f3n 40<\/a><\/li>\n\n\n\n<li><a href=\"https:\/\/www.ssaver.gob.mx\/administraciondepersonal\/wp-content\/uploads\/sites\/15\/2023\/05\/ACTA-CONV-NUM-37_2022_SECCION-40_2022.pdf\" target=\"_blank\" rel=\"noreferrer noopener\">Acta Convocatoria N\u00b0 37 &#8211; 2022 Hospital \u2013 SNTSA Secci\u00f3n 40<\/a><\/li>\n\n\n\n<li><a rel=\"noreferrer noopener\" href=\"https:\/\/www.ssaver.gob.mx\/administraciondepersonal\/wp-content\/uploads\/sites\/15\/2023\/05\/ACTA-CONV-NUM-39_2022_SECCION-40_2022.pdf\" target=\"_blank\">Acta Convocatoria N\u00b0 39 &#8211; 2022 Hospital \u2013 SNTSA Secci\u00f3n 40<\/a><\/li>\n\n\n\n<li><a rel=\"noreferrer noopener\" href=\"https:\/\/www.ssaver.gob.mx\/administraciondepersonal\/wp-content\/uploads\/sites\/15\/2023\/05\/ACTA-CONV-NUM-40_2022_SECCION-40_2022.pdf\" target=\"_blank\">Acta Convocatoria N\u00b0 40 &#8211; 2022 Hospital \u2013 SNTSA Secci\u00f3n 40<\/a><\/li>\n\n\n\n<li><a href=\"https:\/\/www.ssaver.gob.mx\/administraciondepersonal\/wp-content\/uploads\/sites\/15\/2023\/05\/ACTA-CONV-NUM-41_2022_SECCION-40_2022.pdf\" target=\"_blank\" rel=\"noreferrer noopener\">Acta Convocatoria N\u00b0 41 &#8211; 2022 Hospital \u2013 SNTSA Secci\u00f3n 40<\/a><\/li>\n\n\n\n<li><a href=\"https:\/\/www.ssaver.gob.mx\/administraciondepersonal\/wp-content\/uploads\/sites\/15\/2023\/05\/ACTA-CONV-NUM-42_2022_SECCION-40_2022.pdf\" target=\"_blank\" rel=\"noreferrer noopener\">Acta Convocatoria N\u00b0 42 &#8211; 2022 Hospital \u2013 SNTSA Secci\u00f3n 40<\/a><\/li>\n\n\n\n<li><a href=\"https:\/\/www.ssaver.gob.mx\/administraciondepersonal\/wp-content\/uploads\/sites\/15\/2023\/05\/ACTA-CONV-NUM-44_2022_SECCION-40_2022.pdf\" target=\"_blank\" rel=\"noreferrer noopener\">Acta Convocatoria N\u00b0 44 &#8211; 2022 Hospital \u2013 SNTSA Secci\u00f3n 40<\/a><\/li>\n\n\n\n<li><a href=\"https:\/\/www.ssaver.gob.mx\/administraciondepersonal\/wp-content\/uploads\/sites\/15\/2023\/05\/ACTA-CONV-NUM-45_2022_SECCION-40_2022.pdf\" target=\"_blank\" rel=\"noreferrer noopener\">Acta Convocatoria N\u00b0 45 &#8211; 2022 Hospital \u2013 SNTSA Secci\u00f3n 40<\/a><\/li>\n\n\n\n<li><a href=\"https:\/\/www.ssaver.gob.mx\/administraciondepersonal\/wp-content\/uploads\/sites\/15\/2023\/05\/ACTA-CONV-NUM-46_2022_SECCION-40_2022.pdf\" target=\"_blank\" rel=\"noreferrer noopener\">Acta Convocatoria N\u00b0 46 &#8211; 2022 Hospital \u2013 SNTSA Secci\u00f3n 40<\/a><\/li>\n\n\n\n<li><a rel=\"noreferrer noopener\" href=\"https:\/\/www.ssaver.gob.mx\/administraciondepersonal\/wp-content\/uploads\/sites\/15\/2023\/05\/ACTA-CONV-NUM-47_2022_SECCION-40_2022.pdf\" target=\"_blank\">Acta Convocatoria N\u00b0 47 &#8211; 2022 Hospital \u2013 SNTSA Secci\u00f3n 40<\/a><\/li>\n\n\n\n<li><a rel=\"noreferrer noopener\" href=\"https:\/\/www.ssaver.gob.mx\/administraciondepersonal\/wp-content\/uploads\/sites\/15\/2023\/05\/ACTA-CONV-NUM-48_2022_SECCION-40_2022.pdf\" target=\"_blank\">Acta Convocatoria N\u00b0 48 &#8211; 2022 Hospital \u2013 SNTSA Secci\u00f3n 40<\/a><\/li>\n\n\n\n<li><a href=\"https:\/\/www.ssaver.gob.mx\/administraciondepersonal\/wp-content\/uploads\/sites\/15\/2023\/05\/ACTA-CONV-NUM-50_2022_SECCION-40_2022.pdf\" target=\"_blank\" rel=\"noreferrer noopener\">Acta Convocatoria N\u00b0 50 &#8211; 2022 Hospital \u2013 SNTSA Secci\u00f3n 40<\/a><\/li>\n\n\n\n<li><a href=\"https:\/\/www.ssaver.gob.mx\/administraciondepersonal\/wp-content\/uploads\/sites\/15\/2023\/05\/ACTA-CONV-NUM-51_2022_SECCION-40_2022.pdf\" target=\"_blank\" rel=\"noreferrer noopener\">Acta Convocatoria N\u00b0 51 &#8211; 2022 Hospital \u2013 SNTSA Secci\u00f3n 40<\/a><\/li>\n\n\n\n<li><a rel=\"noreferrer noopener\" href=\"https:\/\/www.ssaver.gob.mx\/administraciondepersonal\/wp-content\/uploads\/sites\/15\/2023\/05\/ACTA-CONV-NUM-52_2022_SECCION-40_2022.pdf\" target=\"_blank\">Acta Convocatoria N\u00b0 52 &#8211; 2022 Hospital \u2013 SNTSA Secci\u00f3n 40<\/a><\/li>\n\n\n\n<li><a href=\"https:\/\/www.ssaver.gob.mx\/administraciondepersonal\/wp-content\/uploads\/sites\/15\/2023\/10\/ACTA-CONV-NUM-54_2022_SECCION-40_2022-.pdf\" data-type=\"link\" data-id=\"https:\/\/www.ssaver.gob.mx\/administraciondepersonal\/wp-content\/uploads\/sites\/15\/2023\/10\/ACTA-CONV-NUM-54_2022_SECCION-40_2022-.pdf\">Acta Convocatoria N\u00b0 54 &#8211; 2022 Hospital \u2013 SNTSA Secci\u00f3n 40<\/a><\/li>\n\n\n\n<li><a href=\"https:\/\/www.ssaver.gob.mx\/administraciondepersonal\/wp-content\/uploads\/sites\/15\/2023\/05\/ACTA-CONV-NUM-56_2022_SECCION-40_2022.pdf\" target=\"_blank\" rel=\"noreferrer noopener\">Acta Convocatoria N\u00b0 56 &#8211; 2022 Hospital \u2013 SNTSA Secci\u00f3n 40<\/a><\/li>\n\n\n\n<li><a rel=\"noreferrer noopener\" href=\"https:\/\/www.ssaver.gob.mx\/administraciondepersonal\/wp-content\/uploads\/sites\/15\/2023\/05\/ACTA-CONV-NUM-57_2022_SECCION-40_2022.pdf\" target=\"_blank\">Acta Convocatoria N\u00b0 57 &#8211; 2022 Hospital \u2013 SNTSA Secci\u00f3n 40<\/a><\/li>\n\n\n\n<li><a rel=\"noreferrer noopener\" href=\"https:\/\/www.ssaver.gob.mx\/administraciondepersonal\/wp-content\/uploads\/sites\/15\/2023\/05\/ACTA-CONV-NUM-58_2022_SECCION-40_2022.pdf\" target=\"_blank\">Acta Convocatoria N\u00b0 58 &#8211; 2022 Hospital \u2013 SNTSA Secci\u00f3n 40<\/a><\/li>\n\n\n\n<li><a href=\"https:\/\/www.ssaver.gob.mx\/administraciondepersonal\/wp-content\/uploads\/sites\/15\/2023\/08\/ACTA-CONV-NUM-01_2022_SECCION-70_2022.pdf\" data-type=\"link\" data-id=\"https:\/\/www.ssaver.gob.mx\/administraciondepersonal\/wp-content\/uploads\/sites\/15\/2023\/08\/ACTA-CONV-NUM-01_2022_SECCION-70_2022.pdf\">Acta Convocatoria N\u00b0 01 &#8211; 2022 Hospital \u2013 SNTSA Secci\u00f3n 70<\/a><\/li>\n<\/ul>\n\n\n\n<p>Director del Centro Estatal de la Transfusi\u00f3n Sangu\u00ednea<\/p>\n\n\n\n<p>Director del Centro Estatal Contra las Adicciones\u201d<\/p>\n\n\n\n<p>Director del Laboratorio Estatal de Salud P\u00fablica<\/p>\n\n\n\n<ul class=\"wp-block-list\">\n<li><a href=\"https:\/\/www.ssaver.gob.mx\/administraciondepersonal\/wp-content\/uploads\/sites\/15\/2024\/12\/ACTA-CONV-NUM-08_2022_SECCION-26-SUR_2024.pdf\">Acta Convocatoria N\u00b0 08 &#8211; 2022 Hospital \u2013 SNTSA Secci\u00f3n 26 &#8211; SUR<\/a><\/li>\n<\/ul>\n\n\n\n<p>Director del Hospital General de Cardel<\/p>\n\n\n\n<p>Director del Hospital General de Tarimoya<\/p>\n\n\n\n<p>Director del Hospital de la Comunidad de Tlalixcoyan<\/p>\n\n\n\n<p>Directora del Hogar del Ni\u00f1o \u00abManuel Guti\u00e9rrez Zamora\u00bb<\/p>\n\n\n\n<ul class=\"wp-block-list\">\n<li><a href=\"https:\/\/www.ssaver.gob.mx\/administraciondepersonal\/wp-content\/uploads\/sites\/15\/2022\/11\/24.-CONV-NUM-03_2022_STSPEEV_14270_2022.pdf\" target=\"_blank\" rel=\"noreferrer noopener\">Convocatoria N\u00b003-2022 Hospital &#8211; Ofic. SRH\/14270\/2022 &#8211; STSPEEV<\/a><\/li>\n<\/ul>\n\n\n\n<p>Director del Hospital General de Boca del R\u00edo<\/p>\n\n\n\n<ul class=\"wp-block-list\">\n<li><a href=\"https:\/\/www.ssaver.gob.mx\/administraciondepersonal\/wp-content\/uploads\/sites\/15\/2022\/11\/3.-CONV-NUM-46_2022_SECCION-40_14810_2022.pdf\" target=\"_blank\" rel=\"noreferrer noopener\">Convocatoria N\u00b046 Hospital &#8211; Ofic. SRH\/14810\/2022 \u2013 SNTSA Secci\u00f3n 40<\/a><\/li>\n<\/ul>\n\n\n\n<p><strong>Jefe de la Jurisdicci\u00f3n Sanitaria No. IX &#8211; Cosamaloapan<\/strong><\/p>\n\n\n\n<ul class=\"wp-block-list\">\n<li><a rel=\"noreferrer noopener\" href=\"https:\/\/www.ssaver.gob.mx\/administraciondepersonal\/wp-content\/uploads\/sites\/15\/2022\/11\/CONV-NUM-08_2022_SESVER_SRH_DAP_10373_2022_SECCION-70_0001.pdf\" target=\"_blank\">Convocatoria N\u00b008 Jurisdicci\u00f3n &#8211; Ofic. SRH\/10373\/2022 &#8211; SNTSA Secc.70<\/a><\/li>\n\n\n\n<li><a rel=\"noreferrer noopener\" href=\"https:\/\/www.ssaver.gob.mx\/administraciondepersonal\/wp-content\/uploads\/sites\/15\/2022\/11\/CONV-NUM-11_2022_SECCION-70.pdf\" target=\"_blank\">Convocatoria N\u00b011 Jurisdicci\u00f3n &#8211; Ofic. SRH\/14323\/2022 &#8211; SNTSA Secc.70<\/a><\/li>\n\n\n\n<li><a href=\"https:\/\/www.ssaver.gob.mx\/administraciondepersonal\/wp-content\/uploads\/sites\/15\/2023\/06\/ACTA-CONV-NUM-08_2022_SECCION-70_2022.pdf\" target=\"_blank\" rel=\"noreferrer noopener\">Acta Convocatoria N\u00b0 08 &#8211; 2022 Jurisdicci\u00f3n Sanitaria\u2013 SNTSA Secci\u00f3n 70<\/a><\/li>\n<\/ul>\n\n\n\n<p>Director del Hospital General de Cosamaloapan \u00abDr. V\u00edctor Manuel Pital\u00faa Gonz\u00e1lez\u00bb<\/p>\n\n\n\n<ul class=\"wp-block-list\">\n<li><a rel=\"noreferrer noopener\" href=\"https:\/\/www.ssaver.gob.mx\/administraciondepersonal\/wp-content\/uploads\/sites\/15\/2022\/11\/6.-CONV-NUM-15_2022_SESVER_SRH_DAP_04945_2022_SECCION-26.pdf\" target=\"_blank\">Convocatoria N\u00b015 Hospital &#8211; Ofic. SRH\/4945\/2022 \u2013 SNTSA Secci\u00f3n 26<\/a><\/li>\n\n\n\n<li><a href=\"https:\/\/www.ssaver.gob.mx\/administraciondepersonal\/wp-content\/uploads\/sites\/15\/2022\/11\/12.-CONV-NUM-33_2022_SECCION-26_5176_2022.pdf\">Convocatoria N\u00b033 Hospital &#8211; Ofic. SRH\/5176\/2022 \u2013 SNTSA Secci\u00f3n 26<\/a><\/li>\n\n\n\n<li><a href=\"https:\/\/www.ssaver.gob.mx\/administraciondepersonal\/wp-content\/uploads\/sites\/15\/2024\/04\/CONV-NUM-01_09_2022_SECCION-26-SUR_00002_2023.pdf\">Convocatoria N\u00b0 01, 09- 2022 Hospital &#8211; Ofic. SRH\/00002\/2023 &#8211; SNTSA Secci\u00f3n 26 \u2013 SUR<\/a><\/li>\n\n\n\n<li><a href=\"https:\/\/www.ssaver.gob.mx\/administraciondepersonal\/wp-content\/uploads\/sites\/15\/2024\/06\/ACTA-CONV-NUM-09_2022_SECCION-26-_2022.pdf\">Acta Convocatoria N\u00b0 09 \u2013 2022 &#8211; Hospital \u2013 SNTSA Secci\u00f3n 26 SUR<\/a><\/li>\n<\/ul>\n\n\n\n<p>Directora del Hospital General de Tierra Blanca \u00abJes\u00fas Garc\u00eda Corona\u00bb<\/p>\n\n\n\n<p>Directora del Hospital de la Comunidad de Jos\u00e9 Azueta<\/p>\n\n\n\n<ul class=\"wp-block-list\">\n<li><a href=\"https:\/\/www.ssaver.gob.mx\/administraciondepersonal\/wp-content\/uploads\/sites\/15\/2024\/04\/CONV-NUM-30_2022_OF-4826_2022_SECCION-26-SUR.pdf\">Convocatoria N\u00b0 30 &#8211; 2022 Hospital &#8211; Ofic. SRH\/4826\/2022 &#8211; SNTSA Secci\u00f3n 26 \u2013 SUR<\/a><\/li>\n<\/ul>\n\n\n\n<p>Director del Hospital de la Comunidad de Playa Vicente<\/p>\n\n\n\n<p>Director del Hospital de la Comunidad de Tlacotalpan<\/p>\n\n\n\n<p>Directora del Hospital General de Isla<\/p>\n\n\n\n<ul class=\"wp-block-list\">\n<li><a href=\"https:\/\/www.ssaver.gob.mx\/administraciondepersonal\/wp-content\/uploads\/sites\/15\/2024\/06\/ACTA-CONV-NUM-07_2022_SECCION-26-SUR_2022.pdf\">Acta Convocatoria N\u00b0 07 &#8211; 2022 Hospital\u2013 SNTSA Secci\u00f3n 26 &#8211; SUR<\/a><\/li>\n<\/ul>\n\n\n\n<p><strong>Jurisdicci\u00f3n Sanitaria No. X &#8211; San Andr\u00e9s Tuxtla<\/strong><\/p>\n\n\n\n<ul class=\"wp-block-list\">\n<li><a rel=\"noreferrer noopener\" href=\"https:\/\/www.ssaver.gob.mx\/administraciondepersonal\/wp-content\/uploads\/sites\/15\/2022\/11\/CONV-NUM-13_14_2022_SECCION-70_14322.pdf\" target=\"_blank\">Convocatoria N\u00b013 Jurisdicci\u00f3n &#8211; Ofic. SRH\/14322\/2022 &#8211; SNTSA Secc.70<\/a><\/li>\n\n\n\n<li><a rel=\"noreferrer noopener\" href=\"https:\/\/www.ssaver.gob.mx\/administraciondepersonal\/wp-content\/uploads\/sites\/15\/2022\/11\/23.-CONV-NUM-52_62_SESVER_SRH_DAP_06294_2022_SECCION-26.pdf\" target=\"_blank\">Convocatoria N\u00b052,62 Jurisdicci\u00f3n &#8211; Ofic. SRH\/06294\/2022 &#8211; SNTSA Secci\u00f3n 26<\/a><\/li>\n\n\n\n<li><a href=\"https:\/\/www.ssaver.gob.mx\/administraciondepersonal\/wp-content\/uploads\/sites\/15\/2023\/06\/ACTA-CONV-NUM-13_2022_SECCION-70_2022.pdf\" target=\"_blank\" rel=\"noreferrer noopener\">Acta Convocatoria N\u00b0 13 &#8211; 2022 Jurisdicci\u00f3n Sanitaria\u2013 SNTSA Secci\u00f3n 70<\/a><\/li>\n\n\n\n<li><a href=\"https:\/\/www.ssaver.gob.mx\/administraciondepersonal\/wp-content\/uploads\/sites\/15\/2023\/06\/ACTA-CONV-NUM-14_2022_SECCION-70_2022.pdf\" target=\"_blank\" rel=\"noreferrer noopener\">Acta Convocatoria N\u00b0 14 &#8211; 2022 Jurisdicci\u00f3n Sanitaria\u2013 SNTSA Secci\u00f3n 70<\/a><\/li>\n<\/ul>\n\n\n\n<p>Hospital General de San Andr\u00e9s Tuxtla \u00abDr. Bernardo Pe\u00f1a\u00bb<\/p>\n\n\n\n<ul class=\"wp-block-list\">\n<li><a rel=\"noreferrer noopener\" href=\"https:\/\/www.ssaver.gob.mx\/administraciondepersonal\/wp-content\/uploads\/sites\/15\/2022\/11\/7.-CONV-NUM-09_-SESVER_SRH_DAP_07050_2022_STSPEEV.pdf\" target=\"_blank\">Convocatoria N\u00b009 Hospital &#8211; Ofic. SRH\/07050\/2022 &#8211; STSPEEV<\/a><\/li>\n\n\n\n<li><a rel=\"noreferrer noopener\" href=\"https:\/\/www.ssaver.gob.mx\/administraciondepersonal\/wp-content\/uploads\/sites\/15\/2022\/11\/8.-CONV-NUM-13_SESVER_SRH_DAP_0664_2022_SETSSV.pdf\" target=\"_blank\">Convocatoria N\u00b013 Hospital &#8211; Ofic. SRH\/06644\/2022 &#8211; SETSSV<\/a><\/li>\n\n\n\n<li><a rel=\"noreferrer noopener\" href=\"https:\/\/www.ssaver.gob.mx\/administraciondepersonal\/wp-content\/uploads\/sites\/15\/2022\/11\/13.-ACTA-CONV-NUM-13_2022_SETSSV.pdf\" target=\"_blank\">Acta-Convocatoria N\u00b013-2022 Hospital &#8211; SETSSV<\/a><\/li>\n\n\n\n<li><a href=\"https:\/\/www.ssaver.gob.mx\/administraciondepersonal\/wp-content\/uploads\/sites\/15\/2023\/10\/ACTA-CONV-NUM-11_2022_SECCION-26-SUR_2022-.pdf\" data-type=\"link\" data-id=\"https:\/\/www.ssaver.gob.mx\/administraciondepersonal\/wp-content\/uploads\/sites\/15\/2023\/10\/ACTA-CONV-NUM-11_2022_SECCION-26-SUR_2022-.pdf\">Acta Convocatoria N\u00b0 11 \u2013 2022 Hospital \u2013 SNTSA Secci\u00f3n 26 SUR<\/a><\/li>\n\n\n\n<li><a href=\"https:\/\/www.ssaver.gob.mx\/administraciondepersonal\/wp-content\/uploads\/sites\/15\/2023\/11\/ALCANCE-ACTA-CONV-NUM-11_2022_SECCION-26-SUR_2022-.pdf\" data-type=\"link\" data-id=\"https:\/\/www.ssaver.gob.mx\/administraciondepersonal\/wp-content\/uploads\/sites\/15\/2023\/11\/ALCANCE-ACTA-CONV-NUM-11_2022_SECCION-26-SUR_2022-.pdf\">Acta Convocatoria N\u00b0 11 \u2013 2022 Hospital \u2013 SNTSA Secci\u00f3n 26 SUR &#8211; ALCANCE<\/a><\/li>\n\n\n\n<li><a href=\"https:\/\/www.ssaver.gob.mx\/administraciondepersonal\/wp-content\/uploads\/sites\/15\/2024\/01\/ACTA-CONV-NUM-09_2022_STSPEEV_2022-.pdf\">Acta Convocatoria N\u00b0 09 &#8211; 2022 Hospital &#8211; STSPEEV<\/a><\/li>\n\n\n\n<li><a href=\"https:\/\/www.ssaver.gob.mx\/administraciondepersonal\/wp-content\/uploads\/sites\/15\/2024\/04\/ACTA-CONV-NUM-02_2022_SECCION-26-SUR_2022-.pdf\">Acta Convocatoria N\u00b0 02 &#8211; 2022 Hospital &#8211; SNTSA Secci\u00f3n 26 \u2013 SUR<\/a><\/li>\n<\/ul>\n\n\n\n<p>Hospital General de Santiago Tuxtla \u00abTeodoro Diez\u00bb<\/p>\n\n\n\n<ul class=\"wp-block-list\">\n<li><a rel=\"noreferrer noopener\" href=\"https:\/\/www.ssaver.gob.mx\/administraciondepersonal\/wp-content\/uploads\/sites\/15\/2022\/11\/7.-CONV-NUM-12_SESVER_SRH_DAP_06643_2022_SETSSV.pdf\" target=\"_blank\">Convocatoria N\u00b012 Hospital &#8211; Ofic. SRH\/06643\/2022 &#8211; SETSSV<\/a><\/li>\n\n\n\n<li><a rel=\"noreferrer noopener\" href=\"https:\/\/www.ssaver.gob.mx\/administraciondepersonal\/wp-content\/uploads\/sites\/15\/2022\/11\/12.-ACTA-CONV-NUM-12_2022_SETSSV.pdf\" target=\"_blank\">Acta-Convocatoria N\u00b012-2022 Hospital &#8211; SETSSV<\/a><\/li>\n<\/ul>\n\n\n\n<p>Hospital de la Comunidad de Suchilapan del R\u00edo \u00abCarmen Bouzas de L\u00f3pez Arias\u00bb<\/p>\n\n\n\n<p>Hospital de la Comunidad de Catemaco<\/p>\n\n\n\n<p>Hospital General de Oluta-Acayucan<\/p>\n\n\n\n<p><strong>Jurisdicci\u00f3n Sanitaria No. XI &#8211; Coatzacoalcos<\/strong><\/p>\n\n\n\n<ul class=\"wp-block-list\">\n<li><a rel=\"noreferrer noopener\" href=\"https:\/\/www.ssaver.gob.mx\/administraciondepersonal\/wp-content\/uploads\/sites\/15\/2022\/11\/3.-CONV-NUM-07_2022_SECCION-26_4827.pdf\" target=\"_blank\">Convocatoria N\u00b007 Jurisdicci\u00f3n &#8211; Ofic. SRH\/4827\/2022 &#8211; SNTSA Secci\u00f3n 26<\/a><\/li>\n\n\n\n<li><a href=\"https:\/\/www.ssaver.gob.mx\/administraciondepersonal\/wp-content\/uploads\/sites\/15\/2022\/11\/26.-CONV-NUM-55_2022_SESVER_SRH_DAP_06312_2022_SECCION-26.pdf\" target=\"_blank\" rel=\"noreferrer noopener\">Convocatoria N\u00b055 Jurisdicci\u00f3n &#8211; Ofic. SRH\/06312\/2022 &#8211; SNTSA Secci\u00f3n 26<\/a><\/li>\n\n\n\n<li><a href=\"https:\/\/www.ssaver.gob.mx\/administraciondepersonal\/wp-content\/uploads\/sites\/15\/2024\/12\/ACTA-CONV-NUM-55_2022_SECCION-26-SUR_2022.pdf\">Acta-Convocatoria N\u00b0 55 &#8211; 2022 Jurisdicci\u00f3n Sanitaria \u2013 SNTSA Secci\u00f3n 26 &#8211; SUR<\/a><\/li>\n<\/ul>\n\n\n\n<p>Hospital de la Comunidad La Laguna Poblado 6<\/p>\n\n\n\n<p>Hospital General de Minatitl\u00e1n<\/p>\n\n\n\n<ul class=\"wp-block-list\">\n<li><a href=\"https:\/\/www.ssaver.gob.mx\/administraciondepersonal\/wp-content\/uploads\/sites\/15\/2022\/12\/ACTA-CONV-NUM-17_2021_SETSSV.pdf\">Convocatoria N\u00b017-2021 Hospital &#8211; SETSSV<\/a><\/li>\n\n\n\n<li><a rel=\"noreferrer noopener\" href=\"https:\/\/www.ssaver.gob.mx\/administraciondepersonal\/wp-content\/uploads\/sites\/15\/2022\/11\/4.-CONV-NUM-05_SESVER-SRH_DAP_4267_2022_SETSSV.pdf\" target=\"_blank\">Convocatoria N\u00b005 Hospital &#8211; Ofic. SRH\/4267\/2022 &#8211; SETSSV<\/a><\/li>\n\n\n\n<li><a href=\"https:\/\/www.ssaver.gob.mx\/administraciondepersonal\/wp-content\/uploads\/sites\/15\/2022\/11\/5.-ACTA-CONV-NUM-05_2022_SETSSV.pdf\" target=\"_blank\" rel=\"noreferrer noopener\">Acta-Convocatoria N\u00b005-2022 Hospital &#8211; SETSSV<\/a><\/li>\n\n\n\n<li><a href=\"https:\/\/www.ssaver.gob.mx\/administraciondepersonal\/wp-content\/uploads\/sites\/15\/2024\/04\/CONV-NUM-03_10_2022_SECCION-26-SUR_0004_2023.pdf\">Convocatoria N\u00b0 03, 10- 2022 Hospital &#8211; Ofic. SRH\/00004\/2023 &#8211; SNTSA Secci\u00f3n 26 &#8211; SUR<\/a><\/li>\n\n\n\n<li><a href=\"https:\/\/www.ssaver.gob.mx\/administraciondepersonal\/wp-content\/uploads\/sites\/15\/2024\/06\/ACTA-CONV-NUM-10_2022_SECCION-26-SUR_2022.pdf\">Acta Convocatoria N\u00b0 10 &#8211; 2022 Hospital \u2013 SNTSA Secci\u00f3n 26 SUR<\/a><\/li>\n<\/ul>\n\n\n\n<p>Hospital Regional de Coatzacoalcos \u00abDr. Valent\u00edn G\u00f3mez Far\u00edas\u00bb<\/p>\n\n\n\n<ul class=\"wp-block-list\">\n<li><a rel=\"noreferrer noopener\" href=\"https:\/\/www.ssaver.gob.mx\/administraciondepersonal\/wp-content\/uploads\/sites\/15\/2022\/11\/7.-CONV-NUM-01_02_03_04_05_06_2022_SUTHCR.pdf\" target=\"_blank\">Convocatoria N\u00b001,02,03,04,05,06 Hospital &#8211; Ofic. SRH\/4121\/2022 &#8211; SUTHRC<\/a><\/li>\n\n\n\n<li><a rel=\"noreferrer noopener\" href=\"https:\/\/www.ssaver.gob.mx\/administraciondepersonal\/wp-content\/uploads\/sites\/15\/2022\/11\/8.-CONV-NUM-07_08_2022_SUTHCR.pdf\" target=\"_blank\">Convocatoria N\u00b007,08 Hospital &#8211; Ofic. SRH\/09514\/2022 &#8211; SUTHRC<\/a><\/li>\n\n\n\n<li><a rel=\"noreferrer noopener\" href=\"https:\/\/www.ssaver.gob.mx\/administraciondepersonal\/wp-content\/uploads\/sites\/15\/2022\/11\/9.-CONV-NUM-09_10_SUTHRC_2022_14319.pdf\" target=\"_blank\">Convocatoria N\u00b009,10 Hospital &#8211; Ofic. SRH\/14319\/2022 &#8211; SUTHRC<\/a><\/li>\n\n\n\n<li><a rel=\"noreferrer noopener\" href=\"https:\/\/www.ssaver.gob.mx\/administraciondepersonal\/wp-content\/uploads\/sites\/15\/2022\/11\/2.-CONV-NUM-02_2022_STSPEEV_SRH_DAP_4687_2022.pdf\" target=\"_blank\">Convocatoria N\u00b002 Hospital &#8211; Ofic. SRH\/4687\/2022 &#8211; STSPEEV<\/a><\/li>\n\n\n\n<li><a rel=\"noreferrer noopener\" href=\"https:\/\/www.ssaver.gob.mx\/administraciondepersonal\/wp-content\/uploads\/sites\/15\/2022\/11\/8.-CONV-NUM-10_2022_STSPEEV.pdf\" target=\"_blank\">Convocatoria N\u00b010 Hospital &#8211; Ofic. SRH\/09447\/2022 &#8211; STSPEEV<\/a><\/li>\n\n\n\n<li><a rel=\"noreferrer noopener\" href=\"https:\/\/www.ssaver.gob.mx\/administraciondepersonal\/wp-content\/uploads\/sites\/15\/2022\/11\/10.-CONV-NUM-12_14_2022_STSPEEV_12385_2022.pdf\" target=\"_blank\">Convocatoria N\u00b012,14 Hospital &#8211; Ofic. SRH\/12385\/2022 &#8211; STSPEEV<\/a><\/li>\n\n\n\n<li><a rel=\"noreferrer noopener\" href=\"https:\/\/www.ssaver.gob.mx\/administraciondepersonal\/wp-content\/uploads\/sites\/15\/2022\/11\/1.-ACTA-CONV-NUM-01_2022_SUTHCR.pdf\" target=\"_blank\">Acta-Convocatoria N\u00b001-2022 Hospital &#8211; SUTHRC<\/a><\/li>\n\n\n\n<li><a rel=\"noreferrer noopener\" href=\"https:\/\/www.ssaver.gob.mx\/administraciondepersonal\/wp-content\/uploads\/sites\/15\/2022\/11\/2.-ACTA-CONV-NUM-02_2022_SUTCHR_ACTA-CIRCUNSTANCIADA.pdf\" target=\"_blank\">Acta-Convocatoria N\u00b002-2022 Hospital &#8211; SUTHRC<\/a><\/li>\n\n\n\n<li><a rel=\"noreferrer noopener\" href=\"https:\/\/www.ssaver.gob.mx\/administraciondepersonal\/wp-content\/uploads\/sites\/15\/2022\/11\/3.-ACTA-CONV-NUM-03_2022_SUTHCR.pdf\" target=\"_blank\">Acta-Convocatoria N\u00b003-2022 Hospital &#8211; SUTHRC<\/a><\/li>\n\n\n\n<li><a rel=\"noreferrer noopener\" href=\"https:\/\/www.ssaver.gob.mx\/administraciondepersonal\/wp-content\/uploads\/sites\/15\/2022\/11\/4.-ACTA-CONC-NUM-04_2022_SUTHCR.pdf\" target=\"_blank\">Acta-Convocatoria N\u00b004-2022 Hospital &#8211; SUTHRC<\/a><\/li>\n\n\n\n<li><a rel=\"noreferrer noopener\" href=\"https:\/\/www.ssaver.gob.mx\/administraciondepersonal\/wp-content\/uploads\/sites\/15\/2022\/11\/5.-ACTA-CONV-NUM-05_2022_SUTHCR.pdf\" target=\"_blank\">Acta-Convocatoria N\u00b005-2022 Hospital &#8211; SUTHRC<\/a><\/li>\n\n\n\n<li><a rel=\"noreferrer noopener\" href=\"https:\/\/www.ssaver.gob.mx\/administraciondepersonal\/wp-content\/uploads\/sites\/15\/2022\/11\/6.-ACTA-CON-NUM-06_2022__SUTHCR.pdf\" target=\"_blank\">Acta-Convocatoria N\u00b006-2022 Hospital &#8211; SUTHRC<\/a><\/li>\n\n\n\n<li><a rel=\"noreferrer noopener\" href=\"https:\/\/www.ssaver.gob.mx\/administraciondepersonal\/wp-content\/uploads\/sites\/15\/2022\/11\/17.-ACTA-CONV-NUM-02_2022_STSPEEV.pdf\" target=\"_blank\">Acta-Convocatoria N\u00b002-2022 Hospital &#8211; STSPEEV<\/a><\/li>\n\n\n\n<li><a rel=\"noreferrer noopener\" href=\"https:\/\/www.ssaver.gob.mx\/administraciondepersonal\/wp-content\/uploads\/sites\/15\/2022\/11\/23.-ACTA-CONV-NUM-10_2022_STSPEEV.pdf\" target=\"_blank\">Acta-Convocatoria N\u00b010-2022 Hospital &#8211; STSPEEV<\/a><\/li>\n\n\n\n<li><a href=\"https:\/\/www.ssaver.gob.mx\/administraciondepersonal\/wp-content\/uploads\/sites\/15\/2023\/06\/ACTA-CONV-NUM-11_2022_SUTHCR_2022.pdf\" target=\"_blank\" rel=\"noreferrer noopener\">Acta-Convocatoria N\u00b011-2022 Hospital &#8211; SUTHRC<\/a><\/li>\n\n\n\n<li><a href=\"https:\/\/www.ssaver.gob.mx\/administraciondepersonal\/wp-content\/uploads\/sites\/15\/2024\/06\/ACTA-CON-NUM-10_2022_SUTHCR_2022.pdf\">Acta Convocatoria N\u00b0 10 &#8211; 2022 Hospital \u2013 SUTHRC<\/a><\/li>\n\n\n\n<li><a href=\"https:\/\/www.ssaver.gob.mx\/administraciondepersonal\/wp-content\/uploads\/sites\/15\/2024\/12\/CON-NUM-05_06_2022_SECCION-26-SUR_00001_2023.pdf\">Convocatoria N\u00b0 05, 06- 2022 Hospital &#8211; Ofic. SRH\/00001\/2023 \u2013 SNTSA Secci\u00f3n 26 SUR<\/a><\/li>\n\n\n\n<li><a href=\"https:\/\/www.ssaver.gob.mx\/administraciondepersonal\/wp-content\/uploads\/sites\/15\/2024\/12\/CON-NUM-05_06_2022_SECCION-26-SUR_00001_2023.pdf\">Acta-Convocatoria N\u00b0 06 &#8211; 2022 Hospital \u2013 SNTSA Secci\u00f3n 26 &#8211; SUR<\/a><\/li>\n<\/ul>\n\n\n\n<p>Comunidad de Ixhuatl\u00e1n del Sureste<\/p>\n\n\n\n<p>Comunidad de Tonalapan<\/p>\n\n\n\n<p>Comunidad de Pedro Coronel P\u00e9rez<\/p>\n\n\n\n<p>Comunidad de Allende<\/p>\n\n\n\n<p>Hospital General de Cosoleacaque<\/p>\n","protected":false},"excerpt":{"rendered":"<p>CONVOCATORIA 2022 Oficina Central &#8211; Xalapa Jurisdicci\u00f3n Sanitaria No. I &#8211; P\u00e1nuco Hospital General de P\u00e1nuco \u00abDr. Manuel I. \u00c1vila\u00bb<\/p>\n","protected":false},"author":21,"featured_media":0,"parent":537,"menu_order":1,"comment_status":"closed","ping_status":"closed","template":"","meta":{"colormag_page_container_layout":"default_layout","colormag_page_sidebar_layout":"default_layout","footnotes":""},"class_list":["post-1204","page","type-page","status-publish","hentry"],"_links":{"self":[{"href":"https:\/\/www.ssaver.gob.mx\/administraciondepersonal\/wp-json\/wp\/v2\/pages\/1204","targetHints":{"allow":["GET"]}}],"collection":[{"href":"https:\/\/www.ssaver.gob.mx\/administraciondepersonal\/wp-json\/wp\/v2\/pages"}],"about":[{"href":"https:\/\/www.ssaver.gob.mx\/administraciondepersonal\/wp-json\/wp\/v2\/types\/page"}],"author":[{"embeddable":true,"href":"https:\/\/www.ssaver.gob.mx\/administraciondepersonal\/wp-json\/wp\/v2\/users\/21"}],"replies":[{"embeddable":true,"href":"https:\/\/www.ssaver.gob.mx\/administraciondepersonal\/wp-json\/wp\/v2\/comments?post=1204"}],"version-history":[{"count":61,"href":"https:\/\/www.ssaver.gob.mx\/administraciondepersonal\/wp-json\/wp\/v2\/pages\/1204\/revisions"}],"predecessor-version":[{"id":4168,"href":"https:\/\/www.ssaver.gob.mx\/administraciondepersonal\/wp-json\/wp\/v2\/pages\/1204\/revisions\/4168"}],"up":[{"embeddable":true,"href":"https:\/\/www.ssaver.gob.mx\/administraciondepersonal\/wp-json\/wp\/v2\/pages\/537"}],"wp:attachment":[{"href":"https:\/\/www.ssaver.gob.mx\/administraciondepersonal\/wp-json\/wp\/v2\/media?parent=1204"}],"curies":[{"name":"wp","href":"https:\/\/api.w.org\/{rel}","templated":true}]}}