{"id":1211,"date":"2023-01-12T14:18:47","date_gmt":"2023-01-12T20:18:47","guid":{"rendered":"https:\/\/www.ssaver.gob.mx\/administraciondepersonal\/?page_id=1211"},"modified":"2024-12-18T13:21:54","modified_gmt":"2024-12-18T19:21:54","slug":"2023-2","status":"publish","type":"page","link":"https:\/\/www.ssaver.gob.mx\/administraciondepersonal\/comision-central-mixta-de-escalafon\/2023-2\/","title":{"rendered":"Comisi\u00f3n Central Mixta de Escalaf\u00f3n 2023"},"content":{"rendered":"\n<hr class=\"wp-block-separator has-text-color has-alpha-channel-opacity has-background is-style-wide\" style=\"background-color:#d8bf31;color:#d8bf31\" \/>\n\n\n\n<p class=\"has-text-align-center has-white-color has-text-color has-background\" style=\"background-color:#9d861e;font-size:22px\"><strong>CONVOCATORIA<\/strong><\/p>\n\n\n\n<p class=\"has-text-align-center has-text-color\" style=\"color:#5b4c0d;font-size:22px\"><strong>2023<\/strong><\/p>\n\n\n\n<hr class=\"wp-block-separator has-text-color has-alpha-channel-opacity has-background is-style-wide\" style=\"background-color:#d8bf31;color:#d8bf31\" \/>\n\n\n\n<p><strong>Oficina Central &#8211; Xalapa<\/strong><\/p>\n\n\n\n<ul class=\"wp-block-list\">\n<li><a href=\"https:\/\/www.ssaver.gob.mx\/administraciondepersonal\/wp-content\/uploads\/sites\/15\/2023\/03\/CONV-NUM-02_2023_SETUSSV_DIRECCION-ADMINISTRATIVA.pdf\">Convocatoria N\u00b002-2023 Oficina Central &#8211; SETUSSV<\/a><\/li>\n<\/ul>\n\n\n\n<ul class=\"wp-block-list\">\n<li><a rel=\"noreferrer noopener\" href=\"https:\/\/www.ssaver.gob.mx\/administraciondepersonal\/wp-content\/uploads\/sites\/15\/2023\/03\/CONV-NUM-01_2023_SECCION-70_DIRECCION-ADMINISTRATIVA.pdf\" target=\"_blank\">Convocatorias N\u00b0 01 &#8211; 2023 \u2013 Oficina Central &#8211; SNTSA Secci\u00f3n 70<\/a><\/li>\n\n\n\n<li><a rel=\"noreferrer noopener\" href=\"https:\/\/www.ssaver.gob.mx\/administraciondepersonal\/wp-content\/uploads\/sites\/15\/2023\/03\/CONN-NUM-02_2023_SECCION-70_DIRECCION-ADMINISTRATIVA-.pdf\" target=\"_blank\">Convocatorias N\u00b0 02 &#8211; 2023 \u2013 Oficina Central &#8211; SNTSA Secci\u00f3n 70<\/a><\/li>\n\n\n\n<li><a href=\"https:\/\/www.ssaver.gob.mx\/administraciondepersonal\/wp-content\/uploads\/sites\/15\/2023\/03\/CONV-NUM-03_2023_SECCION-70_DIRECCION-ADMINISTRATIVA.pdf\" target=\"_blank\" rel=\"noreferrer noopener\">Convocatorias N\u00b0 03 &#8211; 2023 \u2013 Oficina Central &#8211; SNTSA Secci\u00f3n 70<\/a><\/li>\n\n\n\n<li><a href=\"https:\/\/www.ssaver.gob.mx\/administraciondepersonal\/wp-content\/uploads\/sites\/15\/2023\/03\/CONV-NUM-09_2023_SECCION-70_DIRECCION-DE-PROTECCION-CONTRA-RIESGOS-SANITARIOS.pdf\" target=\"_blank\" rel=\"noreferrer noopener\">Convocatorias N\u00b0 09\u2013 2023 \u2013 Oficina Central &#8211; SNTSA Secci\u00f3n 70<\/a><\/li>\n\n\n\n<li><a href=\"https:\/\/www.ssaver.gob.mx\/administraciondepersonal\/wp-content\/uploads\/sites\/15\/2023\/03\/CONV-NUM-10_2023_SECCION-70_DIRECCION-ADMINISTRATIVA.pdf\" target=\"_blank\" rel=\"noreferrer noopener\">Convocatorias N\u00b0 10 \u2013 2023 \u2013 Oficina Central &#8211; SNTSA Secci\u00f3n 70<\/a><\/li>\n\n\n\n<li><a href=\"https:\/\/www.ssaver.gob.mx\/administraciondepersonal\/wp-content\/uploads\/sites\/15\/2023\/03\/CONV-NUM-05_2023_SETSSV_DIRECCION-ADMINISTRATIVA.pdf\" target=\"_blank\" rel=\"noreferrer noopener\">Convocatorias N\u00b0 05 \u2013 2023 \u2013 Oficina Central &#8211; SETSSV<\/a><\/li>\n\n\n\n<li>C<a href=\"https:\/\/www.ssaver.gob.mx\/administraciondepersonal\/wp-content\/uploads\/sites\/15\/2023\/03\/CONV-NUM-13_2023_SETSSV_DIRECCION-DE-ATENCION-MEDICA.pdf\" target=\"_blank\" rel=\"noreferrer noopener\">onvocatorias N\u00b0 13 \u2013 2023 \u2013 Oficina Central &#8211; SETSSV<\/a><\/li>\n\n\n\n<li><a rel=\"noreferrer noopener\" href=\"https:\/\/www.ssaver.gob.mx\/administraciondepersonal\/wp-content\/uploads\/sites\/15\/2023\/03\/CONV-NUM-26_2023_SETSSV_DIRECCION-ADMINISTRATIVA.pdf\" target=\"_blank\">Convocatorias N\u00b0 26 \u2013 2023 \u2013 Oficina Central &#8211; SETSSV<\/a><\/li>\n\n\n\n<li><a href=\"https:\/\/www.ssaver.gob.mx\/administraciondepersonal\/wp-content\/uploads\/sites\/15\/2023\/03\/Convocatorias_N2_2019_Oficina_Central_CENTRO.pdf\" target=\"_blank\" rel=\"noreferrer noopener\">Convocatorias N\u00b0 2 \u2013 2019 \u2013 Oficina Central \u2013 CENTRO<\/a><\/li>\n\n\n\n<li><a rel=\"noreferrer noopener\" href=\"https:\/\/www.ssaver.gob.mx\/administraciondepersonal\/wp-content\/uploads\/sites\/15\/2023\/03\/Convocatorias_N3_2019_Oficina_Central_CENTRO.pdf\" target=\"_blank\">Convocatorias N\u00b0 3 \u2013 2019 \u2013 Oficina Central \u2013 CENTRO<\/a><\/li>\n\n\n\n<li><a rel=\"noreferrer noopener\" href=\"https:\/\/www.ssaver.gob.mx\/administraciondepersonal\/wp-content\/uploads\/sites\/15\/2023\/04\/CONV-NUM-14_2023_SETSSV_DIRECCION-ADMINISTRATIVA-.pdf\" target=\"_blank\">Convocatoria N\u00b0 14 \u2013 2023 \u2013 Oficina Central &#8211; SETSSV<\/a><\/li>\n\n\n\n<li><a href=\"https:\/\/www.ssaver.gob.mx\/administraciondepersonal\/wp-content\/uploads\/sites\/15\/2023\/05\/CONV-NUM-03_2023_SIEDIPEV_2023_DIRECCION-ADMINISTRATIVA-_2023.pdf\" target=\"_blank\" rel=\"noreferrer noopener\">Convocatoria N\u00b0 03 \u2013 2023 \u2013 Oficina Central &#8211; SIEDIPEV<\/a><\/li>\n\n\n\n<li><a href=\"https:\/\/www.ssaver.gob.mx\/administraciondepersonal\/wp-content\/uploads\/sites\/15\/2023\/05\/ACTA-CONV-NUM-05_2023_SETSSV_2023.pdf\" target=\"_blank\" rel=\"noreferrer noopener\">Acta-Convocatoria N\u00b005-2023 Oficina Central &#8211; SETSSV<\/a><\/li>\n\n\n\n<li><a rel=\"noreferrer noopener\" href=\"https:\/\/www.ssaver.gob.mx\/administraciondepersonal\/wp-content\/uploads\/sites\/15\/2023\/05\/ACTA-CONV-NUM-14_2023_SETSSV_2023.pdf\" target=\"_blank\">Acta-Convocatoria N\u00b014-2023 Oficina Central &#8211; SETSSV<\/a><\/li>\n\n\n\n<li><a href=\"https:\/\/www.ssaver.gob.mx\/administraciondepersonal\/wp-content\/uploads\/sites\/15\/2023\/06\/ACTA-CON-NUM-13_2023_SETSSV_2023.pdf\" target=\"_blank\" rel=\"noreferrer noopener\">Acta-Convocatoria N\u00b013-2023 Oficina Central &#8211; SETSSV<\/a><\/li>\n\n\n\n<li><a rel=\"noreferrer noopener\" href=\"https:\/\/www.ssaver.gob.mx\/administraciondepersonal\/wp-content\/uploads\/sites\/15\/2023\/06\/CONV-NUM-04_SETUSSV_2023_DIRECCION-ADMINISTRATIVA-.pdf\" target=\"_blank\">Convocatoria N\u00b004-2023 Oficina Central &#8211; SETUSSV<\/a><\/li>\n\n\n\n<li><a rel=\"noreferrer noopener\" href=\"https:\/\/www.ssaver.gob.mx\/administraciondepersonal\/wp-content\/uploads\/sites\/15\/2023\/06\/CONV-NUM-04_2023_SIEDIPEV_DIRECCION-ADMINISTRATIVA_2023.pdf\" target=\"_blank\">Convocatorias N\u00b0 04 \u2013 2023 \u2013 Oficina Central &#8211; SIEDIPEV<\/a><\/li>\n\n\n\n<li><a href=\"https:\/\/www.ssaver.gob.mx\/administraciondepersonal\/wp-content\/uploads\/sites\/15\/2023\/06\/CONV-NUM-40_2023_SETSSV_DIRECCION-ADMINISTRATIVA_2023.pdf\" target=\"_blank\" rel=\"noreferrer noopener\">Convocatoria N\u00b0 40 &#8211; 2023 Oficina Central\u2013 SETSSV<\/a><\/li>\n\n\n\n<li><a href=\"https:\/\/www.ssaver.gob.mx\/administraciondepersonal\/wp-content\/uploads\/sites\/15\/2023\/06\/CONV-NUM-41_2023_SETSSV_DIRECCION-ADMINISTRATIVA_2023.pdf\" target=\"_blank\" rel=\"noreferrer noopener\">Convocatoria N\u00b0 41 &#8211; 2023 Oficina Central\u2013 SETSSV<\/a><\/li>\n\n\n\n<li><a rel=\"noreferrer noopener\" href=\"https:\/\/www.ssaver.gob.mx\/administraciondepersonal\/wp-content\/uploads\/sites\/15\/2023\/06\/CONV-NUM-42_2023_SETSSV_DIRECCION-ADMINISTRATIVA_2023.pdf\" target=\"_blank\">Convocatoria N\u00b0 42 &#8211; 2023 Oficina Central\u2013 SETSSV<\/a><\/li>\n\n\n\n<li><a rel=\"noreferrer noopener\" href=\"https:\/\/www.ssaver.gob.mx\/administraciondepersonal\/wp-content\/uploads\/sites\/15\/2023\/07\/ACTA-CONV-NUM-09_2023_SECCION-70_2023.pdf\" target=\"_blank\">Acta Convocatoria N\u00b0 09 &#8211; 2023 Oficina Central \u2013 SNTSA Secci\u00f3n 70<\/a><\/li>\n\n\n\n<li><a href=\"https:\/\/www.ssaver.gob.mx\/administraciondepersonal\/wp-content\/uploads\/sites\/15\/2023\/08\/CONV-NUM-17_2023_SECCION-70_DIRECCION-ADMINISTRATIVA-.pdf\" data-type=\"link\" data-id=\"https:\/\/www.ssaver.gob.mx\/administraciondepersonal\/wp-content\/uploads\/sites\/15\/2023\/08\/CONV-NUM-17_2023_SECCION-70_DIRECCION-ADMINISTRATIVA-.pdf\">Convocatorias N\u00b0 17 \u2013 2023 \u2013 Oficina Central &#8211; SNTSA Secci\u00f3n 70<\/a><\/li>\n\n\n\n<li><a href=\"https:\/\/www.ssaver.gob.mx\/administraciondepersonal\/wp-content\/uploads\/sites\/15\/2023\/08\/CONV-NUM-18_2023_SECCION-70_DIRECCION-ADMINISTRATIVA.pdf\" data-type=\"link\" data-id=\"https:\/\/www.ssaver.gob.mx\/administraciondepersonal\/wp-content\/uploads\/sites\/15\/2023\/08\/CONV-NUM-18_2023_SECCION-70_DIRECCION-ADMINISTRATIVA.pdf\">Convocatorias N\u00b0 18 \u2013 2023 \u2013 Oficina Central &#8211; SNTSA Secci\u00f3n 70<\/a><\/li>\n\n\n\n<li><a href=\"https:\/\/www.ssaver.gob.mx\/administraciondepersonal\/wp-content\/uploads\/sites\/15\/2023\/08\/CONV-NUM-64_2023_SECCION-26-CENTRO_OFICINA-CENTRAL_2023.pdf\" data-type=\"link\" data-id=\"https:\/\/www.ssaver.gob.mx\/administraciondepersonal\/wp-content\/uploads\/sites\/15\/2023\/08\/CONV-NUM-64_2023_SECCION-26-CENTRO_OFICINA-CENTRAL_2023.pdf\">Convocatorias N\u00b0 64 \u2013 2023 \u2013 Oficina Central &#8211; SNTSA Secci\u00f3n 26 &#8211; CENTRO<\/a><\/li>\n\n\n\n<li><a href=\"https:\/\/www.ssaver.gob.mx\/administraciondepersonal\/wp-content\/uploads\/sites\/15\/2023\/08\/ACTA-CONV-NUM-04_2023_SIEDIPEV_2023.pdf\" data-type=\"link\" data-id=\"https:\/\/www.ssaver.gob.mx\/administraciondepersonal\/wp-content\/uploads\/sites\/15\/2023\/08\/ACTA-CONV-NUM-04_2023_SIEDIPEV_2023.pdf\">Acta Convocatoria N\u00b0 04 \u2013 2023 Oficina Central \u2013 SIEDIEPEV<\/a><\/li>\n\n\n\n<li><a href=\"https:\/\/www.ssaver.gob.mx\/administraciondepersonal\/wp-content\/uploads\/sites\/15\/2023\/08\/ACTA-CONV-NUM-02_2023_SETUSSV_2023.pdf\" data-type=\"link\" data-id=\"https:\/\/www.ssaver.gob.mx\/administraciondepersonal\/wp-content\/uploads\/sites\/15\/2023\/08\/ACTA-CONV-NUM-02_2023_SETUSSV_2023.pdf\">Acta Convocatoria N\u00b0 02 \u2013 2023 Oficina Central \u2013 SETUSSV<\/a><\/li>\n\n\n\n<li><a href=\"https:\/\/www.ssaver.gob.mx\/administraciondepersonal\/wp-content\/uploads\/sites\/15\/2023\/08\/CONV-NUM-16_2023_SECCION-70_OFICINA-CENTRAL_ALMACEN-ESTATAL_2023-.pdf\" data-type=\"link\" data-id=\"https:\/\/www.ssaver.gob.mx\/administraciondepersonal\/wp-content\/uploads\/sites\/15\/2023\/08\/CONV-NUM-16_2023_SECCION-70_OFICINA-CENTRAL_ALMACEN-ESTATAL_2023-.pdf\">Convocatorias N\u00b0 16 \u2013 2023 \u2013 Oficina Central &#8211; SNTSA Secci\u00f3n 70<\/a><\/li>\n\n\n\n<li><a href=\"https:\/\/www.ssaver.gob.mx\/administraciondepersonal\/wp-content\/uploads\/sites\/15\/2023\/08\/CONV-NUM-06_2023_SIEDIPEV_OFICINA-CENTRAL_2023.pdf\" data-type=\"link\" data-id=\"https:\/\/www.ssaver.gob.mx\/administraciondepersonal\/wp-content\/uploads\/sites\/15\/2023\/08\/CONV-NUM-06_2023_SIEDIPEV_OFICINA-CENTRAL_2023.pdf\">Convocatorias N\u00b0 06 \u2013 2023 \u2013 Oficina Central &#8211; SIEDIPEV<\/a><\/li>\n\n\n\n<li><a href=\"https:\/\/www.ssaver.gob.mx\/administraciondepersonal\/wp-content\/uploads\/sites\/15\/2023\/09\/ACTA-CONV-NUM-03_2023_SIEDIPEV_2023-.pdf\" data-type=\"link\" data-id=\"https:\/\/www.ssaver.gob.mx\/administraciondepersonal\/wp-content\/uploads\/sites\/15\/2023\/09\/ACTA-CONV-NUM-03_2023_SIEDIPEV_2023-.pdf\">Acta Convocatoria N\u00b0 03 &#8211; 2023 Oficina Central \u2013 SIEDIPEV<\/a><\/li>\n\n\n\n<li><a href=\"https:\/\/www.ssaver.gob.mx\/administraciondepersonal\/wp-content\/uploads\/sites\/15\/2023\/09\/CONV-NUM-20_2023_SECCION-70_DIRECCION-DE-ATENCION-MEDICA_2023.pdf\" data-type=\"link\" data-id=\"https:\/\/www.ssaver.gob.mx\/administraciondepersonal\/wp-content\/uploads\/sites\/15\/2023\/09\/CONV-NUM-20_2023_SECCION-70_DIRECCION-DE-ATENCION-MEDICA_2023.pdf\">Convocatorias N\u00b0 20 \u2013 2023 \u2013 Oficina Central &#8211; SNTSA Secci\u00f3n 70<\/a><\/li>\n\n\n\n<li><a href=\"https:\/\/www.ssaver.gob.mx\/administraciondepersonal\/wp-content\/uploads\/sites\/15\/2023\/09\/CONV-NUM-21_2023_SECCION-70_DIRECCION-DE-PROTECCION-CONTRA-RIESGOS-SANITARIOS_2023-.pdf\" data-type=\"link\" data-id=\"https:\/\/www.ssaver.gob.mx\/administraciondepersonal\/wp-content\/uploads\/sites\/15\/2023\/09\/CONV-NUM-21_2023_SECCION-70_DIRECCION-DE-PROTECCION-CONTRA-RIESGOS-SANITARIOS_2023-.pdf\">Convocatorias N\u00b0 21 \u2013 2023 \u2013 Oficina Central &#8211; SNTSA Secci\u00f3n 70<\/a><\/li>\n\n\n\n<li><a href=\"https:\/\/www.ssaver.gob.mx\/administraciondepersonal\/wp-content\/uploads\/sites\/15\/2023\/10\/ACTA-CONV-NUM-18_2023_SECCION-70_2023-.pdf\" data-type=\"link\" data-id=\"https:\/\/www.ssaver.gob.mx\/administraciondepersonal\/wp-content\/uploads\/sites\/15\/2023\/10\/ACTA-CONV-NUM-18_2023_SECCION-70_2023-.pdf\">Acta Convocatoria N\u00b0 18 &#8211; 2023 Oficina Central \u2013 SNTSA Secci\u00f3n 70<\/a><\/li>\n\n\n\n<li><a href=\"https:\/\/www.ssaver.gob.mx\/administraciondepersonal\/wp-content\/uploads\/sites\/15\/2023\/10\/ALCANCE-ACTA-CONV-NUM-40_2023_SETSSV_2023-.pdf\" data-type=\"link\" data-id=\"https:\/\/www.ssaver.gob.mx\/administraciondepersonal\/wp-content\/uploads\/sites\/15\/2023\/10\/ALCANCE-ACTA-CONV-NUM-40_2023_SETSSV_2023-.pdf\">ALCANCE Acta Convocatoria N\u00b0 40 &#8211; 2023 Oficina Central &#8211; SETSSV<\/a><\/li>\n\n\n\n<li><a href=\"https:\/\/www.ssaver.gob.mx\/administraciondepersonal\/wp-content\/uploads\/sites\/15\/2023\/10\/CONV-NUM-24_2023_SECCION-70_DIRECCION-DE-SALUD-PUBLICA_OFICINA-CENTRAL_2023-.pdf\" data-type=\"link\" data-id=\"https:\/\/www.ssaver.gob.mx\/administraciondepersonal\/wp-content\/uploads\/sites\/15\/2023\/10\/CONV-NUM-24_2023_SECCION-70_DIRECCION-DE-SALUD-PUBLICA_OFICINA-CENTRAL_2023-.pdf\">Convocatorias N\u00b0 24 \u2013 2023 \u2013 Oficina Central &#8211; SNTSA Secci\u00f3n 70<\/a><\/li>\n\n\n\n<li><a href=\"https:\/\/www.ssaver.gob.mx\/administraciondepersonal\/wp-content\/uploads\/sites\/15\/2023\/10\/CONV-NUM-25_2023_SECCION-70_2023-.pdf\" data-type=\"link\" data-id=\"https:\/\/www.ssaver.gob.mx\/administraciondepersonal\/wp-content\/uploads\/sites\/15\/2023\/10\/CONV-NUM-25_2023_SECCION-70_2023-.pdf\">Convocatorias N\u00b0 25-2023 \u2013 Oficina Central &#8211; SNTSA Secci\u00f3n 70<\/a><\/li>\n\n\n\n<li><a href=\"https:\/\/www.ssaver.gob.mx\/administraciondepersonal\/wp-content\/uploads\/sites\/15\/2023\/10\/CONV-NUM-11_2023_SECCION-70_DIRECCION-ADMINISTRATIVA_2023-.pdf\" data-type=\"link\" data-id=\"https:\/\/www.ssaver.gob.mx\/administraciondepersonal\/wp-content\/uploads\/sites\/15\/2023\/10\/CONV-NUM-11_2023_SECCION-70_DIRECCION-ADMINISTRATIVA_2023-.pdf\">Convocatorias N\u00b0 11-2023 \u2013 Oficina Central &#8211; SNTSA Secci\u00f3n 70<\/a><\/li>\n\n\n\n<li><a href=\"https:\/\/www.ssaver.gob.mx\/administraciondepersonal\/wp-content\/uploads\/sites\/15\/2023\/10\/ACTA-CONV-NUM-20_2023_SECCION-70_2023-.pdf\" data-type=\"link\" data-id=\"https:\/\/www.ssaver.gob.mx\/administraciondepersonal\/wp-content\/uploads\/sites\/15\/2023\/10\/ACTA-CONV-NUM-20_2023_SECCION-70_2023-.pdf\">Acta Convocatoria N\u00b0 20 &#8211; 2023 Oficina Central \u2013 SNTSA Secci\u00f3n 70<\/a><\/li>\n\n\n\n<li><a href=\"https:\/\/www.ssaver.gob.mx\/administraciondepersonal\/wp-content\/uploads\/sites\/15\/2023\/11\/CONV-NUM-46_SECCION-26-CENTRO_DIRECCION-DE-INFRAESTRUCTURA-DE-SALUD_2023-.pdf\" data-type=\"link\" data-id=\"https:\/\/www.ssaver.gob.mx\/administraciondepersonal\/wp-content\/uploads\/sites\/15\/2023\/11\/CONV-NUM-46_SECCION-26-CENTRO_DIRECCION-DE-INFRAESTRUCTURA-DE-SALUD_2023-.pdf\" target=\"_blank\" rel=\"noreferrer noopener\">Convocatorias N\u00b0 46 \u2013 2023 \u2013 Oficina Central &#8211; SNTSA Secci\u00f3n 26 \u2013 CENTRO<\/a><\/li>\n\n\n\n<li><a href=\"https:\/\/www.ssaver.gob.mx\/administraciondepersonal\/wp-content\/uploads\/sites\/15\/2023\/11\/CONV-NUM-48_SECCION-26-CENTRO_DIRECCION-ADMINISTRATIVA_2023-.pdf\" data-type=\"link\" data-id=\"https:\/\/www.ssaver.gob.mx\/administraciondepersonal\/wp-content\/uploads\/sites\/15\/2023\/11\/CONV-NUM-48_SECCION-26-CENTRO_DIRECCION-ADMINISTRATIVA_2023-.pdf\" target=\"_blank\" rel=\"noreferrer noopener\">Convocatorias N\u00b0 48 \u2013 2023 \u2013 Oficina Central &#8211; SNTSA Secci\u00f3n 26 &#8211; CENTRO<\/a><\/li>\n\n\n\n<li><a href=\"https:\/\/www.ssaver.gob.mx\/administraciondepersonal\/wp-content\/uploads\/sites\/15\/2023\/11\/CONV-NUM-51_SECCION-26-CENTRO_DIRECCION-ADMINISTRAIVA_2023-.pdf\" data-type=\"link\" data-id=\"https:\/\/www.ssaver.gob.mx\/administraciondepersonal\/wp-content\/uploads\/sites\/15\/2023\/11\/CONV-NUM-51_SECCION-26-CENTRO_DIRECCION-ADMINISTRAIVA_2023-.pdf\" target=\"_blank\" rel=\"noreferrer noopener\">Convocatorias N\u00b0 51 \u2013 2023 \u2013 Oficina Central &#8211; SNTSA Secci\u00f3n 26 &#8211; CENTRO<\/a><\/li>\n\n\n\n<li><a href=\"https:\/\/www.ssaver.gob.mx\/administraciondepersonal\/wp-content\/uploads\/sites\/15\/2023\/11\/CONV-NUM-58_SECCION-26-CENTRO_DIRECCION-ADMINISTRATIVA_2023-.pdf\" data-type=\"link\" data-id=\"https:\/\/www.ssaver.gob.mx\/administraciondepersonal\/wp-content\/uploads\/sites\/15\/2023\/11\/CONV-NUM-58_SECCION-26-CENTRO_DIRECCION-ADMINISTRATIVA_2023-.pdf\" target=\"_blank\" rel=\"noreferrer noopener\">Convocatorias N\u00b0 58 \u2013 2023 \u2013 Oficina Central &#8211; SNTSA Secci\u00f3n 26 &#8211; CENTRO<\/a><\/li>\n\n\n\n<li><a href=\"https:\/\/www.ssaver.gob.mx\/administraciondepersonal\/wp-content\/uploads\/sites\/15\/2023\/11\/CONV-NUM-63_SECCION-26-CENTRO_DIRECCION-DE-ATENCION-MEDICA_2023-.pdf\" data-type=\"link\" data-id=\"https:\/\/www.ssaver.gob.mx\/administraciondepersonal\/wp-content\/uploads\/sites\/15\/2023\/11\/CONV-NUM-63_SECCION-26-CENTRO_DIRECCION-DE-ATENCION-MEDICA_2023-.pdf\" target=\"_blank\" rel=\"noreferrer noopener\">Convocatorias N\u00b0 63 \u2013 2023 \u2013 Oficina Central &#8211; SNTSA Secci\u00f3n 26 &#8211; CENTRO<\/a><\/li>\n\n\n\n<li><a href=\"https:\/\/www.ssaver.gob.mx\/administraciondepersonal\/wp-content\/uploads\/sites\/15\/2023\/11\/CONV-NUM-129_SECCION-26-CENTRO_DIRECCION-DE-INFRAESTRUCTURA_2023-.pdf\" data-type=\"link\" data-id=\"https:\/\/www.ssaver.gob.mx\/administraciondepersonal\/wp-content\/uploads\/sites\/15\/2023\/11\/CONV-NUM-129_SECCION-26-CENTRO_DIRECCION-DE-INFRAESTRUCTURA_2023-.pdf\" target=\"_blank\" rel=\"noreferrer noopener\">Convocatorias N\u00b0 129 \u2013 2023 \u2013 Oficina Central &#8211; SNTSA Secci\u00f3n 26 &#8211; CENTRO<\/a><\/li>\n\n\n\n<li><a href=\"https:\/\/www.ssaver.gob.mx\/administraciondepersonal\/wp-content\/uploads\/sites\/15\/2023\/11\/CONV-NUM-131_SECCION-26-CENTRO_DIRECCION-GENERAL_2023-.pdf\" data-type=\"link\" data-id=\"https:\/\/www.ssaver.gob.mx\/administraciondepersonal\/wp-content\/uploads\/sites\/15\/2023\/11\/CONV-NUM-131_SECCION-26-CENTRO_DIRECCION-GENERAL_2023-.pdf\" target=\"_blank\" rel=\"noreferrer noopener\">Convocatorias N\u00b0 131 \u2013 2023 \u2013 Oficina Central &#8211; SNTSA Secci\u00f3n 26 &#8211; CENTRO<\/a><\/li>\n\n\n\n<li><a href=\"https:\/\/www.ssaver.gob.mx\/administraciondepersonal\/wp-content\/uploads\/sites\/15\/2023\/11\/CONV-NUM-132_SECCION-26-CENTRO_DIRECCION-DE-INFRAESTRUCTURA-DE-SALUD_2023-.pdf\" data-type=\"link\" data-id=\"https:\/\/www.ssaver.gob.mx\/administraciondepersonal\/wp-content\/uploads\/sites\/15\/2023\/11\/CONV-NUM-132_SECCION-26-CENTRO_DIRECCION-DE-INFRAESTRUCTURA-DE-SALUD_2023-.pdf\" target=\"_blank\" rel=\"noreferrer noopener\">Convocatorias N\u00b0 132 \u2013 2023 \u2013 Oficina Central &#8211; SNTSA Secci\u00f3n 26 &#8211; CENTRO<\/a><\/li>\n\n\n\n<li><a href=\"https:\/\/www.ssaver.gob.mx\/administraciondepersonal\/wp-content\/uploads\/sites\/15\/2023\/11\/CONV-NUM-133_SECCION-26-CENTRO_DIRECCION-ADMINISTRATIVA_2023-.pdf\" data-type=\"link\" data-id=\"https:\/\/www.ssaver.gob.mx\/administraciondepersonal\/wp-content\/uploads\/sites\/15\/2023\/11\/CONV-NUM-133_SECCION-26-CENTRO_DIRECCION-ADMINISTRATIVA_2023-.pdf\" target=\"_blank\" rel=\"noreferrer noopener\">Convocatorias N\u00b0 133 \u2013 2023 \u2013 Oficina Central &#8211; SNTSA Secci\u00f3n 26 &#8211; CENTRO<\/a><\/li>\n\n\n\n<li><a href=\"https:\/\/www.ssaver.gob.mx\/administraciondepersonal\/wp-content\/uploads\/sites\/15\/2023\/11\/CONV-NUM-134_SECCION-26-CENTRO_DIRECCION-DE-INFRAESTRUCTURA-DE-SALUD_2023-.pdf\" data-type=\"link\" data-id=\"https:\/\/www.ssaver.gob.mx\/administraciondepersonal\/wp-content\/uploads\/sites\/15\/2023\/11\/CONV-NUM-134_SECCION-26-CENTRO_DIRECCION-DE-INFRAESTRUCTURA-DE-SALUD_2023-.pdf\" target=\"_blank\" rel=\"noreferrer noopener\">Convocatorias N\u00b0 134 \u2013 2023 \u2013 Oficina Central &#8211; SNTSA Secci\u00f3n 26 &#8211; CENTRO<\/a><\/li>\n\n\n\n<li><a href=\"https:\/\/www.ssaver.gob.mx\/administraciondepersonal\/wp-content\/uploads\/sites\/15\/2023\/11\/CONV-NUM-135_SECCION-26-CENTRO_DIRECCION-ADMINISTRATIVA_2023-.pdf\" data-type=\"link\" data-id=\"https:\/\/www.ssaver.gob.mx\/administraciondepersonal\/wp-content\/uploads\/sites\/15\/2023\/11\/CONV-NUM-135_SECCION-26-CENTRO_DIRECCION-ADMINISTRATIVA_2023-.pdf\" target=\"_blank\" rel=\"noreferrer noopener\">Convocatorias N\u00b0 135 \u2013 2023 \u2013 Oficina Central &#8211; SNTSA Secci\u00f3n 26 &#8211; CENTRO<\/a><\/li>\n\n\n\n<li><a href=\"https:\/\/www.ssaver.gob.mx\/administraciondepersonal\/wp-content\/uploads\/sites\/15\/2023\/11\/CONV-NUM-136_SECCION-26-CENTRO_DIRECCION-DE-ATENCION-MEDICA_2023-.pdf\" data-type=\"link\" data-id=\"https:\/\/www.ssaver.gob.mx\/administraciondepersonal\/wp-content\/uploads\/sites\/15\/2023\/11\/CONV-NUM-136_SECCION-26-CENTRO_DIRECCION-DE-ATENCION-MEDICA_2023-.pdf\" target=\"_blank\" rel=\"noreferrer noopener\">Convocatorias N\u00b0 136 \u2013 2023 \u2013 Oficina Central &#8211; SNTSA Secci\u00f3n 26 &#8211; CENTRO<\/a><\/li>\n\n\n\n<li><a href=\"https:\/\/www.ssaver.gob.mx\/administraciondepersonal\/wp-content\/uploads\/sites\/15\/2023\/11\/CONV-NUM-137_SECCION-26-CENTRO_DIRECCION-ADMINISTRATIVA_2023-.pdf\" data-type=\"link\" data-id=\"https:\/\/www.ssaver.gob.mx\/administraciondepersonal\/wp-content\/uploads\/sites\/15\/2023\/11\/CONV-NUM-137_SECCION-26-CENTRO_DIRECCION-ADMINISTRATIVA_2023-.pdf\" target=\"_blank\" rel=\"noreferrer noopener\">Convocatorias N\u00b0 137 \u2013 2023 \u2013 Oficina Central &#8211; SNTSA Secci\u00f3n 26 &#8211; CENTRO<\/a><\/li>\n\n\n\n<li><a href=\"https:\/\/www.ssaver.gob.mx\/administraciondepersonal\/wp-content\/uploads\/sites\/15\/2023\/11\/CONV-NUM-138_SECCION-26-CENTRO_DIRECCION-ADMINISTRATIVA_2023-.pdf\" data-type=\"link\" data-id=\"https:\/\/www.ssaver.gob.mx\/administraciondepersonal\/wp-content\/uploads\/sites\/15\/2023\/11\/CONV-NUM-138_SECCION-26-CENTRO_DIRECCION-ADMINISTRATIVA_2023-.pdf\" target=\"_blank\" rel=\"noreferrer noopener\">Convocatorias N\u00b0 138 \u2013 2023 \u2013 Oficina Central &#8211; SNTSA Secci\u00f3n 26 &#8211; CENTRO<\/a><\/li>\n\n\n\n<li><a href=\"https:\/\/www.ssaver.gob.mx\/administraciondepersonal\/wp-content\/uploads\/sites\/15\/2023\/11\/CONV-NUM-139_SECCION-26-CENTRO_DIRECCION-ADMINISTRATIVA_2023-.pdf\" data-type=\"link\" data-id=\"https:\/\/www.ssaver.gob.mx\/administraciondepersonal\/wp-content\/uploads\/sites\/15\/2023\/11\/CONV-NUM-139_SECCION-26-CENTRO_DIRECCION-ADMINISTRATIVA_2023-.pdf\" target=\"_blank\" rel=\"noreferrer noopener\">Convocatorias N\u00b0 139 \u2013 2023 \u2013 Oficina Central &#8211; SNTSA Secci\u00f3n 26 &#8211; CENTRO<\/a><\/li>\n\n\n\n<li><a href=\"https:\/\/www.ssaver.gob.mx\/administraciondepersonal\/wp-content\/uploads\/sites\/15\/2023\/11\/CONV-NUM-141_SECCION-26-CENTRO_DIRECCION-ADMINISTRATIVA_2023-.pdf\" data-type=\"link\" data-id=\"https:\/\/www.ssaver.gob.mx\/administraciondepersonal\/wp-content\/uploads\/sites\/15\/2023\/11\/CONV-NUM-141_SECCION-26-CENTRO_DIRECCION-ADMINISTRATIVA_2023-.pdf\" target=\"_blank\" rel=\"noreferrer noopener\">Convocatorias N\u00b0 141 \u2013 2023 \u2013 Oficina Central &#8211; SNTSA Secci\u00f3n 26 &#8211; CENTRO<\/a><\/li>\n\n\n\n<li><a href=\"https:\/\/www.ssaver.gob.mx\/administraciondepersonal\/wp-content\/uploads\/sites\/15\/2023\/11\/CONV-NUM-142_SECCION-26-CENTRO_DIRECCION-ADMINISTRATIVA_2023.pdf\" data-type=\"link\" data-id=\"https:\/\/www.ssaver.gob.mx\/administraciondepersonal\/wp-content\/uploads\/sites\/15\/2023\/11\/CONV-NUM-142_SECCION-26-CENTRO_DIRECCION-ADMINISTRATIVA_2023.pdf\" target=\"_blank\" rel=\"noreferrer noopener\">Convocatorias N\u00b0 142 \u2013 2023 \u2013 Oficina Central &#8211; SNTSA Secci\u00f3n 26 &#8211; CENTRO<\/a><\/li>\n\n\n\n<li><a href=\"https:\/\/www.ssaver.gob.mx\/administraciondepersonal\/wp-content\/uploads\/sites\/15\/2023\/11\/CONV-NUM-143_SECCION-26-CENTRO_DIRECCION-DE-PLANEACION-Y-DESARROLLO_2023-.pdf\" data-type=\"link\" data-id=\"https:\/\/www.ssaver.gob.mx\/administraciondepersonal\/wp-content\/uploads\/sites\/15\/2023\/11\/CONV-NUM-143_SECCION-26-CENTRO_DIRECCION-DE-PLANEACION-Y-DESARROLLO_2023-.pdf\" target=\"_blank\" rel=\"noreferrer noopener\">Convocatorias N\u00b0 143 \u2013 2023 \u2013 Oficina Central &#8211; SNTSA Secci\u00f3n 26 &#8211; CENTRO<\/a><\/li>\n\n\n\n<li><a href=\"https:\/\/www.ssaver.gob.mx\/administraciondepersonal\/wp-content\/uploads\/sites\/15\/2023\/11\/CONV-NUM-147_SECCION-26-CENTRO_DIRECCION-DE-ATENCION-MEDICA_2023-.pdf\" data-type=\"link\" data-id=\"https:\/\/www.ssaver.gob.mx\/administraciondepersonal\/wp-content\/uploads\/sites\/15\/2023\/11\/CONV-NUM-147_SECCION-26-CENTRO_DIRECCION-DE-ATENCION-MEDICA_2023-.pdf\" target=\"_blank\" rel=\"noreferrer noopener\">Convocatorias N\u00b0 147 \u2013 2023 \u2013 Oficina Central &#8211; SNTSA Secci\u00f3n 26 &#8211; CENTRO<\/a><\/li>\n\n\n\n<li><a href=\"https:\/\/www.ssaver.gob.mx\/administraciondepersonal\/wp-content\/uploads\/sites\/15\/2023\/11\/CONV-NUM-153_SECCION-26-CENTRO_DIRECCION-ADMINISTRATIVA_2023-.pdf\" data-type=\"link\" data-id=\"https:\/\/www.ssaver.gob.mx\/administraciondepersonal\/wp-content\/uploads\/sites\/15\/2023\/11\/CONV-NUM-153_SECCION-26-CENTRO_DIRECCION-ADMINISTRATIVA_2023-.pdf\" target=\"_blank\" rel=\"noreferrer noopener\">Convocatorias N\u00b0 153 \u2013 2023 \u2013 Oficina Central &#8211; SNTSA Secci\u00f3n 26 &#8211; CENTRO<\/a><\/li>\n\n\n\n<li><a href=\"https:\/\/www.ssaver.gob.mx\/administraciondepersonal\/wp-content\/uploads\/sites\/15\/2023\/11\/CONV-NUM-155_SECCION-26-CENTRO_DIRECCION-ADMINISTRATIVA_2023-.pdf\" data-type=\"link\" data-id=\"https:\/\/www.ssaver.gob.mx\/administraciondepersonal\/wp-content\/uploads\/sites\/15\/2023\/11\/CONV-NUM-155_SECCION-26-CENTRO_DIRECCION-ADMINISTRATIVA_2023-.pdf\" target=\"_blank\" rel=\"noreferrer noopener\">Convocatorias N\u00b0 155 \u2013 2023 \u2013 Oficina Central &#8211; SNTSA Secci\u00f3n 26 &#8211; CENTRO<\/a><\/li>\n\n\n\n<li><a href=\"https:\/\/www.ssaver.gob.mx\/administraciondepersonal\/wp-content\/uploads\/sites\/15\/2023\/11\/CONV-NUM-157_2023_SECCION-26-CENTRO_DIRECCION-DE-INFRAESTRUCTURA-DE-SALUD_2023-.pdf\" data-type=\"link\" data-id=\"https:\/\/www.ssaver.gob.mx\/administraciondepersonal\/wp-content\/uploads\/sites\/15\/2023\/11\/CONV-NUM-157_2023_SECCION-26-CENTRO_DIRECCION-DE-INFRAESTRUCTURA-DE-SALUD_2023-.pdf\" target=\"_blank\" rel=\"noreferrer noopener\">Convocatorias N\u00b0 157 \u2013 2023 \u2013 Oficina Central &#8211; SNTSA Secci\u00f3n 26 &#8211; CENTRO<\/a><\/li>\n\n\n\n<li><a href=\"https:\/\/www.ssaver.gob.mx\/administraciondepersonal\/wp-content\/uploads\/sites\/15\/2023\/11\/CONV-NUM-26_2023_SECCION-70_DIRECCION-ADMINISTRATIVA-.pdf\" data-type=\"link\" data-id=\"https:\/\/www.ssaver.gob.mx\/administraciondepersonal\/wp-content\/uploads\/sites\/15\/2023\/11\/CONV-NUM-26_2023_SECCION-70_DIRECCION-ADMINISTRATIVA-.pdf\">Convocatoria N\u00b0 26 &#8211; 2023 Oficina Central &#8211; SNTSA Secci\u00f3n 70<\/a><\/li>\n\n\n\n<li><a href=\"https:\/\/www.ssaver.gob.mx\/administraciondepersonal\/wp-content\/uploads\/sites\/15\/2023\/11\/CONV-NUM-27_2023_SECCION-70_DIRECCION-ADMINISTRATIVA-.pdf\" data-type=\"link\" data-id=\"https:\/\/www.ssaver.gob.mx\/administraciondepersonal\/wp-content\/uploads\/sites\/15\/2023\/11\/CONV-NUM-27_2023_SECCION-70_DIRECCION-ADMINISTRATIVA-.pdf\">Convocatoria N\u00b0 27 &#8211; 2023 Oficina Central &#8211; SNTSA Secci\u00f3n 70<\/a><\/li>\n\n\n\n<li><a href=\"https:\/\/www.ssaver.gob.mx\/administraciondepersonal\/wp-content\/uploads\/sites\/15\/2023\/11\/ACTA-CONV-NUM-21_2023_SECCION-70_2023-.pdf\" data-type=\"link\" data-id=\"https:\/\/www.ssaver.gob.mx\/administraciondepersonal\/wp-content\/uploads\/sites\/15\/2023\/11\/ACTA-CONV-NUM-21_2023_SECCION-70_2023-.pdf\">Acta-Convocatoria N\u00b0 21 \u2013 2023 Oficina Central \u2013 SNTSA Secci\u00f3n 70<\/a><\/li>\n\n\n\n<li><a href=\"https:\/\/www.ssaver.gob.mx\/administraciondepersonal\/wp-content\/uploads\/sites\/15\/2023\/12\/ACTA-CONV-NUM-16_2023_SECCION-70_2023-.pdf\" data-type=\"link\" data-id=\"https:\/\/www.ssaver.gob.mx\/administraciondepersonal\/wp-content\/uploads\/sites\/15\/2023\/12\/ACTA-CONV-NUM-16_2023_SECCION-70_2023-.pdf\" target=\"_blank\" rel=\"noreferrer noopener\">Acta-Convocatoria N\u00b0 16 \u2013 2023 Oficina Central \u2013 SNTSA Secci\u00f3n 70<\/a><\/li>\n\n\n\n<li><a href=\"https:\/\/www.ssaver.gob.mx\/administraciondepersonal\/wp-content\/uploads\/sites\/15\/2023\/12\/ACTA-CONV-NUM-25_2023_SECCION-70_2023-.pdf\" data-type=\"link\" data-id=\"https:\/\/www.ssaver.gob.mx\/administraciondepersonal\/wp-content\/uploads\/sites\/15\/2023\/12\/ACTA-CONV-NUM-25_2023_SECCION-70_2023-.pdf\" target=\"_blank\" rel=\"noreferrer noopener\">Acta-Convocatoria N\u00b0 25 \u2013 2023 Oficina Central \u2013 SNTSA Secci\u00f3n 70<\/a><\/li>\n\n\n\n<li><a href=\"https:\/\/www.ssaver.gob.mx\/administraciondepersonal\/wp-content\/uploads\/sites\/15\/2024\/01\/ACTA-CONV-NUM-06_2023_SIEDIPEV_2023-.pdf\">Acta-Convocatoria N\u00b0 06-2023 Oficina Central \u2013 SIEDIPEV<\/a><\/li>\n\n\n\n<li><a href=\"https:\/\/www.ssaver.gob.mx\/administraciondepersonal\/wp-content\/uploads\/sites\/15\/2024\/01\/CONV-NUM-07_2023_SIEDIPEV_ALMACEN-ESTATAL_OFICINA-CENTRAL_2023-.pdf\">Convocatorias N\u00b0 07 \u2013 2023 \u2013 Oficina Central &#8211; \u2013 SIEDIPEV<\/a><\/li>\n\n\n\n<li><a href=\"https:\/\/www.ssaver.gob.mx\/administraciondepersonal\/wp-content\/uploads\/sites\/15\/2024\/01\/ACTA-CONV-NUM-04_2023_SETUSSV_2023-.pdf\">Acta Convocatoria N\u00b0 04 &#8211; 2023 Oficina Central &#8211; SETUSSV<\/a><\/li>\n\n\n\n<li><a href=\"https:\/\/www.ssaver.gob.mx\/administraciondepersonal\/wp-content\/uploads\/sites\/15\/2024\/01\/ACTA-CONV-NUM-26_2023_SECCION-70_2023-.pdf\">Acta Convocatoria N\u00b0 26 &#8211; 2023 Oficina Central &#8211; SNTSA Secci\u00f3n 70<\/a><\/li>\n\n\n\n<li><a href=\"https:\/\/www.ssaver.gob.mx\/administraciondepersonal\/wp-content\/uploads\/sites\/15\/2024\/01\/ACTA-CONV-NUM-27_2023_SECCION-70_2023-.pdf\">Acta Convocatoria N\u00b0 27 &#8211; 2023 Oficina Central &#8211; SNTSA Secci\u00f3n 70<\/a><\/li>\n\n\n\n<li><a href=\"https:\/\/www.ssaver.gob.mx\/administraciondepersonal\/wp-content\/uploads\/sites\/15\/2024\/01\/ACTA-CONV-NUM-11_2023_SECCION-70_2023-.pdf\">Acta Convocatoria N\u00b0 11 &#8211; 2023 Oficina Central \u2013 SNTSA Secci\u00f3n 70<\/a><\/li>\n\n\n\n<li><a href=\"https:\/\/www.ssaver.gob.mx\/administraciondepersonal\/wp-content\/uploads\/sites\/15\/2024\/04\/ACTA-CONV-NUM-07_2023-SIEDIPEV.pdf\">Acta Convocatoria N\u00b0 07 \u2013 2023 &#8211; Oficina Central &#8211; SIEDIPEV<\/a><\/li>\n\n\n\n<li><a href=\"https:\/\/www.ssaver.gob.mx\/administraciondepersonal\/wp-content\/uploads\/sites\/15\/2024\/04\/CONV-NUM-127_2023_SECCION-26-CENTRO_DIRECCION-ADMINISTRATIVA_2023-.pdf\">Convocatoria N\u00b0 127 \u2013 2023 \u2013 Oficina Central &#8211; SNTSA Secci\u00f3n 26 CENTRO<\/a><\/li>\n\n\n\n<li><a href=\"https:\/\/www.ssaver.gob.mx\/administraciondepersonal\/wp-content\/uploads\/sites\/15\/2024\/04\/ACTA-CONV-NUM-127_2023_SECCION-26-CENTRO_2023-.pdf\">Acta Convocatoria N\u00b0 127 \u2013 2023 \u2013 Oficina Central &#8211; SNTSA Secci\u00f3n 26 CENTRO<\/a><\/li>\n\n\n\n<li><a href=\"https:\/\/www.ssaver.gob.mx\/administraciondepersonal\/wp-content\/uploads\/sites\/15\/2024\/04\/CONV-NUM-57_2023_SECCION-26-CENTRO_2023-.pdf\">Convocatoria N\u00b0 57 \u2013 2023 \u2013 Oficina Central &#8211; SNTSA Secci\u00f3n 26 CENTRO<\/a><\/li>\n\n\n\n<li><a href=\"https:\/\/www.ssaver.gob.mx\/administraciondepersonal\/wp-content\/uploads\/sites\/15\/2024\/04\/ACTA-CONV-NUM-57_2023_SECCION-26-CENTRO_2023-.pdf\">Acta Convocatoria N\u00b0 57 \u2013 2023 \u2013 Oficina Central &#8211; SNTSA Secci\u00f3n 26 CENTRO<\/a><\/li>\n\n\n\n<li><a href=\"https:\/\/www.ssaver.gob.mx\/administraciondepersonal\/wp-content\/uploads\/sites\/15\/2024\/04\/CONV-NUM-108_2023_SECCION-26-CENTRO_2023-.pdf\">Convocatoria N\u00b0 108 \u2013 2023 \u2013 Oficina Central &#8211; SNTSA Secci\u00f3n 26 CENTRO<\/a><\/li>\n\n\n\n<li><a href=\"https:\/\/www.ssaver.gob.mx\/administraciondepersonal\/wp-content\/uploads\/sites\/15\/2024\/04\/ACTA-CONV-NUM-108_2023_SECCION-26-CENTRO_2023-.pdf\">Acta Convocatoria N\u00b0 108 \u2013 2023 \u2013 Oficina Central &#8211; SNTSA Secci\u00f3n 26 CENTRO<\/a><\/li>\n\n\n\n<li><a href=\"https:\/\/www.ssaver.gob.mx\/administraciondepersonal\/wp-content\/uploads\/sites\/15\/2024\/04\/CONV-NUM-112_2023_SECCION-26-CENTRO_20223-.pdf\">Convocatoria N\u00b0 112 \u2013 2023 \u2013 Oficina Central &#8211; SNTSA Secci\u00f3n 26 CENTRO<\/a><\/li>\n\n\n\n<li><a href=\"https:\/\/www.ssaver.gob.mx\/administraciondepersonal\/wp-content\/uploads\/sites\/15\/2024\/04\/ACTA-CONV-NUM-112_2023_SECCION-26-CENTRO_2023-.pdf\">Acta Convocatoria N\u00b0 112 \u2013 2023 \u2013 Oficina Central &#8211; SNTSA Secci\u00f3n 26 CENTRO<\/a><\/li>\n\n\n\n<li><a href=\"https:\/\/www.ssaver.gob.mx\/administraciondepersonal\/wp-content\/uploads\/sites\/15\/2024\/04\/CONV-NUM-121_2023_SECCION-26-CENTRO_2023-.pdf\">Convocatoria N\u00b0 121 \u2013 2023 \u2013 Oficina Central &#8211; SNTSA Secci\u00f3n 26 CENTRO<\/a><\/li>\n\n\n\n<li><a href=\"https:\/\/www.ssaver.gob.mx\/administraciondepersonal\/wp-content\/uploads\/sites\/15\/2024\/04\/ACTA-CONV-NUM-121_2023_SECCION-26-CENTRO_2023-.pdf\">Acta Convocatoria N\u00b0 121 \u2013 2023 \u2013 Oficina Central &#8211; SNTSA Secci\u00f3n 26 CENTRO<\/a><\/li>\n\n\n\n<li><a href=\"https:\/\/www.ssaver.gob.mx\/administraciondepersonal\/wp-content\/uploads\/sites\/15\/2024\/04\/CONV-NUM-122_2023_SECCION-26-CENTRO_DIRECCION-ADMINISTRATIVA_2023.pdf\">Convocatoria N\u00b0 122 \u2013 2023 \u2013 Oficina Central &#8211; SNTSA Secci\u00f3n 26 CENTRO<\/a><\/li>\n\n\n\n<li><a href=\"https:\/\/www.ssaver.gob.mx\/administraciondepersonal\/wp-content\/uploads\/sites\/15\/2024\/04\/ACTA-CONV-NUM-122_2023_SECCION-26-CENTRO_2023-.pdf\">Acta Convocatoria N\u00b0 122 \u2013 2023 \u2013 Oficina Central &#8211; SNTSA Secci\u00f3n 26 CENTRO<\/a><\/li>\n\n\n\n<li><a href=\"https:\/\/www.ssaver.gob.mx\/administraciondepersonal\/wp-content\/uploads\/sites\/15\/2024\/04\/CONV-NUM-126_2023_SECCION-26-CENTRO_2023-.pdf\">Convocatoria N\u00b0 126 \u2013 2023 \u2013 Oficina Central &#8211; SNTSA Secci\u00f3n 26 CENTRO<\/a><\/li>\n\n\n\n<li><a href=\"https:\/\/www.ssaver.gob.mx\/administraciondepersonal\/wp-content\/uploads\/sites\/15\/2024\/04\/ACTA-CONV-NUM-126_2023_SECCION-26-CENTRO_2023-.pdf\">Acta Convocatoria N\u00b0 126 \u2013 2023 \u2013 Oficina Central &#8211; SNTSA Secci\u00f3n 26 CENTRO<\/a><\/li>\n\n\n\n<li><a href=\"https:\/\/www.ssaver.gob.mx\/administraciondepersonal\/wp-content\/uploads\/sites\/15\/2024\/04\/CONV-NUM-146_2023_SECCION-26-CENTRO_DIRECCION-ADMINISTRATIVA_2023-.pdf\">Convocatoria N\u00b0 146 \u2013 2023 \u2013 Oficina Central &#8211; SNTSA Secci\u00f3n 26 CENTRO<\/a><\/li>\n\n\n\n<li><a href=\"https:\/\/www.ssaver.gob.mx\/administraciondepersonal\/wp-content\/uploads\/sites\/15\/2024\/04\/ACTA-CONV-NUM-146_2023_SECCION-26-CENTRO_2023-.pdf\">Acta Convocatoria N\u00b0 146 \u2013 2023 \u2013 Oficina Central &#8211; SNTSA Secci\u00f3n 26 CENTRO<\/a><\/li>\n\n\n\n<li><a href=\"https:\/\/www.ssaver.gob.mx\/administraciondepersonal\/wp-content\/uploads\/sites\/15\/2024\/05\/ACTA-CONV-NUM-129_2023_SECCION-26-CENTRO_2023.pdf\">Acta Convocatoria N\u00b0 129 \u2013 2023 \u2013 Oficina Central \u2013 SNTSA Secci\u00f3n 26 CENTRO<\/a><\/li>\n\n\n\n<li><a href=\"https:\/\/www.ssaver.gob.mx\/administraciondepersonal\/wp-content\/uploads\/sites\/15\/2024\/05\/ACTA-CONV-NUM-132_2023_SECCION-26-CENTRO_2023.pdf\">Acta Convocatoria N\u00b0 132 \u2013 2023 \u2013 Oficina Central \u2013 SNTSA Secci\u00f3n 26 CENTRO<\/a><\/li>\n\n\n\n<li><a href=\"https:\/\/www.ssaver.gob.mx\/administraciondepersonal\/wp-content\/uploads\/sites\/15\/2024\/05\/ACTA-CONV-NUM-133_2023_SECCION-26-CENTRO_2023.pdf\">Acta Convocatoria N\u00b0 133 \u2013 2023 \u2013 Oficina Central \u2013 SNTSA Secci\u00f3n 26 CENTRO<\/a><\/li>\n\n\n\n<li><a href=\"https:\/\/www.ssaver.gob.mx\/administraciondepersonal\/wp-content\/uploads\/sites\/15\/2024\/05\/ACTA-CONV-NUM-134_2023_SECCION-26-CENTRO_2023.pdf\">Acta Convocatoria N\u00b0 134 \u2013 2023 \u2013 Oficina Central \u2013 SNTSA Secci\u00f3n 26 CENTRO<\/a><\/li>\n\n\n\n<li><a href=\"https:\/\/www.ssaver.gob.mx\/administraciondepersonal\/wp-content\/uploads\/sites\/15\/2024\/05\/ACTA-CONV-NUM-136_2023_SECCION-26-CENTRO_2023.pdf\">Acta Convocatoria N\u00b0 136 \u2013 2023 \u2013 Oficina Central \u2013 SNTSA Secci\u00f3n 26 CENTRO<\/a><\/li>\n\n\n\n<li><a href=\"https:\/\/www.ssaver.gob.mx\/administraciondepersonal\/wp-content\/uploads\/sites\/15\/2024\/05\/ACTA-CONV-NUM-139_2023_SECCION-26-CENTRO_2023.pdf\">Acta Convocatoria N\u00b0 139 \u2013 2023 \u2013 Oficina Central \u2013 SNTSA Secci\u00f3n 26 CENTRO<\/a><\/li>\n\n\n\n<li><a href=\"https:\/\/www.ssaver.gob.mx\/administraciondepersonal\/wp-content\/uploads\/sites\/15\/2024\/05\/ACTA-CONV-NUM-147_2023_SECCION-26-CENTRO_2023.pdf\">Acta Convocatoria N\u00b0 147 \u2013 2023 \u2013 Oficina Central \u2013 SNTSA Secci\u00f3n 26 CENTRO<\/a><\/li>\n\n\n\n<li><a href=\"https:\/\/www.ssaver.gob.mx\/administraciondepersonal\/wp-content\/uploads\/sites\/15\/2024\/05\/ACTA-CONV-NUM-155_2023_SECCION-26-CENTRO_2023-.pdf\">Acta Convocatoria N\u00b0 155 \u2013 2023\u2013 Oficina Central \u2013 SNTSA Secci\u00f3n 26 CENTRO<\/a><\/li>\n\n\n\n<li><a href=\"https:\/\/www.ssaver.gob.mx\/administraciondepersonal\/wp-content\/uploads\/sites\/15\/2024\/05\/ACTA-CONV-NUM-157_2023_SECCION-26-CENTRO_2023.pdf\">Acta Convocatoria N\u00b0 157 \u2013 2023 \u2013 Oficina Central \u2013 SNTSA Secci\u00f3n 26 CENTRO<\/a><\/li>\n\n\n\n<li><a href=\"https:\/\/www.ssaver.gob.mx\/administraciondepersonal\/wp-content\/uploads\/sites\/15\/2024\/05\/ACTA-CONV-NUM-135_2023_SECCION-26-CENTRO_2023.pdf\">Acta Convocatoria N\u00b0 135 &#8211; 2023 &#8211; Oficina Central\u2013 SNTSA Secci\u00f3n 26 CENTRO<\/a><\/li>\n\n\n\n<li><a href=\"https:\/\/www.ssaver.gob.mx\/administraciondepersonal\/wp-content\/uploads\/sites\/15\/2024\/06\/ACTA-CONV-NUM-03_2023_SECCION-70_2023-.pdf\">Acta Convocatoria N\u00b0 03 &#8211; 2023 Oficina Central \u2013 SNTSA Secci\u00f3n 70<\/a><\/li>\n\n\n\n<li><a href=\"https:\/\/www.ssaver.gob.mx\/administraciondepersonal\/wp-content\/uploads\/sites\/15\/2024\/06\/ACTA-CONV-NUM-137_2023_SECCION-26-CENTRO_2023.pdf\">Acta Convocatoria N\u00b0 137 &#8211; 2023 Oficina Central \u2013 SNTSA Secci\u00f3n 26 \u2013 CENTRO<\/a><\/li>\n\n\n\n<li><a href=\"https:\/\/www.ssaver.gob.mx\/administraciondepersonal\/wp-content\/uploads\/sites\/15\/2024\/06\/ACTA-CONV-NUM-138_2023_SECCION-26-CENTRO_2023.pdf\">Acta Convocatoria N\u00b0 138 2023 Oficina Central \u2013 SNTSA Secci\u00f3n 26 &#8211; CENTRO<\/a><\/li>\n\n\n\n<li><a href=\"https:\/\/www.ssaver.gob.mx\/administraciondepersonal\/wp-content\/uploads\/sites\/15\/2024\/07\/ACTA-CONV-NUM-143_2023_SECCION-26-CENTRO_2023.pdf\">Acta Convocatoria N\u00b0 143 &#8211; 2023 Oficina Central &#8211; SNTSA Secci\u00f3n 26 &#8211; CENTRO<\/a><\/li>\n\n\n\n<li><a href=\"https:\/\/www.ssaver.gob.mx\/administraciondepersonal\/wp-content\/uploads\/sites\/15\/2024\/12\/ACTA-CONV-NUM-131_2023_SECCION-26-CENTRO_2023.pdf\">Acta-Convocatoria N\u00b0 131 &#8211; 2023 Hospital \u2013 SNTSA Secci\u00f3n 26 &#8211; CENTRO<\/a><\/li>\n\n\n\n<li><a href=\"https:\/\/www.ssaver.gob.mx\/administraciondepersonal\/wp-content\/uploads\/sites\/15\/2024\/06\/ACTA-CONV-NUM-46_2023_SECCION-26-CENTRO_2023.pdf\">Acta Convocatoria N\u00b0 46 &#8211; 2023 Oficina Central \u2013 SNTSA Secci\u00f3n 26 CENTRO<\/a><\/li>\n\n\n\n<li><a href=\"https:\/\/www.ssaver.gob.mx\/administraciondepersonal\/wp-content\/uploads\/sites\/15\/2024\/06\/ACTA-CONV-NUM-58_2023_SECCION-26-CENTRO_2023.pdf\">Acta Convocatoria N\u00b0 58 &#8211; 2023 Oficina Central \u2013 SNTSA Secci\u00f3n 26 CENTRO<\/a><\/li>\n\n\n\n<li><a href=\"https:\/\/www.ssaver.gob.mx\/administraciondepersonal\/wp-content\/uploads\/sites\/15\/2024\/06\/ACTA-CONV-NUM-63_2023_SECCION-26-CENTRO_2023.pdf\">Acta Convocatoria N\u00b0 63 &#8211; 2023 Oficina Central \u2013 SNTSA Secci\u00f3n 26 CENTRO<\/a><\/li>\n\n\n\n<li><a href=\"https:\/\/www.ssaver.gob.mx\/administraciondepersonal\/wp-content\/uploads\/sites\/15\/2024\/12\/ACTA-CONV-NUM-02_2019_SECCION-26-CENTRO_2019.pdf\">Acta Convocatoria N\u00b0 02 \u2013 2019 &#8211; Oficina Central \u2013 SNTSA Secci\u00f3n 26 &#8211; CENTRO<\/a><\/li>\n\n\n\n<li><a href=\"https:\/\/www.ssaver.gob.mx\/administraciondepersonal\/wp-content\/uploads\/sites\/15\/2024\/12\/ACTA-CONV-NUM-41_SETSSV_2023-.pdf\">Acta Convocatoria N\u00b0 41 &#8211; 2023 Oficina Central \u2013 SETSSV<\/a><\/li>\n\n\n\n<li><a href=\"https:\/\/www.ssaver.gob.mx\/administraciondepersonal\/wp-content\/uploads\/sites\/15\/2024\/12\/ACTA-CONV-NUM-42_2023_SETSSV_2023-.pdf\">Acta Convocatoria N\u00b0 42 &#8211; 2023 Oficina Central \u2013 SETSSV<\/a><\/li>\n<\/ul>\n\n\n\n<p><strong>Jurisdicci\u00f3n Sanitaria No. I &#8211; P\u00e1nuco<\/strong><\/p>\n\n\n\n<ul class=\"wp-block-list\">\n<li><a rel=\"noreferrer noopener\" href=\"https:\/\/www.ssaver.gob.mx\/administraciondepersonal\/wp-content\/uploads\/sites\/15\/2023\/03\/CONV-NUM-01_04_05_06_10_2023SECCION-26-NORTE_1023_2023.pdf\" target=\"_blank\">Convocatorias N\u00b0 01, 04, 05, 06, 10 &#8211; 2023 Jurisdicci\u00f3n Sanitaria &#8211; Ofic. SRH\/01023\/2023 \u2013 SNTSA Secci\u00f3n 26 &#8211; NORTE<\/a><\/li>\n\n\n\n<li><a href=\"https:\/\/www.ssaver.gob.mx\/administraciondepersonal\/wp-content\/uploads\/sites\/15\/2023\/08\/CONV-NUM-42_2023_SECCION-26-NORTE_05783_2023.pdf\" data-type=\"link\" data-id=\"https:\/\/www.ssaver.gob.mx\/administraciondepersonal\/wp-content\/uploads\/sites\/15\/2023\/08\/CONV-NUM-42_2023_SECCION-26-NORTE_05783_2023.pdf\">Convocatoria N\u00b0 42 &#8211; 2023 Jurisdicci\u00f3n Sanitaria Ofic. SRH\/05783\/2023 &#8211; SNTSA Secci\u00f3n 26 &#8211; NORTE<\/a><\/li>\n\n\n\n<li><a href=\"https:\/\/www.ssaver.gob.mx\/administraciondepersonal\/wp-content\/uploads\/sites\/15\/2023\/10\/ACTA-CONV-NUM-06_2023_SECCION-26-NORTE_2023-.pdf\" data-type=\"link\" data-id=\"https:\/\/www.ssaver.gob.mx\/administraciondepersonal\/wp-content\/uploads\/sites\/15\/2023\/10\/ACTA-CONV-NUM-06_2023_SECCION-26-NORTE_2023-.pdf\">Acta Convocatoria N\u00b0 06 &#8211; 2023 Jurisdicci\u00f3n Sanitaria \u2013 SNTSA Secci\u00f3n 26 NORTE<\/a><\/li>\n\n\n\n<li><a href=\"https:\/\/www.ssaver.gob.mx\/administraciondepersonal\/wp-content\/uploads\/sites\/15\/2024\/01\/ACTA-CONV-NUM-05_2023_SECCION-26-NORTE_2023-.pdf\">Acta Convocatoria N\u00b0 05 &#8211; 2023 Jurisdicci\u00f3n Sanitaria &#8211; SNTSA Secci\u00f3n 26 \u2013 NORTE<\/a><\/li>\n\n\n\n<li><a href=\"https:\/\/www.ssaver.gob.mx\/administraciondepersonal\/wp-content\/uploads\/sites\/15\/2024\/04\/ALCANCE-ACTA-CONV-NUM-05_2023_SECCION-26-NORTE_2023.pdf\">ALCANCE Acta Convocatoria N\u00b0 05 &#8211; 2023 Jurisdicci\u00f3n Sanitaria \u2013 SNTSA Secci\u00f3n 26 NORTE<\/a><\/li>\n<\/ul>\n\n\n\n<p>Hospital General de P\u00e1nuco \u00abDr. Manuel I. \u00c1vila\u00bb<\/p>\n\n\n\n<ul class=\"wp-block-list\">\n<li><a href=\"https:\/\/www.ssaver.gob.mx\/administraciondepersonal\/wp-content\/uploads\/sites\/15\/2023\/05\/CONV-NUM-12_2023_STSPEEV_5348_2023.pdf\" target=\"_blank\" rel=\"noreferrer noopener\">Convocatoria N\u00b0 12 &#8211; 2023 Hospital &#8211; Ofic. SRH\/05348\/2023 &#8211; STSPEEV<\/a><\/li>\n<\/ul>\n\n\n\n<p>Hospital de la Comunidad de Ozuluama de Mascare\u00f1as<\/p>\n\n\n\n<ul class=\"wp-block-list\">\n<li><a href=\"https:\/\/www.ssaver.gob.mx\/administraciondepersonal\/wp-content\/uploads\/sites\/15\/2023\/03\/CONV-NUM-14_2023_SEECCION-26-NORTE_1022_2023.pdf\" target=\"_blank\" rel=\"noreferrer noopener\">Convocatorias N\u00b0 14 &#8211; 2023 Hospital &#8211; Ofic. SRH\/01022\/2023 \u2013 SNTSA Secci\u00f3n 26 &#8211; NORTE<\/a><\/li>\n<\/ul>\n\n\n\n<p>Hospital General de Tantoyuca<\/p>\n\n\n\n<ul class=\"wp-block-list\">\n<li><a rel=\"noreferrer noopener\" href=\"https:\/\/www.ssaver.gob.mx\/administraciondepersonal\/wp-content\/uploads\/sites\/15\/2023\/05\/CONV-NUM-39_2023_SECCION-26-NORTE_-04423_2023.pdf\" target=\"_blank\">Convocatorias N\u00b0 39-2023 Hospital &#8211; Ofic. SRH\/04423\/2023 \u2013 SNTSA Secci\u00f3n 26 \u2013 NORTE<\/a><\/li>\n\n\n\n<li><a href=\"https:\/\/www.ssaver.gob.mx\/administraciondepersonal\/wp-content\/uploads\/sites\/15\/2023\/09\/CONV-NUM-74_2023_SECCION-26-NORTE_11312_2023-.pdf\" data-type=\"link\" data-id=\"https:\/\/www.ssaver.gob.mx\/administraciondepersonal\/wp-content\/uploads\/sites\/15\/2023\/09\/CONV-NUM-74_2023_SECCION-26-NORTE_11312_2023-.pdf\">Convocatoria N\u00b0 74- 2023 Hospital &#8211; Ofic. SRH\/11312\/2023 &#8211; SNTSA Secci\u00f3n 26 NORTE<\/a><\/li>\n\n\n\n<li><a href=\"https:\/\/www.ssaver.gob.mx\/administraciondepersonal\/wp-content\/uploads\/sites\/15\/2024\/01\/ACTA-CONV-NUM-37_2023_SECCION-26-NORTE_2023-.pdf\">Acta Convocatoria N\u00b0 37 &#8211; 2023 Hospital &#8211; SNTSA Secci\u00f3n 26 &#8211; NORTE<\/a><\/li>\n\n\n\n<li><a href=\"https:\/\/www.ssaver.gob.mx\/administraciondepersonal\/wp-content\/uploads\/sites\/15\/2024\/01\/ACTA-CONV-NUM-74_2023_SECCION-26-NORTE_2023-.pdf\">Acta Convocatoria N\u00b0 74 &#8211; 2023 Hospital &#8211; SNTSA Secci\u00f3n 26 &#8211; NORTE<\/a><\/li>\n\n\n\n<li><a href=\"https:\/\/www.ssaver.gob.mx\/administraciondepersonal\/wp-content\/uploads\/sites\/15\/2024\/12\/ACTA-CONV-NUM-39_2023_SECCION-26-NORTE_2023.pdf\">Acta Convocatoria N\u00b0 39 &#8211; 2023 Hospital \u2013 SNTSA Secci\u00f3n 26 \u2013 NORTE<\/a><\/li>\n<\/ul>\n\n\n\n<p>Hospital de la Comunidad de Tempoal<\/p>\n\n\n\n<p>UNEME de Plat\u00f3n S\u00e1nchez<\/p>\n\n\n\n<p><strong>Jurisdicci\u00f3n Sanitaria No. II &#8211; Tuxpan<\/strong><\/p>\n\n\n\n<ul class=\"wp-block-list\">\n<li><a rel=\"noreferrer noopener\" href=\"https:\/\/www.ssaver.gob.mx\/administraciondepersonal\/wp-content\/uploads\/sites\/15\/2023\/03\/CONV-NUM-11_15_17_2023_SECCION-26-NORTE_1024_2023.pdf\" target=\"_blank\">Convocatorias N\u00b0 11, 15, 17 &#8211; 2023 Jurisdicci\u00f3n Sanitaria &#8211; Ofic. SRH\/01024\/2023 \u2013 SNTSA Secci\u00f3n 26 &#8211; NORTE<\/a><\/li>\n\n\n\n<li><a rel=\"noreferrer noopener\" href=\"https:\/\/www.ssaver.gob.mx\/administraciondepersonal\/wp-content\/uploads\/sites\/15\/2023\/03\/CONV-NUM-08_2023_SECCION-70_2023_1243_2023.pdf\" target=\"_blank\">Convocatorias N\u00b0 08 &#8211; 2023 Jurisdicci\u00f3n Sanitaria &#8211; Ofic. SRH\/1243\/2023 \u2013 SNTSA Secci\u00f3n 70<\/a><\/li>\n\n\n\n<li><a href=\"https:\/\/www.ssaver.gob.mx\/administraciondepersonal\/wp-content\/uploads\/sites\/15\/2023\/08\/CONV-NUM-49_50_2023_SECCION-26-NORTE_7860_2023.pdf\" data-type=\"link\" data-id=\"https:\/\/www.ssaver.gob.mx\/administraciondepersonal\/wp-content\/uploads\/sites\/15\/2023\/08\/CONV-NUM-49_50_2023_SECCION-26-NORTE_7860_2023.pdf\">Convocatoria N\u00b049, 50\u2013 2023 Jurisdicci\u00f3n Sanitaria \u2013 Ofic. SRH\/07860\/2023 \u2013 SNTSA Seccion 26-NORTE<\/a><\/li>\n\n\n\n<li><a href=\"https:\/\/www.ssaver.gob.mx\/administraciondepersonal\/wp-content\/uploads\/sites\/15\/2023\/08\/ACTA-COV-NUM-11_2023_SECCION-26-NORTE_2023.pdf\" data-type=\"link\" data-id=\"https:\/\/www.ssaver.gob.mx\/administraciondepersonal\/wp-content\/uploads\/sites\/15\/2023\/08\/ACTA-COV-NUM-11_2023_SECCION-26-NORTE_2023.pdf\">Acta Convocatoria N\u00b0 11 &#8211; 2023 Hospital \u2013 SNTSA Secci\u00f3n 26 &#8211; NORTE<\/a><\/li>\n\n\n\n<li><a href=\"https:\/\/www.ssaver.gob.mx\/administraciondepersonal\/wp-content\/uploads\/sites\/15\/2023\/10\/ACTA-CONV-NUM-49_2023_SECCION-26-NORTE_2023-.pdf\" data-type=\"link\" data-id=\"https:\/\/www.ssaver.gob.mx\/administraciondepersonal\/wp-content\/uploads\/sites\/15\/2023\/10\/ACTA-CONV-NUM-49_2023_SECCION-26-NORTE_2023-.pdf\">Acta Convocatoria N\u00b0 49 &#8211; 2023 Jurisdicci\u00f3n Sanitaria \u2013 SNTSA Secci\u00f3n 26 NORTE<\/a><\/li>\n\n\n\n<li><a href=\"https:\/\/www.ssaver.gob.mx\/administraciondepersonal\/wp-content\/uploads\/sites\/15\/2023\/10\/ACTA-CONV-NUM-08_2023_SECCION-70_2023-.pdf\" data-type=\"link\" data-id=\"https:\/\/www.ssaver.gob.mx\/administraciondepersonal\/wp-content\/uploads\/sites\/15\/2023\/10\/ACTA-CONV-NUM-08_2023_SECCION-70_2023-.pdf\">Acta Convocatoria N\u00b0 08 &#8211; 2023 Jurisdicci\u00f3n Sanitaria \u2013 SNTSA Secci\u00f3n 70<\/a><\/li>\n\n\n\n<li><a href=\"https:\/\/www.ssaver.gob.mx\/administraciondepersonal\/wp-content\/uploads\/sites\/15\/2023\/10\/ACTA-CONV-NUM-15_2023_SECCION-26-NORTE_2023-.pdf\" data-type=\"link\" data-id=\"https:\/\/www.ssaver.gob.mx\/administraciondepersonal\/wp-content\/uploads\/sites\/15\/2023\/10\/ACTA-CONV-NUM-15_2023_SECCION-26-NORTE_2023-.pdf\">Acta Convocatoria N\u00b0 15 \u2013 2022 Jurisdicci\u00f3n Sanitaria \u2013 SNTSA Secci\u00f3n 26 NORTE<\/a><\/li>\n\n\n\n<li><a href=\"https:\/\/www.ssaver.gob.mx\/administraciondepersonal\/wp-content\/uploads\/sites\/15\/2023\/10\/ACTA-CONV-NUM-17_2023_SECCION-26-NORTE_2023-.pdf\" data-type=\"link\" data-id=\"https:\/\/www.ssaver.gob.mx\/administraciondepersonal\/wp-content\/uploads\/sites\/15\/2023\/10\/ACTA-CONV-NUM-17_2023_SECCION-26-NORTE_2023-.pdf\">Acta Convocatoria N\u00b0 17 \u2013 2022 Jurisdicci\u00f3n Sanitaria \u2013 SNTSA Secci\u00f3n 26 NORTE<\/a><\/li>\n\n\n\n<li><a href=\"https:\/\/www.ssaver.gob.mx\/administraciondepersonal\/wp-content\/uploads\/sites\/15\/2023\/10\/ACTA-COV-NUM-50_2023_SECCION-26-NORTE_2023-.pdf\" data-type=\"link\" data-id=\"https:\/\/www.ssaver.gob.mx\/administraciondepersonal\/wp-content\/uploads\/sites\/15\/2023\/10\/ACTA-COV-NUM-50_2023_SECCION-26-NORTE_2023-.pdf\">Acta Convocatoria N\u00b0 50 \u2013 2022 Jurisdicci\u00f3n Sanitaria \u2013 SNTSA Secci\u00f3n 26 NORTE<\/a><\/li>\n\n\n\n<li><a href=\"https:\/\/www.ssaver.gob.mx\/administraciondepersonal\/wp-content\/uploads\/sites\/15\/2023\/10\/CONV-NUM-53_55_57_2023_SECCION-26-NORTE_11523_2023-.pdf\" data-type=\"link\" data-id=\"https:\/\/www.ssaver.gob.mx\/administraciondepersonal\/wp-content\/uploads\/sites\/15\/2023\/10\/CONV-NUM-53_55_57_2023_SECCION-26-NORTE_11523_2023-.pdf\">Convocatoria N\u00b0 53, 55, 57 &#8211; 2023 Jurisdicci\u00f3n Sanitaria Ofic. SRH\/11523\/2023 &#8211; SNTSA Secci\u00f3n 26 &#8211; NORTE<\/a><\/li>\n\n\n\n<li><a href=\"https:\/\/www.ssaver.gob.mx\/administraciondepersonal\/wp-content\/uploads\/sites\/15\/2023\/11\/CONV-NUM-72_2023_SECCION-26-NORTE_13417_2023-.pdf\" data-type=\"link\" data-id=\"https:\/\/www.ssaver.gob.mx\/administraciondepersonal\/wp-content\/uploads\/sites\/15\/2023\/11\/CONV-NUM-72_2023_SECCION-26-NORTE_13417_2023-.pdf\">Convocatoria N\u00b0 72- 2023 Jurisdicci\u00f3n Sanitaria &#8211; Ofic. SRH\/13417\/2023 &#8211; SNTSA Secci\u00f3n 26 \u2013 NORTE<\/a><\/li>\n\n\n\n<li><a href=\"https:\/\/www.ssaver.gob.mx\/administraciondepersonal\/wp-content\/uploads\/sites\/15\/2023\/11\/CONV-NUM-51_52_56_58_2023_SECCION-26-NORTE_11313_2023-.pdf\" data-type=\"link\" data-id=\"https:\/\/www.ssaver.gob.mx\/administraciondepersonal\/wp-content\/uploads\/sites\/15\/2023\/11\/CONV-NUM-51_52_56_58_2023_SECCION-26-NORTE_11313_2023-.pdf\">Convocatoria N\u00b0 51, 52, 56, 58 &#8211; Jurisdicci\u00f3n Sanitaria &#8211; Ofic. SRH\/11313\/2023 &#8211; SNTSA Secci\u00f3n 26 &#8211; NORTE<\/a><\/li>\n\n\n\n<li><a href=\"https:\/\/www.ssaver.gob.mx\/administraciondepersonal\/wp-content\/uploads\/sites\/15\/2023\/11\/CONV-NUM-54_78_2023_SECCION-26-NORTE_12763_2023-.pdf\" data-type=\"link\" data-id=\"https:\/\/www.ssaver.gob.mx\/administraciondepersonal\/wp-content\/uploads\/sites\/15\/2023\/11\/CONV-NUM-54_78_2023_SECCION-26-NORTE_12763_2023-.pdf\">Convocatoria N\u00b0 54, 78 &#8211; Jurisdicci\u00f3n Sanitaria &#8211; Ofic. SRH\/12763\/2023 &#8211; SNTSA Secci\u00f3n 26 &#8211; NORTE<\/a><\/li>\n\n\n\n<li><a href=\"https:\/\/www.ssaver.gob.mx\/administraciondepersonal\/wp-content\/uploads\/sites\/15\/2024\/01\/ACTA-CONV-NUM-51_2023_SECCION-26-NORTE_2023-.pdf\">Acta Convocatoria N\u00b0 51 &#8211; 2023 Jurisdicci\u00f3n Sanitaria &#8211; SNTSA Secci\u00f3n 26 \u2013 NORTE<\/a><\/li>\n\n\n\n<li><a href=\"https:\/\/www.ssaver.gob.mx\/administraciondepersonal\/wp-content\/uploads\/sites\/15\/2024\/01\/ACTA-CONV-NUM-52_2023_SECCION-26-NORTE_2023-.pdf\">Acta Convocatoria N\u00b0 52 &#8211; 2023 Jurisdicci\u00f3n Sanitaria &#8211; SNTSA Secci\u00f3n 26 \u2013 NORTE<\/a><\/li>\n\n\n\n<li><a href=\"https:\/\/www.ssaver.gob.mx\/administraciondepersonal\/wp-content\/uploads\/sites\/15\/2024\/01\/ACTA-CONV-NUM-58_2023_SECCION-26-NORTE_2023-.pdf\">Acta Convocatoria N\u00b0 58 &#8211; 2023 Jurisdicci\u00f3n Sanitaria &#8211; SNTSA Secci\u00f3n 26 \u2013 NORTE<\/a><\/li>\n\n\n\n<li><a href=\"https:\/\/www.ssaver.gob.mx\/administraciondepersonal\/wp-content\/uploads\/sites\/15\/2024\/04\/ACTA-CONV-NUM-53_2023-SECCION-26-NORTE.pdf\">Acta Convocatoria N\u00b0 53 &#8211; 2023 Jurisdicci\u00f3n Sanitaria \u2013 SNTSA Secci\u00f3n 26 NORTE<\/a><\/li>\n\n\n\n<li><a href=\"https:\/\/www.ssaver.gob.mx\/administraciondepersonal\/wp-content\/uploads\/sites\/15\/2024\/12\/ACTA-CONV-NUM-54_2023_SECCION-26-NORTE_2023.pdf\">Acta Convocatoria N\u00b0 54 &#8211; 2023 Jurisdicci\u00f3n Sanitaria &#8211; SNTSA Secci\u00f3n 26 \u2013 NORTE<\/a><\/li>\n<\/ul>\n\n\n\n<p>Hospital General de Tuxpan \u00abDr. Emilio Alc\u00e1zar\u201d<\/p>\n\n\n\n<ul class=\"wp-block-list\">\n<li><a rel=\"noreferrer noopener\" href=\"https:\/\/www.ssaver.gob.mx\/administraciondepersonal\/wp-content\/uploads\/sites\/15\/2023\/01\/CONV-NUM-40_2022_SETSSV.pdf\" target=\"_blank\">Convocatoria N\u00b040 Hospital &#8211; Ofic. SRH\/15391\/2022 &#8211; SETSSV<\/a><\/li>\n\n\n\n<li><a rel=\"noreferrer noopener\" href=\"https:\/\/www.ssaver.gob.mx\/administraciondepersonal\/wp-content\/uploads\/sites\/15\/2023\/04\/Convocatoria-No.-28-Hospital-General-de-Tuxpan-SETSSV.pdf\" target=\"_blank\">Convocatoria N\u00b028 Hospital &#8211; Ofic. SRH\/02128\/2023 &#8211; SETSSV<\/a><\/li>\n\n\n\n<li><a rel=\"noreferrer noopener\" href=\"https:\/\/www.ssaver.gob.mx\/administraciondepersonal\/wp-content\/uploads\/sites\/15\/2023\/05\/ACTA-CONV-NUM-40_2022_SETSSV_2022.pdf\" target=\"_blank\">Acta Convocatoria N\u00b0 40 &#8211; 2022 Hospital \u2013 SETSSV<\/a><\/li>\n\n\n\n<li><a href=\"https:\/\/www.ssaver.gob.mx\/administraciondepersonal\/wp-content\/uploads\/sites\/15\/2023\/09\/CONV-NUM-32_36_2023_SETSSV_7591_2023.pdf\" data-type=\"link\" data-id=\"https:\/\/www.ssaver.gob.mx\/administraciondepersonal\/wp-content\/uploads\/sites\/15\/2023\/09\/CONV-NUM-32_36_2023_SETSSV_7591_2023.pdf\">Convocatoria N\u00b0 32, 36- 2023 Hospital &#8211; Ofic. SRH\/07591\/2023 \u2013 SETSSV<\/a><\/li>\n\n\n\n<li><a href=\"https:\/\/www.ssaver.gob.mx\/administraciondepersonal\/wp-content\/uploads\/sites\/15\/2023\/09\/ACTA-CONV-NUM-32_2023_SETSSV_2023-.pdf\" data-type=\"link\" data-id=\"https:\/\/www.ssaver.gob.mx\/administraciondepersonal\/wp-content\/uploads\/sites\/15\/2023\/09\/ACTA-CONV-NUM-32_2023_SETSSV_2023-.pdf\">Acta Convocatoria N\u00b0 32 &#8211; 2023 Hospital \u2013 SETSSV<\/a><\/li>\n\n\n\n<li><a href=\"https:\/\/www.ssaver.gob.mx\/administraciondepersonal\/wp-content\/uploads\/sites\/15\/2023\/09\/ACTA-CON-NUM-36_2023_SETSSV_2023-.pdf\" data-type=\"link\" data-id=\"https:\/\/www.ssaver.gob.mx\/administraciondepersonal\/wp-content\/uploads\/sites\/15\/2023\/09\/ACTA-CON-NUM-36_2023_SETSSV_2023-.pdf\">Acta Convocatoria N\u00b0 36 &#8211; 2023 Hospital \u2013 SETSSV<\/a><\/li>\n\n\n\n<li><a href=\"https:\/\/www.ssaver.gob.mx\/administraciondepersonal\/wp-content\/uploads\/sites\/15\/2023\/11\/CONV-NUM-76_2023_SECCION-26-NORTE_12760_2023-.pdf\" data-type=\"link\" data-id=\"https:\/\/www.ssaver.gob.mx\/administraciondepersonal\/wp-content\/uploads\/sites\/15\/2023\/11\/CONV-NUM-76_2023_SECCION-26-NORTE_12760_2023-.pdf\">Convocatoria N\u00b0 76 &#8211; 2023 Hospital &#8211; Ofic. SRH\/12760\/2023 &#8211; SNTSA Secci\u00f3n 26 &#8211; NORTE<\/a><\/li>\n\n\n\n<li><a href=\"https:\/\/www.ssaver.gob.mx\/administraciondepersonal\/wp-content\/uploads\/sites\/15\/2024\/01\/CONV-NUM-52_2023_SETSSV_14327_2023-.pdf\" target=\"_blank\" rel=\"noreferrer noopener\">Convocatoria N\u00b0 52- 2023 Hospital &#8211; Ofic. SRH\/14327\/2023 \u2013 SETSSV<\/a><\/li>\n\n\n\n<li><a href=\"https:\/\/www.ssaver.gob.mx\/administraciondepersonal\/wp-content\/uploads\/sites\/15\/2024\/01\/CONV-NUM-32_33_2023_14323_STSPEEV_2023-.pdf\">Convocatoria N\u00b0 32, 33 &#8211; 2023 Hospital &#8211; Ofic. SRH\/14323\/2023 \u2013 STSPEEV<\/a><\/li>\n\n\n\n<li><a href=\"https:\/\/www.ssaver.gob.mx\/administraciondepersonal\/wp-content\/uploads\/sites\/15\/2024\/04\/ACTA-CONV-NUM-32_2023_STSPEEV_2023-.pdf\">Acta Convocatoria N\u00b0 32 &#8211; 2023 Hospital\u2013 STSPEEV<\/a><\/li>\n\n\n\n<li><a href=\"https:\/\/www.ssaver.gob.mx\/administraciondepersonal\/wp-content\/uploads\/sites\/15\/2024\/04\/ACTA-CONV-NUM-33_2023_STSPEEV_2023-.pdf\">Acta Convocatoria N\u00b0 33 &#8211; 2023 Hospital\u2013 STSPEEV<\/a><\/li>\n\n\n\n<li><a href=\"https:\/\/www.ssaver.gob.mx\/administraciondepersonal\/wp-content\/uploads\/sites\/15\/2024\/12\/ACTA-CONV-NUM-52_2023_SETSSV_2023.pdf\">Acta-Convocatoria N\u00b0 52 &#8211; 2023 Hospital \u2013 SETSSV<\/a><\/li>\n\n\n\n<li><a href=\"https:\/\/www.ssaver.gob.mx\/administraciondepersonal\/wp-content\/uploads\/sites\/15\/2024\/12\/ACTA-CONV-NUM-32_2023_SETSSV_2023-.pdf\">Acta Convocatoria N\u00b0 32 &#8211; 2023 Hospital\u2013 SETSSV<\/a><\/li>\n<\/ul>\n\n\n\n<p>Hospital de la Comunidad de Naranjos<\/p>\n\n\n\n<ul class=\"wp-block-list\">\n<li><a href=\"https:\/\/www.ssaver.gob.mx\/administraciondepersonal\/wp-content\/uploads\/sites\/15\/2023\/11\/CONV-NUM-77_2023_SECCION-26-NORTE_13445_2023-.pdf\" data-type=\"link\" data-id=\"https:\/\/www.ssaver.gob.mx\/administraciondepersonal\/wp-content\/uploads\/sites\/15\/2023\/11\/CONV-NUM-77_2023_SECCION-26-NORTE_13445_2023-.pdf\">Convocatoria N\u00b0 77 &#8211; 2023 Hospital &#8211; Ofic. SRH\/13445\/2023 &#8211; SNTSA Secci\u00f3n 26 \u2013 NORTE<\/a><\/li>\n<\/ul>\n\n\n\n<p>Hospital de la Comunidad de Cerro Azul<\/p>\n\n\n\n<ul class=\"wp-block-list\">\n<li><a href=\"https:\/\/www.ssaver.gob.mx\/administraciondepersonal\/wp-content\/uploads\/sites\/15\/2023\/11\/CONV-NUM-73_2023_SECCION-26-NORTE_11816_2023-.pdf\" data-type=\"link\" data-id=\"https:\/\/www.ssaver.gob.mx\/administraciondepersonal\/wp-content\/uploads\/sites\/15\/2023\/11\/CONV-NUM-73_2023_SECCION-26-NORTE_11816_2023-.pdf\">Convocatoria N\u00b0 73 &#8211; 2023 Hospital &#8211; Ofic. SRH\/11816\/2023 &#8211; SNTSA Secci\u00f3n 26 \u2013 NORTE<\/a><\/li>\n<\/ul>\n\n\n\n<p>Hospital General de \u00c1lamo<\/p>\n\n\n\n<ul class=\"wp-block-list\">\n<li><a href=\"https:\/\/www.ssaver.gob.mx\/administraciondepersonal\/wp-content\/uploads\/sites\/15\/2023\/11\/CONV-NUM-79_2023_SECCION-26-NORTE_12759_2023-.pdf\" data-type=\"link\" data-id=\"https:\/\/www.ssaver.gob.mx\/administraciondepersonal\/wp-content\/uploads\/sites\/15\/2023\/11\/CONV-NUM-79_2023_SECCION-26-NORTE_12759_2023-.pdf\" target=\"_blank\" rel=\"noreferrer noopener\">Convocatoria N\u00b0 79 &#8211; 2023 Hospital &#8211; Ofic. SRH\/12759\/2023 &#8211; SNTSA Secci\u00f3n 26 \u2013 NORTE<\/a><\/li>\n<\/ul>\n\n\n\n<p><strong>Jurisdicci\u00f3n Sanitaria No. III &#8211; Poza Rica<\/strong><\/p>\n\n\n\n<ul class=\"wp-block-list\">\n<li><a rel=\"noreferrer noopener\" href=\"https:\/\/www.ssaver.gob.mx\/administraciondepersonal\/wp-content\/uploads\/sites\/15\/2023\/03\/CONV-NUM-35_2023_SECCION-26-NORTE_02303_2023.pdf\" target=\"_blank\">Convocatoria N\u00b035 &#8211; 2023 Jurisdicci\u00f3n Sanitaria &#8211; Ofic. SRH\/02303\/2023 \u2013 SNTSA Secci\u00f3n 26-NORTE<\/a><\/li>\n\n\n\n<li><a href=\"https:\/\/www.ssaver.gob.mx\/administraciondepersonal\/wp-content\/uploads\/sites\/15\/2023\/05\/CONV-NUM-31_2023_SECCION-26-NORTE_04424_2023.pdf\">Convocatorias N\u00b0 31-2023 Jurisdicci\u00f3n Sanitaria &#8211; Ofic. SRH\/04424\/2023 \u2013 SNTSA Secci\u00f3n 26 \u2013 NORTE<\/a><\/li>\n\n\n\n<li><a rel=\"noreferrer noopener\" href=\"https:\/\/www.ssaver.gob.mx\/administraciondepersonal\/wp-content\/uploads\/sites\/15\/2023\/07\/ACTA-CONV-NUM-31_2023_SECCION-26-NORTE_2023.pdf\" target=\"_blank\">Acta Convocatoria N\u00b0 31 &#8211; 2023 Jurisdicci\u00f3n Sanitaria \u2013 SNTSA Secci\u00f3n 26 \u2013 NORTE<\/a><\/li>\n\n\n\n<li><a href=\"https:\/\/www.ssaver.gob.mx\/administraciondepersonal\/wp-content\/uploads\/sites\/15\/2023\/10\/CONV-NUM-19_20_21_60_2023_SECCION-26-NORTE-OF-0935_2023.pdf\" data-type=\"link\" data-id=\"https:\/\/www.ssaver.gob.mx\/administraciondepersonal\/wp-content\/uploads\/sites\/15\/2023\/10\/CONV-NUM-19_20_21_60_2023_SECCION-26-NORTE-OF-0935_2023.pdf\">Convocatoria N\u00b0 19, 20, 21, 60 &#8211; 2023 Jurisdicci\u00f3n Sanitaria Ofic. SRH\/09335\/2023 &#8211; SNTSA Secci\u00f3n 26 &#8211; NORTE<\/a><\/li>\n\n\n\n<li><a href=\"https:\/\/www.ssaver.gob.mx\/administraciondepersonal\/wp-content\/uploads\/sites\/15\/2023\/11\/CONV-NUM-62_2023_SECCION-26-NORTE_09907_2023-.pdf\" data-type=\"link\" data-id=\"https:\/\/www.ssaver.gob.mx\/administraciondepersonal\/wp-content\/uploads\/sites\/15\/2023\/11\/CONV-NUM-62_2023_SECCION-26-NORTE_09907_2023-.pdf\">Convocatoria N\u00b0 62 &#8211; 2023 Jurisdicci\u00f3n Sanitaria Ofic. SRH\/09907\/2023 &#8211; SNTSA Secci\u00f3n 26 \u2013 NORTE<\/a><\/li>\n\n\n\n<li><a href=\"https:\/\/www.ssaver.gob.mx\/administraciondepersonal\/wp-content\/uploads\/sites\/15\/2023\/11\/CONV-NUM-75_2023_SECCION-26-NORTE_12761_2023-.pdf\" data-type=\"link\" data-id=\"https:\/\/www.ssaver.gob.mx\/administraciondepersonal\/wp-content\/uploads\/sites\/15\/2023\/11\/CONV-NUM-75_2023_SECCION-26-NORTE_12761_2023-.pdf\">Convocatoria N\u00b0 75 &#8211; Jurisdicci\u00f3n Sanitaria &#8211; Ofic. SRH\/12761\/2023 &#8211; SNTSA Secci\u00f3n 26 &#8211; NORTE<\/a><\/li>\n\n\n\n<li><a href=\"https:\/\/www.ssaver.gob.mx\/administraciondepersonal\/wp-content\/uploads\/sites\/15\/2023\/11\/CONV-NUM-65_68_2023_SECCION-26-NORTE-CAPA_11310_2023-.pdf\" data-type=\"link\" data-id=\"https:\/\/www.ssaver.gob.mx\/administraciondepersonal\/wp-content\/uploads\/sites\/15\/2023\/11\/CONV-NUM-65_68_2023_SECCION-26-NORTE-CAPA_11310_2023-.pdf\" target=\"_blank\" rel=\"noreferrer noopener\">Convocatoria N\u00b0 65, 68 &#8211; Jurisdicci\u00f3n Sanitaria &#8211; Ofic. SRH\/11310\/2023 &#8211; SNTSA Secci\u00f3n 26 &#8211; NORTE<\/a><\/li>\n\n\n\n<li><a href=\"https:\/\/www.ssaver.gob.mx\/administraciondepersonal\/wp-content\/uploads\/sites\/15\/2023\/11\/CONV-NUM-81_82_2023_SECCION-26-NORTE_13418_2023-.pdf\" data-type=\"link\" data-id=\"https:\/\/www.ssaver.gob.mx\/administraciondepersonal\/wp-content\/uploads\/sites\/15\/2023\/11\/CONV-NUM-81_82_2023_SECCION-26-NORTE_13418_2023-.pdf\">Convocatoria N\u00b0 54, 78 &#8211; Jurisdicci\u00f3n Sanitaria &#8211; Ofic. SRH\/12763\/2023 &#8211; SNTSA Secci\u00f3n 26 &#8211; NORTE<\/a><\/li>\n\n\n\n<li><a href=\"https:\/\/www.ssaver.gob.mx\/administraciondepersonal\/wp-content\/uploads\/sites\/15\/2023\/11\/ACTA-CONV-NUM-21_2023_SECCION-26-NORTE_2023-.pdf\" data-type=\"link\" data-id=\"https:\/\/www.ssaver.gob.mx\/administraciondepersonal\/wp-content\/uploads\/sites\/15\/2023\/11\/ACTA-CONV-NUM-21_2023_SECCION-26-NORTE_2023-.pdf\">Acta-Convocatoria N\u00b0 21 \u2013 2023 Jurisdicci\u00f3n Sanitaria \u2013 SNTSA Secci\u00f3n 26 NORTE<\/a><\/li>\n\n\n\n<li><a href=\"https:\/\/www.ssaver.gob.mx\/administraciondepersonal\/wp-content\/uploads\/sites\/15\/2023\/11\/ALCANCE-ACTA-CONV-NUM-35_2023_SECCION-26-NORTE_2023-.pdf\" data-type=\"link\" data-id=\"https:\/\/www.ssaver.gob.mx\/administraciondepersonal\/wp-content\/uploads\/sites\/15\/2023\/11\/ALCANCE-ACTA-CONV-NUM-35_2023_SECCION-26-NORTE_2023-.pdf\">Acta-Convocatoria N\u00b0 35 \u2013 2023 Jurisdicci\u00f3n Sanitaria \u2013 SNTSA Secci\u00f3n 26 NORTE &#8211; ALCANCE<\/a><\/li>\n\n\n\n<li><a href=\"https:\/\/www.ssaver.gob.mx\/administraciondepersonal\/wp-content\/uploads\/sites\/15\/2024\/03\/CONV-NUM-81_82_2023_SECCION-26-NORTE_13418_2023-.pdf\">Convocatoria N\u00b0 81, 82 &#8211; 2023 \u2013 Jurisdicci\u00f3n Sanitaria &#8211; Ofic. SRH\/13418\/2023 \u2013 SNTSA Secci\u00f3n 26 &#8211; NORTE<\/a><\/li>\n\n\n\n<li><a href=\"https:\/\/www.ssaver.gob.mx\/administraciondepersonal\/wp-content\/uploads\/sites\/15\/2024\/04\/ACTA-CONV-NUM-60_2023_SECCION-26-NORTE_2023.pdf\">Acta Convocatoria N\u00b0 60 &#8211; 2023 Jurisdicci\u00f3n Sanitaria \u2013 SNTSA Secci\u00f3n 26 NORTE<\/a><\/li>\n\n\n\n<li><a href=\"https:\/\/www.ssaver.gob.mx\/administraciondepersonal\/wp-content\/uploads\/sites\/15\/2024\/05\/ACTA-CONV-NUM-81_2023_SECCCON-26-NORTE_2023-.pdf\">Acta Convocatoria N\u00b0 81 &#8211; 2023 Jurisdicci\u00f3n Sanitaria \u2013 SNTSA Secci\u00f3n 26 NORTE<\/a><\/li>\n\n\n\n<li><a href=\"https:\/\/www.ssaver.gob.mx\/administraciondepersonal\/wp-content\/uploads\/sites\/15\/2024\/06\/ACTA-CONV-NUM-68_2023-SECCION-26-NORTE.pdf\">Acta Convocatoria N\u00b0 68 \u2013 2023 &#8211; Jurisdicci\u00f3n Sanitaria \u2013 SNTSA Secci\u00f3n 26 NORTE<\/a><\/li>\n<\/ul>\n\n\n\n<p>Hospital Regional de Poza Rica de Hidalgo<\/p>\n\n\n\n<ul class=\"wp-block-list\">\n<li><a rel=\"noreferrer noopener\" href=\"https:\/\/www.ssaver.gob.mx\/administraciondepersonal\/wp-content\/uploads\/sites\/15\/2023\/03\/CONV-NUM-10_23_2023_SECCION-26-NORTE_02302_2023.pdf\" target=\"_blank\">Convocatorias N\u00b0 10- 2022, 23-2023 Hospital &#8211; Ofic. SRH\/02302\/2023 \u2013 SNTSA Secci\u00f3n 26 &#8211; NORTE<\/a><\/li>\n\n\n\n<li><a rel=\"noreferrer noopener\" href=\"https:\/\/www.ssaver.gob.mx\/administraciondepersonal\/wp-content\/uploads\/sites\/15\/2023\/03\/CONV-NUM-25_2023_SETSSV_1570_2023.pdf\" target=\"_blank\">Convocatoria N\u00b0 25 Hospital &#8211; Ofic. SRH\/1570\/2023 &#8211; SETSSV<\/a><\/li>\n\n\n\n<li><a rel=\"noreferrer noopener\" href=\"https:\/\/www.ssaver.gob.mx\/administraciondepersonal\/wp-content\/uploads\/sites\/15\/2023\/04\/conv-num-24_25_26_27_28_29_30_33_4129_2023_seccion-26-sur_2023.pdf\" target=\"_blank\">Convocatorias N\u00b0 24,25,26,27,28,29,30,33-2023 Hospital &#8211; Ofic. SRH\/04129\/2023 \u2013 SNTSA Secci\u00f3n 26 &#8211; NORTE<\/a><\/li>\n\n\n\n<li><a rel=\"noreferrer noopener\" href=\"https:\/\/www.ssaver.gob.mx\/administraciondepersonal\/wp-content\/uploads\/sites\/15\/2023\/05\/CONV-NUM-36_2023_SECCION-26-NORTE_04421_2023.pdf\" target=\"_blank\">Convocatorias N\u00b0 36-2023 Hospital &#8211; Ofic. SRH\/04421\/2023 \u2013 SNTSA Secci\u00f3n 26 \u2013 NORTE<\/a><\/li>\n\n\n\n<li><a href=\"https:\/\/www.ssaver.gob.mx\/administraciondepersonal\/wp-content\/uploads\/sites\/15\/2023\/05\/ACTA-CONV-NUM-19_2022_SETSSV_2022.pdf\" target=\"_blank\" rel=\"noreferrer noopener\">Acta Convocatoria N\u00b0 19 &#8211; 2022 Hospital \u2013 SETSSV<\/a><\/li>\n\n\n\n<li><a href=\"https:\/\/www.ssaver.gob.mx\/administraciondepersonal\/wp-content\/uploads\/sites\/15\/2023\/05\/CONV-NUM-10_2023_STSPEEV_5347_2023.pdf\" target=\"_blank\" rel=\"noreferrer noopener\">Convocatorias N\u00b0 10 &#8211; 2023 Hospital &#8211; Ofic. SRH\/05347\/2023 \u2013 STSPEEV<\/a><\/li>\n\n\n\n<li><a rel=\"noreferrer noopener\" href=\"https:\/\/www.ssaver.gob.mx\/administraciondepersonal\/wp-content\/uploads\/sites\/15\/2023\/05\/ACTA-CONV-NUM-25_2023_SETSSV_2023.pdf\" target=\"_blank\">Acta-Convocatoria N\u00b0 25 -2023 Hospital &#8211; SETSSV<\/a><\/li>\n\n\n\n<li><a rel=\"noreferrer noopener\" href=\"https:\/\/www.ssaver.gob.mx\/administraciondepersonal\/wp-content\/uploads\/sites\/15\/2023\/06\/CONV-NUM-18_2023_SECCION-26-NORTE_6236_2023.pdf\" target=\"_blank\">Convocatoria N\u00b0 18 &#8211; 2023 Hospital &#8211; Ofic. SRH\/06236\/2023 \u2013 SNTSA Secci\u00f3n 26 \u2013 NORTE<\/a><\/li>\n\n\n\n<li><a href=\"https:\/\/www.ssaver.gob.mx\/administraciondepersonal\/wp-content\/uploads\/sites\/15\/2023\/07\/ACTA-CONV-NUM-23_2023_SECCION-26-NORTE_2023.pdf\" target=\"_blank\" rel=\"noreferrer noopener\">Acta Convocatoria N\u00b0 23 &#8211; 2023 Hospital \u2013 SNTSA Secci\u00f3n 26 \u2013 NORTE<\/a><\/li>\n\n\n\n<li><a href=\"https:\/\/www.ssaver.gob.mx\/administraciondepersonal\/wp-content\/uploads\/sites\/15\/2023\/07\/ACTA-CONV-NUM-24_2023_SECCION-26-NORTE_2023.pdf\" target=\"_blank\" rel=\"noreferrer noopener\">Acta Convocatoria N\u00b0 24 &#8211; 2023 Hospital \u2013 SNTSA Secci\u00f3n 26 \u2013 NORTE<\/a><\/li>\n\n\n\n<li><a href=\"https:\/\/www.ssaver.gob.mx\/administraciondepersonal\/wp-content\/uploads\/sites\/15\/2023\/07\/ACTA-CONV-NUM-25_2023_SECCION-26-NORTE_2023.pdf\" target=\"_blank\" rel=\"noreferrer noopener\">Acta Convocatoria N\u00b0 25 &#8211; 2023 Hospital \u2013 SNTSA Secci\u00f3n 26 \u2013 NORTE<\/a><\/li>\n\n\n\n<li><a href=\"https:\/\/www.ssaver.gob.mx\/administraciondepersonal\/wp-content\/uploads\/sites\/15\/2023\/07\/ACTA-CONV-NUM-26_SECCION-26-NORTE_2023.pdf\" target=\"_blank\" rel=\"noreferrer noopener\">Acta Convocatoria N\u00b0 26 &#8211; 2023 Hospital \u2013 SNTSA Secci\u00f3n 26 \u2013 NORTE<\/a><\/li>\n\n\n\n<li><a href=\"https:\/\/www.ssaver.gob.mx\/administraciondepersonal\/wp-content\/uploads\/sites\/15\/2023\/07\/ACTA-CONV-NUM-27_2023_SECCION-26-NORTE_2023.pdf\" target=\"_blank\" rel=\"noreferrer noopener\">Acta Convocatoria N\u00b0 27 &#8211; 2023 Hospital \u2013 SNTSA Secci\u00f3n 26 \u2013 NORTE<\/a><\/li>\n\n\n\n<li><a href=\"https:\/\/www.ssaver.gob.mx\/administraciondepersonal\/wp-content\/uploads\/sites\/15\/2023\/07\/ACTA-CONV-NUM-28_2023_SECCION-26-NORTE_2023.pdf\" target=\"_blank\" rel=\"noreferrer noopener\">Acta Convocatoria N\u00b0 28 &#8211; 2023 Hospital \u2013 SNTSA Secci\u00f3n 26 \u2013 NORTE<\/a><\/li>\n\n\n\n<li><a rel=\"noreferrer noopener\" href=\"https:\/\/www.ssaver.gob.mx\/administraciondepersonal\/wp-content\/uploads\/sites\/15\/2023\/07\/CONV-NUM-19_2023_STSPEEV_7172_2023.pdf\" target=\"_blank\">Convocatoria N\u00b0 19 &#8211; 2023 Hospital &#8211; Ofic. SRH\/07172\/2023 &#8211; STSPEEV<\/a><\/li>\n\n\n\n<li><a href=\"https:\/\/www.ssaver.gob.mx\/administraciondepersonal\/wp-content\/uploads\/sites\/15\/2023\/08\/ACTA-CONV-NUM-33_2023_SECCION-26-NORTE_2023.pdf\" data-type=\"link\" data-id=\"https:\/\/www.ssaver.gob.mx\/administraciondepersonal\/wp-content\/uploads\/sites\/15\/2023\/08\/ACTA-CONV-NUM-33_2023_SECCION-26-NORTE_2023.pdf\">Acta Convocatoria N\u00b0 33 &#8211; 2023 Hospital \u2013 SNTSA Secci\u00f3n 26 \u2013 NORTE<\/a><\/li>\n\n\n\n<li><a href=\"https:\/\/www.ssaver.gob.mx\/administraciondepersonal\/wp-content\/uploads\/sites\/15\/2023\/08\/ACTA-CONV-NUM-36_2023_SECCION-26-NORTE_2023.pdf\" data-type=\"link\" data-id=\"https:\/\/www.ssaver.gob.mx\/administraciondepersonal\/wp-content\/uploads\/sites\/15\/2023\/08\/ACTA-CONV-NUM-36_2023_SECCION-26-NORTE_2023.pdf\">Acta Convocatoria N\u00b0 36 &#8211; 2023 Hospital \u2013 SNTSA Secci\u00f3n 26 \u2013 NORTE<\/a><\/li>\n\n\n\n<li><a href=\"https:\/\/www.ssaver.gob.mx\/administraciondepersonal\/wp-content\/uploads\/sites\/15\/2023\/09\/CONV-NUM-67_2023_SECCION-26-NORTE_11309_2023-.pdf\" data-type=\"link\" data-id=\"https:\/\/www.ssaver.gob.mx\/administraciondepersonal\/wp-content\/uploads\/sites\/15\/2023\/09\/CONV-NUM-67_2023_SECCION-26-NORTE_11309_2023-.pdf\">Convocatoria N\u00b0 67- 2023 Hospital &#8211; Ofic. SRH\/11309\/2023 &#8211; SNTSA Secci\u00f3n 26 NORTE<\/a><\/li>\n\n\n\n<li><a href=\"https:\/\/www.ssaver.gob.mx\/administraciondepersonal\/wp-content\/uploads\/sites\/15\/2023\/11\/CONV-NUM-47_2023_SECCION-26-NORTE_12762_2023-.pdf\" data-type=\"link\" data-id=\"https:\/\/www.ssaver.gob.mx\/administraciondepersonal\/wp-content\/uploads\/sites\/15\/2023\/11\/CONV-NUM-47_2023_SECCION-26-NORTE_12762_2023-.pdf\">Convocatoria N\u00b0 47- 2023 Hospital &#8211; Ofic. SRH\/12762\/2023 &#8211; SNTSA Secci\u00f3n 26 &#8211; NORTE<\/a><\/li>\n\n\n\n<li><a href=\"https:\/\/www.ssaver.gob.mx\/administraciondepersonal\/wp-content\/uploads\/sites\/15\/2023\/11\/CONV-NUM-80_83_2023_SECCION-26-NORTE_13419_2023-.pdf\" data-type=\"link\" data-id=\"https:\/\/www.ssaver.gob.mx\/administraciondepersonal\/wp-content\/uploads\/sites\/15\/2023\/11\/CONV-NUM-80_83_2023_SECCION-26-NORTE_13419_2023-.pdf\">Convocatoria N\u00b0 80, 83- 2023 Hospital &#8211; Ofic. SRH\/13419\/2023 &#8211; SNTSA Secci\u00f3n 26 \u2013 NORTE<\/a><\/li>\n\n\n\n<li><a href=\"https:\/\/www.ssaver.gob.mx\/administraciondepersonal\/wp-content\/uploads\/sites\/15\/2023\/11\/CONV-NUM-44_2023_SETSSV_10669_2023-.pdf\" data-type=\"link\" data-id=\"https:\/\/www.ssaver.gob.mx\/administraciondepersonal\/wp-content\/uploads\/sites\/15\/2023\/11\/CONV-NUM-44_2023_SETSSV_10669_2023-.pdf\">Convocatoria N\u00b0 44- 2023 Hospital &#8211; Ofic. SRH\/10669\/2023 &#8211; SETSSV<\/a><\/li>\n\n\n\n<li><a href=\"https:\/\/www.ssaver.gob.mx\/administraciondepersonal\/wp-content\/uploads\/sites\/15\/2023\/11\/CONV-NUM-22_46_48_2023_SECCION-26-NORTE_09908_2023-.pdf\" data-type=\"link\" data-id=\"https:\/\/www.ssaver.gob.mx\/administraciondepersonal\/wp-content\/uploads\/sites\/15\/2023\/11\/CONV-NUM-22_46_48_2023_SECCION-26-NORTE_09908_2023-.pdf\" target=\"_blank\" rel=\"noreferrer noopener\">Convocatoria N\u00b0 22, 46, 48- 2023 Hospital &#8211; Ofic. SRH\/09908\/2023 &#8211; SNTSA Secci\u00f3n 26 &#8211; NORTE<\/a><\/li>\n\n\n\n<li><a href=\"https:\/\/www.ssaver.gob.mx\/administraciondepersonal\/wp-content\/uploads\/sites\/15\/2023\/11\/CONV-NUM-63_2023_SECCION-26-NORTE_10528_2023-.pdf\" data-type=\"link\" data-id=\"https:\/\/www.ssaver.gob.mx\/administraciondepersonal\/wp-content\/uploads\/sites\/15\/2023\/11\/CONV-NUM-63_2023_SECCION-26-NORTE_10528_2023-.pdf\">Convocatoria N\u00b0 63 &#8211; 2023 Hospital &#8211; Ofic. SRH\/10528\/2023 &#8211; SNTSA Secci\u00f3n 26 \u2013 NORTE<\/a><\/li>\n\n\n\n<li><a href=\"https:\/\/www.ssaver.gob.mx\/administraciondepersonal\/wp-content\/uploads\/sites\/15\/2023\/11\/ACTA-CONV-NUM-62_2023_SECCION-26-NORTE_2023-.pdf\" data-type=\"link\" data-id=\"https:\/\/www.ssaver.gob.mx\/administraciondepersonal\/wp-content\/uploads\/sites\/15\/2023\/11\/ACTA-CONV-NUM-62_2023_SECCION-26-NORTE_2023-.pdf\">Acta-Convocatoria N\u00b0 62 \u2013 2023 Jurisdicci\u00f3n Sanitaria \u2013 SNTSA Secci\u00f3n 26 &#8211; NORTE<\/a><\/li>\n\n\n\n<li><a href=\"https:\/\/www.ssaver.gob.mx\/administraciondepersonal\/wp-content\/uploads\/sites\/15\/2023\/12\/ACTA-CONV-NUM-22_2023_SECCION-26-NORTE_2023-.pdf\" data-type=\"link\" data-id=\"https:\/\/www.ssaver.gob.mx\/administraciondepersonal\/wp-content\/uploads\/sites\/15\/2023\/12\/ACTA-CONV-NUM-22_2023_SECCION-26-NORTE_2023-.pdf\">Acta-Convocatoria N\u00b0 22 \u2013 2023 Hospital \u2013 SNTSA Secci\u00f3n 26 \u2013 NORTE<\/a><\/li>\n\n\n\n<li><a href=\"https:\/\/www.ssaver.gob.mx\/administraciondepersonal\/wp-content\/uploads\/sites\/15\/2023\/12\/ACTA-CONV-NUM-46_SECCION-26-NORTE_2023-.pdf\" data-type=\"link\" data-id=\"https:\/\/www.ssaver.gob.mx\/administraciondepersonal\/wp-content\/uploads\/sites\/15\/2023\/12\/ACTA-CONV-NUM-46_SECCION-26-NORTE_2023-.pdf\" target=\"_blank\" rel=\"noreferrer noopener\">Acta-Convocatoria N\u00b0 46 \u2013 2023 Hospital \u2013 SNTSA Secci\u00f3n 26 \u2013 NORTE<\/a><\/li>\n\n\n\n<li><a href=\"https:\/\/www.ssaver.gob.mx\/administraciondepersonal\/wp-content\/uploads\/sites\/15\/2023\/12\/ACTA-CONV-NUM-48_2023_SECCION-26-NORTE_2023-.pdf\" data-type=\"link\" data-id=\"https:\/\/www.ssaver.gob.mx\/administraciondepersonal\/wp-content\/uploads\/sites\/15\/2023\/12\/ACTA-CONV-NUM-48_2023_SECCION-26-NORTE_2023-.pdf\">Acta-Convocatoria N\u00b0 48 \u2013 2023 Hospital \u2013 SNTSA Secci\u00f3n 26 \u2013 NORTE<\/a><\/li>\n\n\n\n<li><a href=\"https:\/\/www.ssaver.gob.mx\/administraciondepersonal\/wp-content\/uploads\/sites\/15\/2023\/12\/ACTA-CONV-NUM-10_2023_STSPEEV_2023-.pdf\" data-type=\"link\" data-id=\"https:\/\/www.ssaver.gob.mx\/administraciondepersonal\/wp-content\/uploads\/sites\/15\/2023\/12\/ACTA-CONV-NUM-10_2023_STSPEEV_2023-.pdf\">Acta-Convocatoria N\u00b0 10 \u2013 2023 Hospital \u2013 STSPEEV<\/a><\/li>\n\n\n\n<li><a href=\"https:\/\/www.ssaver.gob.mx\/administraciondepersonal\/wp-content\/uploads\/sites\/15\/2024\/01\/CONV-NUM-34_2023_STSPEEV_14320_2023-.pdf\">Convocatoria N\u00b0 34- 2023 Hospital &#8211; Ofic. SRH\/14320\/2023 \u2013 STSPEEV<\/a><\/li>\n\n\n\n<li><a href=\"https:\/\/www.ssaver.gob.mx\/administraciondepersonal\/wp-content\/uploads\/sites\/15\/2024\/01\/ACTA-CONV-NUM-44_2023_SETSSV_2023-.pdf\">Acta Convocatoria N\u00b0 44 &#8211; 2023 Hospital \u2013 SETSSV<\/a><\/li>\n\n\n\n<li><a href=\"https:\/\/www.ssaver.gob.mx\/administraciondepersonal\/wp-content\/uploads\/sites\/15\/2024\/04\/ACTA-CONV-NUM-18_2023_SECCION-26-NORTE_2023.pdf\">Acta Convocatoria N\u00b0 18 &#8211; 2023 Hospital \u2013 SNTSA Secci\u00f3n 26 NORTE<\/a><\/li>\n\n\n\n<li><a href=\"https:\/\/www.ssaver.gob.mx\/administraciondepersonal\/wp-content\/uploads\/sites\/15\/2024\/04\/ACTA-CONV-NUM-34_2023_STSPEEV_2024-.pdf\">Acta Convocatoria N\u00b0 34 &#8211; 2023 Hospital\u2013 STSPEEV<\/a><\/li>\n\n\n\n<li><a href=\"https:\/\/www.ssaver.gob.mx\/administraciondepersonal\/wp-content\/uploads\/sites\/15\/2024\/05\/ACTA-CONV-NUM-63_2023_SECCION-26-NORTE_2023.pdf\">Acta Convocatoria N\u00b0 63 \u2013 2023 &#8211; Hospital \u2013 SNTSA Secci\u00f3n 26 NORTE<\/a><\/li>\n\n\n\n<li><a href=\"https:\/\/www.ssaver.gob.mx\/administraciondepersonal\/wp-content\/uploads\/sites\/15\/2024\/06\/ACTA-CONV-NUM-80_2023_SECCION-26-NORTE_2023.pdf\">Acta Convocatoria N\u00b0 80 \u2013 2023 &#8211; Hospital \u2013 SNTSA Secci\u00f3n 26 &#8211; NORTE<\/a><\/li>\n\n\n\n<li><a href=\"https:\/\/www.ssaver.gob.mx\/administraciondepersonal\/wp-content\/uploads\/sites\/15\/2024\/06\/ACTA-CONV-NUM-19_2023_STSPEEV_2023.pdf\">Acta Convocatoria N\u00b0 19 &#8211; 2023 Hospital\u2013 STSPEEV<\/a><\/li>\n<\/ul>\n\n\n\n<p>Hospital General de Papantla \u00abDr. Jos\u00e9 Buill Belenguer\u00bb<\/p>\n\n\n\n<ul class=\"wp-block-list\">\n<li><a href=\"https:\/\/www.ssaver.gob.mx\/administraciondepersonal\/wp-content\/uploads\/sites\/15\/2023\/05\/ACTA-CONV-NUM-09_2022_SETSSV_2022.pdf\" target=\"_blank\" rel=\"noreferrer noopener\">Acta-Convocatoria N\u00b0 09 -2022 Hospital &#8211; SETSSV<\/a><\/li>\n<\/ul>\n\n\n\n<ul class=\"wp-block-list\">\n<li><a href=\"https:\/\/www.ssaver.gob.mx\/administraciondepersonal\/wp-content\/uploads\/sites\/15\/2023\/09\/CONV-NUM-38_2023_SETSSV_2023_7594_2023.pdf\" data-type=\"link\" data-id=\"https:\/\/www.ssaver.gob.mx\/administraciondepersonal\/wp-content\/uploads\/sites\/15\/2023\/09\/CONV-NUM-38_2023_SETSSV_2023_7594_2023.pdf\">Convocatoria N\u00b0 38- 2023 Hospital &#8211; Ofic. SRH\/07594\/2023 \u2013 SETSSV<\/a><\/li>\n\n\n\n<li><a href=\"https:\/\/www.ssaver.gob.mx\/administraciondepersonal\/wp-content\/uploads\/sites\/15\/2023\/12\/ACTA-CONV-NUM-38_2023_SETSSV_2023-.pdf\" data-type=\"link\" data-id=\"https:\/\/www.ssaver.gob.mx\/administraciondepersonal\/wp-content\/uploads\/sites\/15\/2023\/12\/ACTA-CONV-NUM-38_2023_SETSSV_2023-.pdf\">Acta-Convocatoria N\u00b0 38 \u2013 2023 Hospital \u2013 SETSSV<\/a><\/li>\n<\/ul>\n\n\n\n<p>Hospital de la Comunidad de Huayacocotla<\/p>\n\n\n\n<ul class=\"wp-block-list\">\n<li><a href=\"https:\/\/www.ssaver.gob.mx\/administraciondepersonal\/wp-content\/uploads\/sites\/15\/2023\/03\/CONV-NUM-13_2023_SECCION-26-NORTE_1021_2023.pdf\" target=\"_blank\" rel=\"noreferrer noopener\">Convocatorias N\u00b0 13 &#8211; 2023 Hospital &#8211; Ofic. SRH\/01021\/2023 \u2013 SNTSA Secci\u00f3n 26 &#8211; NORTE<\/a><\/li>\n<\/ul>\n\n\n\n<p>Hospital de la Comunidad de Llano En medio<\/p>\n\n\n\n<ul class=\"wp-block-list\">\n<li><a href=\"https:\/\/www.ssaver.gob.mx\/administraciondepersonal\/wp-content\/uploads\/sites\/15\/2023\/06\/CONV-NUM-32_2023_SECCION-26-NORTE_04130_2023.pdf\" target=\"_blank\" rel=\"noreferrer noopener\">Convocatoria N\u00b0 32 &#8211; 2023 Hospital \u2013 Ofic. SRH\/03315\/2023 &#8211; SNTSA Secci\u00f3n 26 \u2013 NORTE<\/a><\/li>\n\n\n\n<li><a href=\"https:\/\/www.ssaver.gob.mx\/administraciondepersonal\/wp-content\/uploads\/sites\/15\/2023\/06\/CONV-NUM-40_2023_SECCION-26-NORTE_04420_2023.pdf\" target=\"_blank\" rel=\"noreferrer noopener\">Convocatoria N\u00b0 40 &#8211; 2023 Hospital \u2013 Ofic. SRH\/03315\/2023 &#8211; SNTSA Secci\u00f3n 26 \u2013 NORTE<\/a><\/li>\n<\/ul>\n\n\n\n<p>Hospital de la Comunidad de Entabladero<\/p>\n\n\n\n<ul class=\"wp-block-list\">\n<li><a href=\"https:\/\/www.ssaver.gob.mx\/administraciondepersonal\/wp-content\/uploads\/sites\/15\/2023\/04\/Convocatoria-No.-34-Hospital-de-la-Comunidad-de-Entabladero-Seccion-26-Norte.pdf\" target=\"_blank\" rel=\"noreferrer noopener\">Convocatorias N\u00b0 34 &#8211; 2023 Hospital &#8211; Ofic. SRH\/02304\/2023 \u2013 SNTSA Secci\u00f3n 26 &#8211; NORTE<\/a><\/li>\n\n\n\n<li><a href=\"https:\/\/www.ssaver.gob.mx\/administraciondepersonal\/wp-content\/uploads\/sites\/15\/2023\/11\/ACTA-CONV-NUM-34_2023_SECCION-26-NORTE_2023-.pdf\" data-type=\"link\" data-id=\"https:\/\/www.ssaver.gob.mx\/administraciondepersonal\/wp-content\/uploads\/sites\/15\/2023\/11\/ACTA-CONV-NUM-34_2023_SECCION-26-NORTE_2023-.pdf\" target=\"_blank\" rel=\"noreferrer noopener\">Acta-Convocatoria N\u00b0 34 \u2013 2023 Hospital \u2013 SNTSA Secci\u00f3n 26 NORTE<\/a><\/li>\n<\/ul>\n\n\n\n<p>Casa Hogar del Adulto Mayor \u00abLi Mash Kan\u00bb<\/p>\n\n\n\n<p><strong>Jurisdicci\u00f3n Sanitaria No. IV &#8211; Mart\u00ednez de la Torre<\/strong><\/p>\n\n\n\n<ul class=\"wp-block-list\">\n<li><a rel=\"noreferrer noopener\" href=\"https:\/\/www.ssaver.gob.mx\/administraciondepersonal\/wp-content\/uploads\/sites\/15\/2023\/03\/CONV-NUM-02_03_09_12_16_2023_SECCION-26-NORTE_2023.pdf\" target=\"_blank\">Convocatorias N\u00b0 02, 03, 09, 12, 16 &#8211; 2023 Jurisdicci\u00f3n Sanitaria &#8211; Ofic. SRH\/01025\/2023 \u2013 SNTSA Secci\u00f3n 26 &#8211; NORTE<\/a><\/li>\n\n\n\n<li><a rel=\"noreferrer noopener\" href=\"https:\/\/www.ssaver.gob.mx\/administraciondepersonal\/wp-content\/uploads\/sites\/15\/2023\/03\/CONV-NUM-07_2023_SECCION-26-NORTE_00798_2023.pdf\" target=\"_blank\">Convocatoria N\u00b007 &#8211; 2023 Jurisdicci\u00f3n Sanitaria &#8211; Ofic. SRH\/0798\/2023 \u2013 SNTSA Secci\u00f3n 26-NORTE<\/a><\/li>\n\n\n\n<li><a rel=\"noreferrer noopener\" href=\"https:\/\/www.ssaver.gob.mx\/administraciondepersonal\/wp-content\/uploads\/sites\/15\/2023\/05\/ACTA-CONV-NUM-22_2022_SECCION-26-NORTE_2022.pdf\" target=\"_blank\">Acta Convocatoria N\u00b0 22 &#8211; 2022 Jurisdicci\u00f3n Sanitaria\u2013 SNTSA Secci\u00f3n 26 \u2013 NORTE<\/a><\/li>\n\n\n\n<li><a rel=\"noreferrer noopener\" href=\"https:\/\/www.ssaver.gob.mx\/administraciondepersonal\/wp-content\/uploads\/sites\/15\/2023\/06\/CONV-NUM-18_2023_STSPEEV_6099_2023.pdf\" target=\"_blank\">Convocatoria N\u00b0 18 -2023 Jurisdicci\u00f3n Sanitaria &#8211; Ofic. SRH\/06099\/2023 &#8211; STSPEEV<\/a><\/li>\n\n\n\n<li><a rel=\"noreferrer noopener\" href=\"https:\/\/www.ssaver.gob.mx\/administraciondepersonal\/wp-content\/uploads\/sites\/15\/2023\/06\/CONV-NUM-13_2023_SECCION-70_5309_2023.pdf\" target=\"_blank\">Convocatoria N\u00b0 13-2023 Ofic. SRH\/05309\/2023 Jurisdicci\u00f3n Sanitaria\u2013 SNTSA Secci\u00f3n 70<\/a><\/li>\n\n\n\n<li><a href=\"https:\/\/www.ssaver.gob.mx\/administraciondepersonal\/wp-content\/uploads\/sites\/15\/2023\/08\/CONV-NUM-43_2023_SECCION-26-NORTE_07951_2023.pdf\" data-type=\"link\" data-id=\"https:\/\/www.ssaver.gob.mx\/administraciondepersonal\/wp-content\/uploads\/sites\/15\/2023\/08\/CONV-NUM-43_2023_SECCION-26-NORTE_07951_2023.pdf\">Convocatoria N\u00b043 \u2013 2023 Jurisdicci\u00f3n Sanitaria \u2013 Ofic. SRH\/07951\/2023 \u2013 SNTSA Seccion 26-NORTE<\/a><\/li>\n\n\n\n<li><a href=\"https:\/\/www.ssaver.gob.mx\/administraciondepersonal\/wp-content\/uploads\/sites\/15\/2023\/09\/ACTA-CONV-NUM-07_2023_SECCION-26-NORTE_2023-.pdf\" data-type=\"link\" data-id=\"https:\/\/www.ssaver.gob.mx\/administraciondepersonal\/wp-content\/uploads\/sites\/15\/2023\/09\/ACTA-CONV-NUM-07_2023_SECCION-26-NORTE_2023-.pdf\">Acta Convocatoria N\u00b0 07 &#8211; 2023 Jurisdicci\u00f3n Sanitaria \u2013 SNTSA Secci\u00f3n 26 NORTE<\/a><\/li>\n\n\n\n<li><a href=\"https:\/\/www.ssaver.gob.mx\/administraciondepersonal\/wp-content\/uploads\/sites\/15\/2023\/10\/CONV-NUM-19_2023_SECCION-70_10934_2023-.pdf\" data-type=\"link\" data-id=\"https:\/\/www.ssaver.gob.mx\/administraciondepersonal\/wp-content\/uploads\/sites\/15\/2023\/10\/CONV-NUM-19_2023_SECCION-70_10934_2023-.pdf\">Convocatoria N\u00b0 19 &#8211; 2023 Jurisdicci\u00f3n Sanitaria Ofic. SRH\/10934\/2023 &#8211; SNTSA Secci\u00f3n 70<\/a><\/li>\n\n\n\n<li><a href=\"https:\/\/www.ssaver.gob.mx\/administraciondepersonal\/wp-content\/uploads\/sites\/15\/2023\/10\/ACTA-CONV-NUM-02_2023_SECCION-26-NORTE_2023-.pdf\" data-type=\"link\" data-id=\"https:\/\/www.ssaver.gob.mx\/administraciondepersonal\/wp-content\/uploads\/sites\/15\/2023\/10\/ACTA-CONV-NUM-02_2023_SECCION-26-NORTE_2023-.pdf\">Acta Convocatoria N\u00b0 02 &#8211; 2023 Jurisdicci\u00f3n Sanitaria \u2013 SNTSA Secci\u00f3n 26 NORTE<\/a><\/li>\n\n\n\n<li><a href=\"https:\/\/www.ssaver.gob.mx\/administraciondepersonal\/wp-content\/uploads\/sites\/15\/2023\/10\/ACTA-CONV-NUM-16_2023_SECCION-26-NORTE_2023-.pdf\" data-type=\"link\" data-id=\"https:\/\/www.ssaver.gob.mx\/administraciondepersonal\/wp-content\/uploads\/sites\/15\/2023\/10\/ACTA-CONV-NUM-16_2023_SECCION-26-NORTE_2023-.pdf\">Acta Convocatoria N\u00b0 16 &#8211; 2023 Jurisdicci\u00f3n Sanitaria \u2013 SNTSA Secci\u00f3n 26 NORTE<\/a><\/li>\n\n\n\n<li><a href=\"https:\/\/www.ssaver.gob.mx\/administraciondepersonal\/wp-content\/uploads\/sites\/15\/2023\/11\/ACTA-CONV-NUM-13_2023_SECCION-70_2023-.pdf\" data-type=\"link\" data-id=\"https:\/\/www.ssaver.gob.mx\/administraciondepersonal\/wp-content\/uploads\/sites\/15\/2023\/11\/ACTA-CONV-NUM-13_2023_SECCION-70_2023-.pdf\">Acta Convocatoria N\u00b0 13 &#8211; 2023 Jurisdicci\u00f3n Sanitaria &#8211; SNTSA Secci\u00f3n 70<\/a><\/li>\n\n\n\n<li><a href=\"https:\/\/www.ssaver.gob.mx\/administraciondepersonal\/wp-content\/uploads\/sites\/15\/2023\/11\/CONV-NUM-44_2023_SECCION-26-NORTE_9943_2023-.pdf\" data-type=\"link\" data-id=\"https:\/\/www.ssaver.gob.mx\/administraciondepersonal\/wp-content\/uploads\/sites\/15\/2023\/11\/CONV-NUM-44_2023_SECCION-26-NORTE_9943_2023-.pdf\" target=\"_blank\" rel=\"noreferrer noopener\">Convocatoria N\u00b0 44- 2023 Jurisdicci\u00f3n Sanitaria &#8211; Ofic. SRH\/09943\/2023 &#8211; SNTSA Secci\u00f3n 26 &#8211; NORTE<\/a><\/li>\n\n\n\n<li><a href=\"https:\/\/www.ssaver.gob.mx\/administraciondepersonal\/wp-content\/uploads\/sites\/15\/2023\/12\/ACTA-CONV-NUM-44_2023_SECCION-26-NORTE_2023-.pdf\" data-type=\"link\" data-id=\"https:\/\/www.ssaver.gob.mx\/administraciondepersonal\/wp-content\/uploads\/sites\/15\/2023\/12\/ACTA-CONV-NUM-44_2023_SECCION-26-NORTE_2023-.pdf\">Acta-Convocatoria N\u00b0 44 \u2013 2023 Jurisdicci\u00f3n Sanitaria \u2013 SNTSA Secci\u00f3n 26 \u2013 NORTE<\/a><\/li>\n\n\n\n<li><a href=\"https:\/\/www.ssaver.gob.mx\/administraciondepersonal\/wp-content\/uploads\/sites\/15\/2023\/12\/ACTA-CONV-NUM-18_2023_STSPEEV_2023-.pdf\" data-type=\"link\" data-id=\"https:\/\/www.ssaver.gob.mx\/administraciondepersonal\/wp-content\/uploads\/sites\/15\/2023\/12\/ACTA-CONV-NUM-18_2023_STSPEEV_2023-.pdf\">Acta-Convocatoria N\u00b0 18 \u2013 2023 Jurisdicci\u00f3n Sanitaria \u2013 STSPEEV<\/a><\/li>\n\n\n\n<li><a href=\"https:\/\/www.ssaver.gob.mx\/administraciondepersonal\/wp-content\/uploads\/sites\/15\/2024\/01\/ACTA-CONV-NUM-43_2023_SECCION-26-NORTE_2023-.pdf\">Acta Convocatoria N\u00b0 43 &#8211; 2023 Jurisdicci\u00f3n Sanitaria &#8211; SNTSA Secci\u00f3n 26 \u2013 NORTE<\/a><\/li>\n\n\n\n<li><a href=\"https:\/\/www.ssaver.gob.mx\/administraciondepersonal\/wp-content\/uploads\/sites\/15\/2024\/01\/ACTA-CONV-NUM-19_2023_SECCION-70_2023-.pdf\">Acta Convocatoria N\u00b0 19 &#8211; 2023 Jurisdicci\u00f3n Sanitaria &#8211; SNTSA Secci\u00f3n 70<\/a><\/li>\n\n\n\n<li><a href=\"https:\/\/www.ssaver.gob.mx\/administraciondepersonal\/wp-content\/uploads\/sites\/15\/2024\/01\/CONV-NUM-84_2023_SECCION-26-NORTE_6025_2024-.pdf\">Convocatoria N\u00b0 84- 2023 Jurisdicci\u00f3n Sanitaria &#8211; Ofic. SRH\/06025\/2024 &#8211; SNTSA Secci\u00f3n 26 NORTE<\/a><\/li>\n\n\n\n<li><a href=\"https:\/\/www.ssaver.gob.mx\/administraciondepersonal\/wp-content\/uploads\/sites\/15\/2024\/12\/ACTA-CONV-NUM-84_2023_SECCION-26-NORTE_2023.pdf\">Acta Convocatoria N\u00b0 84 &#8211; 2023 Jurisdicci\u00f3n Sanitaria &#8211; SNTSA Secci\u00f3n 26 &#8211; NORTE<\/a><\/li>\n<\/ul>\n\n\n\n<p>Hospital General de Mart\u00ednez de la Torre \u00abManuel \u00c1vila Camacho\u00bb<\/p>\n\n\n\n<p>Hospital General de Misantla<\/p>\n\n\n\n<ul class=\"wp-block-list\">\n<li><a href=\"https:\/\/www.ssaver.gob.mx\/administraciondepersonal\/wp-content\/uploads\/sites\/15\/2023\/03\/CONV-NUM-08_2023_SECCION-26-NORTE_1020_2023.pdf\" target=\"_blank\" rel=\"noreferrer noopener\">Convocatorias N\u00b0 08 &#8211; 2023 Hospital &#8211; Ofic. SRH\/01020\/2023 \u2013 SNTSA Secci\u00f3n 26 &#8211; NORTE<\/a><\/li>\n<\/ul>\n\n\n\n<p>Hospital de la Comunidad de Guti\u00e9rrez Zamora<\/p>\n\n\n\n<ul class=\"wp-block-list\">\n<li><a rel=\"noreferrer noopener\" href=\"https:\/\/www.ssaver.gob.mx\/administraciondepersonal\/wp-content\/uploads\/sites\/15\/2023\/01\/CONV-NUM-36_2022_SETSSV.pdf\" target=\"_blank\">Convocatoria N\u00b036 Hospital &#8211; Ofic. SRH\/15390\/2022 &#8211; SETSSV<\/a><\/li>\n\n\n\n<li><a rel=\"noreferrer noopener\" href=\"https:\/\/www.ssaver.gob.mx\/administraciondepersonal\/wp-content\/uploads\/sites\/15\/2023\/05\/CONV-NUM-04_2023_SUETYPS_04430_2023.pdf\" target=\"_blank\">Convocatoria N\u00b0 04 &#8211; 2023 Hospital &#8211; Ofic. SRH\/04430\/2023 \u2013 SUETYPS<\/a><\/li>\n\n\n\n<li><a href=\"https:\/\/www.ssaver.gob.mx\/administraciondepersonal\/wp-content\/uploads\/sites\/15\/2023\/09\/ACTA-CONV-NUM-04_2023_SUETYPS_2023-.pdf\" data-type=\"link\" data-id=\"https:\/\/www.ssaver.gob.mx\/administraciondepersonal\/wp-content\/uploads\/sites\/15\/2023\/09\/ACTA-CONV-NUM-04_2023_SUETYPS_2023-.pdf\">Acta Convocatoria N\u00b0 04 &#8211; 2023 Hospital \u2013 SUETYPS<\/a><\/li>\n<\/ul>\n\n\n\n<p>Hospital de la Comunidad de Tlapacoyan<\/p>\n\n\n\n<ul class=\"wp-block-list\">\n<li><a href=\"https:\/\/www.ssaver.gob.mx\/administraciondepersonal\/wp-content\/uploads\/sites\/15\/2023\/09\/CONV-NUM-66_2023_SECCION-26-NORTE_11311_2023-.pdf\" data-type=\"link\" data-id=\"https:\/\/www.ssaver.gob.mx\/administraciondepersonal\/wp-content\/uploads\/sites\/15\/2023\/09\/CONV-NUM-66_2023_SECCION-26-NORTE_11311_2023-.pdf\">Convocatoria N\u00b0 66- 2023 Hospital &#8211; Ofic. SRH\/11311\/2023 &#8211; SNTSA Secci\u00f3n 26 NORTE<\/a><\/li>\n<\/ul>\n\n\n\n<p><strong>Jurisdicci\u00f3n Sanitaria No. V &#8211; Xalapa<\/strong><\/p>\n\n\n\n<ul class=\"wp-block-list\">\n<li><a rel=\"noreferrer noopener\" href=\"https:\/\/www.ssaver.gob.mx\/administraciondepersonal\/wp-content\/uploads\/sites\/15\/2023\/03\/CONV-NUM-04_05_2023_SECCION-70_0897_2023.pdf\" target=\"_blank\">Convocatorias N\u00b0 04, 05 &#8211; 2023 Jurisdicci\u00f3n Sanitaria &#8211; Ofic. SRH\/00897\/2023 \u2013 SNTSA Secci\u00f3n 70<\/a><\/li>\n\n\n\n<li><a rel=\"noreferrer noopener\" href=\"https:\/\/www.ssaver.gob.mx\/administraciondepersonal\/wp-content\/uploads\/sites\/15\/2023\/03\/CONV-NUM-07_2023_SECCION-70_1242_2023.pdf\" target=\"_blank\">Convocatorias N\u00b0 07 &#8211; 2023 Jurisdicci\u00f3n Sanitaria &#8211; Ofic. SRH\/001242\/2023 \u2013 SNTSA Secci\u00f3n 70<\/a><\/li>\n\n\n\n<li><a rel=\"noreferrer noopener\" href=\"https:\/\/www.ssaver.gob.mx\/administraciondepersonal\/wp-content\/uploads\/sites\/15\/2023\/03\/Convo_5_No_03066_26_CENTRO2.pdf\" target=\"_blank\">Convocatorias N\u00b0 05 &#8211; 2023 Jurisdicci\u00f3n Sanitaria &#8211; Ofic. SRH\/03066\/2023 \u2013 SNTSA Secci\u00f3n 26 CENTRO<\/a><\/li>\n\n\n\n<li><a rel=\"noreferrer noopener\" href=\"https:\/\/www.ssaver.gob.mx\/administraciondepersonal\/wp-content\/uploads\/sites\/15\/2023\/05\/CONV-NUM-0203050607-2023-SUETYPS_04429_2023.pdf\" target=\"_blank\">Convocatoria N\u00b0 02,03,05,06,07 &#8211; 2023 Jurisdicci\u00f3n Sanitaria &#8211; Ofic. SRH\/04429\/2023 \u2013 SUETYPS<\/a><\/li>\n\n\n\n<li><a rel=\"noreferrer noopener\" href=\"https:\/\/www.ssaver.gob.mx\/administraciondepersonal\/wp-content\/uploads\/sites\/15\/2023\/07\/CONV-NUM-08_2023_SUETYPS_2023_6577_2023.pdf\" target=\"_blank\">Convocatoria N\u00b0 08 &#8211; 2023 Jurisdicci\u00f3n Sanitaria &#8211; Ofic. SRH\/06577\/2023 \u2013 SUETYPS<\/a><\/li>\n\n\n\n<li><a rel=\"noreferrer noopener\" href=\"https:\/\/www.ssaver.gob.mx\/administraciondepersonal\/wp-content\/uploads\/sites\/15\/2023\/08\/CONV-NUM-09_2023_SUETYPS_8375_2023.pdf\" target=\"_blank\">Convocatoria N\u00b0 09 &#8211; 2023 Jurisdicci\u00f3n Sanitaria &#8211; Ofic. SRH\/08375\/2023 &#8211; SUETYPS<\/a><\/li>\n\n\n\n<li><a href=\"https:\/\/www.ssaver.gob.mx\/administraciondepersonal\/wp-content\/uploads\/sites\/15\/2023\/09\/ACTA-CONV-NUM-07_2023_SECCION-70_2023-.pdf\" data-type=\"link\" data-id=\"https:\/\/www.ssaver.gob.mx\/administraciondepersonal\/wp-content\/uploads\/sites\/15\/2023\/09\/ACTA-CONV-NUM-07_2023_SECCION-70_2023-.pdf\">Acta Convocatoria N\u00b0 07 &#8211; 2023 Jurisdicci\u00f3n Sanitaria \u2013 SNTSA Secci\u00f3n 70<\/a><\/li>\n\n\n\n<li><a href=\"https:\/\/www.ssaver.gob.mx\/administraciondepersonal\/wp-content\/uploads\/sites\/15\/2023\/10\/CONV-NUM-12_2023_SECCION-70_6901_2023.pdf\" data-type=\"link\" data-id=\"https:\/\/www.ssaver.gob.mx\/administraciondepersonal\/wp-content\/uploads\/sites\/15\/2023\/10\/CONV-NUM-12_2023_SECCION-70_6901_2023.pdf\">Convocatoria N\u00b0 12 &#8211; 2023 Jurisdicci\u00f3n Sanitaria Ofic. SRH\/06901\/2023 &#8211; SNTSA Secci\u00f3n 70<\/a><\/li>\n\n\n\n<li><a href=\"https:\/\/www.ssaver.gob.mx\/administraciondepersonal\/wp-content\/uploads\/sites\/15\/2023\/10\/ACTA-CONV-NUM-08_2023_SUETYPS_2023-.pdf\" data-type=\"link\" data-id=\"https:\/\/www.ssaver.gob.mx\/administraciondepersonal\/wp-content\/uploads\/sites\/15\/2023\/10\/ACTA-CONV-NUM-08_2023_SUETYPS_2023-.pdf\">Acta Convocatoria N\u00b0 08 &#8211; 2023 Jurisdicci\u00f3n Sanitaria \u2013 SUETYPS<\/a><\/li>\n\n\n\n<li><a href=\"https:\/\/www.ssaver.gob.mx\/administraciondepersonal\/wp-content\/uploads\/sites\/15\/2023\/10\/ACTA-CONV-NUM-09_2023_SUETYPS_2023-.pdf\" data-type=\"link\" data-id=\"https:\/\/www.ssaver.gob.mx\/administraciondepersonal\/wp-content\/uploads\/sites\/15\/2023\/10\/ACTA-CONV-NUM-09_2023_SUETYPS_2023-.pdf\">Acta Convocatoria N\u00b0 09 &#8211; 2023 Jurisdicci\u00f3n Sanitaria \u2013 SUETYPS<\/a><\/li>\n\n\n\n<li><a href=\"https:\/\/www.ssaver.gob.mx\/administraciondepersonal\/wp-content\/uploads\/sites\/15\/2023\/11\/ACTA-CONV-NUM-67_2023_SECCION-26-CENTRO_2023-.pdf\" data-type=\"link\" data-id=\"https:\/\/www.ssaver.gob.mx\/administraciondepersonal\/wp-content\/uploads\/sites\/15\/2023\/11\/ACTA-CONV-NUM-67_2023_SECCION-26-CENTRO_2023-.pdf\">Acta Convocatoria N\u00b0 67 &#8211; 2023 Jurisdicci\u00f3n Sanitaria &#8211; SNTSA Secci\u00f3n 26 \u2013 CENTRO<\/a><\/li>\n\n\n\n<li><a href=\"https:\/\/www.ssaver.gob.mx\/administraciondepersonal\/wp-content\/uploads\/sites\/15\/2023\/11\/CONV-NUM-02_08_10_12_14_15_16_30_37_59_2023_SECCION-26-CENTRO_13022_2023-.pdf\" data-type=\"link\" data-id=\"https:\/\/www.ssaver.gob.mx\/administraciondepersonal\/wp-content\/uploads\/sites\/15\/2023\/11\/CONV-NUM-02_08_10_12_14_15_16_30_37_59_2023_SECCION-26-CENTRO_13022_2023-.pdf\">Convocatoria N\u00b0 02,08,10,12,14,15,16,30,37,59 &#8211; 2023 Jurisdicci\u00f3n Sanitaria Ofic. SRH\/13022\/2023 &#8211; SNTSA Secci\u00f3n 26 &#8211; CENTRO<\/a><\/li>\n\n\n\n<li><a href=\"https:\/\/www.ssaver.gob.mx\/administraciondepersonal\/wp-content\/uploads\/sites\/15\/2023\/11\/CONV-NUM-10_2023_SUETYPS_12608_2023-.pdf\" data-type=\"link\" data-id=\"https:\/\/www.ssaver.gob.mx\/administraciondepersonal\/wp-content\/uploads\/sites\/15\/2023\/11\/CONV-NUM-10_2023_SUETYPS_12608_2023-.pdf\">Convocatoria N\u00b0 10 &#8211; 2023 Jurisdicci\u00f3n Sanitaria &#8211; Ofic. SRH\/12608\/2023 &#8211; SUETYPS<\/a><\/li>\n\n\n\n<li><a href=\"https:\/\/www.ssaver.gob.mx\/administraciondepersonal\/wp-content\/uploads\/sites\/15\/2024\/04\/ACTA-CONV-NUM-10_2023-SUETYPS.pdf\">Acta Convocatoria N\u00b0 10 \u2013 2023 \u2013 Jurisdicci\u00f3n Sanitaria &#8211; SUETYPS<\/a><\/li>\n\n\n\n<li><a href=\"https:\/\/www.ssaver.gob.mx\/administraciondepersonal\/wp-content\/uploads\/sites\/15\/2024\/04\/CONV-NUM-69_70_71_72_103_123_125_145_2023_SECCION-26-CENTRO_13237_2023-.pdf\">Convocatoria N\u00b0 69, 70, 71, 72, 103, 123, 125, 145 &#8211; 2023 Jurisdicci\u00f3n Sanitaria Ofic. SRH\/13237\/2023 &#8211; SNTSA Secci\u00f3n 26 &#8211; CENTRO<\/a><\/li>\n\n\n\n<li><a href=\"https:\/\/www.ssaver.gob.mx\/administraciondepersonal\/wp-content\/uploads\/sites\/15\/2024\/05\/ACTA-CONV-NUM-14_2023_SECCION-26-CENTRO_2023-.pdf\">Acta Convocatoria N\u00b0 14 \u2013 2023 &#8211; Jurisdicci\u00f3n Sanitaria \u2013 SNTSA Secci\u00f3n 26 CENTRO<\/a><\/li>\n\n\n\n<li><a href=\"https:\/\/www.ssaver.gob.mx\/administraciondepersonal\/wp-content\/uploads\/sites\/15\/2024\/05\/ACTA-CONV-NUM-37_2023_SECCION-26-CENTRO_2023-.pdf\">Acta Convocatoria N\u00b0 37 \u2013 2023 &#8211; Jurisdicci\u00f3n Sanitaria \u2013 SNTSA Secci\u00f3n 26 CENTRO<\/a><\/li>\n\n\n\n<li><a href=\"https:\/\/www.ssaver.gob.mx\/administraciondepersonal\/wp-content\/uploads\/sites\/15\/2024\/05\/ACTA-CONV-NUM-123_2023_SECCION-26-CENTRO_2023-.pdf\">Acta Convocatoria N\u00b0 123 \u2013 2023 Jurisdicci\u00f3n Sanitaria \u2013 SNTSA Secci\u00f3n 26 CENTRO<\/a><\/li>\n\n\n\n<li><a href=\"https:\/\/www.ssaver.gob.mx\/administraciondepersonal\/wp-content\/uploads\/sites\/15\/2024\/06\/ACTA-CONV-NUM-04_2023_SECCION-70_2023-2.pdf\">Acta Convocatoria N\u00b0 04 &#8211; 2023 Jurisdicci\u00f3n Sanitaria \u2013 SNTSA Secci\u00f3n 70<\/a><\/li>\n<\/ul>\n\n\n\n<p>Hospital Regional de Xalapa \u00abDr. Luis F. Nach\u00f3n\u00bb<\/p>\n\n\n\n<ul class=\"wp-block-list\">\n<li><a rel=\"noreferrer noopener\" href=\"https:\/\/www.ssaver.gob.mx\/administraciondepersonal\/wp-content\/uploads\/sites\/15\/2023\/01\/CONV-NUM-37_2022_SETSSV-.pdf\" target=\"_blank\">Convocatoria N\u00b037 Hospital &#8211; Ofic. SRH\/15388\/2022 \u2013 SETSSV<\/a><\/li>\n\n\n\n<li><a rel=\"noreferrer noopener\" href=\"https:\/\/www.ssaver.gob.mx\/administraciondepersonal\/wp-content\/uploads\/sites\/15\/2023\/02\/CONV-NUM-03_04_202_STSPEEV_2023.pdf\" target=\"_blank\">Convocatoria N\u00b003 Hospital &#8211; Ofic. SRH\/00663\/2023 \u2013 STSPEEV<\/a><\/li>\n\n\n\n<li><a rel=\"noreferrer noopener\" href=\"https:\/\/www.ssaver.gob.mx\/administraciondepersonal\/wp-content\/uploads\/sites\/15\/2023\/03\/CONV-NUM-02_2023_SIEDIPEV_1086_2023-.pdf\" target=\"_blank\">Convocatorias N\u00b0 02 &#8211; 2023 Hospital &#8211; Ofic. SRH\/1086\/2023 \u2013 SIEDIPEV<\/a><\/li>\n\n\n\n<li><a rel=\"noreferrer noopener\" href=\"https:\/\/www.ssaver.gob.mx\/administraciondepersonal\/wp-content\/uploads\/sites\/15\/2023\/03\/CONV-NUM_02_2023_SIEDIPEV_1086_2023.pdf\" target=\"_blank\">Convocatoria N\u00b0 02 Hospital &#8211; Ofic. SRH\/1086\/2023 &#8211; SIEDIPEV<\/a><\/li>\n\n\n\n<li><a rel=\"noreferrer noopener\" href=\"https:\/\/www.ssaver.gob.mx\/administraciondepersonal\/wp-content\/uploads\/sites\/15\/2023\/04\/Convocatoria-No.-07-Hospital-Regional-Dr.-Luis-F.-Nachon-STSPEEV_.pdf\" target=\"_blank\">Convocatoria N\u00b007 Hospital &#8211; Ofic. SRH\/02305\/2023 \u2013 STSPEEV<\/a><\/li>\n\n\n\n<li><a href=\"https:\/\/www.ssaver.gob.mx\/administraciondepersonal\/wp-content\/uploads\/sites\/15\/2023\/05\/CONV-NUM-06_09_15_STSPEEV_5346_2023.pdf\" target=\"_blank\" rel=\"noreferrer noopener\">Convocatoria N\u00b0 06, 09, 15 &#8211; 2023 Hospital &#8211; Ofic. SRH\/05346\/2023 &#8211; STSPEEV<\/a><\/li>\n\n\n\n<li><a href=\"https:\/\/www.ssaver.gob.mx\/administraciondepersonal\/wp-content\/uploads\/sites\/15\/2023\/11\/ACTA-CONV-NUM-06_2023_STSPEEV_2023-.pdf\" data-type=\"link\" data-id=\"https:\/\/www.ssaver.gob.mx\/administraciondepersonal\/wp-content\/uploads\/sites\/15\/2023\/11\/ACTA-CONV-NUM-06_2023_STSPEEV_2023-.pdf\">Acta-Convocatoria N\u00b0 06 &#8211; 2023 Hospital &#8211; STSPEEV<\/a><\/li>\n\n\n\n<li><a rel=\"noreferrer noopener\" href=\"https:\/\/www.ssaver.gob.mx\/administraciondepersonal\/wp-content\/uploads\/sites\/15\/2023\/06\/ACTA-CONV-NUM-07_2023_STSPEEV_2023.pdf\" target=\"_blank\">Acta-Convocatoria N\u00b0 07 -2023 Hospital &#8211; STSPEEV<\/a><\/li>\n\n\n\n<li><a rel=\"noreferrer noopener\" href=\"https:\/\/www.ssaver.gob.mx\/administraciondepersonal\/wp-content\/uploads\/sites\/15\/2023\/07\/CONV-NUM-05_2023_SIEDIPEV_2023_6900_2023.pdf\" target=\"_blank\">Convocatoria N\u00b0 05 &#8211; 2023 Hospital &#8211; Ofic. SRH\/06900\/2023 \u2013 SIEDIPEV<\/a><\/li>\n\n\n\n<li><a href=\"https:\/\/www.ssaver.gob.mx\/administraciondepersonal\/wp-content\/uploads\/sites\/15\/2023\/09\/CONV-NUM-33_2023_SETSSV_7592_2023.pdf\" data-type=\"link\" data-id=\"https:\/\/www.ssaver.gob.mx\/administraciondepersonal\/wp-content\/uploads\/sites\/15\/2023\/09\/CONV-NUM-33_2023_SETSSV_7592_2023.pdf\">Convocatoria N\u00b0 33- 2023 Hospital &#8211; Ofic. SRH\/07592\/2023 \u2013 SETSSV<\/a><\/li>\n\n\n\n<li><a href=\"https:\/\/www.ssaver.gob.mx\/administraciondepersonal\/wp-content\/uploads\/sites\/15\/2023\/09\/ACTA-CONV-NUM-05_2023_SIEDIPEV_2023-.pdf\" data-type=\"link\" data-id=\"https:\/\/www.ssaver.gob.mx\/administraciondepersonal\/wp-content\/uploads\/sites\/15\/2023\/09\/ACTA-CONV-NUM-05_2023_SIEDIPEV_2023-.pdf\">Acta Convocatoria N\u00b0 05 &#8211; 2023 Hospital \u2013 SIEDIPEV<\/a><\/li>\n\n\n\n<li><a href=\"https:\/\/www.ssaver.gob.mx\/administraciondepersonal\/wp-content\/uploads\/sites\/15\/2023\/09\/CONV-NUM-46_2023_SETSSV_11304_2023-.pdf\" data-type=\"link\" data-id=\"https:\/\/www.ssaver.gob.mx\/administraciondepersonal\/wp-content\/uploads\/sites\/15\/2023\/09\/CONV-NUM-46_2023_SETSSV_11304_2023-.pdf\">Convocatoria N\u00b0 46- 2023 Hospital &#8211; Ofic. SRH\/11304\/2023 &#8211; SETSSV<\/a><\/li>\n\n\n\n<li><a href=\"https:\/\/www.ssaver.gob.mx\/administraciondepersonal\/wp-content\/uploads\/sites\/15\/2023\/10\/CONV-NUM-45_2023_SETSSV_10670_2023-.pdf\" data-type=\"link\" data-id=\"https:\/\/www.ssaver.gob.mx\/administraciondepersonal\/wp-content\/uploads\/sites\/15\/2023\/10\/CONV-NUM-45_2023_SETSSV_10670_2023-.pdf\">Convocatoria N\u00b0 45 &#8211; 2023 Hospital &#8211; Ofic. SRH\/010670\/2023 &#8211; SETSSV<\/a><\/li>\n\n\n\n<li><a href=\"https:\/\/www.ssaver.gob.mx\/administraciondepersonal\/wp-content\/uploads\/sites\/15\/2023\/11\/CONV-NUM-24_2023_SECCION-26-CENTRO_13020_2023-.pdf\" data-type=\"link\" data-id=\"https:\/\/www.ssaver.gob.mx\/administraciondepersonal\/wp-content\/uploads\/sites\/15\/2023\/11\/CONV-NUM-24_2023_SECCION-26-CENTRO_13020_2023-.pdf\">Convocatoria N\u00b0 24- 2023 Hospital &#8211; Ofic. SRH\/13020\/2023 2023 &#8211; SNTSA Secci\u00f3n 26 \u2013 CENTRO<\/a><\/li>\n\n\n\n<li><a href=\"https:\/\/www.ssaver.gob.mx\/administraciondepersonal\/wp-content\/uploads\/sites\/15\/2023\/11\/CONV-NUM-111_113_114_115_116_117_118_119_148_149_2023_SECCION-26-CENTRO_13235_2023-.pdf\" data-type=\"link\" data-id=\"https:\/\/www.ssaver.gob.mx\/administraciondepersonal\/wp-content\/uploads\/sites\/15\/2023\/11\/CONV-NUM-111_113_114_115_116_117_118_119_148_149_2023_SECCION-26-CENTRO_13235_2023-.pdf\">Convocatoria N\u00b0 111, 113, 114, 115, 116, 117, 118, <\/a><a href=\"https:\/\/www.ssaver.gob.mx\/administraciondepersonal\/wp-content\/uploads\/sites\/15\/2023\/11\/CONV-NUM-111_113_114_115_116_117_118_119_148_149_2023_SECCION-26-CENTRO_13235_2023-.pdf\" data-type=\"link\" data-id=\"https:\/\/www.ssaver.gob.mx\/administraciondepersonal\/wp-content\/uploads\/sites\/15\/2023\/11\/CONV-NUM-111_113_114_115_116_117_118_119_148_149_2023_SECCION-26-CENTRO_13235_2023-.pdf\" target=\"_blank\" rel=\"noreferrer noopener\">1<\/a><a href=\"https:\/\/www.ssaver.gob.mx\/administraciondepersonal\/wp-content\/uploads\/sites\/15\/2023\/11\/CONV-NUM-111_113_114_115_116_117_118_119_148_149_2023_SECCION-26-CENTRO_13235_2023-.pdf\" data-type=\"link\" data-id=\"https:\/\/www.ssaver.gob.mx\/administraciondepersonal\/wp-content\/uploads\/sites\/15\/2023\/11\/CONV-NUM-111_113_114_115_116_117_118_119_148_149_2023_SECCION-26-CENTRO_13235_2023-.pdf\">19, 148, 149 &#8211; 2023 Hospital &#8211; Ofic. SRH\/13235\/2023 &#8211; SNTSA Secci\u00f3n 26 \u2013 CENTRO<\/a><\/li>\n\n\n\n<li><a href=\"https:\/\/www.ssaver.gob.mx\/administraciondepersonal\/wp-content\/uploads\/sites\/15\/2024\/01\/CONV-NUM-51_2023_SETSSV_14326_2023-.pdf\" target=\"_blank\" rel=\"noreferrer noopener\">Convocatoria N\u00b0 51- 2023 Hospital &#8211; Ofic. SRH\/14326\/2023 \u2013 SETSSV<\/a><\/li>\n\n\n\n<li><a href=\"https:\/\/www.ssaver.gob.mx\/administraciondepersonal\/wp-content\/uploads\/sites\/15\/2024\/01\/CONV-NUM-21_26_31_2023_STSPEEV_14321_2023-.pdf\">Convocatoria N\u00b0 21, 26, 31- 2023 Hospital &#8211; Ofic. SRH\/14321\/2023 \u2013 STSPEEV<\/a><\/li>\n\n\n\n<li><a href=\"https:\/\/www.ssaver.gob.mx\/administraciondepersonal\/wp-content\/uploads\/sites\/15\/2024\/01\/CONV-NUM-06_09_15_STSPEEV_5346_2023.pdf\">Convocatoria N\u00b0 06, 09, 15- 2023 Hospital &#8211; Ofic. SRH\/05346\/2023 \u2013 STSPEEV<\/a><\/li>\n\n\n\n<li><a href=\"https:\/\/www.ssaver.gob.mx\/administraciondepersonal\/wp-content\/uploads\/sites\/15\/2024\/01\/ACTA-CONV-NUM-03_2023_STSPEEV_2023-.pdf\">Acta Convocatoria N\u00b0 03 &#8211; 2023 Hospital &#8211; STSPEEV<\/a><\/li>\n\n\n\n<li><a href=\"https:\/\/www.ssaver.gob.mx\/administraciondepersonal\/wp-content\/uploads\/sites\/15\/2024\/01\/ACTA-CONV-NUM-46_2023_SETSSV_2023-.pdf\">Acta Convocatoria N\u00b0 46 &#8211; 2023 Hospital &#8211; SETSSV<\/a><\/li>\n\n\n\n<li><a href=\"https:\/\/www.ssaver.gob.mx\/administraciondepersonal\/wp-content\/uploads\/sites\/15\/2024\/04\/ACTA-CONV-NUM-51_2023-SETSSV.pdf\">Acta Convocatoria N\u00b0 51 &#8211; 2023 Hospital \u2013 SETSSV<\/a><\/li>\n\n\n\n<li><a href=\"https:\/\/www.ssaver.gob.mx\/administraciondepersonal\/wp-content\/uploads\/sites\/15\/2024\/04\/ACTA-CONV-NUM-15_2023_STSPEEV_2023-.pdf\">Acta Convocatoria N\u00b0 15 &#8211; 2023 Hospital \u2013 STSPEEV<\/a><\/li>\n\n\n\n<li><a href=\"https:\/\/www.ssaver.gob.mx\/administraciondepersonal\/wp-content\/uploads\/sites\/15\/2024\/05\/ACTA-CONV-NUM-04_2023_STSPEEV_2023.pdf\">Acta Convocatoria N\u00b0 04 &#8211; 2023 Hospital \u2013 STSPEEV<\/a><\/li>\n\n\n\n<li><a href=\"https:\/\/www.ssaver.gob.mx\/administraciondepersonal\/wp-content\/uploads\/sites\/15\/2024\/12\/ACTA-CONV-NUM-09_2023_STSPEEV_2023-Correcta.pdf\">Acta Convocatoria N\u00b0 09 &#8211; 2023 Hospital \u2013 STSPEEV<\/a><\/li>\n\n\n\n<li><a href=\"https:\/\/www.ssaver.gob.mx\/administraciondepersonal\/wp-content\/uploads\/sites\/15\/2024\/06\/ACTA-CONV-NUM-21_2023_STSPEEV_2023.pdf\">Acta Convocatoria N\u00b0 21 &#8211; 2023 Hospital \u2013 STSPEEV<\/a><\/li>\n\n\n\n<li><a href=\"https:\/\/www.ssaver.gob.mx\/administraciondepersonal\/wp-content\/uploads\/sites\/15\/2024\/06\/ACTA-CONV-NUM-26_2023_STSPEEV_2023.pdf\">Acta Convocatoria N\u00b0 26 &#8211; 2023 Hospital &#8211; STSPEEV<\/a><\/li>\n\n\n\n<li><a href=\"https:\/\/www.ssaver.gob.mx\/administraciondepersonal\/wp-content\/uploads\/sites\/15\/2024\/12\/ACTA-CONV-NUM-116_2023_SECCION-26-CENTRO_2023.pdf\">Acta Convocatoria N\u00b0 116 &#8211; 2023 Hospital &#8211; SNTSA Secci\u00f3n 26 &#8211; CENTRO<\/a><\/li>\n\n\n\n<li><a href=\"https:\/\/www.ssaver.gob.mx\/administraciondepersonal\/wp-content\/uploads\/sites\/15\/2024\/12\/ACTA-CONV-NUM-33_2023_SETSSV_2023-.pdf\">Acta Convocatoria N\u00b0 33 &#8211; 2023 Hospital\u2013 SETSSV<\/a><\/li>\n<\/ul>\n\n\n\n<p>Centro de Alta Especialidad \u00abDr. Rafael Lucio\u00bb<\/p>\n\n\n\n<ul class=\"wp-block-list\">\n<li><a rel=\"noreferrer noopener\" href=\"https:\/\/www.ssaver.gob.mx\/administraciondepersonal\/wp-content\/uploads\/sites\/15\/2023\/01\/CONV-NUM-38_2022_SETSSV.pdf\" target=\"_blank\">Convocatoria N\u00b038 Hospital &#8211; Ofic. SRH\/15389\/2022 &#8211; SETSSV<\/a><\/li>\n\n\n\n<li><a rel=\"noreferrer noopener\" href=\"https:\/\/www.ssaver.gob.mx\/administraciondepersonal\/wp-content\/uploads\/sites\/15\/2023\/03\/CONV-NUM-20_2023_SETSSV_01175_2023.pdf\" target=\"_blank\">Convocatorias N\u00b0 20 &#8211; 2023 Hospital &#8211; Ofic. SRH\/1175\/2023 \u2013 SETSSV<\/a><\/li>\n\n\n\n<li><a rel=\"noreferrer noopener\" href=\"https:\/\/www.ssaver.gob.mx\/administraciondepersonal\/wp-content\/uploads\/sites\/15\/2023\/03\/NUEVO-CONV-NUM-03_07_08_11_12_15_2023_SETSSV_0685_2023.pdf\" target=\"_blank\">Convocatorias N\u00b0 03, 07, 08, 11, 12, 15 &#8211; 2023 Hospital &#8211; Ofic. SRH\/0658\/2023 \u2013 SETSSV<\/a><\/li>\n\n\n\n<li><a rel=\"noreferrer noopener\" href=\"https:\/\/www.ssaver.gob.mx\/administraciondepersonal\/wp-content\/uploads\/sites\/15\/2023\/03\/CONV-NUM-01_2023_SETUSSV_00659_2023.pdf\" target=\"_blank\">Convocatoria N\u00b0 01 &#8211; 2023 Hospital &#8211; Ofic. SRH\/0659\/2023 \u2013 SETUSSV<\/a><\/li>\n\n\n\n<li><a href=\"https:\/\/www.ssaver.gob.mx\/administraciondepersonal\/wp-content\/uploads\/sites\/15\/2023\/05\/ACTA-CONV-NUM-08_2023_SETSSV_2023.pdf\" target=\"_blank\" rel=\"noreferrer noopener\">Acta Convocatoria N\u00b0 08 &#8211; 2023 Hospital \u2013 SETSSV<\/a><\/li>\n\n\n\n<li><a href=\"https:\/\/www.ssaver.gob.mx\/administraciondepersonal\/wp-content\/uploads\/sites\/15\/2023\/05\/ACTA-CONV-NUM-11_2023_SETSSV_2023.pdf\" target=\"_blank\" rel=\"noreferrer noopener\">Acta Convocatoria N\u00b0 11 &#8211; 2023 Hospital \u2013 SETSSV<\/a><\/li>\n\n\n\n<li><a href=\"https:\/\/www.ssaver.gob.mx\/administraciondepersonal\/wp-content\/uploads\/sites\/15\/2023\/05\/ACTA-CONV-NUM-12_2023_SETSSV_2023.pdf\" target=\"_blank\" rel=\"noreferrer noopener\">Acta Convocatoria N\u00b0 12 &#8211; 2023 Hospital \u2013 SETSSV<\/a><\/li>\n\n\n\n<li><a href=\"https:\/\/www.ssaver.gob.mx\/administraciondepersonal\/wp-content\/uploads\/sites\/15\/2023\/05\/ACTA-CONV-NUM-20_2023_SETSSV_2023.pdf\" target=\"_blank\" rel=\"noreferrer noopener\">Acta Convocatoria N\u00b0 20 &#8211; 2023 Hospital \u2013 SETSSV<\/a><\/li>\n\n\n\n<li><a href=\"https:\/\/www.ssaver.gob.mx\/administraciondepersonal\/wp-content\/uploads\/sites\/15\/2023\/05\/CONV-NUM-13_2023_STSPEEV_5349_2023.pdf\" target=\"_blank\" rel=\"noreferrer noopener\">Convocatoria N\u00b0 13 &#8211; 2023 Hospital &#8211; Ofic. SRH\/05349\/2023 &#8211; STSPEEV<\/a><\/li>\n\n\n\n<li><a href=\"https:\/\/www.ssaver.gob.mx\/administraciondepersonal\/wp-content\/uploads\/sites\/15\/2023\/05\/CONV-NUM-02_2023_STOPDAEV_3316_2023.pdf\" target=\"_blank\" rel=\"noreferrer noopener\">Convocatoria N\u00b0 02 &#8211; 2023 Hospital &#8211; Ofic. SRH\/03316\/2023 &#8211; STOPDAEV<\/a><\/li>\n\n\n\n<li><a rel=\"noreferrer noopener\" href=\"https:\/\/www.ssaver.gob.mx\/administraciondepersonal\/wp-content\/uploads\/sites\/15\/2023\/05\/ACTA-CONV-NUM-07_2023_SETSSV_2023.pdf\" target=\"_blank\">Acta-Convocatoria N\u00b0 07 -2023 Hospital &#8211; SETSSV<\/a><\/li>\n\n\n\n<li><a rel=\"noreferrer noopener\" href=\"https:\/\/www.ssaver.gob.mx\/administraciondepersonal\/wp-content\/uploads\/sites\/15\/2023\/07\/ACTA-CONV-NUM-01_2023_SETUSSV_2023.pdf\" target=\"_blank\">Acta Convocatoria N\u00b0 01 &#8211; 2023 Hospital \u2013 SETUSSV<\/a><\/li>\n\n\n\n<li><a href=\"https:\/\/www.ssaver.gob.mx\/administraciondepersonal\/wp-content\/uploads\/sites\/15\/2023\/08\/CONV-NUM-03_04_2023_C-AE-LIBRES_8380_2023.pdf\">Convocatoria N\u00b0 03, 04 &#8211; 2023 Hospital &#8211; Ofic. SRH\/08380\/2023 &#8211; LIBRE<\/a><\/li>\n\n\n\n<li><a href=\"https:\/\/www.ssaver.gob.mx\/administraciondepersonal\/wp-content\/uploads\/sites\/15\/2023\/09\/CONV-NUM-37_2023_SETSSV_7721_2023.pdf\" data-type=\"link\" data-id=\"https:\/\/www.ssaver.gob.mx\/administraciondepersonal\/wp-content\/uploads\/sites\/15\/2023\/09\/CONV-NUM-37_2023_SETSSV_7721_2023.pdf\">Convocatoria N\u00b037- 2023 Hospital &#8211; Ofic. SRH\/07721\/2023 \u2013 SETSSV<\/a><\/li>\n\n\n\n<li><a href=\"https:\/\/www.ssaver.gob.mx\/administraciondepersonal\/wp-content\/uploads\/sites\/15\/2023\/09\/CONV-NUM-08_2023_SETUSSV_11308_2023-.pdf\" data-type=\"link\" data-id=\"https:\/\/www.ssaver.gob.mx\/administraciondepersonal\/wp-content\/uploads\/sites\/15\/2023\/09\/CONV-NUM-08_2023_SETUSSV_11308_2023-.pdf\">Convocatoria N\u00b0 08- 2023 Hospital &#8211; Ofic. SRH\/11308\/2023 &#8211; SETUSSV<\/a><\/li>\n\n\n\n<li><a href=\"https:\/\/www.ssaver.gob.mx\/administraciondepersonal\/wp-content\/uploads\/sites\/15\/2023\/10\/CONV-NUM-02_2023_CAE-LIBRES_11481_2023-.pdf\" data-type=\"link\" data-id=\"https:\/\/www.ssaver.gob.mx\/administraciondepersonal\/wp-content\/uploads\/sites\/15\/2023\/10\/CONV-NUM-02_2023_CAE-LIBRES_11481_2023-.pdf\">Convocatoria N\u00b0 02 &#8211; 2023 Hospital &#8211; Ofic. SRH\/11481\/2023 &#8211; LIBRE<\/a><\/li>\n\n\n\n<li><a href=\"https:\/\/www.ssaver.gob.mx\/administraciondepersonal\/wp-content\/uploads\/sites\/15\/2023\/10\/CONV-NUM-01_2023_CAE_03585_2023.pdf\" data-type=\"link\" data-id=\"https:\/\/www.ssaver.gob.mx\/administraciondepersonal\/wp-content\/uploads\/sites\/15\/2023\/10\/CONV-NUM-01_2023_CAE_03585_2023.pdf\">Convocatoria N\u00b0 01 &#8211; 2023 Hospital &#8211; Ofic. SRH\/03585\/2023 &#8211; LIBRE<\/a><\/li>\n\n\n\n<li><a href=\"https:\/\/www.ssaver.gob.mx\/administraciondepersonal\/wp-content\/uploads\/sites\/15\/2023\/10\/ACTA-CONV-NUM-01_2023_LIBRES_2023-.pdf\" data-type=\"link\" data-id=\"https:\/\/www.ssaver.gob.mx\/administraciondepersonal\/wp-content\/uploads\/sites\/15\/2023\/10\/ACTA-CONV-NUM-01_2023_LIBRES_2023-.pdf\">Acta Convocatoria N\u00b0 01 &#8211; 2023 &#8211; Hospital \u2013 LIBRE<\/a><\/li>\n\n\n\n<li><a href=\"https:\/\/www.ssaver.gob.mx\/administraciondepersonal\/wp-content\/uploads\/sites\/15\/2023\/10\/ACTA-CONV-NUM-03_2023_LIBRES_2023-.pdf\" data-type=\"link\" data-id=\"https:\/\/www.ssaver.gob.mx\/administraciondepersonal\/wp-content\/uploads\/sites\/15\/2023\/10\/ACTA-CONV-NUM-03_2023_LIBRES_2023-.pdf\">Acta Convocatoria N\u00b0 03 &#8211; 2023 &#8211; Hospital \u2013 LIBRE<\/a><\/li>\n\n\n\n<li><a href=\"https:\/\/www.ssaver.gob.mx\/administraciondepersonal\/wp-content\/uploads\/sites\/15\/2023\/10\/CONV-NUM-43_2023_SETSSV_10668_2023-.pdf\" data-type=\"link\" data-id=\"https:\/\/www.ssaver.gob.mx\/administraciondepersonal\/wp-content\/uploads\/sites\/15\/2023\/10\/CONV-NUM-43_2023_SETSSV_10668_2023-.pdf\">Convocatoria N\u00b0 43 &#8211; 2023 Hospital &#8211; Ofic. SRH\/010668\/2023 &#8211; SETSSV<\/a><\/li>\n\n\n\n<li><a href=\"https:\/\/www.ssaver.gob.mx\/administraciondepersonal\/wp-content\/uploads\/sites\/15\/2023\/11\/CONV-NUM-38_52_61_SECCION-26-CENTRO_13023_2023-.pdf\" data-type=\"link\" data-id=\"https:\/\/www.ssaver.gob.mx\/administraciondepersonal\/wp-content\/uploads\/sites\/15\/2023\/11\/CONV-NUM-38_52_61_SECCION-26-CENTRO_13023_2023-.pdf\">Convocatoria N\u00b0 38, 52, 61- 2023 Hospital &#8211; Ofic. SRH\/13023\/2023 2023 &#8211; SNTSA Secci\u00f3n 26 \u2013 CENTRO<\/a><\/li>\n\n\n\n<li><a href=\"https:\/\/www.ssaver.gob.mx\/administraciondepersonal\/wp-content\/uploads\/sites\/15\/2023\/11\/CONV-NUM-49_2023_SETSSV_12935_2023-.pdf\" data-type=\"link\" data-id=\"https:\/\/www.ssaver.gob.mx\/administraciondepersonal\/wp-content\/uploads\/sites\/15\/2023\/11\/CONV-NUM-49_2023_SETSSV_12935_2023-.pdf\">Convocatoria N\u00b0 49- 2023 Hospital &#8211; Ofic. SRH\/12935\/2023 2023 &#8211; SETSSV<\/a><\/li>\n\n\n\n<li><a href=\"https:\/\/www.ssaver.gob.mx\/administraciondepersonal\/wp-content\/uploads\/sites\/15\/2023\/11\/CONV-NUM-_SECCION-26-CENTRO_2023-.pdf\" data-type=\"link\" data-id=\"https:\/\/www.ssaver.gob.mx\/administraciondepersonal\/wp-content\/uploads\/sites\/15\/2023\/11\/CONV-NUM-_SECCION-26-CENTRO_2023-.pdf\">Convocatoria N\u00b0 73, 75, 76, 77, 78, 79, 80, 82, 83, 85, 86, 87, 88, 89, 90, 91, 93, 94, 154, 158- 2023 Hospital &#8211; Ofic. SRH\/13238\/2023 &#8211; SNTSA Secci\u00f3n 26 \u2013 CENTRO<\/a><\/li>\n\n\n\n<li><a href=\"https:\/\/www.ssaver.gob.mx\/administraciondepersonal\/wp-content\/uploads\/sites\/15\/2023\/11\/ACTA-CONV-NUM-02_2023_LIBRE_2023-.pdf\" data-type=\"link\" data-id=\"https:\/\/www.ssaver.gob.mx\/administraciondepersonal\/wp-content\/uploads\/sites\/15\/2023\/11\/ACTA-CONV-NUM-02_2023_LIBRE_2023-.pdf\">Acta-Convocatoria N\u00b0 02 &#8211; 2023 Hospital \u2013  LIBRE<\/a><\/li>\n\n\n\n<li><a href=\"https:\/\/www.ssaver.gob.mx\/administraciondepersonal\/wp-content\/uploads\/sites\/15\/2024\/01\/CONV-NUM-28_2023_STSPEEV_6004_2024.pdf\">Convocatoria N\u00b0 28- 2023 Hospital &#8211; Ofic. SRH\/14321\/2024 \u2013 STSPEEV<\/a><\/li>\n\n\n\n<li><a href=\"https:\/\/www.ssaver.gob.mx\/administraciondepersonal\/wp-content\/uploads\/sites\/15\/2024\/01\/ACTA-CONV-NUM-13_2023_STSPEEV_2023-.pdf\">Acta Convocatoria N\u00b0 13 &#8211; 2023 Hospital &#8211; STSPEEV<\/a><\/li>\n\n\n\n<li><a href=\"https:\/\/www.ssaver.gob.mx\/administraciondepersonal\/wp-content\/uploads\/sites\/15\/2024\/01\/ACTA-CONV-NUM-08_2023_SETUSSV_2023-.pdf\">Acta Convocatoria N\u00b0 08 &#8211; 2023 Hospital &#8211; SETUSSV<\/a><\/li>\n\n\n\n<li><a href=\"https:\/\/www.ssaver.gob.mx\/administraciondepersonal\/wp-content\/uploads\/sites\/15\/2024\/01\/CONV-NUM-48_2023_SETSSV_11480_2023-.pdf\">Convocatoria N\u00b0 48- 2023 Hospital &#8211; Ofic. SRH\/11480\/2023 &#8211; SETSSV<\/a><\/li>\n\n\n\n<li><a href=\"https:\/\/www.ssaver.gob.mx\/administraciondepersonal\/wp-content\/uploads\/sites\/15\/2024\/02\/ACTA-CONV-NUM-48_2023_SETSSV_2023-.pdf\">Acta Convocatoria N\u00b0 48 &#8211; 2023 Hospital \u2013 SETSSV<\/a><\/li>\n\n\n\n<li><a href=\"https:\/\/www.ssaver.gob.mx\/administraciondepersonal\/wp-content\/uploads\/sites\/15\/2024\/04\/ACTA-CONV-NUM-49_20323_SETSSV_2023-.pdf\">Acta Convocatoria N\u00b0 49 &#8211; 2023 Hospital\u2013 SETSSV<\/a><\/li>\n\n\n\n<li><a href=\"https:\/\/www.ssaver.gob.mx\/administraciondepersonal\/wp-content\/uploads\/sites\/15\/2024\/05\/ACTA-CONV-NUM-28_2023_STSPEEV_2023.pdf\">Acta Convocatoria N\u00b0 28 &#8211; 2023 Hospital \u2013 STSPEEV<\/a><\/li>\n\n\n\n<li><a href=\"https:\/\/www.ssaver.gob.mx\/administraciondepersonal\/wp-content\/uploads\/sites\/15\/2024\/05\/ACTA-CONV-NUM-52_2023_SECCION-26-CENTRO_2023.pdf\">Acta Convocatoria N\u00b0 52 &#8211; 2023 Hospital \u2013 SNTSA Secci\u00f3n 26 CENTRO<\/a><\/li>\n\n\n\n<li><a href=\"https:\/\/www.ssaver.gob.mx\/administraciondepersonal\/wp-content\/uploads\/sites\/15\/2024\/05\/ACTA-CONV-NUM-73_2023_SECCION-26-CENTRO_2023.pdf\">Acta Convocatoria N\u00b0 73 &#8211; 2023 Hospital \u2013 SNTSA Secci\u00f3n 26 CENTRO<\/a><\/li>\n\n\n\n<li><a href=\"https:\/\/www.ssaver.gob.mx\/administraciondepersonal\/wp-content\/uploads\/sites\/15\/2024\/05\/ACTA-CONV-NUM-86_2023_SECCION-26-CENTRO_2023.pdf\">Acta Convocatoria N\u00b0 86 &#8211; 2023 Hospital \u2013 SNTSA Secci\u00f3n 26 CENTRO<\/a><\/li>\n\n\n\n<li><a href=\"https:\/\/www.ssaver.gob.mx\/administraciondepersonal\/wp-content\/uploads\/sites\/15\/2024\/05\/ACTA-CONV-NUM-76_2023_SECCION-26-CENTRO_2023.pdf\">Acta Convocatoria N\u00b0 76 &#8211; 2023 Hospital \u2013 SNTSA Secci\u00f3n 26 CENTRO<\/a><\/li>\n\n\n\n<li><a href=\"https:\/\/www.ssaver.gob.mx\/administraciondepersonal\/wp-content\/uploads\/sites\/15\/2024\/06\/ACTA-CONV-NUM-90_2023_SECCION-26-CENTRO_2023.pdf\">Acta Convocatoria N\u00b0 90 \u2013 2023 &#8211; Hospital \u2013 SNTSA Secci\u00f3n 26 &#8211; CENTRO<\/a><\/li>\n\n\n\n<li><a href=\"https:\/\/www.ssaver.gob.mx\/administraciondepersonal\/wp-content\/uploads\/sites\/15\/2024\/06\/ACTA-CON-NUM-04_2023_LIBRES_2023.pdf\">Acta Convocatoria N\u00b0 04 \u2013 2023 &#8211; Hospital \u2013 LIBRE<\/a><\/li>\n\n\n\n<li><a href=\"https:\/\/www.ssaver.gob.mx\/administraciondepersonal\/wp-content\/uploads\/sites\/15\/2024\/12\/ACTA-CONV-NUM-89_2023_SECCION-26-CENTRO_2023-X.pdf\">Acta Convocatoria N\u00b0 89 &#8211; 2023 Hospital\u2013 SNTSA Secci\u00f3n 26 &#8211; CENTRO<\/a><\/li>\n\n\n\n<li><a href=\"https:\/\/www.ssaver.gob.mx\/administraciondepersonal\/wp-content\/uploads\/sites\/15\/2024\/08\/ACTA-CONV-NUM-61_2023_SECCION-26-CENTRO_2023.pdf\">Acta-Convocatoria N\u00b0 61 &#8211; 2023 Hospital &#8211; &nbsp;\u2013 SNTSA Secci\u00f3n 26 &#8211; CENTRO<\/a><\/li>\n\n\n\n<li><a href=\"https:\/\/www.ssaver.gob.mx\/administraciondepersonal\/wp-content\/uploads\/sites\/15\/2024\/08\/ACTA-CONV-NUM-75_2023_SECCION-26-CENTRO_2023.pdf\">Acta-Convocatoria N\u00b0 75 &#8211; 2023 Hospital &#8211; &nbsp;\u2013 SNTSA Secci\u00f3n 26 &#8211; CENTRO<\/a><\/li>\n\n\n\n<li><a href=\"https:\/\/www.ssaver.gob.mx\/administraciondepersonal\/wp-content\/uploads\/sites\/15\/2024\/08\/ACTA-CONV-NUM-82_2023_SECCION-26-CENTRO_2023.pdf\">Acta-Convocatoria N\u00b0 82 &#8211; 2023 Hospital &#8211; &nbsp;\u2013 SNTSA Secci\u00f3n 26 \u2013 CENTRO<\/a><\/li>\n\n\n\n<li><a href=\"https:\/\/www.ssaver.gob.mx\/administraciondepersonal\/wp-content\/uploads\/sites\/15\/2024\/12\/ACTA-CONV-NUM-79_2023_SECCION-26-CENTRO_2023.pdf\">Acta-Convocatoria N\u00b0 79 &#8211; 2023 Hospital \u2013 SNTSA Secci\u00f3n 26 \u2013 CENTRO<\/a><\/li>\n\n\n\n<li><a href=\"https:\/\/www.ssaver.gob.mx\/administraciondepersonal\/wp-content\/uploads\/sites\/15\/2024\/12\/ACTA-CONV-NUM-83_2023_SECCION-26-CENTRO_2023.pdf\">Acta-Convocatoria N\u00b0 83 &#8211; 2023 Hospital \u2013 SNTSA Secci\u00f3n 26 &#8211; CENTRO<\/a><\/li>\n\n\n\n<li><a href=\"https:\/\/www.ssaver.gob.mx\/administraciondepersonal\/wp-content\/uploads\/sites\/15\/2024\/12\/ACTA-CONV-NUM-65_2023_SECCION-26-CENTRO_2023-.pdf\">Acta Convocatoria N\u00b0 65 &#8211; 2023 Hospital \u2013 SNTSA Secci\u00f3n 26 &#8211; CENTRO<\/a><\/li>\n<\/ul>\n\n\n\n<p>Centro Estatal de Cancerolog\u00eda \u00abDr. Miguel Dorantes Mesa\u00bb<\/p>\n\n\n\n<ul class=\"wp-block-list\">\n<li><a rel=\"noreferrer noopener\" href=\"https:\/\/www.ssaver.gob.mx\/administraciondepersonal\/wp-content\/uploads\/sites\/15\/2023\/02\/CONV-NUM-02_2023_STSPEEV_2023.pdf\" target=\"_blank\">Convocatoria N\u00b002 Hospital &#8211; Ofic. SRH\/00665\/2023 \u2013 STSPEEV<\/a><\/li>\n\n\n\n<li><a href=\"https:\/\/www.ssaver.gob.mx\/administraciondepersonal\/wp-content\/uploads\/sites\/15\/2023\/03\/CONV-NUM-02_09_10_2023_SETSSV_0660_2023.pdf\" target=\"_blank\" rel=\"noreferrer noopener\">Convocatorias N\u00b0 02, 09, 10 &#8211; 2023 Hospital &#8211; Ofic. SRH\/0660\/2023 \u2013 SETSSV<\/a><\/li>\n\n\n\n<li><a rel=\"noreferrer noopener\" href=\"https:\/\/www.ssaver.gob.mx\/administraciondepersonal\/wp-content\/uploads\/sites\/15\/2023\/03\/CONV-NUM-24_2023_SETSSV_01565_2023.pdf\" target=\"_blank\">Convocatorias N\u00b0 24 &#8211; 2023 Hospital &#8211; Ofic. SRH\/1565\/2023 \u2013 SETSSV<\/a><\/li>\n\n\n\n<li><a rel=\"noreferrer noopener\" href=\"https:\/\/www.ssaver.gob.mx\/administraciondepersonal\/wp-content\/uploads\/sites\/15\/2023\/03\/CONV-NUM-07_08_2019_SECCION-26-CENTRO_3067_2023.pdf\" target=\"_blank\">Convocatoria N\u00b0 07, 08 &#8211; 2019 Hospital &#8211; Ofic. SRH\/3067\/2023 &#8211; SNTSA Secci\u00f3n 26 &#8211; CENTRO<\/a><\/li>\n\n\n\n<li><a rel=\"noreferrer noopener\" href=\"https:\/\/www.ssaver.gob.mx\/administraciondepersonal\/wp-content\/uploads\/sites\/15\/2023\/05\/CONV-NUM-03_2023_SETUSSV_04426_2023.pdf\" target=\"_blank\">Convocatoria N\u00b0 03 &#8211; 2023 Hospital &#8211; Ofic. SRH\/04426\/2023 \u2013 SETUSSV<\/a><\/li>\n\n\n\n<li><a href=\"https:\/\/www.ssaver.gob.mx\/administraciondepersonal\/wp-content\/uploads\/sites\/15\/2023\/05\/ACTA-CONV-NUM-09_2023_SETSSV_2023-.pdf\" target=\"_blank\" rel=\"noreferrer noopener\">Acta-Convocatoria N\u00b0 09 -2023 Hospital &#8211; SETSSV<\/a><\/li>\n\n\n\n<li><a href=\"https:\/\/www.ssaver.gob.mx\/administraciondepersonal\/wp-content\/uploads\/sites\/15\/2023\/05\/ACTA-CONV-NUM-02_2023_SETSSV_2023.pdf\" target=\"_blank\" rel=\"noreferrer noopener\">Acta-Convocatoria N\u00b0 02 -2023 Hospital &#8211; SETSSV<\/a><\/li>\n\n\n\n<li><a href=\"https:\/\/www.ssaver.gob.mx\/administraciondepersonal\/wp-content\/uploads\/sites\/15\/2023\/05\/ACTA-CONV-NUM-10_2023_SETSSV_2023.pdf\" target=\"_blank\" rel=\"noreferrer noopener\">Acta-Convocatoria N\u00b0 10 -2023 Hospital &#8211; SETSSV<\/a><\/li>\n\n\n\n<li><a rel=\"noreferrer noopener\" href=\"https:\/\/www.ssaver.gob.mx\/administraciondepersonal\/wp-content\/uploads\/sites\/15\/2023\/05\/ACTA-CONV-NUM-24_2023_SETSSV_2023.pdf\" target=\"_blank\">Acta-Convocatoria N\u00b0 24 -2023 Hospital &#8211; SETSSV<\/a><\/li>\n\n\n\n<li><a rel=\"noreferrer noopener\" href=\"https:\/\/www.ssaver.gob.mx\/administraciondepersonal\/wp-content\/uploads\/sites\/15\/2023\/06\/CONV-NUM-08_2023_STSPEEV_3315_2023.pdf\" target=\"_blank\">Convocatoria N\u00b0 08 -2023 Hospital &#8211; Ofic. SRH\/03315\/2023 &#8211; STSPEEV<\/a><\/li>\n\n\n\n<li><a href=\"https:\/\/www.ssaver.gob.mx\/administraciondepersonal\/wp-content\/uploads\/sites\/15\/2023\/07\/ACTA-CONV-NUM-08_2023_STSPEEV_2023.pdf\" target=\"_blank\" rel=\"noreferrer noopener\">Acta Convocatoria N\u00b0 08 &#8211; 2023 Hospital \u2013 STSPEEV<\/a><\/li>\n\n\n\n<li><a rel=\"noreferrer noopener\" href=\"https:\/\/www.ssaver.gob.mx\/administraciondepersonal\/wp-content\/uploads\/sites\/15\/2023\/08\/CONV-NUM-06_2023_SETUSSV_8472_2023.pdf\" target=\"_blank\">Convocatoria N\u00b0 06- 2023 Hospital &#8211; Ofic. SRH\/08472\/2023 &#8211; SETUSSV<\/a><\/li>\n\n\n\n<li><a href=\"https:\/\/www.ssaver.gob.mx\/administraciondepersonal\/wp-content\/uploads\/sites\/15\/2023\/09\/CONV-NUM-31_2023_SETSSV_7590_2023.pdf\" data-type=\"link\" data-id=\"https:\/\/www.ssaver.gob.mx\/administraciondepersonal\/wp-content\/uploads\/sites\/15\/2023\/09\/CONV-NUM-31_2023_SETSSV_7590_2023.pdf\">Convocatoria N\u00b0 31- 2023 Hospital &#8211; Ofic. SRH\/07590\/2023 \u2013 SETSSV<\/a><\/li>\n\n\n\n<li><a href=\"https:\/\/www.ssaver.gob.mx\/administraciondepersonal\/wp-content\/uploads\/sites\/15\/2023\/09\/CONV-NUM-07_2023_SETUSSV_11307_2023-.pdf\" data-type=\"link\" data-id=\"https:\/\/www.ssaver.gob.mx\/administraciondepersonal\/wp-content\/uploads\/sites\/15\/2023\/09\/CONV-NUM-07_2023_SETUSSV_11307_2023-.pdf\">Convocatoria N\u00b0 07- 2023 Hospital &#8211; Ofic. SRH\/11307\/2023 &#8211; SETUSSV<\/a><\/li>\n\n\n\n<li><a href=\"https:\/\/www.ssaver.gob.mx\/administraciondepersonal\/wp-content\/uploads\/sites\/15\/2023\/10\/ACTA-CONV-NUM-08_2019_SECCION-26-CENTRO_2019-.pdf\" data-type=\"link\" data-id=\"https:\/\/www.ssaver.gob.mx\/administraciondepersonal\/wp-content\/uploads\/sites\/15\/2023\/10\/ACTA-CONV-NUM-08_2019_SECCION-26-CENTRO_2019-.pdf\">Acta Convocatoria N\u00b0 08 &#8211; 2019 &#8211; Hospital \u2013 SNTSA Secci\u00f3n 26 CENTRO<\/a><\/li>\n\n\n\n<li><a href=\"https:\/\/www.ssaver.gob.mx\/administraciondepersonal\/wp-content\/uploads\/sites\/15\/2023\/11\/CONV-NUM-23_41_53_2023_SECCION-26-CENTRO_13025_2023-.pdf\" data-type=\"link\" data-id=\"https:\/\/www.ssaver.gob.mx\/administraciondepersonal\/wp-content\/uploads\/sites\/15\/2023\/11\/CONV-NUM-23_41_53_2023_SECCION-26-CENTRO_13025_2023-.pdf\">Convocatoria N\u00b0 23, 41, 53- 2023 Hospital &#8211; Ofic. SRH\/13025\/2023 2023 &#8211; SNTSA Secci\u00f3n 26 \u2013 CENTRO<\/a><\/li>\n\n\n\n<li><a href=\"https:\/\/www.ssaver.gob.mx\/administraciondepersonal\/wp-content\/uploads\/sites\/15\/2023\/11\/CONV-NUM-95_96_97_98_156_2023_SECCION-26-CENTRO_13236_2023-.pdf\" data-type=\"link\" data-id=\"https:\/\/www.ssaver.gob.mx\/administraciondepersonal\/wp-content\/uploads\/sites\/15\/2023\/11\/CONV-NUM-95_96_97_98_156_2023_SECCION-26-CENTRO_13236_2023-.pdf\" target=\"_blank\" rel=\"noreferrer noopener\">Convocatoria N\u00b0 95, 96, 97, 98, 156 &#8211; 2023 Hospital &#8211; Ofic. SRH\/13236\/2023 &#8211; SNTSA Secci\u00f3n 26 \u2013 CENTRO<\/a><\/li>\n\n\n\n<li><a href=\"https:\/\/www.ssaver.gob.mx\/administraciondepersonal\/wp-content\/uploads\/sites\/15\/2024\/01\/ACTA-CONV-NUM-03_2023_SETUSSV_2023-.pdf\" target=\"_blank\" rel=\"noreferrer noopener\">Acta-Convocatoria N\u00b0 03-2023 Hospital \u2013 SETUSSV<\/a><\/li>\n\n\n\n<li><a href=\"https:\/\/www.ssaver.gob.mx\/administraciondepersonal\/wp-content\/uploads\/sites\/15\/2024\/01\/ACTA-CON-NUM-06_2023_SETUSSV_2023-.pdf\">Acta-Convocatoria N\u00b0 06-2023 Hospital \u2013 SETUSSV<\/a><\/li>\n\n\n\n<li><a href=\"https:\/\/www.ssaver.gob.mx\/administraciondepersonal\/wp-content\/uploads\/sites\/15\/2024\/04\/ACTA-CONV-NUM-07_2023-SETUSSV.pdf\">Acta Convocatoria N\u00b0 07 \u2013 2023 \u2013 Hospital &#8211; SETUSSV<\/a><\/li>\n\n\n\n<li><a href=\"https:\/\/www.ssaver.gob.mx\/administraciondepersonal\/wp-content\/uploads\/sites\/15\/2024\/12\/ACTA-CONV-NUM-95_2023_SECCION-26-CENTRO_2023.pdf\">Acta Convocatoria N\u00b0 95 &#8211; 2023 Hospital &#8211; SNTSA Secci\u00f3n 26 \u2013 CENTRO<\/a><\/li>\n\n\n\n<li><a href=\"https:\/\/www.ssaver.gob.mx\/administraciondepersonal\/wp-content\/uploads\/sites\/15\/2024\/12\/ACTA-CONV-NUM-97_2023_SECCION-26-CENTRO_2023.pdf\">Acta Convocatoria N\u00b0 97 &#8211; 2023 Hospital &#8211; SNTSA Secci\u00f3n 26 \u2013 CENTRO<\/a><\/li>\n<\/ul>\n\n\n\n<p>Instituto Veracruzano de Salud Mental \u00abDr. Rafael Velasco Fern\u00e1ndez\u00bb<\/p>\n\n\n\n<ul class=\"wp-block-list\">\n<li><a href=\"https:\/\/www.ssaver.gob.mx\/administraciondepersonal\/wp-content\/uploads\/sites\/15\/2023\/03\/CONV-NUM-42_2019_SECCION-26-CENTRO_3064_2023.pdf\" target=\"_blank\" rel=\"noreferrer noopener\">Convocatoria N\u00b0 42 &#8211; 2019 Instituto Veracruzano de Salud Mental &#8211; Ofic. SRH\/3064\/2023 SNTSA Secci\u00f3n 26 &#8211; CENTRO<\/a><\/li>\n<\/ul>\n\n\n\n<p>Hospital General de Altotonga \u00abEufrosina Camacho\u00bb<\/p>\n\n\n\n<ul class=\"wp-block-list\">\n<li><a rel=\"noreferrer noopener\" href=\"https:\/\/www.ssaver.gob.mx\/administraciondepersonal\/wp-content\/uploads\/sites\/15\/2023\/03\/CONV-NUM-10_2019_SECCION-26-CENTRO_3065_2023.pdf\" target=\"_blank\">Convocatoria N\u00b0 10 &#8211; 2019 Hospital &#8211; Ofic. SRH\/3065\/2023 SNTSA Secci\u00f3n 26 &#8211; CENTRO<\/a><\/li>\n\n\n\n<li><a href=\"https:\/\/www.ssaver.gob.mx\/administraciondepersonal\/wp-content\/uploads\/sites\/15\/2023\/05\/ACTA-CONV-NUM-17_2022_SETSSV_2022.pdf\" target=\"_blank\" rel=\"noreferrer noopener\">Acta Convocatoria N\u00b0 17 &#8211; 2022 Hospital \u2013 SETSSV<\/a><\/li>\n\n\n\n<li><a href=\"https:\/\/www.ssaver.gob.mx\/administraciondepersonal\/wp-content\/uploads\/sites\/15\/2023\/11\/CONV-NUM-27_68_2023_SECCION-26-CENTRO_13024_2023-.pdf\" data-type=\"link\" data-id=\"https:\/\/www.ssaver.gob.mx\/administraciondepersonal\/wp-content\/uploads\/sites\/15\/2023\/11\/CONV-NUM-27_68_2023_SECCION-26-CENTRO_13024_2023-.pdf\">Convocatoria N\u00b0 27, 68- 2023 Hospital &#8211; Ofic. SRH\/13024\/2023 2023 &#8211; SNTSA Secci\u00f3n 26 \u2013 CENTRO<\/a><\/li>\n\n\n\n<li><a href=\"https:\/\/www.ssaver.gob.mx\/administraciondepersonal\/wp-content\/uploads\/sites\/15\/2023\/11\/CONV-NUM-106_107_2023_SECCION-26-CENTRO_13233_2023-.pdf\" data-type=\"link\" data-id=\"https:\/\/www.ssaver.gob.mx\/administraciondepersonal\/wp-content\/uploads\/sites\/15\/2023\/11\/CONV-NUM-106_107_2023_SECCION-26-CENTRO_13233_2023-.pdf\" target=\"_blank\" rel=\"noreferrer noopener\">Convocatoria N\u00b0 106, 107 &#8211; 2023 Hospital &#8211; Ofic. SRH\/13233\/2023 &#8211; SNTSA Secci\u00f3n 26 \u2013 CENTRO<\/a><\/li>\n\n\n\n<li><a href=\"https:\/\/www.ssaver.gob.mx\/administraciondepersonal\/wp-content\/uploads\/sites\/15\/2024\/01\/ACTA-CONV-NUM-10_2019_SECCION-26-CENTRO_2019-.pdf\">Acta-Convocatoria N\u00b0 10 \u2013 2019  Hospital \u2013 SNTSA Secci\u00f3n 26 &#8211; CENTRO<\/a><\/li>\n\n\n\n<li><a href=\"https:\/\/www.ssaver.gob.mx\/administraciondepersonal\/wp-content\/uploads\/sites\/15\/2024\/12\/ACTA-CONV-NUM-68_2023_SECCION-26-CENTRO_2023.pdf\">Acta Convocatoria N\u00b0 68 &#8211; 2023 Hospital \u2013 SNTSA Secci\u00f3n 26 &#8211; CENTRO<\/a><\/li>\n<\/ul>\n\n\n\n<p>Hospital General de Perote<\/p>\n\n\n\n<p>Hospital de la Comunidad de Naolinco<\/p>\n\n\n\n<p>Hospital de la Comunidad de Coatepec<\/p>\n\n\n\n<ul class=\"wp-block-list\">\n<li><a href=\"https:\/\/www.ssaver.gob.mx\/administraciondepersonal\/wp-content\/uploads\/sites\/15\/2023\/11\/CONV-NUM-50_2023_SETSSV_12934_2023-.pdf\" data-type=\"link\" data-id=\"https:\/\/www.ssaver.gob.mx\/administraciondepersonal\/wp-content\/uploads\/sites\/15\/2023\/11\/CONV-NUM-50_2023_SETSSV_12934_2023-.pdf\">Convocatoria N\u00b0 50- 2023 Hospital &#8211; Ofic. SRH\/12934\/2023 2023 &#8211; SETSSV<\/a><\/li>\n\n\n\n<li><a href=\"https:\/\/www.ssaver.gob.mx\/administraciondepersonal\/wp-content\/uploads\/sites\/15\/2023\/11\/CONV-NUM-100_101_2023_SECCION-26-CENTRO_13234_2023-.pdf\" data-type=\"link\" data-id=\"https:\/\/www.ssaver.gob.mx\/administraciondepersonal\/wp-content\/uploads\/sites\/15\/2023\/11\/CONV-NUM-100_101_2023_SECCION-26-CENTRO_13234_2023-.pdf\" target=\"_blank\" rel=\"noreferrer noopener\">Convocatoria N\u00b0 100, 101 &#8211; 2023 Hospital &#8211; Ofic. SRH\/13234\/2023 &#8211; SNTSA Secci\u00f3n 26 \u2013 CENTRO<\/a><\/li>\n\n\n\n<li><a href=\"https:\/\/www.ssaver.gob.mx\/administraciondepersonal\/wp-content\/uploads\/sites\/15\/2024\/04\/ACTA-CONV-NUM-50_2023-SETSSV.pdf\">Acta Convocatoria N\u00b0 50 &#8211; 2023 Hospital \u2013 SETSSV<\/a><\/li>\n<\/ul>\n\n\n\n<p>Casa Hogar del Adulto Mayor \u00abMariana Sayago\u00bb<\/p>\n\n\n\n<ul class=\"wp-block-list\">\n<li><a href=\"https:\/\/www.ssaver.gob.mx\/administraciondepersonal\/wp-content\/uploads\/sites\/15\/2023\/11\/CONV-NUM-16_2023-_STSPEEV_9185_2023_2023-.pdf\" data-type=\"link\" data-id=\"https:\/\/www.ssaver.gob.mx\/administraciondepersonal\/wp-content\/uploads\/sites\/15\/2023\/11\/CONV-NUM-16_2023-_STSPEEV_9185_2023_2023-.pdf\">Convocatoria N\u00b0 16- 2023 Hospital &#8211; Ofic. SRH\/9185\/2023 \u2013 STSPEEV<\/a><\/li>\n\n\n\n<li><a href=\"https:\/\/www.ssaver.gob.mx\/administraciondepersonal\/wp-content\/uploads\/sites\/15\/2023\/12\/ACTA-CONV-NUM-16_2023_STSPEEV_2023-.pdf\" data-type=\"link\" data-id=\"https:\/\/www.ssaver.gob.mx\/administraciondepersonal\/wp-content\/uploads\/sites\/15\/2023\/12\/ACTA-CONV-NUM-16_2023_STSPEEV_2023-.pdf\">Acta-Convocatoria N\u00b0 16 \u2013 2023 Hospital \u2013 STSPEEV<\/a><\/li>\n<\/ul>\n\n\n\n<p>Hospital de la Comunidad de Teocelo<\/p>\n\n\n\n<ul class=\"wp-block-list\">\n<li><a href=\"https:\/\/www.ssaver.gob.mx\/administraciondepersonal\/wp-content\/uploads\/sites\/15\/2023\/11\/CONV-NUM-110_2023_SECCION-26-CENTRO_13232_2023-.pdf\" data-type=\"link\" data-id=\"https:\/\/www.ssaver.gob.mx\/administraciondepersonal\/wp-content\/uploads\/sites\/15\/2023\/11\/CONV-NUM-110_2023_SECCION-26-CENTRO_13232_2023-.pdf\" target=\"_blank\" rel=\"noreferrer noopener\">Convocatoria N\u00b0 110 &#8211; 2023 Hospital &#8211; Ofic. SRH\/13232\/2023 &#8211; SNTSA Secci\u00f3n 26 \u2013 CENTRO<\/a><\/li>\n<\/ul>\n\n\n\n<p>Centro de Salud con Hospitalizaci\u00f3n de Alto Lucero de Guti\u00e9rrez Barrios, Ver.<\/p>\n\n\n\n<p><strong>Jurisdicci\u00f3n Sanitaria No. VI &#8211; C\u00f3rdoba<\/strong><\/p>\n\n\n\n<ul class=\"wp-block-list\">\n<li><a rel=\"noreferrer noopener\" href=\"https:\/\/www.ssaver.gob.mx\/administraciondepersonal\/wp-content\/uploads\/sites\/15\/2023\/03\/CONV-NUM-11_12_13_14_15_16_2019_SECCION-26-CENTRO_3068_2023.pdf\" target=\"_blank\">Convocatoria N\u00b0 11, 12, 13, 14, 15, 17 &#8211; 2019 Jurisdicci\u00f3n Sanitaria &#8211; Ofic. SRH\/3068\/2023 SNTSA Secci\u00f3n 26 &#8211; CENTRO<\/a><\/li>\n\n\n\n<li><a href=\"https:\/\/www.ssaver.gob.mx\/administraciondepersonal\/wp-content\/uploads\/sites\/15\/2023\/10\/CONV-NUM-15_2023_SECCION-70_6899_2023.pdf\" data-type=\"link\" data-id=\"https:\/\/www.ssaver.gob.mx\/administraciondepersonal\/wp-content\/uploads\/sites\/15\/2023\/10\/CONV-NUM-15_2023_SECCION-70_6899_2023.pdf\">Convocatoria N\u00b0 15 &#8211; 2023 Jurisdicci\u00f3n Sanitaria Ofic. SRH\/06899\/2023 &#8211; SNTSA Secci\u00f3n 70<\/a><\/li>\n\n\n\n<li><a href=\"https:\/\/www.ssaver.gob.mx\/administraciondepersonal\/wp-content\/uploads\/sites\/15\/2023\/10\/ACTA-CONV-NUM-11_2019_SECCION-26-CENTRO_2019-.pdf\" data-type=\"link\" data-id=\"https:\/\/www.ssaver.gob.mx\/administraciondepersonal\/wp-content\/uploads\/sites\/15\/2023\/10\/ACTA-CONV-NUM-11_2019_SECCION-26-CENTRO_2019-.pdf\">Acta Convocatoria N\u00b0 11 &#8211; 2019 &#8211; Jurisdicci\u00f3n Sanitaria \u2013 SNTSA Secci\u00f3n 26 CENTRO<\/a><\/li>\n\n\n\n<li><a href=\"https:\/\/www.ssaver.gob.mx\/administraciondepersonal\/wp-content\/uploads\/sites\/15\/2023\/10\/ACTA-CONV-NUM-13_2019_SECCION-26-CEWNTRO_2019-.pdf\" data-type=\"link\" data-id=\"https:\/\/www.ssaver.gob.mx\/administraciondepersonal\/wp-content\/uploads\/sites\/15\/2023\/10\/ACTA-CONV-NUM-13_2019_SECCION-26-CEWNTRO_2019-.pdf\">Acta Convocatoria N\u00b0 13 &#8211; 2019 &#8211; Jurisdicci\u00f3n Sanitaria \u2013 SNTSA Secci\u00f3n 26 CENTRO<\/a><\/li>\n\n\n\n<li><a href=\"https:\/\/www.ssaver.gob.mx\/administraciondepersonal\/wp-content\/uploads\/sites\/15\/2024\/02\/ACTA-CONV-NUM-15_2023_SECCION-70_2023-.pdf\">Acta Convocatoria N\u00b0 15 &#8211; 2023 Jurisdicci\u00f3n Sanitaria \u2013 SNTSA Secci\u00f3n 70<\/a><\/li>\n<\/ul>\n\n\n\n<p>Hospital General de Huatusco \u201cDr. Dar\u00edo M\u00e9ndez Lima\u201d<\/p>\n\n\n\n<p>Hospital General de C\u00f3rdoba \u00abYanga\u00bb<\/p>\n\n\n\n<ul class=\"wp-block-list\">\n<li><a rel=\"noreferrer noopener\" href=\"https:\/\/www.ssaver.gob.mx\/administraciondepersonal\/wp-content\/uploads\/sites\/15\/2023\/03\/CONV-NUM-04_2023_SESTSSV_0662_2023.pdf\" target=\"_blank\">Convocatoria N\u00b0 04 &#8211; 2023 Hospital &#8211; Ofic. SRH\/0662\/2023 \u2013 SETSSV<\/a><\/li>\n\n\n\n<li><a rel=\"noreferrer noopener\" href=\"https:\/\/www.ssaver.gob.mx\/administraciondepersonal\/wp-content\/uploads\/sites\/15\/2023\/04\/CONV-NUM-23_2023_SETSSV_1566_2023.pdf\" target=\"_blank\">Convocatoria N\u00b023 &#8211; 2023 Hospital &#8211; Ofic. SRH\/01566\/2023 &#8211; SETSSV<\/a><\/li>\n\n\n\n<li><a rel=\"noreferrer noopener\" href=\"https:\/\/www.ssaver.gob.mx\/administraciondepersonal\/wp-content\/uploads\/sites\/15\/2023\/05\/CONV-NUM-29_30_2023_SETSSV_5308_2023.pdf\" target=\"_blank\">Convocatoria N\u00b029, 30 &#8211; 2023 Hospital &#8211; Ofic. SRH\/05308\/2023 &#8211; SETSSV<\/a><\/li>\n\n\n\n<li><a href=\"https:\/\/www.ssaver.gob.mx\/administraciondepersonal\/wp-content\/uploads\/sites\/15\/2023\/08\/ACTA-CONV-NUM-04_2023_SETSSV_2023-.pdf\" data-type=\"link\" data-id=\"https:\/\/www.ssaver.gob.mx\/administraciondepersonal\/wp-content\/uploads\/sites\/15\/2023\/08\/ACTA-CONV-NUM-04_2023_SETSSV_2023-.pdf\">Acta Convocatoria N\u00b0 04 &#8211; 2023 Hospital \u2013 SETSSV<\/a><\/li>\n<\/ul>\n\n\n\n<p>Hospital de la Comunidad de Tezonapa<\/p>\n\n\n\n<ul class=\"wp-block-list\">\n<li><a href=\"https:\/\/www.ssaver.gob.mx\/administraciondepersonal\/wp-content\/uploads\/sites\/15\/2023\/03\/CONV-NUM-21_2023_SETSSV_01568_2023.pdf\" target=\"_blank\" rel=\"noreferrer noopener\">Convocatorias N\u00b0 21 &#8211; 2023 Hospital &#8211; Ofic. SRH\/1568\/2023 \u2013 SETSSV<\/a><\/li>\n\n\n\n<li><a href=\"https:\/\/www.ssaver.gob.mx\/administraciondepersonal\/wp-content\/uploads\/sites\/15\/2024\/12\/ACTA-CONV-NUM-21_2023_SETSSV_2023-.pdf\">Acta Convocatoria N\u00b0 21 &#8211; 2023 Hospital\u2013 SETSSV<\/a><\/li>\n<\/ul>\n\n\n\n<p><strong>Jurisdicci\u00f3n Sanitaria No. VII &#8211; Orizaba<\/strong><\/p>\n\n\n\n<ul class=\"wp-block-list\">\n<li><a rel=\"noreferrer noopener\" href=\"https:\/\/www.ssaver.gob.mx\/administraciondepersonal\/wp-content\/uploads\/sites\/15\/2023\/03\/CONV-NUM-18_19_2019_SECCION-26-CENTRO_3069_2023.pdf\" target=\"_blank\">Convocatoria N\u00b0 18, 19 &#8211; 2019 Jurisdicci\u00f3n Sanitaria Ofic. SRH\/3069\/2023 SNTSA Secci\u00f3n 26 &#8211; CENTRO<\/a><\/li>\n\n\n\n<li><a rel=\"noreferrer noopener\" href=\"https:\/\/www.ssaver.gob.mx\/administraciondepersonal\/wp-content\/uploads\/sites\/15\/2023\/06\/ACTA-CONV-NUM-19_2019_SECCION-26-CENTRO_2019.pdf\" target=\"_blank\">Acta Convocatoria N\u00b0 19 &#8211; 2019 Jurisdicci\u00f3n Sanitaria \u2013 SNTSA Secci\u00f3n 26 &#8211; CENTRO<\/a><\/li>\n\n\n\n<li><a href=\"https:\/\/www.ssaver.gob.mx\/administraciondepersonal\/wp-content\/uploads\/sites\/15\/2023\/08\/ACTA-CONV-NUM-18_2019_SECCION-26-CENTRO_2019.pdf\" data-type=\"link\" data-id=\"https:\/\/www.ssaver.gob.mx\/administraciondepersonal\/wp-content\/uploads\/sites\/15\/2023\/08\/ACTA-CONV-NUM-18_2019_SECCION-26-CENTRO_2019.pdf\">Acta Convocatoria N\u00b0 18 &#8211; 2019 Jurisdicci\u00f3n Sanitaria \u2013 SNTSA Secci\u00f3n 26 CENTRO<\/a><\/li>\n<\/ul>\n\n\n\n<p>Hospital de la Comunidad de Tlaquilpa<\/p>\n\n\n\n<p>Hospital de Salud Mental de Orizaba \u00abDr. V\u00edctor M. Concha V\u00e1squez\u00bb<\/p>\n\n\n\n<ul class=\"wp-block-list\">\n<li><a rel=\"noreferrer noopener\" href=\"https:\/\/www.ssaver.gob.mx\/administraciondepersonal\/wp-content\/uploads\/sites\/15\/2023\/06\/CONV-NUM-41_2019_3224_2023_CENTRO.pdf\" target=\"_blank\">Convocatoria N\u00b0 41- 2019 Hospital &#8211; Ofic. SRH\/03224\/2023 &#8211; SNTSA Secci\u00f3n 26 &#8211; CENTRO<\/a><\/li>\n\n\n\n<li><a href=\"https:\/\/www.ssaver.gob.mx\/administraciondepersonal\/wp-content\/uploads\/sites\/15\/2023\/10\/ACTA-CONV-NUM-41_2019_SECCION-26-CENTRO_2019-.pdf\" data-type=\"link\" data-id=\"https:\/\/www.ssaver.gob.mx\/administraciondepersonal\/wp-content\/uploads\/sites\/15\/2023\/10\/ACTA-CONV-NUM-41_2019_SECCION-26-CENTRO_2019-.pdf\">Acta Convocatoria N\u00b0 41 &#8211; 2019 &#8211; Hospital \u2013 SNTSA Secci\u00f3n 26 CENTRO<\/a><\/li>\n<\/ul>\n\n\n\n<p>Hospital Regional de R\u00edo Blanco<\/p>\n\n\n\n<ul class=\"wp-block-list\">\n<li><a rel=\"noreferrer noopener\" href=\"https:\/\/www.ssaver.gob.mx\/administraciondepersonal\/wp-content\/uploads\/sites\/15\/2023\/03\/CONV-NUM-20_21_22_23_24_25_26_27_28_29_30_31_32_33_34_35_36_37_38_39_40_41_2019_SECCION-26-CENTRO_-3063_2023.pdf\" target=\"_blank\">Convocatoria N\u00b0 20, 21, 22, 23, 24, 25, 26, 27, 28, 29, 30, 31, 32, 33, 34, 35, 36, 37, 38, 39, 40, 41 &#8211; 2019 Hospital &#8211; Ofic. SRH\/3063\/2023 SNTSA Secci\u00f3n 26 &#8211; CENTRO<\/a><\/li>\n\n\n\n<li><a rel=\"noreferrer noopener\" href=\"https:\/\/www.ssaver.gob.mx\/administraciondepersonal\/wp-content\/uploads\/sites\/15\/2023\/06\/03226_2023_SRH.pdf\" target=\"_blank\">Convocatoria N\u00b0 20, 21, 22, 23, 24, 25, 26, 27, 28, 29, 30, 31, 32, 33, 34, 35, 36, 37, 38, 39, 40, &#8211; 2019 Hospital &#8211; Ofic. SRH\/3226\/2023 SNTSA Secci\u00f3n 26 &#8211; CENTRO<\/a><\/li>\n\n\n\n<li><a href=\"https:\/\/www.ssaver.gob.mx\/administraciondepersonal\/wp-content\/uploads\/sites\/15\/2023\/08\/ACTA-CONV-NUM-20_2019_SECCION-26-CENTRO_2019-.pdf\" data-type=\"link\" data-id=\"https:\/\/www.ssaver.gob.mx\/administraciondepersonal\/wp-content\/uploads\/sites\/15\/2023\/08\/ACTA-CONV-NUM-20_2019_SECCION-26-CENTRO_2019-.pdf\">Acta Convocatoria N\u00b0 20 &#8211; 2019 Hospital \u2013 SNTSA Secci\u00f3n 26 CENTRO<\/a><\/li>\n\n\n\n<li><a href=\"https:\/\/www.ssaver.gob.mx\/administraciondepersonal\/wp-content\/uploads\/sites\/15\/2023\/08\/ACTA-CONV-NUM-21_2019_SECCION-26-CENTRO_2019-.pdf\" data-type=\"link\" data-id=\"https:\/\/www.ssaver.gob.mx\/administraciondepersonal\/wp-content\/uploads\/sites\/15\/2023\/08\/ACTA-CONV-NUM-21_2019_SECCION-26-CENTRO_2019-.pdf\">Acta Convocatoria N\u00b0 21 &#8211; 2019 Hospital \u2013 SNTSA Secci\u00f3n 26 CENTRO<\/a><\/li>\n\n\n\n<li><a href=\"https:\/\/www.ssaver.gob.mx\/administraciondepersonal\/wp-content\/uploads\/sites\/15\/2023\/08\/ACTA-CONV-NUM-22_2019_SECCION-26-CENTRO_2019-.pdf\" data-type=\"link\" data-id=\"https:\/\/www.ssaver.gob.mx\/administraciondepersonal\/wp-content\/uploads\/sites\/15\/2023\/08\/ACTA-CONV-NUM-22_2019_SECCION-26-CENTRO_2019-.pdf\">Acta Convocatoria N\u00b0 22 &#8211; 2019 Hospital \u2013 SNTSA Secci\u00f3n 26 CENTRO<\/a><\/li>\n\n\n\n<li><a href=\"https:\/\/www.ssaver.gob.mx\/administraciondepersonal\/wp-content\/uploads\/sites\/15\/2023\/08\/ACTA-CONV-NUM-23_2019_SECCION-26-CENTRO_2019-.pdf\" data-type=\"link\" data-id=\"https:\/\/www.ssaver.gob.mx\/administraciondepersonal\/wp-content\/uploads\/sites\/15\/2023\/08\/ACTA-CONV-NUM-23_2019_SECCION-26-CENTRO_2019-.pdf\">Acta Convocatoria N\u00b0 23 &#8211; 2019 Hospital \u2013 SNTSA Secci\u00f3n 26 CENTRO<\/a><\/li>\n\n\n\n<li><a href=\"https:\/\/www.ssaver.gob.mx\/administraciondepersonal\/wp-content\/uploads\/sites\/15\/2023\/08\/ACTA-CONV-NUM-24_2019_SECCION-26-CENTRO_2019-.pdf\" data-type=\"link\" data-id=\"https:\/\/www.ssaver.gob.mx\/administraciondepersonal\/wp-content\/uploads\/sites\/15\/2023\/08\/ACTA-CONV-NUM-24_2019_SECCION-26-CENTRO_2019-.pdf\">Acta Convocatoria N\u00b0 24 &#8211; 2019 Hospital \u2013 SNTSA Secci\u00f3n 26 CENTRO<\/a><\/li>\n\n\n\n<li><a href=\"https:\/\/www.ssaver.gob.mx\/administraciondepersonal\/wp-content\/uploads\/sites\/15\/2023\/08\/ACTA-CONV-NUM-27_2019_SECCION-26-CENTRO_2019-.pdf\" data-type=\"link\" data-id=\"https:\/\/www.ssaver.gob.mx\/administraciondepersonal\/wp-content\/uploads\/sites\/15\/2023\/08\/ACTA-CONV-NUM-27_2019_SECCION-26-CENTRO_2019-.pdf\">Acta Convocatoria N\u00b0 27 &#8211; 2019 Hospital \u2013 SNTSA Secci\u00f3n 26 CENTRO<\/a><\/li>\n\n\n\n<li><a href=\"https:\/\/www.ssaver.gob.mx\/administraciondepersonal\/wp-content\/uploads\/sites\/15\/2023\/08\/ACTA-CONV-NUM-29_2019_SECCION-26-CENTRO_2019-.pdf\" data-type=\"link\" data-id=\"https:\/\/www.ssaver.gob.mx\/administraciondepersonal\/wp-content\/uploads\/sites\/15\/2023\/08\/ACTA-CONV-NUM-29_2019_SECCION-26-CENTRO_2019-.pdf\">Acta Convocatoria N\u00b0 29 &#8211; 2019 Hospital \u2013 SNTSA Secci\u00f3n 26 CENTRO<\/a><\/li>\n\n\n\n<li><a href=\"https:\/\/www.ssaver.gob.mx\/administraciondepersonal\/wp-content\/uploads\/sites\/15\/2023\/08\/ACTA-CONV-NUM-30_2019_SECCION-26-CENTRO_2019-.pdf\" data-type=\"link\" data-id=\"https:\/\/www.ssaver.gob.mx\/administraciondepersonal\/wp-content\/uploads\/sites\/15\/2023\/08\/ACTA-CONV-NUM-30_2019_SECCION-26-CENTRO_2019-.pdf\">Acta Convocatoria N\u00b0 30 &#8211; 2019 Hospital \u2013 SNTSA Secci\u00f3n 26 CENTRO<\/a><\/li>\n\n\n\n<li><a href=\"https:\/\/www.ssaver.gob.mx\/administraciondepersonal\/wp-content\/uploads\/sites\/15\/2023\/08\/ACTA-CONV-NUM-31_2019_SECCION-26-CENTRO_2019-.pdf\" data-type=\"link\" data-id=\"https:\/\/www.ssaver.gob.mx\/administraciondepersonal\/wp-content\/uploads\/sites\/15\/2023\/08\/ACTA-CONV-NUM-31_2019_SECCION-26-CENTRO_2019-.pdf\">Acta Convocatoria N\u00b0 31 &#8211; 2019 Hospital \u2013 SNTSA Secci\u00f3n 26 CENTRO<\/a><\/li>\n\n\n\n<li><a href=\"https:\/\/www.ssaver.gob.mx\/administraciondepersonal\/wp-content\/uploads\/sites\/15\/2023\/08\/ACTA-CONV-NUM-32_2019_SECCION-26-CENTRO_2019-.pdf\" data-type=\"link\" data-id=\"https:\/\/www.ssaver.gob.mx\/administraciondepersonal\/wp-content\/uploads\/sites\/15\/2023\/08\/ACTA-CONV-NUM-32_2019_SECCION-26-CENTRO_2019-.pdf\">Acta Convocatoria N\u00b0 32 &#8211; 2019 Hospital \u2013 SNTSA Secci\u00f3n 26 CENTRO<\/a><\/li>\n\n\n\n<li><a href=\"https:\/\/www.ssaver.gob.mx\/administraciondepersonal\/wp-content\/uploads\/sites\/15\/2023\/08\/ACTA-CONV-NUM-33_2019_SECCIO-26-CENTRO_2019-.pdf\" data-type=\"link\" data-id=\"https:\/\/www.ssaver.gob.mx\/administraciondepersonal\/wp-content\/uploads\/sites\/15\/2023\/08\/ACTA-CONV-NUM-33_2019_SECCIO-26-CENTRO_2019-.pdf\">Acta Convocatoria N\u00b0 33 &#8211; 2019 Hospital \u2013 SNTSA Secci\u00f3n 26 CENTRO<\/a><\/li>\n\n\n\n<li><a href=\"https:\/\/www.ssaver.gob.mx\/administraciondepersonal\/wp-content\/uploads\/sites\/15\/2023\/08\/ACTA-CONV-NUM-34_2019_SECCION-26-CENTRO_2019-.pdf\" data-type=\"link\" data-id=\"https:\/\/www.ssaver.gob.mx\/administraciondepersonal\/wp-content\/uploads\/sites\/15\/2023\/08\/ACTA-CONV-NUM-34_2019_SECCION-26-CENTRO_2019-.pdf\">Acta Convocatoria N\u00b0 34 &#8211; 2019 Hospital \u2013 SNTSA Secci\u00f3n 26 CENTRO<\/a><\/li>\n\n\n\n<li><a href=\"https:\/\/www.ssaver.gob.mx\/administraciondepersonal\/wp-content\/uploads\/sites\/15\/2024\/05\/ACTA-CONV-NUM-151_2023_SECCION-26-CENTRO_2023-.pdf\">Acta Convocatoria N\u00b0 151 \u2013 2023 \u2013 Hospital \u2013 SNTSA Secci\u00f3n 26 CENTRO<\/a><\/li>\n<\/ul>\n\n\n\n<p><strong>Jefe de la Jurisdicci\u00f3n Sanitaria No. VIII &#8211; Veracruz<\/strong><\/p>\n\n\n\n<ul class=\"wp-block-list\">\n<li><a rel=\"noreferrer noopener\" href=\"https:\/\/www.ssaver.gob.mx\/administraciondepersonal\/wp-content\/uploads\/sites\/15\/2023\/03\/CONV-NUM-02_03_04_08_2023_SECCION-26-SUR_0800_2023.pdf\" target=\"_blank\">Convocatoria N\u00b002, 03, 04, 08 2023 Jurisdicci\u00f3n Sanitaria &#8211; Ofic. SRH\/00800\/2023 \u2013 SNTSA Secci\u00f3n 26-SUR<\/a><\/li>\n\n\n\n<li><a rel=\"noreferrer noopener\" href=\"https:\/\/www.ssaver.gob.mx\/administraciondepersonal\/wp-content\/uploads\/sites\/15\/2023\/03\/CONV-NUM-06_2023_SECCION-70_0898_2023.pdf\" target=\"_blank\">Convocatorias N\u00b0 06 &#8211; 2023 Jurisdicci\u00f3n Sanitaria &#8211; Ofic. SRH\/00898\/2023 \u2013 SNTSA Secci\u00f3n 70<\/a><\/li>\n\n\n\n<li><a rel=\"noreferrer noopener\" href=\"https:\/\/www.ssaver.gob.mx\/administraciondepersonal\/wp-content\/uploads\/sites\/15\/2023\/03\/CONV-NUM-04_2023_SECCION-40_00853_2023.pdf\" target=\"_blank\">Convocatoria N\u00b0 04 &#8211; 2023 Hospital &#8211; Ofic. SRH\/0853\/2023 \u2013 SNTSA Secci\u00f3n 40<\/a><\/li>\n\n\n\n<li><a rel=\"noreferrer noopener\" href=\"https:\/\/www.ssaver.gob.mx\/administraciondepersonal\/wp-content\/uploads\/sites\/15\/2023\/05\/CONV-NUM-23_2023_SECCION-26-SUR_2023_4646_2023.pdf\" target=\"_blank\">Convocatorias N\u00b0 23-2023 Jurisdicci\u00f3n Sanitaria &#8211; Ofic. SRH\/04646\/2023 \u2013 SNTSA Secci\u00f3n 26 \u2013 SUR<\/a><\/li>\n\n\n\n<li><a rel=\"noreferrer noopener\" href=\"https:\/\/www.ssaver.gob.mx\/administraciondepersonal\/wp-content\/uploads\/sites\/15\/2023\/06\/CONV-NUM-18_17_SECCION-26-SUR_-3420_2023.pdf\" target=\"_blank\">Convocatoria N\u00b0 17, 18 &#8211; 2023 Jurisdicci\u00f3n Sanitaria Ofic. SRH\/03420\/2023\u2013 SNTSA Secci\u00f3n 26 \u2013 Sur<\/a><\/li>\n\n\n\n<li><a href=\"https:\/\/www.ssaver.gob.mx\/administraciondepersonal\/wp-content\/uploads\/sites\/15\/2023\/07\/ACTA-CONV-NUM-06_2023_SECCION-70_2023.pdf\" target=\"_blank\" rel=\"noreferrer noopener\">Acta Convocatoria N\u00b0 06 &#8211; 2023 Jurisdicci\u00f3n Sanitaria \u2013 SNTSA Secci\u00f3n 70<\/a><\/li>\n\n\n\n<li><a href=\"https:\/\/www.ssaver.gob.mx\/administraciondepersonal\/wp-content\/uploads\/sites\/15\/2024\/01\/ACTA-CONV-NUM-23_2023_SECCION-26-SUR_2023-.pdf\">Acta Convocatoria N\u00b0 23 &#8211; 2023 Jurisdicci\u00f3n Sanitaria \u2013 SNTSA Secci\u00f3n 26 SUR<\/a><\/li>\n\n\n\n<li><a href=\"http:\/\/\u2022\tActa Convocatoria N\u00b0 18 - 2023 Jurisdicci\u00f3n Sanitaria \u2013 SNTSA Secci\u00f3n 26 SUR\">Acta Convocatoria N\u00b0 18 &#8211; 2023 Jurisdicci\u00f3n Sanitaria \u2013 SNTSA Secci\u00f3n 26 SUR<\/a><\/li>\n\n\n\n<li><a href=\"https:\/\/www.ssaver.gob.mx\/administraciondepersonal\/wp-content\/uploads\/sites\/15\/2024\/04\/ACTA-CONV-NUM-02_2023_SECCION-26-SUR_2023-.pdf\">Acta Convocatoria N\u00b0 02 &#8211; 2023 Jurisdicci\u00f3n Sanitaria \u2013 SNTSA Secci\u00f3n 26 &#8211; SUR<\/a><\/li>\n\n\n\n<li><a href=\"https:\/\/www.ssaver.gob.mx\/administraciondepersonal\/wp-content\/uploads\/sites\/15\/2024\/04\/ACTA-CONV-NUM-03_2023_SECCION-26-SUR_2023-.pdf\">Acta Convocatoria N\u00b0 03 &#8211; 2023 Jurisdicci\u00f3n Sanitaria \u2013 SNTSA Secci\u00f3n 26 &#8211; SUR<\/a><\/li>\n\n\n\n<li><a href=\"https:\/\/www.ssaver.gob.mx\/administraciondepersonal\/wp-content\/uploads\/sites\/15\/2024\/05\/ACTA-CONV-NUM-04_2023_SECCION-26-SUR_2023.pdf\">Acta Convocatoria N\u00b0 04 \u2013 2023 &#8211; Jurisdicci\u00f3n Sanitaria \u2013 SNTSA Secci\u00f3n 26 SUR<\/a><\/li>\n\n\n\n<li><a href=\"https:\/\/www.ssaver.gob.mx\/administraciondepersonal\/wp-content\/uploads\/sites\/15\/2024\/12\/ACTA-CONV-NUM-17_2023_SECCION-26-SUR_2023.pdf\">Acta-Convocatoria N\u00b0 17 &#8211; 2023 Jurisdicci\u00f3n Sanitaria \u2013 SNTSA Secci\u00f3n 26 &#8211; SUR<\/a><\/li>\n\n\n\n<li><a href=\"https:\/\/www.ssaver.gob.mx\/administraciondepersonal\/wp-content\/uploads\/sites\/15\/2024\/12\/ACTA-CONV-NUM-04_2023_SECCION-40_2023.pdf\">Acta Convocatoria N\u00b0 04 &#8211; 2023 Jurisdicci\u00f3n Sanitaria \u2013 SNTSA Secci\u00f3n 40<\/a><\/li>\n<\/ul>\n\n\n\n<p>Hospital de la Comunidad de Alvarado<\/p>\n\n\n\n<p>Hospital de Alta Especialidad de Veracruz<\/p>\n\n\n\n<ul class=\"wp-block-list\">\n<li><a rel=\"noreferrer noopener\" href=\"https:\/\/www.ssaver.gob.mx\/administraciondepersonal\/wp-content\/uploads\/sites\/15\/2023\/03\/CONV-NUM-01_02_03_05_06_07_08_35_36_2023_SECCION-40_0854_2023.pdf\" target=\"_blank\">Convocatorias N\u00b0 01, 02, 03, 05, 06, 07, 08, 35, 36 &#8211; 2023 Hospital &#8211; Ofic. SRH\/0854\/2023 \u2013 SNTSA Secci\u00f3n 40<\/a><\/li>\n\n\n\n<li><a href=\"https:\/\/www.ssaver.gob.mx\/administraciondepersonal\/wp-content\/uploads\/sites\/15\/2023\/05\/CONV-NUM-11121314151617182223-2023_SECCION-40_4425_2023.pdf\" target=\"_blank\" rel=\"noreferrer noopener\">Convocatorias N\u00b0 11,12,13,14,15,16,17,18,22,23-2023 Hospital &#8211; Ofic. SRH\/04425\/2023 \u2013 SNTSA Secci\u00f3n 40<\/a><\/li>\n\n\n\n<li><a rel=\"noreferrer noopener\" href=\"https:\/\/www.ssaver.gob.mx\/administraciondepersonal\/wp-content\/uploads\/sites\/15\/2023\/05\/CONV-NUM-01_2023_SUETYPS_04428_2023.pdf\" target=\"_blank\">Convocatoria N\u00b0 01 &#8211; 2023 Hospital &#8211; Ofic. SRH\/04428\/2023 \u2013 SUETYPS<\/a><\/li>\n\n\n\n<li><a rel=\"noreferrer noopener\" href=\"https:\/\/www.ssaver.gob.mx\/administraciondepersonal\/wp-content\/uploads\/sites\/15\/2023\/05\/CONV-NUM-25_26_27_28_29_30_31_32_33_34_35_36_37_38_39_40_41_42_SECCION-40_5307_2023.pdf\" target=\"_blank\">Convocatorias N\u00b0 25, 26, 27, 28, 29, 30, 31, 32, 33, 34, 35, 36, 37, 38, 39, 40, 41, 42 -2023 Hospital &#8211; Ofic. SRH\/05307\/2023 \u2013 SNTSA Secci\u00f3n 40<\/a><\/li>\n\n\n\n<li><a href=\"https:\/\/www.ssaver.gob.mx\/administraciondepersonal\/wp-content\/uploads\/sites\/15\/2023\/06\/ACTA-CONV-NUM-01_2023_SECCION-40_2023.pdf\" target=\"_blank\" rel=\"noreferrer noopener\">Acta Convocatoria N\u00b0 01 &#8211; 2023 Hospital \u2013 SNTSA Secci\u00f3n 40<\/a><\/li>\n\n\n\n<li><a href=\"https:\/\/www.ssaver.gob.mx\/administraciondepersonal\/wp-content\/uploads\/sites\/15\/2023\/06\/ACTA-CONV-NUM-02_2023_SECCION-40_2023.pdf\" target=\"_blank\" rel=\"noreferrer noopener\">Acta Convocatoria N\u00b0 02 &#8211; 2023 Hospital \u2013 SNTSA Secci\u00f3n 40<\/a><\/li>\n\n\n\n<li><a href=\"https:\/\/www.ssaver.gob.mx\/administraciondepersonal\/wp-content\/uploads\/sites\/15\/2023\/06\/ACTA-CONV-NUM-03_2023_SECCION-40_2023.pdf\" target=\"_blank\" rel=\"noreferrer noopener\">Acta Convocatoria N\u00b0 03 &#8211; 2023 Hospital \u2013 SNTSA Secci\u00f3n 40<\/a><\/li>\n\n\n\n<li><a rel=\"noreferrer noopener\" href=\"https:\/\/www.ssaver.gob.mx\/administraciondepersonal\/wp-content\/uploads\/sites\/15\/2023\/06\/ACTA-CONV-NUM-05_2023_SECCION-40_2023.pdf\" target=\"_blank\">Acta Convocatoria N\u00b0 05 &#8211; 2023 Hospital \u2013 SNTSA Secci\u00f3n 40<\/a><\/li>\n\n\n\n<li><a rel=\"noreferrer noopener\" href=\"https:\/\/www.ssaver.gob.mx\/administraciondepersonal\/wp-content\/uploads\/sites\/15\/2023\/06\/ACTA-CONV-NUM-06_2023_SECCION-40_2023.pdf\" target=\"_blank\">Acta Convocatoria N\u00b0 06 &#8211; 202<\/a><a href=\"https:\/\/www.ssaver.gob.mx\/administraciondepersonal\/wp-content\/uploads\/sites\/15\/2023\/06\/ACTA-CONV-NUM-06_2023_SECCION-40_2023.pdf\" target=\"_blank\" rel=\"noreferrer noopener\">3<\/a><a rel=\"noreferrer noopener\" href=\"https:\/\/www.ssaver.gob.mx\/administraciondepersonal\/wp-content\/uploads\/sites\/15\/2023\/06\/ACTA-CONV-NUM-06_2023_SECCION-40_2023.pdf\" target=\"_blank\"> Hospital \u2013 SNTSA Secci\u00f3n 40<\/a><\/li>\n\n\n\n<li><a href=\"https:\/\/www.ssaver.gob.mx\/administraciondepersonal\/wp-content\/uploads\/sites\/15\/2023\/06\/ACTA-CONV-NUM-07_2023_SECCION-40_2023.pdf\" target=\"_blank\" rel=\"noreferrer noopener\">Acta Convocatoria N\u00b0 07 &#8211; 2023 Hospital \u2013 SNTSA Secci\u00f3n 40<\/a><\/li>\n\n\n\n<li><a rel=\"noreferrer noopener\" href=\"https:\/\/www.ssaver.gob.mx\/administraciondepersonal\/wp-content\/uploads\/sites\/15\/2023\/06\/ACTA-CONV-NUM-08_2023_SECCION-40_2023.pdf\" target=\"_blank\">Acta Convocatoria N\u00b0 08 &#8211; 2023 Hospital \u2013 SNTSA Secci\u00f3n 40<\/a><\/li>\n\n\n\n<li><a rel=\"noreferrer noopener\" href=\"https:\/\/www.ssaver.gob.mx\/administraciondepersonal\/wp-content\/uploads\/sites\/15\/2023\/06\/ACTA-CONV-NUM-35_2023_SECCION-40_2023.pdf\" target=\"_blank\">Acta Convocatoria N\u00b0 35 &#8211; 2023 Hospital \u2013 SNTSA Secci\u00f3n 40<\/a><\/li>\n\n\n\n<li><a rel=\"noreferrer noopener\" href=\"https:\/\/www.ssaver.gob.mx\/administraciondepersonal\/wp-content\/uploads\/sites\/15\/2023\/07\/CONV-NUM-43_44_45_46_47_48_49_50_51_2023_SECCION-40_6839_2023.pdf\" target=\"_blank\">Convocatoria N\u00b0 43,44,45,46,47,48,49,50,51 &#8211; 2023 Hospital &#8211; Ofic. SRH\/06839\/2023 &#8211; SNTSA Secci\u00f3n 40<\/a><\/li>\n\n\n\n<li><a href=\"https:\/\/www.ssaver.gob.mx\/administraciondepersonal\/wp-content\/uploads\/sites\/15\/2023\/09\/ACTA-CONV-NUM-14_2023_SECCION-40_2023-.pdf\" data-type=\"link\" data-id=\"https:\/\/www.ssaver.gob.mx\/administraciondepersonal\/wp-content\/uploads\/sites\/15\/2023\/09\/ACTA-CONV-NUM-14_2023_SECCION-40_2023-.pdf\">Acta Convocatoria N\u00b0 14 &#8211; 2023 Hospital \u2013 SNTSA Secci\u00f3n 40<\/a><\/li>\n\n\n\n<li><a href=\"https:\/\/www.ssaver.gob.mx\/administraciondepersonal\/wp-content\/uploads\/sites\/15\/2023\/09\/ACTA-CONV-NUM-15_2023_SECCION-40_2023-.pdf\" data-type=\"link\" data-id=\"https:\/\/www.ssaver.gob.mx\/administraciondepersonal\/wp-content\/uploads\/sites\/15\/2023\/09\/ACTA-CONV-NUM-15_2023_SECCION-40_2023-.pdf\">Acta Convocatoria N\u00b0 15 &#8211; 2023 Hospital \u2013 SNTSA Secci\u00f3n 40<\/a><\/li>\n\n\n\n<li><a href=\"https:\/\/www.ssaver.gob.mx\/administraciondepersonal\/wp-content\/uploads\/sites\/15\/2023\/10\/ACTA-CONV-NUM-30_2023_SECCION-40_2023-.pdf\" data-type=\"link\" data-id=\"https:\/\/www.ssaver.gob.mx\/administraciondepersonal\/wp-content\/uploads\/sites\/15\/2023\/10\/ACTA-CONV-NUM-30_2023_SECCION-40_2023-.pdf\">Acta Convocatoria N\u00b0 30 &#8211; 2023 Hospital &#8211; SNTSA Secci\u00f3n 40<\/a><\/li>\n\n\n\n<li><a href=\"https:\/\/www.ssaver.gob.mx\/administraciondepersonal\/wp-content\/uploads\/sites\/15\/2023\/10\/ACTA-CONV-NUM-39_2023_SECCION-40_2023-.pdf\" data-type=\"link\" data-id=\"https:\/\/www.ssaver.gob.mx\/administraciondepersonal\/wp-content\/uploads\/sites\/15\/2023\/10\/ACTA-CONV-NUM-39_2023_SECCION-40_2023-.pdf\">Acta Convocatoria N\u00b0 39 &#8211; 2023 Hospital &#8211; SNTSA Secci\u00f3n 40<\/a><\/li>\n\n\n\n<li><a href=\"https:\/\/www.ssaver.gob.mx\/administraciondepersonal\/wp-content\/uploads\/sites\/15\/2023\/10\/ACTA-CONV-NUM-40_2023_SECCION-40_2023-.pdf\" data-type=\"link\" data-id=\"https:\/\/www.ssaver.gob.mx\/administraciondepersonal\/wp-content\/uploads\/sites\/15\/2023\/10\/ACTA-CONV-NUM-40_2023_SECCION-40_2023-.pdf\">Acta Convocatoria N\u00b0 40 &#8211; 2023 Hospital &#8211; SNTSA Secci\u00f3n 40<\/a><\/li>\n\n\n\n<li><a href=\"https:\/\/www.ssaver.gob.mx\/administraciondepersonal\/wp-content\/uploads\/sites\/15\/2023\/10\/ACTA-CONV-NUM-42_2023_SECCION-40_2023-.pdf\" data-type=\"link\" data-id=\"https:\/\/www.ssaver.gob.mx\/administraciondepersonal\/wp-content\/uploads\/sites\/15\/2023\/10\/ACTA-CONV-NUM-42_2023_SECCION-40_2023-.pdf\">Acta Convocatoria N\u00b0 42 &#8211; 2023 Hospital &#8211; SNTSA Secci\u00f3n 40<\/a><\/li>\n\n\n\n<li><a href=\"https:\/\/www.ssaver.gob.mx\/administraciondepersonal\/wp-content\/uploads\/sites\/15\/2023\/10\/ACTA-CONV-NUM-43-2023_SECCION-40_2023-.pdf\" data-type=\"link\" data-id=\"https:\/\/www.ssaver.gob.mx\/administraciondepersonal\/wp-content\/uploads\/sites\/15\/2023\/10\/ACTA-CONV-NUM-43-2023_SECCION-40_2023-.pdf\">Acta Convocatoria N\u00b0 43 &#8211; 2023 Hospital &#8211; SNTSA Secci\u00f3n 40<\/a><\/li>\n\n\n\n<li><a href=\"https:\/\/www.ssaver.gob.mx\/administraciondepersonal\/wp-content\/uploads\/sites\/15\/2023\/10\/ACTA-CONV-NUM-44_2023_SECCION-40_2023-.pdf\" data-type=\"link\" data-id=\"https:\/\/www.ssaver.gob.mx\/administraciondepersonal\/wp-content\/uploads\/sites\/15\/2023\/10\/ACTA-CONV-NUM-44_2023_SECCION-40_2023-.pdf\">Acta Convocatoria N\u00b0 44 &#8211; 2023 Hospital &#8211; SNTSA Secci\u00f3n 40<\/a><\/li>\n\n\n\n<li><a href=\"https:\/\/www.ssaver.gob.mx\/administraciondepersonal\/wp-content\/uploads\/sites\/15\/2023\/10\/ACTA-CONV-NUM-45_2023_SECCION-40_2023-.pdf\" data-type=\"link\" data-id=\"https:\/\/www.ssaver.gob.mx\/administraciondepersonal\/wp-content\/uploads\/sites\/15\/2023\/10\/ACTA-CONV-NUM-45_2023_SECCION-40_2023-.pdf\">Acta Convocatoria N\u00b0 45 &#8211; 2023 Hospital &#8211; SNTSA Secci\u00f3n 40<\/a><\/li>\n\n\n\n<li><a href=\"https:\/\/www.ssaver.gob.mx\/administraciondepersonal\/wp-content\/uploads\/sites\/15\/2023\/10\/ACTA-CONV-NUM-46_2023_SECCION-40_2023-.pdf\" data-type=\"link\" data-id=\"https:\/\/www.ssaver.gob.mx\/administraciondepersonal\/wp-content\/uploads\/sites\/15\/2023\/10\/ACTA-CONV-NUM-46_2023_SECCION-40_2023-.pdf\">Acta Convocatoria N\u00b0 46 &#8211; 2023 Hospital \u2013 SNTSA Secci\u00f3n 40<\/a><\/li>\n\n\n\n<li><a href=\"https:\/\/www.ssaver.gob.mx\/administraciondepersonal\/wp-content\/uploads\/sites\/15\/2023\/10\/ACTA-CONV-NUM-47_2023_SECCION-40_2023-.pdf\" data-type=\"link\" data-id=\"https:\/\/www.ssaver.gob.mx\/administraciondepersonal\/wp-content\/uploads\/sites\/15\/2023\/10\/ACTA-CONV-NUM-47_2023_SECCION-40_2023-.pdf\">Acta Convocatoria N\u00b0 47 &#8211; 2023 Hospital &#8211; SNTSA Secci\u00f3n 40<\/a><\/li>\n\n\n\n<li><a href=\"https:\/\/www.ssaver.gob.mx\/administraciondepersonal\/wp-content\/uploads\/sites\/15\/2023\/10\/ACTA-CONV-NUM-48_2023_SECCION-40_2023-.pdf\" data-type=\"link\" data-id=\"https:\/\/www.ssaver.gob.mx\/administraciondepersonal\/wp-content\/uploads\/sites\/15\/2023\/10\/ACTA-CONV-NUM-48_2023_SECCION-40_2023-.pdf\">Acta Convocatoria N\u00b0 48 &#8211; 2023 Hospital &#8211; SNTSA Secci\u00f3n 40<\/a><\/li>\n\n\n\n<li><a href=\"https:\/\/www.ssaver.gob.mx\/administraciondepersonal\/wp-content\/uploads\/sites\/15\/2023\/10\/ACTA-CONV-NUM-49_2023_SECCION-40_2023-.pdf\" data-type=\"link\" data-id=\"https:\/\/www.ssaver.gob.mx\/administraciondepersonal\/wp-content\/uploads\/sites\/15\/2023\/10\/ACTA-CONV-NUM-49_2023_SECCION-40_2023-.pdf\">Acta Convocatoria N\u00b0 49 &#8211; 2023 Hospital &#8211; SNTSA Secci\u00f3n 40<\/a><\/li>\n\n\n\n<li><a href=\"https:\/\/www.ssaver.gob.mx\/administraciondepersonal\/wp-content\/uploads\/sites\/15\/2023\/10\/ACTA-CONV-NUM-50_2023_SECCION-40_2023-.pdf\" data-type=\"link\" data-id=\"https:\/\/www.ssaver.gob.mx\/administraciondepersonal\/wp-content\/uploads\/sites\/15\/2023\/10\/ACTA-CONV-NUM-50_2023_SECCION-40_2023-.pdf\">Acta Convocatoria N\u00b0 50 &#8211; 2023 Hospital &#8211; SNTSA Secci\u00f3n 40<\/a><\/li>\n\n\n\n<li><a href=\"https:\/\/www.ssaver.gob.mx\/administraciondepersonal\/wp-content\/uploads\/sites\/15\/2023\/10\/ACTA-CONV-NUM-51_2023_SECCION-40_2023-.pdf\" data-type=\"link\" data-id=\"https:\/\/www.ssaver.gob.mx\/administraciondepersonal\/wp-content\/uploads\/sites\/15\/2023\/10\/ACTA-CONV-NUM-51_2023_SECCION-40_2023-.pdf\">Acta Convocatoria N\u00b0 51 &#8211; 2023 Hospital &#8211; SNTSA Secci\u00f3n 40<\/a><\/li>\n\n\n\n<li><a href=\"https:\/\/www.ssaver.gob.mx\/administraciondepersonal\/wp-content\/uploads\/sites\/15\/2024\/01\/ACTA-ALCANCE-CONV-NUM-51_2023_SECCION-40_2023-.pdf\">Acta Convocatoria N\u00b0 51 &#8211; 2023 Hospital \u2013 SNTSA Secci\u00f3n 40 &#8211; ALCANCE<\/a><\/li>\n\n\n\n<li><a href=\"https:\/\/www.ssaver.gob.mx\/administraciondepersonal\/wp-content\/uploads\/sites\/15\/2023\/10\/ACTA-CONV-NUM-55_2022_SECCION-40_2022-.pdf\" data-type=\"link\" data-id=\"https:\/\/www.ssaver.gob.mx\/administraciondepersonal\/wp-content\/uploads\/sites\/15\/2023\/10\/ACTA-CONV-NUM-55_2022_SECCION-40_2022-.pdf\">Acta Convocatoria N\u00b0 55 &#8211; 2023 Hospital &#8211; SNTSA Secci\u00f3n 40<\/a><\/li>\n\n\n\n<li><a href=\"https:\/\/www.ssaver.gob.mx\/administraciondepersonal\/wp-content\/uploads\/sites\/15\/2023\/10\/ACTA-CONV-NUM-34_2023_SECCION-40_2023-.pdf\" data-type=\"link\" data-id=\"https:\/\/www.ssaver.gob.mx\/administraciondepersonal\/wp-content\/uploads\/sites\/15\/2023\/10\/ACTA-CONV-NUM-34_2023_SECCION-40_2023-.pdf\">Acta Convocatoria N\u00b0 34 \u2013 2023 Hospital \u2013 SNTSA Secci\u00f3n 40<\/a><\/li>\n\n\n\n<li><a href=\"https:\/\/www.ssaver.gob.mx\/administraciondepersonal\/wp-content\/uploads\/sites\/15\/2023\/10\/ACTA-CONV-NUM-22_2023_SECCION-40_2023-.pdf\" data-type=\"link\" data-id=\"https:\/\/www.ssaver.gob.mx\/administraciondepersonal\/wp-content\/uploads\/sites\/15\/2023\/10\/ACTA-CONV-NUM-22_2023_SECCION-40_2023-.pdf\">Acta Convocatoria N\u00b0 22 &#8211; 2023 Hospital \u2013 SNTSA Secci\u00f3n 40<\/a><\/li>\n\n\n\n<li><a href=\"https:\/\/www.ssaver.gob.mx\/administraciondepersonal\/wp-content\/uploads\/sites\/15\/2024\/01\/CONV-NUM-43_44_45_46_47_48_49_50_51_2023_SECCION-40_6839_2023.pdf\">Convocatoria N\u00b0 43, 44, 45, 46, 47, 48, 49, 50, 51- 2023 Hospital &#8211; Ofic. SRH\/06839\/2023 \u2013 SNTSA Secci\u00f3n 40<\/a><\/li>\n\n\n\n<li><a href=\"https:\/\/www.ssaver.gob.mx\/administraciondepersonal\/wp-content\/uploads\/sites\/15\/2024\/04\/ACTA-CONV-NUM-31_2023_SECCION-40_2023-.pdf\">Acta Convocatoria N\u00b0 31 &#8211; 2023 Hospital \u2013 SNTSA Secci\u00f3n 40<\/a><\/li>\n\n\n\n<li><a href=\"https:\/\/www.ssaver.gob.mx\/administraciondepersonal\/wp-content\/uploads\/sites\/15\/2024\/06\/CONV-NUM-60_2023_SECCION-40_11199_2023-.pdf\">Convocatoria N\u00b0 60 \u2013 2023 &#8211; Hospital &#8211; Ofic. SRH\/11199\/2023 \u2013 SNTSA Secci\u00f3n 40<\/a><\/li>\n\n\n\n<li><a href=\"https:\/\/www.ssaver.gob.mx\/administraciondepersonal\/wp-content\/uploads\/sites\/15\/2024\/06\/ACTA-CONV-NUM-60_2023_SECCION-40_2023.pdf\">Acta Convocatoria N\u00b0 60 \u2013 2023 &#8211; Hospital \u2013 SNTSA Secci\u00f3n 40<\/a><\/li>\n\n\n\n<li><a href=\"https:\/\/www.ssaver.gob.mx\/administraciondepersonal\/wp-content\/uploads\/sites\/15\/2024\/12\/CONV-NUM-11_12_13_14_15_16_17_18_22_23_2023_SECCION-40_4425_2023-.pdf\">Convocatoria N\u00b0 11, 12, 13, 14, 15, 16, 17, 18, 22, 23 &#8211; 2023 Hospital- Ofic. SRH\/4425\/2023 \u2013 SNTSA Secci\u00f3n 40<\/a><\/li>\n\n\n\n<li><a href=\"https:\/\/www.ssaver.gob.mx\/administraciondepersonal\/wp-content\/uploads\/sites\/15\/2024\/12\/ACTA-CONV-NUM-11_2023_SECCION-40_2023.pdf\">Acta Convocatoria N\u00b0 11 &#8211; 2023 Hospital\u2013 SNTSA Secci\u00f3n 40<\/a><\/li>\n\n\n\n<li><a href=\"https:\/\/www.ssaver.gob.mx\/administraciondepersonal\/wp-content\/uploads\/sites\/15\/2024\/12\/ACTA-CONV-NUM-13_2023_SECCION-40_2023-.pdf\">Acta Convocatoria N\u00b0 13 &#8211; 2023 Hospital\u2013 SNTSA Secci\u00f3n 40<\/a><\/li>\n\n\n\n<li><a href=\"https:\/\/www.ssaver.gob.mx\/administraciondepersonal\/wp-content\/uploads\/sites\/15\/2024\/12\/ACTA-CONV-NUM-16_2023_SECCION-40_2023-.pdf\">Acta Convocatoria N\u00b0 16 &#8211; 2023 Hospital\u2013 SNTSA Secci\u00f3n 40<\/a><\/li>\n\n\n\n<li><a href=\"https:\/\/www.ssaver.gob.mx\/administraciondepersonal\/wp-content\/uploads\/sites\/15\/2024\/12\/ACTA-CONV-NUM-17_2023_SECCION-40_2023-.pdf\">Acta Convocatoria N\u00b0 17 &#8211; 2023 Hospital\u2013 SNTSA Secci\u00f3n 40<\/a><\/li>\n\n\n\n<li><a href=\"https:\/\/www.ssaver.gob.mx\/administraciondepersonal\/wp-content\/uploads\/sites\/15\/2024\/12\/ACTA-CONV-NUM-18_2023_SECCION-40_2023-.pdf\">Acta Convocatoria N\u00b0 18 &#8211; 2023 Hospital\u2013 SNTSA Secci\u00f3n 40<\/a><\/li>\n\n\n\n<li><a href=\"https:\/\/www.ssaver.gob.mx\/administraciondepersonal\/wp-content\/uploads\/sites\/15\/2024\/12\/ACTA-CONV-NUM-23_2023_SECCION-40_2023-.pdf\">Acta Convocatoria N\u00b0 23 &#8211; 2023 Hospital\u2013 SNTSA Secci\u00f3n 40<\/a><\/li>\n\n\n\n<li><a href=\"https:\/\/www.ssaver.gob.mx\/administraciondepersonal\/wp-content\/uploads\/sites\/15\/2024\/12\/ACTA-CONV-NUM-25_2023_SECCION-40_2023-.pdf\">Acta Convocatoria N\u00b0 25 &#8211; 2023 Hospital\u2013 SNTSA Secci\u00f3n 40<\/a><\/li>\n\n\n\n<li><a href=\"https:\/\/www.ssaver.gob.mx\/administraciondepersonal\/wp-content\/uploads\/sites\/15\/2024\/12\/ACTA-CONV-NUM-26_2023_SECCION-40_2023-.pdf\">Acta Convocatoria N\u00b0 26 &#8211; 2023 Hospital\u2013 SNTSA Secci\u00f3n 40<\/a><\/li>\n\n\n\n<li><a href=\"https:\/\/www.ssaver.gob.mx\/administraciondepersonal\/wp-content\/uploads\/sites\/15\/2024\/12\/ACTA-CONV-NUM-27_2023-_SECCION-40_2023-.pdf\">Acta Convocatoria N\u00b0 27 &#8211; 2023 Hospital\u2013 SNTSA Secci\u00f3n 40<\/a><\/li>\n\n\n\n<li><a href=\"https:\/\/www.ssaver.gob.mx\/administraciondepersonal\/wp-content\/uploads\/sites\/15\/2024\/12\/ACTA-CONV-NUM-28_2023_SECCION-40_2023-.pdf\">Acta Convocatoria N\u00b0 28 &#8211; 2023 Hospital\u2013 SNTSA Secci\u00f3n 40<\/a><\/li>\n\n\n\n<li><a href=\"https:\/\/www.ssaver.gob.mx\/administraciondepersonal\/wp-content\/uploads\/sites\/15\/2024\/12\/ACTA-CONV-NUM-29_2023_SECCION-40_2023-.pdf\">Acta Convocatoria N\u00b0 29 &#8211; 2023 Hospital\u2013 SNTSA Secci\u00f3n 40<\/a><\/li>\n\n\n\n<li><a href=\"https:\/\/www.ssaver.gob.mx\/administraciondepersonal\/wp-content\/uploads\/sites\/15\/2024\/12\/ACTA-CONV-NUM-35_2023_SECCION-40_2023-.pdf\">Acta Convocatoria N\u00b0 35 &#8211; 2023 Hospital\u2013 SNTSA Secci\u00f3n 40<\/a><\/li>\n\n\n\n<li><a href=\"https:\/\/www.ssaver.gob.mx\/administraciondepersonal\/wp-content\/uploads\/sites\/15\/2024\/12\/ACTA-CONV-NUM-36_2023_SECCION-40_2023-.pdf\">Acta Convocatoria N\u00b0 36 &#8211; 2023 Hospital\u2013 SNTSA Secci\u00f3n 40<\/a><\/li>\n\n\n\n<li><a href=\"https:\/\/www.ssaver.gob.mx\/administraciondepersonal\/wp-content\/uploads\/sites\/15\/2024\/12\/ACTA-CONV-NUM-37_2023_SECCION-40_2023-.pdf\">Acta Convocatoria N\u00b0 37 &#8211; 2023 Hospital\u2013 SNTSA Secci\u00f3n 40<\/a><\/li>\n\n\n\n<li><a href=\"https:\/\/www.ssaver.gob.mx\/administraciondepersonal\/wp-content\/uploads\/sites\/15\/2024\/12\/ACTA-CONV-NUM-38_2023_SECCION-40_2023-.pdf\">Acta Convocatoria N\u00b0 38 &#8211; 2023 Hospital\u2013 SNTSA Secci\u00f3n 40<\/a><\/li>\n<\/ul>\n\n\n\n<p>Centro Estatal de la Transfusi\u00f3n Sangu\u00ednea<\/p>\n\n\n\n<ul class=\"wp-block-list\">\n<li><a rel=\"noreferrer noopener\" href=\"https:\/\/www.ssaver.gob.mx\/administraciondepersonal\/wp-content\/uploads\/sites\/15\/2023\/03\/CONV-NUM-06_2023_SETSSV_0657_2023.pdf\" target=\"_blank\">Convocatorias N\u00b0 06 &#8211; 2023 Hospital &#8211; Ofic. SRH\/0657\/2023 \u2013 SETSSV<\/a><\/li>\n\n\n\n<li><a rel=\"noreferrer noopener\" href=\"https:\/\/www.ssaver.gob.mx\/administraciondepersonal\/wp-content\/uploads\/sites\/15\/2023\/05\/ACTA-CONV-NUM-06_2023_SETSSV_2023.pdf\" target=\"_blank\">Acta-Convocatoria N\u00b0 06 -2023 Hospital &#8211; SETSSV<\/a><\/li>\n\n\n\n<li><a href=\"https:\/\/www.ssaver.gob.mx\/administraciondepersonal\/wp-content\/uploads\/sites\/15\/2023\/07\/CONV-NUM-21_2023_SECCION-40_2023_6898_2023.pdf\" target=\"_blank\" rel=\"noreferrer noopener\">Convocatoria N\u00b0 21 &#8211; 2023 Hospital &#8211; Ofic. SRH\/06898\/2023 &#8211; SNTSA Secci\u00f3n 40<\/a><\/li>\n\n\n\n<li><a href=\"https:\/\/www.ssaver.gob.mx\/administraciondepersonal\/wp-content\/uploads\/sites\/15\/2024\/06\/CONV-NUM-64_2023_SECCION-40_11109_2023-.pdf\">Convocatoria N\u00b0 64 \u2013 2023 &#8211; Hospital &#8211; Ofic. SRH\/11109\/2023 \u2013 SNTSA Secci\u00f3n 40<\/a><\/li>\n\n\n\n<li><a href=\"https:\/\/www.ssaver.gob.mx\/administraciondepersonal\/wp-content\/uploads\/sites\/15\/2024\/12\/ACTA-CONV-NUM-21_2023_SECCION-40_2023-.pdf\">Acta Convocatoria N\u00b0 21 &#8211; 2023 Hospital \u2013 SNTSA Secci\u00f3n 40<\/a><\/li>\n<\/ul>\n\n\n\n<p>Centro Estatal Contra las Adicciones\u201d<\/p>\n\n\n\n<p>Laboratorio Estatal de Salud P\u00fablica<\/p>\n\n\n\n<ul class=\"wp-block-list\">\n<li><a rel=\"noreferrer noopener\" href=\"https:\/\/www.ssaver.gob.mx\/administraciondepersonal\/wp-content\/uploads\/sites\/15\/2023\/01\/CONV-NUM-08_2022_SECCION-26-SUR_00006_2023.pdf\" target=\"_blank\">Convocatoria N\u00b008-2022 Hospital &#8211; Ofic. SRH\/00006\/2023 \u2013 SNTSA Secci\u00f3n 26-SUR<\/a><\/li>\n\n\n\n<li><a href=\"https:\/\/www.ssaver.gob.mx\/administraciondepersonal\/wp-content\/uploads\/sites\/15\/2023\/06\/CONV-NUM-14_2023_SECCION-70_5345_2023.pdf\" target=\"_blank\" rel=\"noreferrer noopener\">Convocatoria N\u00b0 14 &#8211; 2023 Ofic. SRH\/05345\/2023 Hospital\u2013 SNTSA Secci\u00f3n 70<\/a><\/li>\n\n\n\n<li><a href=\"https:\/\/www.ssaver.gob.mx\/administraciondepersonal\/wp-content\/uploads\/sites\/15\/2024\/05\/ACTA-CONV-NUM-14_2023_SECCION-70_2023.pdf\">Acta Convocatoria N\u00b0 14 &#8211; 2023 Hospital &#8211; SNTSA Secci\u00f3n 70<\/a><\/li>\n\n\n\n<li><a href=\"https:\/\/www.ssaver.gob.mx\/administraciondepersonal\/wp-content\/uploads\/sites\/15\/2024\/06\/CONV-NUM-53_2023_SECCION-40_11198_2023-.pdf\">Convocatoria N\u00b0 53 \u2013 2023 &#8211; Hospital &#8211; Ofic. SRH\/11198\/2023 \u2013 SNTSA Secci\u00f3n 40<\/a><\/li>\n<\/ul>\n\n\n\n<p>Hospital General de Cardel<\/p>\n\n\n\n<p>Hospital General de Tarimoya<\/p>\n\n\n\n<ul class=\"wp-block-list\">\n<li><a rel=\"noreferrer noopener\" href=\"https:\/\/www.ssaver.gob.mx\/administraciondepersonal\/wp-content\/uploads\/sites\/15\/2023\/06\/CONV-NUM-21_2023_SECCION-26-SUR_05789_2023.pdf\" target=\"_blank\">Convocatoria N\u00b0 21 &#8211; 2023 Hospital Ofic. SRH\/05489\/2023 \u2013 SNTSA Secci\u00f3n 26 \u2013 Sur<\/a><\/li>\n\n\n\n<li><a href=\"https:\/\/www.ssaver.gob.mx\/administraciondepersonal\/wp-content\/uploads\/sites\/15\/2023\/10\/CONV-NUM-14_SECCION-26-SUR_4518_2023.pdf\" data-type=\"link\" data-id=\"https:\/\/www.ssaver.gob.mx\/administraciondepersonal\/wp-content\/uploads\/sites\/15\/2023\/10\/CONV-NUM-14_SECCION-26-SUR_4518_2023.pdf\">Convocatoria N\u00b0 14 &#8211; 2023 Hospital &#8211; Ofic. SRH\/04518\/2023 \u2013 SNTSA Secci\u00f3n 26 \u2013 SUR<\/a><\/li>\n\n\n\n<li><a href=\"https:\/\/www.ssaver.gob.mx\/administraciondepersonal\/wp-content\/uploads\/sites\/15\/2023\/10\/ACTA-CONV-NUM-14_2023_SECCION-26-SUR_2023-.pdf\" data-type=\"link\" data-id=\"https:\/\/www.ssaver.gob.mx\/administraciondepersonal\/wp-content\/uploads\/sites\/15\/2023\/10\/ACTA-CONV-NUM-14_2023_SECCION-26-SUR_2023-.pdf\">Acta Convocatoria N\u00b0 14 \u2013 2023 hospital \u2013 SNTSA Secci\u00f3n 26 SUR<\/a><\/li>\n\n\n\n<li><a href=\"https:\/\/www.ssaver.gob.mx\/administraciondepersonal\/wp-content\/uploads\/sites\/15\/2024\/05\/ACTA-CONV-NUM-21_2023_SECCION-26-SUR_2023.pdf\">Acta Convocatoria N\u00b0 21 \u2013 2023 &#8211; Hospital &#8211; SNTSA Secci\u00f3n 26 &#8211; SUR<\/a><\/li>\n<\/ul>\n\n\n\n<p>Hospital de la Comunidad de Tlalixcoyan<\/p>\n\n\n\n<ul class=\"wp-block-list\">\n<li><a rel=\"noreferrer noopener\" href=\"https:\/\/www.ssaver.gob.mx\/administraciondepersonal\/wp-content\/uploads\/sites\/15\/2023\/01\/CONV-NUM-04_2022_SECCION-6-SUR_00005_2023.pdf\" target=\"_blank\">Convocatoria N\u00b004-2022 Hospital &#8211; Ofic. SRH\/00005\/2023 \u2013 SNTSA Secci\u00f3n 26-SUR<\/a><\/li>\n\n\n\n<li><a rel=\"noreferrer noopener\" href=\"https:\/\/www.ssaver.gob.mx\/administraciondepersonal\/wp-content\/uploads\/sites\/15\/2023\/06\/CONV-NUM-13_2023_3322_SECCION-26-SUR_2023.pdf\" target=\"_blank\">Convocatoria N\u00b0 13 &#8211; 2023 Hospital Ofic. SRH\/03322\/2023\u2013 SNTSA Secci\u00f3n 26 \u2013 Sur<\/a><\/li>\n<\/ul>\n\n\n\n<p>Hogar del Ni\u00f1o \u00abManuel Guti\u00e9rrez Zamora\u00bb<\/p>\n\n\n\n<ul class=\"wp-block-list\">\n<li><a rel=\"noreferrer noopener\" href=\"https:\/\/www.ssaver.gob.mx\/administraciondepersonal\/wp-content\/uploads\/sites\/15\/2023\/03\/CONV-NUM-05_STSPEEV_2023_01950_2023.pdf\" target=\"_blank\">Convocatoria N\u00b005 Hospital &#8211; Ofic. SRH\/01950\/2023 \u2013 STSPEEV<\/a><\/li>\n\n\n\n<li><a rel=\"noreferrer noopener\" href=\"https:\/\/www.ssaver.gob.mx\/administraciondepersonal\/wp-content\/uploads\/sites\/15\/2023\/05\/CONV-NUM-27_2023_SETSSV_1567_2023.pdf\" target=\"_blank\">Convocatoria N\u00b027 Hospital &#8211; Ofic. SRH\/01567\/2023 &#8211; SETSSV<\/a><\/li>\n\n\n\n<li><a rel=\"noreferrer noopener\" href=\"https:\/\/www.ssaver.gob.mx\/administraciondepersonal\/wp-content\/uploads\/sites\/15\/2023\/06\/ACTA-CONV-NUM-05_2023_STSPEEV_2023.pdf\" target=\"_blank\">Acta-Convocatoria N\u00b0 05 -2023 Hospital &#8211; STSPEEV<\/a><\/li>\n<\/ul>\n\n\n\n<p>Hospital General de Boca del R\u00edo<\/p>\n\n\n\n<p><strong>Jurisdicci\u00f3n Sanitaria No. IX &#8211; Cosamaloapan<\/strong><\/p>\n\n\n\n<p><a href=\"https:\/\/www.ssaver.gob.mx\/administraciondepersonal\/wp-content\/uploads\/sites\/15\/2024\/12\/CONV-NUM-43_2024_SECCION-26-SUR_18892_2024.pdf\">Convocatoria N\u00b0 43 &#8211; 2024 Jurisdicci\u00f3n Sanitaria Ofic. SRH\/18892\/2024 &nbsp;&#8211; SNTSA Secci\u00f3n 26 \u2013 SUR<\/a><\/p>\n\n\n\n<p>Hospital General de Cosamaloapan \u00abDr. V\u00edctor Manuel Pital\u00faa Gonz\u00e1lez\u00bb<\/p>\n\n\n\n<ul class=\"wp-block-list\">\n<li><a rel=\"noreferrer noopener\" href=\"https:\/\/www.ssaver.gob.mx\/administraciondepersonal\/wp-content\/uploads\/sites\/15\/2023\/01\/CONV-NUM-01_09_2022_SECCION-26-SUR_00002_2023.pdf\" target=\"_blank\">Convocatoria N\u00b001, 09 -2022 Hospital &#8211; Ofic. SRH\/00002\/2023 \u2013 SNTSA Secci\u00f3n 26-SUR<\/a><\/li>\n\n\n\n<li><a rel=\"noreferrer noopener\" href=\"https:\/\/www.ssaver.gob.mx\/administraciondepersonal\/wp-content\/uploads\/sites\/15\/2023\/04\/Convocatoria-No.-11-C.S.-Tierra-Blanca-J.-S.-No.-IX-Cosamaloapan-Seccion-70-.pdf\" target=\"_blank\">Convocatoria N\u00b011 -2022 Hospital &#8211; Ofic. SRH\/02002\/2023 \u2013 SNTSA Secci\u00f3n 70<\/a><\/li>\n<\/ul>\n\n\n\n<p>Hospital General de Tierra Blanca \u00abJes\u00fas Garc\u00eda Corona\u00bb<\/p>\n\n\n\n<ul class=\"wp-block-list\">\n<li><a href=\"https:\/\/www.ssaver.gob.mx\/administraciondepersonal\/wp-content\/uploads\/sites\/15\/2023\/09\/CONV-NUM-47_2023_SETSSV_11303_2023-.pdf\" data-type=\"link\" data-id=\"https:\/\/www.ssaver.gob.mx\/administraciondepersonal\/wp-content\/uploads\/sites\/15\/2023\/09\/CONV-NUM-47_2023_SETSSV_11303_2023-.pdf\">Convocatoria N\u00b0 47- 2023 Hospital &#8211; Ofic. SRH\/11303\/2023 &#8211; SETSSV<\/a><\/li>\n\n\n\n<li><a href=\"https:\/\/www.ssaver.gob.mx\/administraciondepersonal\/wp-content\/uploads\/sites\/15\/2023\/11\/ACTA-CONV-NUM-47_2023_SETSSV_2023-.pdf\" data-type=\"link\" data-id=\"https:\/\/www.ssaver.gob.mx\/administraciondepersonal\/wp-content\/uploads\/sites\/15\/2023\/11\/ACTA-CONV-NUM-47_2023_SETSSV_2023-.pdf\">Acta-Convocatoria N\u00b0 47 \u2013 2023 Hospital \u2013 SETSSV<\/a><\/li>\n<\/ul>\n\n\n\n<p>Hospital de la Comunidad de Jos\u00e9 Azueta<\/p>\n\n\n\n<p>Hospital de la Comunidad de Playa Vicente<\/p>\n\n\n\n<p>Hospital de la Comunidad de Tlacotalpan<\/p>\n\n\n\n<p>Hospital General de Isla<\/p>\n\n\n\n<ul class=\"wp-block-list\">\n<li><a rel=\"noreferrer noopener\" href=\"https:\/\/www.ssaver.gob.mx\/administraciondepersonal\/wp-content\/uploads\/sites\/15\/2023\/01\/CONV-NUM-07_2022_SNTSA-SECCION-26-SUR_00007_2023.pdf\" target=\"_blank\">Convocatoria N\u00b007-2022 Hospital &#8211; Ofic. SRH\/00007\/2023 \u2013 SNTSA Secci\u00f3n 26-SUR<\/a><\/li>\n\n\n\n<li><a href=\"https:\/\/www.ssaver.gob.mx\/administraciondepersonal\/wp-content\/uploads\/sites\/15\/2023\/06\/CONV-NUM-09_2023_SECCION-26-SUR_5788_2022.pdf\" target=\"_blank\" rel=\"noreferrer noopener\">Convocatoria N\u00b0 09 &#8211; 2023 Hospital Ofic. SRH\/05788\/2023\u2013 SNTSA Secci\u00f3n 26 \u2013 Sur<\/a><\/li>\n<\/ul>\n\n\n\n<p><strong>Jurisdicci\u00f3n Sanitaria No. X &#8211; San Andr\u00e9s Tuxtla<\/strong><\/p>\n\n\n\n<ul class=\"wp-block-list\">\n<li><a href=\"https:\/\/www.ssaver.gob.mx\/administraciondepersonal\/wp-content\/uploads\/sites\/15\/2023\/03\/CONV-NUM-07_2023_SECCION-26-SUR_00799_2023.pdf\" target=\"_blank\" rel=\"noreferrer noopener\">Convocatoria N\u00b007 &#8211; 2023 Jurisdicci\u00f3n Sanitaria &#8211; Ofic. SRH\/0799\/2023 \u2013 SNTSA Secci\u00f3n 26-SUR<\/a><\/li>\n\n\n\n<li><a href=\"https:\/\/www.ssaver.gob.mx\/administraciondepersonal\/wp-content\/uploads\/sites\/15\/2024\/01\/ACTA-CONV-NUM-33_2020_SECCION-26-SUR_2020-.pdf\">Acta-Convocatoria N\u00b0 33-2020 Jurisdicci\u00f3n Sanitaria \u2013 SNTSA Secci\u00f3n 26 &#8211; SUR<\/a><\/li>\n<\/ul>\n\n\n\n<p>Hospital General de San Andr\u00e9s Tuxtla \u00abDr. Bernardo Pe\u00f1a\u00bb<\/p>\n\n\n\n<ul class=\"wp-block-list\">\n<li><a rel=\"noreferrer noopener\" href=\"https:\/\/www.ssaver.gob.mx\/administraciondepersonal\/wp-content\/uploads\/sites\/15\/2023\/01\/CONV-NUM-02_2022_SECCION-26-SUR_00003_2023.pdf\" target=\"_blank\">Convocatoria N\u00b002-2022 Hospital &#8211; Ofic. SRH\/00003\/2023 \u2013 SNTSA Secci\u00f3n 26-SUR<\/a><\/li>\n\n\n\n<li><a rel=\"noreferrer noopener\" href=\"https:\/\/www.ssaver.gob.mx\/administraciondepersonal\/wp-content\/uploads\/sites\/15\/2023\/03\/CONV-NUM-11_2022_SECCION-26-SUR_0372_2023.pdf\" target=\"_blank\">Convocatoria N\u00b0 11-2022 Hospital &#8211; Ofic. SRH\/00372\/2023 \u2013 SNTSA Secci\u00f3n 26-SUR<\/a><\/li>\n\n\n\n<li><a href=\"https:\/\/www.ssaver.gob.mx\/administraciondepersonal\/wp-content\/uploads\/sites\/15\/2023\/09\/CONV-NUM-34_2023_SETSSV_7593_2023.pdf\" data-type=\"link\" data-id=\"https:\/\/www.ssaver.gob.mx\/administraciondepersonal\/wp-content\/uploads\/sites\/15\/2023\/09\/CONV-NUM-34_2023_SETSSV_7593_2023.pdf\">Convocatoria N\u00b0 34&nbsp;&nbsp;&nbsp; &#8211; 2023 Hospital &#8211; Ofic. SRH\/07593\/2023 \u2013 SETSSV<\/a><\/li>\n\n\n\n<li><a href=\"https:\/\/www.ssaver.gob.mx\/administraciondepersonal\/wp-content\/uploads\/sites\/15\/2024\/01\/CONV-NUM-35_2023_STSPEEV_14324_2023-.pdf\" target=\"_blank\" rel=\"noreferrer noopener\">Convocatoria N\u00b0 35- 2023 Hospital &#8211; Ofic. SRH\/14324\/2023 \u2013 STSPEEV<\/a><\/li>\n\n\n\n<li><a href=\"https:\/\/www.ssaver.gob.mx\/administraciondepersonal\/wp-content\/uploads\/sites\/15\/2024\/02\/ACTA-CONV-NUM-34_2023_SETSSV_2023-.pdf\">Acta Convocatoria N\u00b0 34 &#8211; 2023 Hospital \u2013 SETSSV<\/a><\/li>\n<\/ul>\n\n\n\n<p>Hospital General de Santiago Tuxtla \u00abTeodoro Diez\u00bb<\/p>\n\n\n\n<ul class=\"wp-block-list\">\n<li><a rel=\"noreferrer noopener\" href=\"https:\/\/www.ssaver.gob.mx\/administraciondepersonal\/wp-content\/uploads\/sites\/15\/2023\/03\/CONV-NUM-17_2023_SETSSV_0664_2023.pdf\" target=\"_blank\">Convocatorias N\u00b0 17 &#8211; 2023 Hospital &#8211; Ofic. SRH\/0664\/2023 \u2013 SETSSV<\/a><\/li>\n\n\n\n<li><a rel=\"noreferrer noopener\" href=\"https:\/\/www.ssaver.gob.mx\/administraciondepersonal\/wp-content\/uploads\/sites\/15\/2023\/05\/CONV-NUM-19_2023_SECCION-26-SUR_04427_2023.pdf\" target=\"_blank\">Convocatorias N\u00b0 19-2023 Hospital &#8211; Ofic. SRH\/04427\/2023 \u2013 SNTSA Secci\u00f3n 26 \u2013 SUR<\/a><\/li>\n\n\n\n<li><a href=\"https:\/\/www.ssaver.gob.mx\/administraciondepersonal\/wp-content\/uploads\/sites\/15\/2023\/06\/ACTA-CONV-NUM-17_2023_SETSSV_2023.pdf\" target=\"_blank\" rel=\"noreferrer noopener\">Acta-Convocatoria N\u00b017-2023 Hospital &#8211; SETSSV<\/a><\/li>\n\n\n\n<li><a href=\"https:\/\/www.ssaver.gob.mx\/administraciondepersonal\/wp-content\/uploads\/sites\/15\/2024\/05\/ACTA-CONV-NUM-19_2023_SECCION-26-SUR_2023.pdf\">Acta Convocatoria N\u00b0 19 \u2013 2023 &#8211; Hospital &#8211; &nbsp;SNTSA Secci\u00f3n 26 &#8211; SUR<\/a><\/li>\n<\/ul>\n\n\n\n<p>Hospital de la Comunidad de Suchilapan del R\u00edo \u00abCarmen Bouzas de L\u00f3pez Arias\u00bb<\/p>\n\n\n\n<ul class=\"wp-block-list\">\n<li><a rel=\"noreferrer noopener\" href=\"https:\/\/www.ssaver.gob.mx\/administraciondepersonal\/wp-content\/uploads\/sites\/15\/2023\/03\/CONV-NUM-01_2023_SETSSV_0667_2023.pdf\" target=\"_blank\">Convocatorias N\u00b0 01 &#8211; 2023 Hospital &#8211; Ofic. SRH\/0667\/2023 \u2013 SETSSV<\/a><\/li>\n\n\n\n<li><a rel=\"noreferrer noopener\" href=\"https:\/\/www.ssaver.gob.mx\/administraciondepersonal\/wp-content\/uploads\/sites\/15\/2023\/05\/ACTA-CONV-NUM-01_2023_SETSSV_2023.pdf\" target=\"_blank\">Acta-Convocatoria N\u00b0 01-2023 Hospital &#8211; SETSSV<\/a><\/li>\n\n\n\n<li><a href=\"https:\/\/www.ssaver.gob.mx\/administraciondepersonal\/wp-content\/uploads\/sites\/15\/2023\/09\/CONV-NUM-39_2023_SETSSV_7595_2023.pdf\" data-type=\"link\" data-id=\"https:\/\/www.ssaver.gob.mx\/administraciondepersonal\/wp-content\/uploads\/sites\/15\/2023\/09\/CONV-NUM-39_2023_SETSSV_7595_2023.pdf\">Convocatoria N\u00b039- 2023 Hospital &#8211; Ofic. SRH\/07595\/2023 \u2013 SETSSV<\/a><\/li>\n<\/ul>\n\n\n\n<p>Hospital de la Comunidad de Catemaco<\/p>\n\n\n\n<p>Hospital General de Oluta-Acayucan<\/p>\n\n\n\n<p><strong>Jurisdicci\u00f3n Sanitaria No. XI &#8211; Coatzacoalcos<\/strong><\/p>\n\n\n\n<ul class=\"wp-block-list\">\n<li><a href=\"https:\/\/www.ssaver.gob.mx\/administraciondepersonal\/wp-content\/uploads\/sites\/15\/2023\/03\/CONV-NUM-05_06_2023_SECCION-26-SUR_00795_2023.pdf\" target=\"_blank\" rel=\"noreferrer noopener\">Convocatoria N\u00b005, 06- 2023 Jurisdicci\u00f3n Sanitaria &#8211; Ofic. SRH\/0795\/2023 \u2013 SNTSA Secci\u00f3n 26-SUR<\/a><\/li>\n\n\n\n<li><a href=\"https:\/\/www.ssaver.gob.mx\/administraciondepersonal\/wp-content\/uploads\/sites\/15\/2024\/02\/ACTA-CONV-NUM-66_2019_SECCION-26-SUR_2019-.pdf\" target=\"_blank\" rel=\"noreferrer noopener\">Acta Convocatoria N\u00b0 66-2019 Jurisdicci\u00f3n Sanitaria \u2013 SNTSA Secci\u00f3n 26 SUR<\/a><\/li>\n\n\n\n<li><a href=\"https:\/\/www.ssaver.gob.mx\/administraciondepersonal\/wp-content\/uploads\/sites\/15\/2024\/07\/CON-NUM-16_2023_SECCION-26-SUR_3419_2023.pdf\">Convocatoria N\u00b0 16 &#8211; 2023 Jurisdicci\u00f3n Sanitaria Ofic. SRH\/03419\/2023 &#8211; SNTSA Secci\u00f3n 26 &#8211; SUR<\/a><\/li>\n<\/ul>\n\n\n\n<p>Hospital de la Comunidad La Laguna Poblado 6<\/p>\n\n\n\n<p>Hospital General de Minatitl\u00e1n<\/p>\n\n\n\n<ul class=\"wp-block-list\">\n<li><a rel=\"noreferrer noopener\" href=\"https:\/\/www.ssaver.gob.mx\/administraciondepersonal\/wp-content\/uploads\/sites\/15\/2023\/01\/CONV-NUM-03_10_2022_SECCION-26-SUR_0004_2023.pdf\" target=\"_blank\">Convocatoria N\u00b003, 10- 2022 Hospital &#8211; Ofic. SRH\/00004\/2023 \u2013 SNTSA Secci\u00f3n 26-SUR<\/a><\/li>\n\n\n\n<li><a href=\"https:\/\/www.ssaver.gob.mx\/administraciondepersonal\/wp-content\/uploads\/sites\/15\/2023\/03\/CONV-NUM-16_18_2023_SETSSV_0666_2023.pdf\" target=\"_blank\" rel=\"noreferrer noopener\">Convocatorias N\u00b0 16, 18 &#8211; 2023 Hospital &#8211; Ofic. SRH\/0666\/2023 \u2013 SETSSV<\/a><\/li>\n\n\n\n<li><a rel=\"noreferrer noopener\" href=\"https:\/\/www.ssaver.gob.mx\/administraciondepersonal\/wp-content\/uploads\/sites\/15\/2023\/03\/CON-NUM-22_2023_SETSSV_01569_2023.pdf\" target=\"_blank\">Convocatorias N\u00b0 22 &#8211; 2023 Hospital &#8211; Ofic. SRH\/1569\/2023 \u2013 SETSSV<\/a><\/li>\n\n\n\n<li><a rel=\"noreferrer noopener\" href=\"https:\/\/www.ssaver.gob.mx\/administraciondepersonal\/wp-content\/uploads\/sites\/15\/2023\/05\/CONV-NUM-14_2023_STSPEEV_5350_2023.pdf\" target=\"_blank\">Convocatoria N\u00b0 14 &#8211; 2023 Hospital &#8211; Ofic. SRH\/05350\/2023 &#8211; STSPEEV<\/a><\/li>\n\n\n\n<li><a href=\"https:\/\/www.ssaver.gob.mx\/administraciondepersonal\/wp-content\/uploads\/sites\/15\/2023\/06\/ACTA-CONV-NUM-16_2023_SETSSV_2023.pdf\" target=\"_blank\" rel=\"noreferrer noopener\">Acta Convocatoria N\u00b0 16 &#8211; 2023 Hospital \u2013 SETSSV<\/a><\/li>\n\n\n\n<li><a href=\"https:\/\/www.ssaver.gob.mx\/administraciondepersonal\/wp-content\/uploads\/sites\/15\/2023\/06\/ACTA-CONV-NUM-18_2023_SETSSV_2023.pdf\" target=\"_blank\" rel=\"noreferrer noopener\">Acta Convocatoria N\u00b0 18 &#8211; 2023 Hospital \u2013 SETSSV<\/a><\/li>\n\n\n\n<li><a href=\"https:\/\/www.ssaver.gob.mx\/administraciondepersonal\/wp-content\/uploads\/sites\/15\/2023\/06\/ACTA-CONV-NUM-22_2023_SETSSV_2023.pdf\" target=\"_blank\" rel=\"noreferrer noopener\">Acta Convocatoria N\u00b0 22 &#8211; 2023 Hospital \u2013 SETSSV<\/a><\/li>\n\n\n\n<li><a href=\"https:\/\/www.ssaver.gob.mx\/administraciondepersonal\/wp-content\/uploads\/sites\/15\/2024\/01\/ACTA-CONV-NUM-14_2023_STSPEEV_2023-.pdf\">Acta Convocatoria N\u00b0 14 &#8211; 2023 Hospital \u2013 STSPEEV<\/a><\/li>\n<\/ul>\n\n\n\n<p>Hospital Regional de Coatzacoalcos \u00abDr. Valent\u00edn G\u00f3mez Far\u00edas\u00bb<\/p>\n\n\n\n<ul class=\"wp-block-list\">\n<li><a rel=\"noreferrer noopener\" href=\"https:\/\/www.ssaver.gob.mx\/administraciondepersonal\/wp-content\/uploads\/sites\/15\/2023\/01\/CON-NUM-05_06_2022_SECCION-26-SUR_00001_2023.pdf\" target=\"_blank\">Convocatoria N\u00b005, 06 &#8211; 2022Hospital &#8211; Ofic. SRH\/00001\/2023 \u2013 SNTSA Secci\u00f3n 26-SUR<\/a><\/li>\n\n\n\n<li><a rel=\"noreferrer noopener\" href=\"https:\/\/www.ssaver.gob.mx\/administraciondepersonal\/wp-content\/uploads\/sites\/15\/2023\/02\/CONV-NUM-01_2023_STPEEV_2023.pdf\" target=\"_blank\">Convocatoria N\u00b001 Hospital &#8211; Ofic. SRH\/00661\/2023 \u2013 STSPEEV<\/a><\/li>\n\n\n\n<li><a rel=\"noreferrer noopener\" href=\"https:\/\/www.ssaver.gob.mx\/administraciondepersonal\/wp-content\/uploads\/sites\/15\/2023\/03\/CONV-NUM-01_02_2023_SUTHRC_00796_2023.pdf\" target=\"_blank\">Convocatoria N\u00b0 01, 02 &#8211; 2023 Hospital &#8211; Ofic. SRH\/0796\/2023 \u2013 SUTHRC<\/a><\/li>\n\n\n\n<li><a href=\"https:\/\/www.ssaver.gob.mx\/administraciondepersonal\/wp-content\/uploads\/sites\/15\/2023\/06\/ACTA-CONV-NUM-01_2023_SUTHCR_2023.pdf\" target=\"_blank\" rel=\"noreferrer noopener\">Acta-Convocatoria N\u00b001-2023 Hospital &#8211; SUTHRC<\/a><\/li>\n\n\n\n<li><a href=\"https:\/\/www.ssaver.gob.mx\/administraciondepersonal\/wp-content\/uploads\/sites\/15\/2023\/06\/ACTA-CONV-NUM-02_2023_SUTUHCR_2023.pdf\" target=\"_blank\" rel=\"noreferrer noopener\">Acta-Convocatoria N\u00b002-2023 Hospital &#8211; SUTHRC<\/a><\/li>\n\n\n\n<li><a rel=\"noreferrer noopener\" href=\"https:\/\/www.ssaver.gob.mx\/administraciondepersonal\/wp-content\/uploads\/sites\/15\/2023\/06\/CONV-NUM-17_2023_STSPEEV_6100_2023.pdf\" target=\"_blank\">Convocatoria N\u00b0 17 -2023 Hospital &#8211; Ofic. SRH\/06100\/2023 &#8211; STSPEEV<\/a><\/li>\n\n\n\n<li><a rel=\"noreferrer noopener\" href=\"https:\/\/www.ssaver.gob.mx\/administraciondepersonal\/wp-content\/uploads\/sites\/15\/2023\/07\/CONV-NUM-07_2023_SUTHRC_6578_2023.pdf\" target=\"_blank\">Convocatoria N\u00b0 07 &#8211; 2023 Hospital &#8211; Ofic. SRH\/06578\/2023 \u2013 SUTHRC<\/a><\/li>\n\n\n\n<li><a href=\"https:\/\/www.ssaver.gob.mx\/administraciondepersonal\/wp-content\/uploads\/sites\/15\/2023\/08\/ACTA-CONV-NUM-01_2023_STSPEEV_2023.pdf\" data-type=\"link\" data-id=\"https:\/\/www.ssaver.gob.mx\/administraciondepersonal\/wp-content\/uploads\/sites\/15\/2023\/08\/ACTA-CONV-NUM-01_2023_STSPEEV_2023.pdf\">Acta Convocatoria N\u00b0 01 &#8211; 2023 Hospital \u2013 STSPEEV<\/a><\/li>\n\n\n\n<li><a href=\"https:\/\/www.ssaver.gob.mx\/administraciondepersonal\/wp-content\/uploads\/sites\/15\/2023\/10\/ACTA-CONV-NUM-07_2023_SUTHCR-COATZCOALCOS_2023.pdf\" data-type=\"link\" data-id=\"https:\/\/www.ssaver.gob.mx\/administraciondepersonal\/wp-content\/uploads\/sites\/15\/2023\/10\/ACTA-CONV-NUM-07_2023_SUTHCR-COATZCOALCOS_2023.pdf\">Acta Convocatoria N\u00b0 07 &#8211; 2023 Hospital \u2013 SUTHRC<\/a><\/li>\n\n\n\n<li><a href=\"https:\/\/www.ssaver.gob.mx\/administraciondepersonal\/wp-content\/uploads\/sites\/15\/2023\/11\/CONV-NUM-05_06_2023_SUTHRC_13406_2023-.pdf\" data-type=\"link\" data-id=\"https:\/\/www.ssaver.gob.mx\/administraciondepersonal\/wp-content\/uploads\/sites\/15\/2023\/11\/CONV-NUM-05_06_2023_SUTHRC_13406_2023-.pdf\">Convocatoria N\u00b0 05, 06 &#8211; 2023 Hospital &#8211; Ofic. SRH\/13406\/2023 &#8211; SUTHRC<\/a><\/li>\n\n\n\n<li><a href=\"https:\/\/www.ssaver.gob.mx\/administraciondepersonal\/wp-content\/uploads\/sites\/15\/2024\/01\/CONV-NUM-29_30_2023_14322_STSPEEV_2023-.pdf\">Convocatoria N\u00b0 29,30 &#8211; 2023 Hospital &#8211; Ofic. SRH\/14322\/2023 \u2013 STSPEEV<\/a><\/li>\n\n\n\n<li><a href=\"https:\/\/www.ssaver.gob.mx\/administraciondepersonal\/wp-content\/uploads\/sites\/15\/2024\/02\/ACTA-CONV-NUM-05_2023_SUTHRC_2023-.pdf\">Acta Convocatoria N\u00b0 05 &#8211; 2023 Hospital \u2013 SUTHRC<\/a><\/li>\n\n\n\n<li><a href=\"https:\/\/www.ssaver.gob.mx\/administraciondepersonal\/wp-content\/uploads\/sites\/15\/2024\/05\/CONV-NUM-01_02_03_04_05_2024_SUTHRC_8302_2024.pdf\">Convocatoria N\u00b0 01, 02, 03, 04, 05, &#8211; 2024 Hospital &#8211; Ofic. SRH\/8302\/2024 \u2013 SUTHRC<\/a><\/li>\n\n\n\n<li><a href=\"https:\/\/www.ssaver.gob.mx\/administraciondepersonal\/wp-content\/uploads\/sites\/15\/2024\/05\/CONV-NUM-06_07_08_09_10_11_2024_SUTHRC_10488_2024-.pdf\">Convocatoria N\u00b0 06, 07, 08, 09, 10, 11, &#8211; 2024 Hospital &#8211; Ofic. SRH\/10488\/2024 \u2013 SUTHRC<\/a><\/li>\n\n\n\n<li><a href=\"https:\/\/www.ssaver.gob.mx\/administraciondepersonal\/wp-content\/uploads\/sites\/15\/2024\/12\/ACTA-CONV-NUM-17_2023_STSPEEV_2023.pdf\">Acta-Convocatoria N\u00b0 17 &#8211; 2023 Hospital \u2013 STSPEEV<\/a><\/li>\n\n\n\n<li><a href=\"https:\/\/www.ssaver.gob.mx\/administraciondepersonal\/wp-content\/uploads\/sites\/15\/2024\/12\/ACTA_CONVOCATORIA_30_2023_STSPEEV_CANDELARIO_CRUZ_JUANA_0001.pdf\">Acta Convocatoria N\u00b0 30 &#8211; 2023 Hospital \u2013 STSPEEV<\/a><\/li>\n<\/ul>\n\n\n\n<p>Comunidad de Ixhuatl\u00e1n del Sureste<\/p>\n\n\n\n<p>Comunidad de Tonalapan<\/p>\n\n\n\n<p>Comunidad de Pedro Coronel P\u00e9rez<\/p>\n\n\n\n<p>Comunidad de Allende<\/p>\n\n\n\n<p>Hospital General de Cosoleacaque<\/p>\n","protected":false},"excerpt":{"rendered":"<p>CONVOCATORIA 2023 Oficina Central &#8211; Xalapa Jurisdicci\u00f3n Sanitaria No. I &#8211; P\u00e1nuco Hospital General de P\u00e1nuco \u00abDr. Manuel I. \u00c1vila\u00bb<\/p>\n","protected":false},"author":21,"featured_media":0,"parent":537,"menu_order":2,"comment_status":"closed","ping_status":"closed","template":"","meta":{"colormag_page_container_layout":"default_layout","colormag_page_sidebar_layout":"default_layout","footnotes":""},"class_list":["post-1211","page","type-page","status-publish","hentry"],"_links":{"self":[{"href":"https:\/\/www.ssaver.gob.mx\/administraciondepersonal\/wp-json\/wp\/v2\/pages\/1211","targetHints":{"allow":["GET"]}}],"collection":[{"href":"https:\/\/www.ssaver.gob.mx\/administraciondepersonal\/wp-json\/wp\/v2\/pages"}],"about":[{"href":"https:\/\/www.ssaver.gob.mx\/administraciondepersonal\/wp-json\/wp\/v2\/types\/page"}],"author":[{"embeddable":true,"href":"https:\/\/www.ssaver.gob.mx\/administraciondepersonal\/wp-json\/wp\/v2\/users\/21"}],"replies":[{"embeddable":true,"href":"https:\/\/www.ssaver.gob.mx\/administraciondepersonal\/wp-json\/wp\/v2\/comments?post=1211"}],"version-history":[{"count":513,"href":"https:\/\/www.ssaver.gob.mx\/administraciondepersonal\/wp-json\/wp\/v2\/pages\/1211\/revisions"}],"predecessor-version":[{"id":4268,"href":"https:\/\/www.ssaver.gob.mx\/administraciondepersonal\/wp-json\/wp\/v2\/pages\/1211\/revisions\/4268"}],"up":[{"embeddable":true,"href":"https:\/\/www.ssaver.gob.mx\/administraciondepersonal\/wp-json\/wp\/v2\/pages\/537"}],"wp:attachment":[{"href":"https:\/\/www.ssaver.gob.mx\/administraciondepersonal\/wp-json\/wp\/v2\/media?parent=1211"}],"curies":[{"name":"wp","href":"https:\/\/api.w.org\/{rel}","templated":true}]}}