{"id":2682,"date":"2024-01-11T17:07:27","date_gmt":"2024-01-11T23:07:27","guid":{"rendered":"https:\/\/www.ssaver.gob.mx\/administraciondepersonal\/?page_id=2682"},"modified":"2025-06-25T10:08:01","modified_gmt":"2025-06-25T16:08:01","slug":"2024-2","status":"publish","type":"page","link":"https:\/\/www.ssaver.gob.mx\/administraciondepersonal\/comision-central-mixta-de-escalafon\/2024-2\/","title":{"rendered":"Comisi\u00f3n Central Mixta de Escalaf\u00f3n 2024"},"content":{"rendered":"\n<hr class=\"wp-block-separator has-text-color has-alpha-channel-opacity has-background is-style-wide\" style=\"background-color:#eae7e2;color:#eae7e2\" \/>\n\n\n\n<p class=\"has-text-align-center has-text-color has-background\" style=\"color:#7a1737;background-color:#eae7e2;font-size:22px\"><strong>CONVOCATORIA<\/strong><\/p>\n\n\n\n<p class=\"has-text-align-center has-text-color\" style=\"color:#5b4c0d;font-size:22px\"><strong>2024<\/strong><\/p>\n\n\n\n<hr class=\"wp-block-separator has-text-color has-alpha-channel-opacity has-background is-style-wide\" style=\"background-color:#eae7e2;color:#eae7e2\" \/>\n\n\n\n<p class=\"has-text-color has-link-color wp-elements-f09ae897758091efc74df0e3be77ebd0\" style=\"color:#7a1737\"><strong>Oficina Central &#8211; Xalapa<\/strong><\/p>\n\n\n\n<ul class=\"wp-block-list\">\n<li class=\"has-text-color has-link-color wp-elements-c747e7da7611713009f0723aa693053a\" style=\"color:#7a1737\"><a href=\"https:\/\/www.ssaver.gob.mx\/administraciondepersonal\/wp-content\/uploads\/sites\/15\/2024\/01\/CONV-NUM-01-2023_SECCION-70_DIRECCION-ADMINISTRATIVA_2024-.pdf\">Convocatoria N\u00b0 01 &#8211; 2024 Oficina Central &#8211; SNTSA Secci\u00f3n 70<\/a><\/li>\n\n\n\n<li class=\"has-text-color has-link-color wp-elements-19cb9e877a8408357461daa50d3072f4\" style=\"color:#7a1737\"><a href=\"https:\/\/www.ssaver.gob.mx\/administraciondepersonal\/wp-content\/uploads\/sites\/15\/2024\/02\/ACTA-CONV-NUM-01_2024-SECCION-70_2024-.pdf\">Acta Convocatoria N\u00b0 01 &#8211; 2024 Oficina Central \u2013 SNTSA Secci\u00f3n 70<\/a><\/li>\n\n\n\n<li class=\"has-text-color has-link-color wp-elements-621a18f7e46096e23b3c4096b8a148bb\" style=\"color:#7a1737\"><a href=\"https:\/\/www.ssaver.gob.mx\/administraciondepersonal\/wp-content\/uploads\/sites\/15\/2024\/03\/CONV-NUM-03_2024_SUETYPS_OFICINA-CENTRAL_2024-.pdf\">Convocatoria N\u00b0 03 &#8211; 2024 Oficina Central \u2013 SUETYPS<\/a><\/li>\n\n\n\n<li class=\"has-text-color has-link-color wp-elements-21f1bc4366aa39bd68b5c5d1d27ff931\" style=\"color:#7a1737\"><a href=\"https:\/\/www.ssaver.gob.mx\/administraciondepersonal\/wp-content\/uploads\/sites\/15\/2024\/04\/ACTA-CONV-NUM-03_2024_SUETYPS_2024-.pdf\">Acta Convocatoria N\u00b0 03 &#8211; 2024 Oficina Central \u2013 SUETYPS<\/a><\/li>\n\n\n\n<li class=\"has-text-color has-link-color wp-elements-69aa71622cc79fa0bab9581069f412ac\" style=\"color:#7a1737\"><a href=\"https:\/\/www.ssaver.gob.mx\/administraciondepersonal\/wp-content\/uploads\/sites\/15\/2024\/07\/CONV-NUM-04_2024_SIEDIPEV_DIRECCION-ADMINISTRATIVA_2024.pdf\">Convocatoria N\u00b0 04 &#8211; 2024 Oficina Central \u2013 SIEDIPEV<\/a><\/li>\n\n\n\n<li class=\"has-text-color has-link-color wp-elements-9b24d630fc0aa9651f94461ce7584aaf\" style=\"color:#7a1737\"><a href=\"https:\/\/www.ssaver.gob.mx\/administraciondepersonal\/wp-content\/uploads\/sites\/15\/2024\/12\/CONV-NUM-45_2024_SECCION-26-CENTRO_DIRECCION-DE-SALUD-PUBLICA_2024.pdf\">Convocatoria N\u00b0 45 &#8211; 2024 \u2013 Oficina Central &#8211; SNTSA Secci\u00f3n 26 CENTRO<\/a><\/li>\n\n\n\n<li class=\"has-text-color has-link-color wp-elements-98e4dd05131cb879b2882352a7ab7a56\" style=\"color:#7a1737\"><a href=\"https:\/\/www.ssaver.gob.mx\/administraciondepersonal\/wp-content\/uploads\/sites\/15\/2024\/12\/CONV-NUM-64_2024_SECCION-26-CENTRO_DIRECCION-ADMINISTRATIVA_2024.pdf\">Convocatoria N\u00b0 64 &#8211; 2024 \u2013 Oficina Central &#8211; SNTSA Secci\u00f3n 26 CENTRO<\/a><\/li>\n\n\n\n<li class=\"has-text-color has-link-color wp-elements-a23a36eb1ae88cf6fc230586efab4949\" style=\"color:#7a1737\"><a href=\"https:\/\/www.ssaver.gob.mx\/administraciondepersonal\/wp-content\/uploads\/sites\/15\/2024\/12\/CONV-NUM-88_2024_SECCION-26-CENTRO_2024.pdf\">Convocatoria N\u00b0 88 &#8211; 2024 \u2013 Oficina Central &#8211; SNTSA Secci\u00f3n 26 CENTRO<\/a><\/li>\n\n\n\n<li class=\"has-text-color has-link-color wp-elements-ab46d5f98a6ef250545018c9a0db7db8\" style=\"color:#7a1737\"><a href=\"https:\/\/www.ssaver.gob.mx\/administraciondepersonal\/wp-content\/uploads\/sites\/15\/2024\/12\/CONV-NUM-89_2024_SECCION-26-CENTRO_2024.pdf\">Convocatoria N\u00b0 89 &#8211; 2024 \u2013 Oficina Central &#8211; SNTSA Secci\u00f3n 26 CENTRO<\/a><\/li>\n\n\n\n<li class=\"has-text-color has-link-color wp-elements-096e95511cc7cdd9d917c6dc8d3a2f07\" style=\"color:#7a1737\"><a href=\"https:\/\/www.ssaver.gob.mx\/administraciondepersonal\/wp-content\/uploads\/sites\/15\/2024\/12\/CONV-NUM-90_2024_SECCION-26-CENTRO_2024.pdf\">Convocatoria N\u00b0 90 &#8211; 2024 \u2013 Oficina Central &#8211; SNTSA Secci\u00f3n 26 CENTRO<\/a><\/li>\n\n\n\n<li class=\"has-text-color has-link-color wp-elements-418453b111e2d513f8a379535e92e656\" style=\"color:#7a1737\"><a href=\"https:\/\/www.ssaver.gob.mx\/administraciondepersonal\/wp-content\/uploads\/sites\/15\/2024\/12\/CONV-NUM-92_2024_SECCION-26-CENTRO_2024.pdf\">Convocatoria N\u00b0 92 &#8211; 2024 \u2013 Oficina Central &#8211; SNTSA Secci\u00f3n 26 CENTRO<\/a><\/li>\n\n\n\n<li class=\"has-text-color has-link-color wp-elements-d2dba8badba6570d7f759ad2fd06b82c\" style=\"color:#7a1737\"><a href=\"https:\/\/www.ssaver.gob.mx\/administraciondepersonal\/wp-content\/uploads\/sites\/15\/2024\/12\/CONV-NUM-93_2024_SECCION-26-CENTRO_2024.pdf\">Convocatoria N\u00b0 93 &#8211; 2024 \u2013 Oficina Central &#8211; SNTSA Secci\u00f3n 26 CENTRO<\/a><\/li>\n\n\n\n<li class=\"has-text-color has-link-color wp-elements-f41abd83c3b1ee040796cc6dd3aa7aaa\" style=\"color:#7a1737\"><a href=\"https:\/\/www.ssaver.gob.mx\/administraciondepersonal\/wp-content\/uploads\/sites\/15\/2024\/12\/CONV-NUM-100_2024_SECCION-26-CENTRO_2024.pdf\">Convocatoria N\u00b0 100 &#8211; 2024 \u2013 Oficina Central &#8211; SNTSA Secci\u00f3n 26 CENTRO<\/a><\/li>\n\n\n\n<li class=\"has-text-color has-link-color wp-elements-0025d24342ca4b456ca12181f36423ef\" style=\"color:#7a1737\"><a href=\"https:\/\/www.ssaver.gob.mx\/administraciondepersonal\/wp-content\/uploads\/sites\/15\/2024\/12\/CONV-NUM-101_2024_SECCION-26-CENTRO_2024_DIRECCION-ADMINISTRATIVA_2024.pdf\">Convocatoria N\u00b0 101 &#8211; 2024 \u2013 Oficina Central &#8211; SNTSA Secci\u00f3n 26 CENTRO<\/a><\/li>\n\n\n\n<li class=\"has-text-color has-link-color wp-elements-245e5a92b2bd0755f64236bb37ea6b8a\" style=\"color:#7a1737\"><a href=\"https:\/\/www.ssaver.gob.mx\/administraciondepersonal\/wp-content\/uploads\/sites\/15\/2024\/12\/CONV-NUM-102_2024_SECCION-26-CENTRO_2024_DIRECCION-DE-PLANEACION-Y-DESARROLLO.pdf\">Convocatoria N\u00b0 102 &#8211; 2024 \u2013 Oficina Central &#8211; SNTSA Secci\u00f3n 26 CENTRO<\/a><\/li>\n\n\n\n<li class=\"has-text-color has-link-color wp-elements-0be114235e4b2c2c1431c7c68f3e4d85\" style=\"color:#7a1737\"><a href=\"https:\/\/www.ssaver.gob.mx\/administraciondepersonal\/wp-content\/uploads\/sites\/15\/2024\/12\/CONV-NUM-103_2024_SECCION-26-CENTRO_2024_CENTRO-DE-ATENCION-INFANTIL-SECRETARIA-DE-SALUD-CAI-ISS.pdf\">Convocatoria N\u00b0 103 &#8211; 2024 \u2013 Oficina Central &#8211; SNTSA Secci\u00f3n 26 CENTRO<\/a><\/li>\n\n\n\n<li class=\"has-text-color has-link-color wp-elements-bc3b40431bb5933e38e08d495fbc09ef\" style=\"color:#7a1737\"><a href=\"https:\/\/www.ssaver.gob.mx\/administraciondepersonal\/wp-content\/uploads\/sites\/15\/2024\/12\/CONV-NUM-104_2024_SECCION-26-CENTRO_2024.pdf\">Convocatoria N\u00b0 104 &#8211; 2024 \u2013 Oficina Central &#8211; SNTSA Secci\u00f3n 26 CENTRO<\/a><\/li>\n\n\n\n<li class=\"has-text-color has-link-color wp-elements-304062384495124402e63d4eabef3be3\" style=\"color:#7a1737\"><a href=\"https:\/\/www.ssaver.gob.mx\/administraciondepersonal\/wp-content\/uploads\/sites\/15\/2024\/12\/CONV-NUM-105_2024_SECCION-26-CENTRO_2024.pdf\">Convocatoria N\u00b0 105 &#8211; 2024 \u2013 Oficina Central &#8211; SNTSA Secci\u00f3n 26 CENTRO<\/a><\/li>\n\n\n\n<li class=\"has-text-color has-link-color wp-elements-6d20489bdf62b75d6f884f09758f2297\" style=\"color:#7a1737\"><a href=\"https:\/\/www.ssaver.gob.mx\/administraciondepersonal\/wp-content\/uploads\/sites\/15\/2024\/12\/CONV-NUM-107_SECCION-26-CENTRO_2024.pdf\">Convocatoria N\u00b0 107 &#8211; 2024 \u2013 Oficina Central &#8211; SNTSA Secci\u00f3n 26 CENTRO<\/a><\/li>\n\n\n\n<li class=\"has-text-color has-link-color wp-elements-25af6e93807c241c8f3eebdf8ac229a0\" style=\"color:#7a1737\"><a href=\"https:\/\/www.ssaver.gob.mx\/administraciondepersonal\/wp-content\/uploads\/sites\/15\/2024\/12\/CONV-NUM-05_2024_SUETYPS_DIRECCION-ADMINISTRATIVA_2024.pdf\">Convocatoria N\u00b0 05 &#8211; 2024 &#8211; Oficina Central &#8211; SUETYPS<\/a><\/li>\n\n\n\n<li class=\"has-text-color has-link-color wp-elements-e7397727d66c720d3ec15e5f3e6cc969\" style=\"color:#7a1737\"><a href=\"https:\/\/www.ssaver.gob.mx\/administraciondepersonal\/wp-content\/uploads\/sites\/15\/2024\/12\/ACTA-CONV-NUM-45_2024_SECCION-26-CENTRO_2024.pdf\">Acta Convocatoria N\u00b0 45 \u2013 2024 &#8211; Oficina Central &#8211; SNTSA Secci\u00f3n 26 CENTRO<\/a><\/li>\n<\/ul>\n\n\n\n<p class=\"has-text-color has-link-color wp-elements-0fd5112917eb0be9cd3b98302e313fc3\" style=\"color:#7a1737\"><strong>Jurisdicci\u00f3n Sanitaria No. I &#8211; P\u00e1nuco<\/strong><\/p>\n\n\n\n<ul class=\"wp-block-list\">\n<li class=\"has-text-color has-link-color wp-elements-b826c51da58c50d31b2fbdc27fa868e5\" style=\"color:#7a1737\"><a href=\"https:\/\/www.ssaver.gob.mx\/administraciondepersonal\/wp-content\/uploads\/sites\/15\/2024\/02\/CONV-NUM-09_10_18_19_23_25_26_SECCION-26-NORTE_6924_2024.pdf\">Convocatoria N\u00b0 09, 10, 18, 19, 23, 25, 26- 2024 Jurisdicci\u00f3n Sanitaria Ofic. SRH\/6924\/2024 &#8211; SNTSA Secci\u00f3n 26 NORTE<\/a><\/li>\n\n\n\n<li class=\"has-text-color has-link-color wp-elements-b06f81352507824bd9830e9f2615810b\" style=\"color:#7a1737\"><a href=\"https:\/\/www.ssaver.gob.mx\/administraciondepersonal\/wp-content\/uploads\/sites\/15\/2024\/04\/CONV-NUM-67_2024_SECCION-26-NORTE_2024-.pdf\">Convocatoria N\u00b0 67 &#8211; 2024 Jurisdicci\u00f3n Sanitaria &#8211; Ofic. SRH\/9970\/2024 \u2013 SNTSA Secci\u00f3n 26 &#8211; NORTE<\/a><\/li>\n\n\n\n<li class=\"has-text-color has-link-color wp-elements-1d25baf2e05f3cb0074c28c47c89e193\" style=\"color:#7a1737\"><a href=\"https:\/\/www.ssaver.gob.mx\/administraciondepersonal\/wp-content\/uploads\/sites\/15\/2024\/08\/CONV-NUM-80_2024_SECCION-26-NORTE_13487_2024.pdf\">Convocatoria N\u00b0 80 &#8211; 2024 Jurisdicci\u00f3n Sanitaria Ofic. SRH\/ 13487\/2024 \u2013 SNTSA Secci\u00f3n 26 &#8211; NORTE<\/a><\/li>\n\n\n\n<li class=\"has-text-color has-link-color wp-elements-5d654271e2c61ce9affdc165bdf62e93\" style=\"color:#7a1737\"><a href=\"https:\/\/www.ssaver.gob.mx\/administraciondepersonal\/wp-content\/uploads\/sites\/15\/2024\/12\/ACTA-CONV-NUM-18_2024_SECCION-26-NORTE_2024.pdf\">Acta Convocatoria N\u00b0 18 &#8211; 2024 Jurisdicci\u00f3n Sanitaria \u2013 SNTSA Secci\u00f3n 26 &#8211; NORTE<\/a><\/li>\n\n\n\n<li class=\"has-text-color has-link-color wp-elements-4ce05ab1f394aa996ed025f040d705a6\" style=\"color:#7a1737\"><a href=\"https:\/\/www.ssaver.gob.mx\/administraciondepersonal\/wp-content\/uploads\/sites\/15\/2024\/12\/ACTA-CONV-NUM-67_2024_SECCION-26-NORTE_2024.pdf\">Acta Convocatoria N\u00b0 67 &#8211; 2024 Jurisdicci\u00f3n Sanitaria \u2013 SNTSA Secci\u00f3n 26 &#8211; NORTE<\/a><\/li>\n\n\n\n<li class=\"has-text-color has-link-color wp-elements-610bd3c5ec57361fbd1acdc4d5502141\" style=\"color:#7a1737\"><a href=\"https:\/\/www.ssaver.gob.mx\/administraciondepersonal\/wp-content\/uploads\/sites\/15\/2024\/12\/CONV-NUM-96_2024_SECCION-26-NORTE_17173_2024.pdf\">Convocatoria N\u00b0 96 &#8211; 2024 Jurisdicci\u00f3n Sanitaria &#8211; Ofic. SRH\/17173\/2024 &#8211; SNTSA Secci\u00f3n 26 \u2013 NORTE<\/a><\/li>\n<\/ul>\n\n\n\n<p class=\"has-text-color has-link-color wp-elements-3ad27a9d3f6b1c46c408104b913cff26\" style=\"color:#7a1737\">Hospital General de P\u00e1nuco \u00abDr. Manuel I. \u00c1vila\u00bb<\/p>\n\n\n\n<ul class=\"wp-block-list\">\n<li class=\"has-text-color has-link-color wp-elements-e7383fe4357a6389753e751df848dcb4\" style=\"color:#7a1737\"><a href=\"https:\/\/www.ssaver.gob.mx\/administraciondepersonal\/wp-content\/uploads\/sites\/15\/2024\/02\/CONV-NUM-14_15_16_17_2024_SECCION-26-NORTE_6929_2024.pdf\">Convocatoria N\u00b0 14, 15, 16, 17- 2024 Hospital Ofic. SRH\/6929\/2024 &#8211; SNTSA Secci\u00f3n 26 NORTE<\/a><\/li>\n\n\n\n<li class=\"has-text-color has-link-color wp-elements-4866fa1f97e5437ce53dfdc81097753b\" style=\"color:#7a1737\"><a href=\"https:\/\/www.ssaver.gob.mx\/administraciondepersonal\/wp-content\/uploads\/sites\/15\/2024\/12\/ACTA-CONV-NUM-14_2024_SECCION-26-NORTE_2024.pdf\">Acta Convocatoria N\u00b0 14 &#8211; 2024 Hospital \u2013 SNTSA Secci\u00f3n 26 \u2013 NORTE<\/a><\/li>\n\n\n\n<li class=\"has-text-color has-link-color wp-elements-9c23bfba5da0f1ac366515a17780e432\" style=\"color:#7a1737\"><a href=\"https:\/\/www.ssaver.gob.mx\/administraciondepersonal\/wp-content\/uploads\/sites\/15\/2024\/12\/ACTA-CONV-NUM-17_2024_SECCION-26-NORTE_2024.pdf\">Acta Convocatoria N\u00b0 17 &#8211; 2024 Hospital \u2013 SNTSA Secci\u00f3n 26 &#8211; NORTE<\/a><\/li>\n<\/ul>\n\n\n\n<p class=\"has-text-color has-link-color wp-elements-303326db77e6408e98d960a1a45b1103\" style=\"color:#7a1737\">Hospital de la Comunidad de Ozuluama de Mascare\u00f1as<\/p>\n\n\n\n<ul class=\"wp-block-list\">\n<li class=\"has-text-color has-link-color wp-elements-c80e683f37da03126d915d04a7bfb29e\" style=\"color:#7a1737\"><a href=\"https:\/\/www.ssaver.gob.mx\/administraciondepersonal\/wp-content\/uploads\/sites\/15\/2024\/02\/CONV-NUM-11_12_13_2024_SECCION-26-NORTE_6925_2024.pdf\">Convocatoria N\u00b0 11, 12, 13- 2024 Hospital Ofic. SRH\/6925\/2024 &#8211; SNTSA Secci\u00f3n 26 NORTE<\/a><\/li>\n<\/ul>\n\n\n\n<p class=\"has-text-color has-link-color wp-elements-497e71956113f42026492dcd022e8223\" style=\"color:#7a1737\">Hospital General de Tantoyuca<\/p>\n\n\n\n<ul class=\"wp-block-list\">\n<li class=\"has-text-color has-link-color wp-elements-094b6163d8cc16fe2b9ce37ddc70fbef\" style=\"color:#7a1737\"><a href=\"https:\/\/www.ssaver.gob.mx\/administraciondepersonal\/wp-content\/uploads\/sites\/15\/2024\/02\/CONV-NUM-08_27_2024_SECCION-26-NORTE_6926_2024.pdf\">Convocatoria N\u00b0 08, 27- 2024 Hospital Ofic. SRH\/6926\/2024 &#8211; SNTSA Secci\u00f3n 26 NORTE<\/a><\/li>\n\n\n\n<li class=\"has-text-color has-link-color wp-elements-27239bde60a48686e182e923b56644d5\" style=\"color:#7a1737\"><a href=\"https:\/\/www.ssaver.gob.mx\/administraciondepersonal\/wp-content\/uploads\/sites\/15\/2024\/12\/CONV-NUM-85_2024_SECCION-26-NORTE_17005_2024.pdf\">Convocatoria N\u00b0 85- 2024 Hospital &#8211; Ofic. SRH\/17005\/2024 \u2013 SNTSA Secci\u00f3n 26 \u2013 NORTE<\/a><\/li>\n<\/ul>\n\n\n\n<p class=\"has-text-color has-link-color wp-elements-f2e6b4b30fa4fffa32008ff1f6628803\" style=\"color:#7a1737\">Hospital de la Comunidad de Tempoal<\/p>\n\n\n\n<ul class=\"wp-block-list\">\n<li class=\"has-text-color has-link-color wp-elements-d96207324ce23b0c0fadc36311e94d21\" style=\"color:#7a1737\"><a href=\"https:\/\/www.ssaver.gob.mx\/administraciondepersonal\/wp-content\/uploads\/sites\/15\/2024\/02\/CONV-NUM-46_2024_SECCION-26-NORTE_7050_2024.pdf\">Convocatoria N\u00b0 46 &#8211; 2024 Hospital Ofic. SRH\/7050\/2024 &#8211; SNTSA Secci\u00f3n 26 NORTE<\/a><\/li>\n\n\n\n<li class=\"has-text-color has-link-color wp-elements-513407787e3c56d1cb9fb46514caecee\" style=\"color:#7a1737\"><a href=\"https:\/\/www.ssaver.gob.mx\/administraciondepersonal\/wp-content\/uploads\/sites\/15\/2024\/03\/CONV-NUM-21_22_2024_-SECCION-26-NORTE_6928_2024-.pdf\">Convocatoria N\u00b0 21, 22 &#8211; 2024 \u2013 Hospital &#8211; Ofic. SRH\/6928\/2024 \u2013 SNTSA Secci\u00f3n 26 &#8211; NORTE<\/a><\/li>\n<\/ul>\n\n\n\n<p class=\"has-text-color has-link-color wp-elements-b8b60a3fa89858475b48ea651a55a89f\" style=\"color:#7a1737\">UNEME de Plat\u00f3n S\u00e1nchez<\/p>\n\n\n\n<ul class=\"wp-block-list\">\n<li class=\"has-text-color has-link-color wp-elements-7bb96d04b2ca141552395c5c030557db\" style=\"color:#7a1737\"><a href=\"https:\/\/www.ssaver.gob.mx\/administraciondepersonal\/wp-content\/uploads\/sites\/15\/2024\/02\/CONV-NUM-20_2024_SECCION-26-NORTE_6927_2024.pdf\">Convocatoria N\u00b0 20 &#8211; 2024 Hospital Ofic. SRH\/6927\/2024 &#8211; SNTSA Secci\u00f3n 26 NORTE<\/a><\/li>\n\n\n\n<li class=\"has-text-color has-link-color wp-elements-78898f145364b8c5f167626e380ea0ad\" style=\"color:#7a1737\"><a href=\"https:\/\/www.ssaver.gob.mx\/administraciondepersonal\/wp-content\/uploads\/sites\/15\/2024\/12\/ACTA-CONV-NUM-20_2024_SECCION-26-NORTE_2024.pdf\">Acta Convocatoria N\u00b0 20 &#8211; 2024 Hospital \u2013 SNTSA Secci\u00f3n 26 &#8211; NORTE<\/a><\/li>\n<\/ul>\n\n\n\n<p class=\"has-text-color has-link-color wp-elements-4b09879c7994da424fcd5f4e5809bb4c\" style=\"color:#7a1737\"><strong>Jurisdicci\u00f3n Sanitaria No. II &#8211; Tuxpan<\/strong><\/p>\n\n\n\n<ul class=\"wp-block-list\">\n<li class=\"has-text-color has-link-color wp-elements-10848665eb0cae895acf7747a833f2c9\" style=\"color:#7a1737\"><a href=\"https:\/\/www.ssaver.gob.mx\/administraciondepersonal\/wp-content\/uploads\/sites\/15\/2024\/01\/CONV-NUM-02_2024_SECCION-70_2024-.pdf\">Convocatoria N\u00b0 02 &#8211; 2024 Jurisdicci\u00f3n Sanitaria Ofic. SRH\/14552\/2023 &#8211; SNTSA Secci\u00f3n 70<\/a><\/li>\n\n\n\n<li class=\"has-text-color has-link-color wp-elements-3982d1c70c4199aa0dde2f19676fac9c\" style=\"color:#7a1737\"><a href=\"https:\/\/www.ssaver.gob.mx\/administraciondepersonal\/wp-content\/uploads\/sites\/15\/2024\/02\/CONV-NUM-28_2024_SECCION-26-NORTE_6935_2024.pdf\">Convocatoria N\u00b0 28 &#8211; 2024 Jurisdicci\u00f3n Sanitaria Ofic. SRH\/6935\/2024 &#8211; SNTSA Secci\u00f3n 26 NORTE<\/a><\/li>\n\n\n\n<li class=\"has-text-color has-link-color wp-elements-18e69aa6ec71bca8b21ad8b0daa3e30d\" style=\"color:#7a1737\"><a href=\"https:\/\/www.ssaver.gob.mx\/administraciondepersonal\/wp-content\/uploads\/sites\/15\/2024\/02\/CONV-NUM-43_45_47_2024_SECCION-26-NORTE_7048_2024.pdf\">Convocatoria N\u00b0 43, 45, 47 &#8211; 2024 Jurisdicci\u00f3n Sanitaria Ofic. SRH\/7048\/2024 &#8211; SNTSA Secci\u00f3n 26 NORTE<\/a><\/li>\n\n\n\n<li class=\"has-text-color has-link-color wp-elements-151682010f1c2e293e8ca7e781ff6357\" style=\"color:#7a1737\"><a href=\"https:\/\/www.ssaver.gob.mx\/administraciondepersonal\/wp-content\/uploads\/sites\/15\/2024\/05\/ACTA-CONV-NUM-43_2024_SECCION-26-NORTE_2024.pdf\">Acta Convocatoria N\u00b0 43 \u2013 2024 &#8211; Jurisdicci\u00f3n Sanitaria &#8211; &nbsp;SNTSA Secci\u00f3n 26 NORTE<\/a><\/li>\n\n\n\n<li class=\"has-text-color has-link-color wp-elements-ccd76dec5127e7b5521255f9550a1fde\" style=\"color:#7a1737\"><a href=\"https:\/\/www.ssaver.gob.mx\/administraciondepersonal\/wp-content\/uploads\/sites\/15\/2024\/05\/ACTA-CONV-NUM-50_2024_SECCION-26-NORTE_2024.pdf\">Acta Convocatoria N\u00b0 50 \u2013 2024 &#8211; Jurisdicci\u00f3n Sanitaria &#8211; SNTSA Secci\u00f3n 26 NORTE<\/a><\/li>\n\n\n\n<li class=\"has-text-color has-link-color wp-elements-c7435004aa7ee78110fac8f3e552753e\" style=\"color:#7a1737\"><a href=\"https:\/\/www.ssaver.gob.mx\/administraciondepersonal\/wp-content\/uploads\/sites\/15\/2024\/12\/CONV-NUM-87_91_CONV-NUM_2024_SECCION-26-NORTE_17007_2024-1.pdf\">Convocatoria N\u00b0 87, 91 &#8211; 2024 Hospital &#8211; Ofic. SRH\/17007\/2024 &#8211; SNTSA Secci\u00f3n 26 \u2013 NORTE<\/a><\/li>\n<\/ul>\n\n\n\n<p class=\"has-text-color has-link-color wp-elements-7e0a565045b94ab2c33f04f670570dee\" style=\"color:#7a1737\">Hospital General de Tuxpan \u00abDr. Emilio Alc\u00e1zar\u201d<\/p>\n\n\n\n<ul class=\"wp-block-list\">\n<li class=\"has-text-color has-link-color wp-elements-010f1b3976a7f3844dc99a6cb7842789\" style=\"color:#7a1737\"><a href=\"https:\/\/www.ssaver.gob.mx\/administraciondepersonal\/wp-content\/uploads\/sites\/15\/2024\/01\/CONV-NUM-01_2024_SUETYPS_14328_2024.pdf\">Convocatoria N\u00b0 01- 2024 Hospital &#8211; Ofic. SRH\/14328\/2023 \u2013 SUETYPS<\/a><\/li>\n\n\n\n<li class=\"has-text-color has-link-color wp-elements-80b58336f9e33ae5be85a652a82b5cbf\" style=\"color:#7a1737\"><a href=\"https:\/\/www.ssaver.gob.mx\/administraciondepersonal\/wp-content\/uploads\/sites\/15\/2024\/04\/ACTA-CONV-NUM-01_2024_SEUTYPS_2024-.pdf\">Acta Convocatoria N\u00b0 01 &#8211; 2024 Hospital\u2013 SUETYPS<\/a><\/li>\n\n\n\n<li class=\"has-text-color has-link-color wp-elements-5f807a21461bfd208083b12f60d37f3d\" style=\"color:#7a1737\"><a href=\"https:\/\/www.ssaver.gob.mx\/administraciondepersonal\/wp-content\/uploads\/sites\/15\/2024\/12\/CONV-NUM-87_91_CONV-NUM_2024_SECCION-26-NORTE_17007_2024.pdf\">Convocatoria N\u00b0 87, 91- 2024 Hospital &#8211; Ofic. SRH\/17007\/2024 &#8211; SNTSA Secci\u00f3n 26 &#8211; NORTE<\/a><\/li>\n<\/ul>\n\n\n\n<p class=\"has-text-color has-link-color wp-elements-89579f4d852fbe37049ad616a7e85ad7\" style=\"color:#7a1737\">Hospital de la Comunidad de Naranjos<\/p>\n\n\n\n<ul class=\"wp-block-list\">\n<li class=\"has-text-color has-link-color wp-elements-36d385cacba915a5668acb1fec812946\" style=\"color:#7a1737\"><a href=\"https:\/\/www.ssaver.gob.mx\/administraciondepersonal\/wp-content\/uploads\/sites\/15\/2024\/12\/CONV-NUM-88_89_90_2024_SECCION-26-NORTE_2024.pdf\">Convocatoria N\u00b0 88, 89, 90 &#8211; 2024 Hospital &#8211; Ofic. SRH\/17008\/2024 &#8211; SNTSA Secci\u00f3n 26 \u2013 NORTE<\/a><\/li>\n<\/ul>\n\n\n\n<p class=\"has-text-color has-link-color wp-elements-a1eae8cb603d56eac7756ccb41e3c96c\" style=\"color:#7a1737\">Hospital de la Comunidad de Cerro Azul<\/p>\n\n\n\n<ul class=\"wp-block-list\">\n<li class=\"has-text-color has-link-color wp-elements-3ae1dfcb790fa0d0fa58b1d62f76d7ed\" style=\"color:#7a1737\"><a href=\"https:\/\/www.ssaver.gob.mx\/administraciondepersonal\/wp-content\/uploads\/sites\/15\/2024\/12\/CONV-NUM-92_2024_SECCION-26-NORTE_17009_20224.pdf\">Convocatoria N\u00b0 92 &#8211; 2024 Hospital &#8211; Ofic. SRH\/17009\/2024 \u2013 SNTSA Secci\u00f3n 26 &#8211; NORTE<\/a><\/li>\n\n\n\n<li class=\"has-text-color has-link-color wp-elements-1cb407bec09524c863af6b962a019d8b\" style=\"color:#7a1737\"><a href=\"https:\/\/www.ssaver.gob.mx\/administraciondepersonal\/wp-content\/uploads\/sites\/15\/2024\/12\/CONV-NUM-81_2024_SECCION-26-NORTE_17004_2024.pdf\">Convocatoria N\u00b0 81 &#8211; 2024 Hospital &#8211; Ofic. SRH\/17004 \/2024 &#8211; SNTSA Secci\u00f3n 26 \u2013 NORTE<\/a><\/li>\n<\/ul>\n\n\n\n<p class=\"has-text-color has-link-color wp-elements-7b28b86412ae43d62cffd845e095910f\" style=\"color:#7a1737\">Hospital General de \u00c1lamo<\/p>\n\n\n\n<p class=\"has-text-color has-link-color wp-elements-a9f528efa37648ab242cf45badf0d8e2\" style=\"color:#7a1737\"><strong>Jurisdicci\u00f3n Sanitaria No. III &#8211; Poza Rica<\/strong><\/p>\n\n\n\n<ul class=\"wp-block-list\">\n<li class=\"has-text-color has-link-color wp-elements-2eea44b8cc6ac6632bf8a80c2c16c065\" style=\"color:#7a1737\"><a href=\"https:\/\/www.ssaver.gob.mx\/administraciondepersonal\/wp-content\/uploads\/sites\/15\/2024\/02\/CONV-NUM-03_04_2024_SECCION-26-NORTE_6931_2024.pdf\">Convocatoria N\u00b0 03, 04 &#8211; 2024 Jurisdicci\u00f3n Sanitaria Ofic. SRH\/6931\/2024 &#8211; SNTSA Secci\u00f3n 26 &#8211; NORTE<\/a><\/li>\n\n\n\n<li class=\"has-text-color has-link-color wp-elements-c7b07c95a4de556e0349edd183d03a45\" style=\"color:#7a1737\"><a href=\"https:\/\/www.ssaver.gob.mx\/administraciondepersonal\/wp-content\/uploads\/sites\/15\/2024\/02\/CONV-NUM-48_49_50_2024_SECCION-26-NORTE_7051_2024.pdf\">Convocatoria N\u00b0 48, 49, 50 &#8211; 2024 Jurisdicci\u00f3n Sanitaria Ofic. SRH\/7051\/2024 &#8211; SNTSA Secci\u00f3n 26 NORTE<\/a><\/li>\n\n\n\n<li class=\"has-text-color has-link-color wp-elements-a1a98b5873b7fa26faa394ae82f24472\" style=\"color:#7a1737\"><a href=\"https:\/\/www.ssaver.gob.mx\/administraciondepersonal\/wp-content\/uploads\/sites\/15\/2024\/03\/CONV-NUM-51_52_53_54_55_2024_SECCION-26-NORTE_-778_2024-.pdf\">Convocatoria N\u00b0 51, 52, 53, 54, 55 &#8211; 2024 \u2013 Jurisdicci\u00f3n Sanitaria &#8211; Ofic. SRH\/7785\/2024 \u2013 SNTSA Secci\u00f3n 26 &#8211; NORTE<\/a><\/li>\n\n\n\n<li class=\"has-text-color has-link-color wp-elements-b46d68e83bd1d09d3a19ce68c6dbeb66\" style=\"color:#7a1737\"><a href=\"https:\/\/www.ssaver.gob.mx\/administraciondepersonal\/wp-content\/uploads\/sites\/15\/2024\/05\/CONV-NUM-71_2024_SECCION-26-NORTE_10304_2024-.pdf\">Convocatoria N\u00b0 71 \u2013 2024 &#8211; Jurisdicci\u00f3n Sanitaria &#8211; Ofic. SRH\/10304\/2024 &#8211; SNTSA Secci\u00f3n 26 &#8211; NORTE<\/a><\/li>\n\n\n\n<li class=\"has-text-color has-link-color wp-elements-6ebc843471c2a681a7d62199438d4efa\" style=\"color:#7a1737\"><a href=\"https:\/\/www.ssaver.gob.mx\/administraciondepersonal\/wp-content\/uploads\/sites\/15\/2024\/12\/CONV-NUM-76_77_2024_SECCION-26-NORTE_11142_2024.pdf\">Convocatoria N\u00b076, 77 &#8211; 2024 Jurisdicci\u00f3n Sanitaria &#8211; Ofic. SRH\/11142\/2024 &#8211; SNTSA Secci\u00f3n 26 NORTE<\/a><\/li>\n\n\n\n<li class=\"has-text-color has-link-color wp-elements-84d23b815f0db0b8b88a349dd0793c06\" style=\"color:#7a1737\"><a href=\"https:\/\/www.ssaver.gob.mx\/administraciondepersonal\/wp-content\/uploads\/sites\/15\/2024\/05\/ACTA-CONV-NUM-49_2024_SECCION-26-NORTE_2024.pdf\">Acta Convocatoria N\u00b0 49 &#8211; 2024 Jurisdicci\u00f3n Sanitaria &#8211; SNTSA Secci\u00f3n 26 NORTE<\/a><\/li>\n\n\n\n<li class=\"has-text-color has-link-color wp-elements-070293044ad03ccc7e9e0d2fc3c9c883\" style=\"color:#7a1737\"><a href=\"https:\/\/www.ssaver.gob.mx\/administraciondepersonal\/wp-content\/uploads\/sites\/15\/2024\/06\/ACTA-CONV-NUM-71_2024_SECCION-26-NORTE_2024.pdf\">Acta Convocatoria N\u00b0 71 \u2013 2024 &#8211; Jurisdicci\u00f3n Sanitaria \u2013 SNTSA Secci\u00f3n 26 NORTE<\/a><\/li>\n<\/ul>\n\n\n\n<p class=\"has-text-color has-link-color wp-elements-d65d35cf4e95114bee217cbdeb0b943f\" style=\"color:#7a1737\">Hospital Regional de Poza Rica de Hidalgo<\/p>\n\n\n\n<ul class=\"wp-block-list\">\n<li class=\"has-text-color has-link-color wp-elements-77905bd161baf5a54703ac3b75270085\" style=\"color:#7a1737\"><a href=\"https:\/\/www.ssaver.gob.mx\/administraciondepersonal\/wp-content\/uploads\/sites\/15\/2024\/02\/CONV-NUM-05_06_07_2024_SECCION-26-NORTE_6930_2024.pdf\">Convocatoria N\u00b0 05, 06, 07- 2024 Hospital Ofic. SRH\/6930\/2024 &#8211; SNTSA Secci\u00f3n 26 NORTE<\/a><\/li>\n\n\n\n<li class=\"has-text-color has-link-color wp-elements-775b2dad11dba300fb33a7174c602373\" style=\"color:#7a1737\"><a href=\"https:\/\/www.ssaver.gob.mx\/administraciondepersonal\/wp-content\/uploads\/sites\/15\/2024\/02\/CONV-NUM-44_2024_SECCION-26-NORTE_7049_2024.pdf\">Convocatoria N\u00b0 44 &#8211; 2024 Hospital Ofic. SRH\/7049\/2024 &#8211; SNTSA Secci\u00f3n 26 NORTE<\/a><\/li>\n\n\n\n<li class=\"has-text-color has-link-color wp-elements-0228b558c66592596c15f1063c397c9f\" style=\"color:#7a1737\"><a href=\"https:\/\/www.ssaver.gob.mx\/administraciondepersonal\/wp-content\/uploads\/sites\/15\/2024\/05\/CONV-NUM-72_2024_SECCCION-26-NORTE_10305_2024-.pdf\">Convocatoria N\u00b072 &#8211; 2024 Hospital &#8211; Ofic. SRH\/10305\/2024 \u2013 SNTSA Secci\u00f3n 26 NORTE<\/a><\/li>\n\n\n\n<li class=\"has-text-color has-link-color wp-elements-e32652ab8be8595a012556c0279bc33c\" style=\"color:#7a1737\"><a href=\"https:\/\/www.ssaver.gob.mx\/administraciondepersonal\/wp-content\/uploads\/sites\/15\/2024\/05\/CONV-NUM-69_2024_SECCION-26-NORTE_9662-2024-.pdf\">Convocatoria N\u00b0 69 \u2013 2024 &#8211; Hospital &#8211; Ofic. SRH\/09662\/2024 &#8211; SNTSA Secci\u00f3n 26 &#8211; NORTE<\/a><\/li>\n\n\n\n<li class=\"has-text-color has-link-color wp-elements-c843711475ca82905bdad838cf48d94b\" style=\"color:#7a1737\"><a href=\"https:\/\/www.ssaver.gob.mx\/administraciondepersonal\/wp-content\/uploads\/sites\/15\/2024\/05\/ACTA-CONV-NUM-05_2024_SECCION-26-NORTE_2024.pdf\">Acta Convocatoria N\u00b0 05 \u2013 2024 &#8211; Hospital &#8211; SNTSA Secci\u00f3n 26 NORTE<\/a><\/li>\n\n\n\n<li class=\"has-text-color has-link-color wp-elements-c2f54c760273109cc4845c6eae393b72\" style=\"color:#7a1737\"><a href=\"https:\/\/www.ssaver.gob.mx\/administraciondepersonal\/wp-content\/uploads\/sites\/15\/2024\/06\/ACTA-CONV-NUM-69_2024_SECCION-26-NORTE_2024.pdf\">Acta Convocatoria N\u00b0 69 \u2013 2024 &#8211; Hospital \u2013 SNTSA Secci\u00f3n 26 NORTE<\/a><\/li>\n\n\n\n<li class=\"has-text-color has-link-color wp-elements-d7083e09dce5dfbc53ef0e4bee090db5\" style=\"color:#7a1737\"><a href=\"https:\/\/www.ssaver.gob.mx\/administraciondepersonal\/wp-content\/uploads\/sites\/15\/2024\/07\/CONV-NUM-05_2024_STSPEEV_12845_2024.pdf\">Convocatoria N\u00b0 05- 2024 Hospital &#8211; Ofic. SRH\/12845\/2024 \u2013 STSPEEV<\/a><\/li>\n\n\n\n<li class=\"has-text-color has-link-color wp-elements-12f00159037d3ab0ca239dfe578fe612\" style=\"color:#7a1737\"><a href=\"https:\/\/www.ssaver.gob.mx\/administraciondepersonal\/wp-content\/uploads\/sites\/15\/2024\/12\/CONV-NUM-94_86_2024_SECCION-26-NORTE_17006_2024.pdf\">Convocatoria N\u00b0 86, 94- 2024 Hospital &#8211; Ofic. SRH\/17006\/2024 \u2013 SNTSA Secci\u00f3n 26 &#8211; NORTE<\/a><\/li>\n\n\n\n<li class=\"has-text-color has-link-color wp-elements-e6ae1078ef83119de96d2f6a47971c89\" style=\"color:#7a1737\"><a href=\"https:\/\/www.ssaver.gob.mx\/administraciondepersonal\/wp-content\/uploads\/sites\/15\/2024\/12\/ACTA-CONV-NUM-44_2024_SECCION-26-NORTE_2024.pdf\">Acta Convocatoria N\u00b0 44 \u2013 2024 &#8211; Hospital &#8211; SNTSA Secci\u00f3n 26 NORTE<\/a><\/li>\n<\/ul>\n\n\n\n<p class=\"has-text-color has-link-color wp-elements-8a7ebebad9fdbf8f2645a3a056046b37\" style=\"color:#7a1737\">Hospital General de Papantla \u00abDr. Jos\u00e9 Buill Belenguer\u00bb<\/p>\n\n\n\n<ul class=\"wp-block-list\">\n<li class=\"has-text-color has-link-color wp-elements-4a290f70001d90793b9920ec40fab8a1\" style=\"color:#7a1737\"><a href=\"https:\/\/www.ssaver.gob.mx\/administraciondepersonal\/wp-content\/uploads\/sites\/15\/2024\/02\/CONV-NUM-15_2024_SETSSV_7055_2024.pdf\">Convocatoria N\u00b0 15 &#8211; 2024 Hospital Ofic. SRH\/7055\/2024 &#8211; SETSSV<\/a><\/li>\n\n\n\n<li class=\"has-text-color has-link-color wp-elements-fd26f9688e6905beeaf0b42abbeac4e0\" style=\"color:#7a1737\"><a href=\"https:\/\/www.ssaver.gob.mx\/administraciondepersonal\/wp-content\/uploads\/sites\/15\/2024\/05\/CONV-NUM-22_2024_SETSSV_9943_2024-.pdf\">Convocatoria N\u00b0 22 &#8211; 2024 Hospital &#8211; Ofic. SRH\/9943\/2024 \u2013 SETSSV<\/a><\/li>\n\n\n\n<li class=\"has-text-color has-link-color wp-elements-c1717cff368fa65b558c2d669a717f29\" style=\"color:#7a1737\"><a href=\"https:\/\/www.ssaver.gob.mx\/administraciondepersonal\/wp-content\/uploads\/sites\/15\/2024\/06\/ACTA-CONV-NUM-15_2024_SETSSV_2024.pdf\">Acta Convocatoria N\u00b0 15 \u2013 2024 &#8211; Hospital \u2013 SETSSV<\/a><\/li>\n\n\n\n<li class=\"has-text-color has-link-color wp-elements-04d0fe4930311dec91ae797b5d0efbf9\" style=\"color:#7a1737\"><a href=\"https:\/\/www.ssaver.gob.mx\/administraciondepersonal\/wp-content\/uploads\/sites\/15\/2024\/07\/CONV-NUM-32_2024_SETSSV_12852_2024.pdf\">Convocatoria N\u00b0 32- 2024 Hospital &#8211; Ofic. SRH\/012852\/2024 \u2013 SETSSV<\/a><\/li>\n\n\n\n<li class=\"has-text-color has-link-color wp-elements-75da52e1d6b80b351dbb5f18d1b29d31\" style=\"color:#7a1737\"><a href=\"https:\/\/www.ssaver.gob.mx\/administraciondepersonal\/wp-content\/uploads\/sites\/15\/2024\/12\/ACTA-CONV-NUM-32_2024_SETSSV_2024.pdf\">Acta Convocatoria N\u00b0 32 &#8211; 2024 Hospital \u2013 SETSSV<\/a><\/li>\n<\/ul>\n\n\n\n<p class=\"has-text-color has-link-color wp-elements-3b2307d5c8a5d43f00b7d48937b1d891\" style=\"color:#7a1737\">Hospital de la Comunidad de Huayacocotla<\/p>\n\n\n\n<ul class=\"wp-block-list\">\n<li><\/li>\n<\/ul>\n\n\n\n<p class=\"has-text-color has-link-color wp-elements-205b558d3bdc3143456e9ddf739274b2\" style=\"color:#7a1737\">Hospital de la Comunidad de Llano En medio<\/p>\n\n\n\n<ul class=\"wp-block-list\">\n<li class=\"has-text-color has-link-color wp-elements-9607e5e6e839de008c13efbf89f7202a\" style=\"color:#7a1737\"><a href=\"https:\/\/www.ssaver.gob.mx\/administraciondepersonal\/wp-content\/uploads\/sites\/15\/2024\/05\/CONV-NUM-73_2024_SECCION-26-NORTE_10306_2024-.pdf\">Convocatoria N\u00b073 &#8211; 2024 Hospital &#8211; Ofic. SRH\/10306\/2024 \u2013 SNTSA Secci\u00f3n 26 NORTE<\/a><\/li>\n\n\n\n<li class=\"has-text-color has-link-color wp-elements-9535de00d9d3dd49f15a06c26513310f\" style=\"color:#7a1737\"><a href=\"https:\/\/www.ssaver.gob.mx\/administraciondepersonal\/wp-content\/uploads\/sites\/15\/2024\/12\/ACTA-CONV-NUM-73_2024_SECCION-26-NORTE_2024.pdf\">Acta Convocatoria N\u00b0 73 &#8211; 2024 Hospital \u2013 SNTSA Secci\u00f3n 26 &#8211; NORTE<\/a><\/li>\n<\/ul>\n\n\n\n<p class=\"has-text-color has-link-color wp-elements-857cd97c93b62ded754ac38872372b1f\" style=\"color:#7a1737\">Hospital de la Comunidad de Entabladero<\/p>\n\n\n\n<ul class=\"wp-block-list\">\n<li class=\"has-text-color has-link-color wp-elements-9fc69fd32b172b330080797af2e713c4\" style=\"color:#7a1737\"><a href=\"https:\/\/www.ssaver.gob.mx\/administraciondepersonal\/wp-content\/uploads\/sites\/15\/2024\/07\/CONV-NUM-42_2024_SETSSV_12848_2024.pdf\">Convocatoria N\u00b0 42- 2024 Hospital &#8211; Ofic. SRH\/012848\/2024 \u2013 SETSSV<\/a><\/li>\n\n\n\n<li class=\"has-text-color has-link-color wp-elements-67fa7cf619665124d5e7cc8166bf8b85\" style=\"color:#7a1737\"><a href=\"https:\/\/www.ssaver.gob.mx\/administraciondepersonal\/wp-content\/uploads\/sites\/15\/2024\/12\/ACTA-CONV-NUM-42_2024_SETSSV_2024.pdf\">Acta Convocatoria N\u00b0 42 &#8211; 2024 Hospital \u2013 SETSSV<\/a><\/li>\n<\/ul>\n\n\n\n<p class=\"has-text-color has-link-color wp-elements-505eaa3659bd96dadceafa9c9e739b11\" style=\"color:#7a1737\">Casa Hogar del Adulto Mayor \u00abLi Mash Kan\u00bb<\/p>\n\n\n\n<p class=\"has-text-color has-link-color wp-elements-b0375fb85a4dc879dd0fb2bd4863d3d2\" style=\"color:#7a1737\"><strong>Jurisdicci\u00f3n Sanitaria No. IV &#8211; Mart\u00ednez de la Torre<\/strong><\/p>\n\n\n\n<ul class=\"wp-block-list\">\n<li class=\"has-text-color has-link-color wp-elements-966715ccbbae5125b1bc1f933fa4baaa\" style=\"color:#7a1737\"><a href=\"https:\/\/www.ssaver.gob.mx\/administraciondepersonal\/wp-content\/uploads\/sites\/15\/2024\/02\/CONV-NUM-36_39_40_42_2024_SECCION-26-NORTE_9633_2024.pdf\">Convocatoria N\u00b0 36, 39, 40, 42, &#8211; 2024 Jurisdicci\u00f3n Sanitaria Ofic. SRH\/9633\/2024 &#8211; SNTSA Secci\u00f3n 26 NORTE<\/a><\/li>\n\n\n\n<li class=\"has-text-color has-link-color wp-elements-f9ec9821827350cabe1386c0073cc5da\" style=\"color:#7a1737\"><a href=\"https:\/\/www.ssaver.gob.mx\/administraciondepersonal\/wp-content\/uploads\/sites\/15\/2024\/12\/CONV-NUM-84_2024_SECCION-26-NORTE_6025_2024.pdf\">Convocatoria N\u00b0 84 &#8211; 2024 Jurisdicci\u00f3n Sanitaria &#8211; Ofic. SRH\/6025 \/2024 &#8211; SNTSA Secci\u00f3n 26 \u2013 NORTE<\/a><\/li>\n<\/ul>\n\n\n\n<p class=\"has-text-color has-link-color wp-elements-aa583dcef0a09b44237b816268641607\" style=\"color:#7a1737\">Hospital General de Mart\u00ednez de la Torre \u00abManuel \u00c1vila Camacho\u00bb<\/p>\n\n\n\n<ul class=\"wp-block-list\">\n<li class=\"has-text-color has-link-color wp-elements-1c335f99177a57ecd9e0b49ea90781b0\" style=\"color:#7a1737\"><a href=\"https:\/\/www.ssaver.gob.mx\/administraciondepersonal\/wp-content\/uploads\/sites\/15\/2024\/02\/CONV-NUM-29_30_31_32_33_2024_SECCION-26-NORTE_6936_2024.pdf\">Convocatoria N\u00b0 29, 30, 31, 32, 33 &#8211; 2024 Hospital Ofic. SRH\/6936\/2024 &#8211; SNTSA Secci\u00f3n 26 NORTE<\/a><\/li>\n\n\n\n<li class=\"has-text-color has-link-color wp-elements-7bf920eb3242199f139c9362b941bf4d\" style=\"color:#7a1737\"><a href=\"https:\/\/www.ssaver.gob.mx\/administraciondepersonal\/wp-content\/uploads\/sites\/15\/2024\/03\/CONV-NUM-04_2024_STSPEEV_7593_2024-.pdf\">Convocatoria N\u00b0 04 &#8211; 2024 \u2013 Hospital Ofic. SRH\/7593\/2024 \u2013 STSPEEV<\/a><\/li>\n\n\n\n<li class=\"has-text-color has-link-color wp-elements-6d2cb05d02d24eb514baed0dc0dbff66\" style=\"color:#7a1737\"><a href=\"https:\/\/www.ssaver.gob.mx\/administraciondepersonal\/wp-content\/uploads\/sites\/15\/2024\/05\/CONV-NUM-74_2024_SECCION-26-NORTE_10307_2024-.pdf\">Convocatoria N\u00b074 &#8211; 2024 Hospital &#8211; Ofic. SRH\/10307\/2024 \u2013 SNTSA Secci\u00f3n 26 NORTE<\/a><\/li>\n\n\n\n<li class=\"has-text-color has-link-color wp-elements-cfad4c7270c1d7fba7a5c1eefda0d364\" style=\"color:#7a1737\"><a href=\"https:\/\/www.ssaver.gob.mx\/administraciondepersonal\/wp-content\/uploads\/sites\/15\/2024\/12\/CONV-NUM-48_2024_SETSSV_16943_2024.pdf\">Convocatoria N\u00b0 48- 2024 Hospital &#8211; Ofic. SRH\/16943\/2024 \u2013 SETSSV<\/a><\/li>\n\n\n\n<li class=\"has-text-color has-link-color wp-elements-7da19c114cfbed82c9551bad0211c83c\" style=\"color:#7a1737\"><a href=\"https:\/\/www.ssaver.gob.mx\/administraciondepersonal\/wp-content\/uploads\/sites\/15\/2024\/05\/CONV-NUM-56_57_58_59_2024_8469_SECCION-26-NORTE_2024.pdf\">Convocatoria N\u00b0 56, 57, 58, 59, &#8211; 2024 Hospital &#8211; Ofic. SRH\/8469\/2024 &#8211; SNTSA Secci\u00f3n 26 NORTE<\/a><\/li>\n\n\n\n<li class=\"has-text-color has-link-color wp-elements-f188f09656d9e112a3359a226c8a6880\" style=\"color:#7a1737\"><a href=\"https:\/\/www.ssaver.gob.mx\/administraciondepersonal\/wp-content\/uploads\/sites\/15\/2024\/07\/ACTA-CONV-NUM-56_2024_SECCION-26-NORTE_2024.pdf\">Acta Convocatoria N\u00b0 56 &#8211; 2024 Hospital \u2013 SECCI\u00d3N 26 NORTE<\/a><\/li>\n\n\n\n<li class=\"has-text-color has-link-color wp-elements-fe05dcbecd917e395f026288a087595c\" style=\"color:#7a1737\"><a href=\"https:\/\/www.ssaver.gob.mx\/administraciondepersonal\/wp-content\/uploads\/sites\/15\/2024\/07\/ACTA-CONV-NUM-57_2024_SECCION-26-NORTE_2024.pdf\">Acta Convocatoria N\u00b0 57 &#8211; 2024 Hospital \u2013 SECCI\u00d3N 26 NORTE<\/a><\/li>\n\n\n\n<li class=\"has-text-color has-link-color wp-elements-e71dc4fbddbc549d5c80338ad8d38905\" style=\"color:#7a1737\"><a href=\"https:\/\/www.ssaver.gob.mx\/administraciondepersonal\/wp-content\/uploads\/sites\/15\/2024\/08\/ACTA-CONV-NUM-59_2024_SECCION-26-NORTE_2024.pdf\">Acta-Convocatoria N\u00b0 59 &#8211; 2024 Hospital \u2013 SNTSA Secci\u00f3n 26 \u2013 NORTE<\/a><\/li>\n\n\n\n<li class=\"has-text-color has-link-color wp-elements-1b40f588499e235f9fda5d662c53d802\" style=\"color:#7a1737\"><a href=\"https:\/\/www.ssaver.gob.mx\/administraciondepersonal\/wp-content\/uploads\/sites\/15\/2024\/12\/ACTA-CONV-NUM-58_2024_SECCION-26-NORTE_2024.pdf\">Acta-Convocatoria N\u00b0 58 &#8211; 2024 Hospital \u2013 SNTSA Secci\u00f3n 26 &#8211; NORTE<\/a><\/li>\n\n\n\n<li class=\"has-text-color has-link-color wp-elements-f3c50b4f494207e904569bc776eaaf25\" style=\"color:#7a1737\"><a href=\"https:\/\/www.ssaver.gob.mx\/administraciondepersonal\/wp-content\/uploads\/sites\/15\/2024\/12\/ACTA-CONV-NUM-29_2024_SECCION-26-NORTE_2024.pdf\">Acta Convocatoria N\u00b0 29- 2024 Hospital &#8211; SNTSA Secci\u00f3n 26 \u2013 NORTE<\/a><\/li>\n\n\n\n<li class=\"has-text-color has-link-color wp-elements-408af8989de3654aa1ae07733ccee63b\" style=\"color:#7a1737\"><a href=\"https:\/\/www.ssaver.gob.mx\/administraciondepersonal\/wp-content\/uploads\/sites\/15\/2024\/12\/ACTA-CONV-NUM-30_2024_SECCION-26-NORTE_2024.pdf\">Acta Convocatoria N\u00b0 30- 2024 Hospital &#8211; SNTSA Secci\u00f3n 26 \u2013 NORTE<\/a><\/li>\n\n\n\n<li class=\"has-text-color has-link-color wp-elements-b30efcaa0e38fab1b0cb9b10955d862f\" style=\"color:#7a1737\"><a href=\"https:\/\/www.ssaver.gob.mx\/administraciondepersonal\/wp-content\/uploads\/sites\/15\/2024\/12\/ACTA-CONV-NUM-31_2024_SECCION-26-NORTE_2024.pdf\">Acta Convocatoria N\u00b0 31- 2024 Hospital &#8211; SNTSA Secci\u00f3n 26 \u2013 NORTE<\/a><\/li>\n\n\n\n<li class=\"has-text-color has-link-color wp-elements-0ce2f8214aaf5e7db2c0ee1597401a21\" style=\"color:#7a1737\"><a href=\"https:\/\/www.ssaver.gob.mx\/administraciondepersonal\/wp-content\/uploads\/sites\/15\/2024\/12\/ACTA-CONV-NUM-32_2024_SECCION-26-NORTE_2024.pdf\">Acta Convocatoria N\u00b0 32- 2024 Hospital &#8211; SNTSA Secci\u00f3n 26 \u2013 NORTE<\/a><\/li>\n\n\n\n<li class=\"has-text-color has-link-color wp-elements-5dcde4e9bd5ec6399d3ae97d1e833269\" style=\"color:#7a1737\"><a href=\"https:\/\/www.ssaver.gob.mx\/administraciondepersonal\/wp-content\/uploads\/sites\/15\/2024\/12\/ACTA-CONV-NUM-33_2024_SECCION-26-NORTE_2024.pdf\">Acta Convocatoria N\u00b0 33- 2024 Hospital &#8211; SNTSA Secci\u00f3n 26 \u2013 NORTE<\/a><\/li>\n<\/ul>\n\n\n\n<p class=\"has-text-color has-link-color wp-elements-a912931fb2bd1634bd3263eb8e8b9474\" style=\"color:#7a1737\">Hospital General de Misantla<\/p>\n\n\n\n<ul class=\"wp-block-list\">\n<li class=\"has-text-color has-link-color wp-elements-c9b4d6d52f63a2d7f23fc5917bfacdab\" style=\"color:#7a1737\"><a href=\"https:\/\/www.ssaver.gob.mx\/administraciondepersonal\/wp-content\/uploads\/sites\/15\/2024\/01\/CONV-NUM-01_2024_SETSSV_14329_2024.pdf\">Convocatoria N\u00b0 01- 2024 Hospital &#8211; Ofic. SRH\/14329\/2023 \u2013 SETSSV<\/a><\/li>\n\n\n\n<li class=\"has-text-color has-link-color wp-elements-c0a20a0906ad7683bb7b689ea6c5e9b5\" style=\"color:#7a1737\"><a href=\"https:\/\/www.ssaver.gob.mx\/administraciondepersonal\/wp-content\/uploads\/sites\/15\/2024\/02\/CONV-NUM-37_38_41_2024_SECCION-26-NORTE_6932_2024.pdf\">Convocatoria N\u00b0 37, 38, 41 &#8211; 2024 Hospital Ofic. SRH\/6932\/2024 &#8211; SNTSA Secci\u00f3n 26 NORTE<\/a><\/li>\n\n\n\n<li class=\"has-text-color has-link-color wp-elements-9f7432bff8c3cefaf4c3485413955b04\" style=\"color:#7a1737\"><a href=\"https:\/\/www.ssaver.gob.mx\/administraciondepersonal\/wp-content\/uploads\/sites\/15\/2024\/05\/ACTA-CONV-NUM-01_2024_SETSSV_2024.pdf\">Acta Convocatoria N\u00b0 01 &#8211; 2024 Hospital \u2013 SETSSV<\/a><\/li>\n<\/ul>\n\n\n\n<p class=\"has-text-color has-link-color wp-elements-76bd37c2d470130cbbed9da4b1ac1d8b\" style=\"color:#7a1737\">Hospital de la Comunidad de Guti\u00e9rrez Zamora<\/p>\n\n\n\n<ul class=\"wp-block-list\">\n<li class=\"has-text-color has-link-color wp-elements-e0328527356c71df1e8b037214117d8b\" style=\"color:#7a1737\"><a href=\"https:\/\/www.ssaver.gob.mx\/administraciondepersonal\/wp-content\/uploads\/sites\/15\/2024\/02\/CONV-NUM-34_35_2024_SECCION-26-NORTE_6934_2024.pdf\">Convocatoria N\u00b0 34, 35 &#8211; 2024 Hospital Ofic. SRH\/6934\/2024 &#8211; SNTSA Secci\u00f3n 26 NORTE<\/a><\/li>\n\n\n\n<li class=\"has-text-color has-link-color wp-elements-2f02bc2366b81ac28a42a611c4bc4a25\" style=\"color:#7a1737\"><a href=\"https:\/\/www.ssaver.gob.mx\/administraciondepersonal\/wp-content\/uploads\/sites\/15\/2024\/05\/CONV-NUM-75_2024_10308_SECCION-26-NORTE_2024-.pdf\">Convocatoria N\u00b075 &#8211; 2024 Hospital &#8211; Ofic. SRH\/10308\/2024 \u2013 SNTSA Secci\u00f3n 26 NORTE<\/a><\/li>\n\n\n\n<li class=\"has-text-color has-link-color wp-elements-e423173016dd1ad477bb0d2b636acf6e\" style=\"color:#7a1737\"><a href=\"https:\/\/www.ssaver.gob.mx\/administraciondepersonal\/wp-content\/uploads\/sites\/15\/2024\/06\/CONV-NUM-19_2024_STSPEEV_11942_2024.pdf\">Convocatoria N\u00b0 19 &#8211; 2024 Hospital &#8211; Ofic. SRH\/11942\/2024 \u2013 STSPEEV<\/a><\/li>\n\n\n\n<li class=\"has-text-color has-link-color wp-elements-ee297a5e61c145e056327a19a3ec8f12\" style=\"color:#7a1737\"><a href=\"https:\/\/www.ssaver.gob.mx\/administraciondepersonal\/wp-content\/uploads\/sites\/15\/2024\/12\/ACTA-CONV-NUM-19_2024_STSPEEV_2024.pdf\">Acta Convocatoria N\u00b0 19 &#8211; 2024 Hospital \u2013 STSPEEV<\/a><\/li>\n<\/ul>\n\n\n\n<p class=\"has-text-color has-link-color wp-elements-01c3171c19d8f5aae05f3a77390e0fc3\" style=\"color:#7a1737\">Hospital de la Comunidad de Tlapacoyan<\/p>\n\n\n\n<ul class=\"wp-block-list\">\n<li><\/li>\n<\/ul>\n\n\n\n<p class=\"has-text-color has-link-color wp-elements-93c0573e59d25a700c8904278b64bb63\" style=\"color:#7a1737\"><strong>Jurisdicci\u00f3n Sanitaria No. V &#8211; Xalapa<\/strong><\/p>\n\n\n\n<ul class=\"wp-block-list\">\n<li class=\"has-text-color has-link-color wp-elements-3d0701c2330d3f8a111af3b32a1e60fc\" style=\"color:#7a1737\"><a href=\"https:\/\/www.ssaver.gob.mx\/administraciondepersonal\/wp-content\/uploads\/sites\/15\/2024\/01\/CONV-NUM-02_2024_SECCION-26-CENTRO_6199_2024.pdf\">Convocatoria N\u00b0 02- 2024 Jurisdicci\u00f3n Sanitaria &#8211; Ofic. SRH\/06199\/2024 &#8211; SNTSA Secci\u00f3n 26 CENTRO<\/a><\/li>\n\n\n\n<li class=\"has-text-color has-link-color wp-elements-de6d9ace46633237319febffb10cc037\" style=\"color:#7a1737\"><a href=\"https:\/\/www.ssaver.gob.mx\/administraciondepersonal\/wp-content\/uploads\/sites\/15\/2024\/04\/CONV-NUM-04_2024_SUETYPS_8792_2024.pdf\">Convocatoria N\u00b0 04 \u2013 2024 \u2013 Jurisdicci\u00f3n Sanitaria &#8211; Ofic. SRH\/8792\/2024- SUETYPS<\/a><\/li>\n\n\n\n<li class=\"has-text-color has-link-color wp-elements-0cd886e89f48b2f8a588fca2b3a47fef\" style=\"color:#7a1737\"><a href=\"https:\/\/www.ssaver.gob.mx\/administraciondepersonal\/wp-content\/uploads\/sites\/15\/2024\/05\/CONV-NUM-30_2024_SETSSV_10487_2024.pdf\">Convocatoria N\u00b0 30 \u2013 2024 &#8211; Jurisdicci\u00f3n Sanitaria &#8211; Ofic. SRH\/10487\/2024 \u2013 SETSSV<\/a><\/li>\n\n\n\n<li class=\"has-text-color has-link-color wp-elements-05b8c6acf2024d3c6c0cb6270037a169\" style=\"color:#7a1737\"><a href=\"https:\/\/www.ssaver.gob.mx\/administraciondepersonal\/wp-content\/uploads\/sites\/15\/2024\/06\/ACTA-CONV-NUM-04_2024_SUETYPS_2024.pdf\">Acta Convocatoria N\u00b0 04 \u2013 2024 &#8211; Jurisdicci\u00f3n Sanitaria \u2013 SUETYPS<\/a><\/li>\n\n\n\n<li class=\"has-text-color has-link-color wp-elements-501fb119ff88fe2a8c86fb103b1bb767\" style=\"color:#7a1737\"><a href=\"https:\/\/www.ssaver.gob.mx\/administraciondepersonal\/wp-content\/uploads\/sites\/15\/2024\/06\/ACTA-CONV-NUM-30_SETSSV_2024.pdf\">Acta Convocatoria N\u00b0 30 \u2013 2024 &#8211; Jurisdicci\u00f3n Sanitaria \u2013 SETSSV<\/a><\/li>\n\n\n\n<li class=\"has-text-color has-link-color wp-elements-a00f6a14e280e3308ccc24d01a2fc337\" style=\"color:#7a1737\"><a href=\"https:\/\/www.ssaver.gob.mx\/administraciondepersonal\/wp-content\/uploads\/sites\/15\/2024\/06\/CONV-NUM-42_43_2024_SECCION-26-CENTRO_12226_2024.pdf\">Convocatoria N\u00b0 42, 43 &#8211; 2024 Jurisdicci\u00f3n Sanitaria Ofic. SRH\/12226\/2024 &#8211; SNTSA Secci\u00f3n 26 \u2013 CENTRO<\/a><\/li>\n\n\n\n<li class=\"has-text-color has-link-color wp-elements-d9c3ca434e6e4daeb3b6c5237225d27f\" style=\"color:#7a1737\"><a href=\"https:\/\/www.ssaver.gob.mx\/administraciondepersonal\/wp-content\/uploads\/sites\/15\/2024\/08\/CONV-NUM-52_62_2024_SECCION-26-CENTRO_12658_2024.pdf\">Convocatoria N\u00b0 52, 62 &#8211; 2024 Jurisdicci\u00f3n Sanitaria Ofic. SRH\/12658\/2024 &#8211; SNTSA Secci\u00f3n 26 \u2013 CENTRO<\/a><\/li>\n\n\n\n<li class=\"has-text-color has-link-color wp-elements-dfb1a465bf80f6d006a347696007358d\" style=\"color:#7a1737\"><a href=\"https:\/\/www.ssaver.gob.mx\/administraciondepersonal\/wp-content\/uploads\/sites\/15\/2024\/08\/CONV-NUM-08_2024_SECCION-70_12853_2024.pdf\">Convocatoria N\u00b0 08 &#8211; 2024 Jurisdicci\u00f3n Sanitaria Ofic. SRH\/12853\/2024 \u2013 SNTSA Secci\u00f3n 70<\/a><\/li>\n\n\n\n<li class=\"has-text-color has-link-color wp-elements-e94407321a4b0c24a1db75498db212db\" style=\"color:#7a1737\"><a href=\"https:\/\/www.ssaver.gob.mx\/administraciondepersonal\/wp-content\/uploads\/sites\/15\/2024\/12\/CONV-NUM-94_108_2024_SECCION-26-CENTRO_16387_2024.pdf\">Convocatoria N\u00b0 94, 108 &#8211; 2024 Jurisdicci\u00f3n Sanitaria Ofic. SRH\/05783\/2024 \u2013 SNTSA Secci\u00f3n 26 \u2013 CENTRO<\/a><\/li>\n\n\n\n<li class=\"has-text-color has-link-color wp-elements-64684dbc9d1cf7bc99decb187f843147\" style=\"color:#7a1737\"><a href=\"https:\/\/www.ssaver.gob.mx\/administraciondepersonal\/wp-content\/uploads\/sites\/15\/2024\/12\/CONV-NUM-96_2024_SECCION-26-CENTRO_18205_2024.pdf\">Convocatoria N\u00b0 96 &#8211; 2024 Jurisdicci\u00f3n Sanitaria &#8211; Ofic. SRH\/18205\/2024 &#8211; SNTSA Secci\u00f3n 26 CENTRO<\/a><\/li>\n\n\n\n<li class=\"has-text-color has-link-color wp-elements-1f25fa049daffa088b4f42cd81c0e6e9\" style=\"color:#7a1737\"><a href=\"https:\/\/www.ssaver.gob.mx\/administraciondepersonal\/wp-content\/uploads\/sites\/15\/2024\/12\/CONV-NUM-68_2024_SECCION-26-CENTRO_15161_2024.pdf\">Convocatoria N\u00b0 68 &#8211; 2024 Jurisdicci\u00f3n Sanitaria &#8211; Ofic. SRH\/15161\/2024 &#8211; SNTSA Secci\u00f3n 26 CENTRO<\/a><\/li>\n<\/ul>\n\n\n\n<p class=\"has-text-color has-link-color wp-elements-4a2a3b373285e25a9a075b54f1dcdcb8\" style=\"color:#7a1737\">Hospital Regional de Xalapa \u00abDr. Luis F. Nach\u00f3n\u00bb<\/p>\n\n\n\n<ul class=\"wp-block-list\">\n<li class=\"has-text-color has-link-color wp-elements-2be80cb363fa67e18f8ce5b6870c81a8\" style=\"color:#7a1737\"><a href=\"https:\/\/www.ssaver.gob.mx\/administraciondepersonal\/wp-content\/uploads\/sites\/15\/2024\/01\/CONV-NUM-01_02_03_2024_STSPEEV_6201_2024-.pdf\">Convocatoria N\u00b0 01, 02, 03 &#8211; 2024 Hospital &#8211; Ofic. SRH\/6201\/2024 &#8211; STSPEEV<\/a><\/li>\n\n\n\n<li class=\"has-text-color has-link-color wp-elements-e08011bf23fdd97245dafa6986809ee2\" style=\"color:#7a1737\"><a href=\"https:\/\/www.ssaver.gob.mx\/administraciondepersonal\/wp-content\/uploads\/sites\/15\/2024\/02\/CONV-NUM-04_2024_6571_2024_SETSSV_2024-.pdf\">Convocatoria N\u00b0 04 &#8211; 2024 Hospital &#8211; Ofic. SRH\/06571\/2023 \u2013 SETSSV<\/a><\/li>\n\n\n\n<li class=\"has-text-color has-link-color wp-elements-618d8742b3af41c785fd44c77c246808\" style=\"color:#7a1737\"><a href=\"https:\/\/www.ssaver.gob.mx\/administraciondepersonal\/wp-content\/uploads\/sites\/15\/2024\/03\/CONV-NUM-01_2024_SIDETSSV_7901_2024-.pdf\">Convocatoria N\u00b0 01 &#8211; 2024 \u2013 Hospital &#8211; Ofic. SRH\/7901\/2024 \u2013 SIDETSSV<\/a><\/li>\n\n\n\n<li class=\"has-text-color has-link-color wp-elements-60988ed7ca5a8fe29aab0ae90476aa9d\" style=\"color:#7a1737\"><a href=\"https:\/\/www.ssaver.gob.mx\/administraciondepersonal\/wp-content\/uploads\/sites\/15\/2024\/04\/ACTA-CONV-NUM-04_2024_SETSSV_2024-.pdf\">Acta Convocatoria N\u00b0 04 &#8211; 2024 Hospital\u2013 SETSSV<\/a><\/li>\n\n\n\n<li class=\"has-text-color has-link-color wp-elements-8409a37f7972090083b6df6b696f98b0\" style=\"color:#7a1737\"><a href=\"https:\/\/www.ssaver.gob.mx\/administraciondepersonal\/wp-content\/uploads\/sites\/15\/2024\/04\/ACTA-CONV-NUM-01_2024_SIDETSSV_2024-.pdf\">Acta Convocatoria N\u00b0 01 &#8211; 2024 Hospital \u2013 SIDETSSV<\/a><\/li>\n\n\n\n<li class=\"has-text-color has-link-color wp-elements-39050f15ffb3d66619f873fa98116856\" style=\"color:#7a1737\"><a href=\"https:\/\/www.ssaver.gob.mx\/administraciondepersonal\/wp-content\/uploads\/sites\/15\/2024\/05\/CONV-NUM-27_2024_SETSSV_10337_2024-.pdf\">Convocatoria N\u00b0 27 &#8211; 2024 Hospital &#8211; Ofic. SRH\/10337\/2024 \u2013 SETSSV<\/a><\/li>\n\n\n\n<li class=\"has-text-color has-link-color wp-elements-9bc430dca4139d53ccb1bcd7d6e7e561\" style=\"color:#7a1737\"><a href=\"https:\/\/www.ssaver.gob.mx\/administraciondepersonal\/wp-content\/uploads\/sites\/15\/2024\/05\/ACTA-CONV-NUM-02_2024_STSPEEV_2024.pdf\">Acta Convocatoria N\u00b0 02 &#8211; 2024 Hospital \u2013 STSPEEV<\/a><\/li>\n\n\n\n<li class=\"has-text-color has-link-color wp-elements-637052ed7021adc1331544f42d7c7353\" style=\"color:#7a1737\"><a href=\"https:\/\/www.ssaver.gob.mx\/administraciondepersonal\/wp-content\/uploads\/sites\/15\/2024\/06\/CONV-NUM-01_02_03_SIEDIPEV_2024_11408_2024.pdf\">Convocatoria N\u00b0 01, 02, 03 &#8211; 2024 Hospital &#8211; Ofic. SRH\/11408\/2024 \u2013 SIEDIPEV<\/a><\/li>\n\n\n\n<li class=\"has-text-color has-link-color wp-elements-840fd6951a67cdfc67ddc0c9a27bbd0a\" style=\"color:#7a1737\"><a href=\"https:\/\/www.ssaver.gob.mx\/administraciondepersonal\/wp-content\/uploads\/sites\/15\/2024\/06\/ACTA-CONV-NUM-27_2024_SETSSV_2024.pdf\">Acta Convocatoria N\u00b0 27 \u2013 2024 &#8211; Hospital \u2013 SETSSV<\/a><\/li>\n\n\n\n<li class=\"has-text-color has-link-color wp-elements-d6e164f9c3eb64403c412e692a0bb8e6\" style=\"color:#7a1737\"><a href=\"https:\/\/www.ssaver.gob.mx\/administraciondepersonal\/wp-content\/uploads\/sites\/15\/2024\/07\/CONV-NUM-40_2024_SETSSV_12850_2024.pdf\">Convocatoria N\u00b0 40- 2024 Hospital &#8211; Ofic. SRH\/012850\/2024 \u2013 SETSSV<\/a><\/li>\n\n\n\n<li class=\"has-text-color has-link-color wp-elements-eb3f9adf070ee7f8dffdf5fb5064411e\" style=\"color:#7a1737\"><a href=\"https:\/\/www.ssaver.gob.mx\/administraciondepersonal\/wp-content\/uploads\/sites\/15\/2024\/12\/CONV-NUM-05_2024_LIBRES_14164_2024.pdf\">Convocatoria N\u00b0 05 &#8211; 2024 Hospital &#8211; Ofic. SRH\/14164\/2024 \u2013 LIBRES<\/a><\/li>\n\n\n\n<li class=\"has-text-color has-link-color wp-elements-a56d312eb7e4439478026f462e7bb6f5\" style=\"color:#7a1737\"><a href=\"https:\/\/www.ssaver.gob.mx\/administraciondepersonal\/wp-content\/uploads\/sites\/15\/2024\/12\/ACTA-CONV-NUM-05_2024_LIBRE_2024.pdf\">Acta Convocatoria N\u00b0 05 &#8211; 2024 Hospital \u2013 LIBRES<\/a><\/li>\n\n\n\n<li class=\"has-text-color has-link-color wp-elements-0ce2f67468ccc960d60186e1e3a14525\" style=\"color:#7a1737\"><a href=\"https:\/\/www.ssaver.gob.mx\/administraciondepersonal\/wp-content\/uploads\/sites\/15\/2024\/12\/ACTA-CONV-NUM-40_2024_SETSSV_2024.pdf\">Acta Convocatoria N\u00b0 40 &#8211; 2024 Hospital \u2013 SETSSV<\/a><\/li>\n\n\n\n<li class=\"has-text-color has-link-color wp-elements-236ba0b77f3fd4d10ad73d94aeecac8c\" style=\"color:#7a1737\"><a href=\"https:\/\/www.ssaver.gob.mx\/administraciondepersonal\/wp-content\/uploads\/sites\/15\/2024\/12\/ACTA-CONV-NUM-03_2024_SIEDIPEV_2024.pdf\">Acta Convocatoria N\u00b0 03 &#8211; 2024 Hospital \u2013 SIEDIPEV<\/a><\/li>\n\n\n\n<li class=\"has-text-color has-link-color wp-elements-3be4e7eb904082af616fd8f83a9a2ff7\" style=\"color:#7a1737\"><a href=\"https:\/\/www.ssaver.gob.mx\/administraciondepersonal\/wp-content\/uploads\/sites\/15\/2024\/12\/CONV-NUM-80_2024_SECCION-26-CENTRO_16479_2024.pdf\">Convocatoria N\u00b0 80 &#8211; 2024 Hospital Ofic. SRH\/16479 \/2024 \u2013 SNTSA Secci\u00f3n 26 \u2013 CENTRO<\/a><\/li>\n\n\n\n<li class=\"has-text-color has-link-color wp-elements-5af3d9639cf1fa0bb43878a2ef17d277\" style=\"color:#7a1737\"><a href=\"https:\/\/www.ssaver.gob.mx\/administraciondepersonal\/wp-content\/uploads\/sites\/15\/2024\/12\/ACTA_CONVOCATORIA_02_2024_SIEDIPEV_HERNANDEZ_TIMOTEO_ADELAIDA_0001.pdf\">Acta Convocatoria N\u00b0 02 &#8211; 2024 Hospital \u2013 SIEDIPEV<\/a><\/li>\n\n\n\n<li class=\"has-text-color has-link-color wp-elements-7174006221f312333a819782a66b131f\" style=\"color:#7a1737\"><a href=\"https:\/\/www.ssaver.gob.mx\/administraciondepersonal\/wp-content\/uploads\/sites\/15\/2024\/12\/CONV-NUM-26_2024_STSPEEV_16947_2024.pdf\">Convocatoria N\u00b0 26- 2024 Hospital &#8211; Ofic. SRH\/16947\/2024 \u2013 STSPEEV<\/a><\/li>\n\n\n\n<li class=\"has-text-color has-link-color wp-elements-08b009eba988c4e3f1363bfa66508c3e\" style=\"color:#7a1737\"><a href=\"https:\/\/www.ssaver.gob.mx\/administraciondepersonal\/wp-content\/uploads\/sites\/15\/2024\/12\/ACTA-CONV-NUM-03_2024_STSPEEV_2024.pdf\">Acta Convocatoria N\u00b0 03- 2024 Hospital \u2013 STSPEEV<\/a><\/li>\n\n\n\n<li class=\"has-text-color has-link-color wp-elements-11f39151696087863ce18361eeb3f60f\" style=\"color:#7a1737\"><a href=\"https:\/\/www.ssaver.gob.mx\/administraciondepersonal\/wp-content\/uploads\/sites\/15\/2024\/12\/CONV-NUM-47_2024_SECCION-26-CENTRO_12655_2024.pdf\">Convocatoria N\u00b0 47 &#8211; 2024 Hospital &#8211; Ofic. SRH\/12655\/2024 &#8211; SNTSA Secci\u00f3n 26 CENTRO<\/a><\/li>\n\n\n\n<li class=\"has-text-color has-link-color wp-elements-ce4818c0b270eff21768c1114d15d6df\" style=\"color:#7a1737\"><a href=\"https:\/\/www.ssaver.gob.mx\/administraciondepersonal\/wp-content\/uploads\/sites\/15\/2024\/12\/CONV-NUM-49_2024_SETSSV_16944_2024.pdf\">Convocatoria N\u00b0 49- 2024 Hospital &#8211; Ofic. SRH\/16944\/2024 \u2013 SETSSV<\/a><\/li>\n<\/ul>\n\n\n\n<p class=\"has-text-color has-link-color wp-elements-c985bb9eda9b584274691f7660b4efed\" style=\"color:#7a1737\">Centro de Alta Especialidad \u00abDr. Rafael Lucio\u00bb<\/p>\n\n\n\n<ul class=\"wp-block-list\">\n<li class=\"has-text-color has-link-color wp-elements-caf1caa6e95704546136652ea90ba977\" style=\"color:#7a1737\"><a href=\"https:\/\/www.ssaver.gob.mx\/administraciondepersonal\/wp-content\/uploads\/sites\/15\/2024\/02\/CONV-NUM-02_03_SETSSV_6569_2024-.pdf\" target=\"_blank\" rel=\"noreferrer noopener\">Convocatoria N\u00b0 02, 03 &#8211; 2024 Hospital &#8211; Ofic. SRH\/06569\/2023 \u2013 SETSSV<\/a><\/li>\n\n\n\n<li class=\"has-text-color has-link-color wp-elements-73ad9f7d0c9c8248c2af86a9dfe721b6\" style=\"color:#7a1737\"><a href=\"https:\/\/www.ssaver.gob.mx\/administraciondepersonal\/wp-content\/uploads\/sites\/15\/2024\/02\/CONV-NUM-01_2024_LIBRES_6764_2024.pdf\">Convocatoria N\u00b0 01 &#8211; 2024 Hospital Ofic. SRH\/6764\/2024 \u2013 LIBRE<\/a><\/li>\n\n\n\n<li class=\"has-text-color has-link-color wp-elements-24adf880361b87ac31bf5e85ef240d25\" style=\"color:#7a1737\"><a href=\"https:\/\/www.ssaver.gob.mx\/administraciondepersonal\/wp-content\/uploads\/sites\/15\/2024\/03\/CONV-NUM-06_07_12_13_SETSSV_7053_2024-.pdf\">Convocatoria N\u00b0 06, 07, 12, 13 &#8211; 2024 \u2013 Hospital &#8211; Ofic. SRH\/7592\/2024 \u2013 SETSSV<\/a><\/li>\n\n\n\n<li class=\"has-text-color has-link-color wp-elements-3cd07f1f04216e48ed1980dbd7fdadce\" style=\"color:#7a1737\"><a href=\"https:\/\/www.ssaver.gob.mx\/administraciondepersonal\/wp-content\/uploads\/sites\/15\/2024\/03\/CONV-NUM-02_03_2024_STOPDAEV_7936_2024-.pdf\">Convocatoria N\u00b0 02, 03 &#8211; 2024 \u2013 Hospital &#8211; Ofic. SRH\/7936\/2024 \u2013 STOPDAEV<\/a><\/li>\n\n\n\n<li class=\"has-text-color has-link-color wp-elements-6f80c05fa7de59e9f4bcd32c20c23751\" style=\"color:#7a1737\"><a href=\"https:\/\/www.ssaver.gob.mx\/administraciondepersonal\/wp-content\/uploads\/sites\/15\/2024\/03\/CONV-NUM-17_18_19_2024_SETSSV_7937_2024-.pdf\">Convocatoria N\u00b0 17, 18, 19 &#8211; 2024 \u2013 Hospital &#8211; Ofic. SRH\/7937\/2024 \u2013 SETSSV<\/a><\/li>\n\n\n\n<li class=\"has-text-color has-link-color wp-elements-9a64292a01d21fe642341e90550c8331\" style=\"color:#7a1737\"><a href=\"https:\/\/www.ssaver.gob.mx\/administraciondepersonal\/wp-content\/uploads\/sites\/15\/2024\/04\/CONV-NUM-20_2024_SETSSV_8471_2024-.pdf\">Convocatoria N\u00b0 20 &#8211; 2024 Hospital &#8211; Ofic. SRH\/08471\/2024 \u2013 SETSSV<\/a><\/li>\n\n\n\n<li class=\"has-text-color has-link-color wp-elements-e74d5ca30e73f0bcb5ea35bd9d0cc56a\" style=\"color:#7a1737\"><a href=\"https:\/\/www.ssaver.gob.mx\/administraciondepersonal\/wp-content\/uploads\/sites\/15\/2024\/12\/CONV-NUM-07_08_09_10_11_12_13_STSPEEV_10301_2024.pdf\">Convocatoria N\u00b0 07, 08, 09, 10, 11, 12, 13 &#8211; 2024 Hospital &#8211; Ofic. SRH\/10301\/2024 \u2013 STSPEEV<\/a><\/li>\n\n\n\n<li class=\"has-text-color has-link-color wp-elements-0b7d687905ad436a47e7283cee068222\" style=\"color:#7a1737\"><a href=\"https:\/\/www.ssaver.gob.mx\/administraciondepersonal\/wp-content\/uploads\/sites\/15\/2024\/05\/CONV-NUM-23_2024_SETSSV_9944_2024-.pdf\">Convocatoria N\u00b0 23 &#8211; 2024 Hospital &#8211; Ofic. SRH\/9944\/2024 \u2013 SETSSV<\/a><\/li>\n\n\n\n<li class=\"has-text-color has-link-color wp-elements-51d291a7df11a461f4731cda90a2d473\" style=\"color:#7a1737\"><a href=\"https:\/\/www.ssaver.gob.mx\/administraciondepersonal\/wp-content\/uploads\/sites\/15\/2024\/05\/CONV-NUM-26_20234_SETSSV_10336_2024-.pdf\">Convocatoria N\u00b0 26 &#8211; 2024 Hospital &#8211; Ofic. SRH\/10336\/2024 \u2013 SETSSV<\/a><\/li>\n\n\n\n<li class=\"has-text-color has-link-color wp-elements-992ba32965340b50c95da3e9533f66b6\" style=\"color:#7a1737\"><a href=\"https:\/\/www.ssaver.gob.mx\/administraciondepersonal\/wp-content\/uploads\/sites\/15\/2024\/05\/CONV-NUM-01_2024_STOPDAEV_10302_2024.pdf\">Convocatoria N\u00b0 01 &#8211; 2024 Hospital &#8211; Ofic. SRH\/10302\/2024 \u2013 STOPDAEV<\/a><\/li>\n\n\n\n<li class=\"has-text-color has-link-color wp-elements-d9fd6a81980130cb33c92baca53759e0\" style=\"color:#7a1737\"><a href=\"https:\/\/www.ssaver.gob.mx\/administraciondepersonal\/wp-content\/uploads\/sites\/15\/2024\/05\/CONV-NUM-21_2024_SETSSV_9660_2024-.pdf\">Convocatoria N\u00b0 21- 2024 Hospital &#8211; Ofic. SRH\/9660\/2024 \u2013 SETSSV<\/a><\/li>\n\n\n\n<li class=\"has-text-color has-link-color wp-elements-21c7144dc44aef292c0b01588a426d14\" style=\"color:#7a1737\"><a href=\"https:\/\/www.ssaver.gob.mx\/administraciondepersonal\/wp-content\/uploads\/sites\/15\/2024\/05\/ACTA-CONV-NUM-02_2024_SETSSV_2024.pdf\">Acta Convocatoria N\u00b0 02 &#8211; 2024 Hospital \u2013 SETSSV<\/a><\/li>\n\n\n\n<li class=\"has-text-color has-link-color wp-elements-1e928e9732c19cbfbb27b81715240b44\" style=\"color:#7a1737\"><a href=\"https:\/\/www.ssaver.gob.mx\/administraciondepersonal\/wp-content\/uploads\/sites\/15\/2024\/05\/ACTA-CONV-NUM-03_2024_SETSSV_2024.pdf\">Acta Convocatoria N\u00b0 03 &#8211; 2024 Hospital \u2013 SETSSV<\/a><\/li>\n\n\n\n<li class=\"has-text-color has-link-color wp-elements-cc10610c475f5c208c983cbc59cffd8f\" style=\"color:#7a1737\"><a href=\"https:\/\/www.ssaver.gob.mx\/administraciondepersonal\/wp-content\/uploads\/sites\/15\/2024\/05\/CONV-NUM-01_2024_SETUSSV_2024.pdf\">Convocatoria N\u00b0 01 &#8211; 2024 Hospital &#8211; Ofic. SRH\/8470\/2024 &#8211; SETUSSV<\/a><\/li>\n\n\n\n<li class=\"has-text-color has-link-color wp-elements-6501ee24d022b0222f990d946dcae113\" style=\"color:#7a1737\"><a href=\"https:\/\/www.ssaver.gob.mx\/administraciondepersonal\/wp-content\/uploads\/sites\/15\/2024\/05\/CONV-NUM-14_2024_STSPEEV_2024.pdf\">Convocatoria N\u00b0 14 &#8211; 2024 Hospital &#8211; Ofic. SRH\/11143\/2024 \u2013 STSPEEV<\/a><\/li>\n\n\n\n<li class=\"has-text-color has-link-color wp-elements-18b81322ca8c70f96aaf68784543e228\" style=\"color:#7a1737\"><a href=\"https:\/\/www.ssaver.gob.mx\/administraciondepersonal\/wp-content\/uploads\/sites\/15\/2024\/05\/ACTA-CONV-NUM-20_2024_SETSSV_2024.pdf\">Acta Convocatoria N\u00b0 20 &#8211; 2024 Hospital &#8211; SETSSV<\/a><\/li>\n\n\n\n<li class=\"has-text-color has-link-color wp-elements-138139ce8f3b7a25b4be6025f3941058\" style=\"color:#7a1737\"><a href=\"https:\/\/www.ssaver.gob.mx\/administraciondepersonal\/wp-content\/uploads\/sites\/15\/2024\/05\/ACTA-CONV-NUM-07_2024_SETSSV_2024.pdf\">Acta Convocatoria N\u00b0 07 &#8211; 2024 Hospital &#8211; SETSSV<\/a><\/li>\n\n\n\n<li class=\"has-text-color has-link-color wp-elements-f3e5a5c6860c6441c930ede323b3f2dc\" style=\"color:#7a1737\"><a href=\"https:\/\/www.ssaver.gob.mx\/administraciondepersonal\/wp-content\/uploads\/sites\/15\/2024\/05\/ACTA-CONV-NUM-19_2024_SETSSV_2024.pdf\">Acta Convocatoria N\u00b0 19 &#8211; 2024 Hospital &#8211; SETSSV<\/a><\/li>\n\n\n\n<li class=\"has-text-color has-link-color wp-elements-c6f69ec751dcba29b2980011dc1bb0b1\" style=\"color:#7a1737\"><a href=\"https:\/\/www.ssaver.gob.mx\/administraciondepersonal\/wp-content\/uploads\/sites\/15\/2024\/06\/ACTA-CONV-NUM-12_2024_SETSSV_2024.pdf\">Acta Convocatoria N\u00b0 12 \u2013 2024 &#8211; Hospital \u2013 SETSSV<\/a><\/li>\n\n\n\n<li class=\"has-text-color has-link-color wp-elements-d8a7f454a176e8b1f113c363b14453f2\" style=\"color:#7a1737\"><a href=\"https:\/\/www.ssaver.gob.mx\/administraciondepersonal\/wp-content\/uploads\/sites\/15\/2024\/06\/ACTA-CONV-NUM-01_2024-SETUSSV.pdf\">Acta Convocatoria N\u00b0 01 &nbsp;\u2013 2024 &#8211; Hospital \u2013 SETUSSV<\/a><\/li>\n\n\n\n<li class=\"has-text-color has-link-color wp-elements-2ac9c09cafb4c6c9ac4552af0ae20e17\" style=\"color:#7a1737\"><a href=\"https:\/\/www.ssaver.gob.mx\/administraciondepersonal\/wp-content\/uploads\/sites\/15\/2024\/06\/CONV-NUM-18_2024_STSPEEV_11941_2024.pdf\">Convocatoria N\u00b0 18 &#8211; 2024 Hospital &#8211; Ofic. SRH\/11941\/2024 \u2013 STSPEEV<\/a><\/li>\n\n\n\n<li class=\"has-text-color has-link-color wp-elements-da3113a8f1bb0d47c02daf4630ad5d5e\" style=\"color:#7a1737\"><a href=\"https:\/\/www.ssaver.gob.mx\/administraciondepersonal\/wp-content\/uploads\/sites\/15\/2024\/06\/CONV-NUM-02_2024_SETUSSV_12085_2024.pdf\">Convocatoria N\u00b0 02 &#8211; 2024 Hospital &#8211; Ofic. SRH\/12085\/2024 \u2013 SETUSSV<\/a><\/li>\n\n\n\n<li class=\"has-text-color has-link-color wp-elements-ccd64177c90bc3870425e66bc902ddf6\" style=\"color:#7a1737\"><a href=\"https:\/\/www.ssaver.gob.mx\/administraciondepersonal\/wp-content\/uploads\/sites\/15\/2024\/06\/ACTA-CONV-NUM-26_2024_SETSSV_2024.pdf\">Acta Convocatoria N\u00b0 26 \u2013 2024 &#8211; Hospital \u2013 SETSSV<\/a><\/li>\n\n\n\n<li class=\"has-text-color has-link-color wp-elements-53e9071110b2262bf420825240bec309\" style=\"color:#7a1737\"><a href=\"https:\/\/www.ssaver.gob.mx\/administraciondepersonal\/wp-content\/uploads\/sites\/15\/2024\/06\/ACTA-CONV-NUM-06_2024_SETSSV_2024.pdf\">Acta Convocatoria N\u00b0 06 \u2013 2024 &#8211; Hospital \u2013 SETSSV<\/a><\/li>\n\n\n\n<li class=\"has-text-color has-link-color wp-elements-b00d3294d3c9aa1b175098641ff244fa\" style=\"color:#7a1737\"><a href=\"https:\/\/www.ssaver.gob.mx\/administraciondepersonal\/wp-content\/uploads\/sites\/15\/2024\/06\/ACTA-CONV-NUM-13_2024_SETSSV_2024.pdf\">Acta Convocatoria N\u00b0 13 \u2013 2024 &#8211; Hospital \u2013 SETSSV<\/a><\/li>\n\n\n\n<li class=\"has-text-color has-link-color wp-elements-72cf7ea63957a66d5e29364a16661df4\" style=\"color:#7a1737\"><a href=\"https:\/\/www.ssaver.gob.mx\/administraciondepersonal\/wp-content\/uploads\/sites\/15\/2024\/06\/ACTA-CONV-NUM-17_2024_SETSSV_2024.pdf\">Acta Convocatoria N\u00b0 17 \u2013 2024 &#8211; Hospital \u2013 SETSSV<\/a><\/li>\n\n\n\n<li class=\"has-text-color has-link-color wp-elements-36d81db9f209944e4ad9aabaa73b85d4\" style=\"color:#7a1737\"><a href=\"https:\/\/www.ssaver.gob.mx\/administraciondepersonal\/wp-content\/uploads\/sites\/15\/2024\/06\/ACTA-CONV-NUM-18_2024_SETSSV_2024.pdf\">Acta Convocatoria N\u00b0 18 \u2013 2024 &#8211; Hospital \u2013 SETSSV<\/a><\/li>\n\n\n\n<li class=\"has-text-color has-link-color wp-elements-167ff93abee39b64101187784d1a6c46\" style=\"color:#7a1737\"><a href=\"https:\/\/www.ssaver.gob.mx\/administraciondepersonal\/wp-content\/uploads\/sites\/15\/2024\/06\/ACTA-CONV-NUM-23_2024_SETSSV_2024.pdf\">Acta Convocatoria N\u00b0 23 \u2013 2024 &#8211; Hospital \u2013 SETSSV<\/a><\/li>\n\n\n\n<li class=\"has-text-color has-link-color wp-elements-d432322d1c577fa07e31b06c75d2e2ab\" style=\"color:#7a1737\"><a href=\"https:\/\/www.ssaver.gob.mx\/administraciondepersonal\/wp-content\/uploads\/sites\/15\/2024\/07\/ACTA-CONV-NUM-01_2024_STOPDAEV_2024.pdf\">Acta Convocatoria N\u00b0 01 \u2013 2024 &#8211; Hospital \u2013 STOPDAEV<\/a><\/li>\n\n\n\n<li class=\"has-text-color has-link-color wp-elements-ff1b59bfddb6c036c892866af1dd5640\" style=\"color:#7a1737\"><a href=\"https:\/\/www.ssaver.gob.mx\/administraciondepersonal\/wp-content\/uploads\/sites\/15\/2024\/06\/ACTA-CONV-NUM-02_2024_STOPDAEV_2024.pdf\">Acta Convocatoria N\u00b0 02 \u2013 2024 &#8211; Hospital \u2013 STOPDAEV<\/a><\/li>\n\n\n\n<li class=\"has-text-color has-link-color wp-elements-0ed2f08ea0a74b94c44f868a758b2d23\" style=\"color:#7a1737\"><a href=\"https:\/\/www.ssaver.gob.mx\/administraciondepersonal\/wp-content\/uploads\/sites\/15\/2024\/06\/ACTA-CONV-NUM-21_204_SETSSV_2024.pdf\">Acta Convocatoria N\u00b0 21 &#8211; 2024 Hospital\u2013 SETSSV<\/a><\/li>\n\n\n\n<li class=\"has-text-color has-link-color wp-elements-19e1dc8d84fe0afe5652b95d15b57ce2\" style=\"color:#7a1737\"><a href=\"https:\/\/www.ssaver.gob.mx\/administraciondepersonal\/wp-content\/uploads\/sites\/15\/2024\/07\/CONV-NUM-02_2024_LIBRES_12662_2024.pdf\">Convocatoria N\u00b0 02 &#8211; 2024 Hospital &#8211; Ofic. SRH\/ 12662\/2024 \u2013 LIBRE CAE<\/a><\/li>\n\n\n\n<li class=\"has-text-color has-link-color wp-elements-4724e91f9929428f6696b9269dbbf4ba\" style=\"color:#7a1737\"><a href=\"https:\/\/www.ssaver.gob.mx\/administraciondepersonal\/wp-content\/uploads\/sites\/15\/2024\/07\/CONV-NUM-06_2024_STSPEEV_12844_2024.pdf\">Convocatoria N\u00b0 06- 2024 Hospital &#8211; Ofic. SRH\/12844\/2024 \u2013 STSPEEV<\/a><\/li>\n\n\n\n<li class=\"has-text-color has-link-color wp-elements-972977ec20c24d324fea12bb88e34e4e\" style=\"color:#7a1737\"><a href=\"https:\/\/www.ssaver.gob.mx\/administraciondepersonal\/wp-content\/uploads\/sites\/15\/2024\/08\/CONV-NUM-33_34_2024_SETSSV_12851_2024.pdf\">Convocatoria N\u00b0 33, 34 &#8211; 2024 Hospital Ofic. SRH\/12851\/2024 \u2013 SETSSV<\/a><\/li>\n\n\n\n<li class=\"has-text-color has-link-color wp-elements-1abe587068f4ba864adb5ada9d4c3367\" style=\"color:#7a1737\"><a href=\"https:\/\/www.ssaver.gob.mx\/administraciondepersonal\/wp-content\/uploads\/sites\/15\/2024\/08\/ALCANCE-CONV-NUM-34_2024_SETSSV_13331_2024.pdf\">Convocatoria N\u00b0 34 &#8211; 2024 Hospital Ofic. SRH\/13331\/2024 \u2013 SETSSV &#8211; ALCANCE<\/a><\/li>\n\n\n\n<li class=\"has-text-color has-link-color wp-elements-ea92564beba7a2ee67df7eb5a26a5612\" style=\"color:#7a1737\"><a href=\"https:\/\/www.ssaver.gob.mx\/administraciondepersonal\/wp-content\/uploads\/sites\/15\/2024\/08\/CONV-NUM-36_38_39_SETSSV_12847_2024.pdf\">Convocatoria N\u00b0 36, 38, 39 &#8211; 2024 Hospital Ofic. SRH\/12847\/2024 &#8211; SETSSV<\/a><\/li>\n\n\n\n<li class=\"has-text-color has-link-color wp-elements-27d5291203348100a77f9e819d073972\" style=\"color:#7a1737\"><a href=\"https:\/\/www.ssaver.gob.mx\/administraciondepersonal\/wp-content\/uploads\/sites\/15\/2024\/08\/CONV-NUM-01_2024_SETSSEV_12854_2024.pdf\">Convocatoria N\u00b0 01- 2024 Hospital Ofic. SRH\/12854\/2024 \u2013 SETSSEV<\/a><\/li>\n\n\n\n<li class=\"has-text-color has-link-color wp-elements-36009b02dd3c17b7c00c82fb39b5fc88\" style=\"color:#7a1737\"><a href=\"https:\/\/www.ssaver.gob.mx\/administraciondepersonal\/wp-content\/uploads\/sites\/15\/2024\/12\/ACTA-CONV-NUM-07_2024_STSPEEV_2024.pdf\">Acta-Convocatoria N\u00b0 07 &#8211; 2024 Hospital \u2013 STSPEEV<\/a><\/li>\n\n\n\n<li class=\"has-text-color has-link-color wp-elements-bd208be7fc58416bb2f9d10e4f222eb7\" style=\"color:#7a1737\"><a href=\"https:\/\/www.ssaver.gob.mx\/administraciondepersonal\/wp-content\/uploads\/sites\/15\/2024\/12\/ACTA-CONV-NUM-08_2024_STSPEEV_2024.pdf\">Acta-Convocatoria N\u00b0 08 &#8211; 2024 Hospital \u2013 STSPEEV<\/a><\/li>\n\n\n\n<li class=\"has-text-color has-link-color wp-elements-a03e30effd5337ef6e99b3f70b981cdb\" style=\"color:#7a1737\"><a href=\"https:\/\/www.ssaver.gob.mx\/administraciondepersonal\/wp-content\/uploads\/sites\/15\/2024\/12\/ACTA_CONVOCATORIA_09_2024_STSPEEV_TEJEDA_BARREDA_GRACIELA_0001.pdf\">Acta-Convocatoria N\u00b0 09 &#8211; 2024 Hospital \u2013 STSPEEV<\/a><\/li>\n\n\n\n<li class=\"has-text-color has-link-color wp-elements-f4fc929a581c3f3d14349c107bf58067\" style=\"color:#7a1737\"><a href=\"https:\/\/www.ssaver.gob.mx\/administraciondepersonal\/wp-content\/uploads\/sites\/15\/2024\/12\/ACTA-CONV-NUM-10_2024_STSPEEV_2024.pdf\">Acta-Convocatoria N\u00b0 10 &#8211; 2024 Hospital \u2013 STSPEEV<\/a><\/li>\n\n\n\n<li class=\"has-text-color has-link-color wp-elements-5d9123ba0c5e7d2f4ca204996eef0987\" style=\"color:#7a1737\"><a href=\"https:\/\/www.ssaver.gob.mx\/administraciondepersonal\/wp-content\/uploads\/sites\/15\/2024\/12\/ACTA-CONV-NUM-11_2024_STSPEEV_2024.pdf\">Acta-Convocatoria N\u00b0 11 &#8211; 2024 Hospital \u2013 STSPEEV<\/a><\/li>\n\n\n\n<li class=\"has-text-color has-link-color wp-elements-b3f547bde783a7a2510681e2c76ddc60\" style=\"color:#7a1737\"><a href=\"https:\/\/www.ssaver.gob.mx\/administraciondepersonal\/wp-content\/uploads\/sites\/15\/2024\/12\/ACTA-CONV-NUM-14_2024_STSPEEV_2024.pdf\">Acta-Convocatoria N\u00b0 14 &#8211; 2024 Hospital \u2013 STSPEEV<\/a><\/li>\n\n\n\n<li class=\"has-text-color has-link-color wp-elements-87cb6ee78cb9708571cb75f5d8b702fd\" style=\"color:#7a1737\"><a href=\"https:\/\/www.ssaver.gob.mx\/administraciondepersonal\/wp-content\/uploads\/sites\/15\/2024\/12\/ACTA-CONV-NUM-33_2024_SETSSV_2024.pdf\">Acta-Convocatoria N\u00b0 33 &#8211; 2024 Hospital \u2013 SETSSV<\/a><\/li>\n\n\n\n<li class=\"has-text-color has-link-color wp-elements-8c65a25358eddb37d4b36124497b0f4a\" style=\"color:#7a1737\"><a href=\"https:\/\/www.ssaver.gob.mx\/administraciondepersonal\/wp-content\/uploads\/sites\/15\/2024\/12\/ACTA-CONV-NUM-34_2024_SESSTV_2024.pdf\">Acta-Convocatoria N\u00b0 34 &#8211; 2024 Hospital \u2013 SETSSV<\/a><\/li>\n\n\n\n<li class=\"has-text-color has-link-color wp-elements-38a2d627acf6bfbc09868900d9b1b872\" style=\"color:#7a1737\"><a href=\"https:\/\/www.ssaver.gob.mx\/administraciondepersonal\/wp-content\/uploads\/sites\/15\/2024\/12\/ACTA-CONV-NUM-38_2024_SETSSV_2024.pdf\">Acta-Convocatoria N\u00b0 38 &#8211; 2024 Hospital \u2013 SETSSV<\/a><\/li>\n\n\n\n<li class=\"has-text-color has-link-color wp-elements-e9da83cbc969bb532a8078af2f6a295e\" style=\"color:#7a1737\"><a href=\"https:\/\/www.ssaver.gob.mx\/administraciondepersonal\/wp-content\/uploads\/sites\/15\/2024\/12\/ACTA-CONV-NUM-39_2024_SETSSV_2024.pdf\">Acta Convocatoria N\u00b0 39 &#8211; 2024 Hospital \u2013 SETSSV<\/a><\/li>\n\n\n\n<li class=\"has-text-color has-link-color wp-elements-a0a57695b0c3172eadbc18267b555c4d\" style=\"color:#7a1737\"><a href=\"https:\/\/www.ssaver.gob.mx\/administraciondepersonal\/wp-content\/uploads\/sites\/15\/2024\/12\/ACTA-CONV-NUM-18_2024_STSPEEV_2024.pdf\">Acta Convocatoria N\u00b0 18 &#8211; 2024 Hospital \u2013 STSPEEV<\/a><\/li>\n\n\n\n<li class=\"has-text-color has-link-color wp-elements-a78cef998db1477ae50aec1729e234fa\" style=\"color:#7a1737\"><a href=\"https:\/\/www.ssaver.gob.mx\/administraciondepersonal\/wp-content\/uploads\/sites\/15\/2024\/12\/ACTA-CONV-NUM-01_2024_LIBRE_2024.pdf\">Acta Convocatoria N\u00b0 01 &#8211; 2024 Hospital \u2013 LIBRE<\/a><\/li>\n\n\n\n<li class=\"has-text-color has-link-color wp-elements-96d952770b6b42e97211b231561cc701\" style=\"color:#7a1737\"><a href=\"https:\/\/www.ssaver.gob.mx\/administraciondepersonal\/wp-content\/uploads\/sites\/15\/2024\/12\/ACTA-CONV-NUM-02_2024_SETUSSV_2024.pdf\">Acta Convocatoria N\u00b0 02 &#8211; 2024 Hospital \u2013 SETUSSV<\/a><\/li>\n\n\n\n<li class=\"has-text-color has-link-color wp-elements-f73d44f5b53d6cdaee3f79755e7abc1e\" style=\"color:#7a1737\"><a href=\"https:\/\/www.ssaver.gob.mx\/administraciondepersonal\/wp-content\/uploads\/sites\/15\/2024\/12\/CONV-NUM-78_2024_SECCION-26-CENTRO_16398_2024.pdf\">Convocatoria N\u00b0 78, &#8211; 2024 Hospital Ofic. SRH\/16398 \/2024 \u2013 SNTSA Secci\u00f3n 26 \u2013 CENTRO<\/a><\/li>\n\n\n\n<li class=\"has-text-color has-link-color wp-elements-97782862857be9acb24ccf8461df7ac4\" style=\"color:#7a1737\"><a href=\"https:\/\/www.ssaver.gob.mx\/administraciondepersonal\/wp-content\/uploads\/sites\/15\/2024\/12\/CONV-NUM-02_2024_LIBRES_12662_2024.pdf\">Convocatoria N\u00b0 02 &#8211; 2024 Hospital &#8211; Ofic. SRH\/12662\/2024 \u2013 LIBRE<\/a><\/li>\n\n\n\n<li class=\"has-text-color has-link-color wp-elements-a82abb92074930c1b0a9676d074af4da\" style=\"color:#7a1737\"><a href=\"https:\/\/www.ssaver.gob.mx\/administraciondepersonal\/wp-content\/uploads\/sites\/15\/2024\/12\/CONV-NUM-02_2024_LIBRES_12662_2024.pdf\">Acta Convocatoria N\u00b0 02 &#8211; 2024 Hospital \u2013 LIBRE<\/a><\/li>\n\n\n\n<li class=\"has-text-color has-link-color wp-elements-e16b42fddde83aaa28cd4656e9b59727\" style=\"color:#7a1737\"><a href=\"https:\/\/www.ssaver.gob.mx\/administraciondepersonal\/wp-content\/uploads\/sites\/15\/2024\/12\/CONV-NUM-10_11_2024_STOPDAEV_18453_2024.pdf\">Convocatoria N\u00b0 10, 11 &#8211; 2024 Hospital \u2013 Ofic. SRH\/18453\/2024 &#8211; STOPDAEV<\/a><\/li>\n\n\n\n<li class=\"has-text-color has-link-color wp-elements-1652461e8b8620075bd2642b4ffb5b40\" style=\"color:#7a1737\"><a href=\"https:\/\/www.ssaver.gob.mx\/administraciondepersonal\/wp-content\/uploads\/sites\/15\/2024\/12\/CONV-NUM-110_111_117_2024_SECCION-26-CENTRO_18201_2024.pdf\">Convocatoria N\u00b0 110, 111, 117 &#8211; 2024 Hospital &#8211; Ofic. SRH\/18201\/2024 &#8211; SNTSA Secci\u00f3n 26 CENTRO<\/a><\/li>\n\n\n\n<li class=\"has-text-color has-link-color wp-elements-1a4004d8478d7af8daf528bfd52c3edc\" style=\"color:#7a1737\"><a href=\"https:\/\/www.ssaver.gob.mx\/administraciondepersonal\/wp-content\/uploads\/sites\/15\/2024\/12\/CONV-NUM-48_49_51_53_56_57_58_59_2024_SECCION-26-CENTRO_12659_2024.pdf\">Convocatoria N\u00b0 48, 49, 51, 53, 56, 57, 58, 59 &#8211; 2024 Hospital &#8211; Ofic. SRH\/12659\/2024 &#8211; SNTSA Secci\u00f3n 26 CENTRO<\/a><\/li>\n\n\n\n<li class=\"has-text-color has-link-color wp-elements-95c681fa7862e182f3e8aa8f812645d8\" style=\"color:#7a1737\"><a href=\"https:\/\/www.ssaver.gob.mx\/administraciondepersonal\/wp-content\/uploads\/sites\/15\/2024\/12\/CONV-NUM-03_2024_SETUSSV_15305_2024.pdf\">Convocatoria N\u00b0 03- 2024 Hospital &#8211; Ofic. SRH\/15305\/2024 \u2013 SETUSSV<\/a><\/li>\n\n\n\n<li class=\"has-text-color has-link-color wp-elements-f3bef6105f540c9314bd3c26d6b6e39b\" style=\"color:#7a1737\"><a href=\"https:\/\/www.ssaver.gob.mx\/administraciondepersonal\/wp-content\/uploads\/sites\/15\/2024\/12\/CONV-NUM-05_2024_SSETUSSV_18502_2024.pdf\">Convocatoria N\u00b0 05- 2024 Hospital &#8211; Ofic. SRH\/18502\/2024 \u2013 SETUSSV<\/a><\/li>\n<\/ul>\n\n\n\n<p class=\"has-text-color has-link-color wp-elements-1cfe91df792659e5a19d986b5825da8b\" style=\"color:#7a1737\">Centro Estatal de Cancerolog\u00eda \u00abDr. Miguel Dorantes Mesa\u00bb<\/p>\n\n\n\n<ul class=\"wp-block-list\">\n<li class=\"has-text-color has-link-color wp-elements-a09a83740174d5113010472cfba483e7\" style=\"color:#7a1737\"><a href=\"https:\/\/www.ssaver.gob.mx\/administraciondepersonal\/wp-content\/uploads\/sites\/15\/2024\/04\/CONV-NUM-03_2024_SECCION-70_8303_2024.pdf\">Convocatoria N\u00b0 03\u2013 2024 \u2013 Hospital &#8211; Ofic. SRH\/8303\/2024- SNTSA Secci\u00f3n 70<\/a><\/li>\n\n\n\n<li class=\"has-text-color has-link-color wp-elements-abcdee4f33c718647ac857456e29dfb6\" style=\"color:#7a1737\"><a href=\"https:\/\/www.ssaver.gob.mx\/administraciondepersonal\/wp-content\/uploads\/sites\/15\/2024\/05\/CONV-NUM-29_2024_SETSSV_2024_11141_2024.pdf\">Convocatoria N\u00b029, &#8211; 2024 Hospital &#8211; Ofic. SRH\/11141\/2024 &#8211; SETSSV<\/a><\/li>\n\n\n\n<li class=\"has-text-color has-link-color wp-elements-75b7147d09bb99ef88632b8a1b64953e\" style=\"color:#7a1737\"><a href=\"https:\/\/www.ssaver.gob.mx\/administraciondepersonal\/wp-content\/uploads\/sites\/15\/2024\/06\/ACTA-CONV-NUM-03_2024_SECCION-70_2024.pdf\">Acta Convocatoria N\u00b0 03 \u2013 2024 &#8211; Hospital \u2013 SNTSA Secci\u00f3n 70<\/a><\/li>\n\n\n\n<li class=\"has-text-color has-link-color wp-elements-5503662caf60074d388f9fef2ab59b7f\" style=\"color:#7a1737\"><a href=\"https:\/\/www.ssaver.gob.mx\/administraciondepersonal\/wp-content\/uploads\/sites\/15\/2024\/07\/ACTA-CONV-NUM-29_2024_SETSSV_2024.pdf\">Acta Convocatoria N\u00b0 29 &#8211; 2024 Hospital \u2013 SETSSV<\/a><\/li>\n\n\n\n<li class=\"has-text-color has-link-color wp-elements-f4f23392966f12015b66270ecce1a7b1\" style=\"color:#7a1737\"><a href=\"https:\/\/www.ssaver.gob.mx\/administraciondepersonal\/wp-content\/uploads\/sites\/15\/2024\/12\/CONV-NUM-25_2024_STSPEEV_16946_2024.pdf\">Convocatoria N\u00b0 25- 2024 Hospital &#8211; Ofic. SRH\/16946\/2024 \u2013 STSPEEV<\/a><\/li>\n\n\n\n<li class=\"has-text-color has-link-color wp-elements-eb95c6b69673e4173a1ac8a9ca313931\" style=\"color:#7a1737\"><a href=\"https:\/\/www.ssaver.gob.mx\/administraciondepersonal\/wp-content\/uploads\/sites\/15\/2024\/12\/CONV-NUM-83_84_2024_SECCION-26-CENTRO_18203_2024.pdf\">Convocatoria N\u00b0 83, 84 &#8211; 2024 Hospital &#8211; Ofic. SRH\/18203\/2024 &#8211; SNTSA Secci\u00f3n 26 CENTRO<\/a><\/li>\n\n\n\n<li class=\"has-text-color has-link-color wp-elements-494097a7991fb2bd9d75fad825141dc1\" style=\"color:#7a1737\"><a href=\"https:\/\/www.ssaver.gob.mx\/administraciondepersonal\/wp-content\/uploads\/sites\/15\/2024\/12\/CONV-NUM-61_2024_SECCION-26-CENTRO_12654_2024.pdf\">Convocatoria N\u00b0 61 &#8211; 2024 Hospital &#8211; Ofic. SRH\/12654\/2024 &#8211; SNTSA Secci\u00f3n 26 CENTRO<\/a><\/li>\n<\/ul>\n\n\n\n<p class=\"has-text-color has-link-color wp-elements-c1a6e47bc9d66297873346e0856b652e\" style=\"color:#7a1737\">Instituto Veracruzano de Salud Mental \u00abDr. Rafael Velasco Fern\u00e1ndez\u00bb<\/p>\n\n\n\n<ul class=\"wp-block-list\">\n<li class=\"has-text-color has-link-color wp-elements-b7eec784bf2af1bdce492ccdfa8defac\" style=\"color:#7a1737\"><a href=\"https:\/\/www.ssaver.gob.mx\/administraciondepersonal\/wp-content\/uploads\/sites\/15\/2024\/03\/CONV-NUM-03_2024_SECCION-26-CENTRO_2024-.pdf\" target=\"_blank\" rel=\"noreferrer noopener\">Convocatoria N\u00b0 03 &#8211; 2024 \u2013 Hospital &#8211; Ofic. SRH\/7893\/2024 \u2013 SNTSA Secci\u00f3n 26 &#8211; CENTRO<\/a><\/li>\n\n\n\n<li class=\"has-text-color has-link-color wp-elements-309aff1e6f8608ecab52b565590f37c0\" style=\"color:#7a1737\"><a href=\"https:\/\/www.ssaver.gob.mx\/administraciondepersonal\/wp-content\/uploads\/sites\/15\/2024\/12\/CONV-NUM-74_2024_SECCION-26-CENTRO_18697_2024.pdf\">Convocatoria N\u00b0 74 &#8211; 2024 Hospital &#8211; Ofic. SRH\/18697\/2024 &#8211; SNTSA Secci\u00f3n 26 CENTRO<\/a><\/li>\n<\/ul>\n\n\n\n<p class=\"has-text-color has-link-color wp-elements-2fb64363c083b5f8988bca9e0a9f2496\" style=\"color:#7a1737\">Hospital General de Altotonga \u00abEufrosina Camacho\u00bb<\/p>\n\n\n\n<ul class=\"wp-block-list\">\n<li class=\"has-text-color has-link-color wp-elements-24815e263eede5675853d98a613bb17d\" style=\"color:#7a1737\"><a href=\"https:\/\/www.ssaver.gob.mx\/administraciondepersonal\/wp-content\/uploads\/sites\/15\/2024\/06\/CONV-NUM-44_2024_SECCION-26-CENTRO_12225_2024.pdf\">Convocatoria N\u00b0 44 &#8211; 2024 Hospital Ofic. SRH\/12225\/2024 &#8211; SNTSA Secci\u00f3n 26 \u2013 CENTRO<\/a><\/li>\n<\/ul>\n\n\n\n<p class=\"has-text-color has-link-color wp-elements-7a398d54ea6d4adccbb2ae410fa4d3a9\" style=\"color:#7a1737\">Hospital General de Perote<\/p>\n\n\n\n<p class=\"has-text-color has-link-color wp-elements-04ecc7d08940bfcdd6452a145bb449f8\" style=\"color:#7a1737\">Hospital de la Comunidad de Naolinco<\/p>\n\n\n\n<ul class=\"wp-block-list\">\n<li class=\"has-text-color has-link-color wp-elements-a3ba97de49749b5b203d6e5a00f1d538\" style=\"color:#7a1737\"><a href=\"https:\/\/www.ssaver.gob.mx\/administraciondepersonal\/wp-content\/uploads\/sites\/15\/2024\/05\/CONV-NUM-28_2024_SETSSV_10338_2024-.pdf\">Convocatoria N\u00b0 28 &#8211; 2024 Hospital &#8211; Ofic. SRH\/10338\/2024 \u2013 SETSSV<\/a><\/li>\n\n\n\n<li class=\"has-text-color has-link-color wp-elements-cc2d30c8fde5f6db5a6fedea49b20437\" style=\"color:#7a1737\"><a href=\"https:\/\/www.ssaver.gob.mx\/administraciondepersonal\/wp-content\/uploads\/sites\/15\/2024\/06\/ACTA-CONV-NUM-28_2024_SETSSV_2024.pdf\">Acta Convocatoria N\u00b0 28 \u2013 2024 &#8211; Hospital \u2013 SETSSV<\/a><\/li>\n\n\n\n<li class=\"has-text-color has-link-color wp-elements-2690d8976f6bd528e8dd2cdcfdc3eaf4\" style=\"color:#7a1737\"><a href=\"https:\/\/www.ssaver.gob.mx\/administraciondepersonal\/wp-content\/uploads\/sites\/15\/2024\/08\/CONV-NUM-41_43_2024_SESTSSV_12849_2024.pdf\">Convocatoria N\u00b0 41, 43- 2024 Hospital Ofic. SRH\/12849\/2024 \u2013 SETSSV<\/a><\/li>\n\n\n\n<li class=\"has-text-color has-link-color wp-elements-b9368b02310a00fa53f5fab25a1fe919\" style=\"color:#7a1737\"><a href=\"https:\/\/www.ssaver.gob.mx\/administraciondepersonal\/wp-content\/uploads\/sites\/15\/2024\/12\/ACTA_CONVOCATORIA_43_2024_SETSSV_RIVERA_LOPEZ_JUDITH_MONSERRAT_PALACIOS_PEREZ_MARIA_GUADALUPE_0001.pdf\">Acta Convocatoria N\u00b0 43 &#8211; 2024 Hospital \u2013 SETSSV<\/a><\/li>\n\n\n\n<li class=\"has-text-color has-link-color wp-elements-0805a8c3e8dcf4465a732e9ef1d1720d\" style=\"color:#7a1737\"><a href=\"https:\/\/www.ssaver.gob.mx\/administraciondepersonal\/wp-content\/uploads\/sites\/15\/2024\/12\/ACTA-CONV-NUM-41_2024_SETSSV__2024_0001.pdf\">Acta Convocatoria N\u00b0 41 &#8211; 2024 Hospital \u2013 SETSSV&nbsp;<\/a><\/li>\n<\/ul>\n\n\n\n<p class=\"has-text-color has-link-color wp-elements-a4dd7720ff70869661abd2cabec1d817\" style=\"color:#7a1737\">Hospital de la Comunidad de Coatepec<\/p>\n\n\n\n<ul class=\"wp-block-list\">\n<li><\/li>\n<\/ul>\n\n\n\n<p class=\"has-text-color has-link-color wp-elements-8329e3015a5f3af22b61d2aa0a741f52\" style=\"color:#7a1737\">Casa Hogar del Adulto Mayor \u00abMariana Sayago\u00bb<\/p>\n\n\n\n<ul class=\"wp-block-list\">\n<li><\/li>\n<\/ul>\n\n\n\n<p class=\"has-text-color has-link-color wp-elements-d059dd6b3fb676e10b11df92d52de9c6\" style=\"color:#7a1737\">Hospital de la Comunidad de Teocelo<\/p>\n\n\n\n<ul class=\"wp-block-list\">\n<li><\/li>\n<\/ul>\n\n\n\n<p class=\"has-text-color has-link-color wp-elements-db01d8b1ae5a6fd7cb258886d2ba459b\" style=\"color:#7a1737\">Centro de Salud con Hospitalizaci\u00f3n de Alto Lucero de Guti\u00e9rrez Barrios, Ver.<\/p>\n\n\n\n<p class=\"has-text-color has-link-color wp-elements-02cff2bcf3a40e97692a0f26643ee1ec\" style=\"color:#7a1737\"><strong>Jurisdicci\u00f3n Sanitaria No. VI &#8211; C\u00f3rdoba<\/strong><\/p>\n\n\n\n<ul class=\"wp-block-list\">\n<li class=\"has-text-color has-link-color wp-elements-5804a7507c5b02de3c0f1de5f861e3a1\" style=\"color:#7a1737\"><a href=\"https:\/\/www.ssaver.gob.mx\/administraciondepersonal\/wp-content\/uploads\/sites\/15\/2024\/12\/CONV-NUM-04_07_08_15_17_20_25_26_35_38_39_2024_SECCION-26-CENTRO_6907_2024-1-1.pdf\">Convocatoria N\u00b0 04, 07, 08, 15, 17, 20, 25, 26, 35, 38, 39 &#8211; 2024 \u2013 Jurisdicci\u00f3n Sanitaria &#8211; Ofic. SRH\/6907\/2024 &#8211; SNTSA Secci\u00f3n 26 CENTRO<\/a><\/li>\n<\/ul>\n\n\n\n<p>Hospital General de Huatusco \u201cDr. Dar\u00edo M\u00e9ndez Lima\u201d<\/p>\n\n\n\n<p>Hospital General de C\u00f3rdoba \u00abYanga\u00bb<\/p>\n\n\n\n<ul class=\"wp-block-list\">\n<li class=\"has-text-color has-link-color wp-elements-78605b08c9414db9f0ef2fac97c5d4b6\" style=\"color:#7a1737\"><a href=\"https:\/\/www.ssaver.gob.mx\/administraciondepersonal\/wp-content\/uploads\/sites\/15\/2024\/02\/CONV-NUM-14_2024_SETSSV_7054_2024.pdf\">Convocatoria N\u00b0 14 &#8211; 2024 Hospital Ofic. SRH\/7054\/2024 \u2013 SETSSV<\/a><\/li>\n\n\n\n<li class=\"has-text-color has-link-color wp-elements-edcd2f5b29b883ba0670af506236c296\" style=\"color:#7a1737\"><a href=\"https:\/\/www.ssaver.gob.mx\/administraciondepersonal\/wp-content\/uploads\/sites\/15\/2024\/05\/CONV-NUM-24_2024_SETSSV_10010_2024-.pdf\">Convocatoria N\u00b0 24 &#8211; 2024 Hospital &#8211; Ofic. SRH\/10010\/2024 \u2013 SETSSV<\/a><\/li>\n\n\n\n<li class=\"has-text-color has-link-color wp-elements-62bed4550a642b85d2e54cc67d686c3d\" style=\"color:#7a1737\"><a href=\"https:\/\/www.ssaver.gob.mx\/administraciondepersonal\/wp-content\/uploads\/sites\/15\/2024\/06\/ACTA-CONV-NUM-24_2024_SETSSV_2024.pdf\">Acta Convocatoria N\u00b0 24 \u2013 2024 &#8211; Hospital \u2013 SETSSV<\/a><\/li>\n\n\n\n<li class=\"has-text-color has-link-color wp-elements-f67d21a8763356c813eaa2b08867eba9\" style=\"color:#7a1737\"><a href=\"https:\/\/www.ssaver.gob.mx\/administraciondepersonal\/wp-content\/uploads\/sites\/15\/2024\/06\/ACTA-CONV-NUMM-14_2024_SETSSV_2024.pdf\">Acta Convocatoria N\u00b0 14 &#8211; 2024 Hospital\u2013 SETSSV<\/a><\/li>\n\n\n\n<li class=\"has-text-color has-link-color wp-elements-96cc79194f7ae5605a688b392caab363\" style=\"color:#7a1737\"><a href=\"https:\/\/www.ssaver.gob.mx\/administraciondepersonal\/wp-content\/uploads\/sites\/15\/2024\/08\/CONV-NUM-46_55_2024_SECCION-26-CENTRO_12656_2024.pdf\">Convocatoria N\u00b0 45, 55 &#8211; 2024 Hospital Ofic. SRH\/12656\/2024 &#8211; SNTSA Secci\u00f3n 26 \u2013 CENTRO<\/a><\/li>\n\n\n\n<li class=\"has-text-color has-link-color wp-elements-c7fc8e46eeb0e3f4bbb8474425cb8f30\" style=\"color:#7a1737\"><a href=\"https:\/\/www.ssaver.gob.mx\/administraciondepersonal\/wp-content\/uploads\/sites\/15\/2024\/12\/CONV-NUM-82_2024_SECCION-26-CENTRO_18206_2024.pdf\">Convocatoria N\u00b0 82 &#8211; 2024 Hospital &#8211; Ofic. SRH\/18206\/2024 &#8211; SNTSA Secci\u00f3n 26 CENTRO<\/a><\/li>\n\n\n\n<li class=\"has-text-color has-link-color wp-elements-e08f249f89e9afbef4fd5dabdf2e4843\" style=\"color:#7a1737\"><a href=\"https:\/\/www.ssaver.gob.mx\/administraciondepersonal\/wp-content\/uploads\/sites\/15\/2024\/12\/CONV-NUM-70_2024_SECCION-26-CENTRO_13542_2024.pdf\">Convocatoria N\u00b0 70 &#8211; 2024 Hospital &#8211; Ofic. SRH\/13542\/2024 &#8211; SNTSA Secci\u00f3n 26 CENTRO<\/a><\/li>\n<\/ul>\n\n\n\n<p>Hospital de la Comunidad de Tezonapa<\/p>\n\n\n\n<p class=\"has-text-color has-link-color wp-elements-5f881111d77bd15e0c953105e67506ee\" style=\"color:#7a1737\"><a href=\"https:\/\/www.ssaver.gob.mx\/administraciondepersonal\/wp-content\/uploads\/sites\/15\/2024\/12\/CONV-NUM-19_2024_SECCION-26-CENTRO_6912_2024-1.pdf\">Convocatoria N\u00b0 19 &#8211; 2024 Hospital &#8211; Ofic. SRH\/6912\/2024 &#8211; SNTSA Secci\u00f3n 26 CENTRO<\/a><\/p>\n\n\n\n<p class=\"has-text-color has-link-color wp-elements-0390f96f764d2dd04ee9a11eebcfb908\" style=\"color:#7a1737\"><strong>Jurisdicci\u00f3n Sanitaria No. VII &#8211; Orizaba<\/strong><\/p>\n\n\n\n<ul class=\"wp-block-list\">\n<li class=\"has-text-color has-link-color wp-elements-55ad22be5bf034d450c4bcc30d636fa9\" style=\"color:#7a1737\"><a href=\"https:\/\/www.ssaver.gob.mx\/administraciondepersonal\/wp-content\/uploads\/sites\/15\/2024\/12\/CONV-NUM-97_98_2024_SECCION-26-CENTRO_2024.pdf\">Convocatoria N\u00b0 97, 98 &#8211; 2024 Jurisdicci\u00f3n Sanitaria Ofic. SRH\/05783\/2024 \u2013 SNTSA Secci\u00f3n 26 \u2013 CENTRO<\/a><\/li>\n\n\n\n<li class=\"has-text-color has-link-color wp-elements-b99f18f6e2a56752de6408d87e768ac3\" style=\"color:#7a1737\"><a href=\"https:\/\/www.ssaver.gob.mx\/administraciondepersonal\/wp-content\/uploads\/sites\/15\/2024\/12\/CONV-NUM-12-13-37-41-_2024_SECCION-26-CENTRO_2024.pdf\">Convocatoria N\u00b0 12, 13, 37, 41- 2024 Jurisdicci\u00f3n Sanitaria &#8211; Ofic. SRH\/6909\/2024 &#8211; SNTSA Secci\u00f3n 26 CENTRO<\/a><\/li>\n<\/ul>\n\n\n\n<p class=\"has-text-color has-link-color wp-elements-e5d1707158e0cad7cb903a5e64f005da\" style=\"color:#7a1737\">Hospital de la Comunidad de Tlaquilpa<\/p>\n\n\n\n<ul class=\"wp-block-list\">\n<li class=\"has-text-color has-link-color wp-elements-8acd1a5ea50c700c9de8c38694a9e5bb\" style=\"color:#7a1737\"><a href=\"https:\/\/www.ssaver.gob.mx\/administraciondepersonal\/wp-content\/uploads\/sites\/15\/2024\/01\/CONV-NUM-01_2024_SECCION-26-CENTRO_6200_2024-.pdf\">Convocatoria N\u00b0 01- 2024 Hospital &#8211; Ofic. SRH\/06200\/2024 &#8211; SNTSA Secci\u00f3n 26 CENTRO<\/a><\/li>\n\n\n\n<li class=\"has-text-color has-link-color wp-elements-7258f85a1d5f1e5a23d3017879c934ee\" style=\"color:#7a1737\"><a href=\"https:\/\/www.ssaver.gob.mx\/administraciondepersonal\/wp-content\/uploads\/sites\/15\/2024\/06\/ACTA-CONV-NUM-01_2024_SECCION-26-CENTRO_2024.pdf\">Acta Convocatoria N\u00b0 01 \u2013 2024 &#8211; Hospital \u2013 SNTSA Secci\u00f3n 26 CENTRO<\/a><\/li>\n\n\n\n<li class=\"has-text-color has-link-color wp-elements-4ed366b4d629293339eb836a57805d75\" style=\"color:#7a1737\"><a href=\"https:\/\/www.ssaver.gob.mx\/administraciondepersonal\/wp-content\/uploads\/sites\/15\/2024\/12\/CONV-NUM-85_2024_SECCION-26-CENTRO_2024.pdf\">Convocatoria N\u00b0 85, &#8211; 2024 Hospital Ofic. SRH\/16386\/2024 \u2013 SNTSA Secci\u00f3n 26 \u2013 CENTRO<\/a><\/li>\n\n\n\n<li class=\"has-text-color has-link-color wp-elements-8beae0ee1aa7d9ca19131a42b442e8f2\" style=\"color:#7a1737\"><a href=\"https:\/\/www.ssaver.gob.mx\/administraciondepersonal\/wp-content\/uploads\/sites\/15\/2024\/12\/CONV-NUM-114_2024_SECCION-26-CENTRO_18204_2024.pdf\">Convocatoria N\u00b0114 &#8211; 2024 Hospital &#8211; Ofic. SRH\/18204\/2024 &#8211; SNTSA Secci\u00f3n 26 CENTRO<\/a><\/li>\n\n\n\n<li class=\"has-text-color has-link-color wp-elements-d4dd93c0302cdfcf7cb8abae3fef6a1c\" style=\"color:#7a1737\"><a href=\"https:\/\/www.ssaver.gob.mx\/administraciondepersonal\/wp-content\/uploads\/sites\/15\/2024\/12\/CONV-NUM-69_2024_SECCION-26-CENTRO_15162_2024.pdf\">Convocatoria N\u00b0 69 &#8211; 2024 Hospital &#8211; Ofic. SRH\/15162\/2024 &#8211; SNTSA Secci\u00f3n 26 CENTRO<\/a><\/li>\n<\/ul>\n\n\n\n<p class=\"has-text-color has-link-color wp-elements-e39b568802fa83d3a7ac4f9d7a4a614d\" style=\"color:#7a1737\">Hospital de Salud Mental de Orizaba \u00abDr. V\u00edctor M. Concha V\u00e1squez\u00bb<\/p>\n\n\n\n<ul class=\"wp-block-list\">\n<li class=\"has-text-color has-link-color wp-elements-bfbfb728c0314771eb977b52c8722916\" style=\"color:#7a1737\"><a href=\"https:\/\/www.ssaver.gob.mx\/administraciondepersonal\/wp-content\/uploads\/sites\/15\/2024\/03\/CONV-NUM-05_08_09_10_11_2024_SETSSV_7052_2024-.pdf\">Convocatoria N\u00b0 05, 08, 09, 10, 11 &#8211; 2024 Hospital Ofic. SRH\/7252\/2024  \u2013 SETSSV<\/a><\/li>\n\n\n\n<li class=\"has-text-color has-link-color wp-elements-f33edf60dfd3a1b3e58d54bc4667df04\" style=\"color:#7a1737\"><a href=\"https:\/\/www.ssaver.gob.mx\/administraciondepersonal\/wp-content\/uploads\/sites\/15\/2024\/05\/ACTA-CONV-NUM-09_2024_SETSSV_2024.pdf\">Acta Convocatoria N\u00b0 09 &#8211; 2024 Hospital \u2013 SETSSV<\/a><\/li>\n\n\n\n<li class=\"has-text-color has-link-color wp-elements-c9e83b244da7281d71bfef255a83b6ab\" style=\"color:#7a1737\"><a href=\"https:\/\/www.ssaver.gob.mx\/administraciondepersonal\/wp-content\/uploads\/sites\/15\/2024\/05\/ACTA-CONV-NUM-11_2024_SETSSV_2024.pdf\">Acta Convocatoria N\u00b0 11 &#8211; 2024 Hospital \u2013 SETSSV<\/a><\/li>\n\n\n\n<li class=\"has-text-color has-link-color wp-elements-39e23e707b9e0905718597ab335eef9e\" style=\"color:#7a1737\"><a href=\"https:\/\/www.ssaver.gob.mx\/administraciondepersonal\/wp-content\/uploads\/sites\/15\/2024\/06\/ACTA-CONV-NUM-08_2024_SETSSV_2024.pdf\">Acta Convocatoria N\u00b0 08 \u2013 2024 &#8211; Hospital \u2013 SETSSV<\/a><\/li>\n\n\n\n<li class=\"has-text-color has-link-color wp-elements-01128bc6d67362aeb8e30ee9732da7ed\" style=\"color:#7a1737\"><a href=\"https:\/\/www.ssaver.gob.mx\/administraciondepersonal\/wp-content\/uploads\/sites\/15\/2024\/07\/CONV-NUM-35_37_2024_SETSSV_12846_2024.pdf\">Convocatoria N\u00b0 35, 37 &#8211; 2024 Hospital &#8211; Ofic. SRH\/012846\/2024 \u2013 SETSSV<\/a><\/li>\n\n\n\n<li class=\"has-text-color has-link-color wp-elements-63e2910124c808ea47e1f08674f48626\" style=\"color:#7a1737\"><a href=\"https:\/\/www.ssaver.gob.mx\/administraciondepersonal\/wp-content\/uploads\/sites\/15\/2024\/12\/ACTA-CONV-NUM-35_2024_SETSSV_2024.pdf\">Acta Convocatoria N\u00b0 35&nbsp; &#8211; 2024 Hospital \u2013 SETSSV<\/a><\/li>\n\n\n\n<li class=\"has-text-color has-link-color wp-elements-f0103b9e127c5ad1a271f08a01878715\" style=\"color:#7a1737\"><a href=\"https:\/\/www.ssaver.gob.mx\/administraciondepersonal\/wp-content\/uploads\/sites\/15\/2024\/12\/ACTA-CONV-NUM-37_2024_SETSSV_2024.pdf\">Acta Convocatoria N\u00b0 37 &#8211; 2024 Hospital \u2013 SETSSV<\/a><\/li>\n\n\n\n<li class=\"has-text-color has-link-color wp-elements-375e5346fd8dd1f98cde2d4140a9594c\" style=\"color:#7a1737\"><a href=\"https:\/\/www.ssaver.gob.mx\/administraciondepersonal\/wp-content\/uploads\/sites\/15\/2024\/12\/CONV-NUM-27_2024_SECCION-26-CENTRO_6908_2024-1-1.pdf\">Convocatoria N\u00b0 27 &#8211; 2024 Hospital &#8211; Ofic. SRH\/ 6908\/2024 &#8211; SNTSA Secci\u00f3n 26 CENTRO<\/a><\/li>\n<\/ul>\n\n\n\n<p class=\"has-text-color has-link-color wp-elements-1575bc81d4d3775e0cadaec8e29fea27\" style=\"color:#7a1737\">Hospital Regional de R\u00edo Blanco<\/p>\n\n\n\n<ul class=\"wp-block-list\">\n<li class=\"has-text-color has-link-color wp-elements-b2edb85a3f55b91306785a765341e878\" style=\"color:#7a1737\"><a href=\"https:\/\/www.ssaver.gob.mx\/administraciondepersonal\/wp-content\/uploads\/sites\/15\/2024\/12\/ACTA-CONV-NUM-18_2024_SECCION-26-CENTRO_2024.pdf\">Acta Convocatoria N\u00b0 18 &#8211; 2024 Hospital \u2013 SNTSA Secci\u00f3n 26 &#8211; CENTRO<\/a><\/li>\n\n\n\n<li class=\"has-text-color has-link-color wp-elements-8c56bbfa577c37e922d0b6f7fd25d75c\" style=\"color:#7a1737\"><a href=\"https:\/\/www.ssaver.gob.mx\/administraciondepersonal\/wp-content\/uploads\/sites\/15\/2024\/12\/CONV-NUM-81_86_2024_SECCION-26-CENTRO_2024.pdf\">Convocatoria N\u00b0 81, 86 &#8211; 2024 Hospital Ofic. SRH\/16388\/2024 \u2013 SNTSA Secci\u00f3n 26 \u2013 CENTRO<\/a><\/li>\n\n\n\n<li class=\"has-text-color has-link-color wp-elements-51d013a69587fb8c724422d164832796\" style=\"color:#7a1737\"><a href=\"https:\/\/www.ssaver.gob.mx\/administraciondepersonal\/wp-content\/uploads\/sites\/15\/2024\/12\/CONV-NUM-112_1113_1114_1115_1116_2024_SECCION-26-CENTRO_18202_2024.pdf\">Convocatoria N\u00b0 112, 1113, 1114, 1115, 1116 &#8211; 2024 Hospital &#8211; Ofic. SRH\/18202\/2024 &#8211; SNTSA Secci\u00f3n 26 CENTRO<\/a><\/li>\n\n\n\n<li class=\"has-text-color has-link-color wp-elements-1ab24fe2170e8c9f4dd0538bb8a7579f\" style=\"color:#7a1737\"><a href=\"https:\/\/www.ssaver.gob.mx\/administraciondepersonal\/wp-content\/uploads\/sites\/15\/2024\/12\/CONV-NUM-50_54_2024_SECCION-26-CENTRO_12657_2024.pdf\">Convocatoria N\u00b0 50, 54 &#8211; 2024 Hospital &#8211; Ofic. SRH\/12657\/2024 &#8211; SNTSA Secci\u00f3n 26 CENTRO<\/a><\/li>\n<\/ul>\n\n\n\n<p class=\"has-text-color has-link-color wp-elements-d3f20d078da88cc393d15b50bc2a26fa\" style=\"color:#7a1737\"><strong>Jefe de la Jurisdicci\u00f3n Sanitaria No. VIII &#8211; Veracruz<\/strong><\/p>\n\n\n\n<ul class=\"wp-block-list\">\n<li class=\"has-text-color has-link-color wp-elements-cb14fd6e34ef19a1967588cecf191be3\" style=\"color:#7a1737\"><a href=\"https:\/\/www.ssaver.gob.mx\/administraciondepersonal\/wp-content\/uploads\/sites\/15\/2024\/02\/CONV-NUM-10_2024_SECCION-26-SUR_6937_2023.pdf\">Convocatoria N\u00b0 10 &#8211; 2024 Jurisdicci\u00f3n Sanitaria Ofic. SRH\/6937\/2024 &#8211; SNTSA Secci\u00f3n 26 SUR<\/a><\/li>\n\n\n\n<li class=\"has-text-color has-link-color wp-elements-d3dbb4fa4eade5cd07440b7a2ba4ecde\" style=\"color:#7a1737\"><a href=\"https:\/\/www.ssaver.gob.mx\/administraciondepersonal\/wp-content\/uploads\/sites\/15\/2024\/12\/CONV-NUM-66_2024_SECCION-26-SUR_18486_2024.pdf\">Convocatoria N\u00b0 66 &#8211; 2024 Jurisdicci\u00f3n Sanitaria &#8211; Ofic. SRH\/18486\/2024 &#8211; SNTSA Secci\u00f3n 26 \u2013 SUR<\/a><\/li>\n<\/ul>\n\n\n\n<p class=\"has-text-color has-link-color wp-elements-b6ae7212d63397240b0094eec5915b68\" style=\"color:#7a1737\">Hospital de la Comunidad de Alvarado<\/p>\n\n\n\n<ul class=\"wp-block-list\">\n<li class=\"has-text-color has-link-color wp-elements-d985677ef190c185c5ecb636fee8fa3c\" style=\"color:#7a1737\"><a href=\"https:\/\/www.ssaver.gob.mx\/administraciondepersonal\/wp-content\/uploads\/sites\/15\/2024\/02\/CONV-NUM-04_2024_SECCION-26-SUR_6921_2024.pdf\">Convocatoria N\u00b0 04 &#8211; 2024 Hospital Ofic. SRH\/6921\/2024 &#8211; SNTSA Secci\u00f3n 26 SUR<\/a><\/li>\n<\/ul>\n\n\n\n<p class=\"has-text-color has-link-color wp-elements-d7653105738dda1b1135ec130b7ae7f0\" style=\"color:#7a1737\">Hospital de Alta Especialidad de Veracruz<\/p>\n\n\n\n<ul class=\"wp-block-list\">\n<li class=\"has-text-color has-link-color wp-elements-ba63e94516490c5617b701744bafab46\" style=\"color:#7a1737\"><a href=\"https:\/\/www.ssaver.gob.mx\/administraciondepersonal\/wp-content\/uploads\/sites\/15\/2024\/02\/ACTA-CONV-NUM-01_02_03_04_05_06_07_08_09_11_12_13_14_15_16_17_18_19_20_21_22_23_24_25_26_27_28_29_30_31_OF-6985_SECCION-40.pdf\">Convocatoria N\u00b0 01, 02, 03, 04, 05, 06, 07, 08, 09, 11, 12, 13, 14, 15, 16, 17, 18, 19, 20, 21, 22, 23, 24, 25, 26, 27, 28, 29, 30, 31 &#8211; 2024 Hospital Ofic. SRH\/6985\/2024 &#8211; SNTSA Secci\u00f3n 40<\/a><\/li>\n\n\n\n<li class=\"has-text-color has-link-color wp-elements-b0857f12244d449c3d7b4ea012fdaa77\" style=\"color:#7a1737\"><a href=\"https:\/\/www.ssaver.gob.mx\/administraciondepersonal\/wp-content\/uploads\/sites\/15\/2024\/02\/CONV-NUM-02_2024_-_6920_2024.pdf\">Convocatoria N\u00b0 02 &#8211; 2024 Hospital Ofic. SRH\/6920\/2024 &#8211; SUETYPS<\/a><\/li>\n\n\n\n<li class=\"has-text-color has-link-color wp-elements-d1b70b69c742fec56e70f91540b53215\" style=\"color:#7a1737\"><a href=\"https:\/\/www.ssaver.gob.mx\/administraciondepersonal\/wp-content\/uploads\/sites\/15\/2024\/04\/ACTA-CONV-NUM-02_2024_SUETYPS_2024-.pdf\">Acta Convocatoria N\u00b0 02 &#8211; 2024 Hospital \u2013 SUETYPS<\/a><\/li>\n\n\n\n<li class=\"has-text-color has-link-color wp-elements-832abb8a3acfd28e2560b420bfc26462\" style=\"color:#7a1737\"><a href=\"https:\/\/www.ssaver.gob.mx\/administraciondepersonal\/wp-content\/uploads\/sites\/15\/2024\/05\/ACTA-CONV-NUM-10_2024_SECCION-40_2024.pdf\">Acta Convocatoria N\u00b0 10 &#8211; 2024 Hospital \u2013 SNTSA Secci\u00f3n 40<\/a><\/li>\n\n\n\n<li class=\"has-text-color has-link-color wp-elements-712b17a9bc2948016b4a1fcfe724ee74\" style=\"color:#7a1737\"><a href=\"https:\/\/www.ssaver.gob.mx\/administraciondepersonal\/wp-content\/uploads\/sites\/15\/2024\/06\/CONV-NUM-32_33_2024_SECCION-40_11909_2024.pdf\">Convocatoria N\u00b0 32, 33 &#8211; 2024 Hospital &#8211; Ofic. SRH\/11909\/2024 \u2013 SNTSA Secci\u00f3n 40<\/a><\/li>\n\n\n\n<li class=\"has-text-color has-link-color wp-elements-95a5c7341a20397e4fffb75a387c8922\" style=\"color:#7a1737\"><a href=\"https:\/\/www.ssaver.gob.mx\/administraciondepersonal\/wp-content\/uploads\/sites\/15\/2024\/06\/ACTA-CONV-NUM-01_2024_SECCION-40_2024.pdf\">Acta Convocatoria N\u00b0 01 \u2013 2024 &#8211; Hospital \u2013 SNTSA Secci\u00f3n 40<\/a><\/li>\n\n\n\n<li class=\"has-text-color has-link-color wp-elements-00b1912f7e8115577b8bd53eb19c547b\" style=\"color:#7a1737\"><a href=\"https:\/\/www.ssaver.gob.mx\/administraciondepersonal\/wp-content\/uploads\/sites\/15\/2024\/06\/ACTA-CONV-NUM-02_2024_SECCION-40_2024.pdf\">Acta Convocatoria N\u00b0 02 \u2013 2024 &#8211; Hospital \u2013 SNTSA Secci\u00f3n 40<\/a><\/li>\n\n\n\n<li class=\"has-text-color has-link-color wp-elements-c921d8e345c9dd29f36567513d0f9f43\" style=\"color:#7a1737\"><a href=\"https:\/\/www.ssaver.gob.mx\/administraciondepersonal\/wp-content\/uploads\/sites\/15\/2024\/06\/ACTA-CONV-NUM-03_2024_SECCION-40_2024.pdf\">Acta Convocatoria N\u00b0 03 \u2013 2024 &#8211; Hospital \u2013 SNTSA Secci\u00f3n 40<\/a><\/li>\n\n\n\n<li class=\"has-text-color has-link-color wp-elements-664718203e2fd470d39255d605157cf8\" style=\"color:#7a1737\"><a href=\"https:\/\/www.ssaver.gob.mx\/administraciondepersonal\/wp-content\/uploads\/sites\/15\/2024\/06\/ACTA-CONV-NUM-04_2024_SECCION-40_2024.pdf\">Acta Convocatoria N\u00b0 04 \u2013 2024 &#8211; Hospital \u2013 SNTSA Secci\u00f3n 40<\/a><\/li>\n\n\n\n<li class=\"has-text-color has-link-color wp-elements-ff3773086b313eabd9b99449bddbedb4\" style=\"color:#7a1737\"><a href=\"https:\/\/www.ssaver.gob.mx\/administraciondepersonal\/wp-content\/uploads\/sites\/15\/2024\/06\/ACTA-CONV-NUM-06_2024_SECCION-40_2024.pdf\">Acta Convocatoria N\u00b0 06 \u2013 2024 &#8211; Hospital \u2013 SNTSA Secci\u00f3n 40<\/a><\/li>\n\n\n\n<li class=\"has-text-color has-link-color wp-elements-cdfcda491d4287f7d8179523d78f231d\" style=\"color:#7a1737\"><a href=\"https:\/\/www.ssaver.gob.mx\/administraciondepersonal\/wp-content\/uploads\/sites\/15\/2024\/06\/ACTA-CONV-NUM-11_2024_SECCION-40_2024.pdf\">Acta Convocatoria N\u00b0 11 \u2013 2024 &#8211; Hospital \u2013 SNTSA Secci\u00f3n 40<\/a><\/li>\n\n\n\n<li class=\"has-text-color has-link-color wp-elements-5ce5248e9e989573daa97461f47d72b1\" style=\"color:#7a1737\"><a href=\"https:\/\/www.ssaver.gob.mx\/administraciondepersonal\/wp-content\/uploads\/sites\/15\/2024\/06\/ACTA-CONV-NUM-12_2024_SECCION-40_2024.pdf\">Acta Convocatoria N\u00b0 12 \u2013 2024 &#8211; Hospital \u2013 SNTSA Secci\u00f3n 40<\/a><\/li>\n\n\n\n<li class=\"has-text-color has-link-color wp-elements-8ffdbc0d00d83abf28f7f9a8a06a6b03\" style=\"color:#7a1737\"><a href=\"https:\/\/www.ssaver.gob.mx\/administraciondepersonal\/wp-content\/uploads\/sites\/15\/2024\/06\/ACTA-CONV-NUM-14-2024_SECCION-40_2024.pdf\">Acta Convocatoria N\u00b0 14 \u2013 2024 &#8211; Hospital \u2013 SNTSA Secci\u00f3n 40<\/a><\/li>\n\n\n\n<li class=\"has-text-color has-link-color wp-elements-4f4693681ca02d375dffb7a39be363da\" style=\"color:#7a1737\"><a href=\"https:\/\/www.ssaver.gob.mx\/administraciondepersonal\/wp-content\/uploads\/sites\/15\/2024\/06\/ACTA-CONV-NUM-15_2024_SECCION-40_2024.pdf\">Acta Convocatoria N\u00b0 15 \u2013 2024 &#8211; Hospital \u2013 SNTSA Secci\u00f3n 40<\/a><\/li>\n\n\n\n<li class=\"has-text-color has-link-color wp-elements-272d72723bcb6637c28eb7ce88262571\" style=\"color:#7a1737\"><a href=\"https:\/\/www.ssaver.gob.mx\/administraciondepersonal\/wp-content\/uploads\/sites\/15\/2024\/06\/ACTA-CONV-NUM-16_2024_SECCION-40_2024.pdf\">Acta Convocatoria N\u00b0 16 \u2013 2024 &#8211; Hospital \u2013 SNTSA Secci\u00f3n 40<\/a><\/li>\n\n\n\n<li class=\"has-text-color has-link-color wp-elements-d3e92a71e1a290400b79cef4f07d4c11\" style=\"color:#7a1737\"><a href=\"https:\/\/www.ssaver.gob.mx\/administraciondepersonal\/wp-content\/uploads\/sites\/15\/2024\/06\/ACTA-CONV-NUM-18_2024_SECCION-40_2024.pdf\">Acta Convocatoria N\u00b0 18 \u2013 2024 &#8211; Hospital \u2013 SNTSA Secci\u00f3n 40<\/a><\/li>\n\n\n\n<li class=\"has-text-color has-link-color wp-elements-74c46f8c31ef7efabf0025e94daaac88\" style=\"color:#7a1737\"><a href=\"https:\/\/www.ssaver.gob.mx\/administraciondepersonal\/wp-content\/uploads\/sites\/15\/2024\/06\/ACTA-CONV-NUM-19_2024_SECCION-40_2024.pdf\">Acta Convocatoria N\u00b0 19 \u2013 2024 &#8211; Hospital \u2013 SNTSA Secci\u00f3n 40<\/a><\/li>\n\n\n\n<li class=\"has-text-color has-link-color wp-elements-b87925cd34ee1a5052aeeb1da39c0f44\" style=\"color:#7a1737\"><a href=\"https:\/\/www.ssaver.gob.mx\/administraciondepersonal\/wp-content\/uploads\/sites\/15\/2024\/06\/ACTA-CONV-NUM-30_2024_SECCION-40_2024.pdf\">Acta Convocatoria N\u00b0 30 \u2013 2024 &#8211; Hospital \u2013 SNTSA Secci\u00f3n 40<\/a><\/li>\n\n\n\n<li class=\"has-text-color has-link-color wp-elements-99e07821b3f94f1654f4bbbc017ca90f\" style=\"color:#7a1737\"><a href=\"https:\/\/www.ssaver.gob.mx\/administraciondepersonal\/wp-content\/uploads\/sites\/15\/2024\/12\/ACTA-CONV-NUM-32_2024_SECCION-40_2024.pdf\">Acta Convocatoria N\u00b0 32 &#8211; 2024 Hospital \u2013 SNTSA Secci\u00f3n 40<\/a><\/li>\n\n\n\n<li class=\"has-text-color has-link-color wp-elements-c84e5bd5f474f3e812c50e9e3bf9e08a\" style=\"color:#7a1737\"><a href=\"https:\/\/www.ssaver.gob.mx\/administraciondepersonal\/wp-content\/uploads\/sites\/15\/2024\/12\/ACTA-CONV-NUM-33_2024_SECCION-40_2024.pdf\">Acta Convocatoria N\u00b0 33 &#8211; 2024 Hospital \u2013 SNTSA Secci\u00f3n 40<\/a><\/li>\n\n\n\n<li class=\"has-text-color has-link-color wp-elements-57f4cfa5a4c1c71031a0cab992e57b60\" style=\"color:#7a1737\"><a href=\"https:\/\/www.ssaver.gob.mx\/administraciondepersonal\/wp-content\/uploads\/sites\/15\/2024\/12\/CONV-NUM-30_2024_SECCION-26-SUR_15983_2024.pdf\">Convocatoria N\u00b0 30 &#8211; 2024 Hospital &#8211; Ofic. SRH\/15983\/2024 &#8211; SNTSA Secci\u00f3n 26 \u2013 SUR<\/a><\/li>\n<\/ul>\n\n\n\n<p class=\"has-text-color has-link-color wp-elements-469479668ff40e35ed482dfe84d8939f\" style=\"color:#7a1737\">Centro Estatal de la Transfusi\u00f3n Sangu\u00ednea<\/p>\n\n\n\n<ul class=\"wp-block-list\">\n<li class=\"has-text-color has-link-color wp-elements-a679cfa391495151f8d835ee36f6c85b\" style=\"color:#7a1737\"><a href=\"https:\/\/www.ssaver.gob.mx\/administraciondepersonal\/wp-content\/uploads\/sites\/15\/2024\/02\/CONV-NUM-10_2024_SECCION-40_6986_2024.pdf\">Convocatoria N\u00b0 10 &#8211; 2024 Hospital Ofic. SRH\/6986\/2024 &#8211; SNTSA Secci\u00f3n 40<\/a><\/li>\n<\/ul>\n\n\n\n<p class=\"has-text-color has-link-color wp-elements-0dc515c5d26d880ceb40b1d5b37d86d3\" style=\"color:#7a1737\">Centro Estatal Contra las Adicciones\u201d<\/p>\n\n\n\n<p class=\"has-text-color has-link-color wp-elements-00c5ae9a7b568877f80d5381fd8f6168\" style=\"color:#7a1737\">Laboratorio Estatal de Salud P\u00fablica<\/p>\n\n\n\n<ul class=\"wp-block-list\">\n<li class=\"has-text-color has-link-color wp-elements-8a5cebb307e347e451eb6e5e4b551bcc\" style=\"color:#7a1737\"><a href=\"https:\/\/www.ssaver.gob.mx\/administraciondepersonal\/wp-content\/uploads\/sites\/15\/2024\/04\/CONV-NUM-14_2024_SECCION-26-SUR_8787_2024.pdf\">Convocatoria N\u00b0 14\u2013 2024 \u2013 Hospital &#8211; Ofic. SRH\/8787\/2024- SNTSA Secci\u00f3n 26 \u2013 SUR<\/a><\/li>\n\n\n\n<li class=\"has-text-color has-link-color wp-elements-934a53d5e998b739a7540b5fde195ea8\" style=\"color:#7a1737\"><a href=\"https:\/\/www.ssaver.gob.mx\/administraciondepersonal\/wp-content\/uploads\/sites\/15\/2024\/08\/CONV-NUM-09_2024_SECCION-70_13969_2024.pdf\">Acta-Convocatoria N\u00b0 09 &#8211; 2024 Hospital &#8211; Ofic. SRH\/13969\/2024 \u2013 SNTSA Secci\u00f3n 70<\/a><\/li>\n\n\n\n<li class=\"has-text-color has-link-color wp-elements-7c6a86bb378265f21143fdaf3c212102\" style=\"color:#7a1737\"><a href=\"https:\/\/www.ssaver.gob.mx\/administraciondepersonal\/wp-content\/uploads\/sites\/15\/2024\/12\/CONV-NUM-34_2024_SECCION-40_17982_2024.pdf\">Convocatoria N\u00b0 34- 2024 Hospital &#8211; Ofic. SRH\/17982\/2024 &#8211; SNTSA Secci\u00f3n 40<\/a><\/li>\n<\/ul>\n\n\n\n<p class=\"has-text-color has-link-color wp-elements-a5fbcc9a146fb6139d03571fcafb822a\" style=\"color:#7a1737\">Hospital General de Cardel<\/p>\n\n\n\n<ul class=\"wp-block-list\">\n<li class=\"has-text-color has-link-color wp-elements-3e7cab2b9d4658839c7527c04c83396c\" style=\"color:#7a1737\"><a href=\"https:\/\/www.ssaver.gob.mx\/administraciondepersonal\/wp-content\/uploads\/sites\/15\/2024\/12\/CONV-NUM-32_33_2024_SECCION-26-SUR_15985_2024.pdf\">Convocatoria N\u00b0 32, 33 &#8211; 2024 Hospital &#8211; Ofic. SRH\/15985\/2024 &#8211; SNTSA Secci\u00f3n 26 \u2013 SUR<\/a><\/li>\n<\/ul>\n\n\n\n<p class=\"has-text-color has-link-color wp-elements-a0448889966f8a4d20478b076f8bdc7d\" style=\"color:#7a1737\">Hospital General de Tarimoya<\/p>\n\n\n\n<ul class=\"wp-block-list\">\n<li class=\"has-text-color has-link-color wp-elements-1aed64e21591a5201ce954f45736885d\" style=\"color:#7a1737\"><a href=\"https:\/\/www.ssaver.gob.mx\/administraciondepersonal\/wp-content\/uploads\/sites\/15\/2024\/06\/CONV-NUM-01_2024-SINAITSA_11910_2024.pdf\">Convocatoria N\u00b0 01- 2024 Hospital &#8211; Ofic. SRH\/11910\/2024 \u2013 SINAITSA<\/a><\/li>\n\n\n\n<li class=\"has-text-color has-link-color wp-elements-0b27ecf639004edd349623226974ce5d\" style=\"color:#7a1737\"><a href=\"https:\/\/www.ssaver.gob.mx\/administraciondepersonal\/wp-content\/uploads\/sites\/15\/2024\/06\/CONV-NUM-11_2024_SECCION-26-SUR_AVALOS-FERREYRA-JOSE-FERNANDO-ANGEL_2024.pdf\">Convocatoria N\u00b0 11 &#8211; 2024 Hospital &#8211; SNTSA Secci\u00f3n 26 SUR<\/a><\/li>\n\n\n\n<li class=\"has-text-color has-link-color wp-elements-089cc530a17a7c01c67900f725dcd2b9\" style=\"color:#7a1737\"><a href=\"https:\/\/www.ssaver.gob.mx\/administraciondepersonal\/wp-content\/uploads\/sites\/15\/2024\/06\/ACTA-CONV-NUM-11_2024_SECCION-26-SUR_2024.pdf\">Acta Convocatoria N\u00b0 11 &#8211; 2024 Hospital &#8211; SNTSA Secci\u00f3n 26 SUR<\/a><\/li>\n\n\n\n<li class=\"has-text-color has-link-color wp-elements-e551c941d3c059dbb321479adbbe12bc\" style=\"color:#7a1737\"><a href=\"https:\/\/www.ssaver.gob.mx\/administraciondepersonal\/wp-content\/uploads\/sites\/15\/2024\/12\/CONV-NUM-34_35_36_37_38_2024_SECCION-26-SUR_16038_2024.pdf\">Convocatoria N\u00b0 34, 35, 36, 37, 38- 2024 Hospital &#8211; Ofic. SRH\/16038\/2024 &#8211; SNTSA Secci\u00f3n 26 \u2013 SUR<\/a><\/li>\n<\/ul>\n\n\n\n<p class=\"has-text-color has-link-color wp-elements-70200c159c1c0ce59194f53cd4abbc54\" style=\"color:#7a1737\">Hospital de la Comunidad de Tlalixcoyan<\/p>\n\n\n\n<ul class=\"wp-block-list\">\n<li class=\"has-text-color has-link-color wp-elements-1a1cb969ce9cd51b65f580d760d08643\" style=\"color:#7a1737\"><a href=\"https:\/\/www.ssaver.gob.mx\/administraciondepersonal\/wp-content\/uploads\/sites\/15\/2024\/04\/CONV-NUM-13_2024_SECCION-26-SUR_8783_2024.pdf\">Convocatoria N\u00b0 13\u2013 2024 \u2013 Hospital &#8211; Ofic. SRH\/8783\/2024- SNTSA Secci\u00f3n 26 \u2013 SUR<\/a><\/li>\n<\/ul>\n\n\n\n<p class=\"has-text-color has-link-color wp-elements-5edbf689f4918ae124691b032c942ee2\" style=\"color:#7a1737\">Hogar del Ni\u00f1o \u00abManuel Guti\u00e9rrez Zamora\u00bb<\/p>\n\n\n\n<ul class=\"wp-block-list\">\n<li class=\"has-text-color has-link-color wp-elements-5a4cbc9fe08a72a6d58724c0d6c860a5\" style=\"color:#7a1737\"><a href=\"https:\/\/www.ssaver.gob.mx\/administraciondepersonal\/wp-content\/uploads\/sites\/15\/2024\/06\/CONV-NUM-31_2024_SETSSV_11940_2024.pdf\">Convocatoria N\u00b0 31 &#8211; 2024 Hospital &#8211; Ofic. SRH\/11940\/2024 \u2013 SETSSV<\/a><\/li>\n\n\n\n<li class=\"has-text-color has-link-color wp-elements-ee71764959e414f582f22a82b17e9adc\" style=\"color:#7a1737\"><a href=\"https:\/\/www.ssaver.gob.mx\/administraciondepersonal\/wp-content\/uploads\/sites\/15\/2024\/08\/CONV-NUM-45_2024_SETSSV_13486_2024.pdf\">Convocatoria N\u00b0 45 &#8211; 2024 Hospital Ofic. SRH\/13486\/2024 &#8211; SETSSV<\/a><\/li>\n\n\n\n<li class=\"has-text-color has-link-color wp-elements-f5647d483c5320686e98d3360cbc0131\" style=\"color:#7a1737\"><a href=\"https:\/\/www.ssaver.gob.mx\/administraciondepersonal\/wp-content\/uploads\/sites\/15\/2024\/12\/ACTA-CONV-NUM-31_2024_SETSSV_2024.pdf\">Acta-Convocatoria N\u00b0 31 &#8211; 2024 Hospital \u2013 SETSSV<\/a><\/li>\n\n\n\n<li class=\"has-text-color has-link-color wp-elements-f87e0ffa24a433a1d46b23d62963c32b\" style=\"color:#7a1737\"><a href=\"https:\/\/www.ssaver.gob.mx\/administraciondepersonal\/wp-content\/uploads\/sites\/15\/2024\/12\/ACTA-CONV-NUM-45_2024_SETSSV_2024.pdf\">Acta Convocatoria N\u00b0 45 &#8211; 2024 Hospital \u2013 SETSSV<\/a><\/li>\n<\/ul>\n\n\n\n<p class=\"has-text-color has-link-color wp-elements-b5e8525bc2958231b92b6e5697264e1d\" style=\"color:#7a1737\">Hospital General de Boca del R\u00edo<\/p>\n\n\n\n<ul class=\"wp-block-list\">\n<li class=\"has-text-color has-link-color wp-elements-4a478efb03118ceb342559d3abdbee4f\" style=\"color:#7a1737\"><a href=\"https:\/\/www.ssaver.gob.mx\/administraciondepersonal\/wp-content\/uploads\/sites\/15\/2024\/01\/CONV-NUM-06_07_2024_SECCION-26-SUR_6209_2024-.pdf\">Convocatoria N\u00b0 06, 07- 2024 Hospital &#8211; Ofic. SRH\/6209\/2024 &#8211; SNTSA Secci\u00f3n 26 SUR<\/a><\/li>\n\n\n\n<li class=\"has-text-color has-link-color wp-elements-0426d5c2a9d05067f66d75913ff6be55\" style=\"color:#7a1737\"><a href=\"https:\/\/www.ssaver.gob.mx\/administraciondepersonal\/wp-content\/uploads\/sites\/15\/2024\/06\/ACTA-CONV-NUM-06_2024_SECCION-26-SUR_2024_C.pdf\">Acta Convocatoria N\u00b0 06 &#8211; 2024 Hospital \u2013 SNTSA Secci\u00f3n 26 SUR<\/a><\/li>\n\n\n\n<li class=\"has-text-color has-link-color wp-elements-38016db2c00a87e38d41d06f7930b6b9\" style=\"color:#7a1737\"><a href=\"https:\/\/www.ssaver.gob.mx\/administraciondepersonal\/wp-content\/uploads\/sites\/15\/2024\/06\/ACTA-CONV-NUM-07_2024_SECCION-26-SUR_2024_C.pdf\">Acta Convocatoria N\u00b0 07 &#8211; 2024 Hospital \u2013 SNTSA Secci\u00f3n 26 SUR<\/a><\/li>\n<\/ul>\n\n\n\n<p class=\"has-text-color has-link-color wp-elements-96ba1234dac0310b1225106e458ab63d\" style=\"color:#7a1737\"><strong>Jefe de la Jurisdicci\u00f3n Sanitaria No. IX &#8211; Cosamaloapan<\/strong><\/p>\n\n\n\n<ul class=\"wp-block-list\">\n<li class=\"has-text-color has-link-color wp-elements-f18cd612f0b2d4be6ad40da1ab9a2695\" style=\"color:#7a1737\"><a href=\"https:\/\/www.ssaver.gob.mx\/administraciondepersonal\/wp-content\/uploads\/sites\/15\/2024\/12\/CONV-NUM-39_2024_SECCION-26-SUR_15982_2024.pdf\">Convocatoria N\u00b0 39 &#8211; 2024 Jurisdicci\u00f3n Sanitaria &#8211; Ofic. SRH\/15982\/2024 &#8211; SNTSA Secci\u00f3n 26 \u2013 SUR<\/a><\/li>\n<\/ul>\n\n\n\n<p class=\"has-text-color has-link-color wp-elements-79041e71537d88c7a1296ce2ece29e9a\" style=\"color:#7a1737\">Hospital General de Cosamaloapan \u00abDr. V\u00edctor Manuel Pital\u00faa Gonz\u00e1lez\u00bb<\/p>\n\n\n\n<ul class=\"wp-block-list\">\n<li class=\"has-text-color has-link-color wp-elements-f920334391af2fbdc11e7943fb53a749\" style=\"color:#7a1737\"><a href=\"https:\/\/www.ssaver.gob.mx\/administraciondepersonal\/wp-content\/uploads\/sites\/15\/2024\/12\/CONV-NUM-49_50_51_52_53_2024_SECCION-26-SUR_16036_2024.pdf\">Convocatoria N\u00b0 49, 50, 51, 52, 53 &#8211; 2024 Hospital &#8211; Ofic. SRH\/16036\/2024 &#8211; SNTSA Secci\u00f3n 26 \u2013 SUR<\/a><\/li>\n<\/ul>\n\n\n\n<p class=\"has-text-color has-link-color wp-elements-278aaaa290f7bbdc28081ab631aa160b\" style=\"color:#7a1737\">Hospital General de Tierra Blanca \u00abJes\u00fas Garc\u00eda Corona\u00bb<\/p>\n\n\n\n<ul class=\"wp-block-list\">\n<li class=\"has-text-color has-link-color wp-elements-2d4f031dc535e4cc588f75d1b8e14fe8\" style=\"color:#7a1737\"><a href=\"https:\/\/www.ssaver.gob.mx\/administraciondepersonal\/wp-content\/uploads\/sites\/15\/2024\/02\/CONV-NUM-01_02_03_2024_SECCION-26-SUR_6922_2023.pdf\">Convocatoria N\u00b0 01, 02, 03 &#8211; 2024 Hospital Ofic. SRH\/6922\/2024 &#8211; SNTSA Secci\u00f3n 26 SUR<\/a><\/li>\n<\/ul>\n\n\n\n<p class=\"has-text-color has-link-color wp-elements-2ebb77c8b6ac7028d36229729403d4aa\" style=\"color:#7a1737\">Hospital de la Comunidad de Jos\u00e9 Azueta<\/p>\n\n\n\n<ul class=\"wp-block-list\">\n<li class=\"has-text-color has-link-color wp-elements-9267e365c9a28bfbde1abff95a8c0f9f\" style=\"color:#7a1737\"><a href=\"https:\/\/www.ssaver.gob.mx\/administraciondepersonal\/wp-content\/uploads\/sites\/15\/2024\/12\/CONV-NUM-45_46_47_48_2024_SECCION-26-SUR_15988_2024.pdf\">Convocatoria N\u00b0 45, 46, 47, 48 &#8211; 2024 Hospital &#8211; Ofic. SRH\/15988\/2024 &#8211; SNTSA Secci\u00f3n 26 \u2013 SUR<\/a><\/li>\n<\/ul>\n\n\n\n<p class=\"has-text-color has-link-color wp-elements-90547493c6bfb3eda870b857d7ad6614\" style=\"color:#7a1737\">Hospital de la Comunidad de Playa Vicente<\/p>\n\n\n\n<ul class=\"wp-block-list\">\n<li class=\"has-text-color has-link-color wp-elements-257a4f3727a7b9975165b158cd3b1764\" style=\"color:#7a1737\"><a href=\"https:\/\/www.ssaver.gob.mx\/administraciondepersonal\/wp-content\/uploads\/sites\/15\/2024\/02\/CONV-NUM-08_2024_SECCION-26-SUR_6923_2024.pdf\">Convocatoria N\u00b0 08 &#8211; 2024 Hospital Ofic. SRH\/6923\/2024 &#8211; SNTSA Secci\u00f3n 26 SUR<\/a><\/li>\n<\/ul>\n\n\n\n<p class=\"has-text-color has-link-color wp-elements-62e0d07dd486f902ac3d98626bf45349\" style=\"color:#7a1737\">Hospital de la Comunidad de Tlacotalpan<\/p>\n\n\n\n<p class=\"has-text-color has-link-color wp-elements-1eaac0d5e0be4b140123351566d7aee0\" style=\"color:#7a1737\">Hospital General de Isla<\/p>\n\n\n\n<ul class=\"wp-block-list\">\n<li class=\"has-text-color has-link-color wp-elements-3a632f6a5d9d8208539d4113a138c1ab\" style=\"color:#7a1737\"><a href=\"https:\/\/www.ssaver.gob.mx\/administraciondepersonal\/wp-content\/uploads\/sites\/15\/2024\/12\/CONV-NUM-40_41_42_43_2024_SECCION-26-SUR_16039_2024.pdf\">Convocatoria N\u00b0 40, 41, 42, 43 &#8211; 2024 Hospital &#8211; Ofic. SRH\/16039\/2024 &#8211; SNTSA Secci\u00f3n 26 \u2013 SUR<\/a><\/li>\n<\/ul>\n\n\n\n<p class=\"has-text-color has-link-color wp-elements-216620604a4b30d1bef8a5b5dc7ffe8f\" style=\"color:#7a1737\"><strong>Jurisdicci\u00f3n Sanitaria No. X &#8211; San Andr\u00e9s Tuxtla<\/strong><\/p>\n\n\n\n<ul class=\"wp-block-list\">\n<li><\/li>\n<\/ul>\n\n\n\n<p class=\"has-text-color has-link-color wp-elements-36393e6e5f15074501f6b3828b50382d\" style=\"color:#7a1737\">Hospital General de San Andr\u00e9s Tuxtla \u00abDr. Bernardo Pe\u00f1a\u00bb<\/p>\n\n\n\n<ul class=\"wp-block-list\">\n<li class=\"has-text-color has-link-color wp-elements-98aac1c095b46d16089b2406f9c54f40\" style=\"color:#7a1737\"><a href=\"https:\/\/www.ssaver.gob.mx\/administraciondepersonal\/wp-content\/uploads\/sites\/15\/2024\/05\/CONV-NUM-25_2024_SETSSV_10335_2024-.pdf\">Convocatoria N\u00b0 25 &#8211; 2024 Hospital &#8211; Ofic. SRH\/10335\/2024 \u2013 SETSSV<\/a><\/li>\n\n\n\n<li class=\"has-text-color has-link-color wp-elements-a20bbce1c36676a35a97faccb7f7baaf\" style=\"color:#7a1737\"><a href=\"https:\/\/www.ssaver.gob.mx\/administraciondepersonal\/wp-content\/uploads\/sites\/15\/2024\/06\/ACTA-CONV-NUM-25_2024-_SETSSV_2024.pdf\">Acta Convocatoria N\u00b0 25 \u2013 2024 &#8211; Hospital \u2013 SETSSV<\/a><\/li>\n\n\n\n<li class=\"has-text-color has-link-color wp-elements-f1b2ae424a25f271350b55ded17b702e\" style=\"color:#7a1737\"><a href=\"https:\/\/www.ssaver.gob.mx\/administraciondepersonal\/wp-content\/uploads\/sites\/15\/2024\/08\/CONV-NUM-46_2024_SETSSV_13970_2024.pdf\">Acta-Convocatoria N\u00b0 46 &#8211; 2024 Hospital &#8211; Ofic. SRH\/13970\/2024 \u2013 SETSSV<\/a><\/li>\n\n\n\n<li class=\"has-text-color has-link-color wp-elements-301232c7b18a0cd444970ce171a8538c\" style=\"color:#7a1737\"><a href=\"https:\/\/www.ssaver.gob.mx\/administraciondepersonal\/wp-content\/uploads\/sites\/15\/2024\/12\/CONV-NUM-54_55_64_2024_SECCION-26-SUR_16037_2024.pdf\">Convocatoria N\u00b0 54, 55, 64 &#8211; 2024 Hospital &#8211; Ofic. SRH\/16039\/2024 &#8211; SNTSA Secci\u00f3n 26 \u2013 SUR<\/a><\/li>\n<\/ul>\n\n\n\n<p class=\"has-text-color has-link-color wp-elements-add7a043325cdb8506eda3fb0fbfd165\" style=\"color:#7a1737\">Hospital General de Santiago Tuxtla \u00abTeodoro Diez\u00bb<\/p>\n\n\n\n<ul class=\"wp-block-list\">\n<li><\/li>\n<\/ul>\n\n\n\n<p class=\"has-text-color has-link-color wp-elements-b429ea094917673f376410b04bd736a8\" style=\"color:#7a1737\">Hospital de la Comunidad de Suchilapan del R\u00edo \u00abCarmen Bouzas de L\u00f3pez Arias\u00bb<\/p>\n\n\n\n<ul class=\"wp-block-list\">\n<li><\/li>\n<\/ul>\n\n\n\n<p class=\"has-text-color has-link-color wp-elements-e8676c4fbe0dbc0168196b4612a15a2e\" style=\"color:#7a1737\">Hospital de la Comunidad de Catemaco<\/p>\n\n\n\n<p class=\"has-text-color has-link-color wp-elements-55bbda91dce0cd8bda7df2bf2ca84ccb\" style=\"color:#7a1737\">Hospital General de Oluta-Acayucan<\/p>\n\n\n\n<p class=\"has-text-color has-link-color wp-elements-0f28d70c3203daab06ccf988ed813705\" style=\"color:#7a1737\"><strong>Jurisdicci\u00f3n Sanitaria No. XI &#8211; Coatzacoalcos<\/strong><\/p>\n\n\n\n<ul class=\"wp-block-list\">\n<li class=\"has-text-color has-link-color wp-elements-210c27b76d7ae5e6a950d2403e9d20f5\" style=\"color:#7a1737\"><a href=\"https:\/\/www.ssaver.gob.mx\/administraciondepersonal\/wp-content\/uploads\/sites\/15\/2024\/03\/CONV-NUM-12_2024_SECCION-26-SUR_7592_2024-.pdf\">Convocatoria N\u00b0 12 &#8211; 2024 \u2013 Jurisdicci\u00f3n Sanitaria &#8211; Ofic. SRH\/7592\/2024 \u2013 SNTSA Secci\u00f3n 26 SUR<\/a><\/li>\n<\/ul>\n\n\n\n<p class=\"has-text-color has-link-color wp-elements-438279cb7724f61fc31f7b2e79cc9991\" style=\"color:#7a1737\">Hospital de la Comunidad La Laguna Poblado 6<\/p>\n\n\n\n<p class=\"has-text-color has-link-color wp-elements-3bba00bf8e9eb3d32ecb09527c73f857\" style=\"color:#7a1737\">Hospital General de Minatitl\u00e1n<\/p>\n\n\n\n<ul class=\"wp-block-list\">\n<li class=\"has-text-color has-link-color wp-elements-e5e00fe91494ffb2f26fbb15fd0b70e0\" style=\"color:#7a1737\"><a href=\"https:\/\/www.ssaver.gob.mx\/administraciondepersonal\/wp-content\/uploads\/sites\/15\/2024\/07\/CONV-NUM-20_2024_STSPEEV_12843_2024.pdf\">Convocatoria N\u00b0 20- 2024 Hospital &#8211; Ofic. SRH\/12843\/2024 \u2013 STSPEEV<\/a><\/li>\n\n\n\n<li class=\"has-text-color has-link-color wp-elements-d33cd5d14c7fec13c27a59d8b5488ac6\" style=\"color:#7a1737\"><a href=\"https:\/\/www.ssaver.gob.mx\/administraciondepersonal\/wp-content\/uploads\/sites\/15\/2024\/08\/CONV-NUM-44_2024_SETSSV_13322_2024.pdf\">Convocatoria N\u00b0 44 &#8211; 2024 Hospital Ofic. SRH\/13322\/2024 \u2013 SETSSV<\/a><\/li>\n\n\n\n<li class=\"has-text-color has-link-color wp-elements-42ecc7f76879a16bd5c61f807128a6c0\" style=\"color:#7a1737\"><a href=\"https:\/\/www.ssaver.gob.mx\/administraciondepersonal\/wp-content\/uploads\/sites\/15\/2024\/12\/ACTA-CONV-NUM-20_2024_STSPEEV_2024.pdf\">Acta Convocatoria N\u00b0 20 &#8211; 2024 Hospital \u2013 STSPEEV<\/a><\/li>\n\n\n\n<li class=\"has-text-color has-link-color wp-elements-c759d01058f6b9456d8e464806ec144c\" style=\"color:#7a1737\"><a href=\"https:\/\/www.ssaver.gob.mx\/administraciondepersonal\/wp-content\/uploads\/sites\/15\/2024\/12\/CONV-NUM-63_2024_SECCION-26-SUR_15980_2024.pdf\">Convocatoria N\u00b0 63 &#8211; 2024 Hospital &#8211; Ofic. SRH\/15980\/2024 &#8211; SNTSA Secci\u00f3n 26 \u2013 SUR<\/a><\/li>\n\n\n\n<li class=\"has-text-color has-link-color wp-elements-f2db3067d1857c67e0ebb9bc42670fd4\" style=\"color:#7a1737\"><a href=\"https:\/\/www.ssaver.gob.mx\/administraciondepersonal\/wp-content\/uploads\/sites\/15\/2024\/12\/ACTA-CONV-NUM-44_2024_SETSSV_2024.pdf\">Acta Convocatoria N\u00b0 44 &#8211; 2024 Hospital \u2013 SETSSV<\/a><\/li>\n<\/ul>\n\n\n\n<p class=\"has-text-color has-link-color wp-elements-91f3d7c3c14f0aad7068ab723b0d38c3\" style=\"color:#7a1737\">Hospital Regional de Coatzacoalcos \u00abDr. Valent\u00edn G\u00f3mez Far\u00edas\u00bb<\/p>\n\n\n\n<ul class=\"wp-block-list\">\n<li class=\"has-text-color has-link-color wp-elements-c46b95c7b1a0528298e842adcfee4700\" style=\"color:#7a1737\"><a href=\"https:\/\/www.ssaver.gob.mx\/administraciondepersonal\/wp-content\/uploads\/sites\/15\/2024\/04\/CONV-NUM-01_02_03_04_05_2024_SUTHRC_8302_2024.pdf\">Convocatoria N\u00b0 01, 02, 03, 04, 05 \u2013 2024 \u2013 Hospital &#8211; Ofic. SRH\/8302\/2024- SUTHRC<\/a><\/li>\n\n\n\n<li class=\"has-text-color has-link-color wp-elements-c095cca64320c905d011761b9f4075b1\" style=\"color:#7a1737\"><a href=\"https:\/\/www.ssaver.gob.mx\/administraciondepersonal\/wp-content\/uploads\/sites\/15\/2024\/05\/CONV-NUM-06_07_08_09_10_11_2024_SUTHRC_10488_2024-.pdf\">Convocatoria N\u00b0 06, 07, 08, 09, 10, 11, &#8211; 2024 Hospital &#8211; Ofic. SRH\/10488\/2024 \u2013 SUTHRC<\/a><\/li>\n\n\n\n<li class=\"has-text-color has-link-color wp-elements-6fef1f6e405e28bbab122eb949dd2a1b\" style=\"color:#7a1737\"><a href=\"https:\/\/www.ssaver.gob.mx\/administraciondepersonal\/wp-content\/uploads\/sites\/15\/2024\/05\/CONV-NUM-15_16_17_204_SETSPEEV_11144_2024.pdf\">Convocatoria N\u00b0 15, 16, 17 &#8211; 2024 Hospital &#8211; Ofic. SRH\/11143\/2024 &#8211; STSPEEV<\/a><\/li>\n\n\n\n<li class=\"has-text-color has-link-color wp-elements-5a8e70de06230316d2806f32b3a2cbd3\" style=\"color:#7a1737\"><a href=\"https:\/\/www.ssaver.gob.mx\/administraciondepersonal\/wp-content\/uploads\/sites\/15\/2024\/05\/ACTA-CONV-NUM-04_2024_SUTHRC_2024.pdf\">Acta Convocatoria N\u00b0 04 &#8211; 2024 Hospital &#8211; SUTHRC<\/a><\/li>\n\n\n\n<li class=\"has-text-color has-link-color wp-elements-c4453aa8ef919a4e51191e78c636cd76\" style=\"color:#7a1737\"><a href=\"https:\/\/www.ssaver.gob.mx\/administraciondepersonal\/wp-content\/uploads\/sites\/15\/2024\/05\/ACTA-CONV-NUM-05_2024_SUTHRC_2024.pdf\">Acta Convocatoria N\u00b0 05 &#8211; 2024 Hospital &#8211; SUTHRC<\/a><\/li>\n\n\n\n<li class=\"has-text-color has-link-color wp-elements-428e2a61e849b302f32cbf36058b43ce\" style=\"color:#7a1737\"><a href=\"https:\/\/www.ssaver.gob.mx\/administraciondepersonal\/wp-content\/uploads\/sites\/15\/2024\/05\/ACTA-CONV-NUM-01_2024_SUTHRC_2024.pdf\">Acta Convocatoria N\u00b0 01 \u2013 2024 &#8211; Hospital \u2013 SUTHRC<\/a><\/li>\n\n\n\n<li class=\"has-text-color has-link-color wp-elements-3585763cc4e933dd1b6c69790e62d962\" style=\"color:#7a1737\"><a href=\"https:\/\/www.ssaver.gob.mx\/administraciondepersonal\/wp-content\/uploads\/sites\/15\/2024\/06\/ACTA-CONV-NUM-03_2024_SUTHRC_2024.pdf\">Acta Convocatoria N\u00b0 03 \u2013 2024 &#8211; Hospital \u2013 SUTHRC<\/a><\/li>\n\n\n\n<li class=\"has-text-color has-link-color wp-elements-5b6df4c96de4868459b9756f6f2ab673\" style=\"color:#7a1737\"><a href=\"https:\/\/www.ssaver.gob.mx\/administraciondepersonal\/wp-content\/uploads\/sites\/15\/2024\/06\/CONV-NUM-12_13_14_2024_SUTHRC_12084_2024.pdf\">Convocatoria N\u00b0 12, 13, 14 &#8211; 2024 Hospital &#8211; Ofic. SRH\/12084\/2024 \u2013 SUTHRC<\/a><\/li>\n\n\n\n<li class=\"has-text-color has-link-color wp-elements-d8d1a65473a091423641d840a489a89b\" style=\"color:#7a1737\"><a href=\"https:\/\/www.ssaver.gob.mx\/administraciondepersonal\/wp-content\/uploads\/sites\/15\/2024\/08\/CONV-NUM-17_2024_SUTHRC_13485_2024.pdf\">Convocatoria N\u00b0 17- 2024 Hospital Ofic. SRH\/13485\/2024 \u2013 SUTHRC<\/a><\/li>\n\n\n\n<li class=\"has-text-color has-link-color wp-elements-0ce83190f4bd0f71b21817968920398f\" style=\"color:#7a1737\"><a href=\"https:\/\/www.ssaver.gob.mx\/administraciondepersonal\/wp-content\/uploads\/sites\/15\/2024\/08\/CONV-NUM-20_21_22_2024_SUTHRC_13968_2024.pdf\">Acta-Convocatoria N\u00b0 20, 21, 22 &#8211; 2024 Hospital &#8211; Ofic. SRH\/13968\/2024 \u2013 SUTHRC<\/a><\/li>\n\n\n\n<li class=\"has-text-color has-link-color wp-elements-41cbde22a3be8693776869909500a793\" style=\"color:#7a1737\"><a href=\"https:\/\/www.ssaver.gob.mx\/administraciondepersonal\/wp-content\/uploads\/sites\/15\/2024\/12\/ACTA-CONV-NUM-02_2024_SUTHRC_2024.pdf\">Acta-Convocatoria N\u00b0 02 &#8211; 2024 Hospital \u2013 SUTHRC<\/a><\/li>\n\n\n\n<li class=\"has-text-color has-link-color wp-elements-e32024cd142f7e71e2fe1f5c8f0cf436\" style=\"color:#7a1737\"><a href=\"https:\/\/www.ssaver.gob.mx\/administraciondepersonal\/wp-content\/uploads\/sites\/15\/2024\/12\/ACTA-CONV-NUM-08_2024_SUTHRC_2024.pdf\">Acta-Convocatoria N\u00b0 08 &#8211; 2024 Hospital \u2013 SUTHRC<\/a><\/li>\n\n\n\n<li class=\"has-text-color has-link-color wp-elements-851b65b72d2f932bd22f80eccd1643c9\" style=\"color:#7a1737\"><a href=\"https:\/\/www.ssaver.gob.mx\/administraciondepersonal\/wp-content\/uploads\/sites\/15\/2024\/12\/ACTA-CONV-NUM-12_2024_SUTHRC_2024.pdf\">Acta-Convocatoria N\u00b0 12 &#8211; 2024 Hospital \u2013 SUTHRC<\/a><\/li>\n\n\n\n<li class=\"has-text-color has-link-color wp-elements-8cec6d68e430d9e5178aa53c0ed184e9\" style=\"color:#7a1737\"><a href=\"https:\/\/www.ssaver.gob.mx\/administraciondepersonal\/wp-content\/uploads\/sites\/15\/2024\/12\/ACTA-CONV-NUM-13_2024_SUHTRC_2024.pdf\">Acta-Convocatoria N\u00b0 13 &#8211; 2024 Hospital \u2013 SUTHRC<\/a><\/li>\n\n\n\n<li class=\"has-text-color has-link-color wp-elements-6ae56a41ed280e0d3eee0971691e39a0\" style=\"color:#7a1737\"><a href=\"https:\/\/www.ssaver.gob.mx\/administraciondepersonal\/wp-content\/uploads\/sites\/15\/2024\/12\/ACTA-CONV-NUM-15_2024_STSPEEV_2024.pdf\">Acta-Convocatoria N\u00b0 15 &#8211; 2024 Hospital \u2013 STSPEEV<\/a><\/li>\n\n\n\n<li class=\"has-text-color has-link-color wp-elements-4e366bd26a0e987d408f181b55823422\" style=\"color:#7a1737\"><a href=\"https:\/\/www.ssaver.gob.mx\/administraciondepersonal\/wp-content\/uploads\/sites\/15\/2024\/12\/CONV-NUM-15_16_2024_SUTHRC_13431_2024_B.pdf\">Convocatoria N\u00b0 15, 16 &#8211; 2024 Hospital &#8211; Ofic. SRH\/13431\/2024 \u2013 SUTHRC<\/a><\/li>\n\n\n\n<li class=\"has-text-color has-link-color wp-elements-0a0f103a4717c7742619cd40590a4b04\" style=\"color:#7a1737\"><a href=\"https:\/\/www.ssaver.gob.mx\/administraciondepersonal\/wp-content\/uploads\/sites\/15\/2024\/12\/ACTA_CONVOCATORIA_17_2024_SUTHCR_ATILANO_SERNA_MARIA_DE_JESUS_0001.pdf\">Acta Convocatoria N\u00b0 17 &#8211; 2024 Hospital \u2013 SUTHRC<\/a><\/li>\n\n\n\n<li class=\"has-text-color has-link-color wp-elements-befc1c6cd10619e13a3279346b724d02\" style=\"color:#7a1737\"><a href=\"https:\/\/www.ssaver.gob.mx\/administraciondepersonal\/wp-content\/uploads\/sites\/15\/2024\/12\/CONV-NUM-22_23_27_2024_STSPEEV_16945_2024.pdf\">Convocatoria N\u00b0 22, 23, 27- 2024 Hospital &#8211; Ofic. SRH\/16945\/2024 \u2013 STSPEEV<\/a><\/li>\n\n\n\n<li class=\"has-text-color has-link-color wp-elements-dab9e79ee553653ea96c8c7d42ebd282\" style=\"color:#7a1737\"><a href=\"https:\/\/www.ssaver.gob.mx\/administraciondepersonal\/wp-content\/uploads\/sites\/15\/2024\/12\/ACTA-CONV-NUM-14_2024_SUTHRC_2024.pdf\">Acta Convocatoria N\u00b0 14 &#8211; 2024 Hospital\u2013 SUTHRC<\/a><\/li>\n\n\n\n<li class=\"has-text-color has-link-color wp-elements-92f6c0486b33d20574a0817b7d4dda6c\" style=\"color:#7a1737\"><a href=\"https:\/\/www.ssaver.gob.mx\/administraciondepersonal\/wp-content\/uploads\/sites\/15\/2024\/12\/ACTA-CONV-NUM-15_2024_SUTHRC_2024.pdf\">Acta Convocatoria N\u00b0 15 &#8211; 2024 Hospital\u2013 SUTHRC<\/a><\/li>\n\n\n\n<li class=\"has-text-color has-link-color wp-elements-aa8bbee494bbc072aef3ec0d8d7da5d0\" style=\"color:#7a1737\"><a href=\"https:\/\/www.ssaver.gob.mx\/administraciondepersonal\/wp-content\/uploads\/sites\/15\/2024\/12\/ACTA-CONV-NUM-16_2024_SUTHRC_2024.pdf\">Acta Convocatoria N\u00b0 16 &#8211; 2024 Hospital\u2013 SUTHRC<\/a><\/li>\n\n\n\n<li class=\"has-text-color has-link-color wp-elements-7bebeb50f780c15be14df8beba10511f\" style=\"color:#7a1737\"><a href=\"https:\/\/www.ssaver.gob.mx\/administraciondepersonal\/wp-content\/uploads\/sites\/15\/2024\/12\/ACTA-CONV-NUM-20_2024_SUTHRC_2024.pdf\">Acta Convocatoria N\u00b0 20 &#8211; 2024 Hospital\u2013 SUTHRC<\/a><\/li>\n\n\n\n<li class=\"has-text-color has-link-color wp-elements-cf5748beffa1b8798ec5f0fc7f09aaec\" style=\"color:#7a1737\"><a href=\"https:\/\/www.ssaver.gob.mx\/administraciondepersonal\/wp-content\/uploads\/sites\/15\/2024\/12\/ACTA-CONV-NUM-21_2024_SUTHRC_2024.pdf\">Acta Convocatoria N\u00b0 21 &#8211; 2024 Hospital\u2013 SUTHRC<\/a><\/li>\n\n\n\n<li class=\"has-text-color has-link-color wp-elements-0883ce063c77add847080412037d2e1e\" style=\"color:#7a1737\"><a href=\"https:\/\/www.ssaver.gob.mx\/administraciondepersonal\/wp-content\/uploads\/sites\/15\/2024\/12\/CONV-NUM-58_56_60_2024_SECCION-26-SUR_15987_2024.pdf\">Convocatoria N\u00b0 58, 56, 60, &#8211; 2024 Hospital &#8211; Ofic. SRH\/16039\/2024 &#8211; SNTSA Secci\u00f3n 26 \u2013 SUR<\/a><\/li>\n<\/ul>\n\n\n\n<p class=\"has-text-color has-link-color wp-elements-4ab39178e41878d097eeee1c94a4784d\" style=\"color:#7a1737\">Comunidad de Ixhuatl\u00e1n del Sureste<\/p>\n\n\n\n<ul class=\"wp-block-list\">\n<li class=\"has-text-color has-link-color wp-elements-4caa9956d76be41ccee1014db907f46a\" style=\"color:#7a1737\"><a href=\"https:\/\/www.ssaver.gob.mx\/administraciondepersonal\/wp-content\/uploads\/sites\/15\/2024\/04\/CONV-NUM-21_2024_SECCION-26-SUR_8786_2024.pdf\">Convocatoria N\u00b0 21\u2013 2024 \u2013 Hospital &#8211; Ofic. SRH\/8786\/2024- SNTSA Secci\u00f3n 26 \u2013 SUR<\/a><\/li>\n<\/ul>\n\n\n\n<p class=\"has-text-color has-link-color wp-elements-5f225dd2013ea3db987c1bb7ebbc102b\" style=\"color:#7a1737\">Comunidad de Tonalapan<\/p>\n\n\n\n<ul class=\"wp-block-list\">\n<li class=\"has-text-color has-link-color wp-elements-453648a569152873cf441e727434988c\" style=\"color:#7a1737\"><a href=\"https:\/\/www.ssaver.gob.mx\/administraciondepersonal\/wp-content\/uploads\/sites\/15\/2024\/12\/CONV-NUM-61_62_2024_SECCION-26-SUR_15986_2024.pdf\">Convocatoria N\u00b0 61, 62 &#8211; 2024 Hospital &#8211; Ofic. SRH\/15987\/2024 &#8211; SNTSA Secci\u00f3n 26 \u2013 SUR<\/a><\/li>\n<\/ul>\n\n\n\n<p class=\"has-text-color has-link-color wp-elements-2ab9c44ce1bb7cf397387aef1ed53355\" style=\"color:#7a1737\">Comunidad de Pedro Coronel P\u00e9rez<\/p>\n\n\n\n<p class=\"has-text-color has-link-color wp-elements-8b3f749b028476e56de43ced28d2a2fa\" style=\"color:#7a1737\">Comunidad de Allende<\/p>\n\n\n\n<p class=\"has-text-color has-link-color wp-elements-e8f3334cbf62d02b1743b3eeba8e6cbe\" style=\"color:#7a1737\">Hospital General de Cosoleacaque<\/p>\n\n\n\n<ul class=\"wp-block-list\">\n<li class=\"has-text-color has-link-color wp-elements-1c892fde9f541ab28b4e666ec5e3e899\" style=\"color:#7a1737\"><a href=\"https:\/\/www.ssaver.gob.mx\/administraciondepersonal\/wp-content\/uploads\/sites\/15\/2024\/12\/CONV-NUM-56_2024_SECCION-26-SUR_15981-2024.pdf\">Convocatoria N\u00b0 56 &#8211; 2024 Hospital &#8211; Ofic. SRH\/15981\/2024 &#8211; SNTSA Secci\u00f3n 26 \u2013 SUR<\/a><\/li>\n<\/ul>\n\n\n\n<p><\/p>\n","protected":false},"excerpt":{"rendered":"<p>CONVOCATORIA 2024 Oficina Central &#8211; Xalapa Jurisdicci\u00f3n Sanitaria No. I &#8211; P\u00e1nuco Hospital General de P\u00e1nuco \u00abDr. Manuel I. \u00c1vila\u00bb<\/p>\n","protected":false},"author":2,"featured_media":0,"parent":537,"menu_order":3,"comment_status":"closed","ping_status":"closed","template":"","meta":{"colormag_page_container_layout":"default_layout","colormag_page_sidebar_layout":"default_layout","footnotes":""},"class_list":["post-2682","page","type-page","status-publish","hentry"],"_links":{"self":[{"href":"https:\/\/www.ssaver.gob.mx\/administraciondepersonal\/wp-json\/wp\/v2\/pages\/2682","targetHints":{"allow":["GET"]}}],"collection":[{"href":"https:\/\/www.ssaver.gob.mx\/administraciondepersonal\/wp-json\/wp\/v2\/pages"}],"about":[{"href":"https:\/\/www.ssaver.gob.mx\/administraciondepersonal\/wp-json\/wp\/v2\/types\/page"}],"author":[{"embeddable":true,"href":"https:\/\/www.ssaver.gob.mx\/administraciondepersonal\/wp-json\/wp\/v2\/users\/2"}],"replies":[{"embeddable":true,"href":"https:\/\/www.ssaver.gob.mx\/administraciondepersonal\/wp-json\/wp\/v2\/comments?post=2682"}],"version-history":[{"count":282,"href":"https:\/\/www.ssaver.gob.mx\/administraciondepersonal\/wp-json\/wp\/v2\/pages\/2682\/revisions"}],"predecessor-version":[{"id":4551,"href":"https:\/\/www.ssaver.gob.mx\/administraciondepersonal\/wp-json\/wp\/v2\/pages\/2682\/revisions\/4551"}],"up":[{"embeddable":true,"href":"https:\/\/www.ssaver.gob.mx\/administraciondepersonal\/wp-json\/wp\/v2\/pages\/537"}],"wp:attachment":[{"href":"https:\/\/www.ssaver.gob.mx\/administraciondepersonal\/wp-json\/wp\/v2\/media?parent=2682"}],"curies":[{"name":"wp","href":"https:\/\/api.w.org\/{rel}","templated":true}]}}