{"id":4355,"date":"2025-03-11T13:33:12","date_gmt":"2025-03-11T19:33:12","guid":{"rendered":"https:\/\/www.ssaver.gob.mx\/administraciondepersonal\/?page_id=4355"},"modified":"2026-03-26T18:04:10","modified_gmt":"2026-03-27T00:04:10","slug":"2025-2","status":"publish","type":"page","link":"https:\/\/www.ssaver.gob.mx\/administraciondepersonal\/comision-central-mixta-de-escalafon\/2025-2\/","title":{"rendered":"Comisi\u00f3n Central Mixta de Escalaf\u00f3n 2025"},"content":{"rendered":"\n<hr class=\"wp-block-separator has-text-color has-alpha-channel-opacity has-background is-style-wide\" style=\"background-color:#eae7e2;color:#eae7e2\" \/>\n\n\n\n<div class=\"wp-block-columns is-layout-flex wp-container-core-columns-is-layout-28f84493 wp-block-columns-is-layout-flex\">\n<div class=\"wp-block-column is-layout-flow wp-block-column-is-layout-flow\">\n<p class=\"has-text-align-center has-text-color has-background\" style=\"color:#7a1737;background-color:#eae7e2;font-size:22px\"><strong>CONVOCATORIAS<\/strong><\/p>\n<\/div>\n\n\n\n<div class=\"wp-block-column is-layout-flow wp-block-column-is-layout-flow\">\n<p class=\"has-text-align-center has-text-color has-background\" style=\"color:#7a1737;background-color:#eae7e2;font-size:22px\"><strong>ACTAS<\/strong><\/p>\n<\/div>\n<\/div>\n\n\n\n<p class=\"has-text-align-center has-text-color\" style=\"color:#5b4c0d;font-size:24px\"><strong>2025<\/strong><\/p>\n\n\n\n<hr class=\"wp-block-separator has-text-color has-alpha-channel-opacity has-background is-style-wide\" style=\"background-color:#eae7e2;color:#eae7e2\" \/>\n\n\n\n<div class=\"wp-block-columns is-layout-flex wp-container-core-columns-is-layout-28f84493 wp-block-columns-is-layout-flex\">\n<div class=\"wp-block-column is-layout-flow wp-block-column-is-layout-flow\">\n<p class=\"has-text-color has-link-color wp-elements-f09ae897758091efc74df0e3be77ebd0\" style=\"color:#7a1737\"><strong>Oficina Central &#8211; Xalapa<\/strong><\/p>\n\n\n\n<ul class=\"wp-block-list\">\n<li class=\"has-text-color has-link-color wp-elements-1370d03f43d6102b67324458403f906c\" style=\"color:#7a1737\"><a href=\"https:\/\/www.ssaver.gob.mx\/administraciondepersonal\/wp-content\/uploads\/sites\/15\/2025\/05\/JUAREZ-PARRA-VICENTE-DE-MONTSERRAT_M01004_DIRECCIONSALUD-PUBLICA_SUETYPS_0001.pdf\">Convocatorias N\u00b0 01 \u2013 2025 \u2013 Oficina Central &#8211; SUETYPS<\/a><\/li>\n\n\n\n<li class=\"has-text-color has-link-color wp-elements-adb0c39e15d1cd43d02ef29c43e76ca5\" style=\"color:#7a1737\"><a href=\"https:\/\/www.ssaver.gob.mx\/administraciondepersonal\/wp-content\/uploads\/sites\/15\/2025\/05\/CONV-NUM-01_2025_SECCION-26-CENTRO_DIRECCION-DE-ATENCION-MEDICA_2025.pdf\">Convocatorias N\u00b0 01 \u2013 2025 \u2013 Oficina Central \u2013 SNTSA Secci\u00f3n 26 &#8211; CENTRO<\/a><\/li>\n\n\n\n<li class=\"has-text-color has-link-color wp-elements-0effe0edccfe6e2a036beee19df1e5d0\" style=\"color:#7a1737\"><a href=\"https:\/\/www.ssaver.gob.mx\/administraciondepersonal\/wp-content\/uploads\/sites\/15\/2025\/05\/CONV-NUM-09_2025_SECCION-26-CENTRO_TRANSPARENCIA_2025.pdf\">Convocatorias N\u00b0 09 \u2013 2025 \u2013 Oficina Central \u2013 SNTSA Secci\u00f3n 26 &#8211; CENTRO<\/a><\/li>\n\n\n\n<li class=\"has-text-color has-link-color wp-elements-7ee3be89efe935403807274dfdd8d1b5\" style=\"color:#7a1737\"><a href=\"https:\/\/www.ssaver.gob.mx\/administraciondepersonal\/wp-content\/uploads\/sites\/15\/2025\/05\/CONV-NUM-03_2025_SECCION-71_DIRECCION-DE-SALUD-PUBLICA_2025.pdf\">Convocatorias N\u00b0 03 \u2013 2025 \u2013 Oficina Central \u2013 SNTSA Secci\u00f3n 71<\/a><\/li>\n<\/ul>\n\n\n\n<p class=\"has-text-color has-link-color wp-elements-0fd5112917eb0be9cd3b98302e313fc3\" style=\"color:#7a1737\"><strong>Jurisdicci\u00f3n Sanitaria No. I &#8211; P\u00e1nuco<\/strong><\/p>\n\n\n\n<ul class=\"wp-block-list\">\n<li class=\"has-text-color has-link-color wp-elements-58e91c577236d54aa9829e9a19e838b4\" style=\"color:#7a1737\"><a href=\"https:\/\/www.ssaver.gob.mx\/administraciondepersonal\/wp-content\/uploads\/sites\/15\/2025\/05\/SESVER_SRH_DAP_02801_2025_JURISDICCION-SANITARIA-I-PANUCO_26-NORTE_0001.pdf\">Convocatoria N\u00b0 01 &#8211; 2025 Jurisdicci\u00f3n Sanitaria Ofi. SESVER\/SRH\/DAP\/02801\/2025 &#8211; SNTSA Secci\u00f3n 26 &#8211; NORTE<\/a><\/li>\n<\/ul>\n\n\n\n<p class=\"has-text-color has-link-color wp-elements-3ad27a9d3f6b1c46c408104b913cff26\" style=\"color:#7a1737\">Hospital General de P\u00e1nuco \u00abDr. Manuel I. \u00c1vila\u00bb<\/p>\n\n\n\n<ul class=\"wp-block-list\">\n<li class=\"has-text-color has-link-color wp-elements-96c1c6108872dd63d97b60141e77beaa\" style=\"color:#7a1737\"><a href=\"https:\/\/www.ssaver.gob.mx\/administraciondepersonal\/wp-content\/uploads\/sites\/15\/2025\/05\/SESVER_SRH_DAP_02813_2025_HOSPITAL-GENERAL-DE-PANUCO_STSPEEV_0001.pdf\">Convocatoria N\u00b0 01, 04 &#8211; 2025 Hospital Ofi. SESVER\/SRH\/DAP\/02813\/2025 &#8211; STSPEEV<\/a><\/li>\n<\/ul>\n\n\n\n<p class=\"has-text-color has-link-color wp-elements-303326db77e6408e98d960a1a45b1103\" style=\"color:#7a1737\">Hospital de la Comunidad de Ozuluama de Mascare\u00f1as<\/p>\n\n\n\n<p class=\"has-text-color has-link-color wp-elements-d60d37f7400b9ddc43cdba4a72e0b5e4\" style=\"color:#7a1737\"><\/p>\n\n\n\n<p class=\"has-text-color has-link-color wp-elements-497e71956113f42026492dcd022e8223\" style=\"color:#7a1737\">Hospital General de Tantoyuca<\/p>\n\n\n\n<p class=\"has-text-color has-link-color wp-elements-d60d37f7400b9ddc43cdba4a72e0b5e4\" style=\"color:#7a1737\"><\/p>\n\n\n\n<p class=\"has-text-color has-link-color wp-elements-f2e6b4b30fa4fffa32008ff1f6628803\" style=\"color:#7a1737\">Hospital de la Comunidad de Tempoal<\/p>\n\n\n\n<p class=\"has-text-color has-link-color wp-elements-d60d37f7400b9ddc43cdba4a72e0b5e4\" style=\"color:#7a1737\"><\/p>\n\n\n\n<p class=\"has-text-color has-link-color wp-elements-b8b60a3fa89858475b48ea651a55a89f\" style=\"color:#7a1737\">UNEME de Plat\u00f3n S\u00e1nchez<\/p>\n\n\n\n<p class=\"has-text-color has-link-color wp-elements-d60d37f7400b9ddc43cdba4a72e0b5e4\" style=\"color:#7a1737\"><\/p>\n\n\n\n<p class=\"has-text-color has-link-color wp-elements-4b09879c7994da424fcd5f4e5809bb4c\" style=\"color:#7a1737\"><strong>Jurisdicci\u00f3n Sanitaria No. II &#8211; Tuxpan<\/strong><\/p>\n\n\n\n<ul class=\"wp-block-list\">\n<li class=\"has-text-color has-link-color wp-elements-8ca15bd3a8c50b42caddd84353880cdd\" style=\"color:#7a1737\"><a href=\"https:\/\/www.ssaver.gob.mx\/administraciondepersonal\/wp-content\/uploads\/sites\/15\/2025\/05\/SSVER_SRH_DAP_02802_2025_JURISDICCION-SANITARIA-II-TUXPAN_26-NORTE_0001.pdf\">Convocatoria N\u00b0 03, 04 &#8211; 2025 Jurisdicci\u00f3n Sanitaria Ofi. SESVER\/SRH\/DAP\/02802\/2025 &#8211; SNTSA Secci\u00f3n 26 &#8211; NORTE<\/a><\/li>\n<\/ul>\n\n\n\n<p class=\"has-text-color has-link-color wp-elements-7e0a565045b94ab2c33f04f670570dee\" style=\"color:#7a1737\">Hospital General de Tuxpan \u00abDr. Emilio Alc\u00e1zar\u201d<\/p>\n\n\n\n<p class=\"has-text-color has-link-color wp-elements-d60d37f7400b9ddc43cdba4a72e0b5e4\" style=\"color:#7a1737\"><\/p>\n\n\n\n<p class=\"has-text-color has-link-color wp-elements-89579f4d852fbe37049ad616a7e85ad7\" style=\"color:#7a1737\">Hospital de la Comunidad de Naranjos<\/p>\n\n\n\n<p class=\"has-text-color has-link-color wp-elements-d60d37f7400b9ddc43cdba4a72e0b5e4\" style=\"color:#7a1737\"><\/p>\n\n\n\n<p class=\"has-text-color has-link-color wp-elements-a1eae8cb603d56eac7756ccb41e3c96c\" style=\"color:#7a1737\">Hospital de la Comunidad de Cerro Azul<\/p>\n\n\n\n<p class=\"has-text-color has-link-color wp-elements-d60d37f7400b9ddc43cdba4a72e0b5e4\" style=\"color:#7a1737\"><\/p>\n\n\n\n<p class=\"has-text-color has-link-color wp-elements-7b28b86412ae43d62cffd845e095910f\" style=\"color:#7a1737\">Hospital General de \u00c1lamo<\/p>\n\n\n\n<p class=\"has-text-color has-link-color wp-elements-a9f528efa37648ab242cf45badf0d8e2\" style=\"color:#7a1737\"><strong>Jurisdicci\u00f3n Sanitaria No. III &#8211; Poza Rica<\/strong><\/p>\n\n\n\n<ul class=\"wp-block-list\">\n<li class=\"has-text-color has-link-color wp-elements-66d5e2f335b0b910e0182d09f3a5dd22\" style=\"color:#7a1737\"><a href=\"https:\/\/www.ssaver.gob.mx\/administraciondepersonal\/wp-content\/uploads\/sites\/15\/2025\/05\/SESVER_SRH_DAP_02803_2025_JURISDICCION-SANITARIA-III-POZA-RICA_-26-NORTE_0001.pdf\">Convocatoria N\u00b0 05, 06, 07 &#8211; 2025 Jurisdicci\u00f3n Sanitaria Ofi. SESVER\/SRH\/DAP\/02803\/2025 &#8211; SNTSA Secci\u00f3n 26 &#8211; NORTE<\/a><\/li>\n<\/ul>\n\n\n\n<p class=\"has-text-color has-link-color wp-elements-d65d35cf4e95114bee217cbdeb0b943f\" style=\"color:#7a1737\">Hospital Regional de Poza Rica de Hidalgo<\/p>\n\n\n\n<ul class=\"wp-block-list\">\n<li class=\"has-text-color has-link-color wp-elements-516631848188463bd7c40d7e6383ab54\" style=\"color:#7a1737\"><a href=\"https:\/\/www.ssaver.gob.mx\/administraciondepersonal\/wp-content\/uploads\/sites\/15\/2025\/05\/SESVER_SRH_DAP_02825_2025_HOSPITAL-REGIONAL-DE-POZA-RICA_STSPEEV_0001.pdf\">Convocatoria N\u00b0 02 &#8211; 2025 Hospital. SESVER\/SRH\/DAP\/02825\/2025 &#8211; STSPEEV<\/a><\/li>\n<\/ul>\n\n\n\n<p class=\"has-text-color has-link-color wp-elements-8a7ebebad9fdbf8f2645a3a056046b37\" style=\"color:#7a1737\">Hospital General de Papantla \u00abDr. Jos\u00e9 Buill Belenguer\u00bb<\/p>\n\n\n\n<p class=\"has-text-color has-link-color wp-elements-d60d37f7400b9ddc43cdba4a72e0b5e4\" style=\"color:#7a1737\"><\/p>\n\n\n\n<p class=\"has-text-color has-link-color wp-elements-3b2307d5c8a5d43f00b7d48937b1d891\" style=\"color:#7a1737\">Hospital de la Comunidad de Huayacocotla<\/p>\n\n\n\n<ul class=\"wp-block-list\">\n<li class=\"has-text-color has-link-color wp-elements-f533783a416fcc7d3efdd8038ebe2543\" style=\"color:#7a1737\"><a href=\"https:\/\/www.ssaver.gob.mx\/administraciondepersonal\/wp-content\/uploads\/sites\/15\/2025\/05\/SESVER_SRH_DAP_3153_2025_HOSPITAL-GENERAL-DE-HUAYACOCOTLA_26-NORTE_0001.pdf\">Convocatoria N\u00b0 03 &#8211; 2025 Hospital Ofi. SESVER\/SRH\/DAP\/03153\/2025 \u2013 SNTSA 26 NORTE<\/a><\/li>\n<\/ul>\n\n\n\n<p class=\"has-text-color has-link-color wp-elements-205b558d3bdc3143456e9ddf739274b2\" style=\"color:#7a1737\">Hospital de la Comunidad de Llano En medio<\/p>\n\n\n\n<p class=\"has-text-color has-link-color wp-elements-d60d37f7400b9ddc43cdba4a72e0b5e4\" style=\"color:#7a1737\"><\/p>\n\n\n\n<p class=\"has-text-color has-link-color wp-elements-857cd97c93b62ded754ac38872372b1f\" style=\"color:#7a1737\">Hospital de la Comunidad de Entabladero<\/p>\n\n\n\n<p class=\"has-text-color has-link-color wp-elements-d60d37f7400b9ddc43cdba4a72e0b5e4\" style=\"color:#7a1737\"><\/p>\n\n\n\n<p class=\"has-text-color has-link-color wp-elements-505eaa3659bd96dadceafa9c9e739b11\" style=\"color:#7a1737\">Casa Hogar del Adulto Mayor \u00abLi Mash Kan\u00bb<\/p>\n\n\n\n<p class=\"has-text-color has-link-color wp-elements-b0375fb85a4dc879dd0fb2bd4863d3d2\" style=\"color:#7a1737\"><strong>Jurisdicci\u00f3n Sanitaria No. IV &#8211; Mart\u00ednez de la Torre<\/strong><\/p>\n\n\n\n<ul class=\"wp-block-list\">\n<li class=\"has-text-color has-link-color wp-elements-24391ab9fc0f9294c7147b9570506b61\" style=\"color:#7a1737\"><a href=\"https:\/\/www.ssaver.gob.mx\/administraciondepersonal\/wp-content\/uploads\/sites\/15\/2025\/05\/SESVER_SRH_DAP_2804_JURISDICCION-SANITARIA-IV-MARTINEZ-DE-LA-TORRE_SETSSV_0001.pdf\">Convocatoria N\u00b0 12 &#8211; 2025 Jurisdicci\u00f3n Sanitaria Ofi. SESVER\/SRH\/DAP\/02804\/2025 \u2013 SETSSV<\/a><\/li>\n<\/ul>\n\n\n\n<p class=\"has-text-color has-link-color wp-elements-aa583dcef0a09b44237b816268641607\" style=\"color:#7a1737\">Hospital General de Mart\u00ednez de la Torre \u00abManuel \u00c1vila Camacho\u00bb<\/p>\n\n\n\n<ul class=\"wp-block-list\">\n<li class=\"has-text-color has-link-color wp-elements-ff1c5764f3e84ef3382bf874b3dfea4d\" style=\"color:#7a1737\"><a href=\"https:\/\/www.ssaver.gob.mx\/administraciondepersonal\/wp-content\/uploads\/sites\/15\/2025\/05\/SESVER_SRH_DAP_2823_2025_HOSPITAL-GENERAL-DE-MARTINEZ-DE-LA-TORRE_SETUSSV_0001.pdf\">Convocatoria N\u00b0 04 &#8211; 2025 Hospital. SESVER\/SRH\/DAP\/02823\/2025 &#8211; SETUSSV<\/a><\/li>\n<\/ul>\n\n\n\n<p class=\"has-text-color has-link-color wp-elements-a912931fb2bd1634bd3263eb8e8b9474\" style=\"color:#7a1737\">Hospital General de Misantla<\/p>\n\n\n\n<p class=\"has-text-color has-link-color wp-elements-d60d37f7400b9ddc43cdba4a72e0b5e4\" style=\"color:#7a1737\"><\/p>\n\n\n\n<p class=\"has-text-color has-link-color wp-elements-76bd37c2d470130cbbed9da4b1ac1d8b\" style=\"color:#7a1737\">Hospital de la Comunidad de Guti\u00e9rrez Zamora<\/p>\n\n\n\n<ul class=\"wp-block-list\">\n<li class=\"has-text-color has-link-color wp-elements-65917d777bce7d5ec726347354909dbf\" style=\"color:#7a1737\"><a href=\"https:\/\/www.ssaver.gob.mx\/administraciondepersonal\/wp-content\/uploads\/sites\/15\/2025\/05\/SESVER_SRH_DAP_2824_HOSPITAL-DE-LA-COMUNIDAD-DE-GUTIERREZ-ZAMORA_SETUSV_0001.pdf\">Convocatoria N\u00b0 05 &#8211; 2025 Hospital. SESVER\/SRH\/DAP\/02824\/2025 &#8211; SETUSSV<\/a><\/li>\n<\/ul>\n\n\n\n<p class=\"has-text-color has-link-color wp-elements-01c3171c19d8f5aae05f3a77390e0fc3\" style=\"color:#7a1737\">Hospital de la Comunidad de Tlapacoyan<\/p>\n\n\n\n<p class=\"has-text-color has-link-color wp-elements-93c0573e59d25a700c8904278b64bb63\" style=\"color:#7a1737\"><strong>Jurisdicci\u00f3n Sanitaria No. V &#8211; Xalapa<\/strong><\/p>\n\n\n\n<ul class=\"wp-block-list\">\n<li class=\"has-text-color has-link-color wp-elements-d9c31735d237d855e47bd7ee89a1e9c8\" style=\"color:#7a1737\"><a href=\"https:\/\/www.ssaver.gob.mx\/administraciondepersonal\/wp-content\/uploads\/sites\/15\/2025\/05\/CONV-NUM-08_2025_SECCION-26-CENTRO_3827_2025.pdf\">Convocatoria N\u00b0 08 &#8211; 2025 Jurisdicci\u00f3n Sanitaria. SESVER\/SRH\/DAP\/03827\/2025 \u2013 SNTSA Secci\u00f3n 26 &#8211; CENTRO<\/a><\/li>\n<\/ul>\n\n\n\n<p class=\"has-text-color has-link-color wp-elements-4a2a3b373285e25a9a075b54f1dcdcb8\" style=\"color:#7a1737\">Hospital Regional de Xalapa \u00abDr. Luis F. Nach\u00f3n\u00bb<\/p>\n\n\n\n<ul class=\"wp-block-list\">\n<li class=\"has-text-color has-link-color wp-elements-c6ea718e4571cac7754dbcd7e779fc9c\" style=\"color:#7a1737\"><a href=\"https:\/\/www.ssaver.gob.mx\/administraciondepersonal\/wp-content\/uploads\/sites\/15\/2025\/05\/SESVER_SRH_DAP_3107_HOSPITAN-REGIONA-XALAPA-NACHON_SETSSV_0001.pdf\">Convocatoria N\u00b0 08 &#8211; 2025 Hospital. SESVER\/SRH\/DAP\/03107\/2025 &#8211; SETSSV<\/a><\/li>\n\n\n\n<li class=\"has-text-color has-link-color wp-elements-ce967a600f88de3693977fa5f335f6d3\" style=\"color:#7a1737\"><a href=\"https:\/\/www.ssaver.gob.mx\/administraciondepersonal\/wp-content\/uploads\/sites\/15\/2025\/05\/SESVER_SRH_DAP_2810_2025_HOSPITAL-REGIONAL-XALAPA-NACHON_SIDESSV_0001.pdf\">Convocatoria N\u00b0 01 &#8211; 2025 Hospital. SESVER\/SRH\/DAP\/02810\/2025 \u2013 SIDETSSV<\/a><\/li>\n<\/ul>\n\n\n\n<p class=\"has-text-color has-link-color wp-elements-c985bb9eda9b584274691f7660b4efed\" style=\"color:#7a1737\">Centro de Alta Especialidad \u00abDr. Rafael Lucio\u00bb<\/p>\n\n\n\n<ul class=\"wp-block-list\">\n<li class=\"has-text-color has-link-color wp-elements-116a4bb4bba5f4685a326621c231604d\" style=\"color:#7a1737\"><a href=\"https:\/\/www.ssaver.gob.mx\/administraciondepersonal\/wp-content\/uploads\/sites\/15\/2025\/05\/SESVER_SRH_DAP_2808_2025_CAE_SETSSV_0001.pdf\">Convocatoria N\u00b0 02, 03, 04, 05 &#8211; 2025 Hospital. SESVER\/SRH\/DAP\/02808\/2025 \u2013 SETSSV<\/a><\/li>\n\n\n\n<li class=\"has-text-color has-link-color wp-elements-90e964257709b4de2eb6f13baf4acfd6\" style=\"color:#7a1737\"><a href=\"https:\/\/www.ssaver.gob.mx\/administraciondepersonal\/wp-content\/uploads\/sites\/15\/2025\/05\/SESVER_SRH_DAP_3103_2025_CAE_SETUSSV_0001.pdf\">Convocatoria N\u00b0 01 &#8211; 2025 Hospital. SESVER\/SRH\/DAP\/03103\/2025 &#8211; SETUSSV<\/a><\/li>\n\n\n\n<li class=\"has-text-color has-link-color wp-elements-b02d50fc9b5be95ae9661343def0979c\" style=\"color:#7a1737\"><a href=\"https:\/\/www.ssaver.gob.mx\/administraciondepersonal\/wp-content\/uploads\/sites\/15\/2025\/05\/CONV-NUM-03_04_07_SECCION-26-CENTRO_3825_2025.pdf\">Convocatoria N\u00b0 03, 04, 07 &#8211; 2025 Hospital. SESVER\/SRH\/DAP\/03825\/2025 \u2013 SNTSA Secci\u00f3n 26 &#8211; CENTRO<\/a><\/li>\n\n\n\n<li class=\"has-text-color has-link-color wp-elements-edc81a4a87b7c8ab7f9770c14aeaa641\" style=\"color:#7a1737\"><a href=\"https:\/\/www.ssaver.gob.mx\/administraciondepersonal\/wp-content\/uploads\/sites\/15\/2025\/05\/SESVER_SRH_DAP_3102_2025_CAE_SITSIS_0001.pdf\">Convocatoria N\u00b0 01 &#8211; 2025 Hospital. SESVER\/SRH\/DAP\/03102\/2025 \u2013 SITSIS<\/a><\/li>\n<\/ul>\n\n\n\n<p class=\"has-text-color has-link-color wp-elements-1cfe91df792659e5a19d986b5825da8b\" style=\"color:#7a1737\">Centro Estatal de Cancerolog\u00eda \u00abDr. Miguel Dorantes Mesa\u00bb<\/p>\n\n\n\n<ul class=\"wp-block-list\">\n<li class=\"has-text-color has-link-color wp-elements-391641750ac420c3c060df5cc68c0ca3\" style=\"color:#7a1737\"><a href=\"https:\/\/www.ssaver.gob.mx\/administraciondepersonal\/wp-content\/uploads\/sites\/15\/2025\/05\/SESVER_SRH_DAP_2809_2025_CECAN_STSPEEV_0001.pdf\">Convocatoria N\u00b0 03 &#8211; 2025 Hospital. SESVER\/SRH\/DAP\/02809\/2025 \u2013 STSPEEV<\/a><\/li>\n\n\n\n<li class=\"has-text-color has-link-color wp-elements-aa1347aa99af325a687339457e060aa5\" style=\"color:#7a1737\"><a href=\"https:\/\/www.ssaver.gob.mx\/administraciondepersonal\/wp-content\/uploads\/sites\/15\/2025\/05\/SESVER_SRH_DAP_3108_CECAN_SETUSSV_0001.pdf\">Convocatoria N\u00b0 02, 03, 06 &#8211; 2025 Hospital. SESVER\/SRH\/DAP\/03108\/2025 &#8211; SETUSSV<\/a><\/li>\n<\/ul>\n\n\n\n<p class=\"has-text-color has-link-color wp-elements-c1a6e47bc9d66297873346e0856b652e\" style=\"color:#7a1737\">Instituto Veracruzano de Salud Mental \u00abDr. Rafael Velasco Fern\u00e1ndez\u00bb<\/p>\n\n\n\n<p class=\"has-text-color has-link-color wp-elements-d60d37f7400b9ddc43cdba4a72e0b5e4\" style=\"color:#7a1737\"><\/p>\n\n\n\n<p class=\"has-text-color has-link-color wp-elements-2fb64363c083b5f8988bca9e0a9f2496\" style=\"color:#7a1737\">Hospital General de Altotonga \u00abEufrosina Camacho\u00bb<\/p>\n\n\n\n<ul class=\"wp-block-list\">\n<li class=\"has-text-color has-link-color wp-elements-1ca2c5210a94d198963b4d12cc82d7f5\" style=\"color:#7a1737\"><a href=\"https:\/\/www.ssaver.gob.mx\/administraciondepersonal\/wp-content\/uploads\/sites\/15\/2025\/05\/SESVER_SRH_DAP_02821_2025_HOSPITAL-GENERAL-DE-ALTOTONGA_SETSSV_0001.pdf\">Convocatoria N\u00b0 09 &#8211; 2025 Hospital. SESVER\/SRH\/DAP\/02821\/2025 &#8211; SETSSV<\/a><\/li>\n<\/ul>\n\n\n\n<p class=\"has-text-color has-link-color wp-elements-7a398d54ea6d4adccbb2ae410fa4d3a9\" style=\"color:#7a1737\">Hospital General de Perote<\/p>\n\n\n\n<p class=\"has-text-color has-link-color wp-elements-04ecc7d08940bfcdd6452a145bb449f8\" style=\"color:#7a1737\">Hospital de la Comunidad de Naolinco<\/p>\n\n\n\n<ul class=\"wp-block-list\">\n<li class=\"has-text-color has-link-color wp-elements-8881d219f0d626b3214be41dcf6e6cee\" style=\"color:#7a1737\"><\/li>\n<\/ul>\n\n\n\n<p class=\"has-text-color has-link-color wp-elements-a4dd7720ff70869661abd2cabec1d817\" style=\"color:#7a1737\">Hospital de la Comunidad de Coatepec<\/p>\n\n\n\n<ul class=\"wp-block-list\">\n<li><\/li>\n<\/ul>\n\n\n\n<p class=\"has-text-color has-link-color wp-elements-8329e3015a5f3af22b61d2aa0a741f52\" style=\"color:#7a1737\">Casa Hogar del Adulto Mayor \u00abMariana Sayago\u00bb<\/p>\n\n\n\n<ul class=\"wp-block-list\">\n<li><\/li>\n<\/ul>\n\n\n\n<p class=\"has-text-color has-link-color wp-elements-d059dd6b3fb676e10b11df92d52de9c6\" style=\"color:#7a1737\">Hospital de la Comunidad de Teocelo<\/p>\n\n\n\n<ul class=\"wp-block-list\">\n<li><\/li>\n<\/ul>\n\n\n\n<p class=\"has-text-color has-link-color wp-elements-db01d8b1ae5a6fd7cb258886d2ba459b\" style=\"color:#7a1737\">Centro de Salud con Hospitalizaci\u00f3n de Alto Lucero de Guti\u00e9rrez Barrios, Ver.<\/p>\n\n\n\n<p class=\"has-text-color has-link-color wp-elements-02cff2bcf3a40e97692a0f26643ee1ec\" style=\"color:#7a1737\"><strong>Jurisdicci\u00f3n Sanitaria No. VI &#8211; C\u00f3rdoba<\/strong><\/p>\n\n\n\n<ul class=\"wp-block-list\">\n<li class=\"has-text-color has-link-color wp-elements-8881d219f0d626b3214be41dcf6e6cee\" style=\"color:#7a1737\"><\/li>\n<\/ul>\n\n\n\n<p class=\"has-text-color has-link-color wp-elements-0e40bd5a8f16358c52680fd82a15e200\" style=\"color:#7a1737\">Hospital General de Huatusco \u201cDr. Dar\u00edo M\u00e9ndez Lima\u201d<\/p>\n\n\n\n<p class=\"has-text-color has-link-color wp-elements-2a8b663843af414f7c0fa9d95a20324d\" style=\"color:#7a1737\">Hospital General de C\u00f3rdoba \u00abYanga\u00bb<\/p>\n\n\n\n<ul class=\"wp-block-list\">\n<li class=\"has-text-color has-link-color wp-elements-0757a784c05b1047d500f24b9fd41140\" style=\"color:#7a1737\"><a href=\"https:\/\/www.ssaver.gob.mx\/administraciondepersonal\/wp-content\/uploads\/sites\/15\/2025\/05\/CONV-NUM-06_2025_SECCION-26-CENTRO_3826_2025.pdf\">Convocatoria N\u00b0 06 &#8211; 2025 Hospital. SESVER\/SRH\/DAP\/03826\/2025 \u2013 SNTSA Secci\u00f3n 26 &#8211; CENTRO<\/a><\/li>\n<\/ul>\n\n\n\n<p class=\"has-text-color has-link-color wp-elements-25386c7a44bb49b4b57bb4e8f54634fd\" style=\"color:#7a1737\">Hospital de la Comunidad de Tezonapa<\/p>\n\n\n\n<p class=\"has-text-color has-link-color wp-elements-d60d37f7400b9ddc43cdba4a72e0b5e4\" style=\"color:#7a1737\"><\/p>\n\n\n\n<p class=\"has-text-color has-link-color wp-elements-0390f96f764d2dd04ee9a11eebcfb908\" style=\"color:#7a1737\"><strong>Jurisdicci\u00f3n Sanitaria No. VII &#8211; Orizaba<\/strong><\/p>\n\n\n\n<ul class=\"wp-block-list\">\n<li class=\"has-text-color has-link-color wp-elements-8881d219f0d626b3214be41dcf6e6cee\" style=\"color:#7a1737\"><\/li>\n<\/ul>\n\n\n\n<p class=\"has-text-color has-link-color wp-elements-e5d1707158e0cad7cb903a5e64f005da\" style=\"color:#7a1737\">Hospital de la Comunidad de Tlaquilpa<\/p>\n\n\n\n<ul class=\"wp-block-list\">\n<li class=\"has-text-color has-link-color wp-elements-8881d219f0d626b3214be41dcf6e6cee\" style=\"color:#7a1737\"><\/li>\n<\/ul>\n\n\n\n<p class=\"has-text-color has-link-color wp-elements-e39b568802fa83d3a7ac4f9d7a4a614d\" style=\"color:#7a1737\">Hospital de Salud Mental de Orizaba \u00abDr. V\u00edctor M. Concha V\u00e1squez\u00bb<\/p>\n\n\n\n<ul class=\"wp-block-list\">\n<li class=\"has-text-color has-link-color wp-elements-2f270f944ab090398b3610a39d5e7a0e\" style=\"color:#7a1737\"><a href=\"https:\/\/www.ssaver.gob.mx\/administraciondepersonal\/wp-content\/uploads\/sites\/15\/2025\/05\/SESVER_SRH_DAP_2820_2025_HOSPITAL-DE-SALUD-MENTAL-ORIZABA_2025_SETSSV_0001.pdf\">Convocatoria N\u00b0 01 &#8211; 2025 Hospital. SESVER\/SRH\/DAP\/02820\/2025 &#8211; SETSSV<\/a><\/li>\n<\/ul>\n\n\n\n<p class=\"has-text-color has-link-color wp-elements-1575bc81d4d3775e0cadaec8e29fea27\" style=\"color:#7a1737\">Hospital Regional de R\u00edo Blanco<\/p>\n\n\n\n<ul class=\"wp-block-list\">\n<li class=\"has-text-color has-link-color wp-elements-8881d219f0d626b3214be41dcf6e6cee\" style=\"color:#7a1737\"><\/li>\n<\/ul>\n\n\n\n<p class=\"has-text-color has-link-color wp-elements-d3f20d078da88cc393d15b50bc2a26fa\" style=\"color:#7a1737\"><strong>Jefe de la Jurisdicci\u00f3n Sanitaria No. VIII &#8211; Veracruz<\/strong><\/p>\n\n\n\n<ul class=\"wp-block-list\">\n<li class=\"has-text-color has-link-color wp-elements-d957bec2078ca587cfef6c78a289bf9b\" style=\"color:#7a1737\"><a href=\"https:\/\/www.ssaver.gob.mx\/administraciondepersonal\/wp-content\/uploads\/sites\/15\/2025\/05\/CONV-NUM-02_04_2025_SECCION-71_3829_2025.pdf\">Convocatoria N\u00b0 02, 04 &#8211; 2025 Jurisdicci\u00f3n Sanitaria. SESVER\/SRH\/DAP\/03829\/2025 \u2013 SNTSA Secci\u00f3n 71<\/a><\/li>\n<\/ul>\n\n\n\n<p class=\"has-text-color has-link-color wp-elements-b6ae7212d63397240b0094eec5915b68\" style=\"color:#7a1737\">Hospital de la Comunidad de Alvarado<\/p>\n\n\n\n<ul class=\"wp-block-list\">\n<li class=\"has-text-color has-link-color wp-elements-8881d219f0d626b3214be41dcf6e6cee\" style=\"color:#7a1737\"><\/li>\n<\/ul>\n\n\n\n<p class=\"has-text-color has-link-color wp-elements-d7653105738dda1b1135ec130b7ae7f0\" style=\"color:#7a1737\">Hospital de Alta Especialidad de Veracruz<\/p>\n\n\n\n<ul class=\"wp-block-list\">\n<li class=\"has-text-color has-link-color wp-elements-8881d219f0d626b3214be41dcf6e6cee\" style=\"color:#7a1737\"><\/li>\n<\/ul>\n\n\n\n<p class=\"has-text-color has-link-color wp-elements-469479668ff40e35ed482dfe84d8939f\" style=\"color:#7a1737\">Centro Estatal de la Transfusi\u00f3n Sangu\u00ednea<\/p>\n\n\n\n<ul class=\"wp-block-list\">\n<li class=\"has-text-color has-link-color wp-elements-55a8c6394fcc140e6de7c619fe15ffd1\" style=\"color:#7a1737\"><a href=\"https:\/\/www.ssaver.gob.mx\/administraciondepersonal\/wp-content\/uploads\/sites\/15\/2025\/05\/SESVER_SRH_DAP_2819_2025_CENTRO-ESTATAL-DE-TRANSFUSION-SANGUINEA_2025_SNTSA-SECC-40.pdf\">Convocatoria N\u00b0 02 &#8211; 2025 Hospital Ofi. SESVER\/SRH\/DAP\/02819\/2025 \u2013 SNTSA SECCION 40<\/a><\/li>\n<\/ul>\n\n\n\n<p class=\"has-text-color has-link-color wp-elements-0dc515c5d26d880ceb40b1d5b37d86d3\" style=\"color:#7a1737\">Centro Estatal Contra las Adicciones\u201d<\/p>\n\n\n\n<p class=\"has-text-color has-link-color wp-elements-00c5ae9a7b568877f80d5381fd8f6168\" style=\"color:#7a1737\">Laboratorio Estatal de Salud P\u00fablica<\/p>\n\n\n\n<ul class=\"wp-block-list\">\n<li class=\"has-text-color has-link-color wp-elements-8881d219f0d626b3214be41dcf6e6cee\" style=\"color:#7a1737\"><\/li>\n<\/ul>\n\n\n\n<p class=\"has-text-color has-link-color wp-elements-a5fbcc9a146fb6139d03571fcafb822a\" style=\"color:#7a1737\">Hospital General de Cardel<\/p>\n\n\n\n<ul class=\"wp-block-list\">\n<li class=\"has-text-color has-link-color wp-elements-8881d219f0d626b3214be41dcf6e6cee\" style=\"color:#7a1737\"><\/li>\n<\/ul>\n\n\n\n<p class=\"has-text-color has-link-color wp-elements-a0448889966f8a4d20478b076f8bdc7d\" style=\"color:#7a1737\">Hospital General de Tarimoya<\/p>\n\n\n\n<ul class=\"wp-block-list\">\n<li class=\"has-text-color has-link-color wp-elements-b890ef4bfa6d074e727aca4df209e8d3\" style=\"color:#7a1737\"><a href=\"https:\/\/www.ssaver.gob.mx\/administraciondepersonal\/wp-content\/uploads\/sites\/15\/2025\/05\/SESVER_SRH_DAP_02818_2025_HOSPITAL-GENERAL-DE-TARIMOYA_26-SUR_0001.pdf\">Convocatoria N\u00b0 05 &#8211; 2025 Hospital Ofic. SRH\/DAP\/02818\/2025 \u2013 SNTSA 26 SUR<\/a><\/li>\n<\/ul>\n\n\n\n<p class=\"has-text-color has-link-color wp-elements-70200c159c1c0ce59194f53cd4abbc54\" style=\"color:#7a1737\">Hospital de la Comunidad de Tlalixcoyan<\/p>\n\n\n\n<ul class=\"wp-block-list\">\n<li class=\"has-text-color has-link-color wp-elements-8881d219f0d626b3214be41dcf6e6cee\" style=\"color:#7a1737\"><\/li>\n<\/ul>\n\n\n\n<p class=\"has-text-color has-link-color wp-elements-5edbf689f4918ae124691b032c942ee2\" style=\"color:#7a1737\">Hogar del Ni\u00f1o \u00abManuel Guti\u00e9rrez Zamora\u00bb<\/p>\n\n\n\n<ul class=\"wp-block-list\">\n<li class=\"has-text-color has-link-color wp-elements-fb3ca9ebcb4e7496bb2667a5d42dfcaa\" style=\"color:#7a1737\"><a href=\"https:\/\/www.ssaver.gob.mx\/administraciondepersonal\/wp-content\/uploads\/sites\/15\/2025\/05\/SESVER_SRH_DAP_02812_2025_HOGAR-DEL-NINO-MANUEL-GUTIERREZ-ZAMORA_SETSSV_0001.pdf\">Convocatoria N\u00b0 07, 10 &#8211; 2025 Hospital Ofic. SRH\/DAP\/02812\/2025 \u2013 SETSSV<\/a><\/li>\n<\/ul>\n\n\n\n<p class=\"has-text-color has-link-color wp-elements-b5e8525bc2958231b92b6e5697264e1d\" style=\"color:#7a1737\">Hospital General de Boca del R\u00edo<\/p>\n\n\n\n<ul class=\"wp-block-list\">\n<li class=\"has-text-color has-link-color wp-elements-c4611f9bc7cb97815c3e64743e025932\" style=\"color:#7a1737\"><a href=\"https:\/\/www.ssaver.gob.mx\/administraciondepersonal\/wp-content\/uploads\/sites\/15\/2025\/05\/SESVER_SRH_DAP_02815_2025_HOSPITAL-GENERAL-DE-BOCA-DEL-RIO_SECCION-40_0001.pdf\">Convocatoria N\u00b0 01 &#8211; 2025 Hospital Ofi. SESVER\/SRH\/DAP\/02815\/2025 \u2013 SNTSA SECCION 40<\/a><\/li>\n<\/ul>\n\n\n\n<p class=\"has-text-color has-link-color wp-elements-96ba1234dac0310b1225106e458ab63d\" style=\"color:#7a1737\"><strong>Jefe de la Jurisdicci\u00f3n Sanitaria No. IX &#8211; Cosamaloapan<\/strong><\/p>\n\n\n\n<ul class=\"wp-block-list\">\n<li class=\"has-text-color has-link-color wp-elements-8881d219f0d626b3214be41dcf6e6cee\" style=\"color:#7a1737\"><\/li>\n<\/ul>\n\n\n\n<p class=\"has-text-color has-link-color wp-elements-79041e71537d88c7a1296ce2ece29e9a\" style=\"color:#7a1737\">Hospital General de Cosamaloapan \u00abDr. V\u00edctor Manuel Pital\u00faa Gonz\u00e1lez\u00bb<\/p>\n\n\n\n<ul class=\"wp-block-list\">\n<li class=\"has-text-color has-link-color wp-elements-8881d219f0d626b3214be41dcf6e6cee\" style=\"color:#7a1737\"><\/li>\n<\/ul>\n\n\n\n<p class=\"has-text-color has-link-color wp-elements-278aaaa290f7bbdc28081ab631aa160b\" style=\"color:#7a1737\">Hospital General de Tierra Blanca \u00abJes\u00fas Garc\u00eda Corona\u00bb<\/p>\n\n\n\n<ul class=\"wp-block-list\">\n<li class=\"has-text-color has-link-color wp-elements-367f187d3a8075274f6dd9ca6e794a89\" style=\"color:#7a1737\"><a href=\"https:\/\/www.ssaver.gob.mx\/administraciondepersonal\/wp-content\/uploads\/sites\/15\/2025\/05\/SESVER_SRH_DAP_02822_2025_HOSPITAL-GENERAL-TIERRA-BLANCA_SETSSV_0001.pdf\">Convocatoria N\u00b0 11 &#8211; 2025 Hospital. SESVER\/SRH\/DAP\/02822\/2025 &#8211; SETSSV<\/a><\/li>\n<\/ul>\n\n\n\n<p class=\"has-text-color has-link-color wp-elements-2ebb77c8b6ac7028d36229729403d4aa\" style=\"color:#7a1737\">Hospital de la Comunidad de Jos\u00e9 Azueta<\/p>\n\n\n\n<ul class=\"wp-block-list\">\n<li class=\"has-text-color has-link-color wp-elements-8474af425565a1fccd262d1cc541112c\" style=\"color:#7a1737\"><a href=\"https:\/\/www.ssaver.gob.mx\/administraciondepersonal\/wp-content\/uploads\/sites\/15\/2025\/05\/SESVER_SRH_DAP_02816_2025_HOSPITAL-DE-LA-COMUNIDAD-DE-AZUETA_26-SUR_0001.pdf\">Convocatoria N\u00b0 02 &#8211; 2025 Hospital Ofi. SESVER\/SRH\/DAP\/02816\/2025 \u2013 SNTSA 26 SUR<\/a><\/li>\n<\/ul>\n\n\n\n<p class=\"has-text-color has-link-color wp-elements-90547493c6bfb3eda870b857d7ad6614\" style=\"color:#7a1737\">Hospital de la Comunidad de Playa Vicente<\/p>\n\n\n\n<ul class=\"wp-block-list\">\n<li class=\"has-text-color has-link-color wp-elements-8881d219f0d626b3214be41dcf6e6cee\" style=\"color:#7a1737\"><\/li>\n<\/ul>\n\n\n\n<p class=\"has-text-color has-link-color wp-elements-62e0d07dd486f902ac3d98626bf45349\" style=\"color:#7a1737\">Hospital de la Comunidad de Tlacotalpan<\/p>\n\n\n\n<p class=\"has-text-color has-link-color wp-elements-1eaac0d5e0be4b140123351566d7aee0\" style=\"color:#7a1737\">Hospital General de Isla<\/p>\n\n\n\n<ul class=\"wp-block-list\">\n<li class=\"has-text-color has-link-color wp-elements-8881d219f0d626b3214be41dcf6e6cee\" style=\"color:#7a1737\"><\/li>\n<\/ul>\n\n\n\n<p class=\"has-text-color has-link-color wp-elements-216620604a4b30d1bef8a5b5dc7ffe8f\" style=\"color:#7a1737\"><strong>Jurisdicci\u00f3n Sanitaria No. X &#8211; San Andr\u00e9s Tuxtla<\/strong><\/p>\n\n\n\n<ul class=\"wp-block-list\">\n<li class=\"has-text-color has-link-color wp-elements-3493f319c6d05e2d161afcc4e86fd2d3\" style=\"color:#7a1737\"><a href=\"https:\/\/www.ssaver.gob.mx\/administraciondepersonal\/wp-content\/uploads\/sites\/15\/2025\/05\/SESVER_SRH_DAP_02806_2025_JURISDICCION-SANITARIA-X-SAN-ANDRES-TUXTLA_-26-SUR_0001.pdf\">Convocatoria N\u00b0 01 &#8211; 2025 Jurisdicci\u00f3n Sanitaria Ofi. SESVER\/SRH\/DAP\/02806\/2025 &#8211; SNTSA Secci\u00f3n 26 &#8211; SUR<\/a><\/li>\n\n\n\n<li class=\"has-text-color has-link-color wp-elements-04cd5cd8528605a4c1d096541161dba0\" style=\"color:#7a1737\"><a href=\"https:\/\/www.ssaver.gob.mx\/administraciondepersonal\/wp-content\/uploads\/sites\/15\/2025\/05\/CONV-NUM-01_2025_SJ.S.-NO.-X-SAN-ANDRES-TUXTLA_SECCION-71_3828_2025.pdf\">Convocatoria N\u00b0 01 &#8211; 2025 Jurisdicci\u00f3n Sanitaria. SESVER\/SRH\/DAP\/03828\/2025 \u2013 SNTSA Secci\u00f3n 71<\/a><\/li>\n<\/ul>\n\n\n\n<p class=\"has-text-color has-link-color wp-elements-36393e6e5f15074501f6b3828b50382d\" style=\"color:#7a1737\">Hospital General de San Andr\u00e9s Tuxtla \u00abDr. Bernardo Pe\u00f1a\u00bb<\/p>\n\n\n\n<ul class=\"wp-block-list\">\n<li class=\"has-text-color has-link-color wp-elements-8881d219f0d626b3214be41dcf6e6cee\" style=\"color:#7a1737\"><\/li>\n<\/ul>\n\n\n\n<p class=\"has-text-color has-link-color wp-elements-add7a043325cdb8506eda3fb0fbfd165\" style=\"color:#7a1737\">Hospital General de Santiago Tuxtla \u00abTeodoro Diez\u00bb<\/p>\n\n\n\n<ul class=\"wp-block-list\">\n<li><\/li>\n<\/ul>\n\n\n\n<p class=\"has-text-color has-link-color wp-elements-b429ea094917673f376410b04bd736a8\" style=\"color:#7a1737\">Hospital de la Comunidad de Suchilapan del R\u00edo \u00abCarmen Bouzas de L\u00f3pez Arias\u00bb<\/p>\n\n\n\n<ul class=\"wp-block-list\">\n<li><\/li>\n<\/ul>\n\n\n\n<p class=\"has-text-color has-link-color wp-elements-e8676c4fbe0dbc0168196b4612a15a2e\" style=\"color:#7a1737\">Hospital de la Comunidad de Catemaco<\/p>\n\n\n\n<p class=\"has-text-color has-link-color wp-elements-55bbda91dce0cd8bda7df2bf2ca84ccb\" style=\"color:#7a1737\">Hospital General de Oluta-Acayucan<\/p>\n\n\n\n<ul class=\"wp-block-list\">\n<li class=\"has-text-color has-link-color wp-elements-87997eb3d8a20b61d20ae9b318ac35bc\" style=\"color:#7a1737\"><a href=\"https:\/\/www.ssaver.gob.mx\/administraciondepersonal\/wp-content\/uploads\/sites\/15\/2025\/05\/SESVER_SRH_DAP_2817_2025_HOSPITAL-GENERLA-OLUTA-ACAYUCAN_-26-SUR_0001.pdf\">Convocatoria N\u00b0 03 &#8211; 2025 Hospital Ofic. SRH\/DAP\/02817\/2025 \u2013 SNTSA 26 SUR<\/a><\/li>\n<\/ul>\n\n\n\n<p class=\"has-text-color has-link-color wp-elements-0f28d70c3203daab06ccf988ed813705\" style=\"color:#7a1737\"><strong>Jurisdicci\u00f3n Sanitaria No. XI &#8211; Coatzacoalcos<\/strong><\/p>\n\n\n\n<ul class=\"wp-block-list\">\n<li class=\"has-text-color has-link-color wp-elements-c72865582727ef88d7a06d32ed0d561f\" style=\"color:#7a1737\"><a href=\"https:\/\/www.ssaver.gob.mx\/administraciondepersonal\/wp-content\/uploads\/sites\/15\/2025\/05\/SESVER_SRH_DAP_02807_2025_JURISDICCION-SANITARIA_-XI_-COATZACOALCOS_-26-SUR_0001.pdf\">Convocatoria N\u00b0 04 &#8211; 2025 Jurisdicci\u00f3n Sanitaria Ofi. SESVER\/SRH\/DAP\/02807\/2025 &#8211; SNTSA Secci\u00f3n 26 &#8211; SUR<\/a><\/li>\n<\/ul>\n\n\n\n<p class=\"has-text-color has-link-color wp-elements-438279cb7724f61fc31f7b2e79cc9991\" style=\"color:#7a1737\">Hospital de la Comunidad La Laguna Poblado 6<\/p>\n\n\n\n<p class=\"has-text-color has-link-color wp-elements-3bba00bf8e9eb3d32ecb09527c73f857\" style=\"color:#7a1737\">Hospital General de Minatitl\u00e1n<\/p>\n\n\n\n<ul class=\"wp-block-list\">\n<li class=\"has-text-color has-link-color wp-elements-03aee5db42811bcc3518d123118d2939\" style=\"color:#7a1737\"><a href=\"https:\/\/www.ssaver.gob.mx\/administraciondepersonal\/wp-content\/uploads\/sites\/15\/2025\/05\/SESVER_SRH_DAP_3109_2025_HOSPITAL-DE-MINATITLAN_SETSSV_0001.pdf\">Convocatoria N\u00b0 06 &#8211; 2025 Hospital Ofic. SRH\/DAP\/03109\/2025 \u2013 SETSSV<\/a><\/li>\n\n\n\n<li class=\"has-text-color has-link-color wp-elements-c29721c056cb62ad12fa6fe4e7c81401\" style=\"color:#7a1737\"><a href=\"https:\/\/www.ssaver.gob.mx\/administraciondepersonal\/wp-content\/uploads\/sites\/15\/2025\/05\/SESVER_SRH_DAP_2811_2025_HOSPITAL-GENERAL-DE-MINATITLAN_STSPEEV_0001.pdf\">Convocatoria N\u00b0 05 &#8211; 2025 Hospital Ofic. SRH\/DAP\/02811\/2025 \u2013 STSPEEV<\/a><\/li>\n<\/ul>\n\n\n\n<p class=\"has-text-color has-link-color wp-elements-91f3d7c3c14f0aad7068ab723b0d38c3\" style=\"color:#7a1737\">Hospital Regional de Coatzacoalcos \u00abDr. Valent\u00edn G\u00f3mez Far\u00edas\u00bb<\/p>\n\n\n\n<ul class=\"wp-block-list\">\n<li class=\"has-text-color has-link-color wp-elements-84329409e2809781d22f0da3995232f2\" style=\"color:#7a1737\"><a href=\"https:\/\/www.ssaver.gob.mx\/administraciondepersonal\/wp-content\/uploads\/sites\/15\/2025\/05\/SESVER_SRH_DAP_2474_SUTHRC_HOSPITAL-REGIOAL-DE-COATZACOALCOS_2025.pdf\">Convocatoria N\u00b0 01, 02, 03, 04, 05, 06, 07, 08, 09, 10, 11, 12, 13 &#8211; 2025 Hospital Ofic. SRH\/DAP\/02474\/2025 \u2013 SUTHRC<\/a><\/li>\n<\/ul>\n\n\n\n<p class=\"has-text-color has-link-color wp-elements-4ab39178e41878d097eeee1c94a4784d\" style=\"color:#7a1737\">Comunidad de Ixhuatl\u00e1n del Sureste<\/p>\n\n\n\n<ul class=\"wp-block-list\">\n<li class=\"has-text-color has-link-color wp-elements-8881d219f0d626b3214be41dcf6e6cee\" style=\"color:#7a1737\"><\/li>\n<\/ul>\n\n\n\n<p class=\"has-text-color has-link-color wp-elements-5f225dd2013ea3db987c1bb7ebbc102b\" style=\"color:#7a1737\">Comunidad de Tonalapan<\/p>\n\n\n\n<ul class=\"wp-block-list\">\n<li class=\"has-text-color has-link-color wp-elements-8881d219f0d626b3214be41dcf6e6cee\" style=\"color:#7a1737\"><\/li>\n<\/ul>\n\n\n\n<p class=\"has-text-color has-link-color wp-elements-2ab9c44ce1bb7cf397387aef1ed53355\" style=\"color:#7a1737\">Comunidad de Pedro Coronel P\u00e9rez<\/p>\n\n\n\n<p class=\"has-text-color has-link-color wp-elements-8b3f749b028476e56de43ced28d2a2fa\" style=\"color:#7a1737\">Comunidad de Allende<\/p>\n\n\n\n<p class=\"has-text-color has-link-color wp-elements-e8f3334cbf62d02b1743b3eeba8e6cbe\" style=\"color:#7a1737\">Hospital General de Cosoleacaque<\/p>\n<\/div>\n\n\n\n<div class=\"wp-block-column is-layout-flow wp-block-column-is-layout-flow\">\n<p class=\"has-text-color has-link-color wp-elements-f09ae897758091efc74df0e3be77ebd0\" style=\"color:#7a1737\"><strong>Oficina Central &#8211; Xalapa<\/strong><\/p>\n\n\n\n<ul class=\"wp-block-list\">\n<li class=\"has-text-color has-link-color wp-elements-8881d219f0d626b3214be41dcf6e6cee\" style=\"color:#7a1737\"><\/li>\n<\/ul>\n\n\n\n<p class=\"has-text-color has-link-color wp-elements-0fd5112917eb0be9cd3b98302e313fc3\" style=\"color:#7a1737\"><strong>Jurisdicci\u00f3n Sanitaria No. I &#8211; P\u00e1nuco<\/strong><\/p>\n\n\n\n<ul class=\"wp-block-list\">\n<li class=\"has-text-color has-link-color wp-elements-8881d219f0d626b3214be41dcf6e6cee\" style=\"color:#7a1737\"><\/li>\n<\/ul>\n\n\n\n<p class=\"has-text-color has-link-color wp-elements-3ad27a9d3f6b1c46c408104b913cff26\" style=\"color:#7a1737\">Hospital General de P\u00e1nuco \u00abDr. Manuel I. \u00c1vila\u00bb<\/p>\n\n\n\n<ul class=\"wp-block-list\">\n<li class=\"has-text-color has-link-color wp-elements-8881d219f0d626b3214be41dcf6e6cee\" style=\"color:#7a1737\"><\/li>\n<\/ul>\n\n\n\n<p class=\"has-text-color has-link-color wp-elements-303326db77e6408e98d960a1a45b1103\" style=\"color:#7a1737\">Hospital de la Comunidad de Ozuluama de Mascare\u00f1as<\/p>\n\n\n\n<ul class=\"wp-block-list\">\n<li class=\"has-text-color has-link-color wp-elements-8881d219f0d626b3214be41dcf6e6cee\" style=\"color:#7a1737\"><\/li>\n<\/ul>\n\n\n\n<p class=\"has-text-color has-link-color wp-elements-497e71956113f42026492dcd022e8223\" style=\"color:#7a1737\">Hospital General de Tantoyuca<\/p>\n\n\n\n<ul class=\"wp-block-list\">\n<li class=\"has-text-color has-link-color wp-elements-8881d219f0d626b3214be41dcf6e6cee\" style=\"color:#7a1737\"><\/li>\n<\/ul>\n\n\n\n<p class=\"has-text-color has-link-color wp-elements-f2e6b4b30fa4fffa32008ff1f6628803\" style=\"color:#7a1737\">Hospital de la Comunidad de Tempoal<\/p>\n\n\n\n<ul class=\"wp-block-list\">\n<li class=\"has-text-color has-link-color wp-elements-8881d219f0d626b3214be41dcf6e6cee\" style=\"color:#7a1737\"><\/li>\n<\/ul>\n\n\n\n<p class=\"has-text-color has-link-color wp-elements-b8b60a3fa89858475b48ea651a55a89f\" style=\"color:#7a1737\">UNEME de Plat\u00f3n S\u00e1nchez<\/p>\n\n\n\n<ul class=\"wp-block-list\">\n<li class=\"has-text-color has-link-color wp-elements-8881d219f0d626b3214be41dcf6e6cee\" style=\"color:#7a1737\"><\/li>\n<\/ul>\n\n\n\n<p class=\"has-text-color has-link-color wp-elements-4b09879c7994da424fcd5f4e5809bb4c\" style=\"color:#7a1737\"><strong>Jurisdicci\u00f3n Sanitaria No. II &#8211; Tuxpan<\/strong><\/p>\n\n\n\n<ul class=\"wp-block-list\">\n<li class=\"has-text-color has-link-color wp-elements-8881d219f0d626b3214be41dcf6e6cee\" style=\"color:#7a1737\"><\/li>\n<\/ul>\n\n\n\n<p class=\"has-text-color has-link-color wp-elements-7e0a565045b94ab2c33f04f670570dee\" style=\"color:#7a1737\">Hospital General de Tuxpan \u00abDr. Emilio Alc\u00e1zar\u201d<\/p>\n\n\n\n<ul class=\"wp-block-list\">\n<li class=\"has-text-color has-link-color wp-elements-8881d219f0d626b3214be41dcf6e6cee\" style=\"color:#7a1737\"><\/li>\n<\/ul>\n\n\n\n<p class=\"has-text-color has-link-color wp-elements-89579f4d852fbe37049ad616a7e85ad7\" style=\"color:#7a1737\">Hospital de la Comunidad de Naranjos<\/p>\n\n\n\n<ul class=\"wp-block-list\">\n<li class=\"has-text-color has-link-color wp-elements-8881d219f0d626b3214be41dcf6e6cee\" style=\"color:#7a1737\"><\/li>\n<\/ul>\n\n\n\n<p class=\"has-text-color has-link-color wp-elements-a1eae8cb603d56eac7756ccb41e3c96c\" style=\"color:#7a1737\">Hospital de la Comunidad de Cerro Azul<\/p>\n\n\n\n<ul class=\"wp-block-list\">\n<li class=\"has-text-color has-link-color wp-elements-8881d219f0d626b3214be41dcf6e6cee\" style=\"color:#7a1737\"><\/li>\n<\/ul>\n\n\n\n<p class=\"has-text-color has-link-color wp-elements-7b28b86412ae43d62cffd845e095910f\" style=\"color:#7a1737\">Hospital General de \u00c1lamo<\/p>\n\n\n\n<p class=\"has-text-color has-link-color wp-elements-a9f528efa37648ab242cf45badf0d8e2\" style=\"color:#7a1737\"><strong>Jurisdicci\u00f3n Sanitaria No. III &#8211; Poza Rica<\/strong><\/p>\n\n\n\n<ul class=\"wp-block-list\">\n<li class=\"has-text-color has-link-color wp-elements-8881d219f0d626b3214be41dcf6e6cee\" style=\"color:#7a1737\"><\/li>\n<\/ul>\n\n\n\n<p class=\"has-text-color has-link-color wp-elements-d65d35cf4e95114bee217cbdeb0b943f\" style=\"color:#7a1737\">Hospital Regional de Poza Rica de Hidalgo<\/p>\n\n\n\n<ul class=\"wp-block-list\">\n<li class=\"has-text-color has-link-color wp-elements-8881d219f0d626b3214be41dcf6e6cee\" style=\"color:#7a1737\"><\/li>\n<\/ul>\n\n\n\n<p class=\"has-text-color has-link-color wp-elements-8a7ebebad9fdbf8f2645a3a056046b37\" style=\"color:#7a1737\">Hospital General de Papantla \u00abDr. Jos\u00e9 Buill Belenguer\u00bb<\/p>\n\n\n\n<ul class=\"wp-block-list\">\n<li class=\"has-text-color has-link-color wp-elements-8881d219f0d626b3214be41dcf6e6cee\" style=\"color:#7a1737\"><\/li>\n<\/ul>\n\n\n\n<p class=\"has-text-color has-link-color wp-elements-3b2307d5c8a5d43f00b7d48937b1d891\" style=\"color:#7a1737\">Hospital de la Comunidad de Huayacocotla<\/p>\n\n\n\n<ul class=\"wp-block-list\">\n<li><\/li>\n<\/ul>\n\n\n\n<p class=\"has-text-color has-link-color wp-elements-205b558d3bdc3143456e9ddf739274b2\" style=\"color:#7a1737\">Hospital de la Comunidad de Llano En medio<\/p>\n\n\n\n<ul class=\"wp-block-list\">\n<li class=\"has-text-color has-link-color wp-elements-8881d219f0d626b3214be41dcf6e6cee\" style=\"color:#7a1737\"><\/li>\n<\/ul>\n\n\n\n<p class=\"has-text-color has-link-color wp-elements-857cd97c93b62ded754ac38872372b1f\" style=\"color:#7a1737\">Hospital de la Comunidad de Entabladero<\/p>\n\n\n\n<ul class=\"wp-block-list\">\n<li class=\"has-text-color has-link-color wp-elements-8881d219f0d626b3214be41dcf6e6cee\" style=\"color:#7a1737\"><\/li>\n<\/ul>\n\n\n\n<p class=\"has-text-color has-link-color wp-elements-505eaa3659bd96dadceafa9c9e739b11\" style=\"color:#7a1737\">Casa Hogar del Adulto Mayor \u00abLi Mash Kan\u00bb<\/p>\n\n\n\n<p class=\"has-text-color has-link-color wp-elements-b0375fb85a4dc879dd0fb2bd4863d3d2\" style=\"color:#7a1737\"><strong>Jurisdicci\u00f3n Sanitaria No. IV &#8211; Mart\u00ednez de la Torre<\/strong><\/p>\n\n\n\n<ul class=\"wp-block-list\">\n<li class=\"has-text-color has-link-color wp-elements-8881d219f0d626b3214be41dcf6e6cee\" style=\"color:#7a1737\"><\/li>\n<\/ul>\n\n\n\n<p class=\"has-text-color has-link-color wp-elements-aa583dcef0a09b44237b816268641607\" style=\"color:#7a1737\">Hospital General de Mart\u00ednez de la Torre \u00abManuel \u00c1vila Camacho\u00bb<\/p>\n\n\n\n<ul class=\"wp-block-list\">\n<li class=\"has-text-color has-link-color wp-elements-8881d219f0d626b3214be41dcf6e6cee\" style=\"color:#7a1737\"><\/li>\n<\/ul>\n\n\n\n<p class=\"has-text-color has-link-color wp-elements-a912931fb2bd1634bd3263eb8e8b9474\" style=\"color:#7a1737\">Hospital General de Misantla<\/p>\n\n\n\n<ul class=\"wp-block-list\">\n<li class=\"has-text-color has-link-color wp-elements-8881d219f0d626b3214be41dcf6e6cee\" style=\"color:#7a1737\"><\/li>\n<\/ul>\n\n\n\n<p class=\"has-text-color has-link-color wp-elements-76bd37c2d470130cbbed9da4b1ac1d8b\" style=\"color:#7a1737\">Hospital de la Comunidad de Guti\u00e9rrez Zamora<\/p>\n\n\n\n<ul class=\"wp-block-list\">\n<li class=\"has-text-color has-link-color wp-elements-8881d219f0d626b3214be41dcf6e6cee\" style=\"color:#7a1737\"><\/li>\n<\/ul>\n\n\n\n<p class=\"has-text-color has-link-color wp-elements-01c3171c19d8f5aae05f3a77390e0fc3\" style=\"color:#7a1737\">Hospital de la Comunidad de Tlapacoyan<\/p>\n\n\n\n<ul class=\"wp-block-list\">\n<li><\/li>\n<\/ul>\n\n\n\n<p class=\"has-text-color has-link-color wp-elements-93c0573e59d25a700c8904278b64bb63\" style=\"color:#7a1737\"><strong>Jurisdicci\u00f3n Sanitaria No. V &#8211; Xalapa<\/strong><\/p>\n\n\n\n<ul class=\"wp-block-list\">\n<li class=\"has-text-color has-link-color wp-elements-8881d219f0d626b3214be41dcf6e6cee\" style=\"color:#7a1737\"><\/li>\n<\/ul>\n\n\n\n<p class=\"has-text-color has-link-color wp-elements-4a2a3b373285e25a9a075b54f1dcdcb8\" style=\"color:#7a1737\">Hospital Regional de Xalapa \u00abDr. Luis F. Nach\u00f3n\u00bb<\/p>\n\n\n\n<ul class=\"wp-block-list\">\n<li class=\"has-text-color has-link-color wp-elements-8881d219f0d626b3214be41dcf6e6cee\" style=\"color:#7a1737\"><\/li>\n<\/ul>\n\n\n\n<p class=\"has-text-color has-link-color wp-elements-c985bb9eda9b584274691f7660b4efed\" style=\"color:#7a1737\">Centro de Alta Especialidad \u00abDr. Rafael Lucio\u00bb<\/p>\n\n\n\n<ul class=\"wp-block-list\">\n<li class=\"has-text-color has-link-color wp-elements-8881d219f0d626b3214be41dcf6e6cee\" style=\"color:#7a1737\"><\/li>\n<\/ul>\n\n\n\n<p class=\"has-text-color has-link-color wp-elements-1cfe91df792659e5a19d986b5825da8b\" style=\"color:#7a1737\">Centro Estatal de Cancerolog\u00eda \u00abDr. Miguel Dorantes Mesa\u00bb<\/p>\n\n\n\n<ul class=\"wp-block-list\">\n<li class=\"has-text-color has-link-color wp-elements-8881d219f0d626b3214be41dcf6e6cee\" style=\"color:#7a1737\"><\/li>\n<\/ul>\n\n\n\n<p class=\"has-text-color has-link-color wp-elements-c1a6e47bc9d66297873346e0856b652e\" style=\"color:#7a1737\">Instituto Veracruzano de Salud Mental \u00abDr. Rafael Velasco Fern\u00e1ndez\u00bb<\/p>\n\n\n\n<ul class=\"wp-block-list\">\n<li class=\"has-text-color has-link-color wp-elements-8881d219f0d626b3214be41dcf6e6cee\" style=\"color:#7a1737\"><\/li>\n<\/ul>\n\n\n\n<p class=\"has-text-color has-link-color wp-elements-2fb64363c083b5f8988bca9e0a9f2496\" style=\"color:#7a1737\">Hospital General de Altotonga \u00abEufrosina Camacho\u00bb<\/p>\n\n\n\n<ul class=\"wp-block-list\">\n<li class=\"has-text-color has-link-color wp-elements-8881d219f0d626b3214be41dcf6e6cee\" style=\"color:#7a1737\"><\/li>\n<\/ul>\n\n\n\n<p class=\"has-text-color has-link-color wp-elements-7a398d54ea6d4adccbb2ae410fa4d3a9\" style=\"color:#7a1737\">Hospital General de Perote<\/p>\n\n\n\n<p class=\"has-text-color has-link-color wp-elements-04ecc7d08940bfcdd6452a145bb449f8\" style=\"color:#7a1737\">Hospital de la Comunidad de Naolinco<\/p>\n\n\n\n<ul class=\"wp-block-list\">\n<li class=\"has-text-color has-link-color wp-elements-8881d219f0d626b3214be41dcf6e6cee\" style=\"color:#7a1737\"><\/li>\n<\/ul>\n\n\n\n<p class=\"has-text-color has-link-color wp-elements-a4dd7720ff70869661abd2cabec1d817\" style=\"color:#7a1737\">Hospital de la Comunidad de Coatepec<\/p>\n\n\n\n<ul class=\"wp-block-list\">\n<li class=\"has-text-color has-link-color wp-elements-8881d219f0d626b3214be41dcf6e6cee\" style=\"color:#7a1737\"><\/li>\n<\/ul>\n\n\n\n<p class=\"has-text-color has-link-color wp-elements-8329e3015a5f3af22b61d2aa0a741f52\" style=\"color:#7a1737\">Casa Hogar del Adulto Mayor \u00abMariana Sayago\u00bb<\/p>\n\n\n\n<ul class=\"wp-block-list\">\n<li><\/li>\n<\/ul>\n\n\n\n<p class=\"has-text-color has-link-color wp-elements-d059dd6b3fb676e10b11df92d52de9c6\" style=\"color:#7a1737\">Hospital de la Comunidad de Teocelo<\/p>\n\n\n\n<ul class=\"wp-block-list\">\n<li><\/li>\n<\/ul>\n\n\n\n<p class=\"has-text-color has-link-color wp-elements-db01d8b1ae5a6fd7cb258886d2ba459b\" style=\"color:#7a1737\">Centro de Salud con Hospitalizaci\u00f3n de Alto Lucero de Guti\u00e9rrez Barrios, Ver.<\/p>\n\n\n\n<p class=\"has-text-color has-link-color wp-elements-02cff2bcf3a40e97692a0f26643ee1ec\" style=\"color:#7a1737\"><strong>Jurisdicci\u00f3n Sanitaria No. VI &#8211; C\u00f3rdoba<\/strong><\/p>\n\n\n\n<ul class=\"wp-block-list\">\n<li class=\"has-text-color has-link-color wp-elements-8881d219f0d626b3214be41dcf6e6cee\" style=\"color:#7a1737\"><\/li>\n<\/ul>\n\n\n\n<p class=\"has-text-color has-link-color wp-elements-0e40bd5a8f16358c52680fd82a15e200\" style=\"color:#7a1737\">Hospital General de Huatusco \u201cDr. Dar\u00edo M\u00e9ndez Lima\u201d<\/p>\n\n\n\n<p class=\"has-text-color has-link-color wp-elements-2a8b663843af414f7c0fa9d95a20324d\" style=\"color:#7a1737\">Hospital General de C\u00f3rdoba \u00abYanga\u00bb<\/p>\n\n\n\n<ul class=\"wp-block-list\">\n<li class=\"has-text-color has-link-color wp-elements-8881d219f0d626b3214be41dcf6e6cee\" style=\"color:#7a1737\"><\/li>\n<\/ul>\n\n\n\n<p class=\"has-text-color has-link-color wp-elements-25386c7a44bb49b4b57bb4e8f54634fd\" style=\"color:#7a1737\">Hospital de la Comunidad de Tezonapa<\/p>\n\n\n\n<p class=\"has-text-color has-link-color wp-elements-d60d37f7400b9ddc43cdba4a72e0b5e4\" style=\"color:#7a1737\"><\/p>\n\n\n\n<p class=\"has-text-color has-link-color wp-elements-0390f96f764d2dd04ee9a11eebcfb908\" style=\"color:#7a1737\"><strong>Jurisdicci\u00f3n Sanitaria No. VII &#8211; Orizaba<\/strong><\/p>\n\n\n\n<ul class=\"wp-block-list\">\n<li class=\"has-text-color has-link-color wp-elements-8881d219f0d626b3214be41dcf6e6cee\" style=\"color:#7a1737\"><\/li>\n<\/ul>\n\n\n\n<p class=\"has-text-color has-link-color wp-elements-e5d1707158e0cad7cb903a5e64f005da\" style=\"color:#7a1737\">Hospital de la Comunidad de Tlaquilpa<\/p>\n\n\n\n<ul class=\"wp-block-list\">\n<li class=\"has-text-color has-link-color wp-elements-8881d219f0d626b3214be41dcf6e6cee\" style=\"color:#7a1737\"><\/li>\n<\/ul>\n\n\n\n<p class=\"has-text-color has-link-color wp-elements-e39b568802fa83d3a7ac4f9d7a4a614d\" style=\"color:#7a1737\">Hospital de Salud Mental de Orizaba \u00abDr. V\u00edctor M. Concha V\u00e1squez\u00bb<\/p>\n\n\n\n<ul class=\"wp-block-list\">\n<li class=\"has-text-color has-link-color wp-elements-8881d219f0d626b3214be41dcf6e6cee\" style=\"color:#7a1737\"><\/li>\n<\/ul>\n\n\n\n<p class=\"has-text-color has-link-color wp-elements-1575bc81d4d3775e0cadaec8e29fea27\" style=\"color:#7a1737\">Hospital Regional de R\u00edo Blanco<\/p>\n\n\n\n<ul class=\"wp-block-list\">\n<li class=\"has-text-color has-link-color wp-elements-8881d219f0d626b3214be41dcf6e6cee\" style=\"color:#7a1737\"><\/li>\n<\/ul>\n\n\n\n<p class=\"has-text-color has-link-color wp-elements-d3f20d078da88cc393d15b50bc2a26fa\" style=\"color:#7a1737\"><strong>Jefe de la Jurisdicci\u00f3n Sanitaria No. VIII &#8211; Veracruz<\/strong><\/p>\n\n\n\n<ul class=\"wp-block-list\">\n<li class=\"has-text-color has-link-color wp-elements-8881d219f0d626b3214be41dcf6e6cee\" style=\"color:#7a1737\"><\/li>\n<\/ul>\n\n\n\n<p class=\"has-text-color has-link-color wp-elements-b6ae7212d63397240b0094eec5915b68\" style=\"color:#7a1737\">Hospital de la Comunidad de Alvarado<\/p>\n\n\n\n<ul class=\"wp-block-list\">\n<li class=\"has-text-color has-link-color wp-elements-8881d219f0d626b3214be41dcf6e6cee\" style=\"color:#7a1737\"><\/li>\n<\/ul>\n\n\n\n<p class=\"has-text-color has-link-color wp-elements-d7653105738dda1b1135ec130b7ae7f0\" style=\"color:#7a1737\">Hospital de Alta Especialidad de Veracruz<\/p>\n\n\n\n<ul class=\"wp-block-list\">\n<li class=\"has-text-color has-link-color wp-elements-8881d219f0d626b3214be41dcf6e6cee\" style=\"color:#7a1737\"><\/li>\n<\/ul>\n\n\n\n<p class=\"has-text-color has-link-color wp-elements-469479668ff40e35ed482dfe84d8939f\" style=\"color:#7a1737\">Centro Estatal de la Transfusi\u00f3n Sangu\u00ednea<\/p>\n\n\n\n<ul class=\"wp-block-list\">\n<li class=\"has-text-color has-link-color wp-elements-8881d219f0d626b3214be41dcf6e6cee\" style=\"color:#7a1737\"><\/li>\n<\/ul>\n\n\n\n<p class=\"has-text-color has-link-color wp-elements-0dc515c5d26d880ceb40b1d5b37d86d3\" style=\"color:#7a1737\">Centro Estatal Contra las Adicciones\u201d<\/p>\n\n\n\n<p class=\"has-text-color has-link-color wp-elements-00c5ae9a7b568877f80d5381fd8f6168\" style=\"color:#7a1737\">Laboratorio Estatal de Salud P\u00fablica<\/p>\n\n\n\n<ul class=\"wp-block-list\">\n<li class=\"has-text-color has-link-color wp-elements-8881d219f0d626b3214be41dcf6e6cee\" style=\"color:#7a1737\"><\/li>\n<\/ul>\n\n\n\n<p class=\"has-text-color has-link-color wp-elements-a5fbcc9a146fb6139d03571fcafb822a\" style=\"color:#7a1737\">Hospital General de Cardel<\/p>\n\n\n\n<ul class=\"wp-block-list\">\n<li class=\"has-text-color has-link-color wp-elements-8881d219f0d626b3214be41dcf6e6cee\" style=\"color:#7a1737\"><\/li>\n<\/ul>\n\n\n\n<p class=\"has-text-color has-link-color wp-elements-a0448889966f8a4d20478b076f8bdc7d\" style=\"color:#7a1737\">Hospital General de Tarimoya<\/p>\n\n\n\n<ul class=\"wp-block-list\">\n<li class=\"has-text-color has-link-color wp-elements-8881d219f0d626b3214be41dcf6e6cee\" style=\"color:#7a1737\"><\/li>\n<\/ul>\n\n\n\n<p class=\"has-text-color has-link-color wp-elements-70200c159c1c0ce59194f53cd4abbc54\" style=\"color:#7a1737\">Hospital de la Comunidad de Tlalixcoyan<\/p>\n\n\n\n<ul class=\"wp-block-list\">\n<li class=\"has-text-color has-link-color wp-elements-8881d219f0d626b3214be41dcf6e6cee\" style=\"color:#7a1737\"><\/li>\n<\/ul>\n\n\n\n<p class=\"has-text-color has-link-color wp-elements-5edbf689f4918ae124691b032c942ee2\" style=\"color:#7a1737\">Hogar del Ni\u00f1o \u00abManuel Guti\u00e9rrez Zamora\u00bb<\/p>\n\n\n\n<ul class=\"wp-block-list\">\n<li class=\"has-text-color has-link-color wp-elements-8881d219f0d626b3214be41dcf6e6cee\" style=\"color:#7a1737\"><\/li>\n<\/ul>\n\n\n\n<p class=\"has-text-color has-link-color wp-elements-b5e8525bc2958231b92b6e5697264e1d\" style=\"color:#7a1737\">Hospital General de Boca del R\u00edo<\/p>\n\n\n\n<ul class=\"wp-block-list\">\n<li class=\"has-text-color has-link-color wp-elements-8881d219f0d626b3214be41dcf6e6cee\" style=\"color:#7a1737\"><\/li>\n<\/ul>\n\n\n\n<p class=\"has-text-color has-link-color wp-elements-96ba1234dac0310b1225106e458ab63d\" style=\"color:#7a1737\"><strong>Jefe de la Jurisdicci\u00f3n Sanitaria No. IX &#8211; Cosamaloapan<\/strong><\/p>\n\n\n\n<ul class=\"wp-block-list\">\n<li class=\"has-text-color has-link-color wp-elements-8881d219f0d626b3214be41dcf6e6cee\" style=\"color:#7a1737\"><\/li>\n<\/ul>\n\n\n\n<p class=\"has-text-color has-link-color wp-elements-79041e71537d88c7a1296ce2ece29e9a\" style=\"color:#7a1737\">Hospital General de Cosamaloapan \u00abDr. V\u00edctor Manuel Pital\u00faa Gonz\u00e1lez\u00bb<\/p>\n\n\n\n<ul class=\"wp-block-list\">\n<li class=\"has-text-color has-link-color wp-elements-8881d219f0d626b3214be41dcf6e6cee\" style=\"color:#7a1737\"><\/li>\n<\/ul>\n\n\n\n<p class=\"has-text-color has-link-color wp-elements-278aaaa290f7bbdc28081ab631aa160b\" style=\"color:#7a1737\">Hospital General de Tierra Blanca \u00abJes\u00fas Garc\u00eda Corona\u00bb<\/p>\n\n\n\n<ul class=\"wp-block-list\">\n<li class=\"has-text-color has-link-color wp-elements-8881d219f0d626b3214be41dcf6e6cee\" style=\"color:#7a1737\"><\/li>\n<\/ul>\n\n\n\n<p class=\"has-text-color has-link-color wp-elements-2ebb77c8b6ac7028d36229729403d4aa\" style=\"color:#7a1737\">Hospital de la Comunidad de Jos\u00e9 Azueta<\/p>\n\n\n\n<ul class=\"wp-block-list\">\n<li class=\"has-text-color has-link-color wp-elements-8881d219f0d626b3214be41dcf6e6cee\" style=\"color:#7a1737\"><\/li>\n<\/ul>\n\n\n\n<p class=\"has-text-color has-link-color wp-elements-90547493c6bfb3eda870b857d7ad6614\" style=\"color:#7a1737\">Hospital de la Comunidad de Playa Vicente<\/p>\n\n\n\n<ul class=\"wp-block-list\">\n<li class=\"has-text-color has-link-color wp-elements-8881d219f0d626b3214be41dcf6e6cee\" style=\"color:#7a1737\"><\/li>\n<\/ul>\n\n\n\n<p class=\"has-text-color has-link-color wp-elements-62e0d07dd486f902ac3d98626bf45349\" style=\"color:#7a1737\">Hospital de la Comunidad de Tlacotalpan<\/p>\n\n\n\n<p class=\"has-text-color has-link-color wp-elements-1eaac0d5e0be4b140123351566d7aee0\" style=\"color:#7a1737\">Hospital General de Isla<\/p>\n\n\n\n<ul class=\"wp-block-list\">\n<li class=\"has-text-color has-link-color wp-elements-8881d219f0d626b3214be41dcf6e6cee\" style=\"color:#7a1737\"><\/li>\n<\/ul>\n\n\n\n<p class=\"has-text-color has-link-color wp-elements-216620604a4b30d1bef8a5b5dc7ffe8f\" style=\"color:#7a1737\"><strong>Jurisdicci\u00f3n Sanitaria No. X &#8211; San Andr\u00e9s Tuxtla<\/strong><\/p>\n\n\n\n<ul class=\"wp-block-list\">\n<li><\/li>\n<\/ul>\n\n\n\n<p class=\"has-text-color has-link-color wp-elements-36393e6e5f15074501f6b3828b50382d\" style=\"color:#7a1737\">Hospital General de San Andr\u00e9s Tuxtla \u00abDr. Bernardo Pe\u00f1a\u00bb<\/p>\n\n\n\n<ul class=\"wp-block-list\">\n<li class=\"has-text-color has-link-color wp-elements-8881d219f0d626b3214be41dcf6e6cee\" style=\"color:#7a1737\"><\/li>\n<\/ul>\n\n\n\n<p class=\"has-text-color has-link-color wp-elements-add7a043325cdb8506eda3fb0fbfd165\" style=\"color:#7a1737\">Hospital General de Santiago Tuxtla \u00abTeodoro Diez\u00bb<\/p>\n\n\n\n<ul class=\"wp-block-list\">\n<li><\/li>\n<\/ul>\n\n\n\n<p class=\"has-text-color has-link-color wp-elements-b429ea094917673f376410b04bd736a8\" style=\"color:#7a1737\">Hospital de la Comunidad de Suchilapan del R\u00edo \u00abCarmen Bouzas de L\u00f3pez Arias\u00bb<\/p>\n\n\n\n<ul class=\"wp-block-list\">\n<li><\/li>\n<\/ul>\n\n\n\n<p class=\"has-text-color has-link-color wp-elements-e8676c4fbe0dbc0168196b4612a15a2e\" style=\"color:#7a1737\">Hospital de la Comunidad de Catemaco<\/p>\n\n\n\n<p class=\"has-text-color has-link-color wp-elements-55bbda91dce0cd8bda7df2bf2ca84ccb\" style=\"color:#7a1737\">Hospital General de Oluta-Acayucan<\/p>\n\n\n\n<p class=\"has-text-color has-link-color wp-elements-0f28d70c3203daab06ccf988ed813705\" style=\"color:#7a1737\"><strong>Jurisdicci\u00f3n Sanitaria No. XI &#8211; Coatzacoalcos<\/strong><\/p>\n\n\n\n<ul class=\"wp-block-list\">\n<li class=\"has-text-color has-link-color wp-elements-8881d219f0d626b3214be41dcf6e6cee\" style=\"color:#7a1737\"><\/li>\n<\/ul>\n\n\n\n<p class=\"has-text-color has-link-color wp-elements-438279cb7724f61fc31f7b2e79cc9991\" style=\"color:#7a1737\">Hospital de la Comunidad La Laguna Poblado 6<\/p>\n\n\n\n<p class=\"has-text-color has-link-color wp-elements-3bba00bf8e9eb3d32ecb09527c73f857\" style=\"color:#7a1737\">Hospital General de Minatitl\u00e1n<\/p>\n\n\n\n<ul class=\"wp-block-list\">\n<li class=\"has-text-color has-link-color wp-elements-8881d219f0d626b3214be41dcf6e6cee\" style=\"color:#7a1737\"><\/li>\n<\/ul>\n\n\n\n<p class=\"has-text-color has-link-color wp-elements-91f3d7c3c14f0aad7068ab723b0d38c3\" style=\"color:#7a1737\">Hospital Regional de Coatzacoalcos \u00abDr. Valent\u00edn G\u00f3mez Far\u00edas\u00bb<\/p>\n\n\n\n<ul class=\"wp-block-list\">\n<li class=\"has-text-color has-link-color wp-elements-8881d219f0d626b3214be41dcf6e6cee\" style=\"color:#7a1737\"><\/li>\n<\/ul>\n\n\n\n<p class=\"has-text-color has-link-color wp-elements-4ab39178e41878d097eeee1c94a4784d\" style=\"color:#7a1737\">Comunidad de Ixhuatl\u00e1n del Sureste<\/p>\n\n\n\n<ul class=\"wp-block-list\">\n<li class=\"has-text-color has-link-color wp-elements-8881d219f0d626b3214be41dcf6e6cee\" style=\"color:#7a1737\"><\/li>\n<\/ul>\n\n\n\n<p class=\"has-text-color has-link-color wp-elements-5f225dd2013ea3db987c1bb7ebbc102b\" style=\"color:#7a1737\">Comunidad de Tonalapan<\/p>\n\n\n\n<ul class=\"wp-block-list\">\n<li class=\"has-text-color has-link-color wp-elements-8881d219f0d626b3214be41dcf6e6cee\" style=\"color:#7a1737\"><\/li>\n<\/ul>\n\n\n\n<p class=\"has-text-color has-link-color wp-elements-2ab9c44ce1bb7cf397387aef1ed53355\" style=\"color:#7a1737\">Comunidad de Pedro Coronel P\u00e9rez<\/p>\n\n\n\n<p class=\"has-text-color has-link-color wp-elements-8b3f749b028476e56de43ced28d2a2fa\" style=\"color:#7a1737\">Comunidad de Allende<\/p>\n\n\n\n<p class=\"has-text-color has-link-color wp-elements-e8f3334cbf62d02b1743b3eeba8e6cbe\" style=\"color:#7a1737\">Hospital General de Cosoleacaque<\/p>\n<\/div>\n<\/div>\n","protected":false},"excerpt":{"rendered":"<p>CONVOCATORIAS ACTAS 2025 Oficina Central &#8211; Xalapa Jurisdicci\u00f3n Sanitaria No. I &#8211; P\u00e1nuco Hospital General de P\u00e1nuco \u00abDr. Manuel I.<\/p>\n","protected":false},"author":2,"featured_media":0,"parent":537,"menu_order":4,"comment_status":"closed","ping_status":"closed","template":"","meta":{"colormag_page_container_layout":"default_layout","colormag_page_sidebar_layout":"default_layout","footnotes":""},"class_list":["post-4355","page","type-page","status-publish","hentry"],"_links":{"self":[{"href":"https:\/\/www.ssaver.gob.mx\/administraciondepersonal\/wp-json\/wp\/v2\/pages\/4355","targetHints":{"allow":["GET"]}}],"collection":[{"href":"https:\/\/www.ssaver.gob.mx\/administraciondepersonal\/wp-json\/wp\/v2\/pages"}],"about":[{"href":"https:\/\/www.ssaver.gob.mx\/administraciondepersonal\/wp-json\/wp\/v2\/types\/page"}],"author":[{"embeddable":true,"href":"https:\/\/www.ssaver.gob.mx\/administraciondepersonal\/wp-json\/wp\/v2\/users\/2"}],"replies":[{"embeddable":true,"href":"https:\/\/www.ssaver.gob.mx\/administraciondepersonal\/wp-json\/wp\/v2\/comments?post=4355"}],"version-history":[{"count":46,"href":"https:\/\/www.ssaver.gob.mx\/administraciondepersonal\/wp-json\/wp\/v2\/pages\/4355\/revisions"}],"predecessor-version":[{"id":4526,"href":"https:\/\/www.ssaver.gob.mx\/administraciondepersonal\/wp-json\/wp\/v2\/pages\/4355\/revisions\/4526"}],"up":[{"embeddable":true,"href":"https:\/\/www.ssaver.gob.mx\/administraciondepersonal\/wp-json\/wp\/v2\/pages\/537"}],"wp:attachment":[{"href":"https:\/\/www.ssaver.gob.mx\/administraciondepersonal\/wp-json\/wp\/v2\/media?parent=4355"}],"curies":[{"name":"wp","href":"https:\/\/api.w.org\/{rel}","templated":true}]}}