{"id":535,"date":"2022-06-30T14:03:43","date_gmt":"2022-06-30T19:03:43","guid":{"rendered":"https:\/\/www.ssaver.gob.mx\/administraciondepersonal\/?page_id=535"},"modified":"2026-02-20T19:19:39","modified_gmt":"2026-02-21T01:19:39","slug":"disposiciones","status":"publish","type":"page","link":"https:\/\/www.ssaver.gob.mx\/administraciondepersonal\/disposiciones\/","title":{"rendered":"Disposiciones"},"content":{"rendered":"\n<hr class=\"wp-block-separator has-text-color has-alpha-channel-opacity has-background is-style-wide\" style=\"background-color:#eae7e2;color:#eae7e2\" \/>\n\n\n\n<ul class=\"wp-block-list\">\n<li class=\"has-text-color has-link-color wp-elements-a26066bb7bd1278ce0c491ab3bcede46\" style=\"color:#7a1737\"><strong><a href=\"https:\/\/www.ssaver.gob.mx\/administraciondepersonal\/wp-content\/uploads\/sites\/15\/2023\/03\/Of.-Circular-1549_2023-COMPATIBILIDAD-DE-EMPLEO.pdf\" target=\"_blank\" rel=\"noreferrer noopener\">Circular SESVER\/DA\/SRH\/337\/2023 &#8211; Compatibilidad de Empleo<\/a><\/strong><\/li>\n\n\n\n<li class=\"has-text-color has-link-color wp-elements-b97af1cf3ae7054416c7d54d9040df5e\" style=\"color:#7a1737\"><strong><a rel=\"noreferrer noopener\" href=\"https:\/\/www.ssaver.gob.mx\/administraciondepersonal\/wp-content\/uploads\/sites\/15\/2023\/02\/OFICIO-1495_2022-CIRCULAR-358-ALCANCE-A-AUTORIZACION-DE-COMISION.pdf\" target=\"_blank\">Oficio-Circular DA\/SRH\/358\/2022.- Autorizaci\u00f3n de comisi\u00f3n<\/a><\/strong><\/li>\n\n\n\n<li class=\"has-text-color has-link-color wp-elements-3ffea615f4b3d5a1c4a066af35b86e7f\" style=\"color:#7a1737\"><strong><a rel=\"noreferrer noopener\" href=\"https:\/\/www.ssaver.gob.mx\/administraciondepersonal\/wp-content\/uploads\/sites\/15\/2023\/02\/CIRCULAR-CARTA-COMPROMISO-DEL-CODIGO-DE-CONDUCTA.pdf\" target=\"_blank\">Oficio-Circular DA\/7992\/2022.- Carta compromiso del cumplimiento del C\u00f3digo de \u00c9tica<\/a>  <\/strong><\/li>\n\n\n\n<li class=\"has-text-color has-link-color wp-elements-cf208483fb3d7da25e5c71d949b1df91\" style=\"color:#7a1737\"><strong><a href=\"https:\/\/www.ssaver.gob.mx\/administraciondepersonal\/wp-content\/uploads\/sites\/15\/2023\/02\/OFICIO-1070-CIRCULAR-262-DESIG-BENEFICIARIOS-ACUSE.pdf\" target=\"_blank\" rel=\"noreferrer noopener\">Circular SRH\/262\/2023.- Designaci\u00f3n de Beneficiarios <\/a><\/strong><\/li>\n\n\n\n<li class=\"has-text-color has-link-color wp-elements-254513f2d70a907578532d9d65b801d9\" style=\"color:#7a1737\"><strong><a href=\"https:\/\/www.ssaver.gob.mx\/administraciondepersonal\/wp-content\/uploads\/sites\/15\/2024\/07\/OF.-SRH-11175-2023-CIR.-SESVER-SRH-1882-2023-FEAC-Ciclo-35.pdf\">Circular SESVER\/DA\/SRH\/1882\/2023 \u2013 FEAC Ciclo 35\u00b0 &#8211; 2023<\/a><\/strong><\/li>\n\n\n\n<li class=\"has-text-color has-link-color has-medium-font-size wp-elements-a611eff6e051eb88ad9a2afef3927195\" style=\"color:#7a1737\"><a href=\"https:\/\/www.ssaver.gob.mx\/administraciondepersonal\/wp-content\/uploads\/sites\/15\/2024\/01\/CIRCULAR-2425-OFICIO-14612-DOBLE-CONTRATACION-2024.pdf\" target=\"_blank\" rel=\"noreferrer noopener\"><strong>Circular SESVER\/DA\/14612\/2023 &#8211; COMPATIBILIDAD DE EMPLEO<\/strong> <strong>2024<\/strong><\/a><\/li>\n\n\n\n<li class=\"has-text-color has-link-color has-medium-font-size wp-elements-6d3f7d89502351caf9d5aaa177a195a9\" style=\"color:#7a1737\"><strong>Circular SESVER\/DA\/SRH\/1043\/2024 \u2013 FONAC Ciclo 36\u00b0 &#8211; 2024<\/strong><\/li>\n\n\n\n<li class=\"has-text-color has-link-color has-medium-font-size wp-elements-1d597f92af4747b35d8a865ed3a63aa1\" style=\"color:#7a1737\"><strong><a href=\"https:\/\/www.ssaver.gob.mx\/administraciondepersonal\/wp-content\/uploads\/sites\/15\/2024\/08\/SRH-13317-2024-FEAC-Ciclo-36.pdf\">Circular SESVER\/DA\/SRH\/1100\/2024 \u2013 FEAC Ciclo 36\u00b0 &#8211; 2024<\/a><\/strong><\/li>\n\n\n\n<li class=\"has-text-color has-link-color has-medium-font-size wp-elements-361bbfb4ebca3a52da8bba8975a38e2d\" style=\"color:#7a1737\"><strong><a href=\"https:\/\/www.ssaver.gob.mx\/administraciondepersonal\/wp-content\/uploads\/sites\/15\/2024\/08\/Circular-1010-Oficio-4525_Altas-y-Reingresos-de-Personal.pdf\">Circular SESVER\/DA\/1010\/2024 &#8211; ALTAS Y REINGRESOS DE PERSONAL<\/a><\/strong><\/li>\n\n\n\n<li class=\"has-text-color has-link-color has-medium-font-size wp-elements-d04e91fdd328b8f3bf0072ca60827e8b\" style=\"color:#7a1737\"><strong><a href=\"https:\/\/www.ssaver.gob.mx\/administraciondepersonal\/wp-content\/uploads\/sites\/15\/2025\/06\/Circular-818-2025-Comunicado-SIMESA.pdf\">Circular SESVER\/SRH\/818\/2025 \u2013 Comunicado SIMESA<\/a><\/strong><\/li>\n\n\n\n<li class=\"has-text-color has-link-color has-medium-font-size wp-elements-0972dd7e428af83e03e9227ee3f93cb7\" style=\"color:#7a1737\"><strong><a href=\"https:\/\/www.ssaver.gob.mx\/administraciondepersonal\/wp-content\/uploads\/sites\/15\/2025\/06\/Circular-819-2025-Comunicado-SINS.pdf\">Circular SESVER\/SRH\/819\/2025 \u2013 Comunicado S.I.N.S.<\/a><\/strong><\/li>\n\n\n\n<li class=\"has-text-color has-link-color has-medium-font-size wp-elements-ad04623b5341f4f7a6577c9a9dbb8aa0\" style=\"color:#7a1737\"><strong><a href=\"https:\/\/www.ssaver.gob.mx\/administraciondepersonal\/wp-content\/uploads\/sites\/15\/2025\/08\/CIRCULAR-SRH-1213-2025-FONAC-CICLO-37.pdf\">Circular SESVER\/DA\/SRH\/1213\/2025 \u2013 FONAC Ciclo 37\u00b0 &#8211; 2025<\/a><\/strong><\/li>\n\n\n\n<li class=\"has-text-color has-link-color has-medium-font-size wp-elements-df80fe96dd67e6d56421b39dcc4d8343\" style=\"color:#7a1737\"><a href=\"https:\/\/www.ssaver.gob.mx\/administraciondepersonal\/wp-content\/uploads\/sites\/15\/2025\/08\/CIRCULAR-SRH-1223-FEAC-CICLO-37\u00b0.pdf\" target=\"_blank\" rel=\"noreferrer noopener\"><strong>Circular SESVER\/DA\/SRH\/1223\/2025 \u2013 FEAC Ciclo 37\u00b0 \u2013 2025<\/strong>.<\/a>\u2705<\/li>\n\n\n\n<li class=\"has-text-color has-link-color has-medium-font-size wp-elements-c9c2d8d10dc8f13467a0b29dd3fbaf3b\" style=\"color:#7a1737\"><strong><a href=\"https:\/\/www.ssaver.gob.mx\/administraciondepersonal\/wp-content\/uploads\/sites\/15\/2025\/09\/CIRCULAR-1291-2025-MODIF.-DE-APORTACIONES-FONAC.pdf\">Circular SESVER\/DA\/SRH\/1291\/2025 \u2013Modificaci\u00f3n de aportaciones FONAC<\/a><\/strong> \ud83c\udd95<\/li>\n\n\n\n<li class=\"has-text-color has-link-color has-medium-font-size wp-elements-aabfc814a3eebdf7f9ef523534817861\" style=\"color:#7a1737\"><strong><a href=\"https:\/\/www.ssaver.gob.mx\/administraciondepersonal\/wp-content\/uploads\/sites\/15\/2025\/10\/CIRCULAR-No.-SESVER_SRH_1663_2025-CAMBIO-DE-NOMBRE-DE-LA-COMISION-Y-SUBCOMISIONES-MIXTAS-DE-ESCALAFON.pdf\">Circular SESVER\/DA\/SRH\/1663\/2025 \u2013 Cambio de nombre de la Comisi\u00f3n Y Subcomisiones Mixtas de Escalaf\u00f3n<\/a><\/strong><\/li>\n<\/ul>\n\n\n\n<p class=\"has-large-font-size\"><strong>Normatividad<\/strong><\/p>\n\n\n\n<hr class=\"wp-block-separator has-text-color has-alpha-channel-opacity has-background is-style-wide\" style=\"background-color:#eae7e2;color:#eae7e2\" \/>\n\n\n\n<ul class=\"wp-block-list\">\n<li class=\"has-text-color has-link-color has-medium-font-size wp-elements-d84d31281f4df522643cff4477dfec3c\" style=\"color:#7a1737\"><strong><a href=\"https:\/\/www.ssaver.gob.mx\/administraciondepersonal\/wp-content\/uploads\/sites\/15\/2024\/05\/416-DGPyPA-2023-1815_Tabulador-Autorizado_.pdf\">Oficio 416\/ DGPyPA\/2023 &#8211; Cat\u00e1logo de Puestos y Tabulador de Sueldos y Salarios de la Ramas Medicas Param\u00e9dicas<\/a> &nbsp;<\/strong><\/li>\n\n\n\n<li class=\"has-text-color has-link-color has-medium-font-size wp-elements-f838f09bd05453766000b82574d4f12c\" style=\"color:#7a1737\"><strong><a href=\"https:\/\/www.ssaver.gob.mx\/administraciondepersonal\/wp-content\/uploads\/sites\/15\/2024\/11\/CIRCULAR-UAF-019-2024.pdf\">Circular N\u00b0 UAF\/019\/2024 &#8211; Actualizaci\u00f3n de Catalogo de Puestos y Tabulador de Sueldos y Salarios para el Personal de las Ramas M\u00e9dica, Param\u00e9dica grupos a Fines.   <\/a><\/strong><\/li>\n<\/ul>\n\n\n\n<p><\/p>\n","protected":false},"excerpt":{"rendered":"<p>Normatividad<\/p>\n","protected":false},"author":5,"featured_media":0,"parent":0,"menu_order":0,"comment_status":"closed","ping_status":"closed","template":"","meta":{"colormag_page_container_layout":"default_layout","colormag_page_sidebar_layout":"default_layout","footnotes":""},"class_list":["post-535","page","type-page","status-publish","hentry"],"_links":{"self":[{"href":"https:\/\/www.ssaver.gob.mx\/administraciondepersonal\/wp-json\/wp\/v2\/pages\/535","targetHints":{"allow":["GET"]}}],"collection":[{"href":"https:\/\/www.ssaver.gob.mx\/administraciondepersonal\/wp-json\/wp\/v2\/pages"}],"about":[{"href":"https:\/\/www.ssaver.gob.mx\/administraciondepersonal\/wp-json\/wp\/v2\/types\/page"}],"author":[{"embeddable":true,"href":"https:\/\/www.ssaver.gob.mx\/administraciondepersonal\/wp-json\/wp\/v2\/users\/5"}],"replies":[{"embeddable":true,"href":"https:\/\/www.ssaver.gob.mx\/administraciondepersonal\/wp-json\/wp\/v2\/comments?post=535"}],"version-history":[{"count":33,"href":"https:\/\/www.ssaver.gob.mx\/administraciondepersonal\/wp-json\/wp\/v2\/pages\/535\/revisions"}],"predecessor-version":[{"id":4774,"href":"https:\/\/www.ssaver.gob.mx\/administraciondepersonal\/wp-json\/wp\/v2\/pages\/535\/revisions\/4774"}],"wp:attachment":[{"href":"https:\/\/www.ssaver.gob.mx\/administraciondepersonal\/wp-json\/wp\/v2\/media?parent=535"}],"curies":[{"name":"wp","href":"https:\/\/api.w.org\/{rel}","templated":true}]}}