{"id":539,"date":"2022-06-30T14:05:17","date_gmt":"2022-06-30T19:05:17","guid":{"rendered":"https:\/\/www.ssaver.gob.mx\/administraciondepersonal\/?page_id=539"},"modified":"2025-05-08T11:53:40","modified_gmt":"2025-05-08T16:53:40","slug":"declaracion-de-situacion-patrimonial","status":"publish","type":"page","link":"https:\/\/www.ssaver.gob.mx\/administraciondepersonal\/declaracion-de-situacion-patrimonial\/","title":{"rendered":"Declaraci\u00f3n de Situaci\u00f3n Patrimonial"},"content":{"rendered":"\n<hr class=\"wp-block-separator has-text-color has-alpha-channel-opacity has-background is-style-wide\" style=\"background-color:#d8bf31;color:#d8bf31\" \/>\n\n\n\n<p><strong>DISPOSICIONES CONTRALOR\u00cdA GENERAL DEL ESTADO<\/strong><\/p>\n\n\n\n<p><a href=\"https:\/\/www.ssaver.gob.mx\/administraciondepersonal\/wp-content\/uploads\/sites\/15\/2022\/11\/Oficio-Circular-N\u00b0-CGE-0750-2022-Invitacion-a-Presentar-Declaracion-Patrimonial.pdf\" target=\"_blank\" rel=\"noreferrer noopener\">Oficio Circular N\u00b0 CGE\/0750\/2022 &#8211; Relacionado con la Invitaci\u00f3n a Presentar Declaraci\u00f3n Patrimonial Modificaci\u00f3n 2022<\/a><\/p>\n\n\n\n<p><a href=\"https:\/\/www.ssaver.gob.mx\/administraciondepersonal\/wp-content\/uploads\/sites\/15\/2022\/11\/Oficio-numero-CGE-DGRA-1566-2022-Declaracion-Patrimonial-Modificacion-2022.pdf\" target=\"_blank\" rel=\"noreferrer noopener\">Oficio n\u00famero CGE\/DGRA\/1566\/2022 &#8211; Declaraci\u00f3n Patrimonial Modificaci\u00f3n 2022<\/a><\/p>\n\n\n\n<p><strong>DISPOSICIONES SESVER<\/strong><\/p>\n\n\n\n<ul class=\"wp-block-list\">\n<li><a rel=\"noreferrer noopener\" href=\"https:\/\/www.ssaver.gob.mx\/administraciondepersonal\/wp-content\/uploads\/sites\/15\/2022\/11\/Ofic.-Circular-SESVER-SRH-886-2022-Declaracion-de-Modificacion-Patrimonial-2022.pdf\" target=\"_blank\">Circular SESVER-SRH-886-2022 &#8211; <\/a><a rel=\"noreferrer noopener\" href=\"https:\/\/www.ssaver.gob.mx\/administraciondepersonal\/wp-content\/uploads\/sites\/15\/2022\/11\/Ofic.-Circular-SESVER-SRH-886-2022-Declaracion-de-Modificacion-Patrimonial-2022.pdf\" target=\"_blank\">R<\/a><a rel=\"noreferrer noopener\" href=\"https:\/\/www.ssaver.gob.mx\/administraciondepersonal\/wp-content\/uploads\/sites\/15\/2022\/11\/Ofic.-Circular-SESVER-SRH-886-2022-Declaracion-de-Modificacion-Patrimonial-2022.pdf\" target=\"_blank\">e<\/a><a rel=\"noreferrer noopener\" href=\"https:\/\/www.ssaver.gob.mx\/administraciondepersonal\/wp-content\/uploads\/sites\/15\/2022\/11\/Ofic.-Circular-SESVER-SRH-886-2022-Declaracion-de-Modificacion-Patrimonial-2022.pdf\" target=\"_blank\">l<\/a><a rel=\"noreferrer noopener\" href=\"https:\/\/www.ssaver.gob.mx\/administraciondepersonal\/wp-content\/uploads\/sites\/15\/2022\/11\/Ofic.-Circular-SESVER-SRH-886-2022-Declaracion-de-Modificacion-Patrimonial-2022.pdf\" target=\"_blank\">a<\/a><a rel=\"noreferrer noopener\" href=\"https:\/\/www.ssaver.gob.mx\/administraciondepersonal\/wp-content\/uploads\/sites\/15\/2022\/11\/Ofic.-Circular-SESVER-SRH-886-2022-Declaracion-de-Modificacion-Patrimonial-2022.pdf\" target=\"_blank\">c<\/a><a rel=\"noreferrer noopener\" href=\"https:\/\/www.ssaver.gob.mx\/administraciondepersonal\/wp-content\/uploads\/sites\/15\/2022\/11\/Ofic.-Circular-SESVER-SRH-886-2022-Declaracion-de-Modificacion-Patrimonial-2022.pdf\" target=\"_blank\">i<\/a><a rel=\"noreferrer noopener\" href=\"https:\/\/www.ssaver.gob.mx\/administraciondepersonal\/wp-content\/uploads\/sites\/15\/2022\/11\/Ofic.-Circular-SESVER-SRH-886-2022-Declaracion-de-Modificacion-Patrimonial-2022.pdf\" target=\"_blank\">o<\/a><a rel=\"noreferrer noopener\" href=\"https:\/\/www.ssaver.gob.mx\/administraciondepersonal\/wp-content\/uploads\/sites\/15\/2022\/11\/Ofic.-Circular-SESVER-SRH-886-2022-Declaracion-de-Modificacion-Patrimonial-2022.pdf\" target=\"_blank\">n<\/a><a rel=\"noreferrer noopener\" href=\"https:\/\/www.ssaver.gob.mx\/administraciondepersonal\/wp-content\/uploads\/sites\/15\/2022\/11\/Ofic.-Circular-SESVER-SRH-886-2022-Declaracion-de-Modificacion-Patrimonial-2022.pdf\" target=\"_blank\">a<\/a><a rel=\"noreferrer noopener\" href=\"https:\/\/www.ssaver.gob.mx\/administraciondepersonal\/wp-content\/uploads\/sites\/15\/2022\/11\/Ofic.-Circular-SESVER-SRH-886-2022-Declaracion-de-Modificacion-Patrimonial-2022.pdf\" target=\"_blank\">d<\/a><a rel=\"noreferrer noopener\" href=\"https:\/\/www.ssaver.gob.mx\/administraciondepersonal\/wp-content\/uploads\/sites\/15\/2022\/11\/Ofic.-Circular-SESVER-SRH-886-2022-Declaracion-de-Modificacion-Patrimonial-2022.pdf\" target=\"_blank\">o<\/a><a rel=\"noreferrer noopener\" href=\"https:\/\/www.ssaver.gob.mx\/administraciondepersonal\/wp-content\/uploads\/sites\/15\/2022\/11\/Ofic.-Circular-SESVER-SRH-886-2022-Declaracion-de-Modificacion-Patrimonial-2022.pdf\" target=\"_blank\"> <\/a><a rel=\"noreferrer noopener\" href=\"https:\/\/www.ssaver.gob.mx\/administraciondepersonal\/wp-content\/uploads\/sites\/15\/2022\/11\/Ofic.-Circular-SESVER-SRH-886-2022-Declaracion-de-Modificacion-Patrimonial-2022.pdf\" target=\"_blank\">c<\/a><a rel=\"noreferrer noopener\" href=\"https:\/\/www.ssaver.gob.mx\/administraciondepersonal\/wp-content\/uploads\/sites\/15\/2022\/11\/Ofic.-Circular-SESVER-SRH-886-2022-Declaracion-de-Modificacion-Patrimonial-2022.pdf\" target=\"_blank\">o<\/a><a rel=\"noreferrer noopener\" href=\"https:\/\/www.ssaver.gob.mx\/administraciondepersonal\/wp-content\/uploads\/sites\/15\/2022\/11\/Ofic.-Circular-SESVER-SRH-886-2022-Declaracion-de-Modificacion-Patrimonial-2022.pdf\" target=\"_blank\">n<\/a><a rel=\"noreferrer noopener\" href=\"https:\/\/www.ssaver.gob.mx\/administraciondepersonal\/wp-content\/uploads\/sites\/15\/2022\/11\/Ofic.-Circular-SESVER-SRH-886-2022-Declaracion-de-Modificacion-Patrimonial-2022.pdf\" target=\"_blank\"> la <\/a><a rel=\"noreferrer noopener\" href=\"https:\/\/www.ssaver.gob.mx\/administraciondepersonal\/wp-content\/uploads\/sites\/15\/2022\/11\/Ofic.-Circular-SESVER-SRH-886-2022-Declaracion-de-Modificacion-Patrimonial-2022.pdf\" target=\"_blank\">Declaraci\u00f3n de Modificaci\u00f3n Patrimonial 2022<\/a><\/li>\n\n\n\n<li><a rel=\"noreferrer noopener\" href=\"https:\/\/www.ssaver.gob.mx\/administraciondepersonal\/wp-content\/uploads\/sites\/15\/2022\/11\/Ofic.-Circular-SESVER-SRH-1014-2022-DSP-2022-Final.pdf\" target=\"_blank\">Circular SESVER-SRH-1014-2022 &#8211; DSP&nbsp; 2022<\/a><\/li>\n\n\n\n<li class=\"has-medium-font-size\"><a href=\"https:\/\/www.ssaver.gob.mx\/administraciondepersonal\/wp-content\/uploads\/sites\/15\/2025\/02\/Circular-292-2025-DSP-INICIAL-2025.pdf\"><strong>Circular N\u00b0: SESVER\/292\/2025<\/strong> &#8211; <strong>Declaraci\u00f3n de Situaci\u00f3n Patrimonial INICIAL -2025<\/strong><\/a><\/li>\n\n\n\n<li class=\"has-text-color has-link-color has-medium-font-size wp-elements-e5d0b23a7287fc596c13661f1a4e52c1\" style=\"color:#7a1737\"><a href=\"https:\/\/www.ssaver.gob.mx\/administraciondepersonal\/wp-content\/uploads\/sites\/15\/2025\/05\/Circular-715-Declaracion-Modificacion-2025.pdf\">Ci<strong>rcular N\u00b0: SESVER\/715\/2025 &#8211; Declaraci\u00f3n de Situaci\u00f3n Patrimonial MODIFICACI\u00d3N 2025<\/strong><\/a><\/li>\n<\/ul>\n\n\n\n<p><strong>ENLACE DE LA CONTRALOR\u00cdA GENERAL DEL ESTADO DE VERACRUZ PARA PRESENTAR LA DECLARACI\u00d3N PATRIMONIAL PODER EJECUTIVO<\/strong><\/p>\n\n\n\n<ul class=\"wp-block-list\">\n<li>SERVIDOR P\u00daBLICO DE SESVER <strong><em>DA CLIK<\/em><\/strong> EN EL SIGUIENTE ENLACE: <a rel=\"noreferrer noopener\" href=\"https:\/\/declaranet.declaraver.gob.mx\/\" target=\"_blank\"><strong>https:\/\/declaranet.declaraver.gob.mx\/<\/strong><\/a>     Y PRESENTA TU DECLARACI\u00d3N DE SITUACI\u00d3N PATRIMONIAL SEGUN TE CORRESPONDA.<\/li>\n<\/ul>\n\n\n\n<p class=\"has-text-align-center has-medium-font-size\"><strong>TIPOS DE DECLARACI\u00d3N DE SITUACION PATRIMONIAL<\/strong><\/p>\n\n\n\n<p class=\"has-vivid-cyan-blue-color has-text-color has-medium-font-size\">1.- <strong>Declaraci\u00f3n Inicial.-  <\/strong>dentro de los sesenta d\u00edas naturales siguientes a la toma de posesi\u00f3n con motivo del:<\/p>\n\n\n\n<p>a) Ingreso al servicio p\u00fablico por primera vez. Entre el 1 de enero de 2022 y el 31 de diciembre de 2022.<\/p>\n\n\n\n<p>b) Reingreso al servicio p\u00fablico despu\u00e9s de sesenta d\u00edas naturales de la conclusi\u00f3n de su \u00faltimo encargo.<\/p>\n\n\n\n<p class=\"has-vivid-red-color has-luminous-vivid-amber-background-color has-text-color has-background has-small-font-size\">UNA VEZ OBTENIDO EL ACUSE DE RECIBO DIG\u00cdTAL, EL MISMO DEBE QUEDAR BAJO RESGUARDO DEL TRABAJADOR,<strong><u> SIN QUE SEA NECESARIO U OBLIGATORIO QUE LO EXHIBA ANTE LA SUBDIRECCI\u00d3N DE RECURSOS HUMANOS DE SERVICIOS DE SALUD DE VERACRUZ <\/u><\/strong>NI TAMPOCO TRASLADARSE A LAS OFICINAS DE LA CONTRALOR\u00cdA GENERAL DEL ESTADO CON SEDE EN LA CIUDAD DE XALAPA DE ENR\u00cdQUEZ, VERACRUZ, PARA OBTENER EL SELLO F\u00cdSICO DE RECIBIDO.<\/p>\n\n\n\n<p class=\"has-vivid-cyan-blue-color has-text-color has-medium-font-size\">2.- <strong>Declaraci\u00f3n Modificaci\u00f3n<\/strong>.- Durante el mes de mayo de cada a\u00f1o; <strong>Todos<\/strong> los servidores p\u00fablicos sin importar el cargo<\/p>\n\n\n\n<p class=\"has-vivid-red-color has-luminous-vivid-amber-background-color has-text-color has-background has-small-font-size\">UNA VEZ OBTENIDO EL ACUSE DE RECIBO DIG\u00cdTAL, EL MISMO DEBE QUEDAR BAJO RESGUARDO DEL TRABAJADOR,<strong><u> SIN QUE SEA NECESARIO U OBLIGATORIO QUE LO EXHIBA ANTE LA SUBDIRECCI\u00d3N DE RECURSOS HUMANOS DE SERVICIOS DE SALUD DE VERACRUZ <\/u><\/strong>NI TAMPOCO TRASLADARSE A LAS OFICINAS DE LA CONTRALOR\u00cdA GENERAL DEL ESTADO CON SEDE EN LA CIUDAD DE XALAPA DE ENR\u00cdQUEZ, VERACRUZ, PARA OBTENER EL SELLO F\u00cdSICO DE RECIBIDO.<\/p>\n\n\n\n<p>a)&nbsp; Por estructura los servidores p\u00fablicos obligados en su caso son:<\/p>\n\n\n\n<ul class=\"wp-block-list\">\n<li>Mandos Medios.<\/li>\n<\/ul>\n\n\n\n<p>b)&nbsp; Por funciones y manejo de recursos los servidores p\u00fablicos en su caso son:<\/p>\n\n\n\n<ul class=\"wp-block-list\">\n<li>Todos aquellos servidores p\u00fablicos que tengan a su cargo manejo de recursos, ya sean financieros, materiales o humanos.<\/li>\n<\/ul>\n\n\n\n<p class=\"has-vivid-cyan-blue-color has-text-color has-medium-font-size\">3.- <strong>Declaraci\u00f3n de conclusi\u00f3n<\/strong> del encargo, dentro de los sesenta d\u00edas naturales siguientes a la conclusi\u00f3n<\/p>\n\n\n\n<p class=\"has-vivid-red-color has-luminous-vivid-amber-background-color has-text-color has-background has-small-font-size\">UNA VEZ OBTENIDO EL ACUSE DE RECIBO DIG\u00cdTAL, EL MISMO DEBE QUEDAR BAJO RESGUARDO DEL TRABAJADOR,<strong><u> SIN QUE SEA NECESARIO U OBLIGATORIO QUE LO EXHIBA ANTE LA SUBDIRECCI\u00d3N DE RECURSOS HUMANOS DE SERVICIOS DE SALUD DE VERACRUZ <\/u><\/strong>NI TAMPOCO TRASLADARSE A LAS OFICINAS DE LA CONTRALOR\u00cdA GENERAL DEL ESTADO CON SEDE EN LA CIUDAD DE XALAPA DE ENR\u00cdQUEZ, VERACRUZ, PARA OBTENER EL SELLO F\u00cdSICO DE RECIBIDO.<\/p>\n\n\n\n<p><strong>FUNDAMENTO LEGAL<\/strong><\/p>\n\n\n\n<p>H. CONGRESO DEL ESTADO DE VERACRUZ<\/p>\n\n\n\n<ul class=\"wp-block-list\">\n<li><a rel=\"noreferrer noopener\" href=\"http:\/\/www.veracruz.gob.mx\/gaceta-oficial\/\" target=\"_blank\"><strong>GACETA OFICIAL<\/strong> \u2013 Gaceta N\u00famero Extraordinario 172-2021 30 de Abril 2021 Tomo II .- ACUERDO QUE ESTABLECE Y LOS LINEAMIENTOS PARA LA OPERACI\u00d3N DE LAS DECLARACIONES DE SITUACI\u00d3N PATRIMONIAL Y DE INTERESES, A TRAV\u00c9S DE MEDIOS ELECTR\u00d3NICOS, AS\u00cd COMO LOS CRITERIOS PARA DETERMINAR SU FORMA DE CUMPLIMIENTO: <em>\u00abCOMPLETA\u00bb O \u00abSIMPLIFICADA\u00bb.<\/em><\/a><\/li>\n<\/ul>\n\n\n\n<ul class=\"wp-block-list\">\n<li><a rel=\"noreferrer noopener\" href=\"https:\/\/www.legisver.gob.mx\/leyes\/LeyesPDF\/LRA15092020.pdf\" target=\"_blank\">LEY DE RESPONSABILIDADES ADMINISTRATIVAS PARA EL ESTADO DE VERACRUZ DE IGNACIO DE LA LLAVE.<\/a><\/li>\n<\/ul>\n\n\n\n<p>C\u00c1MARA DE DIPUTADOS DEL H. CONGRESO DE LA UNI\u00d3N<\/p>\n\n\n\n<ul class=\"wp-block-list\">\n<li><a href=\"https:\/\/www.diputados.gob.mx\/LeyesBiblio\/pdf\/LGRA.pdf\" target=\"_blank\" rel=\"noreferrer noopener\">LEY GENERAL DE RESPONSABILIDADES ADMINISTRATIVAS<\/a><\/li>\n<\/ul>\n","protected":false},"excerpt":{"rendered":"<p>DISPOSICIONES CONTRALOR\u00cdA GENERAL DEL ESTADO Oficio Circular N\u00b0 CGE\/0750\/2022 &#8211; Relacionado con la Invitaci\u00f3n a Presentar Declaraci\u00f3n Patrimonial Modificaci\u00f3n 2022<\/p>\n","protected":false},"author":5,"featured_media":0,"parent":0,"menu_order":0,"comment_status":"closed","ping_status":"closed","template":"","meta":{"colormag_page_container_layout":"default_layout","colormag_page_sidebar_layout":"default_layout","footnotes":""},"class_list":["post-539","page","type-page","status-publish","hentry"],"_links":{"self":[{"href":"https:\/\/www.ssaver.gob.mx\/administraciondepersonal\/wp-json\/wp\/v2\/pages\/539","targetHints":{"allow":["GET"]}}],"collection":[{"href":"https:\/\/www.ssaver.gob.mx\/administraciondepersonal\/wp-json\/wp\/v2\/pages"}],"about":[{"href":"https:\/\/www.ssaver.gob.mx\/administraciondepersonal\/wp-json\/wp\/v2\/types\/page"}],"author":[{"embeddable":true,"href":"https:\/\/www.ssaver.gob.mx\/administraciondepersonal\/wp-json\/wp\/v2\/users\/5"}],"replies":[{"embeddable":true,"href":"https:\/\/www.ssaver.gob.mx\/administraciondepersonal\/wp-json\/wp\/v2\/comments?post=539"}],"version-history":[{"count":53,"href":"https:\/\/www.ssaver.gob.mx\/administraciondepersonal\/wp-json\/wp\/v2\/pages\/539\/revisions"}],"predecessor-version":[{"id":4390,"href":"https:\/\/www.ssaver.gob.mx\/administraciondepersonal\/wp-json\/wp\/v2\/pages\/539\/revisions\/4390"}],"wp:attachment":[{"href":"https:\/\/www.ssaver.gob.mx\/administraciondepersonal\/wp-json\/wp\/v2\/media?parent=539"}],"curies":[{"name":"wp","href":"https:\/\/api.w.org\/{rel}","templated":true}]}}