{"id":11575,"date":"2026-03-09T17:53:45","date_gmt":"2026-03-09T23:53:45","guid":{"rendered":"https:\/\/www.ssaver.gob.mx\/adquisiciones\/?page_id=11575"},"modified":"2026-04-10T13:08:43","modified_gmt":"2026-04-10T19:08:43","slug":"licitaciones-2026","status":"publish","type":"page","link":"https:\/\/www.ssaver.gob.mx\/adquisiciones\/licitaciones-2026\/","title":{"rendered":"Licitaciones 2026"},"content":{"rendered":"\n<div class=\"wp-block-group is-layout-constrained wp-container-core-group-is-layout-9517baca wp-block-group-is-layout-constrained\">\n<hr class=\"wp-block-separator has-text-color has-alpha-channel-opacity has-background is-style-wide\" style=\"background-color:#d8bf31;color:#d8bf31\" \/>\n\n\n\n<div class=\"wp-block-columns is-layout-flex wp-container-core-columns-is-layout-28f84493 wp-block-columns-is-layout-flex\">\n<div class=\"wp-block-column has-background is-layout-flow wp-block-column-is-layout-flow\" style=\"background-color:#f1e1dc\">\n<p class=\"has-text-align-center has-white-color has-text-color has-background\" style=\"background-color:#671313;font-size:30px\"><strong>Licitaciones 2026<\/strong><\/p>\n\n\n\n<div class=\"wp-block-columns is-layout-flex wp-container-core-columns-is-layout-28f84493 wp-block-columns-is-layout-flex\">\n<div class=\"wp-block-column is-layout-flow wp-block-column-is-layout-flow\" style=\"flex-basis:5%\"><\/div>\n\n\n\n<div class=\"wp-block-column has-medium-font-size is-layout-flow wp-block-column-is-layout-flow\" style=\"flex-basis:90%\">\n<p style=\"font-size:22px\"><strong>Licitaciones de Adquisiciones<\/strong><\/p>\n\n\n\n<ul class=\"wp-block-list\">\n<li><a href=\"https:\/\/www.ssaver.gob.mx\/adquisiciones\/wp-content\/uploads\/sites\/5\/2026\/04\/MANUAL-DEL-SUBCOMITE-2026.pdf\" target=\"_blank\" rel=\"noreferrer noopener\">Manual de Organizaci\u00f3n y Funcionamiento del Subcomit\u00e9 de Adquisiciones, Arrendamientos, Servicios y Enajenaci\u00f3n de Bienes Muebles de Servicios de Salud de Veracruz 2026<\/a><\/li>\n\n\n\n<li><a href=\"https:\/\/www.ssaver.gob.mx\/adquisiciones\/wp-content\/uploads\/sites\/5\/2026\/03\/Formato-PAAD-2026-Dependencias-SERVICIOS-DE-SALUD-DE-VERACRUZ-OK-firmado.pdf\" target=\"_blank\" rel=\"noreferrer noopener\">Programa Anual de Adquisiciones 2026<\/a><\/li>\n<\/ul>\n<\/div>\n\n\n\n<div class=\"wp-block-column is-layout-flow wp-block-column-is-layout-flow\" style=\"flex-basis:5px\"><\/div>\n<\/div>\n\n\n\n<div class=\"wp-block-columns is-layout-flex wp-container-core-columns-is-layout-28f84493 wp-block-columns-is-layout-flex\">\n<div class=\"wp-block-column is-layout-flow wp-block-column-is-layout-flow\" style=\"flex-basis:5%\"><\/div>\n\n\n\n<div class=\"wp-block-column has-white-background-color has-background is-layout-flow wp-block-column-is-layout-flow\" style=\"flex-basis:90%\">\n<div class=\"wp-block-columns is-layout-flex wp-container-core-columns-is-layout-28f84493 wp-block-columns-is-layout-flex\">\n<div class=\"wp-block-column has-medium-font-size is-layout-flow wp-block-column-is-layout-flow\">\n<h4 class=\"wp-block-heading has-text-align-center has-medium-font-size\">Procedimientos con Recurso de Aplicaci\u00f3n<br>Estatal<\/h4>\n<\/div>\n<\/div>\n\n\n\n<hr class=\"wp-block-separator has-text-color has-alpha-channel-opacity has-background is-style-wide\" style=\"background-color:#d8bf31;color:#d8bf31\" \/>\n\n\n\n<div class=\"wp-block-columns has-background is-layout-flex wp-container-core-columns-is-layout-28f84493 wp-block-columns-is-layout-flex\" style=\"background-color:#f3f3f3\">\n<div class=\"wp-block-column is-layout-flow wp-block-column-is-layout-flow\" style=\"flex-basis:30px\"><\/div>\n\n\n\n<div class=\"wp-block-column is-layout-flow wp-block-column-is-layout-flow\" style=\"flex-basis:400px\">\n<p class=\"has-medium-font-size\">\u25ba<a href=\"https:\/\/www.ssaver.gob.mx\/adquisiciones\/licitaciones-2023\/adjudicaciones-directas-por-monto-2023\/\" target=\"_blank\" rel=\"noreferrer noopener\">&nbsp;<\/a>Directas por Monto<\/p>\n\n\n\n<p class=\"has-medium-font-size\">\u25ba&nbsp;<a href=\"https:\/\/www.ssaver.gob.mx\/adquisiciones\/licitaciones-2026\/adjudicaciones-estatales-directas-por-excepcion-de-ley-2026\/\" target=\"_blank\" rel=\"noreferrer noopener\">Directas por Excepci\u00f3n de Ley<\/a><\/p>\n<\/div>\n\n\n\n<div class=\"wp-block-column is-layout-flow wp-block-column-is-layout-flow\" style=\"flex-basis:30px\"><\/div>\n<\/div>\n\n\n\n<div class=\"wp-block-columns has-background is-layout-flex wp-container-core-columns-is-layout-28f84493 wp-block-columns-is-layout-flex\" style=\"background-color:#f3f3f3\">\n<div class=\"wp-block-column is-layout-flow wp-block-column-is-layout-flow\" style=\"flex-basis:30px\"><\/div>\n\n\n\n<div class=\"wp-block-column has-medium-font-size is-layout-flow wp-block-column-is-layout-flow\" style=\"flex-basis:400px\">\n<p class=\"has-medium-font-size\">\u25ba&nbsp;<a href=\"https:\/\/www.ssaver.gob.mx\/adquisiciones\/licitaciones-2026\/por-invitacion-a-cuando-menos-3-proveedores-2026\/\" target=\"_blank\" rel=\"noreferrer noopener\">Por invitaci\u00f3n a cuando menos 3 proveedores<\/a><\/p>\n<\/div>\n\n\n\n<div class=\"wp-block-column is-layout-flow wp-block-column-is-layout-flow\" style=\"flex-basis:30px\"><\/div>\n<\/div>\n\n\n\n<div class=\"wp-block-columns has-background is-layout-flex wp-container-core-columns-is-layout-28f84493 wp-block-columns-is-layout-flex\" style=\"background-color:#f3f3f3\">\n<div class=\"wp-block-column is-layout-flow wp-block-column-is-layout-flow\" style=\"flex-basis:30px\"><\/div>\n\n\n\n<div class=\"wp-block-column has-medium-font-size is-layout-flow wp-block-column-is-layout-flow\" style=\"flex-basis:400px\">\n<p class=\"has-medium-font-size\">\u25ba&nbsp;P\u00fablica Estatal<\/p>\n\n\n\n<p class=\"has-medium-font-size\">\u25ba&nbsp;P\u00fablica Nacional<\/p>\n<\/div>\n\n\n\n<div class=\"wp-block-column is-layout-flow wp-block-column-is-layout-flow\" style=\"flex-basis:30px\"><\/div>\n<\/div>\n<\/div>\n\n\n\n<div class=\"wp-block-column has-white-background-color has-background is-layout-flow wp-block-column-is-layout-flow\" style=\"flex-basis:90%\">\n<div class=\"wp-block-columns is-layout-flex wp-container-core-columns-is-layout-28f84493 wp-block-columns-is-layout-flex\">\n<div class=\"wp-block-column has-medium-font-size is-layout-flow wp-block-column-is-layout-flow\">\n<h4 class=\"wp-block-heading has-text-align-center\">Procedimientos con Recurso de Aplicaci\u00f3n<br>Federal<\/h4>\n<\/div>\n<\/div>\n\n\n\n<hr class=\"wp-block-separator has-text-color has-alpha-channel-opacity has-background is-style-wide\" style=\"background-color:#d8bf31;color:#d8bf31\" \/>\n\n\n\n<div class=\"wp-block-columns has-background is-layout-flex wp-container-core-columns-is-layout-28f84493 wp-block-columns-is-layout-flex\" style=\"background-color:#f3f3f3\">\n<div class=\"wp-block-column is-layout-flow wp-block-column-is-layout-flow\" style=\"flex-basis:30px\"><\/div>\n\n\n\n<div class=\"wp-block-column has-medium-font-size is-layout-flow wp-block-column-is-layout-flow\" style=\"flex-basis:400px\">\n<p class=\"has-medium-font-size\">\u25ba&nbsp;<a href=\"https:\/\/www.ssaver.gob.mx\/adquisiciones\/licitaciones-2026\/adjudicacion-directa-federal-2026\/\" target=\"_blank\" rel=\"noreferrer noopener\">Directas<\/a><\/p>\n<\/div>\n\n\n\n<div class=\"wp-block-column is-layout-flow wp-block-column-is-layout-flow\" style=\"flex-basis:30px\"><\/div>\n<\/div>\n\n\n\n<div class=\"wp-block-columns has-background is-layout-flex wp-container-core-columns-is-layout-28f84493 wp-block-columns-is-layout-flex\" style=\"background-color:#f3f3f3\">\n<div class=\"wp-block-column is-layout-flow wp-block-column-is-layout-flow\" style=\"flex-basis:30px\"><\/div>\n\n\n\n<div class=\"wp-block-column has-medium-font-size is-layout-flow wp-block-column-is-layout-flow\" style=\"flex-basis:400px\">\n<p class=\"has-medium-font-size\">\u25ba&nbsp;Por invitaci\u00f3n a cuando menos 3 proveedores<\/p>\n<\/div>\n\n\n\n<div class=\"wp-block-column is-layout-flow wp-block-column-is-layout-flow\" style=\"flex-basis:30px\"><\/div>\n<\/div>\n\n\n\n<div class=\"wp-block-columns has-background is-layout-flex wp-container-core-columns-is-layout-28f84493 wp-block-columns-is-layout-flex\" style=\"background-color:#f3f3f3\">\n<div class=\"wp-block-column is-layout-flow wp-block-column-is-layout-flow\" style=\"flex-basis:30px\"><\/div>\n\n\n\n<div class=\"wp-block-column has-medium-font-size is-layout-flow wp-block-column-is-layout-flow\" style=\"flex-basis:400px\">\n<p class=\"has-medium-font-size\">\u25ba&nbsp;P\u00fablica Nacional<\/p>\n\n\n\n<p class=\"has-medium-font-size\">\u25ba P\u00fablica Internacional<\/p>\n<\/div>\n\n\n\n<div class=\"wp-block-column is-layout-flow wp-block-column-is-layout-flow\" style=\"flex-basis:30px\"><\/div>\n<\/div>\n<\/div>\n\n\n\n<div class=\"wp-block-column is-layout-flow wp-block-column-is-layout-flow\" style=\"flex-basis:5%\"><\/div>\n<\/div>\n\n\n\n<div class=\"wp-block-columns is-layout-flex wp-container-core-columns-is-layout-28f84493 wp-block-columns-is-layout-flex\">\n<div class=\"wp-block-column is-layout-flow wp-block-column-is-layout-flow\" style=\"flex-basis:5%\"><\/div>\n\n\n\n<div class=\"wp-block-column has-medium-font-size is-layout-flow wp-block-column-is-layout-flow\" style=\"flex-basis:90%\">\n<ul class=\"wp-block-list\">\n<li>Informe de Adquisiciones de bienes y Servicios<\/li>\n\n\n\n<li><a href=\"https:\/\/www.ssaver.gob.mx\/adquisiciones\/licitaciones-2025\/articulo-50-de-la-ley-250-de-transparencia-y-acceso-a-la-informacion-publica-2026\/\" target=\"_blank\" rel=\"noreferrer noopener\">Art\u00edculo 50 de la Ley 250 de Transparencia y Acceso a la Informaci\u00f3n P\u00fablica<\/a><\/li>\n\n\n\n<li><a href=\"https:\/\/www.ssaver.gob.mx\/adquisiciones\/licitaciones-2025\/adjudicaciones-estatales-directas-por-excepcion-de-ley-2025\/circulares-2026\/\" target=\"_blank\" rel=\"noreferrer noopener\">Circulares 2026<\/a><\/li>\n\n\n\n<li><a href=\"https:\/\/www.ssaver.gob.mx\/adquisiciones\/licitaciones-2025\/adjudicaciones-estatales-directas-por-excepcion-de-ley-2025\/formatos\/\" target=\"_blank\" rel=\"noreferrer noopener\">Formatos<\/a><\/li>\n<\/ul>\n<\/div>\n\n\n\n<div class=\"wp-block-column is-layout-flow wp-block-column-is-layout-flow\" style=\"flex-basis:5px\"><\/div>\n<\/div>\n<\/div>\n<\/div>\n\n\n\n<p><\/p>\n<\/div>\n\n\n\n<p><\/p>\n","protected":false},"excerpt":{"rendered":"<p>Licitaciones 2026 Licitaciones de Adquisiciones Procedimientos con Recurso de Aplicaci\u00f3nEstatal \u25ba&nbsp;Directas por Monto \u25ba&nbsp;Directas por Excepci\u00f3n de Ley \u25ba&nbsp;Por invitaci\u00f3n<\/p>\n","protected":false},"author":3,"featured_media":0,"parent":0,"menu_order":0,"comment_status":"closed","ping_status":"closed","template":"","meta":{"colormag_page_container_layout":"default_layout","colormag_page_sidebar_layout":"default_layout","footnotes":""},"class_list":["post-11575","page","type-page","status-publish","hentry"],"_links":{"self":[{"href":"https:\/\/www.ssaver.gob.mx\/adquisiciones\/wp-json\/wp\/v2\/pages\/11575","targetHints":{"allow":["GET"]}}],"collection":[{"href":"https:\/\/www.ssaver.gob.mx\/adquisiciones\/wp-json\/wp\/v2\/pages"}],"about":[{"href":"https:\/\/www.ssaver.gob.mx\/adquisiciones\/wp-json\/wp\/v2\/types\/page"}],"author":[{"embeddable":true,"href":"https:\/\/www.ssaver.gob.mx\/adquisiciones\/wp-json\/wp\/v2\/users\/3"}],"replies":[{"embeddable":true,"href":"https:\/\/www.ssaver.gob.mx\/adquisiciones\/wp-json\/wp\/v2\/comments?post=11575"}],"version-history":[{"count":13,"href":"https:\/\/www.ssaver.gob.mx\/adquisiciones\/wp-json\/wp\/v2\/pages\/11575\/revisions"}],"predecessor-version":[{"id":12383,"href":"https:\/\/www.ssaver.gob.mx\/adquisiciones\/wp-json\/wp\/v2\/pages\/11575\/revisions\/12383"}],"wp:attachment":[{"href":"https:\/\/www.ssaver.gob.mx\/adquisiciones\/wp-json\/wp\/v2\/media?parent=11575"}],"curies":[{"name":"wp","href":"https:\/\/api.w.org\/{rel}","templated":true}]}}