{"id":3590,"date":"2022-12-20T10:22:21","date_gmt":"2022-12-20T16:22:21","guid":{"rendered":"https:\/\/www.ssaver.gob.mx\/adquisiciones\/?page_id=3590"},"modified":"2026-03-27T11:49:27","modified_gmt":"2026-03-27T17:49:27","slug":"001-020","status":"publish","type":"page","link":"https:\/\/www.ssaver.gob.mx\/adquisiciones\/licitaciones-2022\/adjudicaciones-estatales-directas-por-excepcion-de-ley-2\/001-020\/","title":{"rendered":"Adjudicaciones Estatales Directas por Excepci\u00f3n de Ley 001-020"},"content":{"rendered":"\n<div class=\"wp-block-group is-layout-constrained wp-container-core-group-is-layout-9517baca wp-block-group-is-layout-constrained\">\n<hr class=\"wp-block-separator has-text-color has-alpha-channel-opacity has-background is-style-wide\" style=\"background-color:#d8bf31;color:#d8bf31\" \/>\n\n\n\n<div class=\"wp-block-columns is-layout-flex wp-container-core-columns-is-layout-28f84493 wp-block-columns-is-layout-flex\">\n<div class=\"wp-block-column has-background is-layout-flow wp-block-column-is-layout-flow\" style=\"background-color:#fff4e0;flex-basis:100%\">\n<p class=\"has-text-color has-background has-medium-font-size\" style=\"color:#5b4c0d;background-color:#fff4e0\"><strong><strong><strong>Contratos Adjudicados de acuerdo a la modalida<\/strong><\/strong>d<\/strong><\/p>\n\n\n\n<ul class=\"wp-block-list has-medium-font-size\">\n<li><strong><a rel=\"noreferrer noopener\" href=\"https:\/\/www.ssaver.gob.mx\/adquisiciones\/wp-content\/uploads\/sites\/5\/2022\/07\/SESVER_DA_C-020_2022-AFECTADO-C.pdf\" target=\"_blank\">2022-SESVER_DA_C-020-2022<\/a><\/strong><br>Suministro&nbsp; de&nbsp; Pruebas&nbsp; de&nbsp; Bancos&nbsp; de&nbsp; Sangre,&nbsp; Centros&nbsp; de Colecta&nbsp; y&nbsp; Servicios&nbsp; de Transfusi\u00f3n&nbsp; de&nbsp; las&nbsp; Unidades&nbsp; M\u00e9dicas&nbsp; y&nbsp; Centro&nbsp; Estatal&nbsp; de Transfusi\u00f3n&nbsp; Sangu\u00ednea&nbsp; pertenecientes a Servicios&nbsp; de&nbsp; Salud&nbsp; de Veracruz.<\/li>\n<\/ul>\n\n\n\n<ul class=\"wp-block-list has-medium-font-size\">\n<li><strong><a rel=\"noreferrer noopener\" href=\"https:\/\/www.ssaver.gob.mx\/adquisiciones\/wp-content\/uploads\/sites\/5\/2022\/07\/SESVER_DA_C-019_2022-AFECTADO-C.pdf\" target=\"_blank\">2022-SESVER_DA_C-019-2022<\/a><\/strong><br>Servicio&nbsp; Subrogado&nbsp; de&nbsp; Suministro&nbsp; de&nbsp; Oxigeno&nbsp; Hospitalario&nbsp; y Gases&nbsp; Medicinales&nbsp; para&nbsp; la&nbsp; Red&nbsp; Hospitalaria&nbsp; de Servicios&nbsp; de Salud&nbsp; de&nbsp; Veracruz.<\/li>\n<\/ul>\n\n\n\n<ul class=\"wp-block-list has-medium-font-size\">\n<li><strong><a rel=\"noreferrer noopener\" href=\"https:\/\/www.ssaver.gob.mx\/adquisiciones\/wp-content\/uploads\/sites\/5\/2022\/07\/SESVER_DA_C-018_2022-AFECTADO-C.pdf\" target=\"_blank\">2022-SESVER_DA_C-018-2022<\/a><\/strong><br>Servicio&nbsp; Subrogado&nbsp; de&nbsp; Suministro&nbsp; de&nbsp; Oxigeno&nbsp; Hospitalario&nbsp; y Gases&nbsp; Medicinales&nbsp; para&nbsp; la&nbsp; Red&nbsp; Hospitalaria&nbsp; de Servicios&nbsp; de Salud&nbsp; de&nbsp; Veracruz.<\/li>\n<\/ul>\n\n\n\n<ul class=\"wp-block-list has-medium-font-size\">\n<li><strong><a rel=\"noreferrer noopener\" href=\"https:\/\/www.ssaver.gob.mx\/adquisiciones\/wp-content\/uploads\/sites\/5\/2022\/07\/SESVER_DA_C-017_2022-AFECTADO-C.pdf\" target=\"_blank\">2022-SESVER_DA_C-017-2022<\/a><\/strong><br>Servicio&nbsp; Subrogado&nbsp; de&nbsp; Suministro&nbsp; de&nbsp; Oxigeno&nbsp; Hospitalario&nbsp; y Gases&nbsp; Medicinales&nbsp; para&nbsp; la&nbsp; Red&nbsp; Hospitalaria&nbsp; de Servicios&nbsp; de Salud&nbsp; de&nbsp; Veracruz.<\/li>\n<\/ul>\n\n\n\n<ul class=\"wp-block-list has-medium-font-size\">\n<li><strong><a rel=\"noreferrer noopener\" href=\"https:\/\/www.ssaver.gob.mx\/adquisiciones\/wp-content\/uploads\/sites\/5\/2022\/07\/SESVER_DA_C-016_2022-AFECTADO-C.pdf\" target=\"_blank\">2022-SESVER_DA_C-016-2022<\/a><\/strong><br>Servicio Subrogado&nbsp; de Suministro&nbsp; de Oxigeno&nbsp; Domiciliario&nbsp; para la&nbsp; Red Hospitalaria&nbsp; de Servicios&nbsp; de&nbsp; Salud de Veracruz.<\/li>\n<\/ul>\n\n\n\n<ul class=\"wp-block-list has-medium-font-size\">\n<li><strong><a rel=\"noreferrer noopener\" href=\"https:\/\/www.ssaver.gob.mx\/adquisiciones\/wp-content\/uploads\/sites\/5\/2022\/06\/SESVER_DA_C-015_2022-AFECTADO-C.pdf\" target=\"_blank\">2022-SESVER_DA_C-015-2022<\/a><\/strong><br>Servicio&nbsp; de&nbsp; Suministro&nbsp; de&nbsp; Material&nbsp; de 0steos\u00edntesis&nbsp; y Endopr\u00f3tesis&nbsp; para&nbsp; las&nbsp; Unidades&nbsp; Hospitalarias&nbsp; dependientes&nbsp; de&nbsp; SESVER.<\/li>\n<\/ul>\n\n\n\n<ul class=\"wp-block-list has-medium-font-size\">\n<li><strong><a rel=\"noreferrer noopener\" href=\"https:\/\/www.ssaver.gob.mx\/adquisiciones\/wp-content\/uploads\/sites\/5\/2022\/06\/SESVER_DA_C-014_2022-AFECTADO-C.pdf\" target=\"_blank\">2022-SESVER_DA_C-014-2022<\/a><\/strong><br>Servicio&nbsp; de&nbsp; Arrendamiento&nbsp; de&nbsp; Equipo&nbsp; para las \u00c1reas&nbsp; de&nbsp; Imagenolog\u00eda&nbsp; para&nbsp; las&nbsp; Unidades&nbsp; Hospitalarias&nbsp; de&nbsp; SESVER.<\/li>\n<\/ul>\n\n\n\n<ul class=\"wp-block-list has-medium-font-size\">\n<li><strong><a rel=\"noreferrer noopener\" href=\"https:\/\/www.ssaver.gob.mx\/adquisiciones\/wp-content\/uploads\/sites\/5\/2022\/06\/SESVER_DA_C-013_2022-AFECTADO-C.pdf\" target=\"_blank\">2022-SESVER_DA_C-013-2022<\/a><\/strong><br>Servicio&nbsp; de&nbsp; Arrendamiento&nbsp; de&nbsp; Equipo&nbsp; para las \u00c1reas&nbsp; de&nbsp; Imagenolog\u00eda&nbsp; para&nbsp; las&nbsp; Unidades&nbsp; Hospitalarias&nbsp; de&nbsp; SESVER.<\/li>\n<\/ul>\n\n\n\n<ul class=\"wp-block-list has-medium-font-size\">\n<li><strong><a href=\"https:\/\/www.ssaver.gob.mx\/adquisiciones\/wp-content\/uploads\/sites\/5\/2022\/06\/SESVER_DA_C-012_2022-AFECTADO-C.pdf\" target=\"_blank\" rel=\"noreferrer noopener\">2022-SESVER_DA_C-012-2022<\/a><\/strong><br>Servicio&nbsp; Subrogado&nbsp; de&nbsp; Alimentos&nbsp; y Bebidas&nbsp; para&nbsp; la&nbsp; Red&nbsp; Hospitalaria&nbsp; de&nbsp; Servicios&nbsp; de&nbsp; Salud&nbsp; de Veracruz.<\/li>\n<\/ul>\n\n\n\n<ul class=\"wp-block-list has-medium-font-size\">\n<li><strong><a rel=\"noreferrer noopener\" href=\"https:\/\/www.ssaver.gob.mx\/adquisiciones\/wp-content\/uploads\/sites\/5\/2022\/06\/SESVER_DA_C-011_2022-AFECTADO-C.pdf\" target=\"_blank\">2022-SESVER_DA_C-011-2022<\/a><\/strong><br>Servicio&nbsp; Subrogado&nbsp; de&nbsp; Alimentos&nbsp; y Bebidas&nbsp; para&nbsp; la&nbsp; Red&nbsp; Hospitalaria&nbsp; de&nbsp; Servicios&nbsp; de&nbsp; Salud&nbsp; de Veracruz.<\/li>\n<\/ul>\n\n\n\n<ul class=\"wp-block-list has-medium-font-size\">\n<li><strong><a href=\"https:\/\/www.ssaver.gob.mx\/adquisiciones\/wp-content\/uploads\/sites\/5\/2023\/01\/SESVER_DA_C-010_2022-AFECTADO-C.pdf\" target=\"_blank\" rel=\"noreferrer noopener\">2022-SESVER_DA_C-010-2022<\/a><\/strong><br>Servicio&nbsp; Subrogado&nbsp; de&nbsp; Recolecci\u00f3n,&nbsp; Transporte Externo,&nbsp; Tratamiento&nbsp; ,&nbsp; y&nbsp; Disposici\u00f3n&nbsp; Final&nbsp; de&nbsp; Residuos&nbsp; Peligrosos&nbsp; Biol\u00f3gico Infecciosos,&nbsp; Recolecci\u00f3n&nbsp; de&nbsp; L\u00edquidos&nbsp; Cansados&nbsp; de&nbsp; Rayos&nbsp; X,&nbsp; Soluciones&nbsp; Gastadas&nbsp; de Laboratorio,&nbsp; Placas&nbsp; Radiogr\u00e1ficas&nbsp; Usadas,&nbsp; L\u00e1mparas&nbsp; Fluorescentes&nbsp; y&nbsp; de Vapor&nbsp; de Mercurio,&nbsp; Medicamentos&nbsp; Caducos&nbsp; y&nbsp; Personal&nbsp; de&nbsp; Recolecci\u00f3n&nbsp; Interna&nbsp; de&nbsp; los Residuos&nbsp; Peligrosos&nbsp; Generados&nbsp; en&nbsp; los Hospitales&nbsp; de&nbsp; SESVER (RPBI)<\/li>\n<\/ul>\n\n\n\n<ul class=\"wp-block-list has-medium-font-size\">\n<li><strong><a rel=\"noreferrer noopener\" href=\"https:\/\/www.ssaver.gob.mx\/adquisiciones\/wp-content\/uploads\/sites\/5\/2022\/09\/SESVER-DA-C.ADE-003-2022-C.pdf\" target=\"_blank\">2022-SESVER-DA-C-ADE-003-2022<\/a><\/strong><br>Servicio&nbsp; Subrogado&nbsp; de Transporte&nbsp; de&nbsp; Personal&nbsp; del Laboratorio&nbsp; Estatal de Salud&nbsp; P\u00fablica.<\/li>\n<\/ul>\n\n\n\n<ul class=\"wp-block-list has-medium-font-size\">\n<li><strong><a rel=\"noreferrer noopener\" href=\"https:\/\/www.ssaver.gob.mx\/adquisiciones\/wp-content\/uploads\/sites\/5\/2022\/06\/SESVER_DA_C-009_2022-AFECTADO-C.pdf\" target=\"_blank\">2022-SESVER_DA_C-009-2022<\/a><\/strong><br>Servicio&nbsp; Subrogado&nbsp; de Transporte&nbsp; de&nbsp; Personal&nbsp; del Laboratorio&nbsp; Estatal de Salud&nbsp; P\u00fablica.<\/li>\n<\/ul>\n\n\n\n<ul class=\"wp-block-list has-medium-font-size\">\n<li><strong><a rel=\"noreferrer noopener\" href=\"https:\/\/www.ssaver.gob.mx\/adquisiciones\/wp-content\/uploads\/sites\/5\/2022\/06\/SESVER_DA_C-008_2022-AFECTADO-C.pdf\" target=\"_blank\">2022-SESVER_DA_C-008-2022<\/a><\/strong><br>Servicio&nbsp; Subrogado&nbsp; de&nbsp; Agua&nbsp; Purificada&nbsp; a&nbsp; Oficinas&nbsp; Centrales,&nbsp; Subdirecci\u00f3n&nbsp; de&nbsp; Ense\u00f1anza Investigaci\u00f3n&nbsp; y&nbsp; Capacitaci\u00f3n;&nbsp; \u00d3rgano Interno&nbsp; de Control;&nbsp; Plaza&nbsp; Macuilt\u00e9petl;&nbsp; Administraci\u00f3n&nbsp; del&nbsp; Patrimonio&nbsp; de&nbsp; la Beneficencia&nbsp; P\u00fablica&nbsp; (PBP); Departamento&nbsp; de&nbsp; Vigilancia&nbsp; Epidemiol\u00f3gica;&nbsp; Comisi\u00f3n Estatal&nbsp; Contra&nbsp; las Adicciones;&nbsp; Almac\u00e9n&nbsp; \u00abA\u00bb,&nbsp; Almac\u00e9n&nbsp; \u00abB\u00bb,&nbsp; Instituto&nbsp; Veracruzano&nbsp; de Salud Mental; Dr.&nbsp; Rafael&nbsp; Velasco&nbsp; Fern\u00e1ndez;&nbsp; Centro&nbsp; Estatal&nbsp; de Cancerolog\u00eda&nbsp; \u00abDr.&nbsp; \u201cMiguel&nbsp; Dorantes&nbsp; Mesa\u00bb&nbsp; (CECAN)&nbsp; y&nbsp; Centro&nbsp; de&nbsp; Atenci\u00f3n&nbsp; Infantil&nbsp; (CAI)&nbsp; Dependientes&nbsp; de Servicios&nbsp; de&nbsp; Salud&nbsp; de&nbsp; Veracruz.<\/li>\n<\/ul>\n\n\n\n<ul class=\"wp-block-list has-medium-font-size\">\n<li><strong><a rel=\"noreferrer noopener\" href=\"https:\/\/www.ssaver.gob.mx\/adquisiciones\/wp-content\/uploads\/sites\/5\/2022\/06\/SESVER_DA_C-007_2022-AFECTADO-C.pdf\" target=\"_blank\">2022-SESVER_DA_C-007-2022<\/a><\/strong><br>Servicio&nbsp; de&nbsp; Hemodi\u00e1lisis&nbsp; para&nbsp; Diversas Unidades&nbsp; Hospitalarias&nbsp; pertenecientes&nbsp; a&nbsp; Servicios&nbsp; de&nbsp; Salud&nbsp; de Veracruz.<\/li>\n<\/ul>\n\n\n\n<ul class=\"wp-block-list has-medium-font-size\">\n<li><strong><a rel=\"noreferrer noopener\" href=\"https:\/\/www.ssaver.gob.mx\/adquisiciones\/wp-content\/uploads\/sites\/5\/2022\/08\/SESVER-DA-C.ADE-002-2022-C.pdf\" target=\"_blank\">2022-SESVER_DA_C-ADE-002_2022<\/a><\/strong><br>Servicio&nbsp; de&nbsp; Fletes&nbsp; y&nbsp; Maniobras.<\/li>\n<\/ul>\n\n\n\n<ul class=\"wp-block-list has-medium-font-size\">\n<li><strong><a rel=\"noreferrer noopener\" href=\"https:\/\/www.ssaver.gob.mx\/adquisiciones\/wp-content\/uploads\/sites\/5\/2022\/06\/SESVER_DA_C-005_2022-AFECTADO-C.pdf\" target=\"_blank\">2022-SESVER_DA_C-005_2022<\/a><\/strong><br>Servicio&nbsp; de&nbsp; Fletes&nbsp; y&nbsp; Maniobras.<\/li>\n<\/ul>\n\n\n\n<ul class=\"wp-block-list has-medium-font-size\">\n<li><strong><a rel=\"noreferrer noopener\" href=\"https:\/\/www.ssaver.gob.mx\/adquisiciones\/wp-content\/uploads\/sites\/5\/2022\/06\/SESVER_DA_C-004_2022-AFECTADO-C.pdf\" target=\"_blank\">2022-SESVER_DA_C-004_2022<\/a><\/strong><br>Compra&nbsp; \u2013 venta&nbsp; de&nbsp; \u00ab899&nbsp; cajas&nbsp; con&nbsp; 25&nbsp; pruebas&nbsp; r\u00e1pidas&nbsp; de ant\u00edgeno&nbsp; de SARS-COV-2\u00bb.<\/li>\n<\/ul>\n\n\n\n<ul class=\"wp-block-list has-medium-font-size\">\n<li><strong><a rel=\"noreferrer noopener\" href=\"https:\/\/www.ssaver.gob.mx\/adquisiciones\/wp-content\/uploads\/sites\/5\/2022\/06\/SESVER_DA_C-003_2022-AFECTADO-C.pdf\" target=\"_blank\">2022-SESVER_DA_C-003_2022<\/a><\/strong><br>Compra&nbsp; \u2013&nbsp; Venta&nbsp; del Reactivo PROPOXUR 70 PH.<\/li>\n<\/ul>\n\n\n\n<ul class=\"wp-block-list has-medium-font-size\">\n<li><strong><a rel=\"noreferrer noopener\" href=\"https:\/\/www.ssaver.gob.mx\/adquisiciones\/wp-content\/uploads\/sites\/5\/2022\/06\/SESVER_DA_C-002_2022-AFECTADO-C.pdf\" target=\"_blank\">2022-SESVER_DA_C-002_2022<\/a><\/strong><br>Compra&nbsp; \u2013&nbsp; Venta&nbsp; de&nbsp; \u00abParacetamol,&nbsp; Soluci\u00f3n&nbsp; Inyectable&nbsp; 1&nbsp; G., para&nbsp; las&nbsp; Unidades&nbsp; Hospitalarias&nbsp; de Servicios&nbsp; de Salud&nbsp; de Veracruz\u00bb.<\/li>\n<\/ul>\n\n\n\n<ul class=\"wp-block-list has-medium-font-size\">\n<li><strong><a rel=\"noreferrer noopener\" href=\"https:\/\/www.ssaver.gob.mx\/adquisiciones\/wp-content\/uploads\/sites\/5\/2022\/06\/SESVER_DA_C-001_2022-AFECTADO-C.pdf\" target=\"_blank\">2022-SESVER_DA_C-001_2022<\/a><\/strong><br>Compra&nbsp; \u2013&nbsp; Venta&nbsp; de&nbsp; \u00abParacetamol,&nbsp; Soluci\u00f3n&nbsp; Inyectable&nbsp; 1&nbsp; G., para&nbsp; las&nbsp; Unidades&nbsp; Hospitalarias&nbsp; de Servicios&nbsp; de Salud&nbsp; de Veracruz\u00bb.<\/li>\n<\/ul>\n<\/div>\n<\/div>\n<\/div>\n","protected":false},"excerpt":{"rendered":"<p>Contratos Adjudicados de acuerdo a la modalidad<\/p>\n","protected":false},"author":2,"featured_media":0,"parent":3496,"menu_order":1,"comment_status":"closed","ping_status":"closed","template":"","meta":{"colormag_page_container_layout":"default_layout","colormag_page_sidebar_layout":"default_layout","footnotes":""},"class_list":["post-3590","page","type-page","status-publish","hentry"],"_links":{"self":[{"href":"https:\/\/www.ssaver.gob.mx\/adquisiciones\/wp-json\/wp\/v2\/pages\/3590","targetHints":{"allow":["GET"]}}],"collection":[{"href":"https:\/\/www.ssaver.gob.mx\/adquisiciones\/wp-json\/wp\/v2\/pages"}],"about":[{"href":"https:\/\/www.ssaver.gob.mx\/adquisiciones\/wp-json\/wp\/v2\/types\/page"}],"author":[{"embeddable":true,"href":"https:\/\/www.ssaver.gob.mx\/adquisiciones\/wp-json\/wp\/v2\/users\/2"}],"replies":[{"embeddable":true,"href":"https:\/\/www.ssaver.gob.mx\/adquisiciones\/wp-json\/wp\/v2\/comments?post=3590"}],"version-history":[{"count":8,"href":"https:\/\/www.ssaver.gob.mx\/adquisiciones\/wp-json\/wp\/v2\/pages\/3590\/revisions"}],"predecessor-version":[{"id":11687,"href":"https:\/\/www.ssaver.gob.mx\/adquisiciones\/wp-json\/wp\/v2\/pages\/3590\/revisions\/11687"}],"up":[{"embeddable":true,"href":"https:\/\/www.ssaver.gob.mx\/adquisiciones\/wp-json\/wp\/v2\/pages\/3496"}],"wp:attachment":[{"href":"https:\/\/www.ssaver.gob.mx\/adquisiciones\/wp-json\/wp\/v2\/media?parent=3590"}],"curies":[{"name":"wp","href":"https:\/\/api.w.org\/{rel}","templated":true}]}}