{"id":3594,"date":"2022-12-20T10:25:29","date_gmt":"2022-12-20T16:25:29","guid":{"rendered":"https:\/\/www.ssaver.gob.mx\/adquisiciones\/?page_id=3594"},"modified":"2026-03-27T11:50:02","modified_gmt":"2026-03-27T17:50:02","slug":"021-040","status":"publish","type":"page","link":"https:\/\/www.ssaver.gob.mx\/adquisiciones\/licitaciones-2022\/adjudicaciones-estatales-directas-por-excepcion-de-ley-2\/021-040\/","title":{"rendered":"Adjudicaciones Estatales Directas por Excepci\u00f3n de Ley 021-040"},"content":{"rendered":"\n<div class=\"wp-block-group is-layout-constrained wp-container-core-group-is-layout-9517baca wp-block-group-is-layout-constrained\">\n<hr class=\"wp-block-separator has-text-color has-alpha-channel-opacity has-background is-style-wide\" style=\"background-color:#d8bf31;color:#d8bf31\" \/>\n\n\n\n<div class=\"wp-block-columns is-layout-flex wp-container-core-columns-is-layout-28f84493 wp-block-columns-is-layout-flex\">\n<div class=\"wp-block-column has-background is-layout-flow wp-block-column-is-layout-flow\" style=\"background-color:#fff4e0;flex-basis:100%\">\n<p class=\"has-text-color has-background has-medium-font-size\" style=\"color:#5b4c0d;background-color:#fff4e0\"><strong><strong><strong>Contratos Adjudicados de acuerdo a la modalidad<\/strong><\/strong><\/strong><\/p>\n\n\n\n<ul class=\"wp-block-list has-medium-font-size\">\n<li><strong><a rel=\"noreferrer noopener\" href=\"https:\/\/www.ssaver.gob.mx\/adquisiciones\/wp-content\/uploads\/sites\/5\/2022\/07\/SESVER_DA_C-040_2022-AFECTADO-C.pdf\" target=\"_blank\">2022-SESVER_DA_C_040-2022<\/a><\/strong><br>Compra \u2013&nbsp; venta&nbsp; de \u00abMedicamento\u00bb.<\/li>\n<\/ul>\n\n\n\n<ul class=\"wp-block-list has-medium-font-size\">\n<li><strong><a rel=\"noreferrer noopener\" href=\"https:\/\/www.ssaver.gob.mx\/adquisiciones\/wp-content\/uploads\/sites\/5\/2022\/07\/SESVER_DA_C-039_2022-AFECTADO-C.pdf\" target=\"_blank\">2022-SESVER_DA_C_039-2022<\/a><\/strong><br>Compra \u2013&nbsp; venta&nbsp; de \u00abMedicamento&nbsp; y&nbsp; material&nbsp; de curaci\u00f3n\u00bb.<\/li>\n<\/ul>\n\n\n\n<ul class=\"wp-block-list has-medium-font-size\">\n<li><strong><a rel=\"noreferrer noopener\" href=\"https:\/\/www.ssaver.gob.mx\/adquisiciones\/wp-content\/uploads\/sites\/5\/2022\/07\/SESVER_DA_C-038_2022-AFECTADO-C.pdf\" target=\"_blank\">2022-SESVER_DA_C_038-2022<\/a><\/strong><br>Compra \u2013&nbsp; venta&nbsp; de \u00abMedicamento\u00bb.<\/li>\n<\/ul>\n\n\n\n<ul class=\"wp-block-list has-medium-font-size\">\n<li><strong><a rel=\"noreferrer noopener\" href=\"https:\/\/www.ssaver.gob.mx\/adquisiciones\/wp-content\/uploads\/sites\/5\/2022\/07\/SESVER_DA_C-037_-2022-AFECTADO-C.pdf\" target=\"_blank\">2022-SESVER_DA_C_037-2022<\/a><\/strong><br>Compra \u2013&nbsp; venta&nbsp; de \u00abMedicamento&nbsp; y&nbsp; material&nbsp; de curaci\u00f3n\u00bb.<\/li>\n<\/ul>\n\n\n\n<ul class=\"wp-block-list has-medium-font-size\">\n<li><strong><a rel=\"noreferrer noopener\" href=\"https:\/\/www.ssaver.gob.mx\/adquisiciones\/wp-content\/uploads\/sites\/5\/2022\/07\/SESVER_DA_C-036_-2022-AFECTADO-C.pdf\" target=\"_blank\">2022-SESVER_DA_C_036-2022<\/a><\/strong><br>Compra \u2013&nbsp; venta&nbsp; de \u00abMedicamento\u00bb.<\/li>\n<\/ul>\n\n\n\n<ul class=\"wp-block-list has-medium-font-size\">\n<li><strong><a rel=\"noreferrer noopener\" href=\"https:\/\/www.ssaver.gob.mx\/adquisiciones\/wp-content\/uploads\/sites\/5\/2022\/07\/SESVER_DA_C-035_2022-AFECTADO-C.pdf\" target=\"_blank\">2022-SESVER_DA_C-035-2022<\/a><\/strong><br>Compra \u2013&nbsp; venta&nbsp; de \u00abMedicamento\u00bb.<\/li>\n<\/ul>\n\n\n\n<ul class=\"wp-block-list has-medium-font-size\">\n<li><strong><a rel=\"noreferrer noopener\" href=\"https:\/\/www.ssaver.gob.mx\/adquisiciones\/wp-content\/uploads\/sites\/5\/2022\/07\/SESVER_DA_C-034_-2022-AFECTADO-C.pdf\" target=\"_blank\">2022-SESVER_DA_C-034-2022<\/a><\/strong><br>Compra \u2013&nbsp; venta&nbsp; de \u00abMedicamento&nbsp; y&nbsp; material&nbsp; de curaci\u00f3n\u00bb.<\/li>\n<\/ul>\n\n\n\n<ul class=\"wp-block-list has-medium-font-size\">\n<li><strong><a rel=\"noreferrer noopener\" href=\"https:\/\/www.ssaver.gob.mx\/adquisiciones\/wp-content\/uploads\/sites\/5\/2022\/07\/SESVER_DA_C-033_2022-AFECTADO-C.pdf\" target=\"_blank\">2022-SESVER_DA_C-033-2022<\/a><\/strong><br>Compra \u2013&nbsp; venta&nbsp; de \u00abMedicamento&nbsp; y&nbsp; material&nbsp; de curaci\u00f3n\u00bb.<\/li>\n<\/ul>\n\n\n\n<ul class=\"wp-block-list has-medium-font-size\">\n<li><strong><a rel=\"noreferrer noopener\" href=\"https:\/\/www.ssaver.gob.mx\/adquisiciones\/wp-content\/uploads\/sites\/5\/2022\/07\/SESVER_DA_C-032_2022-AFECTADO-C.pdf\" target=\"_blank\">2022-SESVER_DA_C-032-2022<\/a><\/strong><br>Servicio&nbsp; Subrogado&nbsp; de Fotocopiado&nbsp; para&nbsp; la Red Hospitalaria&nbsp; de Servicios&nbsp; de&nbsp; Salud&nbsp; de Veracruz.<\/li>\n<\/ul>\n\n\n\n<ul class=\"wp-block-list has-medium-font-size\">\n<li><strong><a rel=\"noreferrer noopener\" href=\"https:\/\/www.ssaver.gob.mx\/adquisiciones\/wp-content\/uploads\/sites\/5\/2022\/07\/SESVER_DA_C-031_2021-AFECTADO-C.pdf\" target=\"_blank\">2022-SESVER_DA_C-031-2022<\/a><\/strong><br>P\u00f3liza&nbsp; de&nbsp; Mantenimiento&nbsp; Preventivo&nbsp; y \/o&nbsp; Correctivo&nbsp; Anual&nbsp; al&nbsp; Acelerador Lineal&nbsp; Marca&nbsp; Elekta&nbsp; Modelo&nbsp; Sinergy&nbsp; Platform&nbsp; con&nbsp; N\u00famero&nbsp; de Serie \u00b7\u201d154010\u201d\u00b7&nbsp; y&nbsp; No.&nbsp; de Inventario 008110&nbsp; y la Contrataci\u00f3n&nbsp; de la&nbsp; P\u00f3liza&nbsp; de Mantenimiento&nbsp; Preventivo&nbsp; y\/o Correctivo&nbsp; Anual&nbsp; a&nbsp; Equipo de&nbsp; Braquiterapia&nbsp; Marca&nbsp; Nucletron&nbsp; Modelo&nbsp; Microselectron&nbsp; HDR&nbsp; No.&nbsp; de&nbsp; Serie 20146&nbsp; y&nbsp; No.&nbsp; de Inventario&nbsp; 8111&nbsp; y&nbsp; Suministro&nbsp; de Fuentes&nbsp; Radiactivas&nbsp; de&nbsp; Iridio&nbsp; 192,&nbsp; Instalados&nbsp; Dentro&nbsp; del&nbsp; Centro Estatal&nbsp; de Cancerolog\u00eda&nbsp; \u00abDr-Miguel&nbsp; Dorantes&nbsp; Mesa\u00bb.<\/li>\n<\/ul>\n\n\n\n<ul class=\"wp-block-list has-medium-font-size\">\n<li><strong><a rel=\"noreferrer noopener\" href=\"https:\/\/www.ssaver.gob.mx\/adquisiciones\/wp-content\/uploads\/sites\/5\/2022\/07\/SESVER_DA_C-030_2022-AFECTADO-C.pdf\" target=\"_blank\">2022-SESVER_DA_C-030-2022<\/a><\/strong><br>Servicio&nbsp; Subrogado&nbsp; de&nbsp; Mensajer\u00eda&nbsp; y&nbsp; Paqueter\u00eda&nbsp; Especializada para&nbsp; las Diferentes&nbsp; \u00c1reas&nbsp; de Oficina&nbsp; Central&nbsp; de Servicios&nbsp; de Salud&nbsp; de Veracruz.<\/li>\n<\/ul>\n\n\n\n<ul class=\"wp-block-list has-medium-font-size\">\n<li><strong><a rel=\"noreferrer noopener\" href=\"https:\/\/www.ssaver.gob.mx\/adquisiciones\/wp-content\/uploads\/sites\/5\/2022\/09\/SESVER-DA-C.ADE-001-2022-C.pdf\" target=\"_blank\">2022-SESVER-DA-C-ADE-001-2022<\/a><\/strong><br>Compra-Venta&nbsp; de&nbsp; Tarjetas&nbsp; Electr\u00f3nicas&nbsp; con&nbsp; Chip&nbsp; para&nbsp; el Suministro&nbsp; de&nbsp; Gasolina&nbsp; y&nbsp; Di\u00e9sel&nbsp; a&nbsp; Veh\u00edculos&nbsp; Oficiales&nbsp; de&nbsp; Servicios&nbsp; de&nbsp; Salud&nbsp; de Veracruz.<\/li>\n<\/ul>\n\n\n\n<ul class=\"wp-block-list has-medium-font-size\">\n<li><strong><a rel=\"noreferrer noopener\" href=\"https:\/\/www.ssaver.gob.mx\/adquisiciones\/wp-content\/uploads\/sites\/5\/2022\/07\/SESVER_DA_C-029_2022-AFECTADO-C.pdf\" target=\"_blank\">2022-SESVER_DA_C-029-2022<\/a><\/strong><br>Compra-Venta&nbsp; de&nbsp; Tarjetas&nbsp; Electr\u00f3nicas&nbsp; con&nbsp; Chip&nbsp; para&nbsp; el Suministro&nbsp; de&nbsp; Gasolina&nbsp; y&nbsp; Di\u00e9sel&nbsp; a&nbsp; Veh\u00edculos&nbsp; Oficiales&nbsp; de&nbsp; Servicios&nbsp; de&nbsp; Salud&nbsp; de Veracruz.<\/li>\n<\/ul>\n\n\n\n<ul class=\"wp-block-list has-medium-font-size\">\n<li><strong><a rel=\"noreferrer noopener\" href=\"https:\/\/www.ssaver.gob.mx\/adquisiciones\/wp-content\/uploads\/sites\/5\/2022\/07\/SESVER_DA_C-028_2022-AFECTADO-C.pdf\" target=\"_blank\">2022-SESVER_DA_C-028-2022<\/a><\/strong><br>Servicio Subrogado de Lavander\u00eda&nbsp; para&nbsp; la Red Hospitalaria&nbsp; de&nbsp; Servicios&nbsp; de Salud&nbsp; de Veracruz,&nbsp; el cual&nbsp; comprende&nbsp; el Lavado y&nbsp; Suministro&nbsp; de Ropa.<\/li>\n<\/ul>\n\n\n\n<ul class=\"wp-block-list has-medium-font-size\">\n<li><strong><a rel=\"noreferrer noopener\" href=\"https:\/\/www.ssaver.gob.mx\/adquisiciones\/wp-content\/uploads\/sites\/5\/2022\/07\/SESVER_DA_C-027_2022-AFECTADO-C.pdf\" target=\"_blank\">2022-SESVER_DA_C-027-2022<\/a><\/strong><br>P\u00f3liza&nbsp; de Mantenimiento&nbsp; preventivo&nbsp; y\/o Correctivo&nbsp; a la&nbsp; Bomba de&nbsp; Cobalto&nbsp; 60&nbsp; Marca&nbsp; \u00abTheratronics\u00bb&nbsp; Modelo&nbsp; \u201cT- 780e\u201d con N\u00famero&nbsp; de&nbsp; Serie 601 Instalada dentro del Centro&nbsp; Estatal de Cancerolog\u00eda&nbsp; \u00b7Dr.&nbsp; Miguel&nbsp; Dorantes Mesa\u00bb.<\/li>\n<\/ul>\n\n\n\n<ul class=\"wp-block-list has-medium-font-size\">\n<li><strong><a rel=\"noreferrer noopener\" href=\"https:\/\/www.ssaver.gob.mx\/adquisiciones\/wp-content\/uploads\/sites\/5\/2022\/07\/SESVER_DA_C-026_2022-AFECTADO-C.pdf\" target=\"_blank\">2022-SESVER_DA_C-026-2022<\/a><\/strong><br>Servicio&nbsp; de&nbsp; \u00abSuministro&nbsp; de&nbsp; Helio&nbsp; L\u00edquido&nbsp; de&nbsp; Alta Pureza&nbsp; para&nbsp; los&nbsp; Equipos de&nbsp; Resonancia&nbsp; Magn\u00e9tica&nbsp; del&nbsp; Centro&nbsp; de&nbsp; Alta Especialidad&nbsp; \u00abDr.&nbsp; Rafael&nbsp; Lucio\u00bb&nbsp; y el Centro&nbsp; Estatal&nbsp; de&nbsp; Cancerolog\u00eda &nbsp;\u00abDr.&nbsp; Miguel Dorantes&nbsp; Mesa\u00bb&nbsp; para&nbsp; el&nbsp; Ejercicio&nbsp; 2022\u2033.<\/li>\n<\/ul>\n\n\n\n<ul class=\"wp-block-list has-medium-font-size\">\n<li><strong><a rel=\"noreferrer noopener\" href=\"https:\/\/www.ssaver.gob.mx\/adquisiciones\/wp-content\/uploads\/sites\/5\/2022\/07\/SESVER_DA_C-025_2022-AFECTADO-C.pdf\" target=\"_blank\">2022-SESVER_DA_C-025-2022<\/a><\/strong><br>Servicio de Hemodinamia en el&nbsp; Centro&nbsp; de&nbsp; Alta Especialidad&nbsp; Dr.&nbsp; Rafael Lucio.&nbsp; Hospital&nbsp; de Alta&nbsp; Especialidad&nbsp; de&nbsp; Veracruz&nbsp; y&nbsp; el Hospital&nbsp; Regional&nbsp; de&nbsp; Xalapa&nbsp; Dr.&nbsp; Luis&nbsp; F_Nach\u00f3n&nbsp; pertenecientes, a&nbsp; Servicios&nbsp; de Salud&nbsp; de Veracruz.<\/li>\n<\/ul>\n\n\n\n<ul class=\"wp-block-list has-medium-font-size\">\n<li><strong><a rel=\"noreferrer noopener\" href=\"https:\/\/www.ssaver.gob.mx\/adquisiciones\/wp-content\/uploads\/sites\/5\/2022\/07\/SESVER_DA_C-024_2022-AFECTADO-C.pdf\" target=\"_blank\">2022-SESVER_DA_C-024-2022<\/a><\/strong><br>Servicio Subrogado de Vigilancia a Hospitales, Jurisdicciones Sanitarias, Centros de Salud, Almacenes, y Oficinas Centrales de Servicios de Salud de Veracruz, as\u00ed como de los Bienes Muebles e Inmuebles que forman parte de la estructura, dependientes de Servicios de Salud de Veracruz.<\/li>\n<\/ul>\n\n\n\n<ul class=\"wp-block-list has-medium-font-size\">\n<li><strong><a rel=\"noreferrer noopener\" href=\"https:\/\/www.ssaver.gob.mx\/adquisiciones\/wp-content\/uploads\/sites\/5\/2022\/07\/SESVER_DA_C-023_2022-AFECTADO-C.pdf\" target=\"_blank\">2022-SESVER_DA_C-023-2022<\/a><\/strong><br>Servicio&nbsp; Subrogado&nbsp; de&nbsp; Limpieza&nbsp; a&nbsp; Oficinas&nbsp; Centrales, Jurisdicciones&nbsp; Sanitarias,&nbsp; Hospitales,&nbsp; Laboratorio&nbsp; Estatal&nbsp; de&nbsp; Salud&nbsp; P\u00fablica,&nbsp; Centro Estatal&nbsp; de&nbsp; Transfusi\u00f3n&nbsp; Sangu\u00ednea,&nbsp; Asilos,&nbsp; Hogar&nbsp; del&nbsp; Ni\u00f1o,&nbsp; Capasits&nbsp; y&nbsp; Centros&nbsp; de&nbsp; Salud dependientes&nbsp; de&nbsp; Servicios&nbsp; de&nbsp; Salud&nbsp; de Veracruz.<\/li>\n<\/ul>\n\n\n\n<ul class=\"wp-block-list has-medium-font-size\">\n<li><strong><a rel=\"noreferrer noopener\" href=\"https:\/\/www.ssaver.gob.mx\/adquisiciones\/wp-content\/uploads\/sites\/5\/2022\/07\/SESVER_DA_C-022_2022-AFECTADO-C.pdf\" target=\"_blank\">2022-SESVER_DA_C-022-2022<\/a><\/strong><br>Servicio&nbsp; de&nbsp; Laparoscop\u00eda,&nbsp; Endoscop\u00eda&nbsp; y&nbsp; Artroscopia&nbsp; para Diversas&nbsp; Unidades&nbsp; Hospitalarias&nbsp; pertenecientes&nbsp; a&nbsp; Servicios de&nbsp; Salud&nbsp; de&nbsp; Veracruz.<\/li>\n<\/ul>\n\n\n\n<ul class=\"wp-block-list has-medium-font-size\">\n<li><strong><a rel=\"noreferrer noopener\" href=\"https:\/\/www.ssaver.gob.mx\/adquisiciones\/wp-content\/uploads\/sites\/5\/2022\/07\/SESVER_DA_C-021_2022-AFECTADO-C.pdf\" target=\"_blank\">2022-SESVER_DA_C-021-2022<\/a><\/strong><br>Servicio&nbsp; de&nbsp; Anestesia&nbsp; para&nbsp; los&nbsp; Hospitales&nbsp; pertenecientes a&nbsp; Servicios&nbsp; de&nbsp; Salud&nbsp; de&nbsp; Veracruz.<\/li>\n<\/ul>\n<\/div>\n<\/div>\n<\/div>\n","protected":false},"excerpt":{"rendered":"<p>Contratos Adjudicados de acuerdo a la modalidad<\/p>\n","protected":false},"author":2,"featured_media":0,"parent":3496,"menu_order":2,"comment_status":"closed","ping_status":"closed","template":"","meta":{"colormag_page_container_layout":"default_layout","colormag_page_sidebar_layout":"default_layout","footnotes":""},"class_list":["post-3594","page","type-page","status-publish","hentry"],"_links":{"self":[{"href":"https:\/\/www.ssaver.gob.mx\/adquisiciones\/wp-json\/wp\/v2\/pages\/3594","targetHints":{"allow":["GET"]}}],"collection":[{"href":"https:\/\/www.ssaver.gob.mx\/adquisiciones\/wp-json\/wp\/v2\/pages"}],"about":[{"href":"https:\/\/www.ssaver.gob.mx\/adquisiciones\/wp-json\/wp\/v2\/types\/page"}],"author":[{"embeddable":true,"href":"https:\/\/www.ssaver.gob.mx\/adquisiciones\/wp-json\/wp\/v2\/users\/2"}],"replies":[{"embeddable":true,"href":"https:\/\/www.ssaver.gob.mx\/adquisiciones\/wp-json\/wp\/v2\/comments?post=3594"}],"version-history":[{"count":4,"href":"https:\/\/www.ssaver.gob.mx\/adquisiciones\/wp-json\/wp\/v2\/pages\/3594\/revisions"}],"predecessor-version":[{"id":11688,"href":"https:\/\/www.ssaver.gob.mx\/adquisiciones\/wp-json\/wp\/v2\/pages\/3594\/revisions\/11688"}],"up":[{"embeddable":true,"href":"https:\/\/www.ssaver.gob.mx\/adquisiciones\/wp-json\/wp\/v2\/pages\/3496"}],"wp:attachment":[{"href":"https:\/\/www.ssaver.gob.mx\/adquisiciones\/wp-json\/wp\/v2\/media?parent=3594"}],"curies":[{"name":"wp","href":"https:\/\/api.w.org\/{rel}","templated":true}]}}