{"id":3598,"date":"2022-12-20T10:26:51","date_gmt":"2022-12-20T16:26:51","guid":{"rendered":"https:\/\/www.ssaver.gob.mx\/adquisiciones\/?page_id=3598"},"modified":"2026-03-27T11:51:19","modified_gmt":"2026-03-27T17:51:19","slug":"061-080","status":"publish","type":"page","link":"https:\/\/www.ssaver.gob.mx\/adquisiciones\/licitaciones-2022\/adjudicaciones-estatales-directas-por-excepcion-de-ley-2\/061-080\/","title":{"rendered":"Adjudicaciones Estatales Directas por Excepci\u00f3n de Ley 061-080"},"content":{"rendered":"\n<div class=\"wp-block-group is-layout-constrained wp-container-core-group-is-layout-9517baca wp-block-group-is-layout-constrained\">\n<hr class=\"wp-block-separator has-text-color has-alpha-channel-opacity has-background is-style-wide\" style=\"background-color:#d8bf31;color:#d8bf31\" \/>\n\n\n\n<div class=\"wp-block-columns is-layout-flex wp-container-core-columns-is-layout-28f84493 wp-block-columns-is-layout-flex\">\n<div class=\"wp-block-column has-background is-layout-flow wp-block-column-is-layout-flow\" style=\"background-color:#fff4e0;flex-basis:100%\">\n<p class=\"has-text-color has-background has-medium-font-size\" style=\"color:#5b4c0d;background-color:#fff4e0\"><strong><strong><strong>Contratos Adjudicados de acuerdo a la modalidad<\/strong><\/strong><\/strong><\/p>\n\n\n\n<ul class=\"wp-block-list has-medium-font-size\">\n<li><strong><a rel=\"noreferrer noopener\" href=\"https:\/\/www.ssaver.gob.mx\/adquisiciones\/wp-content\/uploads\/sites\/5\/2022\/07\/SESVER_DA_C-073_2022-AFECTADO-C.pdf\" target=\"_blank\">2022-SESVER_DA_C_073-2022<\/a><\/strong><br>Contrataci\u00f3n&nbsp; de&nbsp; los&nbsp; Trabajos&nbsp; de&nbsp; Retiro&nbsp; y&nbsp; Exportaci\u00f3n&nbsp; de&nbsp; una Fuente Radiactiva,&nbsp; Retir\u00e1ndola&nbsp; del Cabezal&nbsp; de&nbsp; la&nbsp; Unidad&nbsp; de&nbsp; Cobalto 60,&nbsp; que&nbsp; se ubica&nbsp; en&nbsp; el Centro&nbsp; Estatal&nbsp; de&nbsp; Cancerolog\u00eda \u00abDr.&nbsp; Miguel&nbsp; Dorantes&nbsp; Mesa\u00bb;&nbsp; Transfiri\u00e9ndolo&nbsp; en&nbsp; un Contenedor&nbsp; F-147&nbsp; enviado&nbsp; Especialmente&nbsp; desde\u00bb&nbsp; Canad\u00e1,&nbsp; Eliminaci\u00f3n&nbsp; definitiva&nbsp; del Material&nbsp; Radiactivo Log\u00edstica&nbsp; y Transportes &nbsp;Locales&nbsp; del Aeropuerto Internacional&nbsp; de la Ciudad&nbsp; de&nbsp; M\u00e9xico (AICM) o&nbsp; del Aeropuerto Internacional&nbsp; Felipe \u00c1ngeles&nbsp; (AIFA) desde el CECAN a Canad\u00e1.<\/li>\n<\/ul>\n\n\n\n<ul class=\"wp-block-list has-medium-font-size\">\n<li><strong><a rel=\"noreferrer noopener\" href=\"https:\/\/www.ssaver.gob.mx\/adquisiciones\/wp-content\/uploads\/sites\/5\/2022\/07\/SESVER_DA_C-072_2022-AFECTADO-C.pdf\" target=\"_blank\">2022-SESVER_DA_C_072-2022<\/a><\/strong><br>Adquisici\u00f3n,&nbsp; Instalaci\u00f3n,&nbsp; puesta&nbsp; en&nbsp; Marcha&nbsp; y Capacitaci\u00f3n&nbsp; al&nbsp; Personal&nbsp; Usuario&nbsp; de&nbsp; un&nbsp; Software&nbsp; Supervisor&nbsp; y&nbsp; de Control&nbsp; del&nbsp; Sistema&nbsp; de&nbsp; Bioseguridad&nbsp; 3&nbsp; (BSL3)&nbsp; para&nbsp; el&nbsp; Departamento&nbsp; de Diagn\u00f3stico&nbsp; Epidemiol\u00f3gico&nbsp; del&nbsp; Laboratorio&nbsp; Estatal&nbsp; de&nbsp; Salud&nbsp; P\u00fablica.<\/li>\n<\/ul>\n\n\n\n<ul class=\"wp-block-list has-medium-font-size\">\n<li><strong><a rel=\"noreferrer noopener\" href=\"https:\/\/www.ssaver.gob.mx\/adquisiciones\/wp-content\/uploads\/sites\/5\/2022\/07\/SESVER_DA_C-071_2022-AFECTADO-C.pdf\" target=\"_blank\">2022-SESVER_DA_C_071-2022<\/a><\/strong><br>Adquisici\u00f3n,&nbsp; Instalaci\u00f3n,&nbsp; Puesta en&nbsp; Marcha y Capacitaci\u00f3n al&nbsp; Personal&nbsp; Usuario&nbsp; de&nbsp; 2&nbsp; Equipos&nbsp; de&nbsp; Enfriamiento&nbsp; de&nbsp; 25 Toneladas&nbsp; para&nbsp; el&nbsp; Departamento&nbsp; de Diagn\u00f3stico&nbsp; Epidemiol\u00f3gico&nbsp; del Laboratorio&nbsp; Estatal de Salud P\u00fablica.<\/li>\n<\/ul>\n\n\n\n<ul class=\"wp-block-list has-medium-font-size\">\n<li><strong><a rel=\"noreferrer noopener\" href=\"https:\/\/www.ssaver.gob.mx\/adquisiciones\/wp-content\/uploads\/sites\/5\/2022\/07\/SESVER_DA_C-070_2022-AFECTADO-C.pdf\" target=\"_blank\">2022-SESVER_DA_C_070-2022<\/a><\/strong><br>Compra-Venta de Tarjetas Electr\u00f3nicas con Chip para el Servicio de Suministro de Gasolina y Di\u00e9sel a Veh\u00edculos Oficiales de Servicios de Salud&nbsp; de Veracruz.<\/li>\n<\/ul>\n\n\n\n<ul class=\"wp-block-list has-medium-font-size\">\n<li><strong><a rel=\"noreferrer noopener\" href=\"https:\/\/www.ssaver.gob.mx\/adquisiciones\/wp-content\/uploads\/sites\/5\/2022\/07\/SESVER_DA_C-069_2022-AFECTADO-C.pdf\" target=\"_blank\">2022-SESVER_DA_C_069-2022<\/a><\/strong><br>Compra-Venta de Tarjetas Electr\u00f3nicas con Chip para el Servicio de Suministro de Gasolina y Di\u00e9sel a Veh\u00edculos Oficiales de Servicios de Salud&nbsp; de Veracruz.<\/li>\n<\/ul>\n\n\n\n<ul class=\"wp-block-list has-medium-font-size\">\n<li><strong><a rel=\"noreferrer noopener\" href=\"https:\/\/www.ssaver.gob.mx\/adquisiciones\/wp-content\/uploads\/sites\/5\/2022\/07\/SESVER_DA_C-068_2022-AFECTADO-C.pdf\" target=\"_blank\">2022-SESVER_DA_C_068-2022<\/a><\/strong><br>Servicio&nbsp; de&nbsp; Suministro&nbsp; de&nbsp; Gasolina&nbsp; y&nbsp; Di\u00e9sel&nbsp; Mediante&nbsp; Monederos Electr\u00f3nicos para Veh\u00edculos&nbsp; Oficiales de Servicios de Salud&nbsp; de Veracruz.<\/li>\n<\/ul>\n\n\n\n<ul class=\"wp-block-list has-medium-font-size\">\n<li><strong><a rel=\"noreferrer noopener\" href=\"https:\/\/www.ssaver.gob.mx\/adquisiciones\/wp-content\/uploads\/sites\/5\/2022\/07\/SESVER_DA_C-067_2022-AFECTADO-C.pdf\" target=\"_blank\">2022-SESVER_DA_C_067-2022<\/a><\/strong><br>Servicio&nbsp; de&nbsp; Suministro&nbsp; de&nbsp; Gasolina&nbsp; y&nbsp; Di\u00e9sel&nbsp; Mediante&nbsp; Monederos Electr\u00f3nicos para Veh\u00edculos&nbsp; Oficiales de Servicios de Salud&nbsp; de Veracruz.<\/li>\n<\/ul>\n\n\n\n<ul class=\"wp-block-list has-medium-font-size\">\n<li><strong><a rel=\"noreferrer noopener\" href=\"https:\/\/www.ssaver.gob.mx\/adquisiciones\/wp-content\/uploads\/sites\/5\/2022\/07\/SESVER_DA_C-066_2022-AFECTADO-C.pdf\" target=\"_blank\">2022-SESVER_DA_C_066-2022<\/a><\/strong><br>P\u00f3liza de mantenimiento preventivo y\/o correctivo anual de los 9 Tom\u00f3grafos de las Siguientes Unidades: Hospital Regional de R\u00edo Blanco, Hospital Regional Poza Rica, Centro de Alta Especialidad \u00abDr. Rafael Lucio\u00bb, Centro Estatal de Cancerolog\u00eda \u00abDr.&nbsp; Miguel Dorantes Mesa\u00bb, Hospital de Alta Especialidad de Veracruz, Hospital Regional de Coatzacoalcos y Hospital Regional de Xalapa \u00abDr Luis F. Nach\u00f3n y 1 Sala de hemodinamia del Centro de Alta Especialidad \u201cDr. Rafael Lucio\u00bb Derivado de la Emergencia Sanitaria Generada por el Virus Sars\u00b7Cov2 (Covid-19).<\/li>\n<\/ul>\n\n\n\n<ul class=\"wp-block-list has-medium-font-size\">\n<li><a rel=\"noreferrer noopener\" href=\"https:\/\/www.ssaver.gob.mx\/adquisiciones\/wp-content\/uploads\/sites\/5\/2022\/07\/SESVER_DA_C-065_2022-AFECTADO-C.pdf\" target=\"_blank\"><strong>2022-SESVER_DA_C_065-2022<\/strong><\/a><br>Servicio Subrogado de Dosimetr\u00eda para personal ocupacionalmente expuesto a Rayos X en Diversas Unidades Hospitalarias de Servicios de Salud de Veracruz.<\/li>\n<\/ul>\n\n\n\n<ul class=\"wp-block-list has-medium-font-size\">\n<li><a rel=\"noreferrer noopener\" href=\"https:\/\/www.ssaver.gob.mx\/adquisiciones\/wp-content\/uploads\/sites\/5\/2022\/07\/SESVER_DA_C-064_2022-AFECTADO-C.pdf\" target=\"_blank\"><strong>2022-SESVER_DA_C_064-2022<\/strong><\/a><br>Servicio&nbsp; de&nbsp; Suministro&nbsp; de&nbsp; Gasolina&nbsp; y&nbsp; Di\u00e9sel&nbsp; Mediante&nbsp; Tarjetas Electr\u00f3nicas&nbsp; para&nbsp; Servicios&nbsp; de&nbsp; Salud&nbsp; de&nbsp; Veracruz.<\/li>\n<\/ul>\n\n\n\n<ul class=\"wp-block-list has-medium-font-size\">\n<li><strong><a rel=\"noreferrer noopener\" href=\"https:\/\/www.ssaver.gob.mx\/adquisiciones\/wp-content\/uploads\/sites\/5\/2022\/07\/SESVER_DA_C-063_2022-AFECTADO-C.pdf\" target=\"_blank\">2022-SESVER_DA_C_063-2022<\/a><\/strong><br>P\u00f3liza de Mantenimiento preventivo y\/o correctivo a los Elevadores Marca Otis del Hospital Regional de Poza Rica, Hospital General de Altotonga, Centro Estatal de Cancerolog\u00eda \u00abDr. Miguel Dorantes Mesa\u00bb, Hospital General de C\u00f3rdoba Yanga, Hospital Regional de Rio Blanco, Hospital de Alta Especialidad de Veracruz, Centro Estatal de Transfusi\u00f3n Sangu\u00ednea, Hospital General de Boca del R\u00edo, Hospital Regional de Xalapa \u201cDr. Luis\u00ad F. Nach\u00f3n, Hospital Regional de Coatzacoalcos \u00abValent\u00edn G\u00f3mez Far\u00edas\u00bb Periodo 2022.<\/li>\n<\/ul>\n\n\n\n<ul class=\"wp-block-list has-medium-font-size\">\n<li><strong><a rel=\"noreferrer noopener\" href=\"https:\/\/www.ssaver.gob.mx\/adquisiciones\/wp-content\/uploads\/sites\/5\/2022\/07\/SESVER_DA_C-062_2022-AFECTADO-C.pdf\" target=\"_blank\">2022-SESVER_DA_C_062-2022<\/a><\/strong><br>Suministro&nbsp; de&nbsp; Pruebas&nbsp; de&nbsp; Laboratorio&nbsp; Cl\u00ednico&nbsp; para&nbsp; las&nbsp; Unidades M\u00e9dicas&nbsp; pertenecientes&nbsp; a&nbsp; Servicios&nbsp; de Salud&nbsp; de Veracruz.<\/li>\n<\/ul>\n<\/div>\n<\/div>\n<\/div>\n","protected":false},"excerpt":{"rendered":"<p>Contratos Adjudicados de acuerdo a la modalidad<\/p>\n","protected":false},"author":2,"featured_media":0,"parent":3496,"menu_order":4,"comment_status":"closed","ping_status":"closed","template":"","meta":{"colormag_page_container_layout":"default_layout","colormag_page_sidebar_layout":"default_layout","footnotes":""},"class_list":["post-3598","page","type-page","status-publish","hentry"],"_links":{"self":[{"href":"https:\/\/www.ssaver.gob.mx\/adquisiciones\/wp-json\/wp\/v2\/pages\/3598","targetHints":{"allow":["GET"]}}],"collection":[{"href":"https:\/\/www.ssaver.gob.mx\/adquisiciones\/wp-json\/wp\/v2\/pages"}],"about":[{"href":"https:\/\/www.ssaver.gob.mx\/adquisiciones\/wp-json\/wp\/v2\/types\/page"}],"author":[{"embeddable":true,"href":"https:\/\/www.ssaver.gob.mx\/adquisiciones\/wp-json\/wp\/v2\/users\/2"}],"replies":[{"embeddable":true,"href":"https:\/\/www.ssaver.gob.mx\/adquisiciones\/wp-json\/wp\/v2\/comments?post=3598"}],"version-history":[{"count":5,"href":"https:\/\/www.ssaver.gob.mx\/adquisiciones\/wp-json\/wp\/v2\/pages\/3598\/revisions"}],"predecessor-version":[{"id":11690,"href":"https:\/\/www.ssaver.gob.mx\/adquisiciones\/wp-json\/wp\/v2\/pages\/3598\/revisions\/11690"}],"up":[{"embeddable":true,"href":"https:\/\/www.ssaver.gob.mx\/adquisiciones\/wp-json\/wp\/v2\/pages\/3496"}],"wp:attachment":[{"href":"https:\/\/www.ssaver.gob.mx\/adquisiciones\/wp-json\/wp\/v2\/media?parent=3598"}],"curies":[{"name":"wp","href":"https:\/\/api.w.org\/{rel}","templated":true}]}}