{"id":3605,"date":"2022-12-20T10:30:40","date_gmt":"2022-12-20T16:30:40","guid":{"rendered":"https:\/\/www.ssaver.gob.mx\/adquisiciones\/?page_id=3605"},"modified":"2026-03-27T11:52:16","modified_gmt":"2026-03-27T17:52:16","slug":"121-180","status":"publish","type":"page","link":"https:\/\/www.ssaver.gob.mx\/adquisiciones\/licitaciones-2022\/adjudicaciones-estatales-directas-por-excepcion-de-ley-2\/121-180\/","title":{"rendered":"Adjudicaciones Estatales Directas por Excepci\u00f3n de Ley 121-180"},"content":{"rendered":"\n<div class=\"wp-block-group is-layout-constrained wp-container-core-group-is-layout-9517baca wp-block-group-is-layout-constrained\">\n<hr class=\"wp-block-separator has-text-color has-alpha-channel-opacity has-background is-style-wide\" style=\"background-color:#d8bf31;color:#d8bf31\" \/>\n\n\n\n<div class=\"wp-block-columns is-layout-flex wp-container-core-columns-is-layout-28f84493 wp-block-columns-is-layout-flex\">\n<div class=\"wp-block-column has-background is-layout-flow wp-block-column-is-layout-flow\" style=\"background-color:#fff4e0;flex-basis:100%\">\n<p class=\"has-text-color has-background has-medium-font-size\" style=\"color:#5b4c0d;background-color:#fff4e0\"><strong><strong><strong>Contratos Adjudicados de acuerdo a la modalidad<\/strong><\/strong><\/strong><\/p>\n\n\n\n<ul class=\"wp-block-list has-medium-font-size\">\n<li><strong><a href=\"https:\/\/www.ssaver.gob.mx\/adquisiciones\/wp-content\/uploads\/sites\/5\/2022\/12\/SESVER_DA_C-180_2022-AFECTADO-C.pdf\" target=\"_blank\" rel=\"noreferrer noopener\">2022-SESVER-DA-C-180-2022<\/a><\/strong><br>Compra &#8211;&nbsp; Venta&nbsp; de&nbsp; Materiales&nbsp; y&nbsp; \u00datiles de&nbsp; Oficina<\/li>\n<\/ul>\n\n\n\n<ul class=\"wp-block-list has-medium-font-size\">\n<li><strong><a href=\"https:\/\/www.ssaver.gob.mx\/adquisiciones\/wp-content\/uploads\/sites\/5\/2022\/12\/SESVER_DA_C-179_2022-AFECTADO-C.pdf\" target=\"_blank\" rel=\"noreferrer noopener\">2022-SESVER-DA-C-179-2022<\/a><\/strong><br>Compra &#8211;&nbsp; Venta&nbsp; de&nbsp; Materiales&nbsp; y&nbsp; \u00datiles de&nbsp; Oficina<\/li>\n<\/ul>\n\n\n\n<ul class=\"wp-block-list has-medium-font-size\">\n<li><strong><a href=\"https:\/\/www.ssaver.gob.mx\/adquisiciones\/wp-content\/uploads\/sites\/5\/2022\/12\/SESVER_DA_C-178_2022-AFECTADO-C.pdf\" target=\"_blank\" rel=\"noreferrer noopener\">2022-SESVER-DA-C-178-2022<\/a><\/strong><br>Compra &#8211;&nbsp; Venta&nbsp; de&nbsp; Materiales&nbsp; y&nbsp; \u00datiles de&nbsp; Oficina<\/li>\n<\/ul>\n\n\n\n<ul class=\"wp-block-list has-medium-font-size\">\n<li><strong><a href=\"https:\/\/www.ssaver.gob.mx\/adquisiciones\/wp-content\/uploads\/sites\/5\/2022\/12\/SESVER_DA_C-177_2022-AFECTADO-C.pdf\" target=\"_blank\" rel=\"noreferrer noopener\">2022-SESVER-DA-C-177-2022<\/a><\/strong><br>Compra &#8211;&nbsp; Venta&nbsp; de&nbsp; Materiales&nbsp; y&nbsp; \u00datiles de&nbsp; Oficina<\/li>\n<\/ul>\n\n\n\n<ul class=\"wp-block-list has-medium-font-size\">\n<li><strong><a href=\"https:\/\/www.ssaver.gob.mx\/adquisiciones\/wp-content\/uploads\/sites\/5\/2022\/12\/SESVER_DA_C-176_2022-AFECTADO-C.pdf\" target=\"_blank\" rel=\"noreferrer noopener\">2022-SESVER-DA-C-176-2022<\/a><\/strong><br>Compra &#8211;&nbsp; Venta&nbsp; de&nbsp; Materiales&nbsp; y&nbsp; \u00datiles de&nbsp; Oficina<\/li>\n<\/ul>\n\n\n\n<ul class=\"wp-block-list has-medium-font-size\">\n<li><strong><a href=\"https:\/\/www.ssaver.gob.mx\/adquisiciones\/wp-content\/uploads\/sites\/5\/2022\/12\/SESVER_DA_C-175_2022-AFECTADO-C.pdf\" target=\"_blank\" rel=\"noreferrer noopener\">2022-SESVER-DA-C-175-2022<\/a><\/strong><br>Compra &#8211;&nbsp; Venta&nbsp; de&nbsp; Materiales&nbsp; y&nbsp; \u00datiles de&nbsp; Oficina<\/li>\n<\/ul>\n\n\n\n<ul class=\"wp-block-list has-medium-font-size\">\n<li><strong><a href=\"https:\/\/www.ssaver.gob.mx\/adquisiciones\/wp-content\/uploads\/sites\/5\/2022\/12\/SESVER_DA_C-174_2022-AFECTADO-C.pdf\" target=\"_blank\" rel=\"noreferrer noopener\">2022-SESVER-DA-C-174-2022<\/a><\/strong><br>Compra &#8211;&nbsp; Venta&nbsp; de&nbsp; Materiales&nbsp; y&nbsp; \u00datiles de&nbsp; Oficina<\/li>\n<\/ul>\n\n\n\n<ul class=\"wp-block-list has-medium-font-size\">\n<li><strong><a rel=\"noreferrer noopener\" href=\"https:\/\/www.ssaver.gob.mx\/adquisiciones\/wp-content\/uploads\/sites\/5\/2022\/09\/SESVER_DA_C-173_2022-AFCTADO-C.pdf\" target=\"_blank\">2022-SESVER-DA-C-173-2022<\/a><\/strong><br>Contrataci\u00f3n&nbsp; abierta&nbsp; del&nbsp; Servicio &nbsp;de&nbsp; Mezclas,&nbsp; para&nbsp; el&nbsp; Hospital&nbsp; Regional&nbsp; de&nbsp; Poza Rica&nbsp; de&nbsp; Hidalgo,&nbsp; Hospital&nbsp; Regional&nbsp; de&nbsp; Coatzacoalcos&nbsp; \u00abDr.&nbsp; Valent\u00edn&nbsp; G\u00f3mez&nbsp; Far\u00edas\u00bb.&nbsp; Hospital&nbsp; Regional&nbsp; de&nbsp; R\u00edo Blanco,&nbsp; Hospital&nbsp; de&nbsp; Alta&nbsp; Especialidad&nbsp; de&nbsp; Veracruz&nbsp; y Centro&nbsp; Estatal&nbsp; de&nbsp; Cancerolog\u00eda&nbsp; \u00abDr.&nbsp; Miguel&nbsp; Dorantes Mesa\u00bb.<\/li>\n<\/ul>\n\n\n\n<ul class=\"wp-block-list has-medium-font-size\">\n<li><strong><a rel=\"noreferrer noopener\" href=\"https:\/\/www.ssaver.gob.mx\/adquisiciones\/wp-content\/uploads\/sites\/5\/2022\/08\/SESVER_DA_C-166_2022-AFECTADO-C.pdf\" target=\"_blank\">2022-SESVER_DA_C_166-2022<\/a><\/strong><br>Adjudicaci\u00f3n Directa Derivada de la Licitaci\u00f3n Simplificada No. LS-103T00000-019-2022. Compra \u2013 Venta de Material de Curaci\u00f3n para el Programa de Salud Bucal.<\/li>\n<\/ul>\n\n\n\n<ul class=\"wp-block-list has-medium-font-size\">\n<li><strong><a href=\"https:\/\/www.ssaver.gob.mx\/adquisiciones\/wp-content\/uploads\/sites\/5\/2022\/12\/SESVER_DA_C-163_2022-AFECTADO-C.pdf\" target=\"_blank\" rel=\"noreferrer noopener\">2022-SESVER-DA-C-163-2022<\/a><\/strong><br>Servicios&nbsp; Especializados&nbsp; para&nbsp; el&nbsp; Procesamiento&nbsp; de&nbsp; 15,618 Pruebas&nbsp; de&nbsp; Tamiz&nbsp; Metab\u00f3lico&nbsp; Neonatal,&nbsp; por&nbsp; el&nbsp; Per\u00edodo&nbsp; Enero-Marzo-2022&nbsp; (Clave C810800067)&nbsp; para&nbsp; el&nbsp; Programa&nbsp; de&nbsp; Salud&nbsp; Perinatal&nbsp; para&nbsp; el&nbsp; Ejercicio&nbsp; 2022.<\/li>\n<\/ul>\n\n\n\n<ul class=\"wp-block-list has-medium-font-size\">\n<li><strong><a rel=\"noreferrer noopener\" href=\"https:\/\/www.ssaver.gob.mx\/adquisiciones\/wp-content\/uploads\/sites\/5\/2022\/09\/SESVER_DA_C-162_2022-AFECTADO-C.pdf\" target=\"_blank\">2022-SESVER-DA-C-162-2022<\/a><\/strong><br>Adquisici\u00f3n de&nbsp; Equipo&nbsp; de&nbsp; Administraci\u00f3n,&nbsp; Equipo&nbsp; M\u00e9dico&nbsp; y&nbsp; de Laboratorio,&nbsp; Instrumental&nbsp; M\u00e9dico&nbsp; y&nbsp; de Laboratorio y&nbsp; Herramientas&nbsp; y&nbsp; M\u00e1quinas&nbsp; para el Hospital&nbsp; General&nbsp; de&nbsp; Perote.<\/li>\n<\/ul>\n\n\n\n<ul class=\"wp-block-list has-medium-font-size\">\n<li><strong><a href=\"https:\/\/www.ssaver.gob.mx\/adquisiciones\/wp-content\/uploads\/sites\/5\/2023\/02\/SESVER-DA-C-161-2022J-C.pdf\">2022-SESVER-DA-C-161-2022<\/a><\/strong><br>Contrataci\u00f3n&nbsp; Abierta&nbsp; del&nbsp; Servicio&nbsp; M\u00f3vil&nbsp; de&nbsp; Estudios de&nbsp; Gabinete,&nbsp; Laboratorio&nbsp; Cl\u00ednico&nbsp; y&nbsp; Servicio&nbsp; Dental&nbsp; B\u00e1sico,&nbsp; Correspondiente&nbsp; al Periodo&nbsp; 1&nbsp; de&nbsp; Octubre-31&nbsp; de&nbsp; Diciembre&nbsp; de&nbsp; 2022<\/li>\n<\/ul>\n\n\n\n<ul class=\"wp-block-list has-medium-font-size\">\n<li><strong><a rel=\"noreferrer noopener\" href=\"https:\/\/www.ssaver.gob.mx\/adquisiciones\/wp-content\/uploads\/sites\/5\/2022\/09\/SESVER_DA_C-160_2022-AFECTADO-C.pdf\" target=\"_blank\">2022-SESVER-DA-C-160-2022<\/a><\/strong><br>Adquisici\u00f3n&nbsp; de&nbsp; Equipo&nbsp; de&nbsp; Administraci\u00f3n&nbsp; y&nbsp; Herramientas&nbsp; y M\u00e1quinas&nbsp; para&nbsp; el&nbsp; Hospital General&nbsp; de Perote.<\/li>\n<\/ul>\n\n\n\n<ul class=\"wp-block-list has-medium-font-size\">\n<li><strong><a rel=\"noreferrer noopener\" href=\"https:\/\/www.ssaver.gob.mx\/adquisiciones\/wp-content\/uploads\/sites\/5\/2022\/09\/SESVER_DA_C-159_2022-AFECTADO-C.pdf\" target=\"_blank\">2022-SESVER-DA-C-159-2022<\/a><\/strong><br>Adquisici\u00f3n&nbsp; de&nbsp; Equipo&nbsp; de&nbsp; Administraci\u00f3n&nbsp; y&nbsp; Equipo&nbsp; M\u00e9dico&nbsp; y&nbsp; de Laboratorio&nbsp; para&nbsp; el Hospital General de&nbsp; Perote.<\/li>\n<\/ul>\n\n\n\n<ul class=\"wp-block-list has-medium-font-size\">\n<li><strong><a rel=\"noreferrer noopener\" href=\"https:\/\/www.ssaver.gob.mx\/adquisiciones\/wp-content\/uploads\/sites\/5\/2022\/09\/SESVER_DA_C-158_2022-AFECTADO-C.pdf\" target=\"_blank\">2022-SESVER-DA-C-158-2022<\/a><\/strong><br>Adquisici\u00f3n&nbsp; de Mobiliario&nbsp; y&nbsp; Equipo&nbsp; de&nbsp; Administraci\u00f3n&nbsp; para&nbsp; el Hospital&nbsp; General&nbsp; de&nbsp; Perote.<\/li>\n<\/ul>\n\n\n\n<ul class=\"wp-block-list has-medium-font-size\">\n<li><strong><a rel=\"noreferrer noopener\" href=\"https:\/\/www.ssaver.gob.mx\/adquisiciones\/wp-content\/uploads\/sites\/5\/2022\/09\/SESVER_DA_C-157_2022-AFECTADO-C.pdf\" target=\"_blank\">2022-SESVER-DA-C-157-2022<\/a><\/strong><br>Adquisici\u00f3n,&nbsp; de&nbsp; Mobiliario,&nbsp; Equipo&nbsp; de&nbsp; Administraci\u00f3n,&nbsp; Equipo M\u00e9dico&nbsp; y&nbsp; de&nbsp; Laboratorio,&nbsp; Instrumental&nbsp; M\u00e9dico&nbsp; y&nbsp; de&nbsp; Laboratorio&nbsp; y&nbsp; Herramientas&nbsp; y M\u00e1quinas&nbsp; para&nbsp; el Hospital&nbsp; General&nbsp; de&nbsp; Perote.<\/li>\n<\/ul>\n\n\n\n<ul class=\"wp-block-list has-medium-font-size\">\n<li><strong><a rel=\"noreferrer noopener\" href=\"https:\/\/www.ssaver.gob.mx\/adquisiciones\/wp-content\/uploads\/sites\/5\/2022\/09\/SESVER_DA_C-156_2022-AFECTADO-C.pdf\" target=\"_blank\">2022-SESVER-DA-C-156-2022<\/a><\/strong><br>Adquisici\u00f3n&nbsp; de&nbsp; Mobiliario,&nbsp; Equipo&nbsp; de&nbsp; Administraci\u00f3n,&nbsp; Equipo M\u00e9dico&nbsp; y&nbsp; de&nbsp; Laboratorio&nbsp; y&nbsp; Herramientas&nbsp; y&nbsp; M\u00e1quinas&nbsp; para&nbsp; el&nbsp; Hospital&nbsp; General&nbsp; de perote.<\/li>\n<\/ul>\n\n\n\n<ul class=\"wp-block-list has-medium-font-size\">\n<li><strong><a rel=\"noreferrer noopener\" href=\"https:\/\/www.ssaver.gob.mx\/adquisiciones\/wp-content\/uploads\/sites\/5\/2022\/09\/SESVER-DA-C-155-2022-AFECTADO-C.pdf\" target=\"_blank\">2022-SESVER-DA-C-155-2022<\/a><\/strong><br>Servicios&nbsp; Especializados&nbsp; para&nbsp; el&nbsp; procesamiento&nbsp; de&nbsp; 61,957 Pruebas&nbsp; de&nbsp; Tamiz&nbsp; Metab\u00f3lico&nbsp; Neonatal&nbsp; (Clave&nbsp; C810800067),&nbsp; del&nbsp; per\u00edodo&nbsp; del&nbsp; 01&nbsp; de Abril&nbsp; al&nbsp; 31&nbsp; de&nbsp; diciembre 2022,&nbsp; para&nbsp; el&nbsp; Programa&nbsp; de&nbsp; Salud&nbsp; Materna&nbsp; y&nbsp; Perinatal.<\/li>\n<\/ul>\n\n\n\n<ul class=\"wp-block-list has-medium-font-size\">\n<li><strong><a rel=\"noreferrer noopener\" href=\"https:\/\/www.ssaver.gob.mx\/adquisiciones\/wp-content\/uploads\/sites\/5\/2022\/12\/SESVER_DA_C-149_2022-AFECTADO-C.pdf\" target=\"_blank\">2022-SESVER-DA-C-149-2022<\/a><\/strong><br>Servicio&nbsp; de&nbsp; Suministro&nbsp; de&nbsp; Gasolina&nbsp; y&nbsp; Di\u00e9sel&nbsp; Mediante&nbsp; Tarjetas Electr\u00f3nicas&nbsp; con&nbsp; Chip&nbsp; para&nbsp; Servicios&nbsp; de&nbsp; Salud de Veracruz.<\/li>\n<\/ul>\n\n\n\n<ul class=\"wp-block-list has-medium-font-size\">\n<li><strong><a rel=\"noreferrer noopener\" href=\"https:\/\/www.ssaver.gob.mx\/adquisiciones\/wp-content\/uploads\/sites\/5\/2022\/09\/SESVER_DA_C-148_2022-AFECTADO-C.pdf\" target=\"_blank\">2022-SESVER-DA-C-148-2022<\/a><\/strong><br>Relativo&nbsp; a&nbsp; la&nbsp; Adquisici\u00f3n&nbsp; y Actualizaci\u00f3n&nbsp; de&nbsp; Licencias&nbsp; de uso&nbsp; de&nbsp; Programas&nbsp; de&nbsp; C\u00f3mputo,&nbsp; a&nbsp; Trav\u00e9s&nbsp; de&nbsp; un&nbsp; Esquema&nbsp; de&nbsp; Licenciamiento \u00abEnterprise&nbsp; Agreement\u00bb.<\/li>\n<\/ul>\n\n\n\n<ul class=\"wp-block-list has-medium-font-size\">\n<li><strong><a rel=\"noreferrer noopener\" href=\"https:\/\/www.ssaver.gob.mx\/adquisiciones\/wp-content\/uploads\/sites\/5\/2022\/07\/SESVER_DA_C-147_2022-AFECTADO-C.pdf\" target=\"_blank\">2022-SESVER_DA_C_147-2022<\/a><\/strong><br>Adjudicaci\u00f3n Directa Derivada de la Licitaci\u00f3n Simplificada No. LS-103T00000-017-2022 Declarada Desierta. Adquisici\u00f3n de 30 Kits con Equipos en Comodato para Esterilizaci\u00f3n en Plasma en el Hospital de Alta Especialidad de Veracruz, Centro de Alta Especialidad Dr. Rafael Lucio y Hospital Regional Poza Rica de Hidalgo Pertenecientes a Servicios de Salud de Veracruz.<\/li>\n<\/ul>\n\n\n\n<ul class=\"wp-block-list has-medium-font-size\">\n<li><strong><a rel=\"noreferrer noopener\" href=\"https:\/\/www.ssaver.gob.mx\/adquisiciones\/wp-content\/uploads\/sites\/5\/2022\/07\/SESVER_DA_C-143_2022-AFECTADO-C.pdf\" target=\"_blank\">2022-SESVER_DA_C_143-2022<\/a><\/strong><br>Adjudicaci\u00f3n Directa Derivada de la Licitaci\u00f3n Simplificada No. LS-103T00000-014-2022 Declarada Desierta. Servicio de Limpieza de Cisternas de la Red Hospitalaria de Servicios de Salud de Veracruz.<\/li>\n<\/ul>\n\n\n\n<ul class=\"wp-block-list has-medium-font-size\">\n<li><strong><a rel=\"noreferrer noopener\" href=\"https:\/\/www.ssaver.gob.mx\/adquisiciones\/wp-content\/uploads\/sites\/5\/2022\/07\/SESVER_DA_C-142_2022-AFECTADO-C.pdf\" target=\"_blank\">2022-SESVER_DA_C_142-2022<\/a><\/strong><br>P\u00f3liza de Mantenimiento Preventivo y\/o Correctivo a Ventiladores Volum\u00e9tricos de Unidades Hospitalarias de SESVER, Derivado de la Emergencia Sanitaria Generada por el Virus Sars-Cov2 (COVID-19).<\/li>\n<\/ul>\n\n\n\n<ul class=\"wp-block-list has-medium-font-size\">\n<li><strong><a rel=\"noreferrer noopener\" href=\"https:\/\/www.ssaver.gob.mx\/adquisiciones\/wp-content\/uploads\/sites\/5\/2022\/07\/SESVER_DA_C-140_2022-AFECTADO-C.pdf\" target=\"_blank\">2022-SESVER_DA_C_140-2022<\/a><\/strong><br>Compra \u2013 Venta de Vacuna Antirr\u00e1bica Canina y Felina para el Programa de zoonosis.<\/li>\n<\/ul>\n\n\n\n<ul class=\"wp-block-list has-medium-font-size\">\n<li><strong><a rel=\"noreferrer noopener\" href=\"https:\/\/www.ssaver.gob.mx\/adquisiciones\/wp-content\/uploads\/sites\/5\/2022\/07\/SESVER_DA_C-137_2022-AFECTADO-C.pdf\" target=\"_blank\">2022-SESVER_DA_C_137-2022<\/a><\/strong><br>Adjudicaci\u00f3n&nbsp; directa&nbsp; derivada&nbsp; de&nbsp; la&nbsp; Licitaci\u00f3n Simplificada&nbsp; No.&nbsp; LS-103T00000-005-2022&nbsp; Declarada&nbsp; Desierta Servicio&nbsp; Subrogado&nbsp; de&nbsp; Transporte&nbsp; de&nbsp; Personal para&nbsp; el&nbsp; Laboratorio&nbsp; Estatal&nbsp; de&nbsp; Salud&nbsp; P\u00fablica.<\/li>\n<\/ul>\n\n\n\n<ul class=\"wp-block-list has-medium-font-size\">\n<li><strong><a rel=\"noreferrer noopener\" href=\"https:\/\/www.ssaver.gob.mx\/adquisiciones\/wp-content\/uploads\/sites\/5\/2022\/07\/SESVER_DA_C-123_2022-AFECTADO-C.pdf\" target=\"_blank\">2022-SESVER_DA_C_123-2022<\/a><\/strong><br>Servicio&nbsp; de&nbsp; Mantenimiento&nbsp; Correctivo&nbsp; al&nbsp; Parque Vehicular&nbsp; de&nbsp; Servicios&nbsp; de&nbsp; Salud&nbsp; de&nbsp; Veracruz.<\/li>\n<\/ul>\n\n\n\n<ul class=\"wp-block-list has-medium-font-size\">\n<li><strong><a href=\"https:\/\/www.ssaver.gob.mx\/adquisiciones\/wp-content\/uploads\/sites\/5\/2022\/07\/SESVER_DA_C-122_2022-AFECTADO-C.pdf\" target=\"_blank\" rel=\"noreferrer noopener\">2022-SESVER_DA_C_122-2022<\/a><\/strong><br>Servicio&nbsp; de&nbsp; Mantenimiento&nbsp; Correctivo&nbsp; al&nbsp; Parque Vehicular&nbsp; de&nbsp; Servicios&nbsp; de&nbsp; Salud&nbsp; de&nbsp; Veracruz.<\/li>\n<\/ul>\n\n\n\n<ul class=\"wp-block-list has-medium-font-size\">\n<li><strong><a href=\"https:\/\/www.ssaver.gob.mx\/adquisiciones\/wp-content\/uploads\/sites\/5\/2022\/07\/SESVER_DA_C-121_2022-AFECTADO-C.pdf\" target=\"_blank\" rel=\"noreferrer noopener\">2022-SESVER_DA_C_121-2022<\/a><\/strong><br>Servicio&nbsp; de&nbsp; Mantenimiento&nbsp; Correctivo&nbsp; al&nbsp; Parque Vehicular&nbsp; de&nbsp; Servicios&nbsp; de&nbsp; Salud&nbsp; de&nbsp; Veracruz.<\/li>\n<\/ul>\n<\/div>\n<\/div>\n<\/div>\n","protected":false},"excerpt":{"rendered":"<p>Contratos Adjudicados de acuerdo a la modalidad<\/p>\n","protected":false},"author":2,"featured_media":0,"parent":3496,"menu_order":7,"comment_status":"closed","ping_status":"closed","template":"","meta":{"colormag_page_container_layout":"default_layout","colormag_page_sidebar_layout":"default_layout","footnotes":""},"class_list":["post-3605","page","type-page","status-publish","hentry"],"_links":{"self":[{"href":"https:\/\/www.ssaver.gob.mx\/adquisiciones\/wp-json\/wp\/v2\/pages\/3605","targetHints":{"allow":["GET"]}}],"collection":[{"href":"https:\/\/www.ssaver.gob.mx\/adquisiciones\/wp-json\/wp\/v2\/pages"}],"about":[{"href":"https:\/\/www.ssaver.gob.mx\/adquisiciones\/wp-json\/wp\/v2\/types\/page"}],"author":[{"embeddable":true,"href":"https:\/\/www.ssaver.gob.mx\/adquisiciones\/wp-json\/wp\/v2\/users\/2"}],"replies":[{"embeddable":true,"href":"https:\/\/www.ssaver.gob.mx\/adquisiciones\/wp-json\/wp\/v2\/comments?post=3605"}],"version-history":[{"count":24,"href":"https:\/\/www.ssaver.gob.mx\/adquisiciones\/wp-json\/wp\/v2\/pages\/3605\/revisions"}],"predecessor-version":[{"id":11692,"href":"https:\/\/www.ssaver.gob.mx\/adquisiciones\/wp-json\/wp\/v2\/pages\/3605\/revisions\/11692"}],"up":[{"embeddable":true,"href":"https:\/\/www.ssaver.gob.mx\/adquisiciones\/wp-json\/wp\/v2\/pages\/3496"}],"wp:attachment":[{"href":"https:\/\/www.ssaver.gob.mx\/adquisiciones\/wp-json\/wp\/v2\/media?parent=3605"}],"curies":[{"name":"wp","href":"https:\/\/api.w.org\/{rel}","templated":true}]}}