{"id":3615,"date":"2022-12-20T10:33:19","date_gmt":"2022-12-20T16:33:19","guid":{"rendered":"https:\/\/www.ssaver.gob.mx\/adquisiciones\/?page_id=3615"},"modified":"2026-03-27T11:52:44","modified_gmt":"2026-03-27T17:52:44","slug":"181-260","status":"publish","type":"page","link":"https:\/\/www.ssaver.gob.mx\/adquisiciones\/licitaciones-2022\/adjudicaciones-estatales-directas-por-excepcion-de-ley-2\/181-260\/","title":{"rendered":"Adjudicaciones Estatales Directas por Excepci\u00f3n de Ley 181-260"},"content":{"rendered":"\n<div class=\"wp-block-group is-layout-constrained wp-container-core-group-is-layout-9517baca wp-block-group-is-layout-constrained\">\n<hr class=\"wp-block-separator has-text-color has-alpha-channel-opacity has-background is-style-wide\" style=\"background-color:#d8bf31;color:#d8bf31\" \/>\n\n\n\n<div class=\"wp-block-columns is-layout-flex wp-container-core-columns-is-layout-28f84493 wp-block-columns-is-layout-flex\">\n<div class=\"wp-block-column has-background is-layout-flow wp-block-column-is-layout-flow\" style=\"background-color:#fff4e0;flex-basis:100%\">\n<p class=\"has-text-color has-background has-medium-font-size\" style=\"color:#5b4c0d;background-color:#fff4e0\"><strong><strong><strong>Contratos Adjudicados de acuerdo a la modalidad<\/strong><\/strong><\/strong><\/p>\n\n\n\n<ul class=\"wp-block-list has-medium-font-size\">\n<li><strong><a href=\"https:\/\/www.ssaver.gob.mx\/adquisiciones\/wp-content\/uploads\/sites\/5\/2022\/12\/SESVER_DA_C-254_2022-AFECTADO-C.pdf\" target=\"_blank\" rel=\"noreferrer noopener\">2022-SESVER-DA-C-254-2022<\/a><\/strong><br>Contrataci\u00f3n&nbsp; abierta del&nbsp; Servicio&nbsp; de&nbsp; Hemodinamia&nbsp; para&nbsp; el&nbsp; Centro&nbsp; de Alta&nbsp; Especialidad&nbsp; Dr.&nbsp; Rafael&nbsp; Lucio,&nbsp; Hospital&nbsp; de&nbsp; Alta&nbsp; Especialidad&nbsp; de Veracruz y Hospital Regional&nbsp; de&nbsp; Xalapa&nbsp; Dr. Luis&nbsp; F. Nach\u00f3n,&nbsp; pertenecientes a&nbsp; Servicios&nbsp; de Salud de Veracruz<\/li>\n<\/ul>\n\n\n\n<ul class=\"wp-block-list has-medium-font-size\">\n<li><strong><a href=\"https:\/\/www.ssaver.gob.mx\/adquisiciones\/wp-content\/uploads\/sites\/5\/2022\/12\/SESVER_DA_C-253_2022-AFECTADO-C.pdf\" target=\"_blank\" rel=\"noreferrer noopener\">2022-SESVER-DA-C-253-2022<\/a><\/strong><br>Adjudicaci\u00f3n&nbsp; Directa&nbsp; derivado&nbsp; de&nbsp; los&nbsp; renglones&nbsp; desiertos&nbsp; de&nbsp; la licitaci\u00f3n&nbsp; Simplificada&nbsp; N\u00ba&nbsp; LS-103T00000-034-2022 Compra- venta&nbsp; de&nbsp; \u00abMedicamento&nbsp; para&nbsp; las&nbsp; Unidades&nbsp; de Primer Nivel en&nbsp; Proceso de Acreditaci\u00f3n&nbsp; y&nbsp; Reacreditaci\u00f3n.<\/li>\n<\/ul>\n\n\n\n<ul class=\"wp-block-list has-medium-font-size\">\n<li><strong><a rel=\"noreferrer noopener\" href=\"https:\/\/www.ssaver.gob.mx\/adquisiciones\/wp-content\/uploads\/sites\/5\/2022\/12\/SESVER_DA_C-237_2022-AFECTADO-C.pdf\" target=\"_blank\">2022-SESVER-DA-C-237-2022<\/a><\/strong><br>Adjudicaci\u00f3n&nbsp; Directa&nbsp; derivada&nbsp; de&nbsp; la&nbsp; Partida Desierta&nbsp; de la Licitaci\u00f3n Simplificada&nbsp; No. LS-103T00000-033-2022. de&nbsp; Bienes&nbsp; Inform\u00e1ticos&nbsp; con&nbsp; la&nbsp; Finalidad&nbsp; de Alcanzar&nbsp; las&nbsp; Metas&nbsp; Propuestas&nbsp; en&nbsp; el&nbsp; Programa&nbsp; de&nbsp; Acreditaci\u00f3n&nbsp; y &nbsp;Reacreditaci\u00f3n&nbsp; 2022&nbsp; de&nbsp; las&nbsp; Unidades&nbsp; M\u00e9dicas&nbsp; de&nbsp; Primer&nbsp; Nivel&nbsp; pertenecientes a Servicios&nbsp; de&nbsp; Salud&nbsp; de Veracruz.<\/li>\n<\/ul>\n\n\n\n<ul class=\"wp-block-list has-medium-font-size\">\n<li><strong><a href=\"https:\/\/www.ssaver.gob.mx\/adquisiciones\/wp-content\/uploads\/sites\/5\/2022\/12\/SESVER_DA_C-234_2022-AFECTADO-C.pdf\" target=\"_blank\" rel=\"noreferrer noopener\">2022-SESVER-DA-C-234-2022<\/a><\/strong><br>Adjudicaci\u00f3n directa&nbsp; derivada&nbsp; de&nbsp; la Licitaci\u00f3n&nbsp; Simplificada&nbsp; N\u00ba&nbsp; LS\u00b7103t00000-023-2022 &nbsp;de&nbsp; 200&nbsp; Pizarrones&nbsp; de&nbsp; Corcho&nbsp; para&nbsp; las Unidades&nbsp; de Primer&nbsp; y&nbsp; Segundo&nbsp; Nivel&nbsp; de&nbsp; Atenci\u00f3n M\u00e9dica.<\/li>\n<\/ul>\n\n\n\n<ul class=\"wp-block-list has-medium-font-size\">\n<li><strong><a rel=\"noreferrer noopener\" href=\"https:\/\/www.ssaver.gob.mx\/adquisiciones\/wp-content\/uploads\/sites\/5\/2022\/12\/SESVER-DA-C-222-2022-AFECTADO-C.pdf\" target=\"_blank\">2022-SESVER-DA-C-222-2022<\/a><\/strong><br>Venta&nbsp; de&nbsp; \u00abMedicamento&nbsp;y Material de Curaci\u00f3n para&nbsp; la atenci\u00f3n&nbsp; de&nbsp; pacientes&nbsp; de oncolog\u00eda\u00bb<\/li>\n<\/ul>\n\n\n\n<ul class=\"wp-block-list has-medium-font-size\">\n<li><strong><a href=\"https:\/\/www.ssaver.gob.mx\/adquisiciones\/wp-content\/uploads\/sites\/5\/2022\/12\/SESVER-DA-C-221-2022-AFECTADO-C.pdf\" target=\"_blank\" rel=\"noreferrer noopener\">2022-SESVER-DA-C-221-2022<\/a><\/strong><br>Venta&nbsp; de&nbsp; \u00abMaterial de Curaci\u00f3n para&nbsp; la atenci\u00f3n&nbsp; de&nbsp; pacientes&nbsp; de oncolog\u00eda\u00bb<\/li>\n<\/ul>\n\n\n\n<ul class=\"wp-block-list has-medium-font-size\">\n<li><strong><a rel=\"noreferrer noopener\" href=\"https:\/\/www.ssaver.gob.mx\/adquisiciones\/wp-content\/uploads\/sites\/5\/2022\/12\/SESVER-DA-C-220-2022-AFECTADO-C.pdf\" target=\"_blank\">2022-SESVER-DA-C-220-2022<\/a><\/strong><br>Venta&nbsp; de&nbsp; \u00abMaterial de Curaci\u00f3n para&nbsp; la atenci\u00f3n&nbsp; de&nbsp; pacientes&nbsp; de oncolog\u00eda\u00bb<\/li>\n<\/ul>\n\n\n\n<ul class=\"wp-block-list has-medium-font-size\">\n<li><strong><a rel=\"noreferrer noopener\" href=\"https:\/\/www.ssaver.gob.mx\/adquisiciones\/wp-content\/uploads\/sites\/5\/2022\/12\/SESVER-DA-C-219-2022-AFECTADO-C.pdf\" target=\"_blank\">2022-SESVER-DA-C-219-2022<\/a><\/strong><br>Venta&nbsp; de&nbsp; \u00abMedicamento y Material de Curaci\u00f3n para&nbsp; la atenci\u00f3n&nbsp; de&nbsp; pacientes&nbsp; de oncolog\u00eda\u00bb<\/li>\n<\/ul>\n\n\n\n<ul class=\"wp-block-list has-medium-font-size\">\n<li><strong><a rel=\"noreferrer noopener\" href=\"https:\/\/www.ssaver.gob.mx\/adquisiciones\/wp-content\/uploads\/sites\/5\/2022\/12\/SESVER-DA-C-218-2022-AFECTADO-C.pdf\" target=\"_blank\">2022-SESVER-DA-C-218-2022<\/a><\/strong><br>Venta&nbsp; de&nbsp; \u00bb Material de Curaci\u00f3n para&nbsp; la atenci\u00f3n&nbsp; de&nbsp; pacientes&nbsp; de oncolog\u00eda\u00bb<\/li>\n<\/ul>\n\n\n\n<ul class=\"wp-block-list has-medium-font-size\">\n<li><strong><a rel=\"noreferrer noopener\" href=\"https:\/\/www.ssaver.gob.mx\/adquisiciones\/wp-content\/uploads\/sites\/5\/2022\/12\/SESVER-DA-C-217-2022-AFECTADO-C.pdf\" target=\"_blank\">2022-SESVER-DA-C-217-2022<\/a><\/strong><br>Venta&nbsp; de&nbsp; \u00abMedicamento y Material de Curaci\u00f3n para&nbsp; la atenci\u00f3n&nbsp; de&nbsp; pacientes&nbsp; de oncolog\u00eda\u00bb<\/li>\n<\/ul>\n\n\n\n<ul class=\"wp-block-list has-medium-font-size\">\n<li><strong><a href=\"https:\/\/www.ssaver.gob.mx\/adquisiciones\/wp-content\/uploads\/sites\/5\/2022\/12\/SESVER-DA-C-216-2022-AFECTADO-C.pdf\" target=\"_blank\" rel=\"noreferrer noopener\">2022-SESVER-DA-C-216-2022<\/a><\/strong><br>Venta&nbsp; de&nbsp; \u00abMedicamento&nbsp; para&nbsp; la atenci\u00f3n&nbsp; de&nbsp; pacientes&nbsp; de oncolog\u00eda\u00bb<\/li>\n<\/ul>\n\n\n\n<ul class=\"wp-block-list has-medium-font-size\">\n<li><strong><a href=\"https:\/\/www.ssaver.gob.mx\/adquisiciones\/wp-content\/uploads\/sites\/5\/2022\/12\/SESVER-DA-C-215-2022-AFECTADO-C.pdf\" target=\"_blank\" rel=\"noreferrer noopener\">2022-SESVER-DA-C-215-2022<\/a><\/strong><br>Venta&nbsp; de&nbsp; \u00abMedicamento&nbsp; para&nbsp; la atenci\u00f3n&nbsp; de&nbsp; pacientes&nbsp; de oncolog\u00eda\u00bb<\/li>\n<\/ul>\n\n\n\n<ul class=\"wp-block-list has-medium-font-size\">\n<li><strong><a href=\"https:\/\/www.ssaver.gob.mx\/adquisiciones\/wp-content\/uploads\/sites\/5\/2022\/12\/SESVER-DA-C-214-2022-AFECTADO-C.pdf\" target=\"_blank\" rel=\"noreferrer noopener\">2022-SESVER-DA-C-214-2022<\/a><\/strong><br>Venta&nbsp; de&nbsp; \u00abMedicamento&nbsp; para&nbsp; la atenci\u00f3n&nbsp; de&nbsp; pacientes&nbsp; de oncolog\u00eda\u00bb<\/li>\n<\/ul>\n\n\n\n<ul class=\"wp-block-list has-medium-font-size\">\n<li><strong><a href=\"https:\/\/www.ssaver.gob.mx\/adquisiciones\/wp-content\/uploads\/sites\/5\/2022\/12\/SESVER-DA-C-213-2022-AFECTADO-C.pdf\" target=\"_blank\" rel=\"noreferrer noopener\">2022-SESVER-DA-C-213-2022<\/a><\/strong><br>Venta&nbsp; de&nbsp; \u00abMedicamento&nbsp; para&nbsp; la atenci\u00f3n&nbsp; de&nbsp; pacientes&nbsp; de oncolog\u00eda\u00bb<\/li>\n<\/ul>\n\n\n\n<ul class=\"wp-block-list has-medium-font-size\">\n<li><strong><a href=\"https:\/\/www.ssaver.gob.mx\/adquisiciones\/wp-content\/uploads\/sites\/5\/2022\/12\/SESVER-DA-C-212-2022-AFECTADO-C.pdf\" target=\"_blank\" rel=\"noreferrer noopener\">2022-SESVER-DA-C-212-2022<\/a><\/strong><br>Venta&nbsp; de&nbsp; \u00abMedicamento&nbsp; para&nbsp; la atenci\u00f3n&nbsp; de&nbsp; pacientes&nbsp; de oncolog\u00eda\u00bb<\/li>\n<\/ul>\n\n\n\n<ul class=\"wp-block-list has-medium-font-size\">\n<li><strong><a href=\"https:\/\/www.ssaver.gob.mx\/adquisiciones\/wp-content\/uploads\/sites\/5\/2022\/12\/SESVER-DA-C-211-2022-AFECTADO-C.pdf\" target=\"_blank\" rel=\"noreferrer noopener\">2022-SESVER-DA-C-211-2022<\/a><\/strong><br>Venta&nbsp; de&nbsp; \u00abMedicamento&nbsp; para&nbsp; la atenci\u00f3n&nbsp; de&nbsp; pacientes&nbsp; de oncolog\u00eda\u00bb<\/li>\n<\/ul>\n\n\n\n<ul class=\"wp-block-list has-medium-font-size\">\n<li><strong><a href=\"https:\/\/www.ssaver.gob.mx\/adquisiciones\/wp-content\/uploads\/sites\/5\/2022\/12\/SESVER-DA-C-210-2022-AFECTADO-C.pdf\" target=\"_blank\" rel=\"noreferrer noopener\">2022-SESVER-DA-C-210-2022<\/a><\/strong><br>Venta&nbsp; de&nbsp; \u00abMedicamento&nbsp; y Material de Curaci\u00f3n para&nbsp; la atenci\u00f3n&nbsp; de&nbsp; pacientes&nbsp; de oncolog\u00eda\u00bb<\/li>\n<\/ul>\n\n\n\n<ul class=\"wp-block-list has-medium-font-size\">\n<li><strong><a href=\"https:\/\/www.ssaver.gob.mx\/adquisiciones\/wp-content\/uploads\/sites\/5\/2022\/12\/SESVER_DA_C-209_2022-AFECTADO-C.pdf\" target=\"_blank\" rel=\"noreferrer noopener\">2022-SESVER-DA-C-209-2022<\/a><\/strong><br>Venta&nbsp; de&nbsp; \u00abMedicamento&nbsp; para&nbsp; la atenci\u00f3n&nbsp; de&nbsp; pacientes&nbsp; de oncolog\u00eda\u00bb<\/li>\n<\/ul>\n\n\n\n<ul class=\"wp-block-list has-medium-font-size\">\n<li><a rel=\"noreferrer noopener\" href=\"https:\/\/www.ssaver.gob.mx\/adquisiciones\/wp-content\/uploads\/sites\/5\/2022\/12\/SESVER-DA-C-208-2022-AFECTADO-C.pdf\" target=\"_blank\"><strong>2022-SESVER-DA-C-208-2022<\/strong> <\/a><br>Venta&nbsp; de&nbsp; \u00abMedicamento&nbsp; y Material de Curaci\u00f3n para&nbsp; la atenci\u00f3n&nbsp; de&nbsp; pacientes&nbsp; de oncolog\u00eda\u00bb<\/li>\n<\/ul>\n\n\n\n<ul class=\"wp-block-list has-medium-font-size\">\n<li><a href=\"https:\/\/www.ssaver.gob.mx\/adquisiciones\/wp-content\/uploads\/sites\/5\/2022\/12\/SESVER_DA_C-207_2022-AFECTADO-C.pdf\" target=\"_blank\" rel=\"noreferrer noopener\"><strong>2022-SESVER-DA-C-207-2022<\/strong> <\/a><br>Venta&nbsp; de&nbsp; \u00abMedicamento&nbsp; para&nbsp; la atenci\u00f3n&nbsp; de&nbsp; pacientes&nbsp; de oncolog\u00eda\u00bb<\/li>\n<\/ul>\n\n\n\n<ul class=\"wp-block-list has-medium-font-size\">\n<li><strong><a href=\"https:\/\/www.ssaver.gob.mx\/adquisiciones\/wp-content\/uploads\/sites\/5\/2022\/12\/SESVER-DA-C-206-2022-AFECTADO-C.pdf\" target=\"_blank\" rel=\"noreferrer noopener\">2022-SESVER-DA-C-206-2022<\/a><\/strong> <br>Compra&nbsp; &#8211;&nbsp; Venta&nbsp; de&nbsp; \u00abMedicamento y Material&nbsp; de curaci\u00f3n&nbsp; para&nbsp; la atenci\u00f3n&nbsp; de&nbsp; pacientes&nbsp; de oncolog\u00eda\u00bb.<\/li>\n<\/ul>\n\n\n\n<ul class=\"wp-block-list has-medium-font-size\">\n<li><strong><a href=\"https:\/\/www.ssaver.gob.mx\/adquisiciones\/wp-content\/uploads\/sites\/5\/2022\/12\/SESVER-DA-C-205-2022-AFECTADO-C.pdf\" target=\"_blank\" rel=\"noreferrer noopener\">2022-SESVER-DA-C-205-2022<\/a><\/strong> <br>Compra&nbsp; &#8211;&nbsp; Venta&nbsp; de&nbsp; \u00abMaterial&nbsp; de curaci\u00f3n&nbsp; para&nbsp; la atenci\u00f3n&nbsp; de&nbsp; pacientes&nbsp; de oncolog\u00eda\u00bb.<\/li>\n<\/ul>\n\n\n\n<ul class=\"wp-block-list has-medium-font-size\">\n<li><strong><a rel=\"noreferrer noopener\" href=\"https:\/\/www.ssaver.gob.mx\/adquisiciones\/wp-content\/uploads\/sites\/5\/2022\/12\/SESVER_DA_C-191_2022-AFECTADO-C.pdf\" target=\"_blank\">2022-SESVER-DA-C-191-2022<\/a><\/strong> <br>Compra-&nbsp; Venta&nbsp; de&nbsp; Medicamento&nbsp; para&nbsp; Enfermedades LISOSOMALES para el&nbsp; Centro de Alta&nbsp; Especialidad \u00abDr. Rafael&nbsp; Lucio\u00bb perteneciente a&nbsp; Servicios&nbsp; de&nbsp; Salud&nbsp; de&nbsp; Veracruz.<\/li>\n<\/ul>\n\n\n\n<ul class=\"wp-block-list has-medium-font-size\">\n<li><a rel=\"noreferrer noopener\" href=\"https:\/\/www.ssaver.gob.mx\/adquisiciones\/wp-content\/uploads\/sites\/5\/2022\/12\/SESVER_DA_C-185_2022-AFECTADO-C.pdf\" target=\"_blank\"><strong>2022-SESVER-DA-C-185-2022<\/strong><\/a> <br>Adquisici\u00f3n&nbsp; de&nbsp; 1,016&nbsp; Medallas&nbsp; con&nbsp; Estuche,&nbsp; para&nbsp; los Trabajadores&nbsp; de Servicios de Salud&nbsp; de Veracruz, Relativa al programa \u00abPremio de Antig\u00fcedad&nbsp; 2022\u00bb.<\/li>\n<\/ul>\n\n\n\n<ul class=\"wp-block-list has-medium-font-size\">\n<li><a rel=\"noreferrer noopener\" href=\"https:\/\/www.ssaver.gob.mx\/adquisiciones\/wp-content\/uploads\/sites\/5\/2022\/12\/SESVER_DA_C-184_2022-AFECTADO-C.pdf\" target=\"_blank\"><strong>2022-SESVER-DA-C-184-2022<\/strong><\/a> <br>P\u00f3liza de Mantenimiento&nbsp; Preventivo &nbsp;y\/o&nbsp; Correctivo&nbsp; a&nbsp; la Resonancia&nbsp; Magn\u00e9tica&nbsp; de&nbsp; Campo&nbsp; Cerrado&nbsp; Marca&nbsp; Philips&nbsp; Modelo&nbsp; Achieva&nbsp; 1.5t,&nbsp; con&nbsp; N\u00famero de&nbsp; Serie&nbsp; 32813-N\u00famero&nbsp; de&nbsp; Inventario&nbsp; 007784&nbsp; y&nbsp; la&nbsp; Contrataci\u00f3n&nbsp; de&nbsp; la&nbsp; P\u00f3liza&nbsp; de&nbsp; Servicio de&nbsp; Mantenimiento&nbsp; Preventivo&nbsp; y\/o&nbsp; Correctivo&nbsp; a la&nbsp; Gammac\u00e1mara&nbsp; de-&nbsp; Doble&nbsp; Cabezal Marca&nbsp; Philips,&nbsp; Modelo&nbsp; Brigt-View,&nbsp; N\u00famero&nbsp; de&nbsp; Serie&nbsp; An4000694&nbsp; y&nbsp; Numero&nbsp; de&nbsp; Inventario Cecan38-0137,&nbsp; Obicada&nbsp; En&nbsp; El&nbsp; \u00c1rea&nbsp; De&nbsp; Medicina&nbsp; Nuclear&nbsp; del&nbsp; Centro&nbsp; Estatal&nbsp; de Cancerologia&nbsp; \u00abDr.&nbsp; Miguel&nbsp; Dorantes&nbsp; Mesa\u00bb<\/li>\n<\/ul>\n\n\n\n<ul class=\"wp-block-list has-medium-font-size\">\n<li><strong><a rel=\"noreferrer noopener\" href=\"https:\/\/www.ssaver.gob.mx\/adquisiciones\/wp-content\/uploads\/sites\/5\/2022\/10\/SESVER_DA_C-183_2022-C.pdf\" target=\"_blank\">2022-SESVER-DA-C-183-2022<\/a><\/strong> <br>Adquisici\u00f3n&nbsp; de&nbsp; 19&nbsp; Cajas&nbsp; C\/20&nbsp; Bolsas&nbsp; Resellables&nbsp; con&nbsp; 5&nbsp; Sobres de&nbsp; 125&nbsp; Gr&nbsp; Cada&nbsp; Sobre&nbsp; de&nbsp; Bendiocarb&nbsp; al&nbsp; 80%;&nbsp; para&nbsp; el&nbsp; Control&nbsp; del&nbsp; Mosco&nbsp; Transmisor del&nbsp; Dengue,&nbsp; Zika&nbsp; Y&nbsp; Chikungunya,&nbsp; para&nbsp; los&nbsp; Servicios&nbsp; de&nbsp; Salud&nbsp; de&nbsp; Veracruz.<\/li>\n<\/ul>\n\n\n\n<ul class=\"wp-block-list has-medium-font-size\">\n<li><strong><a rel=\"noreferrer noopener\" href=\"https:\/\/www.ssaver.gob.mx\/adquisiciones\/wp-content\/uploads\/sites\/5\/2022\/10\/SESVER_DA_C-182_2022-C.pdf\" target=\"_blank\">2022-SESVER-DA-C-182-2022<\/a><\/strong> <br>Adquisici\u00f3n&nbsp; de&nbsp; 6,011&nbsp; Sacos&nbsp; de&nbsp; 15&nbsp; Kilogramos&nbsp; del&nbsp; Insecticida&nbsp; de Acci\u00f3n&nbsp; Larvicida&nbsp; Temephos&nbsp; 1%&nbsp; Granulado,&nbsp; para&nbsp; el&nbsp; Control&nbsp; del&nbsp; Mosco&nbsp; Transmisor del Dengue,Zika&nbsp; y&nbsp; Chikungunya,&nbsp; para&nbsp; los&nbsp; Servicios&nbsp; de&nbsp; Salud&nbsp; de&nbsp; Veracruz.<\/li>\n<\/ul>\n\n\n\n<ul class=\"wp-block-list has-medium-font-size\">\n<li><strong><a rel=\"noreferrer noopener\" href=\"https:\/\/www.ssaver.gob.mx\/adquisiciones\/wp-content\/uploads\/sites\/5\/2022\/10\/SESVER_DA_C-181_2022-C.pdf\" target=\"_blank\">2022-SESVER-DA-C-181-2022<\/a><\/strong><br>Adquisici\u00f3n&nbsp; de&nbsp; 32&nbsp; Tambos&nbsp; de&nbsp; 208&nbsp; Litros&nbsp; de&nbsp; Clorpjrifos&nbsp; Etil&nbsp; Al 13.624%;&nbsp; para&nbsp; el Control&nbsp; del&nbsp; Mosco&nbsp; Transmisor&nbsp; del&nbsp; Dengue,&nbsp; Zika&nbsp; Y&nbsp; Chikungunya,&nbsp; para los&nbsp; Serviclos&nbsp; de&nbsp; Salud&nbsp; de&nbsp; Veracruz.<\/li>\n<\/ul>\n<\/div>\n<\/div>\n<\/div>\n","protected":false},"excerpt":{"rendered":"<p>Contratos Adjudicados de acuerdo a la modalidad<\/p>\n","protected":false},"author":2,"featured_media":0,"parent":3496,"menu_order":10,"comment_status":"closed","ping_status":"closed","template":"","meta":{"colormag_page_container_layout":"default_layout","colormag_page_sidebar_layout":"default_layout","footnotes":""},"class_list":["post-3615","page","type-page","status-publish","hentry"],"_links":{"self":[{"href":"https:\/\/www.ssaver.gob.mx\/adquisiciones\/wp-json\/wp\/v2\/pages\/3615","targetHints":{"allow":["GET"]}}],"collection":[{"href":"https:\/\/www.ssaver.gob.mx\/adquisiciones\/wp-json\/wp\/v2\/pages"}],"about":[{"href":"https:\/\/www.ssaver.gob.mx\/adquisiciones\/wp-json\/wp\/v2\/types\/page"}],"author":[{"embeddable":true,"href":"https:\/\/www.ssaver.gob.mx\/adquisiciones\/wp-json\/wp\/v2\/users\/2"}],"replies":[{"embeddable":true,"href":"https:\/\/www.ssaver.gob.mx\/adquisiciones\/wp-json\/wp\/v2\/comments?post=3615"}],"version-history":[{"count":24,"href":"https:\/\/www.ssaver.gob.mx\/adquisiciones\/wp-json\/wp\/v2\/pages\/3615\/revisions"}],"predecessor-version":[{"id":11693,"href":"https:\/\/www.ssaver.gob.mx\/adquisiciones\/wp-json\/wp\/v2\/pages\/3615\/revisions\/11693"}],"up":[{"embeddable":true,"href":"https:\/\/www.ssaver.gob.mx\/adquisiciones\/wp-json\/wp\/v2\/pages\/3496"}],"wp:attachment":[{"href":"https:\/\/www.ssaver.gob.mx\/adquisiciones\/wp-json\/wp\/v2\/media?parent=3615"}],"curies":[{"name":"wp","href":"https:\/\/api.w.org\/{rel}","templated":true}]}}