{"id":3989,"date":"2022-12-27T11:43:48","date_gmt":"2022-12-27T17:43:48","guid":{"rendered":"https:\/\/www.ssaver.gob.mx\/adquisiciones\/?page_id=3989"},"modified":"2026-03-27T11:54:26","modified_gmt":"2026-03-27T17:54:26","slug":"adjudicaciones-estatales-directas-por-excepcion-de-ley-261-280","status":"publish","type":"page","link":"https:\/\/www.ssaver.gob.mx\/adquisiciones\/licitaciones-2022\/adjudicaciones-estatales-directas-por-excepcion-de-ley-2\/adjudicaciones-estatales-directas-por-excepcion-de-ley-261-280\/","title":{"rendered":"Adjudicaciones Estatales Directas por Excepci\u00f3n de Ley 261-390"},"content":{"rendered":"\n<div class=\"wp-block-group is-layout-constrained wp-container-core-group-is-layout-9517baca wp-block-group-is-layout-constrained\">\n<hr class=\"wp-block-separator has-text-color has-alpha-channel-opacity has-background is-style-wide\" style=\"background-color:#d8bf31;color:#d8bf31\" \/>\n\n\n\n<div class=\"wp-block-columns is-layout-flex wp-container-core-columns-is-layout-28f84493 wp-block-columns-is-layout-flex\">\n<div class=\"wp-block-column has-background is-layout-flow wp-block-column-is-layout-flow\" style=\"background-color:#fff4e0;flex-basis:100%\">\n<p class=\"has-text-color has-background has-medium-font-size\" style=\"color:#5b4c0d;background-color:#fff4e0\"><strong><strong><strong>Contratos Adjudicados de acuerdo a la modalidad<\/strong><\/strong><\/strong><\/p>\n\n\n\n<ul class=\"wp-block-list has-medium-font-size\">\n<li><strong><a rel=\"noreferrer noopener\" href=\"https:\/\/www.ssaver.gob.mx\/adquisiciones\/wp-content\/uploads\/sites\/5\/2023\/02\/SESVER_DA_C-390_2022-AFECTADO_opt.pdf\" target=\"_blank\">2022-SESVER-DA-C-390-2022<\/a><\/strong><a rel=\"noreferrer noopener\" href=\"https:\/\/www.ssaver.gob.mx\/adquisiciones\/wp-content\/uploads\/sites\/5\/2023\/01\/SESVER_DA_C-310_2022-AFECTADO_opt.pdf\" target=\"_blank\"><br><\/a>Compra-venta de material de curaci\u00f3n.<\/li>\n\n\n\n<li><strong><a href=\"https:\/\/www.ssaver.gob.mx\/adquisiciones\/wp-content\/uploads\/sites\/5\/2023\/02\/SESVER_DA_C-389_2022-AFECTADO_opt.pdf\" target=\"_blank\" rel=\"noreferrer noopener\">2022-SESVER-DA-C-389-2022<\/a><\/strong><a rel=\"noreferrer noopener\" href=\"https:\/\/www.ssaver.gob.mx\/adquisiciones\/wp-content\/uploads\/sites\/5\/2023\/01\/SESVER_DA_C-310_2022-AFECTADO_opt.pdf\" target=\"_blank\"><br><\/a>Compra-venta de medicamento<\/li>\n\n\n\n<li><strong><a rel=\"noreferrer noopener\" href=\"https:\/\/www.ssaver.gob.mx\/adquisiciones\/wp-content\/uploads\/sites\/5\/2023\/02\/SESVER_DA_C-388_2022-AFECTADO_opt.pdf\" target=\"_blank\">2022-SESVER-DA-C-388-2022<\/a><\/strong><a rel=\"noreferrer noopener\" href=\"https:\/\/www.ssaver.gob.mx\/adquisiciones\/wp-content\/uploads\/sites\/5\/2023\/01\/SESVER_DA_C-310_2022-AFECTADO_opt.pdf\" target=\"_blank\"><br><\/a>Compra-venta de medicamento<\/li>\n\n\n\n<li><strong><a href=\"https:\/\/www.ssaver.gob.mx\/adquisiciones\/wp-content\/uploads\/sites\/5\/2023\/02\/SESVER_DA_C-387_2022-AFECTADO_compressed.pdf\" target=\"_blank\" rel=\"noreferrer noopener\">2022-SESVER-DA-C-387-2022<\/a><\/strong><a rel=\"noreferrer noopener\" href=\"https:\/\/www.ssaver.gob.mx\/adquisiciones\/wp-content\/uploads\/sites\/5\/2023\/01\/SESVER_DA_C-310_2022-AFECTADO_opt.pdf\" target=\"_blank\"><br><\/a>Compra-venta de medicamento y material de curaci\u00f3n<\/li>\n\n\n\n<li><strong><a rel=\"noreferrer noopener\" href=\"https:\/\/www.ssaver.gob.mx\/adquisiciones\/wp-content\/uploads\/sites\/5\/2023\/02\/SESVER_DA_C-386_2022-AFECTADO_opt.pdf\" target=\"_blank\">2022-SESVER-DA-C-386-2022<\/a><\/strong><a rel=\"noreferrer noopener\" href=\"https:\/\/www.ssaver.gob.mx\/adquisiciones\/wp-content\/uploads\/sites\/5\/2023\/01\/SESVER_DA_C-310_2022-AFECTADO_opt.pdf\" target=\"_blank\"><br><\/a>Compra-venta de medicamento<\/li>\n\n\n\n<li><strong><a rel=\"noreferrer noopener\" href=\"https:\/\/www.ssaver.gob.mx\/adquisiciones\/wp-content\/uploads\/sites\/5\/2023\/02\/SESVER_DA_C-382_2022-AFECTADO_compressed.pdf\" target=\"_blank\">2022-SESVER-DA-C-382-2022<\/a><\/strong><a rel=\"noreferrer noopener\" href=\"https:\/\/www.ssaver.gob.mx\/adquisiciones\/wp-content\/uploads\/sites\/5\/2023\/01\/SESVER_DA_C-310_2022-AFECTADO_opt.pdf\" target=\"_blank\"><br><\/a>Adjudicaci\u00f3n directa por excepci\u00f3n de ley derivada de los renglones desiertos de la  LPN-103T00000-027-2022 relativa a la Adquisici\u00f3n de equipo m\u00e9dico para el fortalecimiento de las \u00e1reas de consulta especializada, hospitalizaci\u00f3n, imagenolog\u00eda, quir\u00f3fano, oftalmolog\u00eda, patolog\u00eda y farmacia de las unidades hospitalarias pertenecientes a Servicios de Salud de Veracruz.<\/li>\n\n\n\n<li><strong><a rel=\"noreferrer noopener\" href=\"https:\/\/www.ssaver.gob.mx\/adquisiciones\/wp-content\/uploads\/sites\/5\/2023\/02\/SESVER_DA_C-381_2022-AFECTADO_compressed.pdf\" target=\"_blank\">2022-SESVER-DA-C-381-2022<\/a><\/strong><a rel=\"noreferrer noopener\" href=\"https:\/\/www.ssaver.gob.mx\/adquisiciones\/wp-content\/uploads\/sites\/5\/2023\/01\/SESVER_DA_C-310_2022-AFECTADO_opt.pdf\" target=\"_blank\"><br><\/a>Adjudicaci\u00f3n directa por excepci\u00f3n de ley derivada de los renglones desiertos de la LPN-103T000000-027-2022 relativa a la Adquisici\u00f3n de Adquisici\u00f3n de equipo m\u00e9dico y mobiliario para el fortalecimiento de las \u00e1reas de consulta especializada, hospitalizaci\u00f3n, imagenolog\u00eda, quir\u00f3fano, oftalmolog\u00eda, patolog\u00eda y farmacia de las unidades hospitalarias pertenecientes a Servicios de Salud de Veracruz.<\/li>\n\n\n\n<li><strong><a rel=\"noreferrer noopener\" href=\"https:\/\/www.ssaver.gob.mx\/adquisiciones\/wp-content\/uploads\/sites\/5\/2023\/02\/SESVER_DA_C-380_2022-AFECTADO_compressed.pdf\" target=\"_blank\">2022-SESVER-DA-C-380-2022<\/a><\/strong><a rel=\"noreferrer noopener\" href=\"https:\/\/www.ssaver.gob.mx\/adquisiciones\/wp-content\/uploads\/sites\/5\/2023\/01\/SESVER_DA_C-310_2022-AFECTADO_opt.pdf\" target=\"_blank\"><br><\/a>Adjudicaci\u00f3n directa por excepci\u00f3n de ley derivada de los renglones desiertos de la LPN-103T000000-027-2022 relativa a la Adquisici\u00f3n de Adquisici\u00f3n de equipo m\u00e9dico y mobiliario para el fortalecimiento de las \u00e1reas de consulta especializada, hospitalizaci\u00f3n, imagenolog\u00eda, quir\u00f3fano, oftalmolog\u00eda, patolog\u00eda y farmacia de las unidades hospitalarias pertenecientes a Servicios de Salud de Veracruz.<\/li>\n\n\n\n<li><strong><a href=\"https:\/\/www.ssaver.gob.mx\/adquisiciones\/wp-content\/uploads\/sites\/5\/2023\/02\/SESVER_DA_C-379_2022-AFECTADO_compressed.pdf\">2022-SESVER-DA-C-379-2022<\/a><\/strong><a rel=\"noreferrer noopener\" href=\"https:\/\/www.ssaver.gob.mx\/adquisiciones\/wp-content\/uploads\/sites\/5\/2023\/01\/SESVER_DA_C-310_2022-AFECTADO_opt.pdf\" target=\"_blank\"><br><\/a>Adjudicaci\u00f3n directa por excepci\u00f3n de ley derivada de los renglones desiertos de la LPN-103T000000-027-2022 relativa a la Adquisici\u00f3n de Adquisici\u00f3n de equipo m\u00e9dico y mobiliario para el fortalecimiento de las \u00e1reas de consulta especializada, hospitalizaci\u00f3n, imagenolog\u00eda, quir\u00f3fano, oftalmolog\u00eda, patolog\u00eda y farmacia de las unidades hospitalarias pertenecientes a Servicios de Salud de Veracruz.<\/li>\n\n\n\n<li><strong><a rel=\"noreferrer noopener\" href=\"https:\/\/www.ssaver.gob.mx\/adquisiciones\/wp-content\/uploads\/sites\/5\/2023\/02\/SESVER_DA_C-378_2022-AFECTADO_compressed.pdf\" target=\"_blank\">2022-SESVER-DA-C-378-2022<\/a><\/strong><a rel=\"noreferrer noopener\" href=\"https:\/\/www.ssaver.gob.mx\/adquisiciones\/wp-content\/uploads\/sites\/5\/2023\/01\/SESVER_DA_C-310_2022-AFECTADO_opt.pdf\" target=\"_blank\"><br><\/a>Adjudicaci\u00f3n directa por excepci\u00f3n de ley derivada de los renglones desiertos de la LPN-103T000000-027-2022 relativa a la Adquisici\u00f3n de equipo m\u00e9dico y mobiliario para el fortalecimiento de las \u00e1reas de consulta especializada, hospitalizaci\u00f3n, imagenolog\u00eda, quir\u00f3fano, oftalmolog\u00eda, patolog\u00eda y farmacia de las unidades hospitalarias pertenecientes a Servicios de Salud de Veracruz.<\/li>\n\n\n\n<li><strong><a rel=\"noreferrer noopener\" href=\"https:\/\/www.ssaver.gob.mx\/adquisiciones\/wp-content\/uploads\/sites\/5\/2023\/02\/SESVER_DA_C-377_2022-AFECTADO_compressed.pdf\" target=\"_blank\">2022-SESVER-DA-C-377-2022<\/a><\/strong><a rel=\"noreferrer noopener\" href=\"https:\/\/www.ssaver.gob.mx\/adquisiciones\/wp-content\/uploads\/sites\/5\/2023\/01\/SESVER_DA_C-310_2022-AFECTADO_opt.pdf\" target=\"_blank\"><br><\/a>Adjudicaci\u00f3n directa por excepci\u00f3n de ley derivada de los renglones desiertos de la LS-103T000000-065-2022 relativa a la Adquisici\u00f3n de tres camiones tipo chasis con caja refrigerante para el departamento de almacenaje y distribuci\u00f3n.<\/li>\n\n\n\n<li><strong><a rel=\"noreferrer noopener\" href=\"https:\/\/www.ssaver.gob.mx\/adquisiciones\/wp-content\/uploads\/sites\/5\/2023\/02\/SESVER_DA_C-376_2022-AFECTADO_compressed.pdf\" target=\"_blank\">2022-SESVER-DA-C-376-2022<\/a><\/strong><a rel=\"noreferrer noopener\" href=\"https:\/\/www.ssaver.gob.mx\/adquisiciones\/wp-content\/uploads\/sites\/5\/2023\/01\/SESVER_DA_C-310_2022-AFECTADO_opt.pdf\" target=\"_blank\"><br><\/a>Adjudicaci\u00f3n directa por excepci\u00f3n de ley derivada de los renglones desiertos de la LS-103T000000-060-2022 relativa a la Adquisici\u00f3n de bienes e insumos diversos para la Direcci\u00f3n de Salud P\u00fablica<\/li>\n\n\n\n<li><strong><a rel=\"noreferrer noopener\" href=\"https:\/\/www.ssaver.gob.mx\/adquisiciones\/wp-content\/uploads\/sites\/5\/2023\/02\/SESVER_DA_C-375_2022-AFECTADO_compressed.pdf\" target=\"_blank\">2022-SESVER-DA-C-375-2022<\/a><\/strong><a rel=\"noreferrer noopener\" href=\"https:\/\/www.ssaver.gob.mx\/adquisiciones\/wp-content\/uploads\/sites\/5\/2023\/01\/SESVER_DA_C-310_2022-AFECTADO_opt.pdf\" target=\"_blank\"><br><\/a>Adjudicaci\u00f3n directa por excepci\u00f3n de ley derivada de los renglones desiertos de la LPN-103T00000-028-2022 relativa a la Adquisici\u00f3n de diversos bienes e insumos inform\u00e1ticos para el departamento de tecnolog\u00edas de la informaci\u00f3n de Servicios de Salud de Veracruz, segunda convocatoria<\/li>\n\n\n\n<li><strong><a href=\"https:\/\/www.ssaver.gob.mx\/adquisiciones\/wp-content\/uploads\/sites\/5\/2023\/02\/SESVER_DA_C-374_2022-AFECTADO_compressed.pdf\" target=\"_blank\" rel=\"noreferrer noopener\">2022-SESVER-DA-C-374-2022<\/a><\/strong><a rel=\"noreferrer noopener\" href=\"https:\/\/www.ssaver.gob.mx\/adquisiciones\/wp-content\/uploads\/sites\/5\/2023\/01\/SESVER_DA_C-310_2022-AFECTADO_opt.pdf\" target=\"_blank\"><br><\/a>Servicio para la disposici\u00f3n de los de desechos radiactivos del Departamento de Radi\u00f3logo del Laboratorio Estatal<\/li>\n\n\n\n<li><strong><a href=\"https:\/\/www.ssaver.gob.mx\/adquisiciones\/wp-content\/uploads\/sites\/5\/2023\/02\/SESVER_DA_C-373_2022-AFECTADO_compressed.pdf\" target=\"_blank\" rel=\"noreferrer noopener\">2022-SESVER-DA-C-373-2022<\/a><\/strong><a rel=\"noreferrer noopener\" href=\"https:\/\/www.ssaver.gob.mx\/adquisiciones\/wp-content\/uploads\/sites\/5\/2023\/01\/SESVER_DA_C-310_2022-AFECTADO_opt.pdf\" target=\"_blank\"><br><\/a>Adquisici\u00f3n de 2 camionetas para 7 pasajeros destinados a servicios p\u00fablicos y operaci\u00f3n de programas p\u00fablicos<\/li>\n\n\n\n<li><strong><a rel=\"noreferrer noopener\" href=\"https:\/\/www.ssaver.gob.mx\/adquisiciones\/wp-content\/uploads\/sites\/5\/2023\/02\/SESVER_DA_C-372_2022-AFECTADO_compressed.pdf\" target=\"_blank\">2022-SESVER-DA-C-372-2022<\/a><\/strong><a rel=\"noreferrer noopener\" href=\"https:\/\/www.ssaver.gob.mx\/adquisiciones\/wp-content\/uploads\/sites\/5\/2023\/01\/SESVER_DA_C-310_2022-AFECTADO_opt.pdf\" target=\"_blank\"><br><\/a>Adquisici\u00f3n de 4 camionetas tipo SUV destinados a servicios p\u00fablicos y operaci\u00f3n de programas p\u00fablicos<\/li>\n\n\n\n<li><strong><a rel=\"noreferrer noopener\" href=\"https:\/\/www.ssaver.gob.mx\/adquisiciones\/wp-content\/uploads\/sites\/5\/2023\/02\/SESVER_DA_C-370_2022-AFECTADO_compressed.pdf\" target=\"_blank\">2022-SESVER-DA-C-370-2022<\/a><\/strong><a rel=\"noreferrer noopener\" href=\"https:\/\/www.ssaver.gob.mx\/adquisiciones\/wp-content\/uploads\/sites\/5\/2023\/01\/SESVER_DA_C-310_2022-AFECTADO_opt.pdf\" target=\"_blank\"><br><\/a>Compra-venta de 47 camas hospitalarias y 14 camas de terapia intensiva para las unidades hospitalarias pertenecientes a SESVER.<\/li>\n\n\n\n<li><strong><a href=\"https:\/\/www.ssaver.gob.mx\/adquisiciones\/wp-content\/uploads\/sites\/5\/2023\/02\/SESVER_DA_C-369_2022-AFECTADO_compressed.pdf\" target=\"_blank\" rel=\"noreferrer noopener\">2022-SESVER-DA-C-369-2022<\/a><\/strong><a rel=\"noreferrer noopener\" href=\"https:\/\/www.ssaver.gob.mx\/adquisiciones\/wp-content\/uploads\/sites\/5\/2023\/01\/SESVER_DA_C-310_2022-AFECTADO_opt.pdf\" target=\"_blank\"><br><\/a>Implementaci\u00f3n del proyecto de soluci\u00f3n integral para el almacenamiento y protecci\u00f3n de informaci\u00f3n digital relacionada a los procesos licitatorios a cargo del departamento de adquisiciones<\/li>\n\n\n\n<li><strong><a href=\"https:\/\/www.ssaver.gob.mx\/adquisiciones\/wp-content\/uploads\/sites\/5\/2023\/04\/SESVER_DA_C-364_2022-AFECTADO-C.pdf\" target=\"_blank\" rel=\"noreferrer noopener\">2022-SESVER-DA-C-364-2022<\/a><\/strong><a rel=\"noreferrer noopener\" href=\"https:\/\/www.ssaver.gob.mx\/adquisiciones\/wp-content\/uploads\/sites\/5\/2023\/01\/SESVER_DA_C-310_2022-AFECTADO_opt.pdf\" target=\"_blank\"><br><\/a>Adjudicaci\u00f3n directa por excepci\u00f3n de ley derivada de los renglones desiertos de la LS-103T00000-048-2022 relativa a la Adquisici\u00f3n de Compra-venta de instrumental para las unidades m\u00e9dicas que se encuentran en proceso de reacreditaci\u00f3n.<\/li>\n\n\n\n<li><strong><a rel=\"noreferrer noopener\" href=\"https:\/\/www.ssaver.gob.mx\/adquisiciones\/wp-content\/uploads\/sites\/5\/2023\/02\/SESVER_DA_C-361_2022-AFECTADO_opt.pdf\" target=\"_blank\">2022-SESVER-DA-C-361-2022<\/a><\/strong><a rel=\"noreferrer noopener\" href=\"https:\/\/www.ssaver.gob.mx\/adquisiciones\/wp-content\/uploads\/sites\/5\/2023\/01\/SESVER_DA_C-310_2022-AFECTADO_opt.pdf\" target=\"_blank\"><br><\/a>Adjudicaci\u00f3n directa por excepci\u00f3n de ley derivada de los renglones desiertos de la LS-103T00000-043-2022  relativa a la Adquisici\u00f3n de Impresi\u00f3n y elaboraci\u00f3n de material informativo derivado de los programas de las Direcciones de Salud P\u00fablica y Protecci\u00f3n Contra Riesgos Sanitarios<\/li>\n\n\n\n<li><strong><a rel=\"noreferrer noopener\" href=\"https:\/\/www.ssaver.gob.mx\/adquisiciones\/wp-content\/uploads\/sites\/5\/2023\/02\/SESVER_DA_C-359_2022-AFECTADO_compressed.pdf\" target=\"_blank\">2022-SESVER-DA-C-359-2022<\/a><\/strong><a rel=\"noreferrer noopener\" href=\"https:\/\/www.ssaver.gob.mx\/adquisiciones\/wp-content\/uploads\/sites\/5\/2023\/01\/SESVER_DA_C-310_2022-AFECTADO_opt.pdf\" target=\"_blank\"><br><\/a>Adjudicaci\u00f3n directa por excepci\u00f3n de ley derivada de los renglones desiertos de la LS-103T00000-051-2022  relativa a la Adquisici\u00f3n de mobiliario y equipo m\u00e9dico para el centro estatal de cancerolog\u00eda Dr. Miguel Dorantes mesa y el hospital de la comunidad de Teocelo, pertenecientes a Servicios de Salud de Veracruz.<\/li>\n\n\n\n<li><strong><a rel=\"noreferrer noopener\" href=\"https:\/\/www.ssaver.gob.mx\/adquisiciones\/wp-content\/uploads\/sites\/5\/2023\/02\/C-358_2022_C.pdf\" target=\"_blank\">2022-SESVER-DA-C-358-2022<\/a><\/strong><a rel=\"noreferrer noopener\" href=\"https:\/\/www.ssaver.gob.mx\/adquisiciones\/wp-content\/uploads\/sites\/5\/2023\/01\/SESVER_DA_C-310_2022-AFECTADO_opt.pdf\" target=\"_blank\"><br><\/a>Adjudicaci\u00f3n directa por excepci\u00f3n de ley derivada de los renglones desiertos de la LS-103T00000-058-2022 relativa a la Adquisici\u00f3n de diversos bienes e insumos para la direcci\u00f3n de protecci\u00f3n contra riesgos sanitarios<\/li>\n\n\n\n<li><strong><a href=\"https:\/\/www.ssaver.gob.mx\/adquisiciones\/wp-content\/uploads\/sites\/5\/2023\/02\/SESVER_DA_C-346_2022-AFECTADO_compressed.pdf\" target=\"_blank\" rel=\"noreferrer noopener\">2022-SESVER-DA-C-346-2022<\/a><\/strong><a rel=\"noreferrer noopener\" href=\"https:\/\/www.ssaver.gob.mx\/adquisiciones\/wp-content\/uploads\/sites\/5\/2023\/01\/SESVER_DA_C-310_2022-AFECTADO_opt.pdf\" target=\"_blank\"><br><\/a>Compra-venta de material de curaci\u00f3n para las unidades m\u00e9dicas que se encuentran en proceso de reacreditaci\u00f3n<\/li>\n\n\n\n<li><a href=\"https:\/\/www.ssaver.gob.mx\/adquisiciones\/wp-content\/uploads\/sites\/5\/2023\/02\/SESVER_DA_C-344_2022-AFECTADO_opt.pdf\" target=\"_blank\" rel=\"noreferrer noopener\"><strong>2022-SESVER-DA-C<\/strong>&#8211;<strong>344-2022<\/strong><\/a><a rel=\"noreferrer noopener\" href=\"https:\/\/www.ssaver.gob.mx\/adquisiciones\/wp-content\/uploads\/sites\/5\/2023\/01\/SESVER_DA_C-310_2022-AFECTADO_opt.pdf\" target=\"_blank\"><br><\/a>Adjudicaci\u00f3n directa por excepci\u00f3n de ley derivada de los renglones desiertos de la LPN-103T00000-028-2022 relativa a Adquisici\u00f3n de diversos bienes e insumos inform\u00e1ticos para el departamento de tecnolog\u00edas de la informaci\u00f3n de Servicios de Salud de Veracruz, segunda convocatoria.<\/li>\n\n\n\n<li><strong><a rel=\"noreferrer noopener\" href=\"https:\/\/www.ssaver.gob.mx\/adquisiciones\/wp-content\/uploads\/sites\/5\/2023\/02\/C-343-2022-C.pdf\" target=\"_blank\">2022-SESVER-DA-C-343-2022<\/a><\/strong><a rel=\"noreferrer noopener\" href=\"https:\/\/www.ssaver.gob.mx\/adquisiciones\/wp-content\/uploads\/sites\/5\/2023\/01\/SESVER_DA_C-310_2022-AFECTADO_opt.pdf\" target=\"_blank\"><br><\/a>Adjudicaci\u00f3n directa por excepci\u00f3n de ley derivada de los renglones desiertos de la LS-103T00000-053-2022 relativa a Adquisici\u00f3n de materiales, accesorios y suministros m\u00e9dicos, instalaci\u00f3n de equipo m\u00e9dico y de laboratorio e instrumental m\u00e9dico y de laboratorio para el centro estatal de trasplantes, centro regulador de urgencias (CRUM) y la direcci\u00f3n de atenci\u00f3n m\u00e9dica<\/li>\n\n\n\n<li><strong><a rel=\"noreferrer noopener\" href=\"https:\/\/www.ssaver.gob.mx\/adquisiciones\/wp-content\/uploads\/sites\/5\/2023\/02\/SESVER_DA_C-325_2022-AFECTADO_compressed.pdf\" target=\"_blank\">2022-SESVER-DA-C-325-2022<\/a><\/strong><a rel=\"noreferrer noopener\" href=\"https:\/\/www.ssaver.gob.mx\/adquisiciones\/wp-content\/uploads\/sites\/5\/2023\/01\/SESVER_DA_C-310_2022-AFECTADO_opt.pdf\" target=\"_blank\"><br><\/a>Adjudicaci\u00f3n directa derivada de los renglones desiertos de la LPN-103T00000-022-2022 relativa a la Compra-venta de material de curaci\u00f3n.<\/li>\n\n\n\n<li><strong><a rel=\"noreferrer noopener\" href=\"https:\/\/www.ssaver.gob.mx\/adquisiciones\/wp-content\/uploads\/sites\/5\/2023\/01\/SESVER_DA_C-324_2022-AFECTADO_opt.pdf\" target=\"_blank\">2022-SESVER-DA-C-324-2022<\/a><\/strong><a rel=\"noreferrer noopener\" href=\"https:\/\/www.ssaver.gob.mx\/adquisiciones\/wp-content\/uploads\/sites\/5\/2023\/01\/SESVER_DA_C-310_2022-AFECTADO_opt.pdf\" target=\"_blank\"><br><\/a>Adjudicaci\u00f3n directa derivada de los renglones desiertos de la LPN-103T00000-022-2022 relativa a la Compra-venta de medicamento.<\/li>\n\n\n\n<li><strong><a href=\"https:\/\/www.ssaver.gob.mx\/adquisiciones\/wp-content\/uploads\/sites\/5\/2023\/02\/SESVER_DA_C-323_2022-AFECTADO_compressed.pdf\" target=\"_blank\" rel=\"noreferrer noopener\">2022-SESVER-DA-C-323-2022<\/a><\/strong><a rel=\"noreferrer noopener\" href=\"https:\/\/www.ssaver.gob.mx\/adquisiciones\/wp-content\/uploads\/sites\/5\/2023\/01\/SESVER_DA_C-310_2022-AFECTADO_opt.pdf\" target=\"_blank\"><br><\/a>Adjudicaci\u00f3n directa derivada de los renglones desiertos de la LPN-103T00000-022-2022 relativa a la Compra-venta de medicamento.<\/li>\n\n\n\n<li><strong><a rel=\"noreferrer noopener\" href=\"https:\/\/www.ssaver.gob.mx\/adquisiciones\/wp-content\/uploads\/sites\/5\/2023\/02\/SESVER_DA_C-322_2022-AFECTADO_compressed.pdf\" target=\"_blank\">2022-SESVER-DA-C-322-2022<\/a><\/strong><a rel=\"noreferrer noopener\" href=\"https:\/\/www.ssaver.gob.mx\/adquisiciones\/wp-content\/uploads\/sites\/5\/2023\/01\/SESVER_DA_C-310_2022-AFECTADO_opt.pdf\" target=\"_blank\"><br><\/a>Adjudicaci\u00f3n directa por excepci\u00f3n de ley derivada de los renglones desiertos de la LPN-103T00000-023-2022 relativa a la Adquisici\u00f3n de productos qu\u00edmicos, materiales, accesorios y suministros de laboratorio<\/li>\n\n\n\n<li><strong><a rel=\"noreferrer noopener\" href=\"https:\/\/www.ssaver.gob.mx\/adquisiciones\/wp-content\/uploads\/sites\/5\/2023\/01\/SESVER_DA_C-316_2022-AFECTADO_opt.pdf\" target=\"_blank\">2022-SESVER-DA-C-316-2022<\/a><\/strong><a rel=\"noreferrer noopener\" href=\"https:\/\/www.ssaver.gob.mx\/adquisiciones\/wp-content\/uploads\/sites\/5\/2023\/01\/SESVER_DA_C-310_2022-AFECTADO_opt.pdf\" target=\"_blank\"><br><\/a>Adjudicaci\u00f3n directa por excepci\u00f3n de ley derivada de los renglones desiertos de la LS-103T00000-039-2022 relativa a la Adquisici\u00f3n de bienes e insumos para el programa de  dialisis peritoneal.<\/li>\n\n\n\n<li><strong><a href=\"https:\/\/www.ssaver.gob.mx\/adquisiciones\/wp-content\/uploads\/sites\/5\/2023\/01\/SESVER_DA_C-299_2022-AFECTADO_opt.pdf\">2022-SESVER-DA-C-299-2022<\/a><\/strong><a rel=\"noreferrer noopener\" href=\"https:\/\/www.ssaver.gob.mx\/adquisiciones\/wp-content\/uploads\/sites\/5\/2023\/01\/SESVER_DA_C-310_2022-AFECTADO_opt.pdf\" target=\"_blank\"><br><\/a>Adjudicaci\u00f3n&nbsp; Directa&nbsp; derivada&nbsp; de la&nbsp; Licitaci\u00f3n Simplificada&nbsp; No LS-103t00000-050-2022 Adquisici\u00f3n&nbsp; de&nbsp; Materiales y Suministros&nbsp; para planteles&nbsp; educativos&nbsp; (Desfibrilador&nbsp; de Ense\u00f1anza&nbsp; AED)<\/li>\n\n\n\n<li><strong><a rel=\"noreferrer noopener\" href=\"https:\/\/www.ssaver.gob.mx\/adquisiciones\/wp-content\/uploads\/sites\/5\/2023\/02\/SESVER_DA_C-298_2022-AFECTADO_compressed.pdf\" target=\"_blank\">2022-SESVER-DA-C-298-2022<\/a><\/strong><a rel=\"noreferrer noopener\" href=\"https:\/\/www.ssaver.gob.mx\/adquisiciones\/wp-content\/uploads\/sites\/5\/2023\/01\/SESVER_DA_C-310_2022-AFECTADO_opt.pdf\" target=\"_blank\"><br><\/a>Adjudicaci\u00f3n directa por excepci\u00f3n de ley derivada de los renglones desiertos de la LS-103T00000-050-2022 relativa a la Adquisici\u00f3n de materiales y suministros para planteles educativos (maniqu\u00ed torso adulto para la pr\u00e1ctica de RCP con sistema QCPR.<\/li>\n\n\n\n<li><a rel=\"noreferrer noopener\" href=\"https:\/\/www.ssaver.gob.mx\/adquisiciones\/wp-content\/uploads\/sites\/5\/2023\/01\/SESVER_DA_C-284_2022-AFECTADO_opt.pdf\" target=\"_blank\"><strong>2022-SESVER-DA-C-284-2022<\/strong><br><\/a>Adquisici\u00f3n de blancos y otros productos textiles para la direcci\u00f3n de atenci\u00f3n m\u00e9dica de Servicios de Salud de Veracruz.<\/li>\n\n\n\n<li><a rel=\"noreferrer noopener\" href=\"https:\/\/www.ssaver.gob.mx\/adquisiciones\/wp-content\/uploads\/sites\/5\/2023\/01\/SESVER_DA_C-283_2022-AFECTADO_opt.pdf\" target=\"_blank\"><strong>2022-SESVER-DA-C-283-2022<\/strong><br><\/a>Adjudicaci\u00f3n&nbsp; Directa&nbsp; Derivada&nbsp; de&nbsp; la&nbsp; Licitaci\u00f3n Simplificada&nbsp; No. LS-103T00000-045-2022,&nbsp; Declarada Desierta relativa a la adquisici\u00f3n&nbsp; de&nbsp; \u00abPrueba&nbsp; Para&nbsp; Diagn\u00f3stico&nbsp; In-Vitro&nbsp; del&nbsp; Complejo&nbsp; de Mycobacterium Tuberculosis en&nbsp; PCR\u00bb<\/li>\n\n\n\n<li><strong><a rel=\"noreferrer noopener\" href=\"https:\/\/www.ssaver.gob.mx\/adquisiciones\/wp-content\/uploads\/sites\/5\/2023\/01\/SESVER_DA_C-280_2022-AFECTADO_opt.pdf\" target=\"_blank\">2022-SESVER-DA-C-280-2022<\/a><\/strong><br>Adquisici\u00f3n de 47 medallas con estuche, para los trabajadores de Servicios de Salud de Veracruz, relativa al programa \u00abPremio de Antig\u00fcedad 2022\u00bb<\/li>\n<\/ul>\n<\/div>\n<\/div>\n<\/div>\n","protected":false},"excerpt":{"rendered":"<p>Contratos Adjudicados de acuerdo a la modalidad<\/p>\n","protected":false},"author":6,"featured_media":0,"parent":3496,"menu_order":10,"comment_status":"closed","ping_status":"closed","template":"","meta":{"colormag_page_container_layout":"default_layout","colormag_page_sidebar_layout":"default_layout","footnotes":""},"class_list":["post-3989","page","type-page","status-publish","hentry"],"_links":{"self":[{"href":"https:\/\/www.ssaver.gob.mx\/adquisiciones\/wp-json\/wp\/v2\/pages\/3989","targetHints":{"allow":["GET"]}}],"collection":[{"href":"https:\/\/www.ssaver.gob.mx\/adquisiciones\/wp-json\/wp\/v2\/pages"}],"about":[{"href":"https:\/\/www.ssaver.gob.mx\/adquisiciones\/wp-json\/wp\/v2\/types\/page"}],"author":[{"embeddable":true,"href":"https:\/\/www.ssaver.gob.mx\/adquisiciones\/wp-json\/wp\/v2\/users\/6"}],"replies":[{"embeddable":true,"href":"https:\/\/www.ssaver.gob.mx\/adquisiciones\/wp-json\/wp\/v2\/comments?post=3989"}],"version-history":[{"count":79,"href":"https:\/\/www.ssaver.gob.mx\/adquisiciones\/wp-json\/wp\/v2\/pages\/3989\/revisions"}],"predecessor-version":[{"id":11694,"href":"https:\/\/www.ssaver.gob.mx\/adquisiciones\/wp-json\/wp\/v2\/pages\/3989\/revisions\/11694"}],"up":[{"embeddable":true,"href":"https:\/\/www.ssaver.gob.mx\/adquisiciones\/wp-json\/wp\/v2\/pages\/3496"}],"wp:attachment":[{"href":"https:\/\/www.ssaver.gob.mx\/adquisiciones\/wp-json\/wp\/v2\/media?parent=3989"}],"curies":[{"name":"wp","href":"https:\/\/api.w.org\/{rel}","templated":true}]}}