{"id":5268,"date":"2023-05-18T14:00:00","date_gmt":"2023-05-18T19:00:00","guid":{"rendered":"https:\/\/www.ssaver.gob.mx\/adquisiciones\/?page_id=5268"},"modified":"2026-03-31T10:24:26","modified_gmt":"2026-03-31T16:24:26","slug":"adjudicaciones-estatales-directas-por-excepcion-de-ley-041-060","status":"publish","type":"page","link":"https:\/\/www.ssaver.gob.mx\/adquisiciones\/licitaciones-2023\/adjudicaciones-estatales-directas-por-excepcion-de-ley\/adjudicaciones-estatales-directas-por-excepcion-de-ley-041-060\/","title":{"rendered":"Adjudicaciones Estatales Directas por Excepci\u00f3n de Ley 041-060"},"content":{"rendered":"\n<div class=\"wp-block-group is-layout-constrained wp-container-core-group-is-layout-9517baca wp-block-group-is-layout-constrained\">\n<hr class=\"wp-block-separator has-text-color has-alpha-channel-opacity has-background is-style-wide\" style=\"background-color:#d8bf31;color:#d8bf31\" \/>\n\n\n\n<div class=\"wp-block-columns is-layout-flex wp-container-core-columns-is-layout-28f84493 wp-block-columns-is-layout-flex\">\n<div class=\"wp-block-column has-background is-layout-flow wp-block-column-is-layout-flow\" style=\"background-color:#fff4e0;flex-basis:100%\">\n<p class=\"has-text-color has-background has-medium-font-size\" style=\"color:#5b4c0d;background-color:#fff4e0\"><strong><strong><strong>Contratos Adjudicados de acuerdo a la modalida<\/strong><\/strong>d<\/strong><\/p>\n\n\n\n<ul class=\"wp-block-list has-medium-font-size\">\n<li><strong><a href=\"https:\/\/www.ssaver.gob.mx\/adquisiciones\/wp-content\/uploads\/sites\/5\/2023\/06\/SESVER_DA_C-060_2023-AFECTADO-C.pdf\" target=\"_blank\" rel=\"noreferrer noopener\">2023-SESVER_DA_C-060-2023<\/a><\/strong><br>Servicio&nbsp; de&nbsp; Mantenimiento&nbsp; Correctivo&nbsp; al&nbsp; Parque Vehicular&nbsp; de&nbsp; Servicios&nbsp; De&nbsp; Salud&nbsp; De&nbsp; Veracruz.<\/li>\n<\/ul>\n\n\n\n<ul class=\"wp-block-list has-medium-font-size\">\n<li><strong><a href=\"https:\/\/www.ssaver.gob.mx\/adquisiciones\/wp-content\/uploads\/sites\/5\/2024\/08\/C.ADE-018_2023-AL-C-059_2023-AFECTADO-C.pdf\" target=\"_blank\" rel=\"noreferrer noopener\">SESVER_DA_C.ADE-018_2023<\/a><\/strong><br>Servicio&nbsp; de&nbsp; Mantenimiento&nbsp; Correctivo&nbsp; al&nbsp; Parque Vehicular&nbsp; de&nbsp; Servicios&nbsp; de&nbsp; Salud&nbsp; de&nbsp; Veracruz..<\/li>\n<\/ul>\n\n\n\n<ul class=\"wp-block-list has-medium-font-size\">\n<li><strong><a href=\"https:\/\/www.ssaver.gob.mx\/adquisiciones\/wp-content\/uploads\/sites\/5\/2023\/06\/SESVER_DA_C-059_2023-AFECTADO-C.pdf\" target=\"_blank\" rel=\"noreferrer noopener\">2023-SESVER_DA_C-059-2023<\/a><\/strong><br>Servicio&nbsp; de&nbsp; Mantenimiento&nbsp; Correctivo&nbsp; al&nbsp; Parque Vehicular&nbsp; de&nbsp; Servicios&nbsp; de&nbsp; Salud&nbsp; de&nbsp; Veracruz..<\/li>\n<\/ul>\n\n\n\n<ul class=\"wp-block-list has-medium-font-size\">\n<li><strong><a href=\"https:\/\/www.ssaver.gob.mx\/adquisiciones\/wp-content\/uploads\/sites\/5\/2024\/08\/C.ADE-023_2023-AL-C-058_2023-AFECTADO-C.pdf\" target=\"_blank\" rel=\"noreferrer noopener\">SESVER_DA_C.ADE-023_2023<\/a><\/strong><br>Adjudicaci\u00f3n&nbsp; directa&nbsp; derivada&nbsp; de&nbsp; la&nbsp; Licitaci\u00f3n Simplificada&nbsp; No.&nbsp; LS-103T00000-005-2023&nbsp; Declarada&nbsp; Desierta, relativa&nbsp; a&nbsp; la&nbsp; contrataci\u00f3n&nbsp; abierta&nbsp; del \u00bbServicio&nbsp; Subrogado de Agua&nbsp; Purificada&nbsp; en&nbsp; Oficinas&nbsp; Centrales, Subdirecci\u00f3n&nbsp; de&nbsp; Ense\u00f1anza,&nbsp; Investigaci\u00f3n&nbsp; y&nbsp; Capacitaci\u00f3n, \u00d3rgano&nbsp; Interno&nbsp; de&nbsp; Control,&nbsp; Plaza&nbsp; Macuilt\u00e9petl, Administraci\u00f3n&nbsp; del &nbsp;Patrimonio&nbsp; de&nbsp; la&nbsp; Beneficencia&nbsp; P\u00fablica (PBP),&nbsp; Departamento&nbsp; de&nbsp; Vigilancia&nbsp; Epidemiol\u00f3gica,&nbsp; Comisi\u00f3n Estatal&nbsp; Contra&nbsp; las&nbsp; Adicciones,&nbsp; Almac\u00e9n&nbsp; \u00bbA\u00bb,&nbsp; Almac\u00e9n&nbsp; \u00bbB\u00bb, Instituto&nbsp; Veracruzano&nbsp; de&nbsp; Salud&nbsp; Mental&nbsp; Dr.&nbsp; Rafael&nbsp; Velasco Fern\u00e1ndez,&nbsp; Centro&nbsp; Estatal&nbsp; de&nbsp; Cancerolog\u00eda&nbsp; Dr.&nbsp; Miguel Dorantes&nbsp; Mesa&nbsp; (CECAN)&nbsp; y&nbsp; Centro&nbsp; de&nbsp; Atenci\u00f3n&nbsp; Infantil&nbsp; (CAI), dependientes&nbsp; de&nbsp; Servicios&nbsp; de&nbsp; Salud&nbsp; de&nbsp; Veracruz\u00bb<\/li>\n<\/ul>\n\n\n\n<ul class=\"wp-block-list has-medium-font-size\">\n<li><strong><a href=\"https:\/\/www.ssaver.gob.mx\/adquisiciones\/wp-content\/uploads\/sites\/5\/2023\/07\/SESVER_DA_C-058_2023-AFECTADO-C.pdf\" target=\"_blank\" rel=\"noreferrer noopener\">2023-SESVER_DA_C-058-2023<\/a><\/strong><br>Adjudicaci\u00f3n&nbsp; directa&nbsp; derivada&nbsp; de&nbsp; la&nbsp; Licitaci\u00f3n Simplificada&nbsp; No.&nbsp; LS-103T00000-005-2023&nbsp; Declarada&nbsp; Desierta, relativa&nbsp; a&nbsp; la&nbsp; contrataci\u00f3n&nbsp; abierta&nbsp; del \u00bbServicio&nbsp; Subrogado de Agua&nbsp; Purificada&nbsp; en&nbsp; Oficinas&nbsp; Centrales, Subdirecci\u00f3n&nbsp; de&nbsp; Ense\u00f1anza,&nbsp; Investigaci\u00f3n&nbsp; y&nbsp; Capacitaci\u00f3n, \u00d3rgano&nbsp; Interno&nbsp; de&nbsp; Control,&nbsp; Plaza&nbsp; Macuilt\u00e9petl, Administraci\u00f3n&nbsp; del &nbsp;Patrimonio&nbsp; de&nbsp; la&nbsp; Beneficencia&nbsp; P\u00fablica (PBP),&nbsp; Departamento&nbsp; de&nbsp; Vigilancia&nbsp; Epidemiol\u00f3gica,&nbsp; Comisi\u00f3n Estatal&nbsp; Contra&nbsp; las&nbsp; Adicciones,&nbsp; Almac\u00e9n&nbsp; \u00bbA\u00bb,&nbsp; Almac\u00e9n&nbsp; \u00bbB\u00bb, Instituto&nbsp; Veracruzano&nbsp; de&nbsp; Salud&nbsp; Mental&nbsp; Dr.&nbsp; Rafael&nbsp; Velasco Fern\u00e1ndez,&nbsp; Centro&nbsp; Estatal&nbsp; de&nbsp; Cancerolog\u00eda&nbsp; Dr.&nbsp; Miguel Dorantes&nbsp; Mesa&nbsp; (CECAN)&nbsp; y&nbsp; Centro&nbsp; de&nbsp; Atenci\u00f3n&nbsp; Infantil&nbsp; (CAI), dependientes&nbsp; de&nbsp; Servicios&nbsp; de&nbsp; Salud&nbsp; de&nbsp; Veracruz\u00bb<\/li>\n<\/ul>\n\n\n\n<ul class=\"wp-block-list has-medium-font-size\">\n<li><strong><a href=\"https:\/\/www.ssaver.gob.mx\/adquisiciones\/wp-content\/uploads\/sites\/5\/2024\/08\/C.ADE-017_2023-AL-C-052_2023-AFECTADO-C.pdf\" target=\"_blank\" rel=\"noreferrer noopener\">SESVER_DA_C.ADE-017_2023<\/a><\/strong><br>Servicio&nbsp; de&nbsp; Mantenimiento&nbsp; Correctivo&nbsp; al&nbsp; Parque Vehicular&nbsp; de&nbsp; Servicios&nbsp; de&nbsp; Salud&nbsp; de&nbsp; Veracruz.<\/li>\n<\/ul>\n\n\n\n<ul class=\"wp-block-list has-medium-font-size\">\n<li><strong><a href=\"https:\/\/www.ssaver.gob.mx\/adquisiciones\/wp-content\/uploads\/sites\/5\/2023\/06\/SESVER_DA_C-052_2023-AFECTADO-C.pdf\" target=\"_blank\" rel=\"noreferrer noopener\">2023-SESVER_DA_C-052-2023<\/a><\/strong><br>Servicio&nbsp; de&nbsp; Mantenimiento&nbsp; Correctivo&nbsp; al&nbsp; Parque Vehicular&nbsp; de&nbsp; Servicios&nbsp; de&nbsp; Salud&nbsp; de&nbsp; Veracruz.<\/li>\n<\/ul>\n\n\n\n<ul class=\"wp-block-list has-medium-font-size\">\n<li><strong><a href=\"https:\/\/www.ssaver.gob.mx\/adquisiciones\/wp-content\/uploads\/sites\/5\/2024\/08\/C.ADE-011_2023-AL-C-050_023-AFECTADO-C.pdf\" target=\"_blank\" rel=\"noreferrer noopener\">SESVER_DA_C.ADE-011_2023<\/a><\/strong><br>P\u00f3liza&nbsp; de&nbsp; Mantenimiento&nbsp; Preventivo&nbsp; y\/o&nbsp; Correctivo&nbsp; a&nbsp; los Elevadores&nbsp; Marca&nbsp; Otis&nbsp; de&nbsp; el&nbsp; Hospital&nbsp; Regional&nbsp; de&nbsp; R\u00edo&nbsp; Blanco,&nbsp; Hospital&nbsp; de&nbsp; Alta Especialidad&nbsp; de&nbsp; Veracruz,&nbsp; Hospital&nbsp; General&nbsp; de&nbsp; Boca&nbsp; del&nbsp; R\u00edo,&nbsp; Centro&nbsp; Estatal&nbsp; de Transfusi\u00f3n&nbsp; Sangu\u00ednea,&nbsp; Centro Estatal de Cancerolog\u00eda \u00abDr.&nbsp; Miguel&nbsp; Dorantes Mesa\u00bb y&nbsp; Hospital&nbsp; Regional&nbsp; de&nbsp; Xalapa \u00abDr.&nbsp; Luis&nbsp; F.&nbsp; Nach\u00f3n\u00bb,&nbsp; para el&nbsp; Periodo&nbsp; Comprendido&nbsp; de un&nbsp; d\u00eda&nbsp; despu\u00e9s de&nbsp; la&nbsp; Firma&nbsp; del Contrato al&nbsp; 31&nbsp; de Diciembre&nbsp; de&nbsp; 2023.<\/li>\n<\/ul>\n\n\n\n<ul class=\"wp-block-list has-medium-font-size\">\n<li><strong><a href=\"https:\/\/www.ssaver.gob.mx\/adquisiciones\/wp-content\/uploads\/sites\/5\/2023\/05\/SESVER_DA_C-050_2023-AFECTADO-C.pdf\" target=\"_blank\" rel=\"noreferrer noopener\">2023-SESVER_DA_C-050-2023<\/a><\/strong><br>P\u00f3liza&nbsp; de&nbsp; Mantenimiento&nbsp; Preventivo&nbsp; y\/o&nbsp; Correctivo&nbsp; a&nbsp; los Elevadores&nbsp; Marca&nbsp; Otis&nbsp; de&nbsp; el&nbsp; Hospital&nbsp; Regional&nbsp; de&nbsp; R\u00edo&nbsp; Blanco,&nbsp; Hospital&nbsp; de&nbsp; Alta Especialidad&nbsp; de&nbsp; Veracruz,&nbsp; Hospital&nbsp; General&nbsp; de&nbsp; Boca&nbsp; del&nbsp; R\u00edo,&nbsp; Centro&nbsp; Estatal&nbsp; de Transfusi\u00f3n&nbsp; Sangu\u00ednea,&nbsp; Centro Estatal de Cancerolog\u00eda \u00abDr.&nbsp; Miguel&nbsp; Dorantes Mesa\u00bb y&nbsp; Hospital&nbsp; Regional&nbsp; de&nbsp; Xalapa \u00abDr.&nbsp; Luis&nbsp; F.&nbsp; Nach\u00f3n\u00bb,&nbsp; para el&nbsp; Periodo&nbsp; Comprendido&nbsp; de un&nbsp; d\u00eda&nbsp; despu\u00e9s de&nbsp; la&nbsp; Firma&nbsp; del Contrato al&nbsp; 31&nbsp; de Diciembre&nbsp; de&nbsp; 2023.<\/li>\n<\/ul>\n\n\n\n<ul class=\"wp-block-list has-medium-font-size\">\n<li><strong><a href=\"https:\/\/www.ssaver.gob.mx\/adquisiciones\/wp-content\/uploads\/sites\/5\/2023\/05\/SESVER_DA_C-042_2023-AFECTADO-C.pdf\" target=\"_blank\" rel=\"noreferrer noopener\">2023-SESVER_DA_C-042-2023<\/a><\/strong><br>Contrataci\u00f3n&nbsp; de&nbsp; la&nbsp; P\u00f3liza&nbsp; de&nbsp; Mantenimiento&nbsp; Preventivo&nbsp; y\/o Correctivo&nbsp; Anual&nbsp; a&nbsp; la&nbsp; Resonancia&nbsp; Magnetica&nbsp; de&nbsp; Campo&nbsp; Cerrado&nbsp; Marca&nbsp; Philips&nbsp; Modelo Achieva&nbsp; 1.5t,&nbsp; Con&nbsp; N\u00famero&nbsp; de&nbsp; Serie&nbsp; 32813,&nbsp; N\u00famero&nbsp; de&nbsp; Inventario&nbsp; 007784&nbsp; y&nbsp; la Contrataci\u00f3n&nbsp; de&nbsp; la&nbsp; P\u00f3liza&nbsp; de&nbsp; Servicio&nbsp; de&nbsp; Mantenimiento&nbsp; Preventivo&nbsp; y\/o&nbsp; Correctivo Anual&nbsp; a&nbsp; la&nbsp; Gammacamara&nbsp; de&nbsp; Doble&nbsp; Cabezal&nbsp; Marca&nbsp; Philips,&nbsp; Modelo&nbsp; Bright-View, N\u00famero&nbsp; de&nbsp; Serie&nbsp; 4000694&nbsp; y&nbsp; N\u00famero&nbsp; de&nbsp; Inventario&nbsp; Cecan38-0137,&nbsp; del&nbsp; Centro&nbsp; Estatal de&nbsp; Cancerolog\u00eda&nbsp; \u00abDr.&nbsp; Miguel&nbsp; Dorantes&nbsp; Mesa.<\/li>\n<\/ul>\n\n\n\n<ul class=\"wp-block-list has-medium-font-size\">\n<li><strong><a href=\"https:\/\/www.ssaver.gob.mx\/adquisiciones\/wp-content\/uploads\/sites\/5\/2023\/06\/SESVER_DA_C-041_2023-AFECTADO-C.pdf\" target=\"_blank\" rel=\"noreferrer noopener\">2023-SESVER_DA_C-041-2023<\/a><\/strong><br>Adjudicaci\u00f3n&nbsp; Directa&nbsp; Derivada&nbsp; de&nbsp; la Licitaci\u00f3n&nbsp; Simplificada&nbsp; N\u00famero&nbsp; LS-103t00000-003-2023,&nbsp; Declarada Desierta, Servicio&nbsp; Subrogado&nbsp; de&nbsp; Combustible,&nbsp; a trav\u00e9s&nbsp; de&nbsp; Monederos&nbsp; Electr\u00f3nicos.<\/li>\n<\/ul>\n<\/div>\n<\/div>\n<\/div>\n","protected":false},"excerpt":{"rendered":"<p>Contratos Adjudicados de acuerdo a la modalidad<\/p>\n","protected":false},"author":6,"featured_media":0,"parent":4748,"menu_order":3,"comment_status":"closed","ping_status":"closed","template":"","meta":{"colormag_page_container_layout":"default_layout","colormag_page_sidebar_layout":"default_layout","footnotes":""},"class_list":["post-5268","page","type-page","status-publish","hentry"],"_links":{"self":[{"href":"https:\/\/www.ssaver.gob.mx\/adquisiciones\/wp-json\/wp\/v2\/pages\/5268","targetHints":{"allow":["GET"]}}],"collection":[{"href":"https:\/\/www.ssaver.gob.mx\/adquisiciones\/wp-json\/wp\/v2\/pages"}],"about":[{"href":"https:\/\/www.ssaver.gob.mx\/adquisiciones\/wp-json\/wp\/v2\/types\/page"}],"author":[{"embeddable":true,"href":"https:\/\/www.ssaver.gob.mx\/adquisiciones\/wp-json\/wp\/v2\/users\/6"}],"replies":[{"embeddable":true,"href":"https:\/\/www.ssaver.gob.mx\/adquisiciones\/wp-json\/wp\/v2\/comments?post=5268"}],"version-history":[{"count":17,"href":"https:\/\/www.ssaver.gob.mx\/adquisiciones\/wp-json\/wp\/v2\/pages\/5268\/revisions"}],"predecessor-version":[{"id":11872,"href":"https:\/\/www.ssaver.gob.mx\/adquisiciones\/wp-json\/wp\/v2\/pages\/5268\/revisions\/11872"}],"up":[{"embeddable":true,"href":"https:\/\/www.ssaver.gob.mx\/adquisiciones\/wp-json\/wp\/v2\/pages\/4748"}],"wp:attachment":[{"href":"https:\/\/www.ssaver.gob.mx\/adquisiciones\/wp-json\/wp\/v2\/media?parent=5268"}],"curies":[{"name":"wp","href":"https:\/\/api.w.org\/{rel}","templated":true}]}}