{"id":5466,"date":"2023-06-06T20:02:34","date_gmt":"2023-06-07T01:02:34","guid":{"rendered":"https:\/\/www.ssaver.gob.mx\/adquisiciones\/?page_id=5466"},"modified":"2026-03-31T10:24:45","modified_gmt":"2026-03-31T16:24:45","slug":"adjudicaciones-estatales-directas-por-excepcion-de-ley-061-080","status":"publish","type":"page","link":"https:\/\/www.ssaver.gob.mx\/adquisiciones\/licitaciones-2023\/adjudicaciones-estatales-directas-por-excepcion-de-ley\/adjudicaciones-estatales-directas-por-excepcion-de-ley-061-080\/","title":{"rendered":"Adjudicaciones Estatales Directas por Excepci\u00f3n de Ley 061-080"},"content":{"rendered":"\n<div class=\"wp-block-group is-layout-constrained wp-container-core-group-is-layout-9517baca wp-block-group-is-layout-constrained\">\n<hr class=\"wp-block-separator has-text-color has-alpha-channel-opacity has-background is-style-wide\" style=\"background-color:#d8bf31;color:#d8bf31\" \/>\n\n\n\n<div class=\"wp-block-columns is-layout-flex wp-container-core-columns-is-layout-28f84493 wp-block-columns-is-layout-flex\">\n<div class=\"wp-block-column has-background is-layout-flow wp-block-column-is-layout-flow\" style=\"background-color:#fff4e0;flex-basis:100%\">\n<p class=\"has-text-color has-background has-medium-font-size\" style=\"color:#5b4c0d;background-color:#fff4e0\"><strong><strong><strong>Contratos Adjudicados de acuerdo a la modalida<\/strong><\/strong>d<\/strong><\/p>\n\n\n\n<ul class=\"wp-block-list has-medium-font-size\">\n<li><strong><a href=\"https:\/\/www.ssaver.gob.mx\/adquisiciones\/wp-content\/uploads\/sites\/5\/2024\/08\/C.ADE-030_2023-AL-C-079_2023-AFECTADO-C.pdf\" target=\"_blank\" rel=\"noreferrer noopener\">SESVER_DA_C.ADE-030_2023<\/a><\/strong><br>P\u00f3liza&nbsp; de&nbsp; Mantenimiento&nbsp; Preventivo&nbsp; y\/o&nbsp; Correctivo&nbsp; a Ventiladores&nbsp; Volum\u00e9tricos&nbsp; de&nbsp; Unidades&nbsp; Hospitalarias&nbsp; de&nbsp; SESVER.<\/li>\n<\/ul>\n\n\n\n<ul class=\"wp-block-list has-medium-font-size\">\n<li><strong><a href=\"https:\/\/www.ssaver.gob.mx\/adquisiciones\/wp-content\/uploads\/sites\/5\/2023\/07\/SESVER_DA_C-079_2023-AFECTADO-C.pdf\" target=\"_blank\" rel=\"noreferrer noopener\">2023-SESVER_DA_C-079-2023<\/a><\/strong><br>P\u00f3liza&nbsp; de&nbsp; Mantenimiento&nbsp; Preventivo&nbsp; y\/o&nbsp; Correctivo&nbsp; a Ventiladores&nbsp; Volum\u00e9tricos&nbsp; de&nbsp; Unidades&nbsp; Hospitalarias&nbsp; de&nbsp; SESVER.<\/li>\n<\/ul>\n\n\n\n<ul class=\"wp-block-list has-medium-font-size\">\n<li><strong><a href=\"https:\/\/www.ssaver.gob.mx\/adquisiciones\/wp-content\/uploads\/sites\/5\/2024\/08\/C.ADE-035_2023-AL-C-078_2023-AFECTADO-C.pdf\" target=\"_blank\" rel=\"noreferrer noopener\">SESVER_DA_C.ADE-035_2023<\/a><\/strong><br>P\u00f3liza&nbsp; de&nbsp; Mantenimiento&nbsp; Correctivo&nbsp; y&nbsp; Preventivo&nbsp; al&nbsp; Equipo de&nbsp; Arco&nbsp; en&nbsp; C,&nbsp; Marca&nbsp; Philips,&nbsp; Modelo&nbsp; Allura&nbsp; Fdlo&nbsp; 1200,&nbsp; N\u00famero&nbsp; de&nbsp; Serie&nbsp; 722010120, N\u00famero&nbsp; de Inventario&nbsp; 12695,&nbsp; de la sala&nbsp; de&nbsp; Hemodinamia&nbsp; ubicada&nbsp; en&nbsp; Hospital&nbsp; Regional.<\/li>\n<\/ul>\n\n\n\n<ul class=\"wp-block-list has-medium-font-size\">\n<li><strong><a rel=\"noreferrer noopener\" href=\"https:\/\/www.ssaver.gob.mx\/adquisiciones\/wp-content\/uploads\/sites\/5\/2023\/08\/SESVER_DA_C-078_2023-AFECTADO-C.pdf\" target=\"_blank\">2023-SESVER_DA_C-078-2023<\/a><\/strong><br>P\u00f3liza&nbsp; de&nbsp; Mantenimiento&nbsp; Correctivo&nbsp; y&nbsp; Preventivo&nbsp; al&nbsp; Equipo de&nbsp; Arco&nbsp; en&nbsp; C,&nbsp; Marca&nbsp; Philips,&nbsp; Modelo&nbsp; Allura&nbsp; Fdlo&nbsp; 1200,&nbsp; N\u00famero&nbsp; de&nbsp; Serie&nbsp; 722010120, N\u00famero&nbsp; de Inventario&nbsp; 12695,&nbsp; de la sala&nbsp; de&nbsp; Hemodinamia&nbsp; ubicada&nbsp; en&nbsp; Hospital&nbsp; Regional.<\/li>\n<\/ul>\n\n\n\n<ul class=\"wp-block-list has-medium-font-size\">\n<li><strong><a href=\"https:\/\/www.ssaver.gob.mx\/adquisiciones\/wp-content\/uploads\/sites\/5\/2023\/08\/SESVER_DA_C-072_2023-AFECTADO-C.pdf\" target=\"_blank\" rel=\"noreferrer noopener\">2023-SESVER_DA_C-072-2023<\/a><\/strong><br>Material&nbsp; Radiactivo&nbsp; para el&nbsp; \u00e1rea&nbsp; de&nbsp; Medicina Nuclear&nbsp; del&nbsp; Centro&nbsp; Estatal&nbsp; de&nbsp; Cancerolog\u00eda&nbsp; Dr.&nbsp; Miguel&nbsp; Dorantes&nbsp; Mesa, perteneciente&nbsp; a&nbsp; Servicios&nbsp; de Salud&nbsp; de&nbsp; Veracruz,&nbsp; para el&nbsp; Periodo a&nbsp; partir&nbsp; de la&nbsp; firma del Contrato al&nbsp; 31&nbsp; de&nbsp; Diciembre&nbsp; de 2023.<\/li>\n<\/ul>\n\n\n\n<ul class=\"wp-block-list has-medium-font-size\">\n<li><strong><a href=\"https:\/\/www.ssaver.gob.mx\/adquisiciones\/wp-content\/uploads\/sites\/5\/2023\/07\/SESVER_DA_C-071_2023-AFECTADO-C.pdf\" target=\"_blank\" rel=\"noreferrer noopener\">2023-SESVER_DA_C-071-2023<\/a><\/strong><br>Adquisici\u00f3n de&nbsp; reactivos&nbsp; para&nbsp; la&nbsp; realizaci\u00f3n&nbsp; de pruebas&nbsp; para&nbsp; la&nbsp; Vigilancia&nbsp; Epidemiol\u00f3gica&nbsp; EFE &#8216;S&nbsp; y&nbsp; Detecci\u00f3n&nbsp; y&nbsp; Control&nbsp; de Enfermedades&nbsp; de&nbsp; pacientes&nbsp; con&nbsp; VIH\/SLDA&nbsp; y Otras&nbsp; ITS, en&nbsp; Enfermedades&nbsp; Trasmitidas por&nbsp; Vector&nbsp; y&nbsp; Realizaci\u00f3n&nbsp; de&nbsp; Cultivos&nbsp; y&nbsp; Estudios&nbsp; de&nbsp; Farmacosensibilidad&nbsp; de Mycobacterium&nbsp; Tuberculosis\u00bb.<\/li>\n<\/ul>\n\n\n\n<ul class=\"wp-block-list has-medium-font-size\">\n<li><strong><a href=\"https:\/\/www.ssaver.gob.mx\/adquisiciones\/wp-content\/uploads\/sites\/5\/2023\/06\/SESVER_DA_C-070_2023-AFECTADO-C.pdf\" target=\"_blank\" rel=\"noreferrer noopener\">2023-SESVER_DA_C-070-2023<\/a><\/strong><br>Contrataci\u00f3n&nbsp; del&nbsp; Mantenimiento&nbsp; Inicial&nbsp; y&nbsp; la&nbsp; P\u00f3liza&nbsp; de Mantenimiento&nbsp; Anual&nbsp; a&nbsp; un&nbsp; Microscopio&nbsp; para&nbsp; Neurocirug\u00eda&nbsp; de&nbsp; la&nbsp; Marca&nbsp; Carl Zeiss,&nbsp; Modelo&nbsp; Opmi&nbsp; Pentero 800,&nbsp; Serie&nbsp; 6641720804,&nbsp; Inventario&nbsp; HAEV36003514,&nbsp; del Hospital&nbsp; de Alta&nbsp; Especialidad&nbsp; de Veracruz<\/li>\n<\/ul>\n\n\n\n<ul class=\"wp-block-list has-medium-font-size\">\n<li><strong><a href=\"https:\/\/www.ssaver.gob.mx\/adquisiciones\/wp-content\/uploads\/sites\/5\/2023\/06\/SESVER_DA_C-069_2023-AFECTADO-C.pdf\" target=\"_blank\" rel=\"noreferrer noopener\">2023-SESVER_DA_C-069-2023<\/a><\/strong><br>Servicio&nbsp; Subrogado&nbsp; de&nbsp; Transporte&nbsp; de&nbsp; Personal para&nbsp; el&nbsp; Laboratorio&nbsp; Estatal&nbsp; de&nbsp; Salud&nbsp; P\u00fablica..<\/li>\n<\/ul>\n\n\n\n<ul class=\"wp-block-list has-medium-font-size\">\n<li><strong><strong><a href=\"https:\/\/www.ssaver.gob.mx\/adquisiciones\/wp-content\/uploads\/sites\/5\/2023\/07\/SESVER_DA_C.ADE-006_2023-AFECTADO-C.pdf\" target=\"_blank\" rel=\"noreferrer noopener\">SESVER-DA-C-ADE-006-2023<\/a><\/strong><\/strong><br>Servicio&nbsp; de&nbsp; Mantenimiento&nbsp; Correctivo&nbsp; al&nbsp; Parque Vehicular&nbsp; de&nbsp; Servicios&nbsp; de&nbsp; Salud&nbsp; de&nbsp; Veracruz..<\/li>\n<\/ul>\n\n\n\n<ul class=\"wp-block-list has-medium-font-size\">\n<li><strong><a href=\"https:\/\/www.ssaver.gob.mx\/adquisiciones\/wp-content\/uploads\/sites\/5\/2023\/06\/SESVER_DA_C-066_2023-AFECTADO-C.pdf\" target=\"_blank\" rel=\"noreferrer noopener\">2023-SESVER_DA_C-066-2023<\/a><\/strong><br>Servicio&nbsp; de&nbsp; Mantenimiento&nbsp; Correctivo&nbsp; al&nbsp; Parque Vehicular&nbsp; de&nbsp; Servicios&nbsp; de&nbsp; Salud&nbsp; de&nbsp; Veracruz..<\/li>\n<\/ul>\n\n\n\n<ul class=\"wp-block-list has-medium-font-size\">\n<li><strong><a href=\"https:\/\/www.ssaver.gob.mx\/adquisiciones\/wp-content\/uploads\/sites\/5\/2024\/08\/C.ADE-021_2023-AL-C-065_2023-AFECTADO-C.pdf\" target=\"_blank\" rel=\"noreferrer noopener\">SESVER_DA_C.ADE-021_2023<\/a><\/strong><br>Servicio&nbsp; de&nbsp; Mantenimiento&nbsp; Correctivo&nbsp; al&nbsp; Parque Vehicular&nbsp; de&nbsp; Servicios&nbsp; de&nbsp; Salud&nbsp; de&nbsp; Veracruz..<\/li>\n<\/ul>\n\n\n\n<ul class=\"wp-block-list has-medium-font-size\">\n<li><strong><a href=\"https:\/\/www.ssaver.gob.mx\/adquisiciones\/wp-content\/uploads\/sites\/5\/2023\/06\/SESVER_DA_C-065_2023-AFECTADO-C.pdf\" target=\"_blank\" rel=\"noreferrer noopener\">2023-SESVER_DA_C-065-2023<\/a><\/strong><br>Servicio&nbsp; de&nbsp; Mantenimiento&nbsp; Correctivo&nbsp; al&nbsp; Parque Vehicular&nbsp; de&nbsp; Servicios&nbsp; de&nbsp; Salud&nbsp; de&nbsp; Veracruz..<\/li>\n<\/ul>\n\n\n\n<ul class=\"wp-block-list has-medium-font-size\">\n<li><strong><a href=\"https:\/\/www.ssaver.gob.mx\/adquisiciones\/wp-content\/uploads\/sites\/5\/2024\/08\/C.ADE-012_2023-AL-C-064_2023-AFECTADO-C.pdf\" target=\"_blank\" rel=\"noreferrer noopener\">SESVER_DA_C.ADE-012_2023<\/a><\/strong><br>Servicio&nbsp; de&nbsp; Mantenimiento&nbsp; Correctivo&nbsp; al&nbsp; Parque Vehicular&nbsp; de&nbsp; Servicios&nbsp; de&nbsp; Salud&nbsp; de&nbsp; Veracruz.<\/li>\n<\/ul>\n\n\n\n<ul class=\"wp-block-list has-medium-font-size\">\n<li><strong><a href=\"https:\/\/www.ssaver.gob.mx\/adquisiciones\/wp-content\/uploads\/sites\/5\/2023\/06\/SESVER_DA_C-064_2023-AFECTADO-C.pdf\" target=\"_blank\" rel=\"noreferrer noopener\">2023-SESVER_DA_C-064-2023<\/a><\/strong><br>Servicio&nbsp; de&nbsp; Mantenimiento&nbsp; Correctivo&nbsp; al&nbsp; Parque Vehicular&nbsp; de&nbsp; Servicios&nbsp; de&nbsp; Salud&nbsp; de&nbsp; Veracruz.<\/li>\n<\/ul>\n\n\n\n<ul class=\"wp-block-list has-medium-font-size\">\n<li><strong><a href=\"https:\/\/www.ssaver.gob.mx\/adquisiciones\/wp-content\/uploads\/sites\/5\/2024\/08\/C.ADE-020_2023-AL-C-063_2023-AFECTADO-C.pdf\" target=\"_blank\" rel=\"noreferrer noopener\">SESVER_DA_C.ADE-020_2023<\/a><\/strong><br>Servicio&nbsp; de&nbsp; Mantenimiento&nbsp; Correctivo&nbsp; al&nbsp; Parque Vehicular&nbsp; de&nbsp; Servicios&nbsp; de&nbsp; Salud&nbsp; de&nbsp; Veracruz.<\/li>\n<\/ul>\n\n\n\n<ul class=\"wp-block-list has-medium-font-size\">\n<li><strong><a href=\"https:\/\/www.ssaver.gob.mx\/adquisiciones\/wp-content\/uploads\/sites\/5\/2023\/06\/SESVER_DA_C-063_2023-AFECTADO-C.pdf\" target=\"_blank\" rel=\"noreferrer noopener\">2023-SESVER_DA_C-063-2023<\/a><\/strong><br>Servicio&nbsp; de&nbsp; Mantenimiento&nbsp; Correctivo&nbsp; al&nbsp; Parque Vehicular&nbsp; de&nbsp; Servicios&nbsp; de&nbsp; Salud&nbsp; de&nbsp; Veracruz.<\/li>\n<\/ul>\n\n\n\n<ul class=\"wp-block-list has-medium-font-size\">\n<li><strong><a href=\"https:\/\/www.ssaver.gob.mx\/adquisiciones\/wp-content\/uploads\/sites\/5\/2023\/06\/SESVER_DA_C-062_2023-AFECTADO-C.pdf\" target=\"_blank\" rel=\"noreferrer noopener\">2023-SESVER_DA_C-062-2023<\/a><\/strong><br>Servicio&nbsp; de&nbsp; Mantenimiento&nbsp; Correctivo&nbsp; al&nbsp; Parque Vehicular&nbsp; de&nbsp; Servicios&nbsp; de&nbsp; Salud&nbsp; de&nbsp; Veracruz.<\/li>\n<\/ul>\n\n\n\n<ul class=\"wp-block-list has-medium-font-size\">\n<li><strong><a href=\"https:\/\/www.ssaver.gob.mx\/adquisiciones\/wp-content\/uploads\/sites\/5\/2024\/08\/C.ADE-019_2023-AL-C-061_2023-AFECTADO-C.pdf\" target=\"_blank\" rel=\"noreferrer noopener\">SESVER_DA_C.ADE-019_2023<\/a><\/strong><br>Servicio&nbsp; de&nbsp; Mantenimiento&nbsp; Correctivo&nbsp; al&nbsp; Parque Vehicular&nbsp; de&nbsp; Servicios&nbsp; de&nbsp; Salud&nbsp; de&nbsp; Veracruz.<\/li>\n<\/ul>\n\n\n\n<ul class=\"wp-block-list has-medium-font-size\">\n<li><strong><a href=\"https:\/\/www.ssaver.gob.mx\/adquisiciones\/wp-content\/uploads\/sites\/5\/2023\/06\/SESVER_DA_C-061_2023-AFECTADO-C.pdf\" target=\"_blank\" rel=\"noreferrer noopener\">2023-SESVER_DA_C-061-2023<\/a><\/strong><br>Servicio&nbsp; de&nbsp; Mantenimiento&nbsp; Correctivo&nbsp; al&nbsp; Parque Vehicular&nbsp; de&nbsp; Servicios&nbsp; de&nbsp; Salud&nbsp; de&nbsp; Veracruz.<\/li>\n<\/ul>\n<\/div>\n<\/div>\n<\/div>\n","protected":false},"excerpt":{"rendered":"<p>Contratos Adjudicados de acuerdo a la modalidad<\/p>\n","protected":false},"author":6,"featured_media":0,"parent":4748,"menu_order":4,"comment_status":"closed","ping_status":"closed","template":"","meta":{"colormag_page_container_layout":"default_layout","colormag_page_sidebar_layout":"default_layout","footnotes":""},"class_list":["post-5466","page","type-page","status-publish","hentry"],"_links":{"self":[{"href":"https:\/\/www.ssaver.gob.mx\/adquisiciones\/wp-json\/wp\/v2\/pages\/5466","targetHints":{"allow":["GET"]}}],"collection":[{"href":"https:\/\/www.ssaver.gob.mx\/adquisiciones\/wp-json\/wp\/v2\/pages"}],"about":[{"href":"https:\/\/www.ssaver.gob.mx\/adquisiciones\/wp-json\/wp\/v2\/types\/page"}],"author":[{"embeddable":true,"href":"https:\/\/www.ssaver.gob.mx\/adquisiciones\/wp-json\/wp\/v2\/users\/6"}],"replies":[{"embeddable":true,"href":"https:\/\/www.ssaver.gob.mx\/adquisiciones\/wp-json\/wp\/v2\/comments?post=5466"}],"version-history":[{"count":24,"href":"https:\/\/www.ssaver.gob.mx\/adquisiciones\/wp-json\/wp\/v2\/pages\/5466\/revisions"}],"predecessor-version":[{"id":11873,"href":"https:\/\/www.ssaver.gob.mx\/adquisiciones\/wp-json\/wp\/v2\/pages\/5466\/revisions\/11873"}],"up":[{"embeddable":true,"href":"https:\/\/www.ssaver.gob.mx\/adquisiciones\/wp-json\/wp\/v2\/pages\/4748"}],"wp:attachment":[{"href":"https:\/\/www.ssaver.gob.mx\/adquisiciones\/wp-json\/wp\/v2\/media?parent=5466"}],"curies":[{"name":"wp","href":"https:\/\/api.w.org\/{rel}","templated":true}]}}