{"id":708,"date":"2022-06-21T13:10:22","date_gmt":"2022-06-21T18:10:22","guid":{"rendered":"https:\/\/www.ssaver.gob.mx\/adquisiciones\/?page_id=708"},"modified":"2026-03-27T12:43:03","modified_gmt":"2026-03-27T18:43:03","slug":"articulo-15-de-la-ley-875-de-transparencia-y-acceso-a-la-informacion-publica","status":"publish","type":"page","link":"https:\/\/www.ssaver.gob.mx\/adquisiciones\/licitaciones-2022\/articulo-15-de-la-ley-875-de-transparencia-y-acceso-a-la-informacion-publica\/","title":{"rendered":"Art\u00edculo 15 de la Ley 875 de Transparencia y Acceso a la Informaci\u00f3n P\u00fablica 2022"},"content":{"rendered":"\n<div class=\"wp-block-group is-layout-constrained wp-container-core-group-is-layout-9517baca wp-block-group-is-layout-constrained\">\n<hr class=\"wp-block-separator has-text-color has-alpha-channel-opacity has-background is-style-wide\" style=\"background-color:#d8bf31;color:#d8bf31\" \/>\n\n\n\n<div class=\"wp-block-columns is-layout-flex wp-container-core-columns-is-layout-28f84493 wp-block-columns-is-layout-flex\">\n<div class=\"wp-block-column is-layout-flow wp-block-column-is-layout-flow\">\n<p class=\"has-text-align-center has-white-color has-text-color has-background\" style=\"background-color:#4a382c;font-size:26px\"><strong>Actas del Subcomit\u00e9 Ordinarias y Extraordinarias 2022<\/strong><\/p>\n\n\n\n<p class=\"has-text-color\" style=\"color:#5b4c0d;font-size:22px\"><strong>Ordinarias<\/strong><\/p>\n\n\n\n<hr class=\"wp-block-separator has-text-color has-alpha-channel-opacity has-background is-style-wide\" style=\"background-color:#d8bf31;color:#d8bf31\" \/>\n\n\n\n<div class=\"wp-block-columns is-layout-flex wp-container-core-columns-is-layout-28f84493 wp-block-columns-is-layout-flex\">\n<div class=\"wp-block-column has-background is-layout-flow wp-block-column-is-layout-flow\" style=\"background-color:#fff4e0\">\n<ul class=\"wp-block-list has-medium-font-size\">\n<li><a href=\"https:\/\/www.ssaver.gob.mx\/adquisiciones\/wp-content\/uploads\/sites\/5\/2023\/08\/12-ACTA-ORD.2022_0001_compressed.pdf\" target=\"_blank\" rel=\"noreferrer noopener\">Decima Segunda Sesi\u00f3n Ordinaria<\/a><\/li>\n\n\n\n<li><a rel=\"noreferrer noopener\" href=\"https:\/\/www.ssaver.gob.mx\/adquisiciones\/wp-content\/uploads\/sites\/5\/2023\/03\/11-ACTA-ORD.2022_0001_compressed.pdf\" target=\"_blank\">Decima Primera Sesi\u00f3n Ordinaria<\/a><\/li>\n\n\n\n<li><a href=\"https:\/\/www.ssaver.gob.mx\/adquisiciones\/wp-content\/uploads\/sites\/5\/2023\/03\/10-ACTA-ORD.2022_0001_compressed-1.pdf\" target=\"_blank\" rel=\"noreferrer noopener\">Decima Sesi\u00f3n Ordinaria<\/a><\/li>\n\n\n\n<li><a href=\"https:\/\/www.ssaver.gob.mx\/adquisiciones\/wp-content\/uploads\/sites\/5\/2023\/08\/ACTA-9\u00b0-ORD-2022_0001_compressed.pdf\" target=\"_blank\" rel=\"noreferrer noopener\">Novena Sesi\u00f3n Ordinaria<\/a><\/li>\n\n\n\n<li><a rel=\"noreferrer noopener\" href=\"https:\/\/www.ssaver.gob.mx\/adquisiciones\/wp-content\/uploads\/sites\/5\/2022\/12\/8-ACTA-ORD.2022_0001_compressed.pdf\" target=\"_blank\">Octava Sesi\u00f3n Ordinaria<\/a><\/li>\n\n\n\n<li><a rel=\"noreferrer noopener\" href=\"https:\/\/www.ssaver.gob.mx\/adquisiciones\/wp-content\/uploads\/sites\/5\/2022\/09\/7-ACTA-ORD.2022.pdf\" target=\"_blank\">S\u00e9ptima Sesi\u00f3n Ordinaria<\/a><\/li>\n\n\n\n<li><a href=\"https:\/\/www.ssaver.gob.mx\/adquisiciones\/wp-content\/uploads\/sites\/5\/2022\/10\/6-ACTA-ORD.2022.pdf\" target=\"_blank\" rel=\"noreferrer noopener\">S\u00e9xta Sesi\u00f3n Ordinaria<\/a><\/li>\n\n\n\n<li><a href=\"https:\/\/www.ssaver.gob.mx\/adquisiciones\/wp-content\/uploads\/sites\/5\/2022\/08\/5-ACTA-ORD.2022.pdf\" target=\"_blank\" rel=\"noreferrer noopener\">Quinta Sesi\u00f3n Ordinaria<\/a><\/li>\n\n\n\n<li><a href=\"https:\/\/www.ssaver.gob.mx\/adquisiciones\/wp-content\/uploads\/sites\/5\/2022\/08\/4-ACTA-ORD.2022.pdf\" target=\"_blank\" rel=\"noreferrer noopener\">Cuarta Sesi\u00f3n Ordinaria<\/a><\/li>\n\n\n\n<li><a href=\"https:\/\/www.ssaver.gob.mx\/adquisiciones\/wp-content\/uploads\/sites\/5\/2022\/07\/3-ACTA-ORD.2022.pdf\" target=\"_blank\" rel=\"noreferrer noopener\">Tercera Sesi\u00f3n Ordinaria<\/a><\/li>\n\n\n\n<li><a href=\"https:\/\/www.ssaver.gob.mx\/adquisiciones\/wp-content\/uploads\/sites\/5\/2022\/07\/2-ACTA-ORD.2022.pdf\" target=\"_blank\" rel=\"noreferrer noopener\">Segunda Sesi\u00f3n Ordinaria<\/a><\/li>\n\n\n\n<li><a href=\"https:\/\/www.ssaver.gob.mx\/adquisiciones\/wp-content\/uploads\/sites\/5\/2022\/06\/1-ACTA-ORD.2022.pdf\" target=\"_blank\" rel=\"noreferrer noopener\">Primera Sesi\u00f3n Ordinaria<\/a><\/li>\n<\/ul>\n<\/div>\n<\/div>\n\n\n\n<p class=\"has-text-color\" style=\"color:#5b4c0d;font-size:22px\"><strong>Extraordinarias<\/strong><\/p>\n\n\n\n<hr class=\"wp-block-separator has-text-color has-alpha-channel-opacity has-background is-style-wide\" style=\"background-color:#d8bf31;color:#d8bf31\" \/>\n\n\n\n<div class=\"wp-block-columns is-layout-flex wp-container-core-columns-is-layout-28f84493 wp-block-columns-is-layout-flex\">\n<div class=\"wp-block-column has-background is-layout-flow wp-block-column-is-layout-flow\" style=\"background-color:#fff4e0\">\n<ul class=\"wp-block-list has-medium-font-size\">\n<li><a href=\"https:\/\/www.ssaver.gob.mx\/adquisiciones\/wp-content\/uploads\/sites\/5\/2023\/04\/12-ACTA-EXT-ORD.2022_0001_compressed-2.pdf\" target=\"_blank\" rel=\"noreferrer noopener\">Decima Segunda Sesi\u00f3n Extraordinaria<\/a><\/li>\n\n\n\n<li><a href=\"https:\/\/www.ssaver.gob.mx\/adquisiciones\/wp-content\/uploads\/sites\/5\/2023\/04\/11-ACTA-EXT-ORD.2022_0001_compressed-1.pdf\" target=\"_blank\" rel=\"noreferrer noopener\">Decima Primera Sesi\u00f3n Extraordinaria<\/a><\/li>\n\n\n\n<li><a href=\"https:\/\/www.ssaver.gob.mx\/adquisiciones\/wp-content\/uploads\/sites\/5\/2023\/04\/10-ACTA-EXT-ORD.2022_0001_compressed.pdf\" target=\"_blank\" rel=\"noreferrer noopener\">Decima Sesi\u00f3n Extraordinaria<\/a><\/li>\n\n\n\n<li><a href=\"https:\/\/www.ssaver.gob.mx\/adquisiciones\/wp-content\/uploads\/sites\/5\/2023\/03\/9-ACTA-EXT-ORD.2022_0001_compressed-1.pdf\">Novena Sesi\u00f3n Extraordinaria<\/a><\/li>\n\n\n\n<li><a rel=\"noreferrer noopener\" href=\"https:\/\/www.ssaver.gob.mx\/adquisiciones\/wp-content\/uploads\/sites\/5\/2022\/11\/8-ACTA-EXT-ORD.2022_0001_compressed.pdf\" target=\"_blank\">Octava Sesi\u00f3n Extraordinaria<\/a><\/li>\n\n\n\n<li><a href=\"https:\/\/www.ssaver.gob.mx\/adquisiciones\/wp-content\/uploads\/sites\/5\/2022\/09\/7-ACTA-EXT-ORD.2022_compressed.pdf\" target=\"_blank\" rel=\"noreferrer noopener\">S\u00e9ptima Sesi\u00f3n Extraordinaria<\/a><\/li>\n\n\n\n<li><a href=\"https:\/\/www.ssaver.gob.mx\/adquisiciones\/wp-content\/uploads\/sites\/5\/2022\/07\/6-ACTA-EXT-ORD.2022.pdf\" target=\"_blank\" rel=\"noreferrer noopener\">S\u00e9xta Sesi\u00f3n Extraordinaria<\/a><\/li>\n\n\n\n<li><a href=\"https:\/\/www.ssaver.gob.mx\/adquisiciones\/wp-content\/uploads\/sites\/5\/2022\/08\/5-ACTA-EXT-ORD.2022.pdf\" target=\"_blank\" rel=\"noreferrer noopener\">Quinta Sesi\u00f3n Extraordinaria<\/a><\/li>\n\n\n\n<li><a href=\"https:\/\/www.ssaver.gob.mx\/adquisiciones\/wp-content\/uploads\/sites\/5\/2022\/08\/4-ACTA-EXT-ORD.2022.pdf\" target=\"_blank\" rel=\"noreferrer noopener\">Cuarta Sesi\u00f3n Extraordinaria<\/a><\/li>\n\n\n\n<li><a href=\"https:\/\/www.ssaver.gob.mx\/adquisiciones\/wp-content\/uploads\/sites\/5\/2022\/08\/3-ACTA-EXT-ORD.2022.pdf\" target=\"_blank\" rel=\"noreferrer noopener\">Tercera Sesi\u00f3n Extraordinaria<\/a><\/li>\n\n\n\n<li><a href=\"https:\/\/www.ssaver.gob.mx\/adquisiciones\/wp-content\/uploads\/sites\/5\/2022\/08\/2-ACTA-EXT-ORD.2022.pdf\" target=\"_blank\" rel=\"noreferrer noopener\">Segunda Sesi\u00f3n Extraordinaria<\/a><\/li>\n\n\n\n<li><a rel=\"noreferrer noopener\" href=\"https:\/\/www.ssaver.gob.mx\/adquisiciones\/wp-content\/uploads\/sites\/5\/2022\/08\/1-ACTA-EXT-ORD.2022.pdf\" target=\"_blank\">Primera Sesi\u00f3n Extraordinaria<\/a><\/li>\n<\/ul>\n<\/div>\n<\/div>\n<\/div>\n<\/div>\n<\/div>\n","protected":false},"excerpt":{"rendered":"<p>Actas del Subcomit\u00e9 Ordinarias y Extraordinarias 2022 Ordinarias Extraordinarias<\/p>\n","protected":false},"author":6,"featured_media":0,"parent":419,"menu_order":7,"comment_status":"closed","ping_status":"closed","template":"","meta":{"colormag_page_container_layout":"default_layout","colormag_page_sidebar_layout":"default_layout","footnotes":""},"class_list":["post-708","page","type-page","status-publish","hentry"],"_links":{"self":[{"href":"https:\/\/www.ssaver.gob.mx\/adquisiciones\/wp-json\/wp\/v2\/pages\/708","targetHints":{"allow":["GET"]}}],"collection":[{"href":"https:\/\/www.ssaver.gob.mx\/adquisiciones\/wp-json\/wp\/v2\/pages"}],"about":[{"href":"https:\/\/www.ssaver.gob.mx\/adquisiciones\/wp-json\/wp\/v2\/types\/page"}],"author":[{"embeddable":true,"href":"https:\/\/www.ssaver.gob.mx\/adquisiciones\/wp-json\/wp\/v2\/users\/6"}],"replies":[{"embeddable":true,"href":"https:\/\/www.ssaver.gob.mx\/adquisiciones\/wp-json\/wp\/v2\/comments?post=708"}],"version-history":[{"count":67,"href":"https:\/\/www.ssaver.gob.mx\/adquisiciones\/wp-json\/wp\/v2\/pages\/708\/revisions"}],"predecessor-version":[{"id":11801,"href":"https:\/\/www.ssaver.gob.mx\/adquisiciones\/wp-json\/wp\/v2\/pages\/708\/revisions\/11801"}],"up":[{"embeddable":true,"href":"https:\/\/www.ssaver.gob.mx\/adquisiciones\/wp-json\/wp\/v2\/pages\/419"}],"wp:attachment":[{"href":"https:\/\/www.ssaver.gob.mx\/adquisiciones\/wp-json\/wp\/v2\/media?parent=708"}],"curies":[{"name":"wp","href":"https:\/\/api.w.org\/{rel}","templated":true}]}}