{"id":546,"date":"2023-03-08T14:17:07","date_gmt":"2023-03-08T20:17:07","guid":{"rendered":"https:\/\/www.ssaver.gob.mx\/almacenaje\/?page_id=546"},"modified":"2026-03-25T13:51:23","modified_gmt":"2026-03-25T19:51:23","slug":"inventarios","status":"publish","type":"page","link":"https:\/\/www.ssaver.gob.mx\/almacenaje\/inventarios\/","title":{"rendered":"Inventarios Activo Fijo"},"content":{"rendered":"\n<div class=\"wp-block-group is-layout-constrained wp-container-core-group-is-layout-9517baca wp-block-group-is-layout-constrained\">\n<div class=\"wp-block-columns is-layout-flex wp-container-core-columns-is-layout-9c22b1e3 wp-block-columns-is-layout-flex\">\n<div class=\"wp-block-column is-vertically-aligned-stretch is-layout-flow wp-container-core-column-is-layout-c43c6636 wp-block-column-is-layout-flow\" style=\"padding-right:0;padding-left:0;flex-basis:100%\">\n<div class=\"wp-block-cover wp-elements-1fa879a95e6325f623917cf8b7743b12 has-aspect-ratio\" style=\"margin-top:0;margin-bottom:0;padding-top:0;padding-right:0;padding-bottom:0;padding-left:0;aspect-ratio:auto;min-height:unset;\"><img decoding=\"async\" class=\"wp-block-cover__image-background wp-image-5220 size-full\" alt=\"\" src=\"https:\/\/www.ssaver.gob.mx\/tecnologias\/wp-content\/uploads\/sites\/14\/2025\/09\/textura_areas_TI-scaled.png\" style=\"object-position:15% 27%\" data-object-fit=\"cover\" data-object-position=\"15% 27%\" \/><span aria-hidden=\"true\" class=\"wp-block-cover__background has-background-dim-100 has-background-dim\" style=\"background-color:#720f37\"><\/span><div class=\"wp-block-cover__inner-container is-layout-constrained wp-container-core-cover-is-layout-72190d31 wp-block-cover-is-layout-constrained\">\n<p class=\"has-text-align-center\" style=\"font-size:28px\"><strong>Inventarios Activo Fijo<\/strong><\/p>\n<\/div><\/div>\n<\/div>\n<\/div>\n\n\n\n<div class=\"wp-block-columns is-layout-flex wp-container-core-columns-is-layout-b2864ded wp-block-columns-is-layout-flex\" style=\"margin-top:0;margin-bottom:0;padding-top:0;padding-bottom:0\">\n<div class=\"wp-block-column is-vertically-aligned-center has-background is-layout-flow wp-block-column-is-layout-flow\" style=\"background:linear-gradient(180deg,rgb(233,231,225) 57%,rgba(232,230,225,0) 100%);padding-top:var(--wp--preset--spacing--40);padding-right:var(--wp--preset--spacing--40);padding-bottom:var(--wp--preset--spacing--40);padding-left:var(--wp--preset--spacing--40);flex-basis:100%\">\n<p class=\"has-text-align-center has-white-color has-text-color has-background\" style=\"background-color:#7a1737;font-size:22px\"><strong>FORMATOS DE BAJA<\/strong><\/p>\n\n\n\n<ul style=\"color:#5b4c0d;background-color:#fff4e0;font-size:22px\" class=\"wp-block-list has-text-color has-background\">\n<li><a href=\"https:\/\/www.ssaver.gob.mx\/almacenaje\/wp-content\/uploads\/sites\/26\/2026\/03\/ACTA_DE_BAJAS_2026.docx\"><strong>Acta Circunstanciada de Baja de Bienes Muebles del Hospital y\/o Jurisdicci\u00f3n Sanitaria 2026<\/strong><\/a><\/li>\n\n\n\n<li><a href=\"https:\/\/www.ssaver.gob.mx\/almacenaje\/wp-content\/uploads\/sites\/26\/2026\/03\/DICTAMEN_CIRCUNSTANCIADO_DE_BAJAS_2026.docx\"><strong>Dictamen de Baja 2026<\/strong><\/a><\/li>\n\n\n\n<li><a href=\"https:\/\/www.ssaver.gob.mx\/almacenaje\/wp-content\/uploads\/sites\/26\/2026\/03\/DICTAMEN_TECNICO_2026.xls\"><strong>Dictamen T\u00e9cnico de los Bienes Propuestos para Baja 2026<\/strong><\/a><\/li>\n\n\n\n<li><a href=\"https:\/\/www.ssaver.gob.mx\/almacenaje\/wp-content\/uploads\/sites\/26\/2026\/03\/FORMATO_DE_BAJA_POR-PARTIDA_2026.xlsx\"><strong>Formato de Baja por Partida 2026<\/strong><\/a><\/li>\n\n\n\n<li><strong><a href=\"https:\/\/www.ssaver.gob.mx\/almacenaje\/wp-content\/uploads\/sites\/26\/2026\/03\/SESVER_DA_361_OF._1328_BAJAS_DE_BIENES_MUEBLES_0001.pdf\" target=\"_blank\" rel=\"noreferrer noopener\">Circular para Proceso de Baja SESVER\/DA\/361\/2026 &#8211; Oficio\/DA\/1328\/2026<\/a><\/strong><\/li>\n<\/ul>\n\n\n\n<p class=\"has-text-align-center has-white-color has-text-color has-background\" style=\"background-color:#7a1737;font-size:22px\"><strong>FORMATO DE INVENTARIOS ACTIVO FIJO SEGUNDO SEMESTRE 2025<\/strong><\/p>\n\n\n\n<ul style=\"color:#5b4c0d;background-color:#fff4e0;font-size:22px\" class=\"wp-block-list has-text-color has-background\">\n<li><strong><a href=\"https:\/\/www.ssaver.gob.mx\/almacenaje\/wp-content\/uploads\/sites\/26\/2025\/10\/circular_1621_oficinas_centrales.pdf\">Circular Entrega de Inventario de Activo Fijo y Conciliaci\u00f3n Contable para Oficinas Centrales&nbsp;Segundo Semestre 2025<\/a><\/strong><\/li>\n\n\n\n<li><strong><a href=\"https:\/\/www.ssaver.gob.mx\/almacenaje\/wp-content\/uploads\/sites\/26\/2025\/10\/cicular_1620_unidades_aplicativas.pdf\">Circular Entrega de Inventario de Activo Fijo y Conciliaci\u00f3n Contable para Unidades Aplicativas Segundo Semestre 2025<\/a><\/strong>\n\n\n\n\n<ul class=\"wp-block-list\">\n<li><a href=\"https:\/\/www.ssaver.gob.mx\/almacenaje\/wp-content\/uploads\/sites\/26\/2025\/10\/ANEXO_2_BIENES_RECIBIDOS.xlsx\">Anexo 2 Bienes Recibidos<\/a><\/li>\n\n\n\n<li><a href=\"https:\/\/www.ssaver.gob.mx\/almacenaje\/wp-content\/uploads\/sites\/26\/2025\/10\/ANEXO_2_VEHICULOS_RECIBIDOS.xlsx\">Anexo 2 Veh\u00edculos Recibidos<\/a><\/li>\n\n\n\n<li><a href=\"https:\/\/www.ssaver.gob.mx\/almacenaje\/wp-content\/uploads\/sites\/26\/2025\/10\/ANEXO_3_BIENES_EXTRAVIADOS_O_ROBADOS.xls\">Anexo 3 Bienes Extraviados o Robados<\/a><\/li>\n\n\n\n<li><a href=\"https:\/\/www.ssaver.gob.mx\/almacenaje\/wp-content\/uploads\/sites\/26\/2025\/10\/Anexo_3_VEHICULOS_EXTRAVIADOS_O_ROBADOS.xls\">Anexo 3 Veh\u00edculos Extraviados o Robados<\/a><\/li>\n\n\n\n<li><a href=\"https:\/\/www.ssaver.gob.mx\/almacenaje\/wp-content\/uploads\/sites\/26\/2025\/10\/ANEXO_4_BIENES_NO_CONSIDERADOS.xlsx\">Anexo 4 Bienes no Considerados<\/a><\/li>\n\n\n\n<li><a href=\"https:\/\/www.ssaver.gob.mx\/almacenaje\/wp-content\/uploads\/sites\/26\/2025\/10\/ANEXO_4_VEHICULOS_NO_CONSIDERADOS.xlsx\">Anexo 4 Veh\u00edculos no Considerados<\/a><\/li>\n\n\n\n<li><a href=\"https:\/\/www.ssaver.gob.mx\/almacenaje\/wp-content\/uploads\/sites\/26\/2025\/10\/ANEXO_6_ACTA_DE_INCIO_DE_INVENTARIO.docx\">Anexo 6 Acta de Inicio de Inventario<\/a><\/li>\n\n\n\n<li><a href=\"https:\/\/www.ssaver.gob.mx\/almacenaje\/wp-content\/uploads\/sites\/26\/2025\/10\/ANEXO_7_ACTA_DE_TERMINO_DE_INVENTARIO.docx\">Anexo 7 Acta de T\u00e9rmino de Inventario<\/a><\/li>\n<\/ul>\n\n\n\n<ul class=\"wp-block-list\">\n<li><a href=\"https:\/\/www.ssaver.gob.mx\/almacenaje\/wp-content\/uploads\/sites\/26\/2025\/10\/ANEXO_8_INDICE.docx\">Anexo 8 \u00cdndice<\/a><\/li>\n\n\n\n<li><a href=\"https:\/\/www.ssaver.gob.mx\/almacenaje\/wp-content\/uploads\/sites\/26\/2025\/10\/ANEXO_9_CONSOLIDADO.xlsx\">Anexo 9 Consolidado por Partida<\/a><\/li>\n\n\n\n<li><a href=\"https:\/\/www.ssaver.gob.mx\/almacenaje\/wp-content\/uploads\/sites\/26\/2025\/10\/Anexo_10_CONCENTRADO_POR_PARTIDA.xls\">Anexo 10 Concentrado por Partida<\/a><\/li>\n\n\n\n<li><a href=\"https:\/\/www.ssaver.gob.mx\/almacenaje\/wp-content\/uploads\/sites\/26\/2025\/10\/Anexo_11_COMPARATIVO_DE_SALDOS.xls\">Anexo 11 Comparativo de Saldos<\/a><\/li>\n\n\n\n<li><a href=\"https:\/\/www.ssaver.gob.mx\/almacenaje\/wp-content\/uploads\/sites\/26\/2025\/10\/Anexo_12_CONCILIACION_DE_PARTIDAS.xls\">Anexo 12 Conciliaci\u00f3n de Partidas<\/a><\/li>\n\n\n\n<li><a href=\"https:\/\/www.ssaver.gob.mx\/almacenaje\/wp-content\/uploads\/sites\/26\/2025\/10\/anexo_13_RESGUARDO_INDIVIDUAL.xlsx\">Anexo 13 Resguardo Individual<\/a><\/li>\n\n\n\n<li><a href=\"https:\/\/www.ssaver.gob.mx\/almacenaje\/wp-content\/uploads\/sites\/26\/2025\/10\/ANEXO_14_1INVENTARIO_FISICO_DE_VEHICULOS.xlsx\">Anexo 14 Inventario F\u00edsico de Veh\u00edculos<\/a><\/li>\n\n\n\n<li><a href=\"https:\/\/www.ssaver.gob.mx\/almacenaje\/wp-content\/uploads\/sites\/26\/2025\/10\/Anexo_14_A_CALCULO_DE_DEPRECIACION.xls\">Anexo 14 A C\u00e1lculo de Depreciaci\u00f3n<\/a><\/li>\n\n\n\n<li><a href=\"https:\/\/www.ssaver.gob.mx\/almacenaje\/wp-content\/uploads\/sites\/26\/2025\/10\/ANEXO_14_INVENTARIO_FISICO_DE_MOBILIARIO_Y_EQUIPO.xlsx\">Anexo 14 Inventario F\u00edsico de Mobiliario y Equipo<\/a><\/li>\n\n\n\n<li><a href=\"https:\/\/www.ssaver.gob.mx\/almacenaje\/wp-content\/uploads\/sites\/26\/2025\/10\/ANEXO_15_BIENES_EN_COMODATO.xls\">Anexo 15 Bienes en Comodato<\/a><\/li>\n\n\n\n<li><a href=\"https:\/\/www.ssaver.gob.mx\/almacenaje\/wp-content\/uploads\/sites\/26\/2025\/10\/ANEXO_15_VEHICULOS_EN_COMODATO.xls\">Anexo 15 Veh\u00edculos en Comodato<\/a><\/li>\n\n\n\n<li><a href=\"https:\/\/www.ssaver.gob.mx\/almacenaje\/wp-content\/uploads\/sites\/26\/2025\/10\/Anexo_RELACION_DE_RESGUARDOS.xls\">Anexo Relaci\u00f3n de Resguardos<\/a><\/li>\n\n\n\n<li><a href=\"https:\/\/www.ssaver.gob.mx\/almacenaje\/wp-content\/uploads\/sites\/26\/2025\/10\/FORMATO-DE-TRANSFERENCIA-RETAF.xlsx\">Formato de Transferencia RETAF<\/a><\/li>\n\n\n\n<li><a href=\"https:\/\/www.ssaver.gob.mx\/almacenaje\/wp-content\/uploads\/sites\/26\/2025\/10\/VALIDACION-POR-PARTIDA-MOB-Y-EQUIPO.xlsx\">Validaci\u00f3n por Partida Mobiliario y Equipo<\/a><\/li>\n\n\n\n<li><a href=\"https:\/\/www.ssaver.gob.mx\/almacenaje\/wp-content\/uploads\/sites\/26\/2025\/10\/VALIDACIONPOR-PARTIDA-VEHICULOS-2.xlsx\">Validaci\u00f3n por Partida Veh\u00edculos<\/a><\/li>\n\n\n\n<li><a href=\"https:\/\/www.ssaver.gob.mx\/almacenaje\/wp-content\/uploads\/sites\/26\/2025\/10\/PARAMETROS_VIDA_UTIL.pdf\">Par\u00e1metros de Estimaci\u00f3n de Vida \u00datil<\/a><\/li>\n<\/ul>\n<\/li>\n<\/ul>\n\n\n\n<p class=\"has-text-align-center has-white-color has-text-color has-background\" style=\"background-color:#7a1737;font-size:22px\"><strong>FORMATOS OFICINA CENTRAL<\/strong><\/p>\n\n\n\n<ul style=\"color:#5b4c0d;background-color:#fff4e0;font-size:22px\" class=\"wp-block-list has-text-color has-background\">\n<li><strong><a href=\"https:\/\/www.ssaver.gob.mx\/almacenaje\/wp-content\/uploads\/sites\/26\/2025\/03\/CONTANCIA_DE_PROPIEDAD_OF_CENTRAL_2025.docx\" target=\"_blank\" rel=\"noreferrer noopener\">Constancia de Propiedad 2025<\/a><\/strong><\/li>\n\n\n\n<li><strong><a href=\"https:\/\/www.ssaver.gob.mx\/almacenaje\/wp-content\/uploads\/sites\/26\/2025\/04\/FORMATO-RETAF-OF-CENTRAL_3abril_2025.xlsx\" target=\"_blank\" rel=\"noreferrer noopener\">Formato RETAF 2025<\/a><\/strong><\/li>\n\n\n\n<li><strong><a href=\"https:\/\/www.ssaver.gob.mx\/almacenaje\/wp-content\/uploads\/sites\/26\/2025\/03\/FORMATO_PASE_DE_SALIDA_OF_CENTRAL_2025.xlsx\" target=\"_blank\" rel=\"noreferrer noopener\">Formato de Pase de Salida 2025<\/a><\/strong><\/li>\n<\/ul>\n\n\n\n<p class=\"has-text-align-center has-white-color has-text-color has-background\" style=\"background-color:#7a1737;font-size:22px\"><strong>FORMATOS PARA BAJA OFICINA CENTRAL<\/strong> <strong>2025<\/strong><\/p>\n\n\n\n<ul style=\"color:#5b4c0d;background-color:#fff4e0;font-size:22px\" class=\"wp-block-list has-text-color has-background\">\n<li><strong><a href=\"https:\/\/www.ssaver.gob.mx\/almacenaje\/wp-content\/uploads\/sites\/26\/2025\/03\/ACTA_DE_BAJAS_2025.docx\" target=\"_blank\" rel=\"noreferrer noopener\">Acta para Bajas 2025<\/a><\/strong><\/li>\n\n\n\n<li><a href=\"https:\/\/www.ssaver.gob.mx\/almacenaje\/wp-content\/uploads\/sites\/26\/2025\/03\/DICTAMEN_CIRCUNSTANCIADO_DE_BAJAS_2025.docx\" target=\"_blank\" rel=\"noreferrer noopener\"><strong>Dictamen 2025<\/strong><\/a><\/li>\n\n\n\n<li><strong><a href=\"https:\/\/www.ssaver.gob.mx\/almacenaje\/wp-content\/uploads\/sites\/26\/2025\/03\/DICTAMEN_TECNICO_OF_CENTRAL_2025.xls\" target=\"_blank\" rel=\"noreferrer noopener\">Dictamen T\u00e9cnico 2025<\/a><\/strong><\/li>\n\n\n\n<li><strong><a href=\"https:\/\/www.ssaver.gob.mx\/almacenaje\/wp-content\/uploads\/sites\/26\/2025\/03\/FORMATO_DE_BAJA_POR_PARTIDA_OF_CENTRAL_2025.xlsx\">Formato de Baja por Partida 2025<\/a><\/strong><\/li>\n\n\n\n<li><strong><a href=\"https:\/\/www.ssaver.gob.mx\/almacenaje\/wp-content\/uploads\/sites\/26\/2025\/03\/CIRCULAR_414_DESINCORPORACION_BIENES_MUEBLES_0001.pdf\">Proceso de bajas de Activo Fijo y Control Interno &#8211; Circular No. SESVER\/DA\/414\/2025<\/a><\/strong><\/li>\n<\/ul>\n\n\n\n<p class=\"has-text-align-center has-white-color has-text-color has-background\" style=\"background-color:#7a1737;font-size:22px\"><strong>INFORMACI\u00d3N BIENES MENORES A 70 UMAS<\/strong><\/p>\n\n\n\n<ul style=\"color:#5b4c0d;background-color:#fff4e0;font-size:22px\" class=\"wp-block-list has-text-color has-background\">\n<li><strong><a href=\"https:\/\/www.ssaver.gob.mx\/almacenaje\/wp-content\/uploads\/sites\/26\/2025\/03\/CIRCULAR-BIENES-MENORES_0001.pdf\" target=\"_blank\" rel=\"noreferrer noopener\">Circular Bienes Menores a 70 UMAS &#8211; No. SESVER\/DA\/0350\/2025<\/a><\/strong><\/li>\n\n\n\n<li><strong><a href=\"https:\/\/www.ssaver.gob.mx\/almacenaje\/wp-content\/uploads\/sites\/26\/2025\/03\/ACTA-BIENES-CONTROL-INTERNO.docx\" target=\"_blank\" rel=\"noreferrer noopener\">Acta Circunstanciada de Bienes Clasificados de Control Interno<\/a><\/strong><\/li>\n\n\n\n<li><strong><a href=\"https:\/\/www.ssaver.gob.mx\/almacenaje\/wp-content\/uploads\/sites\/26\/2025\/03\/RELACION-DE-BIENES-DE-CONTROL-INTERNO.xlsx\" target=\"_blank\" rel=\"noreferrer noopener\">Relaci\u00f3n de Bienes de Control Interno<\/a><\/strong><\/li>\n<\/ul>\n<\/div>\n<\/div>\n<\/div>\n","protected":false},"excerpt":{"rendered":"<p>FORMATOS DE BAJA FORMATO DE INVENTARIOS ACTIVO FIJO SEGUNDO SEMESTRE 2025 FORMATOS OFICINA CENTRAL FORMATOS PARA BAJA OFICINA CENTRAL 2025<\/p>\n","protected":false},"author":5,"featured_media":0,"parent":0,"menu_order":0,"comment_status":"closed","ping_status":"closed","template":"","meta":{"colormag_page_container_layout":"default_layout","colormag_page_sidebar_layout":"default_layout","footnotes":""},"class_list":["post-546","page","type-page","status-publish","hentry"],"_links":{"self":[{"href":"https:\/\/www.ssaver.gob.mx\/almacenaje\/wp-json\/wp\/v2\/pages\/546","targetHints":{"allow":["GET"]}}],"collection":[{"href":"https:\/\/www.ssaver.gob.mx\/almacenaje\/wp-json\/wp\/v2\/pages"}],"about":[{"href":"https:\/\/www.ssaver.gob.mx\/almacenaje\/wp-json\/wp\/v2\/types\/page"}],"author":[{"embeddable":true,"href":"https:\/\/www.ssaver.gob.mx\/almacenaje\/wp-json\/wp\/v2\/users\/5"}],"replies":[{"embeddable":true,"href":"https:\/\/www.ssaver.gob.mx\/almacenaje\/wp-json\/wp\/v2\/comments?post=546"}],"version-history":[{"count":109,"href":"https:\/\/www.ssaver.gob.mx\/almacenaje\/wp-json\/wp\/v2\/pages\/546\/revisions"}],"predecessor-version":[{"id":1367,"href":"https:\/\/www.ssaver.gob.mx\/almacenaje\/wp-json\/wp\/v2\/pages\/546\/revisions\/1367"}],"wp:attachment":[{"href":"https:\/\/www.ssaver.gob.mx\/almacenaje\/wp-json\/wp\/v2\/media?parent=546"}],"curies":[{"name":"wp","href":"https:\/\/api.w.org\/{rel}","templated":true}]}}