{"id":1335,"date":"2025-03-18T11:01:56","date_gmt":"2025-03-18T17:01:56","guid":{"rendered":"https:\/\/www.ssaver.gob.mx\/ceca\/?page_id=1335"},"modified":"2026-03-19T11:57:17","modified_gmt":"2026-03-19T17:57:17","slug":"oficina-de-tabaco","status":"publish","type":"page","link":"https:\/\/www.ssaver.gob.mx\/ceca\/oficina-de-tabaco\/","title":{"rendered":"Oficina de Tabaco"},"content":{"rendered":"\n<div class=\"wp-block-group is-layout-constrained wp-container-core-group-is-layout-9517baca wp-block-group-is-layout-constrained\">\n<div class=\"wp-block-columns is-layout-flex wp-container-core-columns-is-layout-28f84493 wp-block-columns-is-layout-flex\">\n<div class=\"wp-block-column is-vertically-aligned-center is-layout-flow wp-block-column-is-layout-flow\" style=\"flex-basis:70%\">\n<div class=\"wp-block-columns is-layout-flex wp-container-core-columns-is-layout-9c22b1e3 wp-block-columns-is-layout-flex\">\n<div class=\"wp-block-column is-vertically-aligned-stretch is-layout-flow wp-container-core-column-is-layout-c43c6636 wp-block-column-is-layout-flow\" style=\"padding-right:0;padding-left:0;flex-basis:100%\">\n<div class=\"wp-block-cover wp-elements-20cf943215f05121922cc94527cd266e has-aspect-ratio\" style=\"margin-top:0;margin-bottom:0;padding-top:0;padding-right:0;padding-bottom:0;padding-left:0;aspect-ratio:auto;min-height:unset;\"><img decoding=\"async\" class=\"wp-block-cover__image-background wp-image-5220 size-full\" alt=\"\" src=\"https:\/\/www.ssaver.gob.mx\/tecnologias\/wp-content\/uploads\/sites\/14\/2025\/09\/textura_areas_TI-scaled.png\" style=\"object-position:15% 27%\" data-object-fit=\"cover\" data-object-position=\"15% 27%\" \/><span aria-hidden=\"true\" class=\"wp-block-cover__background has-background-dim-100 has-background-dim\" style=\"background-color:#720f37\"><\/span><div class=\"wp-block-cover__inner-container is-layout-constrained wp-container-core-cover-is-layout-72190d31 wp-block-cover-is-layout-constrained\">\n<p class=\"has-text-align-center\" style=\"font-size:28px\"><strong>Oficina de Tabaco<\/strong><\/p>\n<\/div><\/div>\n<\/div>\n<\/div>\n\n\n\n<div class=\"wp-block-columns is-layout-flex wp-container-core-columns-is-layout-b2864ded wp-block-columns-is-layout-flex\" style=\"margin-top:0;margin-bottom:0;padding-top:0;padding-bottom:0\">\n<div class=\"wp-block-column is-vertically-aligned-center has-background is-layout-flow wp-block-column-is-layout-flow\" style=\"background:linear-gradient(180deg,rgb(233,231,225) 32%,rgba(232,230,225,0) 100%);padding-top:var(--wp--preset--spacing--40);padding-right:var(--wp--preset--spacing--40);padding-bottom:var(--wp--preset--spacing--40);padding-left:var(--wp--preset--spacing--40);flex-basis:100%\">\n<hr class=\"wp-block-separator aligncenter has-text-color has-alpha-channel-opacity has-background is-style-wide\" style=\"margin-top:var(--wp--preset--spacing--20);margin-bottom:var(--wp--preset--spacing--20);background-color:#d6af4d;color:#d6af4d\" \/>\n\n\n\n<div class=\"wp-block-columns is-layout-flex wp-container-core-columns-is-layout-28f84493 wp-block-columns-is-layout-flex\">\n<div class=\"wp-block-column is-layout-flow wp-block-column-is-layout-flow\" style=\"flex-basis:66.66%\">\n<ul class=\"wp-block-list\">\n<li><strong>El Tabaco es la segunda droga m\u00e1s consumida a nivel mundial, despu\u00e9s del alcohol.<\/strong><\/li>\n\n\n\n<li><strong>El Tabaco es una de las principales causas prevenibles de enfermedad y muerte en el mundo.&nbsp;<\/strong><\/li>\n\n\n\n<li><strong>En 2019 se registraron 60,000 muertes en M\u00e9xico relacionadas al consumo de Tabaco.<\/strong><\/li>\n<\/ul>\n<\/div>\n<\/div>\n\n\n\n<p class=\"has-medium-font-size\" style=\"font-style:normal;font-weight:700\"><strong>\u00bfSab\u00edas que en Veracruz tenemos una Ley que protege a los no fumadores?<\/strong><\/p>\n\n\n\n<p>M\u00e9xico ha firmado acuerdos internacionales para proteger a los y las mexicanas de la exposici\u00f3n y los efectos de los productos de tabaco y nicotina, para alinearse a ellos se han generado desde leyes hasta cambios en la Constituci\u00f3n:<\/p>\n\n\n\n<ul class=\"wp-block-list\">\n<li>La Ley General para el Control del Tabaco fue aprobada en febrero de 2008 y ha continuado reform\u00e1ndose (\u00faltima reforma en 2022) ampliando la obligatoriedad de los espacios libre de humo y emisiones.<\/li>\n\n\n\n<li>El Reglamento de la Ley General para el Control del Tabaco fue publicado en diciembre de 2022 y entr\u00f3 en vigor el 15 de enero de 2023 con prohibiciones respecto a la venta y promoci\u00f3n de estos productos, ampliando la protecci\u00f3n de la salud.<\/li>\n\n\n\n<li>El Reglamento de la Ley General para el Control del Tabaco fue publicado en diciembre de 2022 y entr\u00f3 en vigor el 15 de enero de 2023 con prohibiciones respecto a la venta y promoci\u00f3n de estos productos, ampliando la protecci\u00f3n de la salud.<\/li>\n<\/ul>\n\n\n\n<p class=\"has-medium-font-size\" style=\"font-style:normal;font-weight:700\"><strong>\u00bfQu\u00e9 hace el responsable de la Oficina de Tabaco?<\/strong><\/p>\n\n\n\n<p>El titular de este puesto a trav\u00e9s de acciones directas y mediante el trabajo con las UNEME-CECOSAMA y la sociedad organizada, implementa en el Estado de Veracruz los programas para prevenir el consumo de tabaco y productos de nicotina, adem\u00e1s, de buscar reducir la exposici\u00f3n a humo de combusti\u00f3n y otras emisiones relacionadas a estos productos en individuos, familias y comunidades.&nbsp;<\/p>\n\n\n\n<p class=\"has-medium-font-size\" style=\"font-style:normal;font-weight:700\"><strong>Acciones estrat\u00e9gicas en materia de prevenci\u00f3n, control y combate del consumo de tabaco<\/strong><\/p>\n\n\n\n<p class=\"has-medium-font-size\"><strong>1.-<\/strong> <strong>D\u00eda Mundial Sin Tabaco<\/strong><\/p>\n\n\n\n<p>El 31 de mayo de cada a\u00f1o se conmemora el \u201cD\u00eda Mundial Sin Tabaco\u201d, una iniciativa global promovida por la Organizaci\u00f3n Mundial de la Salud con el objetivo de concientizar sobre los peligros del consumo de tabaco y promover pol\u00edticas eficaces para reducirlo.&nbsp;<\/p>\n\n\n\n<p>Siendo esta fecha una oportunidad para reflexionar sobre los impactos del tabaquismo en nuestra salud y en nuestras comunidades, y para hablar sobre c\u00f3mo podemos avanzar hacia un futuro m\u00e1s sano y libre de humo.<\/p>\n\n\n\n<figure class=\"wp-block-image size-large\"><img loading=\"lazy\" decoding=\"async\" width=\"1024\" height=\"576\" src=\"https:\/\/www.ssaver.gob.mx\/ceca\/wp-content\/uploads\/sites\/17\/2025\/02\/IMG_0106-1-1-1024x576.png\" alt=\"\" class=\"wp-image-1336\" srcset=\"https:\/\/www.ssaver.gob.mx\/ceca\/wp-content\/uploads\/sites\/17\/2025\/02\/IMG_0106-1-1-1024x576.png 1024w, https:\/\/www.ssaver.gob.mx\/ceca\/wp-content\/uploads\/sites\/17\/2025\/02\/IMG_0106-1-1-300x169.png 300w, https:\/\/www.ssaver.gob.mx\/ceca\/wp-content\/uploads\/sites\/17\/2025\/02\/IMG_0106-1-1-768x432.png 768w, https:\/\/www.ssaver.gob.mx\/ceca\/wp-content\/uploads\/sites\/17\/2025\/02\/IMG_0106-1-1-1536x865.png 1536w, https:\/\/www.ssaver.gob.mx\/ceca\/wp-content\/uploads\/sites\/17\/2025\/02\/IMG_0106-1-1-2048x1153.png 2048w\" sizes=\"auto, (max-width: 1024px) 100vw, 1024px\" \/><\/figure>\n\n\n\n<p class=\"has-medium-font-size\" style=\"font-style:normal;font-weight:700\">\u00bfTe interesa realizar acciones para el D\u00eda Mundial Sin Tabaco? <a href=\"https:\/\/www.facebook.com\/profile.php?id=61575767834526\">\u00a1Cont\u00e1ctanos!<\/a> &nbsp;<\/p>\n\n\n\n<div class=\"wp-block-columns is-layout-flex wp-container-core-columns-is-layout-28f84493 wp-block-columns-is-layout-flex\">\n<div class=\"wp-block-column is-layout-flow wp-block-column-is-layout-flow\" style=\"flex-basis:66.66%\">\n<p class=\"has-medium-font-size\" style=\"font-style:normal;font-weight:700\">2. <strong>Reconocimiento de Espacios 100% Libres de Humo de Tabaco<\/strong><\/p>\n<\/div>\n<\/div>\n\n\n\n<p>El reconocimiento de \u201cEspacios 100 por ciento libre de humo de tabaco y emisiones\u201d tiene el objetivo de proteger la salud de la poblaci\u00f3n de los efectos nocivos del tabaco y proteger los derechos de los no fumadores; as\u00ed como el de reducir las consecuencias por la exposici\u00f3n al humo y emisiones de segunda mano y reducir la probabilidad de que la poblaci\u00f3n en riesgo se inicie en el tabaquismo.<\/p>\n\n\n\n<p class=\"has-medium-font-size\"><strong>Un Espacio 100 por ciento libre de humo de tabaco y emisiones es \u201cAquella \u00e1rea f\u00edsica con acceso al p\u00fablico, todo lugar de trabajo, de transporte p\u00fablico o espacio de concurrencia colectiva, en los que por razones de orden p\u00fablico e inter\u00e9s social queda prohibido fumar, consumir o tener encendido cualquier producto de tabaco o de nicotina.\u201d<\/strong><\/p>\n\n\n\n<div class=\"wp-block-columns is-layout-flex wp-container-core-columns-is-layout-28f84493 wp-block-columns-is-layout-flex\">\n<div class=\"wp-block-column is-layout-flow wp-block-column-is-layout-flow\" style=\"flex-basis:66.66%\">\n<p class=\"has-medium-font-size\" style=\"font-style:normal;font-weight:700\"><strong>\u00bfQui\u00e9n puede participar?<\/strong><\/p>\n<\/div>\n<\/div>\n\n\n\n<ul class=\"wp-block-list\">\n<li><strong>Espacios de concurrencia colectiva:<\/strong>&nbsp;Parques, playas, lugares de culto religioso, canchas, etc.&nbsp;<\/li>\n\n\n\n<li><strong>Instituciones de Gobierno:<\/strong> Edificios de Gobierno, Secretar\u00edas de Gobierno.<\/li>\n\n\n\n<li><strong>Empresas:<\/strong> Empresas del sector primario, del sector industrial, de servicios, grandes empresas, medianas, peque\u00f1as y microempresas. <\/li>\n\n\n\n<li><strong>Escuelas:<\/strong> Primarias, Secundarias, Instituciones de Educaci\u00f3n Media Superior y Universidades. <\/li>\n\n\n\n<li><strong>Unidades del Sector Salud: <\/strong>Unidades Administrativas, Centros de Salud, Hospitales, Institutos de Salud.<\/li>\n<\/ul>\n\n\n\n<p class=\"has-medium-font-size\"><strong>\u00bfTe interesa reconocerte como \u201cEspacio 100 por ciento libre de humo de tabaco y emisiones\u201d?&nbsp; <a href=\"https:\/\/www.facebook.com\/profile.php?id=61575767834526\">\u00a1Cont\u00e1ctanos!<\/a> &nbsp;<\/strong><\/p>\n\n\n\n<p class=\"has-medium-font-size\" style=\"font-style:normal;font-weight:700\">3. <strong>Acciones de Sensibilizaci\u00f3n e Informaci\u00f3n.&nbsp;&nbsp;<\/strong><\/p>\n\n\n\n<p>El consumo de tabaco y productos de nicotina es un problema de salud p\u00fablica, por ello todos y todas formamos parte de la soluci\u00f3n. Para poder sensibilizar y\/o informar a la comunidad sobre este vital tema ponemos a tu disposici\u00f3n el siguiente cat\u00e1logo de acciones:<\/p>\n\n\n\n<ul class=\"wp-block-list\">\n<li>Pl\u00e1ticas de sensibilizaci\u00f3n para usuarios\/as de \u201cEspacios 100 por ciento libre de humo de tabaco y emisiones\u201d.<\/li>\n\n\n\n<li>M\u00f3dulos l\u00fadico-informativos (para todas las edades) sobre los riesgos del consumo y la exposici\u00f3n a humo y emisiones.<\/li>\n\n\n\n<li>Pl\u00e1ticas de sensibilizaci\u00f3n e informaci\u00f3n para p\u00fablico en general, sobre los riesgos del consumo y la exposici\u00f3n a humo y emisiones.<\/li>\n\n\n\n<li>Pl\u00e1ticas de sensibilizaci\u00f3n e informaci\u00f3n para fumadores, con el objetivo de brindar orientaci\u00f3n y vinculaci\u00f3n hacia los servicios de atenci\u00f3n y tratamiento.<\/li>\n<\/ul>\n\n\n\n<div class=\"wp-block-columns is-layout-flex wp-container-core-columns-is-layout-28f84493 wp-block-columns-is-layout-flex\">\n<div class=\"wp-block-column is-layout-flow wp-block-column-is-layout-flow\">\n<figure class=\"wp-block-image size-full\"><a href=\"https:\/\/www.ssaver.gob.mx\/proteccioncontrariesgossanitarios\/2023\/03\/08\/nueva-senaletica-espacios-100-libres-de-humo-de-tabaco-y-emisiones\/\" target=\"_blank\" rel=\" noreferrer noopener\"><img loading=\"lazy\" decoding=\"async\" width=\"2048\" height=\"609\" src=\"https:\/\/www.ssaver.gob.mx\/ceca\/wp-content\/uploads\/sites\/17\/2025\/06\/boton-21-2048x609-1.png\" alt=\"\" class=\"wp-image-1624\" srcset=\"https:\/\/www.ssaver.gob.mx\/ceca\/wp-content\/uploads\/sites\/17\/2025\/06\/boton-21-2048x609-1.png 2048w, https:\/\/www.ssaver.gob.mx\/ceca\/wp-content\/uploads\/sites\/17\/2025\/06\/boton-21-2048x609-1-300x89.png 300w, https:\/\/www.ssaver.gob.mx\/ceca\/wp-content\/uploads\/sites\/17\/2025\/06\/boton-21-2048x609-1-1024x305.png 1024w, https:\/\/www.ssaver.gob.mx\/ceca\/wp-content\/uploads\/sites\/17\/2025\/06\/boton-21-2048x609-1-768x228.png 768w, https:\/\/www.ssaver.gob.mx\/ceca\/wp-content\/uploads\/sites\/17\/2025\/06\/boton-21-2048x609-1-1536x457.png 1536w\" sizes=\"auto, (max-width: 2048px) 100vw, 2048px\" \/><\/a><\/figure>\n<\/div>\n\n\n\n<div class=\"wp-block-column is-layout-flow wp-block-column-is-layout-flow\">\n<figure class=\"wp-block-image size-full\"><a href=\"https:\/\/www.ssaver.gob.mx\/ceca\/comision-estatal-contra-las-adicciones\/\" target=\"_blank\" rel=\" noreferrer noopener\"><img loading=\"lazy\" decoding=\"async\" width=\"1536\" height=\"435\" src=\"https:\/\/www.ssaver.gob.mx\/ceca\/wp-content\/uploads\/sites\/17\/2025\/06\/boton-rec-1536x435-1.png\" alt=\"\" class=\"wp-image-1626\" srcset=\"https:\/\/www.ssaver.gob.mx\/ceca\/wp-content\/uploads\/sites\/17\/2025\/06\/boton-rec-1536x435-1.png 1536w, https:\/\/www.ssaver.gob.mx\/ceca\/wp-content\/uploads\/sites\/17\/2025\/06\/boton-rec-1536x435-1-300x85.png 300w, https:\/\/www.ssaver.gob.mx\/ceca\/wp-content\/uploads\/sites\/17\/2025\/06\/boton-rec-1536x435-1-1024x290.png 1024w, https:\/\/www.ssaver.gob.mx\/ceca\/wp-content\/uploads\/sites\/17\/2025\/06\/boton-rec-1536x435-1-768x218.png 768w\" sizes=\"auto, (max-width: 1536px) 100vw, 1536px\" \/><\/a><\/figure>\n<\/div>\n<\/div>\n\n\n\n<figure class=\"wp-block-image aligncenter size-full is-resized\"><a href=\"https:\/\/www.ssaver.gob.mx\/proteccioncontrariesgossanitarios\/lineas-de-atencion\/\" target=\"_blank\" rel=\" noreferrer noopener\"><img loading=\"lazy\" decoding=\"async\" width=\"1536\" height=\"368\" src=\"https:\/\/www.ssaver.gob.mx\/ceca\/wp-content\/uploads\/sites\/17\/2025\/06\/boton-dejar-de-fumar-26-1536x368-1.png\" alt=\"\" class=\"wp-image-1625\" style=\"width:500px;height:auto\" srcset=\"https:\/\/www.ssaver.gob.mx\/ceca\/wp-content\/uploads\/sites\/17\/2025\/06\/boton-dejar-de-fumar-26-1536x368-1.png 1536w, https:\/\/www.ssaver.gob.mx\/ceca\/wp-content\/uploads\/sites\/17\/2025\/06\/boton-dejar-de-fumar-26-1536x368-1-300x72.png 300w, https:\/\/www.ssaver.gob.mx\/ceca\/wp-content\/uploads\/sites\/17\/2025\/06\/boton-dejar-de-fumar-26-1536x368-1-1024x245.png 1024w, https:\/\/www.ssaver.gob.mx\/ceca\/wp-content\/uploads\/sites\/17\/2025\/06\/boton-dejar-de-fumar-26-1536x368-1-768x184.png 768w\" sizes=\"auto, (max-width: 1536px) 100vw, 1536px\" \/><\/a><\/figure>\n\n\n\n<p class=\"has-medium-font-size\"><strong>\u00bfTe interesa llevar alguna de estas acciones a tu escuela, empresa o instituci\u00f3n?&nbsp;&nbsp; <a href=\"https:\/\/www.facebook.com\/profile.php?id=61575767834526\">\u00a1Cont\u00e1ctanos!<\/a> &nbsp;<\/strong><\/p>\n\n\n\n<p class=\"has-medium-font-size\"><strong>Responsable de la Oficina de Tabaco<br>Programa Espacios 100% Libres de Humo de Tabaco y Emisiones<\/strong><\/p>\n\n\n\n<p>M.S.P. Yessica Parissi Poumain<br>Email: yparissi.sesver@gmail.com<br>Direcci\u00f3n: Calle Xalape\u00f1os Ilustres No. 3 L-20. Zona Centro; Xalpa, Ver. C.P. 91000<br>Tel: (228) 840-37-17<\/p>\n\n\n\n<p><\/p>\n<\/div>\n<\/div>\n<\/div>\n\n\n\n<div class=\"wp-block-column is-vertically-aligned-top is-layout-flow wp-container-core-column-is-layout-92d440f1 wp-block-column-is-layout-flow\" style=\"padding-top:0;padding-bottom:0;flex-basis:30%\">\n<div class=\"wp-block-columns are-vertically-aligned-top has-background is-layout-flex wp-container-core-columns-is-layout-b5d2ac3b wp-block-columns-is-layout-flex\" style=\"border-radius:26px;background-color:#f4f4ef;margin-top:0;margin-bottom:0;padding-top:0;padding-right:var(--wp--preset--spacing--60);padding-bottom:0;padding-left:var(--wp--preset--spacing--60)\">\n<div class=\"wp-block-column is-vertically-aligned-top is-layout-flow wp-block-column-is-layout-flow\" style=\"border-radius:26px;flex-basis:100%\">\n<p class=\"has-text-align-center has-text-color\" style=\"color:#5b4c0d;margin-top:var(--wp--preset--spacing--20);margin-bottom:var(--wp--preset--spacing--20);font-size:22px\"><strong>Mapas Interactivos<\/strong><\/p>\n\n\n\n<hr class=\"wp-block-separator has-text-color has-alpha-channel-opacity has-background is-style-wide\" style=\"margin-top:var(--wp--preset--spacing--20);margin-bottom:var(--wp--preset--spacing--20);background-color:#d8bf31;color:#d8bf31\" \/>\n\n\n\n<div class=\"wp-block-buttons is-layout-flex wp-container-core-buttons-is-layout-7bbf5824 wp-block-buttons-is-layout-flex\">\n<div class=\"wp-block-button has-custom-width wp-block-button__width-100\"><a class=\"wp-block-button__link has-background wp-element-button\" href=\"https:\/\/www.ssaver.gob.mx\/ceca\/2025\/03\/26\/806\/\" style=\"border-radius:16px;background-color:#560808\" target=\"_blank\" rel=\"noreferrer noopener\"><strong>MAPA DE SUSTANCIAS PSICOACTIVAS<\/strong><\/a><\/div>\n\n\n\n<div class=\"wp-block-button has-custom-width wp-block-button__width-100\"><a class=\"wp-block-button__link has-background wp-element-button\" href=\"https:\/\/incobss.ssaver.gob.mx\/Ceca\/MapaSuicidios\" style=\"border-radius:16px;background-color:#560808\" target=\"_blank\" rel=\"noreferrer noopener\"><strong>MAPA DE SUICIDIOS<\/strong><\/a><\/div>\n<\/div>\n\n\n\n<p class=\"has-text-align-center has-text-color\" style=\"color:#5b4c0d;margin-top:var(--wp--preset--spacing--20);margin-bottom:var(--wp--preset--spacing--20);font-size:22px\"><strong>Enlaces Externos<\/strong><\/p>\n\n\n\n<hr class=\"wp-block-separator has-text-color has-alpha-channel-opacity has-background is-style-wide\" style=\"margin-top:var(--wp--preset--spacing--20);margin-bottom:var(--wp--preset--spacing--20);background-color:#d8bf31;color:#d8bf31\" \/>\n\n\n\n<div class=\"wp-block-columns is-layout-flex wp-container-core-columns-is-layout-33233fb6 wp-block-columns-is-layout-flex\" style=\"margin-top:var(--wp--preset--spacing--20);margin-bottom:var(--wp--preset--spacing--20)\">\n<div class=\"wp-block-column is-layout-flow wp-block-column-is-layout-flow\">\n<ul class=\"wp-block-list\">\n<li class=\"has-text-color has-link-color wp-elements-3ccde5164a8d1e3c7240be75f3df819f\" style=\"color:#7a1737;font-size:17px\"><strong><a href=\"https:\/\/www.gob.mx\/conasama\/documentos\/directorio-nacional-de-unidades-de-especialidades-medicas-uneme-cecosama\" target=\"_blank\" rel=\"noreferrer noopener\">Directorio Nacional de las UNEME-CECOSAMA<\/a><\/strong><\/li>\n\n\n\n<li style=\"font-size:17px\"><strong>Estudios de investigaci\u00f3n<\/strong>\n<ul class=\"wp-block-list\">\n<li class=\"has-text-color has-link-color wp-elements-c86957d926b6e0394d142a604e0bd83b\" style=\"color:#7a1737;font-size:17px\"><strong><a href=\"https:\/\/www.gob.mx\/conasama\/documentos\/estudio-sobre-el-uso-de-cannabis-y-sus-derivados-en-poblacion-mexicana-378886?\" target=\"_blank\" rel=\"noreferrer noopener\">Estudio sobre el uso de Cannabis y sus derivados en poblaci\u00f3n mexicana<\/a><\/strong><\/li>\n<\/ul>\n<\/li>\n\n\n\n<li style=\"font-size:17px\"><strong>Informes T\u00e9cnicos<\/strong>\n<ul class=\"wp-block-list\">\n<li class=\"has-text-color has-link-color wp-elements-e5a58878165d3c7dc4a53fea79eaea16\" style=\"color:#7a1737;font-size:17px\"><strong><a href=\"https:\/\/www.gob.mx\/salud\/conadic\/documentos\/informe-de-la-demanda-y-oferta-de-fentanilo-en-mexico-generalidades-y-situacion-actual\" target=\"_blank\" rel=\"noreferrer noopener\"><\/a><a href=\"https:\/\/www.gob.mx\/conasama\/documentos\/informe-de-la-demanda-y-oferta-de-fentanilo-en-mexico-generalidades-y-situacion-actual-378889?state=published\" target=\"_blank\" rel=\"noreferrer noopener\">Informe de la Demanda y Oferta de Fentanilo en M\u00e9xico: generalidades y situaci\u00f3n actual<\/a><\/strong><\/li>\n\n\n\n<li class=\"has-text-color has-link-color wp-elements-f771c653918665f055b1358295b212a0\" style=\"color:#7a1737;font-size:17px\"><strong><a href=\"https:\/\/www.gob.mx\/salud\/conadic\/documentos\/informe-de-la-demanda-y-oferta-de-fentanilo-en-mexico-generalidades-y-situacion-actual\" target=\"_blank\" rel=\"noreferrer noopener\"><\/a><\/strong><a href=\"https:\/\/www.gob.mx\/conasama\/documentos\/informe-sobre-la-situacion-de-la-salud-mental-y-el-consumo-de-sustancias-en-mexico\" target=\"_blank\" rel=\"noreferrer noopener\"><strong>Informe sobre la Situaci\u00f3n de la salud mental y el consumo de sustancias en M\u00e9xico<\/strong><\/a><\/li>\n<\/ul>\n<\/li>\n\n\n\n<li style=\"font-size:17px\"><strong>Alertas<\/strong>\n<ul class=\"wp-block-list\">\n<li class=\"has-text-color has-link-color wp-elements-49a3eb46eb1a82fbf6870880c3df22a9\" style=\"color:#7a1737;font-size:17px\"><strong><a href=\"https:\/\/www.gob.mx\/conasama\/documentos\/alerta-para-personal-de-salud-y-primeros-respondientes-de-ciudades-fronterizas-de-mexico-378888?state=published\" target=\"_blank\" rel=\"noreferrer noopener\">Alerta para personal de salud y primeros respondientes de ciudades fronterizas de M\u00e9xico<\/a><\/strong><\/li>\n<\/ul>\n<\/li>\n<\/ul>\n<\/div>\n<\/div>\n\n\n\n<hr class=\"wp-block-separator has-text-color has-alpha-channel-opacity has-background is-style-wide\" style=\"margin-top:var(--wp--preset--spacing--40);margin-bottom:var(--wp--preset--spacing--40);background-color:#d8bf31;color:#d8bf31\" \/>\n\n\n\n<ul style=\"margin-top:var(--wp--preset--spacing--20);margin-bottom:var(--wp--preset--spacing--20)\" class=\"wp-block-list\">\n<li class=\"has-text-color has-link-color wp-elements-00905b323a33ded73da15dcd638e3283\" style=\"color:#7a1737;margin-top:var(--wp--preset--spacing--20);margin-bottom:var(--wp--preset--spacing--20);font-size:17px\"><strong><a href=\"https:\/\/www.ssaver.gob.mx\/ceca\/repositorio-de-datos\/\" target=\"_blank\" rel=\"noreferrer noopener\">Repositorio de Datos<\/a><\/strong><\/li>\n<\/ul>\n<\/div>\n<\/div>\n<\/div>\n<\/div>\n<\/div>\n","protected":false},"excerpt":{"rendered":"<p>\u00bfSab\u00edas que en Veracruz tenemos una Ley que protege a los no fumadores? M\u00e9xico ha firmado acuerdos internacionales para proteger<\/p>\n","protected":false},"author":63,"featured_media":0,"parent":0,"menu_order":0,"comment_status":"closed","ping_status":"closed","template":"","meta":{"colormag_page_container_layout":"default_layout","colormag_page_sidebar_layout":"default_layout","footnotes":""},"class_list":["post-1335","page","type-page","status-publish","hentry"],"_links":{"self":[{"href":"https:\/\/www.ssaver.gob.mx\/ceca\/wp-json\/wp\/v2\/pages\/1335","targetHints":{"allow":["GET"]}}],"collection":[{"href":"https:\/\/www.ssaver.gob.mx\/ceca\/wp-json\/wp\/v2\/pages"}],"about":[{"href":"https:\/\/www.ssaver.gob.mx\/ceca\/wp-json\/wp\/v2\/types\/page"}],"author":[{"embeddable":true,"href":"https:\/\/www.ssaver.gob.mx\/ceca\/wp-json\/wp\/v2\/users\/63"}],"replies":[{"embeddable":true,"href":"https:\/\/www.ssaver.gob.mx\/ceca\/wp-json\/wp\/v2\/comments?post=1335"}],"version-history":[{"count":15,"href":"https:\/\/www.ssaver.gob.mx\/ceca\/wp-json\/wp\/v2\/pages\/1335\/revisions"}],"predecessor-version":[{"id":2394,"href":"https:\/\/www.ssaver.gob.mx\/ceca\/wp-json\/wp\/v2\/pages\/1335\/revisions\/2394"}],"wp:attachment":[{"href":"https:\/\/www.ssaver.gob.mx\/ceca\/wp-json\/wp\/v2\/media?parent=1335"}],"curies":[{"name":"wp","href":"https:\/\/api.w.org\/{rel}","templated":true}]}}