{"id":2301,"date":"2026-02-10T19:09:54","date_gmt":"2026-02-11T01:09:54","guid":{"rendered":"https:\/\/www.ssaver.gob.mx\/ceca\/?page_id=2301"},"modified":"2026-03-19T11:45:11","modified_gmt":"2026-03-19T17:45:11","slug":"establecimientos-residenciales-reconocidos-en-el-estado-de-veracruz","status":"publish","type":"page","link":"https:\/\/www.ssaver.gob.mx\/ceca\/oficina-de-establecimientos-residenciales-para-la-atencion-de-las-adicciones\/establecimientos-residenciales-reconocidos-en-el-estado-de-veracruz\/","title":{"rendered":"Establecimientos Residenciales reconocidos en el Estado de Veracruz"},"content":{"rendered":"\n<div class=\"wp-block-group is-layout-constrained wp-container-core-group-is-layout-9517baca wp-block-group-is-layout-constrained\">\n<div class=\"wp-block-columns is-layout-flex wp-container-core-columns-is-layout-28f84493 wp-block-columns-is-layout-flex\">\n<div class=\"wp-block-column is-vertically-aligned-top is-layout-flow wp-block-column-is-layout-flow\" style=\"flex-basis:70%\">\n<div class=\"wp-block-columns is-layout-flex wp-container-core-columns-is-layout-9c22b1e3 wp-block-columns-is-layout-flex\">\n<div class=\"wp-block-column is-vertically-aligned-stretch is-layout-flow wp-container-core-column-is-layout-c43c6636 wp-block-column-is-layout-flow\" style=\"padding-right:0;padding-left:0;flex-basis:100%\">\n<div class=\"wp-block-cover wp-elements-5f8bc6586cc4406ab3d9733de32f6a6e has-aspect-ratio\" style=\"margin-top:0;margin-bottom:0;padding-top:0;padding-right:0;padding-bottom:0;padding-left:0;aspect-ratio:auto;min-height:unset;\"><img decoding=\"async\" class=\"wp-block-cover__image-background wp-image-5220 size-full\" alt=\"\" src=\"https:\/\/www.ssaver.gob.mx\/tecnologias\/wp-content\/uploads\/sites\/14\/2025\/09\/textura_areas_TI-scaled.png\" style=\"object-position:15% 27%\" data-object-fit=\"cover\" data-object-position=\"15% 27%\" \/><span aria-hidden=\"true\" class=\"wp-block-cover__background has-background-dim-100 has-background-dim\" style=\"background-color:#720f37\"><\/span><div class=\"wp-block-cover__inner-container is-layout-constrained wp-container-core-cover-is-layout-72190d31 wp-block-cover-is-layout-constrained\">\n<p class=\"has-text-align-center\" style=\"font-size:28px\"><strong>Establecimientos Residenciales reconocidos en el Estado de Veracruz<\/strong><\/p>\n<\/div><\/div>\n<\/div>\n<\/div>\n\n\n\n<div class=\"wp-block-columns is-layout-flex wp-container-core-columns-is-layout-b2864ded wp-block-columns-is-layout-flex\" style=\"margin-top:0;margin-bottom:0;padding-top:0;padding-bottom:0\">\n<div class=\"wp-block-column is-vertically-aligned-center has-background is-layout-flow wp-block-column-is-layout-flow\" style=\"background:linear-gradient(180deg,rgb(233,231,225) 32%,rgba(232,230,225,0) 100%);padding-top:var(--wp--preset--spacing--40);padding-right:var(--wp--preset--spacing--40);padding-bottom:var(--wp--preset--spacing--40);padding-left:var(--wp--preset--spacing--40);flex-basis:100%\">\n<hr class=\"wp-block-separator aligncenter has-text-color has-alpha-channel-opacity has-background is-style-wide\" style=\"margin-top:var(--wp--preset--spacing--20);margin-bottom:var(--wp--preset--spacing--20);background-color:#d6af4d;color:#d6af4d\" \/>\n\n\n\n<div class=\"wp-block-columns has-background is-layout-flex wp-container-core-columns-is-layout-96621f64 wp-block-columns-is-layout-flex\" style=\"border-top-left-radius:20px;border-top-right-radius:20px;border-bottom-left-radius:20px;border-bottom-right-radius:20px;background-color:#f7f7eb;margin-top:var(--wp--preset--spacing--20);margin-bottom:var(--wp--preset--spacing--20);padding-top:var(--wp--preset--spacing--60);padding-right:var(--wp--preset--spacing--60);padding-bottom:var(--wp--preset--spacing--60);padding-left:var(--wp--preset--spacing--60)\">\n<div class=\"wp-block-column is-layout-flow wp-block-column-is-layout-flow\">\n<p class=\"has-text-align-center has-medium-font-size\"><strong>Los Establecimientos Residenciales Reconocidos en el Estado de Veracruz<\/strong><\/p>\n\n\n\n<figure class=\"wp-block-table\"><table class=\"has-fixed-layout\"><tbody><tr><td class=\"has-text-align-center\" data-align=\"center\" colspan=\"2\"><strong>Nombre de establecimiento<\/strong><\/td><td><strong>Datos de contacto y direcci\u00f3n<\/strong><\/td><td><strong>Modelo de atenci\u00f3n<\/strong><\/td><\/tr><tr><td class=\"has-text-align-center\" data-align=\"center\"><img decoding=\"async\" src=\"https:\/\/www.ssaver.gob.mx\/ceca\/wp-content\/uploads\/sites\/17\/2026\/02\/Captura-de-pantalla-2026-02-10-a-las-6.06.07-p.m.png\" alt=\"\"><\/td><td>&nbsp; Centro Estatal Contra las Adicciones <strong>&nbsp;<\/strong> <strong>C\u00daSPIDE<\/strong> <strong>&nbsp;<\/strong> <strong>&nbsp;<\/strong> <strong>&nbsp;<\/strong> <strong>&nbsp;<\/strong> <strong>&nbsp;<\/strong> <strong>&nbsp;<\/strong> <strong>&nbsp;<\/strong><\/td><td>&nbsp; C. Libre a Soledad de Doblado KM. 6.5 Delfino, Ca\u00f1os de santa Rita, Ver. &nbsp; WhatsApp (texto) 2291 37 72 58, v\u00eda telef\u00f3nica 229 972 1473, 74 o 75<\/td><td>&nbsp; Profesional<\/td><\/tr><tr><td class=\"has-text-align-center\" data-align=\"center\"><img loading=\"lazy\" decoding=\"async\" width=\"542\" height=\"514\" class=\"wp-image-2290\" src=\"https:\/\/www.ssaver.gob.mx\/ceca\/wp-content\/uploads\/sites\/17\/2026\/02\/Captura-de-pantalla-2026-02-10-a-las-6.50.38-p.m.png\" alt=\"\" srcset=\"https:\/\/www.ssaver.gob.mx\/ceca\/wp-content\/uploads\/sites\/17\/2026\/02\/Captura-de-pantalla-2026-02-10-a-las-6.50.38-p.m.png 542w, https:\/\/www.ssaver.gob.mx\/ceca\/wp-content\/uploads\/sites\/17\/2026\/02\/Captura-de-pantalla-2026-02-10-a-las-6.50.38-p.m-300x285.png 300w\" sizes=\"auto, (max-width: 542px) 100vw, 542px\" \/><\/td><td>&nbsp; Cl\u00ednica de Tratamiento para Adictos en Recuperaci\u00f3n <strong>\u00abCTAR\u00bb<\/strong> en CEFERESO. &nbsp; &nbsp; &nbsp; &nbsp; &nbsp;<\/td><td>&nbsp; Cerro de Le\u00f3n, Domicilio conocido s\/n Municipio de Villa Aldama, Ver. &nbsp; 2828 25 74 00 Cel. 55 0000 0000<\/td><td>&nbsp; Profesional<\/td><\/tr><tr><td class=\"has-text-align-center\" data-align=\"center\">&nbsp; &nbsp; &nbsp; &nbsp;<img loading=\"lazy\" decoding=\"async\" width=\"638\" height=\"396\" class=\"wp-image-2292\" src=\"https:\/\/www.ssaver.gob.mx\/ceca\/wp-content\/uploads\/sites\/17\/2026\/02\/Captura-de-pantalla-2026-02-10-a-las-6.54.03-p.m.png\" alt=\"\" srcset=\"https:\/\/www.ssaver.gob.mx\/ceca\/wp-content\/uploads\/sites\/17\/2026\/02\/Captura-de-pantalla-2026-02-10-a-las-6.54.03-p.m.png 638w, https:\/\/www.ssaver.gob.mx\/ceca\/wp-content\/uploads\/sites\/17\/2026\/02\/Captura-de-pantalla-2026-02-10-a-las-6.54.03-p.m-300x186.png 300w\" sizes=\"auto, (max-width: 638px) 100vw, 638px\" \/><\/td><td><strong>&nbsp;<\/strong><br><strong>Fundaci\u00f3n Casa Nueva I.A.P.<\/strong> <strong>&nbsp;<\/strong> <strong>&nbsp;<\/strong> <strong>&nbsp;<\/strong> <strong>&nbsp;<\/strong> <strong>&nbsp;<\/strong><\/td><td>&nbsp; Carretera El Chico &#8211; Chavarrillo Km 1.5 Plan Chico &nbsp; Tel. 228 820 3120<\/td><td>&nbsp; &nbsp; Mixto<\/td><\/tr><tr><td class=\"has-text-align-center\" data-align=\"center\"><img loading=\"lazy\" decoding=\"async\" width=\"704\" height=\"692\" class=\"wp-image-2293\" src=\"https:\/\/www.ssaver.gob.mx\/ceca\/wp-content\/uploads\/sites\/17\/2026\/02\/Captura-de-pantalla-2026-02-10-a-las-6.54.54-p.m.png\" alt=\"\" srcset=\"https:\/\/www.ssaver.gob.mx\/ceca\/wp-content\/uploads\/sites\/17\/2026\/02\/Captura-de-pantalla-2026-02-10-a-las-6.54.54-p.m.png 704w, https:\/\/www.ssaver.gob.mx\/ceca\/wp-content\/uploads\/sites\/17\/2026\/02\/Captura-de-pantalla-2026-02-10-a-las-6.54.54-p.m-300x295.png 300w\" sizes=\"auto, (max-width: 704px) 100vw, 704px\" \/> &nbsp; &nbsp; &nbsp; &nbsp; &nbsp; &nbsp; &nbsp; &nbsp;<\/td><td><strong>&nbsp;<\/strong> <strong>&nbsp;<\/strong> <strong>&nbsp;<\/strong> <strong>Comunidad Terap\u00e9utica Ra\u00edces Orizaba<\/strong><\/td><td>&nbsp; &nbsp; &nbsp; Sur 27 # 315 Centro, Orizaba &nbsp; &nbsp;Tel. 272 166 3382<\/td><td>&nbsp; &nbsp; &nbsp; Ayuda Mutua<\/td><\/tr><\/tbody><\/table><\/figure>\n<\/div>\n<\/div>\n<\/div>\n<\/div>\n<\/div>\n\n\n\n<div class=\"wp-block-column is-vertically-aligned-top is-layout-flow wp-container-core-column-is-layout-92d440f1 wp-block-column-is-layout-flow\" style=\"padding-top:0;padding-bottom:0;flex-basis:30%\">\n<div class=\"wp-block-columns are-vertically-aligned-top has-background is-layout-flex wp-container-core-columns-is-layout-b5d2ac3b wp-block-columns-is-layout-flex\" style=\"border-radius:26px;background-color:#f4f4ef;margin-top:0;margin-bottom:0;padding-top:0;padding-right:var(--wp--preset--spacing--60);padding-bottom:0;padding-left:var(--wp--preset--spacing--60)\">\n<div class=\"wp-block-column is-vertically-aligned-top is-layout-flow wp-block-column-is-layout-flow\" style=\"border-radius:26px;flex-basis:100%\">\n<div class=\"wp-block-buttons is-layout-flex wp-block-buttons-is-layout-flex\" style=\"margin-top:var(--wp--preset--spacing--50);margin-bottom:var(--wp--preset--spacing--50)\">\n<div class=\"wp-block-button has-custom-width wp-block-button__width-100\"><a class=\"wp-block-button__link has-background wp-element-button\" href=\"https:\/\/www.gob.mx\/conasama\/documentos\/encuesta-nacional-de-consumo-de-drogas-alcohol-y-tabaco-encodat-2025?state=publishedhttps:\/\/www.gob.mx\/conasama\/documentos\/encuesta-nacional-de-consumo-de-drogas-alcohol-y-tabaco-encodat-2025?state=published\" style=\"border-radius:16px;background-color:#560808\" target=\"_blank\" rel=\"noreferrer noopener\"><strong>RESULTADOS DE LA ENCONDAT 2025<\/strong><\/a><\/div>\n<\/div>\n\n\n\n<p class=\"has-text-align-center has-text-color\" style=\"color:#5b4c0d;margin-top:var(--wp--preset--spacing--20);margin-bottom:var(--wp--preset--spacing--20);font-size:22px\"><strong>Mapas Interactivos<\/strong><\/p>\n\n\n\n<hr class=\"wp-block-separator has-text-color has-alpha-channel-opacity has-background is-style-wide\" style=\"margin-top:var(--wp--preset--spacing--20);margin-bottom:var(--wp--preset--spacing--20);background-color:#d8bf31;color:#d8bf31\" \/>\n\n\n\n<div class=\"wp-block-buttons is-layout-flex wp-container-core-buttons-is-layout-7bbf5824 wp-block-buttons-is-layout-flex\">\n<div class=\"wp-block-button has-custom-width wp-block-button__width-100\"><a class=\"wp-block-button__link has-background wp-element-button\" href=\"https:\/\/incobss.ssaver.gob.mx\/Ceca\/MapaTabaco\" style=\"border-radius:16px;background-color:#560808\"><strong>Espacios 100% Libres de Humo de Tabaco y Emisiones<\/strong><\/a><\/div>\n\n\n\n<div class=\"wp-block-button has-custom-width wp-block-button__width-100\"><a class=\"wp-block-button__link has-background wp-element-button\" href=\"https:\/\/www.ssaver.gob.mx\/ceca\/2025\/03\/26\/806\/\" style=\"border-radius:16px;background-color:#560808\" target=\"_blank\" rel=\"noreferrer noopener\"><strong>MAPA DE SUSTANCIAS PSICOACTIVAS<\/strong><\/a><\/div>\n\n\n\n<div class=\"wp-block-button has-custom-width wp-block-button__width-100\"><a class=\"wp-block-button__link has-background wp-element-button\" href=\"https:\/\/incobss.ssaver.gob.mx\/Ceca\/MapaSuicidios\" style=\"border-radius:16px;background-color:#560808\" target=\"_blank\" rel=\"noreferrer noopener\"><strong>MAPA DE SUICIDIOS<\/strong><\/a><\/div>\n<\/div>\n\n\n\n<p class=\"has-text-align-center has-text-color\" style=\"color:#5b4c0d;margin-top:var(--wp--preset--spacing--20);margin-bottom:var(--wp--preset--spacing--20);font-size:22px\"><strong>Enlaces Externos<\/strong><\/p>\n\n\n\n<hr class=\"wp-block-separator has-text-color has-alpha-channel-opacity has-background is-style-wide\" style=\"margin-top:var(--wp--preset--spacing--20);margin-bottom:var(--wp--preset--spacing--20);background-color:#d8bf31;color:#d8bf31\" \/>\n\n\n\n<div class=\"wp-block-columns is-layout-flex wp-container-core-columns-is-layout-33233fb6 wp-block-columns-is-layout-flex\" style=\"margin-top:var(--wp--preset--spacing--20);margin-bottom:var(--wp--preset--spacing--20)\">\n<div class=\"wp-block-column is-layout-flow wp-block-column-is-layout-flow\">\n<ul class=\"wp-block-list\">\n<li class=\"has-text-color has-link-color wp-elements-3ccde5164a8d1e3c7240be75f3df819f\" style=\"color:#7a1737;font-size:17px\"><strong><a href=\"https:\/\/www.gob.mx\/conasama\/documentos\/directorio-nacional-de-unidades-de-especialidades-medicas-uneme-cecosama\" target=\"_blank\" rel=\"noreferrer noopener\">Directorio Nacional de las UNEME-CECOSAMA<\/a><\/strong><\/li>\n\n\n\n<li style=\"font-size:17px\"><strong>Estudios de investigaci\u00f3n<\/strong>\n<ul class=\"wp-block-list\">\n<li class=\"has-text-color has-link-color wp-elements-c86957d926b6e0394d142a604e0bd83b\" style=\"color:#7a1737;font-size:17px\"><strong><a href=\"https:\/\/www.gob.mx\/conasama\/documentos\/estudio-sobre-el-uso-de-cannabis-y-sus-derivados-en-poblacion-mexicana-378886?\" target=\"_blank\" rel=\"noreferrer noopener\">Estudio sobre el uso de Cannabis y sus derivados en poblaci\u00f3n mexicana<\/a><\/strong><\/li>\n<\/ul>\n<\/li>\n\n\n\n<li style=\"font-size:17px\"><strong>Informes T\u00e9cnicos<\/strong>\n<ul class=\"wp-block-list\">\n<li class=\"has-text-color has-link-color wp-elements-e5a58878165d3c7dc4a53fea79eaea16\" style=\"color:#7a1737;font-size:17px\"><strong><a href=\"https:\/\/www.gob.mx\/salud\/conadic\/documentos\/informe-de-la-demanda-y-oferta-de-fentanilo-en-mexico-generalidades-y-situacion-actual\" target=\"_blank\" rel=\"noreferrer noopener\"><\/a><a href=\"https:\/\/www.gob.mx\/conasama\/documentos\/informe-de-la-demanda-y-oferta-de-fentanilo-en-mexico-generalidades-y-situacion-actual-378889?state=published\" target=\"_blank\" rel=\"noreferrer noopener\">Informe de la Demanda y Oferta de Fentanilo en M\u00e9xico: generalidades y situaci\u00f3n actual<\/a><\/strong><\/li>\n\n\n\n<li class=\"has-text-color has-link-color wp-elements-f771c653918665f055b1358295b212a0\" style=\"color:#7a1737;font-size:17px\"><strong><a href=\"https:\/\/www.gob.mx\/salud\/conadic\/documentos\/informe-de-la-demanda-y-oferta-de-fentanilo-en-mexico-generalidades-y-situacion-actual\" target=\"_blank\" rel=\"noreferrer noopener\"><\/a><\/strong><a href=\"https:\/\/www.gob.mx\/conasama\/documentos\/informe-sobre-la-situacion-de-la-salud-mental-y-el-consumo-de-sustancias-en-mexico\" target=\"_blank\" rel=\"noreferrer noopener\"><strong>Informe sobre la Situaci\u00f3n de la salud mental y el consumo de sustancias en M\u00e9xico<\/strong><\/a><\/li>\n<\/ul>\n<\/li>\n\n\n\n<li style=\"font-size:17px\"><strong>Alertas<\/strong>\n<ul class=\"wp-block-list\">\n<li class=\"has-text-color has-link-color wp-elements-49a3eb46eb1a82fbf6870880c3df22a9\" style=\"color:#7a1737;font-size:17px\"><strong><a href=\"https:\/\/www.gob.mx\/conasama\/documentos\/alerta-para-personal-de-salud-y-primeros-respondientes-de-ciudades-fronterizas-de-mexico-378888?state=published\" target=\"_blank\" rel=\"noreferrer noopener\">Alerta para personal de salud y primeros respondientes de ciudades fronterizas de M\u00e9xico<\/a><\/strong><\/li>\n<\/ul>\n<\/li>\n<\/ul>\n<\/div>\n<\/div>\n\n\n\n<hr class=\"wp-block-separator has-text-color has-alpha-channel-opacity has-background is-style-wide\" style=\"margin-top:var(--wp--preset--spacing--40);margin-bottom:var(--wp--preset--spacing--40);background-color:#d8bf31;color:#d8bf31\" \/>\n\n\n\n<ul style=\"margin-top:var(--wp--preset--spacing--20);margin-bottom:var(--wp--preset--spacing--20)\" class=\"wp-block-list\">\n<li class=\"has-text-color has-link-color wp-elements-00905b323a33ded73da15dcd638e3283\" style=\"color:#7a1737;margin-top:var(--wp--preset--spacing--20);margin-bottom:var(--wp--preset--spacing--20);font-size:17px\"><strong><a href=\"https:\/\/www.ssaver.gob.mx\/ceca\/repositorio-de-datos\/\" target=\"_blank\" rel=\"noreferrer noopener\">Repositorio de Datos<\/a><\/strong><\/li>\n<\/ul>\n<\/div>\n<\/div>\n<\/div>\n<\/div>\n<\/div>\n","protected":false},"excerpt":{"rendered":"<p>Los Establecimientos Residenciales Reconocidos en el Estado de Veracruz Nombre de establecimiento Datos de contacto y direcci\u00f3n Modelo de atenci\u00f3n<\/p>\n","protected":false},"author":3,"featured_media":0,"parent":2247,"menu_order":4,"comment_status":"closed","ping_status":"closed","template":"","meta":{"colormag_page_container_layout":"default_layout","colormag_page_sidebar_layout":"default_layout","footnotes":""},"class_list":["post-2301","page","type-page","status-publish","hentry"],"_links":{"self":[{"href":"https:\/\/www.ssaver.gob.mx\/ceca\/wp-json\/wp\/v2\/pages\/2301","targetHints":{"allow":["GET"]}}],"collection":[{"href":"https:\/\/www.ssaver.gob.mx\/ceca\/wp-json\/wp\/v2\/pages"}],"about":[{"href":"https:\/\/www.ssaver.gob.mx\/ceca\/wp-json\/wp\/v2\/types\/page"}],"author":[{"embeddable":true,"href":"https:\/\/www.ssaver.gob.mx\/ceca\/wp-json\/wp\/v2\/users\/3"}],"replies":[{"embeddable":true,"href":"https:\/\/www.ssaver.gob.mx\/ceca\/wp-json\/wp\/v2\/comments?post=2301"}],"version-history":[{"count":2,"href":"https:\/\/www.ssaver.gob.mx\/ceca\/wp-json\/wp\/v2\/pages\/2301\/revisions"}],"predecessor-version":[{"id":2384,"href":"https:\/\/www.ssaver.gob.mx\/ceca\/wp-json\/wp\/v2\/pages\/2301\/revisions\/2384"}],"up":[{"embeddable":true,"href":"https:\/\/www.ssaver.gob.mx\/ceca\/wp-json\/wp\/v2\/pages\/2247"}],"wp:attachment":[{"href":"https:\/\/www.ssaver.gob.mx\/ceca\/wp-json\/wp\/v2\/media?parent=2301"}],"curies":[{"name":"wp","href":"https:\/\/api.w.org\/{rel}","templated":true}]}}