{"id":515,"date":"2022-07-01T18:26:31","date_gmt":"2022-07-01T23:26:31","guid":{"rendered":"https:\/\/www.ssaver.gob.mx\/ceca\/?page_id=515"},"modified":"2026-03-19T11:33:44","modified_gmt":"2026-03-19T17:33:44","slug":"oficina-contra-las-drogas-y-atencion-integral","status":"publish","type":"page","link":"https:\/\/www.ssaver.gob.mx\/ceca\/oficina-contra-las-drogas-y-atencion-integral\/","title":{"rendered":"Oficina contra las drogas y atenci\u00f3n integral"},"content":{"rendered":"\n<div class=\"wp-block-group is-layout-constrained wp-container-core-group-is-layout-9517baca wp-block-group-is-layout-constrained\">\n<div class=\"wp-block-columns is-layout-flex wp-container-core-columns-is-layout-28f84493 wp-block-columns-is-layout-flex\">\n<div class=\"wp-block-column is-vertically-aligned-center is-layout-flow wp-block-column-is-layout-flow\" style=\"flex-basis:70%\">\n<div class=\"wp-block-columns is-layout-flex wp-container-core-columns-is-layout-9c22b1e3 wp-block-columns-is-layout-flex\">\n<div class=\"wp-block-column is-vertically-aligned-stretch is-layout-flow wp-container-core-column-is-layout-c43c6636 wp-block-column-is-layout-flow\" style=\"padding-right:0;padding-left:0;flex-basis:100%\">\n<div class=\"wp-block-cover wp-elements-92dcbf9fae8bce03f96470066f3c5edc has-aspect-ratio\" style=\"margin-top:0;margin-bottom:0;padding-top:0;padding-right:0;padding-bottom:0;padding-left:0;aspect-ratio:auto;min-height:unset;\"><img decoding=\"async\" class=\"wp-block-cover__image-background wp-image-5220 size-full\" alt=\"\" src=\"https:\/\/www.ssaver.gob.mx\/tecnologias\/wp-content\/uploads\/sites\/14\/2025\/09\/textura_areas_TI-scaled.png\" style=\"object-position:15% 27%\" data-object-fit=\"cover\" data-object-position=\"15% 27%\" \/><span aria-hidden=\"true\" class=\"wp-block-cover__background has-background-dim-100 has-background-dim\" style=\"background-color:#720f37\"><\/span><div class=\"wp-block-cover__inner-container is-layout-constrained wp-container-core-cover-is-layout-72190d31 wp-block-cover-is-layout-constrained\">\n<p class=\"has-text-align-center\" style=\"font-size:28px\"><strong>Oficina contra las drogas y atenci\u00f3n integral<\/strong><\/p>\n<\/div><\/div>\n<\/div>\n<\/div>\n\n\n\n<div class=\"wp-block-columns is-layout-flex wp-container-core-columns-is-layout-b2864ded wp-block-columns-is-layout-flex\" style=\"margin-top:0;margin-bottom:0;padding-top:0;padding-bottom:0\">\n<div class=\"wp-block-column is-vertically-aligned-center has-background is-layout-flow wp-block-column-is-layout-flow\" style=\"background:linear-gradient(180deg,rgb(233,231,225) 32%,rgba(232,230,225,0) 100%);padding-top:var(--wp--preset--spacing--40);padding-right:var(--wp--preset--spacing--40);padding-bottom:var(--wp--preset--spacing--40);padding-left:var(--wp--preset--spacing--40);flex-basis:100%\">\n<hr class=\"wp-block-separator aligncenter has-text-color has-alpha-channel-opacity has-background is-style-wide\" style=\"margin-top:var(--wp--preset--spacing--20);margin-bottom:var(--wp--preset--spacing--20);background-color:#d6af4d;color:#d6af4d\" \/>\n\n\n\n<div class=\"wp-block-columns is-layout-flex wp-container-core-columns-is-layout-28f84493 wp-block-columns-is-layout-flex\">\n<div class=\"wp-block-column has-background is-layout-flow wp-block-column-is-layout-flow\" style=\"background-color:#fff4e0\">\n<p class=\"has-text-color\" style=\"color:#916904;font-size:18px\">En esta oficina se lleva a cabo la funci\u00f3n administrativa correspondiente a acciones de prevenci\u00f3n y atenci\u00f3n integral oportuna dirigida a la poblaci\u00f3n en el estado.<\/p>\n\n\n\n<p class=\"has-text-color\" style=\"color:#916904;font-size:18px\">Clasificando las acciones desde los tres niveles:<\/p>\n\n\n\n<div class=\"wp-block-columns are-vertically-aligned-center is-layout-flex wp-container-core-columns-is-layout-28f84493 wp-block-columns-is-layout-flex\">\n<div class=\"wp-block-column is-vertically-aligned-center is-layout-flow wp-block-column-is-layout-flow\" style=\"flex-basis:33.33%\">\n<div class=\"wp-block-columns is-layout-flex wp-container-core-columns-is-layout-28f84493 wp-block-columns-is-layout-flex\">\n<div class=\"wp-block-column is-vertically-aligned-center is-layout-flow wp-block-column-is-layout-flow\">\n<figure class=\"wp-block-image aligncenter size-full is-resized is-style-default\"><img loading=\"lazy\" decoding=\"async\" width=\"86\" height=\"90\" src=\"https:\/\/www.ssaver.gob.mx\/ceca\/wp-content\/uploads\/sites\/17\/2022\/07\/lupa_img.png\" alt=\"\" class=\"wp-image-611\" style=\"width:86px;height:90px\" \/><\/figure>\n<\/div>\n\n\n\n<div class=\"wp-block-column is-vertically-aligned-center is-layout-flow wp-block-column-is-layout-flow\">\n<p class=\"has-text-align-center has-text-color\" style=\"color:#916904;font-size:18px\"><strong>Universal<\/strong><\/p>\n<\/div>\n<\/div>\n<\/div>\n\n\n\n<div class=\"wp-block-column is-vertically-aligned-center is-layout-flow wp-block-column-is-layout-flow\" style=\"flex-basis:66.66%\">\n<p class=\"has-text-color\" style=\"color:#916904;font-size:18px\">Dirigido a la poblaci\u00f3n en general y se lleva a cabo mediante la promoci\u00f3n de la salud para crear conocimiento.<\/p>\n<\/div>\n<\/div>\n\n\n\n<div class=\"wp-block-columns are-vertically-aligned-center is-layout-flex wp-container-core-columns-is-layout-28f84493 wp-block-columns-is-layout-flex\">\n<div class=\"wp-block-column is-vertically-aligned-center is-layout-flow wp-block-column-is-layout-flow\" style=\"flex-basis:33.33%\">\n<div class=\"wp-block-columns is-layout-flex wp-container-core-columns-is-layout-28f84493 wp-block-columns-is-layout-flex\">\n<div class=\"wp-block-column is-vertically-aligned-center is-layout-flow wp-block-column-is-layout-flow\">\n<figure class=\"wp-block-image aligncenter size-full\"><img loading=\"lazy\" decoding=\"async\" width=\"118\" height=\"118\" src=\"https:\/\/www.ssaver.gob.mx\/ceca\/wp-content\/uploads\/sites\/17\/2022\/07\/selectivo_img.jpg\" alt=\"\" class=\"wp-image-622\" \/><\/figure>\n<\/div>\n\n\n\n<div class=\"wp-block-column is-vertically-aligned-center is-layout-flow wp-block-column-is-layout-flow\">\n<p class=\"has-text-align-center has-text-color\" style=\"color:#916904;font-size:18px\"><strong>Selectivo<\/strong><\/p>\n<\/div>\n<\/div>\n<\/div>\n\n\n\n<div class=\"wp-block-column is-vertically-aligned-center is-layout-flow wp-block-column-is-layout-flow\" style=\"flex-basis:66.66%\">\n<p class=\"has-text-color\" style=\"color:#916904;font-size:18px\">Dirigido a grupos que se asocian al consumo de drogas ya que se han identificado factores biol\u00f3gicos, psicol\u00f3gicos y ambientales que sustentan su vulnerabilidad.<\/p>\n<\/div>\n<\/div>\n\n\n\n<div class=\"wp-block-columns are-vertically-aligned-center is-layout-flex wp-container-core-columns-is-layout-28f84493 wp-block-columns-is-layout-flex\">\n<div class=\"wp-block-column is-vertically-aligned-center is-layout-flow wp-block-column-is-layout-flow\" style=\"flex-basis:33.33%\">\n<div class=\"wp-block-columns is-layout-flex wp-container-core-columns-is-layout-28f84493 wp-block-columns-is-layout-flex\">\n<div class=\"wp-block-column is-vertically-aligned-center is-layout-flow wp-block-column-is-layout-flow\">\n<figure class=\"wp-block-image aligncenter size-full\"><img loading=\"lazy\" decoding=\"async\" width=\"99\" height=\"99\" src=\"https:\/\/www.ssaver.gob.mx\/ceca\/wp-content\/uploads\/sites\/17\/2022\/07\/indicativo_img.jpg\" alt=\"\" class=\"wp-image-624\" \/><\/figure>\n<\/div>\n\n\n\n<div class=\"wp-block-column is-vertically-aligned-center is-layout-flow wp-block-column-is-layout-flow\">\n<p class=\"has-text-align-center has-text-color\" style=\"color:#916904;font-size:18px\"><strong>Indicado<\/strong><\/p>\n<\/div>\n<\/div>\n<\/div>\n\n\n\n<div class=\"wp-block-column is-vertically-aligned-center is-layout-flow wp-block-column-is-layout-flow\" style=\"flex-basis:66.66%\">\n<p class=\"has-text-color\" style=\"color:#916904;font-size:18px\">Se dirige a grupos de poblaci\u00f3n con sospecha de consumo y\/o usuarios experimentales, o de quienes exhiben factores de alto riesgo que incrementan la posibilidad de desarrollar consumo perjudicial o la adicci\u00f3n.<\/p>\n<\/div>\n<\/div>\n\n\n\n<p class=\"has-text-color\" style=\"color:#916904;font-size:18px\">El compromiso del titular de este puesto radica en, revertir tendencias, reducir su incidencia y las consecuencias que produce el consumo de alcohol, tabaco y psicoactivos.<\/p>\n\n\n\n<h4 class=\"wp-block-heading has-text-align-left has-text-color\" style=\"color:#5b4c0d;font-style:normal;font-weight:500\"><strong>Antecedentes en el Estado de Veracruz<\/strong><\/h4>\n\n\n\n<p class=\"has-text-color\" style=\"color:#916904;font-size:18px\">El consumo de drogas constituye un notable problema de salud p\u00fablica en M\u00e9xico.<\/p>\n\n\n\n<p class=\"has-text-color\" style=\"color:#916904;font-size:18px\">Para determinar que es DROGA, atizamos la definici\u00f3n dada por la Organizaci\u00f3n Mundial de la salud (OMS) entendiendo esta como: \u201ctoda sustancia de efectos psicoactivos que, introducida en un organismo vivo, pueda modificar una o varias de sus funciones (cambios en la percepci\u00f3n, el estado de \u00e1nimo, la conciencia, y el comportamiento)\u201d.<\/p>\n\n\n\n<p class=\"has-text-color\" style=\"color:#916904;font-size:18px\">Vivimos un momento decisivo en la historia de las Enfermedades no Transmisibles, las cuales se ven favorecidas por los efectos de la globalizaci\u00f3n en el comercio, el r\u00e1pido proceso de urbanizaci\u00f3n, el envejecimiento de la poblaci\u00f3n y los estilos de vida poco saludables, que incluyen dietas inadecuadas, inactividad f\u00edsica y el consumo de sustancias psicoactivas, alcohol y tabaco.<\/p>\n\n\n\n<p class=\"has-text-color\" style=\"color:#916904;font-size:18px\">Los siguientes datos muestran el consumo alguna vez en la vida en la poblaci\u00f3n de 12 a 65 a\u00f1os.<\/p>\n\n\n\n<figure class=\"wp-block-image aligncenter size-large\"><img loading=\"lazy\" decoding=\"async\" width=\"1024\" height=\"437\" src=\"https:\/\/www.ssaver.gob.mx\/ceca\/wp-content\/uploads\/sites\/17\/2022\/07\/CIJ-Xalapa-1024x437.png\" alt=\"\" class=\"wp-image-630\" srcset=\"https:\/\/www.ssaver.gob.mx\/ceca\/wp-content\/uploads\/sites\/17\/2022\/07\/CIJ-Xalapa-1024x437.png 1024w, https:\/\/www.ssaver.gob.mx\/ceca\/wp-content\/uploads\/sites\/17\/2022\/07\/CIJ-Xalapa-300x128.png 300w, https:\/\/www.ssaver.gob.mx\/ceca\/wp-content\/uploads\/sites\/17\/2022\/07\/CIJ-Xalapa-768x328.png 768w, https:\/\/www.ssaver.gob.mx\/ceca\/wp-content\/uploads\/sites\/17\/2022\/07\/CIJ-Xalapa.png 1150w\" sizes=\"auto, (max-width: 1024px) 100vw, 1024px\" \/><\/figure>\n\n\n\n<p class=\"has-text-color\" style=\"color:#916904;font-size:18px\">Centros de Integraci\u00f3n Juvenil, Direcci\u00f3n de Investigaci\u00f3n y Ense\u00f1anza, Subdirecci\u00f3n de Investigaci\u00f3n, Sistema Institucional de Informaci\u00f3n Epidemiol\u00f3gica del Consumo de Drogas. M\u00e9xico, 2017.<\/p>\n\n\n\n<h4 class=\"wp-block-heading has-text-align-left has-text-color\" style=\"color:#5b4c0d;font-style:normal;font-weight:500\"><strong>Clasificaci\u00f3n de las drogas<\/strong><\/h4>\n\n\n\n<figure class=\"wp-block-image aligncenter size-full\"><img loading=\"lazy\" decoding=\"async\" width=\"631\" height=\"512\" src=\"https:\/\/www.ssaver.gob.mx\/ceca\/wp-content\/uploads\/sites\/17\/2022\/07\/clasificacion-drogas.jpg\" alt=\"\" class=\"wp-image-634\" srcset=\"https:\/\/www.ssaver.gob.mx\/ceca\/wp-content\/uploads\/sites\/17\/2022\/07\/clasificacion-drogas.jpg 631w, https:\/\/www.ssaver.gob.mx\/ceca\/wp-content\/uploads\/sites\/17\/2022\/07\/clasificacion-drogas-300x243.jpg 300w\" sizes=\"auto, (max-width: 631px) 100vw, 631px\" \/><\/figure>\n\n\n\n<h4 class=\"wp-block-heading has-text-align-left has-text-color\" style=\"color:#5b4c0d;font-style:normal;font-weight:500\"><strong>Marco Jur\u00eddico<\/strong><\/h4>\n\n\n\n<p class=\"has-text-color\" style=\"color:#916904;font-size:18px\">En M\u00e9xico existe un marco normativo que dirige las acciones a desarrollarse en estrategias que tengan como base la prevenci\u00f3n, la atenci\u00f3n de las adicciones y el control de las sustancias en territorio federal, estatal y municipal. De igual manera se aplica para los sectores social y privado involucrados, quienes se encuentran obligados a actuar conforme a este marco normativo en territorio nacional, sin dejar a un lado todo contexto de cooperaci\u00f3n internacional.<\/p>\n\n\n\n<div class=\"wp-block-columns is-layout-flex wp-container-core-columns-is-layout-28f84493 wp-block-columns-is-layout-flex\">\n<div class=\"wp-block-column is-layout-flow wp-block-column-is-layout-flow\">\n<p class=\"has-text-color\" style=\"color:#916904;font-size:18px\">A la reducci\u00f3n de la demanda de drogas le corresponde:<\/p>\n\n\n\n<p class=\"has-text-color\" style=\"color:#916904;font-size:18px\">(D.O.F. 21 de agosto de 2009 y la cual actualmente se encuentra en proceso de actualizaci\u00f3n).<\/p>\n<\/div>\n\n\n\n<div class=\"wp-block-column is-layout-flow wp-block-column-is-layout-flow\">\n<p class=\"has-text-color\" style=\"color:#916904;font-size:18px\">Como Nacional corresponde: Art. 4\u00b0 Constitucional<\/p>\n<\/div>\n\n\n\n<div class=\"wp-block-column is-layout-flow wp-block-column-is-layout-flow\">\n<p class=\"has-text-color\" style=\"color:#916904;font-size:18px\">Para salvaguardar la salud corresponde:<\/p>\n\n\n\n<ul style=\"color:#916904;font-size:18px\" class=\"wp-block-list has-text-color\">\n<li>Ley General de Salud Art 3 XXI, XXII, XXII.<\/li>\n\n\n\n<li>Ley General de Salud Art. 73 frac. I y III<\/li>\n\n\n\n<li>Ley General de Salud Art. 74 frac. I<\/li>\n<\/ul>\n<\/div>\n<\/div>\n\n\n\n<div class=\"wp-block-columns is-layout-flex wp-container-core-columns-is-layout-28f84493 wp-block-columns-is-layout-flex\">\n<div class=\"wp-block-column is-layout-flow wp-block-column-is-layout-flow\">\n<figure class=\"wp-block-image aligncenter size-full\"><img loading=\"lazy\" decoding=\"async\" width=\"222\" height=\"222\" src=\"https:\/\/www.ssaver.gob.mx\/ceca\/wp-content\/uploads\/sites\/17\/2022\/07\/NOM-DOF.jpg\" alt=\"\" class=\"wp-image-639\" srcset=\"https:\/\/www.ssaver.gob.mx\/ceca\/wp-content\/uploads\/sites\/17\/2022\/07\/NOM-DOF.jpg 222w, https:\/\/www.ssaver.gob.mx\/ceca\/wp-content\/uploads\/sites\/17\/2022\/07\/NOM-DOF-150x150.jpg 150w\" sizes=\"auto, (max-width: 222px) 100vw, 222px\" \/><\/figure>\n<\/div>\n\n\n\n<div class=\"wp-block-column is-layout-flow wp-block-column-is-layout-flow\">\n<figure class=\"wp-block-image aligncenter size-full\"><img loading=\"lazy\" decoding=\"async\" width=\"134\" height=\"209\" src=\"https:\/\/www.ssaver.gob.mx\/ceca\/wp-content\/uploads\/sites\/17\/2022\/07\/constitucion-politica.jpg\" alt=\"\" class=\"wp-image-641\" \/><\/figure>\n<\/div>\n\n\n\n<div class=\"wp-block-column is-layout-flow wp-block-column-is-layout-flow\">\n<figure class=\"wp-block-image aligncenter size-full\"><img loading=\"lazy\" decoding=\"async\" width=\"248\" height=\"154\" src=\"https:\/\/www.ssaver.gob.mx\/ceca\/wp-content\/uploads\/sites\/17\/2022\/07\/SALUD-Federal.png\" alt=\"\" class=\"wp-image-642\" \/><\/figure>\n<\/div>\n<\/div>\n\n\n\n<p class=\"has-text-color\" style=\"color:#916904;font-size:16px\">Fuente:&nbsp;<a rel=\"noreferrer noopener\" href=\"https:\/\/www.gob.mx\/cms\/uploads\/attachment\/file\/477564\/Informe_sobre_la_situacio_n_de_las_drogas_en_Me_xico_.pdf\" target=\"_blank\">https:\/\/www.gob.mx\/cms\/uploads\/attachment\/file\/477564\/Informe_sobre_la_situacio_n_de_las_drogas_en_Me_xico_.pdf<\/a><\/p>\n\n\n\n<h4 class=\"wp-block-heading has-text-align-left has-text-color\" style=\"color:#5b4c0d;font-style:normal;font-weight:500\"><strong>Acciones Estrat\u00e9gicas de Prevenci\u00f3n y Atenci\u00f3n Integral Oportuna en Materia de Drogas<\/strong><\/h4>\n\n\n\n<p class=\"has-text-color\" style=\"color:#916904;font-size:16px\"><strong>Formaci\u00f3n de Comit\u00e9 Municipal Contra las Adicciones (COMCA)<br>\u00bfQu\u00e9 es un COMCA?<\/strong><\/p>\n\n\n\n<p class=\"has-text-color\" style=\"color:#916904;font-size:18px\">Es un \u00f3rgano colegiado de coordinaci\u00f3n y concertaci\u00f3n que impulsa las acciones dirigidas a la prevenci\u00f3n y combate de problemas de salud p\u00fablica causados por las adicciones, en los cuales participan las instituciones p\u00fablicas de H. Ayuntamiento Municipal, las organizaciones de la sociedad civil, as\u00ed como organismos y empresas privadas relacionadas con el tema.<\/p>\n\n\n\n<div class=\"wp-block-columns are-vertically-aligned-center is-layout-flex wp-container-core-columns-is-layout-28f84493 wp-block-columns-is-layout-flex\">\n<div class=\"wp-block-column is-vertically-aligned-center is-layout-flow wp-block-column-is-layout-flow\" style=\"flex-basis:33.33%\">\n<figure class=\"wp-block-image aligncenter size-full\"><img loading=\"lazy\" decoding=\"async\" width=\"242\" height=\"183\" src=\"https:\/\/www.ssaver.gob.mx\/ceca\/wp-content\/uploads\/sites\/17\/2022\/07\/manos.jpg\" alt=\"\" class=\"wp-image-650\" \/><\/figure>\n<\/div>\n\n\n\n<div class=\"wp-block-column is-vertically-aligned-center is-layout-flow wp-block-column-is-layout-flow\" style=\"flex-basis:66.66%\">\n<p class=\"has-text-color\" style=\"color:#916904;font-size:18px\">Cada comit\u00e9 har\u00e1 uso de sus recursos para llegar de manera asertiva a diferentes grupos como organizaciones civiles, instituciones privadas, familias, l\u00edderes comunitarios, asociaciones religiosas, empresarios, medios de comunicaci\u00f3n y todo aquel que se interese en tener participaci\u00f3n con el fin de establecer actividades en conjunto de acuerdo con los programas de prevenci\u00f3n y atenci\u00f3n para disminuir los \u00edndices de iniciaci\u00f3n al consumo y adicci\u00f3n, en el entorno municipal.<\/p>\n<\/div>\n<\/div>\n\n\n\n<h4 class=\"wp-block-heading has-text-align-left has-text-color\" style=\"color:#5b4c0d;font-style:normal;font-weight:500\"><strong>D\u00eda Internacional contra el uso indebido y el tr\u00e1fico il\u00edcito de drogas<\/strong><\/h4>\n\n\n\n<p class=\"has-text-color\" style=\"color:#916904;font-size:18px\">El tr\u00e1fico y el uso indebido de las drogas representan un gran obst\u00e1culo para el desarrollo. El consumo de drogas acarrea numerosos riesgos para la salud y la atenci\u00f3n a los toxic\u00f3manos suele ser insuficiente.<\/p>\n\n\n\n<p class=\"has-text-color\" style=\"color:#916904;font-size:18px\">En 1987, la Asamblea General de las Naciones Unidas sobre Drogas (UNGASS) decidi\u00f3 establecer el d\u00eda 26 de junio de cada a\u00f1o como el D\u00eda Internacional de la lucha contra el uso indebido y el tr\u00e1fico il\u00edcito de drogas. Su objetivo es crear una conciencia en la sociedad de los da\u00f1os a corto y largo plazo tanto en un esquema social como de salud para el individuo y hacer \u00e9nfasis en las acciones de prevenci\u00f3n y tratamiento correspondientes para contribuir desde cualquier posici\u00f3n social a la pronta atenci\u00f3n de esta pr\u00e1ctica.<\/p>\n\n\n\n<figure class=\"wp-block-image aligncenter size-full is-resized\"><img loading=\"lazy\" decoding=\"async\" width=\"589\" height=\"218\" src=\"https:\/\/www.ssaver.gob.mx\/ceca\/wp-content\/uploads\/sites\/17\/2022\/07\/anti-drugs.png\" alt=\"\" class=\"wp-image-658\" style=\"width:1094px;height:405px\" srcset=\"https:\/\/www.ssaver.gob.mx\/ceca\/wp-content\/uploads\/sites\/17\/2022\/07\/anti-drugs.png 589w, https:\/\/www.ssaver.gob.mx\/ceca\/wp-content\/uploads\/sites\/17\/2022\/07\/anti-drugs-300x111.png 300w\" sizes=\"auto, (max-width: 589px) 100vw, 589px\" \/><\/figure>\n\n\n\n<h4 class=\"wp-block-heading has-text-align-left has-text-color\" style=\"color:#5b4c0d;font-style:normal;font-weight:500\"><strong>Talleres psicoeducativos para la prevenci\u00f3n de consumo de drogas<\/strong><\/h4>\n\n\n\n<p class=\"has-text-color\" style=\"color:#916904;font-size:18px\">La adolescencia se manifiesta como una etapa altamente vulnerable en cuanto a el desarrollo de la personalidad, establecer objetivos a largo plazo as\u00ed como distinguir desde el \u00e1mbito emocional los cambios que se manifiestan en el estado de \u00e1nimo del manifestante por su corta edad destaca la necesidad de trabajar con esta poblaci\u00f3n desde una perspectiva comprensiva evolutiva de la adolescencia, a fin de afectar las conductas de consumo de la poblaci\u00f3n adolescente en t\u00e9rminos de evitar y\/o retardar la edad de inicio para disminuir el consumo de sustancias psicoactivas en esta poblaci\u00f3n.<\/p>\n\n\n\n<p class=\"has-text-color\" style=\"color:#916904;font-size:18px\">Para lo cual lo oficina de CECA se preocupa en Implementar talleres psicoeducativos para desarrollar competencias en ni\u00f1os, adolescentes, padres y maestros para prevenir el consumo de drogas.<\/p>\n\n\n\n<p class=\"has-text-color\" style=\"color:#916904;font-size:18px\">Trabaja en establecer Puntos de venta sensibilizados sobre la \u00abNo Venta de Inhalables a Menores de Edad\u00bb, con el objetivo de Sensibilizar a los responsables y due\u00f1os de tlapaler\u00edas y ferreter\u00edas, para sumarse a las acciones preventivas y de control de la venta de inhalables entre menores de edad.<\/p>\n\n\n\n<h5 class=\"wp-block-heading has-text-align-left has-text-color\" style=\"color:#5b4c0d;font-style:normal;font-weight:500\"><strong>Campa\u00f1as de prevenci\u00f3n del consumo de mariguana<\/strong><\/h5>\n\n\n\n<p class=\"has-text-color\" style=\"color:#916904;font-size:18px\">Su objetivo es Implementar una campa\u00f1a en redes sociales digitales para sensibilizar a la poblaci\u00f3n, especialmente a los adolescentes, acerca de los da\u00f1os y consecuencias asociadas al consumo de mariguana, as\u00ed como informar oportunamente sobre el marco regulatorio de la sustancia.<\/p>\n\n\n\n<hr class=\"wp-block-separator has-alpha-channel-opacity is-style-wide\" \/>\n\n\n\n<h5 class=\"wp-block-heading has-text-align-left has-text-color\" style=\"color:#5b4c0d;font-style:normal;font-weight:500\"><strong><strong>Responsable de la oficina contra las drogas y atenci\u00f3n integral:<\/strong><\/strong><\/h5>\n\n\n\n<p class=\"has-text-color\" style=\"color:#916904;font-size:16px\">Karla Estefania Olmos Aguilar<br>email: karlaaguilar14.sever@gmail.com<br>Direcci\u00f3n: Xalape\u00f1os Ilustres #3 C.P. 91000. Col. Centro. Xalapa, Ver., <br>Tel: 01 (228) 840-37-27<\/p>\n<\/div>\n<\/div>\n<\/div>\n<\/div>\n<\/div>\n\n\n\n<div class=\"wp-block-column is-vertically-aligned-top is-layout-flow wp-container-core-column-is-layout-92d440f1 wp-block-column-is-layout-flow\" style=\"padding-top:0;padding-bottom:0;flex-basis:30%\">\n<div class=\"wp-block-columns are-vertically-aligned-top has-background is-layout-flex wp-container-core-columns-is-layout-b5d2ac3b wp-block-columns-is-layout-flex\" style=\"border-radius:26px;background-color:#f4f4ef;margin-top:0;margin-bottom:0;padding-top:0;padding-right:var(--wp--preset--spacing--60);padding-bottom:0;padding-left:var(--wp--preset--spacing--60)\">\n<div class=\"wp-block-column is-vertically-aligned-top is-layout-flow wp-block-column-is-layout-flow\" style=\"border-radius:26px;flex-basis:100%\">\n<p class=\"has-text-align-center has-text-color\" style=\"color:#5b4c0d;margin-top:var(--wp--preset--spacing--20);margin-bottom:var(--wp--preset--spacing--20);font-size:22px\"><strong>Mapas Interactivos<\/strong><\/p>\n\n\n\n<hr class=\"wp-block-separator has-text-color has-alpha-channel-opacity has-background is-style-wide\" style=\"margin-top:var(--wp--preset--spacing--20);margin-bottom:var(--wp--preset--spacing--20);background-color:#d8bf31;color:#d8bf31\" \/>\n\n\n\n<div class=\"wp-block-buttons is-layout-flex wp-container-core-buttons-is-layout-7bbf5824 wp-block-buttons-is-layout-flex\">\n<div class=\"wp-block-button has-custom-width wp-block-button__width-100\"><a class=\"wp-block-button__link has-background wp-element-button\" href=\"https:\/\/www.ssaver.gob.mx\/ceca\/2025\/03\/26\/806\/\" style=\"border-radius:16px;background-color:#560808\" target=\"_blank\" rel=\"noreferrer noopener\"><strong>MAPA DE SUSTANCIAS PSICOACTIVAS<\/strong><\/a><\/div>\n\n\n\n<div class=\"wp-block-button has-custom-width wp-block-button__width-100\"><a class=\"wp-block-button__link has-background wp-element-button\" href=\"https:\/\/incobss.ssaver.gob.mx\/Ceca\/MapaSuicidios\" style=\"border-radius:16px;background-color:#560808\" target=\"_blank\" rel=\"noreferrer noopener\"><strong>MAPA DE SUICIDIOS<\/strong><\/a><\/div>\n<\/div>\n\n\n\n<p class=\"has-text-align-center has-text-color\" style=\"color:#5b4c0d;margin-top:var(--wp--preset--spacing--20);margin-bottom:var(--wp--preset--spacing--20);font-size:22px\"><strong>Enlaces Externos<\/strong><\/p>\n\n\n\n<hr class=\"wp-block-separator has-text-color has-alpha-channel-opacity has-background is-style-wide\" style=\"margin-top:var(--wp--preset--spacing--20);margin-bottom:var(--wp--preset--spacing--20);background-color:#d8bf31;color:#d8bf31\" \/>\n\n\n\n<div class=\"wp-block-columns is-layout-flex wp-container-core-columns-is-layout-33233fb6 wp-block-columns-is-layout-flex\" style=\"margin-top:var(--wp--preset--spacing--20);margin-bottom:var(--wp--preset--spacing--20)\">\n<div class=\"wp-block-column is-layout-flow wp-block-column-is-layout-flow\">\n<ul class=\"wp-block-list\">\n<li class=\"has-text-color has-link-color wp-elements-3ccde5164a8d1e3c7240be75f3df819f\" style=\"color:#7a1737;font-size:17px\"><strong><a href=\"https:\/\/www.gob.mx\/conasama\/documentos\/directorio-nacional-de-unidades-de-especialidades-medicas-uneme-cecosama\" target=\"_blank\" rel=\"noreferrer noopener\">Directorio Nacional de las UNEME-CECOSAMA<\/a><\/strong><\/li>\n\n\n\n<li style=\"font-size:17px\"><strong>Estudios de investigaci\u00f3n<\/strong>\n<ul class=\"wp-block-list\">\n<li class=\"has-text-color has-link-color wp-elements-c86957d926b6e0394d142a604e0bd83b\" style=\"color:#7a1737;font-size:17px\"><strong><a href=\"https:\/\/www.gob.mx\/conasama\/documentos\/estudio-sobre-el-uso-de-cannabis-y-sus-derivados-en-poblacion-mexicana-378886?\" target=\"_blank\" rel=\"noreferrer noopener\">Estudio sobre el uso de Cannabis y sus derivados en poblaci\u00f3n mexicana<\/a><\/strong><\/li>\n<\/ul>\n<\/li>\n\n\n\n<li style=\"font-size:17px\"><strong>Informes T\u00e9cnicos<\/strong>\n<ul class=\"wp-block-list\">\n<li class=\"has-text-color has-link-color wp-elements-e5a58878165d3c7dc4a53fea79eaea16\" style=\"color:#7a1737;font-size:17px\"><strong><a href=\"https:\/\/www.gob.mx\/salud\/conadic\/documentos\/informe-de-la-demanda-y-oferta-de-fentanilo-en-mexico-generalidades-y-situacion-actual\" target=\"_blank\" rel=\"noreferrer noopener\"><\/a><a href=\"https:\/\/www.gob.mx\/conasama\/documentos\/informe-de-la-demanda-y-oferta-de-fentanilo-en-mexico-generalidades-y-situacion-actual-378889?state=published\" target=\"_blank\" rel=\"noreferrer noopener\">Informe de la Demanda y Oferta de Fentanilo en M\u00e9xico: generalidades y situaci\u00f3n actual<\/a><\/strong><\/li>\n\n\n\n<li class=\"has-text-color has-link-color wp-elements-f771c653918665f055b1358295b212a0\" style=\"color:#7a1737;font-size:17px\"><strong><a href=\"https:\/\/www.gob.mx\/salud\/conadic\/documentos\/informe-de-la-demanda-y-oferta-de-fentanilo-en-mexico-generalidades-y-situacion-actual\" target=\"_blank\" rel=\"noreferrer noopener\"><\/a><\/strong><a href=\"https:\/\/www.gob.mx\/conasama\/documentos\/informe-sobre-la-situacion-de-la-salud-mental-y-el-consumo-de-sustancias-en-mexico\" target=\"_blank\" rel=\"noreferrer noopener\"><strong>Informe sobre la Situaci\u00f3n de la salud mental y el consumo de sustancias en M\u00e9xico<\/strong><\/a><\/li>\n<\/ul>\n<\/li>\n\n\n\n<li style=\"font-size:17px\"><strong>Alertas<\/strong>\n<ul class=\"wp-block-list\">\n<li class=\"has-text-color has-link-color wp-elements-49a3eb46eb1a82fbf6870880c3df22a9\" style=\"color:#7a1737;font-size:17px\"><strong><a href=\"https:\/\/www.gob.mx\/conasama\/documentos\/alerta-para-personal-de-salud-y-primeros-respondientes-de-ciudades-fronterizas-de-mexico-378888?state=published\" target=\"_blank\" rel=\"noreferrer noopener\">Alerta para personal de salud y primeros respondientes de ciudades fronterizas de M\u00e9xico<\/a><\/strong><\/li>\n<\/ul>\n<\/li>\n<\/ul>\n<\/div>\n<\/div>\n\n\n\n<hr class=\"wp-block-separator has-text-color has-alpha-channel-opacity has-background is-style-wide\" style=\"margin-top:var(--wp--preset--spacing--40);margin-bottom:var(--wp--preset--spacing--40);background-color:#d8bf31;color:#d8bf31\" \/>\n\n\n\n<ul style=\"margin-top:var(--wp--preset--spacing--20);margin-bottom:var(--wp--preset--spacing--20)\" class=\"wp-block-list\">\n<li class=\"has-text-color has-link-color wp-elements-00905b323a33ded73da15dcd638e3283\" style=\"color:#7a1737;margin-top:var(--wp--preset--spacing--20);margin-bottom:var(--wp--preset--spacing--20);font-size:17px\"><strong><a href=\"https:\/\/www.ssaver.gob.mx\/ceca\/repositorio-de-datos\/\" target=\"_blank\" rel=\"noreferrer noopener\">Repositorio de Datos<\/a><\/strong><\/li>\n<\/ul>\n<\/div>\n<\/div>\n<\/div>\n<\/div>\n<\/div>\n","protected":false},"excerpt":{"rendered":"<p>En esta oficina se lleva a cabo la funci\u00f3n administrativa correspondiente a acciones de prevenci\u00f3n y atenci\u00f3n integral oportuna dirigida<\/p>\n","protected":false},"author":5,"featured_media":0,"parent":0,"menu_order":4,"comment_status":"closed","ping_status":"closed","template":"","meta":{"colormag_page_container_layout":"default_layout","colormag_page_sidebar_layout":"default_layout","footnotes":""},"class_list":["post-515","page","type-page","status-publish","hentry"],"_links":{"self":[{"href":"https:\/\/www.ssaver.gob.mx\/ceca\/wp-json\/wp\/v2\/pages\/515","targetHints":{"allow":["GET"]}}],"collection":[{"href":"https:\/\/www.ssaver.gob.mx\/ceca\/wp-json\/wp\/v2\/pages"}],"about":[{"href":"https:\/\/www.ssaver.gob.mx\/ceca\/wp-json\/wp\/v2\/types\/page"}],"author":[{"embeddable":true,"href":"https:\/\/www.ssaver.gob.mx\/ceca\/wp-json\/wp\/v2\/users\/5"}],"replies":[{"embeddable":true,"href":"https:\/\/www.ssaver.gob.mx\/ceca\/wp-json\/wp\/v2\/comments?post=515"}],"version-history":[{"count":50,"href":"https:\/\/www.ssaver.gob.mx\/ceca\/wp-json\/wp\/v2\/pages\/515\/revisions"}],"predecessor-version":[{"id":2372,"href":"https:\/\/www.ssaver.gob.mx\/ceca\/wp-json\/wp\/v2\/pages\/515\/revisions\/2372"}],"wp:attachment":[{"href":"https:\/\/www.ssaver.gob.mx\/ceca\/wp-json\/wp\/v2\/media?parent=515"}],"curies":[{"name":"wp","href":"https:\/\/api.w.org\/{rel}","templated":true}]}}