{"id":517,"date":"2022-07-01T18:27:29","date_gmt":"2022-07-01T23:27:29","guid":{"rendered":"https:\/\/www.ssaver.gob.mx\/ceca\/?page_id=517"},"modified":"2026-03-19T11:34:59","modified_gmt":"2026-03-19T17:34:59","slug":"oficina-contra-el-alcoholismo-y-centros-de-tratamiento","status":"publish","type":"page","link":"https:\/\/www.ssaver.gob.mx\/ceca\/oficina-contra-el-alcoholismo-y-centros-de-tratamiento\/","title":{"rendered":"Oficina contra el alcoholismo y centros de tratamiento"},"content":{"rendered":"\n<div class=\"wp-block-group is-layout-constrained wp-container-core-group-is-layout-9517baca wp-block-group-is-layout-constrained\">\n<div class=\"wp-block-columns is-layout-flex wp-container-core-columns-is-layout-28f84493 wp-block-columns-is-layout-flex\">\n<div class=\"wp-block-column is-vertically-aligned-center is-layout-flow wp-block-column-is-layout-flow\" style=\"flex-basis:70%\">\n<div class=\"wp-block-columns is-layout-flex wp-container-core-columns-is-layout-9c22b1e3 wp-block-columns-is-layout-flex\">\n<div class=\"wp-block-column is-vertically-aligned-stretch is-layout-flow wp-container-core-column-is-layout-c43c6636 wp-block-column-is-layout-flow\" style=\"padding-right:0;padding-left:0;flex-basis:100%\">\n<div class=\"wp-block-cover wp-elements-f3659932749f3842c1395f17a3f65ff4 has-aspect-ratio\" style=\"margin-top:0;margin-bottom:0;padding-top:0;padding-right:0;padding-bottom:0;padding-left:0;aspect-ratio:auto;min-height:unset;\"><img decoding=\"async\" class=\"wp-block-cover__image-background wp-image-5220 size-full\" alt=\"\" src=\"https:\/\/www.ssaver.gob.mx\/tecnologias\/wp-content\/uploads\/sites\/14\/2025\/09\/textura_areas_TI-scaled.png\" style=\"object-position:15% 27%\" data-object-fit=\"cover\" data-object-position=\"15% 27%\" \/><span aria-hidden=\"true\" class=\"wp-block-cover__background has-background-dim-100 has-background-dim\" style=\"background-color:#720f37\"><\/span><div class=\"wp-block-cover__inner-container is-layout-constrained wp-container-core-cover-is-layout-72190d31 wp-block-cover-is-layout-constrained\">\n<p class=\"has-text-align-center\" style=\"font-size:28px\"><strong>Oficina contra el alcoholismo y centros de tratamiento<\/strong><\/p>\n<\/div><\/div>\n<\/div>\n<\/div>\n\n\n\n<div class=\"wp-block-columns is-layout-flex wp-container-core-columns-is-layout-b2864ded wp-block-columns-is-layout-flex\" style=\"margin-top:0;margin-bottom:0;padding-top:0;padding-bottom:0\">\n<div class=\"wp-block-column is-vertically-aligned-center has-background is-layout-flow wp-block-column-is-layout-flow\" style=\"background:linear-gradient(180deg,rgb(233,231,225) 32%,rgba(232,230,225,0) 100%);padding-top:var(--wp--preset--spacing--40);padding-right:var(--wp--preset--spacing--40);padding-bottom:var(--wp--preset--spacing--40);padding-left:var(--wp--preset--spacing--40);flex-basis:100%\">\n<hr class=\"wp-block-separator aligncenter has-text-color has-alpha-channel-opacity has-background is-style-wide\" style=\"margin-top:var(--wp--preset--spacing--20);margin-bottom:var(--wp--preset--spacing--20);background-color:#d6af4d;color:#d6af4d\" \/>\n\n\n\n<div class=\"wp-block-columns has-background is-layout-flex wp-container-core-columns-is-layout-28f84493 wp-block-columns-is-layout-flex\" style=\"background-color:#fff4e0\">\n<div class=\"wp-block-column is-vertically-aligned-center is-layout-flow wp-block-column-is-layout-flow\" style=\"flex-basis:66.66%\">\n<h4 class=\"wp-block-heading has-text-color\" style=\"color:#5b4c0d\"><strong>Oficina contra el alcoholismo y centros de tratamiento<\/strong><\/h4>\n\n\n\n<p class=\"has-text-color\" style=\"color:#916904\">Comprometida con la prevenci\u00f3n entre otras muchas actuaciones la oficina de la Comisi\u00f3n Estatal Contra las Adicciones se muestra activa en su intervenci\u00f3n sobre el consumo del alcohol, dicha sustancia se convierte en un problema de salud p\u00fablica cuando la repercusi\u00f3n que tiene en el consumo no se queda solamente en lo puramente sanitario si no que se extiende a diferentes \u00e1mbitos de la sociedad.<\/p>\n\n\n\n<p class=\"has-text-color\" style=\"color:#916904\">El buso en el consumo de bebidas alcoh\u00f3licas en los planos individual, familiar y social genera efectos sumamente da\u00f1inos. Las consecuencias en la econom\u00eda familiar se evidencian de igual forma que surgen acciones de violencia, as\u00ed como la prosperidad individual y social merman por lo que la adicci\u00f3n genera situaciones que repercuten en el sufrimiento moral del propio bebedor y de terceras personas.<\/p>\n<\/div>\n\n\n\n<div class=\"wp-block-column is-vertically-aligned-center is-layout-flow wp-block-column-is-layout-flow\" style=\"flex-basis:33.33%\">\n<figure class=\"wp-block-image aligncenter is-resized\"><img loading=\"lazy\" decoding=\"async\" width=\"344\" height=\"343\" src=\"https:\/\/www.ssaver.gob.mx\/ceca\/wp-content\/uploads\/sites\/17\/2022\/07\/no-abuses-alcohol.jpg\" alt=\"\" class=\"wp-image-560\" style=\"width:344px;height:343px\" srcset=\"https:\/\/www.ssaver.gob.mx\/ceca\/wp-content\/uploads\/sites\/17\/2022\/07\/no-abuses-alcohol.jpg 344w, https:\/\/www.ssaver.gob.mx\/ceca\/wp-content\/uploads\/sites\/17\/2022\/07\/no-abuses-alcohol-300x300.jpg 300w, https:\/\/www.ssaver.gob.mx\/ceca\/wp-content\/uploads\/sites\/17\/2022\/07\/no-abuses-alcohol-150x150.jpg 150w\" sizes=\"auto, (max-width: 344px) 100vw, 344px\" \/><\/figure>\n<\/div>\n<\/div>\n\n\n\n<div class=\"wp-block-columns has-background is-layout-flex wp-container-core-columns-is-layout-28f84493 wp-block-columns-is-layout-flex\" style=\"background-color:#fff4e0\">\n<div class=\"wp-block-column is-vertically-aligned-center is-layout-flow wp-block-column-is-layout-flow\" style=\"flex-basis:33.33%\">\n<figure class=\"wp-block-image aligncenter size-full\"><img loading=\"lazy\" decoding=\"async\" width=\"291\" height=\"291\" src=\"https:\/\/www.ssaver.gob.mx\/ceca\/wp-content\/uploads\/sites\/17\/2022\/07\/linea-de-vida.png\" alt=\"\" class=\"wp-image-565\" srcset=\"https:\/\/www.ssaver.gob.mx\/ceca\/wp-content\/uploads\/sites\/17\/2022\/07\/linea-de-vida.png 291w, https:\/\/www.ssaver.gob.mx\/ceca\/wp-content\/uploads\/sites\/17\/2022\/07\/linea-de-vida-150x150.png 150w\" sizes=\"auto, (max-width: 291px) 100vw, 291px\" \/><\/figure>\n<\/div>\n\n\n\n<div class=\"wp-block-column is-vertically-aligned-center is-layout-flow wp-block-column-is-layout-flow\" style=\"flex-basis:66.66%\">\n<h4 class=\"wp-block-heading has-text-color\" style=\"color:#5b4c0d\"><strong>\u00bfQu\u00e9 hace?<\/strong><\/h4>\n\n\n\n<p class=\"has-text-color\" style=\"color:#916904\">CECA se encarga de establecer acciones dirigidas a prevenir el alcoholismo, cumplir con la finalidad de adelantarnos a una conducta de riesgo que cada vez comienza a una edad m\u00e1s temprana. Acciona para crear conciencia en elevar la calidad de vida y establecer conductas responsables en j\u00f3venes, mujeres y hombres que sean afectos al consumo disminuyendo as\u00ed los \u00edndices de este.<\/p>\n\n\n\n<p class=\"has-text-color\" style=\"color:#916904\">Canalizar a quien presentara una conducta psicol\u00f3gica habitual y repetida para reducir los \u00edndices de uso y abuso de las bebidas alcoh\u00f3licas, mejorar el tratamiento previo inter\u00e9s de quien presenta el consumo, con el fin de solucionar su adicci\u00f3n con acciones que se distingan por la calidad y calidez en su atenci\u00f3n.<\/p>\n<\/div>\n<\/div>\n\n\n\n<div class=\"wp-block-columns has-background is-layout-flex wp-container-core-columns-is-layout-28f84493 wp-block-columns-is-layout-flex\" style=\"background-color:#fff4e0\">\n<div class=\"wp-block-column is-vertically-aligned-center is-layout-flow wp-block-column-is-layout-flow\" style=\"flex-basis:100%\">\n<h4 class=\"wp-block-heading has-text-color\" style=\"color:#5b4c0d\"><strong>Acciones estrat\u00e9gicas en materia de prevenci\u00f3n, control y combate del consumo de alcohol<\/strong><\/h4>\n\n\n\n<p class=\"has-text-color\" style=\"color:#916904\">Es alcohol se considera una droga legal, sus efectos repercuten en el estado de \u00e1nimo al ser una sustancia depresora del Sistema Nervioso Central, su efecto inicial con bajas dosis suele producir euforia y desinhibici\u00f3n por lo que podr\u00eda confundirse con un estimulante. Para contraponer el f\u00e1cil acceso al consumo del alcohol se trabaja constantemente buscando alcanzar gremios y extensas masas, por lo cual, CECA conlleva acciones bajo las siguientes estrategias:<\/p>\n\n\n\n<div class=\"wp-block-columns is-layout-flex wp-container-core-columns-is-layout-28f84493 wp-block-columns-is-layout-flex\">\n<div class=\"wp-block-column is-vertically-aligned-center is-layout-flow wp-block-column-is-layout-flow\" style=\"flex-basis:66.66%\">\n<ul class=\"wp-block-list\">\n<li>Promover la participaci\u00f3n de los sectores P\u00fablico y Privado en la realizaci\u00f3n de campa\u00f1as educativas permanentes para la prevenci\u00f3n de las adicciones.<\/li>\n<\/ul>\n<\/div>\n\n\n\n<div class=\"wp-block-column is-vertically-aligned-center is-layout-flow wp-block-column-is-layout-flow\" style=\"flex-basis:33.33%\">\n<figure class=\"wp-block-image aligncenter size-full is-resized\"><img loading=\"lazy\" decoding=\"async\" width=\"161\" height=\"80\" src=\"https:\/\/www.ssaver.gob.mx\/ceca\/wp-content\/uploads\/sites\/17\/2022\/07\/engrane-Mexico.png\" alt=\"\" class=\"wp-image-571\" style=\"width:228px;height:113px\" \/><\/figure>\n<\/div>\n<\/div>\n\n\n\n<div class=\"wp-block-columns is-layout-flex wp-container-core-columns-is-layout-28f84493 wp-block-columns-is-layout-flex\">\n<div class=\"wp-block-column is-layout-flow wp-block-column-is-layout-flow\" style=\"flex-basis:33.33%\">\n<figure class=\"wp-block-image aligncenter size-full is-resized\"><img loading=\"lazy\" decoding=\"async\" width=\"155\" height=\"77\" src=\"https:\/\/www.ssaver.gob.mx\/ceca\/wp-content\/uploads\/sites\/17\/2022\/07\/medios-comunicacion.png\" alt=\"\" class=\"wp-image-572\" style=\"width:254px;height:126px\" \/><\/figure>\n<\/div>\n\n\n\n<div class=\"wp-block-column is-vertically-aligned-center is-layout-flow wp-block-column-is-layout-flow\" style=\"flex-basis:66.66%\">\n<ul class=\"wp-block-list\">\n<li>Dar a conocer a trav\u00e9s de los medios de comunicaci\u00f3n masiva, mensajes para prevenir dependencias informando en temas como el alcohol, psicoactivos y tabaco en la poblaci\u00f3n veracruzana.<\/li>\n<\/ul>\n<\/div>\n<\/div>\n<\/div>\n<\/div>\n\n\n\n<div class=\"wp-block-columns has-background is-layout-flex wp-container-core-columns-is-layout-28f84493 wp-block-columns-is-layout-flex\" style=\"background-color:#fff4e0\">\n<div class=\"wp-block-column is-vertically-aligned-center is-layout-flow wp-block-column-is-layout-flow\" style=\"flex-basis:100%\">\n<h4 class=\"wp-block-heading has-text-color\" style=\"color:#5b4c0d\"><strong>Estrategia Nacional para evitar la venta de alcohol a menores de edad<\/strong><\/h4>\n\n\n\n<p class=\"has-text-color\" style=\"color:#916904\">En M\u00e9xico se presenta una situaci\u00f3n con la poblaci\u00f3n adolescente quienes alarmantemente inician el consumo del alcohol en una edad promedio de 10.6 a\u00f1os. Es en la edad escolar secundaria y bachillerato cuando se eleva la ingesta registrando un \u00edndice del 53.2% de consumo dentro de este sector ampliamente vulnerable.<\/p>\n\n\n\n<p class=\"has-text-color\" style=\"color:#916904\">Derivado de las estad\u00edsticas, la Secretar\u00eda de Salud a trav\u00e9s de la COFEPRIS, la CONADIC y Comisiones Estatales Contra Adicciones, trabajan en una \u201cEstrategia Nacional para la Prevenci\u00f3n del Consumo de Bebidas Alcoh\u00f3licas en Menores de Edad\u201d. con el prop\u00f3sito de implementar acciones de regulaci\u00f3n, fomento y control sanitario en establecimientos que expendan este tipo de bebidas en el pa\u00eds.<\/p>\n\n\n\n<h4 class=\"wp-block-heading has-text-color\" style=\"color:#5b4c0d\"><strong>CECA trabaja dentro de esta estrategia desde dos vertientes:<\/strong><\/h4>\n\n\n\n<p class=\"has-text-color\" style=\"color:#916904\">En campa\u00f1as de sensibilizaci\u00f3n a padres de familia y menores sobre el consumo de alcohol en instituciones educativas y en la circulaci\u00f3n de material de difusi\u00f3n como i) r\u00f3tulos en la pared de los establecimientos, ii) volantes, iii) brazaletes y iv) folletos, en los cuales se promueve la prohibici\u00f3n para servir, vender u ofrecer bebidas alcoh\u00f3licas a menores de edad.<\/p>\n\n\n\n<p class=\"has-text-color\" style=\"color:#916904\">Acciones espec\u00edficas:<\/p>\n\n\n\n<ul class=\"wp-block-list\">\n<li>Operativos Conjuntos CONADIC-COFEPRIS en los Estados CECA y Riesgos Sanitarios Estatal.<\/li>\n\n\n\n<li>Protocolo de Atenci\u00f3n a Menores de Edad por parte de la CECA.<\/li>\n\n\n\n<li>CONADIC (CECA) y COFEPRIS (COEPRIS) realizar\u00e1 la convocatoria asociaciones y c\u00e1maras involucradas para capacitaci\u00f3n. CECA y COEPRIS en los estados y municipios.<\/li>\n<\/ul>\n\n\n\n<p class=\"has-text-color\" style=\"color:#916904\">Campa\u00f1a de difusi\u00f3n:<\/p>\n\n\n\n<ul class=\"wp-block-list\">\n<li>COFEPRIS enfocado en los establecimientos<\/li>\n\n\n\n<li>CECA enfocada en instituciones educativas<\/li>\n<\/ul>\n<\/div>\n<\/div>\n\n\n\n<div class=\"wp-block-columns has-background is-layout-flex wp-container-core-columns-is-layout-28f84493 wp-block-columns-is-layout-flex\" style=\"background-color:#fff4e0\">\n<div class=\"wp-block-column is-vertically-aligned-center is-layout-flow wp-block-column-is-layout-flow\" style=\"flex-basis:66.66%\">\n<h4 class=\"wp-block-heading has-text-color\" style=\"color:#5b4c0d\"><strong>Semana Nacional Compartiendo Esfuerzos<\/strong><\/h4>\n\n\n\n<p class=\"has-text-color\" style=\"color:#916904\">Hace 24 a\u00f1os se firm\u00f3 un convenio a nivel nacional entre la Secretar\u00eda de Salud y la Central Mexicana de Alcoh\u00f3licos An\u00f3nimos para que en la tercera semana de enero de cada a\u00f1o se conmemore la Semana Nacional \u00abCompartiendo Esfuerzos\u00bb, en donde se instalan m\u00f3dulos de informaci\u00f3n por parte de la Central Mexicana de Alcoh\u00f3licos An\u00f3nimos en todo el pa\u00eds.<\/p>\n\n\n\n<p class=\"has-text-color\" style=\"color:#916904\">Para este evento se dedica cada a\u00f1o un tema y un lema en especial, que en esta ocasi\u00f3n en su 28.a semana fueron:<\/p>\n\n\n\n<p class=\"has-text-color\" style=\"color:#916904\">Lema: \u00abLa importancia de los Medios de Comunicaci\u00f3n en la Transmisi\u00f3n del Mensaje de Alcoh\u00f3licos An\u00f3nimos\u00bb<\/p>\n\n\n\n<p class=\"has-text-color\" style=\"color:#916904\">Tema: Alcoholismo y los Medios de Comunicaci\u00f3n<\/p>\n\n\n\n<p class=\"has-text-color\" style=\"color:#916904\">Este a\u00f1o la Celebraci\u00f3n de la mencionada semana se lleva a cabo del 23 al 29 de enero.<\/p>\n<\/div>\n\n\n\n<div class=\"wp-block-column is-vertically-aligned-center is-layout-flow wp-block-column-is-layout-flow\" style=\"flex-basis:33.33%\">\n<figure class=\"wp-block-image size-full\"><img loading=\"lazy\" decoding=\"async\" width=\"712\" height=\"930\" src=\"https:\/\/www.ssaver.gob.mx\/ceca\/wp-content\/uploads\/sites\/17\/2023\/02\/cartel-alcoholicos.jpg\" alt=\"\" class=\"wp-image-844\" srcset=\"https:\/\/www.ssaver.gob.mx\/ceca\/wp-content\/uploads\/sites\/17\/2023\/02\/cartel-alcoholicos.jpg 712w, https:\/\/www.ssaver.gob.mx\/ceca\/wp-content\/uploads\/sites\/17\/2023\/02\/cartel-alcoholicos-230x300.jpg 230w\" sizes=\"auto, (max-width: 712px) 100vw, 712px\" \/><\/figure>\n<\/div>\n<\/div>\n\n\n\n<div class=\"wp-block-columns has-background is-layout-flex wp-container-core-columns-is-layout-28f84493 wp-block-columns-is-layout-flex\" style=\"background-color:#fff4e0\">\n<div class=\"wp-block-column is-vertically-aligned-center is-layout-flow wp-block-column-is-layout-flow\" style=\"flex-basis:100%\">\n<h4 class=\"wp-block-heading has-text-color\" style=\"color:#5b4c0d\"><strong>Programa Nacional de Alcoholimetr\u00eda<\/strong><\/h4>\n\n\n\n<p class=\"has-text-color\" style=\"color:#916904\">En M\u00e9xico se presenta una situaci\u00f3n con la poblaci\u00f3n adolescente quienes alarmantemente inician el consumo del alcohol en una edad promedio de 10.6 a\u00f1os. Es en la edad escolar secundaria y bachillerato cuando se eleva la ingesta registrando un \u00edndice del 53.2% de consumo dentro de este sector ampliamente vulnerable.<\/p>\n\n\n\n<p class=\"has-text-color\" style=\"color:#916904\">Derivado de las estad\u00edsticas, la Secretar\u00eda de Salud a trav\u00e9s de la COFEPRIS, la CONADIC y Comisiones Estatales Contra Adicciones, trabajan en una \u201cEstrategia Nacional para la Prevenci\u00f3n del Consumo de Bebidas Alcoh\u00f3licas en Menores de Edad\u201d. con el prop\u00f3sito de implementar acciones de regulaci\u00f3n, fomento y control sanitario en establecimientos que expendan este tipo de bebidas en el pa\u00eds.<\/p>\n\n\n\n<h4 class=\"wp-block-heading has-text-color\" style=\"color:#5b4c0d\"><strong>CECA trabaja dentro de esta estrategia desde dos vertientes:<\/strong><\/h4>\n\n\n\n<p class=\"has-text-color\" style=\"color:#916904\">El 18 de septiembre del 2003 se establece el Programa de Alcoholimetr\u00eda \u201cConduce sin Alcohol\u201d en el Distrito Federal. Posteriormente en el a\u00f1o 2007, la Secretaria de Salud, a trav\u00e9s del Centro Nacional para la Prevenci\u00f3n de Accidentes (CENAPRA), presenta el programa de alcoholimetr\u00eda a los estados, con base en el modelo implementado en el Distrito Federal (Conduce sin Alcohol).<\/p>\n\n\n\n<p class=\"has-text-color\" style=\"color:#916904\">En el 2008, inicia la implementaci\u00f3n a nivel nacional. La CENAPRA, con base en el modelo del Distrito Federal elabora y publica el Manual para la Implementaci\u00f3n de Operativos de Alcoholimetr\u00eda en el a\u00f1o 2010.<\/p>\n\n\n\n<p class=\"has-text-color\" style=\"color:#916904\">La Comisi\u00f3n Estatal Contra las Adicciones debe intervenir en las acciones del programa para realizar sensibilizaci\u00f3n en Escuelas desde el nivel Secundaria hasta nivel Universitario para promover en los j\u00f3venes el conocimiento de los peligros de conducir en estado de ebriedad de no ingerir bebidas alcoh\u00f3licas si van a conducir un automotor.<\/p>\n\n\n\n<h6 class=\"wp-block-heading has-text-color\" style=\"color:#5b4c0d\">Objetivos del programa de alcoholimetr\u00eda<\/h6>\n\n\n\n<p class=\"has-text-color\" style=\"color:#916904\">Prevenir los accidentes de tr\u00e1nsito relacionados al consumo de alcohol, aplicando pruebas aleatorias para medir la cantidad de alcohol en la sangre a trav\u00e9s del aire espirado.<\/p>\n\n\n\n<p class=\"has-text-color\" style=\"color:#916904\">Desarrollar de manera coordinada con un abordaje multisectorial interdisciplinario, base indispensable para su \u00e9xito, percibiendo personas que conducen su veh\u00edculo en estado de ebriedad mismas que sin dicho programa estar\u00edan ocasionando da\u00f1os irreparables en personas inocentes como: lesiones, incapacidades y muertes.<\/p>\n\n\n\n<p class=\"has-text-color\" style=\"color:#916904\">Salvaguardar la integridad f\u00edsica de conductores, sus bienes, terceras personas y de la comunidad en general. Con la intervenci\u00f3n en prevenci\u00f3n de lesiones y promoci\u00f3n de la seguridad vial, as\u00ed como, la educaci\u00f3n del marco legal.<\/p>\n\n\n\n<p class=\"has-text-color\" style=\"color:#916904\">Sensibilizar y concientizar a la poblaci\u00f3n mexicana sobre la reducci\u00f3n del uso nocivo del alcohol. Homologando esfuerzos con los municipios a trav\u00e9s de los COMCA (Consejos Municipales Contra las Adiciones).<\/p>\n\n\n\n<h6 class=\"wp-block-heading has-text-color\" style=\"color:#5b4c0d\">Evento Conmemorativo del D\u00eda Nacional Contra el Uso Nocivo de Bebidas Alcoh\u00f3licas<\/h6>\n\n\n\n<p class=\"has-text-color\" style=\"color:#916904\">El pasado 8 de mayo se public\u00f3 en el Diario Oficial de la Federaci\u00f3n (DOF), el decreto por el que se declara de manera oficial al 15 de noviembre de cada a\u00f1o como el \u00abD\u00eda Nacional Contra el Uso Nocivo de Bebidas Alcoh\u00f3licas\u00bb.<\/p>\n\n\n\n<p class=\"has-text-color\" style=\"color:#916904\">Un Grupo T\u00e9cnico Consultivo, integrado por expertos en la materia y representantes de instituciones de salud, convocado y coordinado por CONADIC, trabajan con el alcohol en el desarrollo f\u00edsico y mental de mujeres, ni\u00f1os y j\u00f3venes para derrumbar mitos y pr\u00e1cticas comunes en la sociedad. La Comisi\u00f3n Estatal trabaja actualmente con el tema establecido para el 2020 \u201cHablemos de Alcohol y depresi\u00f3n\u201d.<\/p>\n\n\n\n<h6 class=\"wp-block-heading has-text-color\" style=\"color:#5b4c0d\">Marco jur\u00eddico del control de las bebidas alcoh\u00f3licas en M\u00e9xico<br>Marco legal<\/h6>\n\n\n\n<p class=\"has-text-color\" style=\"color:#916904\">Vigente, con las modificaciones. \u00daltima actualizaci\u00f3n 12\/05\/2020<br>Ley General de Salud Federal<br>Art\u00edculo 220.<\/p>\n\n\n\n<p class=\"has-text-color\" style=\"color:#916904\">En ning\u00fan caso y de ninguna forma se podr\u00e1n expender o suministrar bebidas alcoh\u00f3licas a menores de edad.<\/p>\n\n\n\n<p class=\"has-text-color\" style=\"color:#916904\">La violaci\u00f3n a esta disposici\u00f3n ser\u00e1 equiparable con el delito de Corrupci\u00f3n de Personas Menores de Dieciocho a\u00f1os de edad o de Personas que no tienen Capacidad para comprender el Significado del Hecho o de Personas que no tienen Capacidad para Resistirlo.<\/p>\n\n\n\n<p class=\"has-text-color\" style=\"color:#916904\">Lea m\u00e1s:&nbsp;<a href=\"https:\/\/leyes-mx.com\/ley_general_de_salud\/220.htm\" target=\"_blank\" rel=\"noreferrer noopener\">https:\/\/leyes-mx.com\/ley_general_de_salud\/220.htm<\/a><\/p>\n\n\n\n<p class=\"has-text-color\" style=\"color:#916904\">C\u00f3digo Penal Federal<br>Libro Segundo<\/p>\n\n\n\n<p class=\"has-text-color\" style=\"color:#916904\">T\u00edtulo Octavo &#8211; Delitos contra el Libre Desarrollo de la Personalidad<\/p>\n\n\n\n<p class=\"has-text-color\" style=\"color:#916904\">Cap\u00edtulo I &#8211; Corrupci\u00f3n de Personas Menores de Dieciocho A\u00f1os o de Personas que no Tienen Capacidad para Comprender el Significado del Hecho o de Personas que no Tienen Capacidad para Resistirlo<\/p>\n\n\n\n<p class=\"has-text-color\" style=\"color:#916904\">Art\u00edculo 201<\/p>\n\n\n\n<p class=\"has-text-color\" style=\"color:#916904\">Comete el delito de corrupci\u00f3n de menores, quien obligue, induzca, facilite o procure a una o varias personas menores de 18 a\u00f1os de edad o una o varias personas que no tienen capacidad para comprender el significado del hecho o una o varias personas que no tienen capacidad para resistirlo a realizar cualquiera de los siguientes actos:<\/p>\n\n\n\n<p class=\"has-text-color\" style=\"color:#916904\">a) Consumo habitual de bebidas alcoh\u00f3licas;<\/p>\n\n\n\n<p class=\"has-text-color\" style=\"color:#916904\">Ley General de Salud Art\u00edculo 185 Bis Federal de M\u00e9xico<\/p>\n\n\n\n<p class=\"has-text-color\" style=\"color:#916904\">Vigente, con las modificaciones. \u00daltima actualizaci\u00f3n 12\/05\/2020<br>Ley General de Salud Federal<br>Art\u00edculo 185 Bis.<br>Para efectos de esta Ley, se entender\u00e1 por uso nocivo del alcohol:<\/p>\n\n\n\n<p class=\"has-text-color\" style=\"color:#916904\">I.El consumo de bebidas alcoh\u00f3licas en cualquier cantidad por menores de edad;<\/p>\n\n\n\n<p class=\"has-text-color\" style=\"color:#916904\">II.El consumo en exceso de bebidas alcoh\u00f3licas por mujeres embarazadas;<\/p>\n\n\n\n<p class=\"has-text-color\" style=\"color:#916904\">III.El consumo en cualquier cantidad de alcohol en personas que van a manejar veh\u00edculos de transporte p\u00fablico de pasajeros, as\u00ed como automotores, maquinaria o que se van a desempe\u00f1ar en tareas que requieren habilidades y destrezas, especialmente las asociadas con el cuidado de la salud o la integridad de terceros;<\/p>\n\n\n\n<p class=\"has-text-color\" style=\"color:#916904\">IV.El consumo de alcohol en exceso, definido por la Secretar\u00eda de Salud en el programa para la prevenci\u00f3n, reducci\u00f3n y tratamiento del uso nocivo del alcohol, la atenci\u00f3n del alcoholismo y la prevenci\u00f3n de enfermedades derivadas del mismo;<\/p>\n\n\n\n<p class=\"has-text-color\" style=\"color:#916904\">V.El consumo en personas con alguna enfermedad cr\u00f3nica como hipertensi\u00f3n, diabetes, enfermedades hep\u00e1ticas, c\u00e1ncer y otras, siempre y cuando haya sido indicado por prescripci\u00f3n m\u00e9dica, y<\/p>\n\n\n\n<p class=\"has-text-color\" style=\"color:#916904\">VI.Aquel que sea determinado por la Secretar\u00eda de Salud.<\/p>\n\n\n\n<p class=\"has-text-color\" style=\"color:#916904\">Federal de M\u00e9xico Art\u00edculo 185 Bis Ley General de Salud<br>Lea m\u00e1s:&nbsp;<a href=\"https:\/\/leyes-mx.com\/ley_general_de_salud\/185%20Bis.htm\" target=\"_blank\" rel=\"noreferrer noopener\">https:\/\/leyes-mx.com\/ley_general_de_salud\/185%20Bis.htm<\/a><\/p>\n\n\n\n<p class=\"has-text-color\" style=\"color:#5b4c0d\"><strong>Responsable de la oficina contra el alcoholismo y centros de tratamiento:<\/strong><br>Direcci\u00f3n: Xalape\u00f1os Ilustres #3 int. 20 Col. Centro. Xalapa, Ver., C.P. 91000<br>Tel: (228) 840-37-17<\/p>\n<\/div>\n<\/div>\n<\/div>\n<\/div>\n<\/div>\n\n\n\n<div class=\"wp-block-column is-vertically-aligned-top is-layout-flow wp-container-core-column-is-layout-92d440f1 wp-block-column-is-layout-flow\" style=\"padding-top:0;padding-bottom:0;flex-basis:30%\">\n<div class=\"wp-block-columns are-vertically-aligned-top has-background is-layout-flex wp-container-core-columns-is-layout-b5d2ac3b wp-block-columns-is-layout-flex\" style=\"border-radius:26px;background-color:#f4f4ef;margin-top:0;margin-bottom:0;padding-top:0;padding-right:var(--wp--preset--spacing--60);padding-bottom:0;padding-left:var(--wp--preset--spacing--60)\">\n<div class=\"wp-block-column is-vertically-aligned-top is-layout-flow wp-block-column-is-layout-flow\" style=\"border-radius:26px;flex-basis:100%\">\n<p class=\"has-text-align-center has-text-color\" style=\"color:#5b4c0d;margin-top:var(--wp--preset--spacing--20);margin-bottom:var(--wp--preset--spacing--20);font-size:22px\"><strong>Mapas Interactivos<\/strong><\/p>\n\n\n\n<hr class=\"wp-block-separator has-text-color has-alpha-channel-opacity has-background is-style-wide\" style=\"margin-top:var(--wp--preset--spacing--20);margin-bottom:var(--wp--preset--spacing--20);background-color:#d8bf31;color:#d8bf31\" \/>\n\n\n\n<div class=\"wp-block-buttons is-layout-flex wp-container-core-buttons-is-layout-7bbf5824 wp-block-buttons-is-layout-flex\">\n<div class=\"wp-block-button has-custom-width wp-block-button__width-100\"><a class=\"wp-block-button__link has-background wp-element-button\" href=\"https:\/\/www.ssaver.gob.mx\/ceca\/2025\/03\/26\/806\/\" style=\"border-radius:16px;background-color:#560808\" target=\"_blank\" rel=\"noreferrer noopener\"><strong>MAPA DE SUSTANCIAS PSICOACTIVAS<\/strong><\/a><\/div>\n\n\n\n<div class=\"wp-block-button has-custom-width wp-block-button__width-100\"><a class=\"wp-block-button__link has-background wp-element-button\" href=\"https:\/\/incobss.ssaver.gob.mx\/Ceca\/MapaSuicidios\" style=\"border-radius:16px;background-color:#560808\" target=\"_blank\" rel=\"noreferrer noopener\"><strong>MAPA DE SUICIDIOS<\/strong><\/a><\/div>\n<\/div>\n\n\n\n<p class=\"has-text-align-center has-text-color\" style=\"color:#5b4c0d;margin-top:var(--wp--preset--spacing--20);margin-bottom:var(--wp--preset--spacing--20);font-size:22px\"><strong>Enlaces Externos<\/strong><\/p>\n\n\n\n<hr class=\"wp-block-separator has-text-color has-alpha-channel-opacity has-background is-style-wide\" style=\"margin-top:var(--wp--preset--spacing--20);margin-bottom:var(--wp--preset--spacing--20);background-color:#d8bf31;color:#d8bf31\" \/>\n\n\n\n<div class=\"wp-block-columns is-layout-flex wp-container-core-columns-is-layout-33233fb6 wp-block-columns-is-layout-flex\" style=\"margin-top:var(--wp--preset--spacing--20);margin-bottom:var(--wp--preset--spacing--20)\">\n<div class=\"wp-block-column is-layout-flow wp-block-column-is-layout-flow\">\n<ul class=\"wp-block-list\">\n<li class=\"has-text-color has-link-color wp-elements-3ccde5164a8d1e3c7240be75f3df819f\" style=\"color:#7a1737;font-size:17px\"><strong><a href=\"https:\/\/www.gob.mx\/conasama\/documentos\/directorio-nacional-de-unidades-de-especialidades-medicas-uneme-cecosama\" target=\"_blank\" rel=\"noreferrer noopener\">Directorio Nacional de las UNEME-CECOSAMA<\/a><\/strong><\/li>\n\n\n\n<li style=\"font-size:17px\"><strong>Estudios de investigaci\u00f3n<\/strong>\n<ul class=\"wp-block-list\">\n<li class=\"has-text-color has-link-color wp-elements-c86957d926b6e0394d142a604e0bd83b\" style=\"color:#7a1737;font-size:17px\"><strong><a href=\"https:\/\/www.gob.mx\/conasama\/documentos\/estudio-sobre-el-uso-de-cannabis-y-sus-derivados-en-poblacion-mexicana-378886?\" target=\"_blank\" rel=\"noreferrer noopener\">Estudio sobre el uso de Cannabis y sus derivados en poblaci\u00f3n mexicana<\/a><\/strong><\/li>\n<\/ul>\n<\/li>\n\n\n\n<li style=\"font-size:17px\"><strong>Informes T\u00e9cnicos<\/strong>\n<ul class=\"wp-block-list\">\n<li class=\"has-text-color has-link-color wp-elements-e5a58878165d3c7dc4a53fea79eaea16\" style=\"color:#7a1737;font-size:17px\"><strong><a href=\"https:\/\/www.gob.mx\/salud\/conadic\/documentos\/informe-de-la-demanda-y-oferta-de-fentanilo-en-mexico-generalidades-y-situacion-actual\" target=\"_blank\" rel=\"noreferrer noopener\"><\/a><a href=\"https:\/\/www.gob.mx\/conasama\/documentos\/informe-de-la-demanda-y-oferta-de-fentanilo-en-mexico-generalidades-y-situacion-actual-378889?state=published\" target=\"_blank\" rel=\"noreferrer noopener\">Informe de la Demanda y Oferta de Fentanilo en M\u00e9xico: generalidades y situaci\u00f3n actual<\/a><\/strong><\/li>\n\n\n\n<li class=\"has-text-color has-link-color wp-elements-f771c653918665f055b1358295b212a0\" style=\"color:#7a1737;font-size:17px\"><strong><a href=\"https:\/\/www.gob.mx\/salud\/conadic\/documentos\/informe-de-la-demanda-y-oferta-de-fentanilo-en-mexico-generalidades-y-situacion-actual\" target=\"_blank\" rel=\"noreferrer noopener\"><\/a><\/strong><a href=\"https:\/\/www.gob.mx\/conasama\/documentos\/informe-sobre-la-situacion-de-la-salud-mental-y-el-consumo-de-sustancias-en-mexico\" target=\"_blank\" rel=\"noreferrer noopener\"><strong>Informe sobre la Situaci\u00f3n de la salud mental y el consumo de sustancias en M\u00e9xico<\/strong><\/a><\/li>\n<\/ul>\n<\/li>\n\n\n\n<li style=\"font-size:17px\"><strong>Alertas<\/strong>\n<ul class=\"wp-block-list\">\n<li class=\"has-text-color has-link-color wp-elements-49a3eb46eb1a82fbf6870880c3df22a9\" style=\"color:#7a1737;font-size:17px\"><strong><a href=\"https:\/\/www.gob.mx\/conasama\/documentos\/alerta-para-personal-de-salud-y-primeros-respondientes-de-ciudades-fronterizas-de-mexico-378888?state=published\" target=\"_blank\" rel=\"noreferrer noopener\">Alerta para personal de salud y primeros respondientes de ciudades fronterizas de M\u00e9xico<\/a><\/strong><\/li>\n<\/ul>\n<\/li>\n<\/ul>\n<\/div>\n<\/div>\n\n\n\n<hr class=\"wp-block-separator has-text-color has-alpha-channel-opacity has-background is-style-wide\" style=\"margin-top:var(--wp--preset--spacing--40);margin-bottom:var(--wp--preset--spacing--40);background-color:#d8bf31;color:#d8bf31\" \/>\n\n\n\n<ul style=\"margin-top:var(--wp--preset--spacing--20);margin-bottom:var(--wp--preset--spacing--20)\" class=\"wp-block-list\">\n<li class=\"has-text-color has-link-color wp-elements-00905b323a33ded73da15dcd638e3283\" style=\"color:#7a1737;margin-top:var(--wp--preset--spacing--20);margin-bottom:var(--wp--preset--spacing--20);font-size:17px\"><strong><a href=\"https:\/\/www.ssaver.gob.mx\/ceca\/repositorio-de-datos\/\" target=\"_blank\" rel=\"noreferrer noopener\">Repositorio de Datos<\/a><\/strong><\/li>\n<\/ul>\n<\/div>\n<\/div>\n<\/div>\n<\/div>\n<\/div>\n","protected":false},"excerpt":{"rendered":"<p>Oficina contra el alcoholismo y centros de tratamiento Comprometida con la prevenci\u00f3n entre otras muchas actuaciones la oficina de la<\/p>\n","protected":false},"author":5,"featured_media":0,"parent":0,"menu_order":5,"comment_status":"closed","ping_status":"closed","template":"","meta":{"colormag_page_container_layout":"default_layout","colormag_page_sidebar_layout":"default_layout","footnotes":""},"class_list":["post-517","page","type-page","status-publish","hentry"],"_links":{"self":[{"href":"https:\/\/www.ssaver.gob.mx\/ceca\/wp-json\/wp\/v2\/pages\/517","targetHints":{"allow":["GET"]}}],"collection":[{"href":"https:\/\/www.ssaver.gob.mx\/ceca\/wp-json\/wp\/v2\/pages"}],"about":[{"href":"https:\/\/www.ssaver.gob.mx\/ceca\/wp-json\/wp\/v2\/types\/page"}],"author":[{"embeddable":true,"href":"https:\/\/www.ssaver.gob.mx\/ceca\/wp-json\/wp\/v2\/users\/5"}],"replies":[{"embeddable":true,"href":"https:\/\/www.ssaver.gob.mx\/ceca\/wp-json\/wp\/v2\/comments?post=517"}],"version-history":[{"count":47,"href":"https:\/\/www.ssaver.gob.mx\/ceca\/wp-json\/wp\/v2\/pages\/517\/revisions"}],"predecessor-version":[{"id":2373,"href":"https:\/\/www.ssaver.gob.mx\/ceca\/wp-json\/wp\/v2\/pages\/517\/revisions\/2373"}],"wp:attachment":[{"href":"https:\/\/www.ssaver.gob.mx\/ceca\/wp-json\/wp\/v2\/media?parent=517"}],"curies":[{"name":"wp","href":"https:\/\/api.w.org\/{rel}","templated":true}]}}