{"id":1055,"date":"2023-01-11T12:37:15","date_gmt":"2023-01-11T18:37:15","guid":{"rendered":"https:\/\/www.ssaver.gob.mx\/cets\/?page_id=1055"},"modified":"2026-03-19T10:45:51","modified_gmt":"2026-03-19T16:45:51","slug":"capacitacion-de-promotores-de-la-donacion-altruista-de-sangre","status":"publish","type":"page","link":"https:\/\/www.ssaver.gob.mx\/cets\/promocion\/donacion-altruista-de-sangre\/capacitacion-de-promotores-de-la-donacion-altruista-de-sangre\/","title":{"rendered":"Capacitaci\u00f3n de promotores de la donaci\u00f3n altruista de sangre"},"content":{"rendered":"\n<div class=\"wp-block-group is-layout-constrained wp-container-core-group-is-layout-9517baca wp-block-group-is-layout-constrained\">\n<div class=\"wp-block-columns is-layout-flex wp-container-core-columns-is-layout-9c22b1e3 wp-block-columns-is-layout-flex\">\n<div class=\"wp-block-column is-vertically-aligned-stretch is-layout-flow wp-container-core-column-is-layout-c43c6636 wp-block-column-is-layout-flow\" style=\"padding-right:0;padding-left:0;flex-basis:100%\">\n<div class=\"wp-block-cover wp-elements-93ae1857ca9bc2944b49a5275f47147e has-aspect-ratio\" style=\"margin-top:0;margin-bottom:0;padding-top:0;padding-right:0;padding-bottom:0;padding-left:0;aspect-ratio:auto;min-height:unset;\"><img decoding=\"async\" class=\"wp-block-cover__image-background wp-image-5220 size-full\" alt=\"\" src=\"https:\/\/www.ssaver.gob.mx\/tecnologias\/wp-content\/uploads\/sites\/14\/2025\/09\/textura_areas_TI-scaled.png\" style=\"object-position:15% 27%\" data-object-fit=\"cover\" data-object-position=\"15% 27%\" \/><span aria-hidden=\"true\" class=\"wp-block-cover__background has-background-dim-100 has-background-dim\" style=\"background-color:#720f37\"><\/span><div class=\"wp-block-cover__inner-container is-layout-constrained wp-container-core-cover-is-layout-72190d31 wp-block-cover-is-layout-constrained\">\n<p class=\"has-text-align-center\" style=\"font-size:28px\"><strong>Capacitaci\u00f3n de promotores de la donaci\u00f3n altruista de sangre<\/strong><\/p>\n<\/div><\/div>\n<\/div>\n<\/div>\n\n\n\n<div class=\"wp-block-columns is-layout-flex wp-container-core-columns-is-layout-b2864ded wp-block-columns-is-layout-flex\" style=\"margin-top:0;margin-bottom:0;padding-top:0;padding-bottom:0\">\n<div class=\"wp-block-column is-vertically-aligned-center has-background is-layout-flow wp-block-column-is-layout-flow\" style=\"background:linear-gradient(180deg,rgb(233,231,225) 32%,rgba(232,230,225,0) 100%);padding-top:var(--wp--preset--spacing--40);padding-right:var(--wp--preset--spacing--70);padding-bottom:var(--wp--preset--spacing--40);padding-left:var(--wp--preset--spacing--70);flex-basis:100%\">\n<hr class=\"wp-block-separator aligncenter has-text-color has-alpha-channel-opacity has-background is-style-wide\" style=\"margin-top:var(--wp--preset--spacing--20);margin-bottom:var(--wp--preset--spacing--20);background-color:#d6af4d;color:#d6af4d\" \/>\n\n\n\n<p class=\"has-medium-font-size\">Considerando que la donaci\u00f3n de sangre es un tema que nos compete a todos como sociedad, es necesario llegar a todos los espacios, para ello es necesario contar con el apoyo de quienes ya han hecho conciencia de la importancia de contar con un pa\u00eds de donadores 100% altruista, siguiendo el ejemplo de otros pa\u00edses quienes llevan un gran avance y lo han logrado gracias a que trabajan mano a mano junto a la sociedad civil.&nbsp; Se capacita a las personas o grupos organizados con la finalidad de que sean agentes gestores de colectas en su \u00e1mbito de acci\u00f3n, siempre con todo el apoyo t\u00e9cnico y de asistencia por parte del CETS.<\/p>\n\n\n\n<div class=\"wp-block-columns is-layout-flex wp-container-core-columns-is-layout-28f84493 wp-block-columns-is-layout-flex\">\n<div class=\"wp-block-column is-layout-flow wp-block-column-is-layout-flow\">\n<figure class=\"wp-block-image alignwide size-full\"><img loading=\"lazy\" decoding=\"async\" width=\"300\" height=\"225\" src=\"https:\/\/www.ssaver.gob.mx\/cets\/wp-content\/uploads\/sites\/11\/2023\/01\/CAP1.jpg\" alt=\"\" class=\"wp-image-1067\" \/><\/figure>\n<\/div>\n\n\n\n<div class=\"wp-block-column is-layout-flow wp-block-column-is-layout-flow\">\n<figure class=\"wp-block-image alignwide size-full\"><img loading=\"lazy\" decoding=\"async\" width=\"300\" height=\"224\" src=\"https:\/\/www.ssaver.gob.mx\/cets\/wp-content\/uploads\/sites\/11\/2023\/01\/CAP3.jpg\" alt=\"\" class=\"wp-image-1069\" \/><\/figure>\n<\/div>\n<\/div>\n\n\n\n<div class=\"wp-block-columns is-layout-flex wp-container-core-columns-is-layout-28f84493 wp-block-columns-is-layout-flex\">\n<div class=\"wp-block-column is-layout-flow wp-block-column-is-layout-flow\">\n<figure class=\"wp-block-image alignwide size-full\"><img loading=\"lazy\" decoding=\"async\" width=\"229\" height=\"304\" src=\"https:\/\/www.ssaver.gob.mx\/cets\/wp-content\/uploads\/sites\/11\/2023\/01\/CAP2.jpg\" alt=\"\" class=\"wp-image-1068\" srcset=\"https:\/\/www.ssaver.gob.mx\/cets\/wp-content\/uploads\/sites\/11\/2023\/01\/CAP2.jpg 229w, https:\/\/www.ssaver.gob.mx\/cets\/wp-content\/uploads\/sites\/11\/2023\/01\/CAP2-226x300.jpg 226w\" sizes=\"auto, (max-width: 229px) 100vw, 229px\" \/><\/figure>\n<\/div>\n\n\n\n<div class=\"wp-block-column is-layout-flow wp-block-column-is-layout-flow\">\n<figure class=\"wp-block-image alignwide size-full\"><img loading=\"lazy\" decoding=\"async\" width=\"238\" height=\"327\" src=\"https:\/\/www.ssaver.gob.mx\/cets\/wp-content\/uploads\/sites\/11\/2023\/01\/CAP4.jpg\" alt=\"\" class=\"wp-image-1070\" srcset=\"https:\/\/www.ssaver.gob.mx\/cets\/wp-content\/uploads\/sites\/11\/2023\/01\/CAP4.jpg 238w, https:\/\/www.ssaver.gob.mx\/cets\/wp-content\/uploads\/sites\/11\/2023\/01\/CAP4-218x300.jpg 218w\" sizes=\"auto, (max-width: 238px) 100vw, 238px\" \/><\/figure>\n<\/div>\n<\/div>\n<\/div>\n<\/div>\n<\/div>\n","protected":false},"excerpt":{"rendered":"<p>Considerando que la donaci\u00f3n de sangre es un tema que nos compete a todos como sociedad, es necesario llegar a<\/p>\n","protected":false},"author":2,"featured_media":0,"parent":522,"menu_order":7,"comment_status":"closed","ping_status":"closed","template":"","meta":{"colormag_page_container_layout":"default_layout","colormag_page_sidebar_layout":"default_layout","footnotes":""},"class_list":["post-1055","page","type-page","status-publish","hentry"],"_links":{"self":[{"href":"https:\/\/www.ssaver.gob.mx\/cets\/wp-json\/wp\/v2\/pages\/1055","targetHints":{"allow":["GET"]}}],"collection":[{"href":"https:\/\/www.ssaver.gob.mx\/cets\/wp-json\/wp\/v2\/pages"}],"about":[{"href":"https:\/\/www.ssaver.gob.mx\/cets\/wp-json\/wp\/v2\/types\/page"}],"author":[{"embeddable":true,"href":"https:\/\/www.ssaver.gob.mx\/cets\/wp-json\/wp\/v2\/users\/2"}],"replies":[{"embeddable":true,"href":"https:\/\/www.ssaver.gob.mx\/cets\/wp-json\/wp\/v2\/comments?post=1055"}],"version-history":[{"count":6,"href":"https:\/\/www.ssaver.gob.mx\/cets\/wp-json\/wp\/v2\/pages\/1055\/revisions"}],"predecessor-version":[{"id":1695,"href":"https:\/\/www.ssaver.gob.mx\/cets\/wp-json\/wp\/v2\/pages\/1055\/revisions\/1695"}],"up":[{"embeddable":true,"href":"https:\/\/www.ssaver.gob.mx\/cets\/wp-json\/wp\/v2\/pages\/522"}],"wp:attachment":[{"href":"https:\/\/www.ssaver.gob.mx\/cets\/wp-json\/wp\/v2\/media?parent=1055"}],"curies":[{"name":"wp","href":"https:\/\/api.w.org\/{rel}","templated":true}]}}