{"id":1257,"date":"2022-09-07T10:21:27","date_gmt":"2022-09-07T15:21:27","guid":{"rendered":"https:\/\/www.ssaver.gob.mx\/proteccioncontrariesgossanitarios\/?page_id=1257"},"modified":"2026-03-03T18:17:36","modified_gmt":"2026-03-04T00:17:36","slug":"tabaco","status":"publish","type":"page","link":"https:\/\/www.ssaver.gob.mx\/proteccioncontrariesgossanitarios\/tabaco\/","title":{"rendered":"Programa Tabaco"},"content":{"rendered":"\n<div class=\"wp-block-group is-layout-constrained wp-container-core-group-is-layout-9517baca wp-block-group-is-layout-constrained\">\n<figure class=\"wp-block-gallery has-nested-images columns-default is-cropped wp-block-gallery-1 is-layout-flex wp-block-gallery-is-layout-flex\">\n<figure class=\"wp-block-image size-full\"><img loading=\"lazy\" decoding=\"async\" width=\"2560\" height=\"921\" data-id=\"5483\" src=\"https:\/\/www.ssaver.gob.mx\/proteccioncontrariesgossanitarios\/wp-content\/uploads\/sites\/10\/2026\/02\/banner-tabaco-MS-scaled.png\" alt=\"\" class=\"wp-image-5483\" srcset=\"https:\/\/www.ssaver.gob.mx\/proteccioncontrariesgossanitarios\/wp-content\/uploads\/sites\/10\/2026\/02\/banner-tabaco-MS-scaled.png 2560w, https:\/\/www.ssaver.gob.mx\/proteccioncontrariesgossanitarios\/wp-content\/uploads\/sites\/10\/2026\/02\/banner-tabaco-MS-300x108.png 300w, https:\/\/www.ssaver.gob.mx\/proteccioncontrariesgossanitarios\/wp-content\/uploads\/sites\/10\/2026\/02\/banner-tabaco-MS-1024x368.png 1024w, https:\/\/www.ssaver.gob.mx\/proteccioncontrariesgossanitarios\/wp-content\/uploads\/sites\/10\/2026\/02\/banner-tabaco-MS-768x276.png 768w, https:\/\/www.ssaver.gob.mx\/proteccioncontrariesgossanitarios\/wp-content\/uploads\/sites\/10\/2026\/02\/banner-tabaco-MS-1536x553.png 1536w, https:\/\/www.ssaver.gob.mx\/proteccioncontrariesgossanitarios\/wp-content\/uploads\/sites\/10\/2026\/02\/banner-tabaco-MS-2048x737.png 2048w\" sizes=\"auto, (max-width: 2560px) 100vw, 2560px\" \/><\/figure>\n<\/figure>\n\n\n\n<h2 class=\"wp-block-heading has-text-align-center has-black-color has-text-color has-large-font-size\" style=\"font-style:normal;font-weight:500\">OBJETIVO<\/h2>\n\n\n\n<hr class=\"wp-block-separator has-text-color has-alpha-channel-opacity has-background is-style-wide\" style=\"background-color:#ac441e;color:#ac441e\" \/>\n\n\n\n<p class=\"has-text-align-center\" style=\"font-size:15px\">Proteger a la poblaci\u00f3n de los riesgos a la salud, causados por el consumo y la exposici\u00f3n al humo de tabaco y las emisiones de los cigarrillos electr\u00f3nicos, a trav\u00e9s de la difusi\u00f3n, promoci\u00f3n de espacios y vigilancia de la Legislaci\u00f3n Sanitaria en la materia, en el Estado de Veracruz.<\/p>\n\n\n\n<p class=\"has-text-align-left has-white-color has-text-color has-background\" style=\"background-color:#328c38;font-size:15px\"><strong>Poblaci\u00f3n objetivo<\/strong><\/p>\n\n\n\n<p class=\"has-text-align-left has-black-color has-white-background-color has-text-color has-background\" style=\"font-size:15px\">Propietarios, administradores, encargados o responsables de establecimientos de los diversos giros establecidos en el art. 13 de la Ley No. 327 de la Protecci\u00f3n a los No Fumadores en el Estado de Veracruz de Ignacio de la Llave y de los definidos en la Ley General para el Control del Tabaco como espacios 100% libres de humo de tabaco y emisiones (DOF: 17\/02\/2022). Fumadores, los cu\u00e1les deben identificar plenamente los lugares en donde est\u00e1 prohibido fumar y respetar el espacio 100% libre de humo de tabaco. Servidores P\u00fablicos, que tambi\u00e9n se consideran como responsables de las acciones. Poblaci\u00f3n en general que puede estar expuesta al humo de tabaco.<\/p>\n\n\n\n<p class=\"has-text-align-left has-white-color has-text-color has-background\" style=\"background-color:#328c38;font-size:15px\"><strong><strong>Marco Jur\u00eddico<\/strong><\/strong><\/p>\n\n\n\n<p class=\"has-text-align-left has-black-color has-white-background-color has-text-color has-background\" style=\"font-size:15px\">\u00b7&nbsp;<a href=\"https:\/\/www.ssaver.gob.mx\/proteccioncontrariesgossanitarios\/wp-content\/uploads\/sites\/10\/2025\/08\/LGCT.pdf\" target=\"_blank\" rel=\"noreferrer noopener\">Ley General para el Control del Tabaco<\/a><br>\u00b7 <a href=\"https:\/\/www.ssaver.gob.mx\/proteccioncontrariesgossanitarios\/wp-content\/uploads\/sites\/10\/2025\/08\/LPNOFUMADORES04022020.pdf\" target=\"_blank\" rel=\"noreferrer noopener\">Ley No. 327 para la Protecci\u00f3n de los No Fumadores en el Estado de Veracruz de Ignacio de la Llave<\/a><br>\u00b7 <a href=\"https:\/\/www.ssaver.gob.mx\/proteccioncontrariesgossanitarios\/wp-content\/uploads\/sites\/10\/2025\/08\/Reg_LGCT.pdf\" data-type=\"link\" data-id=\"https:\/\/www.ssaver.gob.mx\/proteccioncontrariesgossanitarios\/wp-content\/uploads\/sites\/10\/2025\/08\/Reg_LGCT.pdf\" target=\"_blank\" rel=\"noreferrer noopener\">Reglamento de la Ley General para el Control del Tabaco<\/a><br>\u00b7 <a href=\"https:\/\/www.ssaver.gob.mx\/proteccioncontrariesgossanitarios\/wp-content\/uploads\/sites\/10\/2025\/08\/Reglamento-de-la-Ley-327-para-la-proteccion-de-No-Fumadores.pdf\" target=\"_blank\" rel=\"noreferrer noopener\">Reglamento de la Ley No. 327 para la Protecci\u00f3n de los No Fumadores en el Estado de Veracruz de Ignacio de la Llave<\/a><br>\u00b7 <a href=\"https:\/\/www.ssaver.gob.mx\/proteccioncontrariesgossanitarios\/wp-content\/uploads\/sites\/10\/2025\/08\/Convenio-Marco-de-la-OMS-para-el-control-del-tabaco.pdf\" target=\"_blank\" rel=\"noreferrer noopener\">Convenio Marco de la Organizaci\u00f3n Mundial de la Salud para el control del tabaco (CMCT OMS)<\/a><br>\u00b7 <a href=\"https:\/\/www.ssaver.gob.mx\/proteccioncontrariesgossanitarios\/wp-content\/uploads\/sites\/10\/2025\/08\/CPEUM_ref_271_17ene25.pdf\" target=\"_blank\" rel=\"noreferrer noopener\">Decreto por el que se adicionan un p\u00e1rrafo quinto al art\u00edculo 4\u00b0, y un p\u00e1rrafo segundo al art\u00edculo 5\u00b0 de la Constituci\u00f3n Pol\u00edtica de los Estados Unidos Mexicanos, en materia de protecci\u00f3n a la salud.<\/a><\/p>\n\n\n\n<p class=\"has-text-align-left has-white-color has-text-color has-background\" style=\"background-color:#328c38;font-size:15px\"><strong>Actividades relevantes<\/strong><\/p>\n\n\n\n<ul class=\"wp-block-list\">\n<li>Acciones como asesor\u00edas y reuniones con el sector p\u00fablico y privado para brindar la informaci\u00f3n sobre de la Legislaci\u00f3n Sanitaria vigente en materia de tabaco y promover los <strong>\u00abEspacios 100% Libres de Humo de Tabaco y Emisiones\u00bb.<\/strong><\/li>\n\n\n\n<li>Acciones de capacitaci\u00f3n como:\n<ul class=\"wp-block-list\">\n<li>Pl\u00e1ticas sobre los riesgos a la salud provocados por el consumo y exposici\u00f3n al humo de tabaco y emisiones al p\u00fablico en general y al sector regulado.<\/li>\n\n\n\n<li>Videoconferencias para capacitar al personal jurisdiccional en temas relevantes del Programa.<\/li>\n<\/ul>\n<\/li>\n\n\n\n<li>Campa\u00f1as de difusi\u00f3n en relaci\u00f3n al \u201cD\u00eda Mundial sin Tabaco\u201d (virtual o presencial) teniendo como soporte material de difusi\u00f3n como tr\u00edpticos y carteles.<\/li>\n\n\n\n<li>Aplicaci\u00f3n de c\u00e9dulas de evaluaci\u00f3n como medida no regulatoria para un manejo adecuado de los riesgos y conocer el nivel de riesgo en el establecimiento con la finalidad de llevar a cabo acciones integrales en salud.<\/li>\n\n\n\n<li>Emisi\u00f3n de RECONOCIMIENTOS a los establecimientos que cumplen con la Legislaci\u00f3n Sanitaria que se reconocen por ser <strong>\u201cEspacios 100% Libres de Humo de Tabaco y Emisiones\u201d<\/strong> y que sus instalaciones no cuentan con \u00e1rea de fumadores.<\/li>\n\n\n\n<li>Visitas de Vigilancia Sanitaria mediante procedimientos jur\u00eddicos administrativos para dar cumplimiento a la Legislaci\u00f3n Sanitaria vigente en la materia.<br><br><\/li>\n<\/ul>\n\n\n\n<p class=\"has-text-align-left has-white-color has-text-color has-background\" style=\"background-color:#328c38;font-size:15px\"><strong><strong>Pasos para obtener el Reconocimiento de <\/strong>Espacio 100% Libre de Humo de Tabaco y Emisiones<\/strong><\/p>\n\n\n\n<figure class=\"wp-block-image aligncenter size-full is-resized\"><img loading=\"lazy\" decoding=\"async\" width=\"2560\" height=\"1000\" src=\"https:\/\/www.ssaver.gob.mx\/proteccioncontrariesgossanitarios\/wp-content\/uploads\/sites\/10\/2025\/12\/pasos-para-obtener-el-distintivo-1-scaled.png\" alt=\"\" class=\"wp-image-5290\" style=\"aspect-ratio:2.618122977346278;width:1119px;height:auto\" srcset=\"https:\/\/www.ssaver.gob.mx\/proteccioncontrariesgossanitarios\/wp-content\/uploads\/sites\/10\/2025\/12\/pasos-para-obtener-el-distintivo-1-scaled.png 2560w, https:\/\/www.ssaver.gob.mx\/proteccioncontrariesgossanitarios\/wp-content\/uploads\/sites\/10\/2025\/12\/pasos-para-obtener-el-distintivo-1-300x117.png 300w, https:\/\/www.ssaver.gob.mx\/proteccioncontrariesgossanitarios\/wp-content\/uploads\/sites\/10\/2025\/12\/pasos-para-obtener-el-distintivo-1-1024x400.png 1024w, https:\/\/www.ssaver.gob.mx\/proteccioncontrariesgossanitarios\/wp-content\/uploads\/sites\/10\/2025\/12\/pasos-para-obtener-el-distintivo-1-768x300.png 768w, https:\/\/www.ssaver.gob.mx\/proteccioncontrariesgossanitarios\/wp-content\/uploads\/sites\/10\/2025\/12\/pasos-para-obtener-el-distintivo-1-1536x600.png 1536w, https:\/\/www.ssaver.gob.mx\/proteccioncontrariesgossanitarios\/wp-content\/uploads\/sites\/10\/2025\/12\/pasos-para-obtener-el-distintivo-1-2048x800.png 2048w\" sizes=\"auto, (max-width: 2560px) 100vw, 2560px\" \/><\/figure>\n\n\n\n<hr class=\"wp-block-separator has-text-color has-white-color has-alpha-channel-opacity has-white-background-color has-background is-style-wide\" \/>\n\n\n\n<hr class=\"wp-block-separator has-text-color has-white-color has-alpha-channel-opacity has-white-background-color has-background is-style-wide\" \/>\n\n\n\n<hr class=\"wp-block-separator has-text-color has-white-color has-alpha-channel-opacity has-white-background-color has-background is-style-wide\" \/>\n\n\n\n<div class=\"wp-block-columns is-layout-flex wp-container-core-columns-is-layout-28f84493 wp-block-columns-is-layout-flex\">\n<div class=\"wp-block-column is-layout-flow wp-block-column-is-layout-flow\">\n<figure class=\"wp-block-image size-large is-resized\"><a href=\"https:\/\/www.ssaver.gob.mx\/proteccioncontrariesgossanitarios\/2023\/03\/08\/nueva-senaletica-espacios-100-libres-de-humo-de-tabaco-y-emisiones\/\"><img loading=\"lazy\" decoding=\"async\" width=\"1024\" height=\"305\" src=\"https:\/\/www.ssaver.gob.mx\/proteccioncontrariesgossanitarios\/wp-content\/uploads\/sites\/10\/2023\/03\/boton-21-1024x305.png\" alt=\"\" class=\"wp-image-2497\" style=\"width:515px\" srcset=\"https:\/\/www.ssaver.gob.mx\/proteccioncontrariesgossanitarios\/wp-content\/uploads\/sites\/10\/2023\/03\/boton-21-1024x305.png 1024w, https:\/\/www.ssaver.gob.mx\/proteccioncontrariesgossanitarios\/wp-content\/uploads\/sites\/10\/2023\/03\/boton-21-300x89.png 300w, https:\/\/www.ssaver.gob.mx\/proteccioncontrariesgossanitarios\/wp-content\/uploads\/sites\/10\/2023\/03\/boton-21-768x228.png 768w, https:\/\/www.ssaver.gob.mx\/proteccioncontrariesgossanitarios\/wp-content\/uploads\/sites\/10\/2023\/03\/boton-21-1536x457.png 1536w, https:\/\/www.ssaver.gob.mx\/proteccioncontrariesgossanitarios\/wp-content\/uploads\/sites\/10\/2023\/03\/boton-21-2048x609.png 2048w\" sizes=\"auto, (max-width: 1024px) 100vw, 1024px\" \/><\/a><\/figure>\n<\/div>\n\n\n\n<div class=\"wp-block-column is-layout-flow wp-block-column-is-layout-flow\">\n<figure class=\"wp-block-image size-large is-resized\"><a href=\"https:\/\/www.ssaver.gob.mx\/proteccioncontrariesgossanitarios\/distintivos-espacios-lht\/\" target=\"_blank\" rel=\"noreferrer noopener\"><img loading=\"lazy\" decoding=\"async\" width=\"1024\" height=\"290\" src=\"https:\/\/www.ssaver.gob.mx\/proteccioncontrariesgossanitarios\/wp-content\/uploads\/sites\/10\/2024\/02\/boton-rec-1024x290.png\" alt=\"\" class=\"wp-image-3622\" style=\"width:567px\" srcset=\"https:\/\/www.ssaver.gob.mx\/proteccioncontrariesgossanitarios\/wp-content\/uploads\/sites\/10\/2024\/02\/boton-rec-1024x290.png 1024w, https:\/\/www.ssaver.gob.mx\/proteccioncontrariesgossanitarios\/wp-content\/uploads\/sites\/10\/2024\/02\/boton-rec-300x85.png 300w, https:\/\/www.ssaver.gob.mx\/proteccioncontrariesgossanitarios\/wp-content\/uploads\/sites\/10\/2024\/02\/boton-rec-768x217.png 768w, https:\/\/www.ssaver.gob.mx\/proteccioncontrariesgossanitarios\/wp-content\/uploads\/sites\/10\/2024\/02\/boton-rec-1536x435.png 1536w, https:\/\/www.ssaver.gob.mx\/proteccioncontrariesgossanitarios\/wp-content\/uploads\/sites\/10\/2024\/02\/boton-rec-2048x580.png 2048w\" sizes=\"auto, (max-width: 1024px) 100vw, 1024px\" \/><\/a><\/figure>\n<\/div>\n<\/div>\n\n\n\n<hr class=\"wp-block-separator has-text-color has-white-color has-alpha-channel-opacity has-white-background-color has-background is-style-wide\" \/>\n\n\n\n<div style=\"height:84px\" aria-hidden=\"true\" class=\"wp-block-spacer\"><\/div>\n\n\n\n<h2 class=\"wp-block-heading has-text-align-center has-black-color has-text-color has-large-font-size\" style=\"font-style:normal;font-weight:500\">MATERIALES DE DIFUSI\u00d3N<\/h2>\n\n\n\n<hr class=\"wp-block-separator has-text-color has-alpha-channel-opacity has-background is-style-wide\" style=\"background-color:#ac441e;color:#ac441e\" \/>\n\n\n\n<div class=\"wp-block-columns has-background is-layout-flex wp-container-core-columns-is-layout-28f84493 wp-block-columns-is-layout-flex\" style=\"background-color:#f5f5f5\">\n<div class=\"wp-block-column is-layout-flow wp-block-column-is-layout-flow\">\n<figure class=\"wp-block-image aligncenter size-full is-resized\"><a href=\"https:\/\/www.ssaver.gob.mx\/proteccioncontrariesgossanitarios\/wp-content\/uploads\/sites\/10\/2026\/02\/Triptico-restaurantes-tabaco-2025-_page-0002.pdf\" target=\"_blank\"><img loading=\"lazy\" decoding=\"async\" width=\"2298\" height=\"2560\" src=\"https:\/\/www.ssaver.gob.mx\/proteccioncontrariesgossanitarios\/wp-content\/uploads\/sites\/10\/2025\/06\/Triptico-restaurantes-tabaco-scaled.png\" alt=\"\" class=\"wp-image-4741\" style=\"aspect-ratio:1;object-fit:contain;width:300px;height:auto\" srcset=\"https:\/\/www.ssaver.gob.mx\/proteccioncontrariesgossanitarios\/wp-content\/uploads\/sites\/10\/2025\/06\/Triptico-restaurantes-tabaco-scaled.png 2298w, https:\/\/www.ssaver.gob.mx\/proteccioncontrariesgossanitarios\/wp-content\/uploads\/sites\/10\/2025\/06\/Triptico-restaurantes-tabaco-269x300.png 269w, https:\/\/www.ssaver.gob.mx\/proteccioncontrariesgossanitarios\/wp-content\/uploads\/sites\/10\/2025\/06\/Triptico-restaurantes-tabaco-919x1024.png 919w, https:\/\/www.ssaver.gob.mx\/proteccioncontrariesgossanitarios\/wp-content\/uploads\/sites\/10\/2025\/06\/Triptico-restaurantes-tabaco-768x856.png 768w, https:\/\/www.ssaver.gob.mx\/proteccioncontrariesgossanitarios\/wp-content\/uploads\/sites\/10\/2025\/06\/Triptico-restaurantes-tabaco-1379x1536.png 1379w, https:\/\/www.ssaver.gob.mx\/proteccioncontrariesgossanitarios\/wp-content\/uploads\/sites\/10\/2025\/06\/Triptico-restaurantes-tabaco-1838x2048.png 1838w\" sizes=\"auto, (max-width: 2298px) 100vw, 2298px\" \/><\/a><\/figure>\n<\/div>\n\n\n\n<div class=\"wp-block-column is-layout-flow wp-block-column-is-layout-flow\">\n<figure class=\"wp-block-image aligncenter size-large is-resized\"><a href=\"https:\/\/www.ssaver.gob.mx\/proteccioncontrariesgossanitarios\/wp-content\/uploads\/sites\/10\/2026\/02\/TRIPTICO-EDIFICIOS-2026-FEBRERO-final-.pdf\" target=\"_blank\" rel=\" \"><img loading=\"lazy\" decoding=\"async\" width=\"919\" height=\"1024\" src=\"https:\/\/www.ssaver.gob.mx\/proteccioncontrariesgossanitarios\/wp-content\/uploads\/sites\/10\/2025\/06\/Triptico-espacios-publicos-tabaco-919x1024.png\" alt=\"\" class=\"wp-image-4742\" style=\"aspect-ratio:1;object-fit:contain;width:299px;height:auto\" srcset=\"https:\/\/www.ssaver.gob.mx\/proteccioncontrariesgossanitarios\/wp-content\/uploads\/sites\/10\/2025\/06\/Triptico-espacios-publicos-tabaco-919x1024.png 919w, https:\/\/www.ssaver.gob.mx\/proteccioncontrariesgossanitarios\/wp-content\/uploads\/sites\/10\/2025\/06\/Triptico-espacios-publicos-tabaco-269x300.png 269w, https:\/\/www.ssaver.gob.mx\/proteccioncontrariesgossanitarios\/wp-content\/uploads\/sites\/10\/2025\/06\/Triptico-espacios-publicos-tabaco-768x856.png 768w, https:\/\/www.ssaver.gob.mx\/proteccioncontrariesgossanitarios\/wp-content\/uploads\/sites\/10\/2025\/06\/Triptico-espacios-publicos-tabaco-1379x1536.png 1379w, https:\/\/www.ssaver.gob.mx\/proteccioncontrariesgossanitarios\/wp-content\/uploads\/sites\/10\/2025\/06\/Triptico-espacios-publicos-tabaco-1838x2048.png 1838w\" sizes=\"auto, (max-width: 919px) 100vw, 919px\" \/><\/a><\/figure>\n<\/div>\n\n\n\n<div class=\"wp-block-column is-layout-flow wp-block-column-is-layout-flow\">\n<figure class=\"wp-block-image aligncenter size-medium\"><a href=\"https:\/\/www.ssaver.gob.mx\/proteccioncontrariesgossanitarios\/wp-content\/uploads\/sites\/10\/2026\/02\/TABACO-RECONOCIMIENTO-2025-correccion-oct.-25-1-4.pdf\" target=\"_blank\"><img loading=\"lazy\" decoding=\"async\" width=\"269\" height=\"300\" src=\"https:\/\/www.ssaver.gob.mx\/proteccioncontrariesgossanitarios\/wp-content\/uploads\/sites\/10\/2025\/06\/Reconocimiento-tabaco-269x300.png\" alt=\"\" class=\"wp-image-4744\" srcset=\"https:\/\/www.ssaver.gob.mx\/proteccioncontrariesgossanitarios\/wp-content\/uploads\/sites\/10\/2025\/06\/Reconocimiento-tabaco-269x300.png 269w, https:\/\/www.ssaver.gob.mx\/proteccioncontrariesgossanitarios\/wp-content\/uploads\/sites\/10\/2025\/06\/Reconocimiento-tabaco-919x1024.png 919w, https:\/\/www.ssaver.gob.mx\/proteccioncontrariesgossanitarios\/wp-content\/uploads\/sites\/10\/2025\/06\/Reconocimiento-tabaco-768x856.png 768w, https:\/\/www.ssaver.gob.mx\/proteccioncontrariesgossanitarios\/wp-content\/uploads\/sites\/10\/2025\/06\/Reconocimiento-tabaco-1379x1536.png 1379w, https:\/\/www.ssaver.gob.mx\/proteccioncontrariesgossanitarios\/wp-content\/uploads\/sites\/10\/2025\/06\/Reconocimiento-tabaco-1838x2048.png 1838w\" sizes=\"auto, (max-width: 269px) 100vw, 269px\" \/><\/a><\/figure>\n<\/div>\n<\/div>\n\n\n\n<div class=\"wp-block-columns has-background is-layout-flex wp-container-core-columns-is-layout-28f84493 wp-block-columns-is-layout-flex\" style=\"background-color:#f5f5f5\">\n<div class=\"wp-block-column is-layout-flow wp-block-column-is-layout-flow\">\n<figure class=\"wp-block-image aligncenter size-full is-resized\"><a href=\"https:\/\/www.ssaver.gob.mx\/proteccioncontrariesgossanitarios\/wp-content\/uploads\/sites\/10\/2025\/02\/TRIPTICO-VAPEAR-2025.pdf\" target=\"_blank\"><img loading=\"lazy\" decoding=\"async\" width=\"2298\" height=\"2560\" src=\"https:\/\/www.ssaver.gob.mx\/proteccioncontrariesgossanitarios\/wp-content\/uploads\/sites\/10\/2025\/06\/Vapear-riesgo-salud-tabaco-scaled.png\" alt=\"\" class=\"wp-image-4747\" style=\"width:245px;height:auto\" srcset=\"https:\/\/www.ssaver.gob.mx\/proteccioncontrariesgossanitarios\/wp-content\/uploads\/sites\/10\/2025\/06\/Vapear-riesgo-salud-tabaco-scaled.png 2298w, https:\/\/www.ssaver.gob.mx\/proteccioncontrariesgossanitarios\/wp-content\/uploads\/sites\/10\/2025\/06\/Vapear-riesgo-salud-tabaco-269x300.png 269w, https:\/\/www.ssaver.gob.mx\/proteccioncontrariesgossanitarios\/wp-content\/uploads\/sites\/10\/2025\/06\/Vapear-riesgo-salud-tabaco-919x1024.png 919w, https:\/\/www.ssaver.gob.mx\/proteccioncontrariesgossanitarios\/wp-content\/uploads\/sites\/10\/2025\/06\/Vapear-riesgo-salud-tabaco-768x856.png 768w, https:\/\/www.ssaver.gob.mx\/proteccioncontrariesgossanitarios\/wp-content\/uploads\/sites\/10\/2025\/06\/Vapear-riesgo-salud-tabaco-1379x1536.png 1379w, https:\/\/www.ssaver.gob.mx\/proteccioncontrariesgossanitarios\/wp-content\/uploads\/sites\/10\/2025\/06\/Vapear-riesgo-salud-tabaco-1838x2048.png 1838w\" sizes=\"auto, (max-width: 2298px) 100vw, 2298px\" \/><\/a><\/figure>\n<\/div>\n\n\n\n<div class=\"wp-block-column is-layout-flow wp-block-column-is-layout-flow\">\n<figure class=\"wp-block-image aligncenter size-full is-resized\"><a href=\"https:\/\/www.ssaver.gob.mx\/proteccioncontrariesgossanitarios\/wp-content\/uploads\/sites\/10\/2025\/03\/CARTEL-EL-VAPE-TE-ACORTA.pdf\" target=\"_blank\"><img loading=\"lazy\" decoding=\"async\" width=\"2298\" height=\"2560\" src=\"https:\/\/www.ssaver.gob.mx\/proteccioncontrariesgossanitarios\/wp-content\/uploads\/sites\/10\/2025\/06\/Vape-acorta-vida-tabaco-scaled.png\" alt=\"\" class=\"wp-image-4749\" style=\"width:245px;height:auto\" srcset=\"https:\/\/www.ssaver.gob.mx\/proteccioncontrariesgossanitarios\/wp-content\/uploads\/sites\/10\/2025\/06\/Vape-acorta-vida-tabaco-scaled.png 2298w, https:\/\/www.ssaver.gob.mx\/proteccioncontrariesgossanitarios\/wp-content\/uploads\/sites\/10\/2025\/06\/Vape-acorta-vida-tabaco-269x300.png 269w, https:\/\/www.ssaver.gob.mx\/proteccioncontrariesgossanitarios\/wp-content\/uploads\/sites\/10\/2025\/06\/Vape-acorta-vida-tabaco-919x1024.png 919w, https:\/\/www.ssaver.gob.mx\/proteccioncontrariesgossanitarios\/wp-content\/uploads\/sites\/10\/2025\/06\/Vape-acorta-vida-tabaco-768x856.png 768w, https:\/\/www.ssaver.gob.mx\/proteccioncontrariesgossanitarios\/wp-content\/uploads\/sites\/10\/2025\/06\/Vape-acorta-vida-tabaco-1379x1536.png 1379w, https:\/\/www.ssaver.gob.mx\/proteccioncontrariesgossanitarios\/wp-content\/uploads\/sites\/10\/2025\/06\/Vape-acorta-vida-tabaco-1838x2048.png 1838w\" sizes=\"auto, (max-width: 2298px) 100vw, 2298px\" \/><\/a><\/figure>\n<\/div>\n\n\n\n<div class=\"wp-block-column is-layout-flow wp-block-column-is-layout-flow\">\n<figure class=\"wp-block-image aligncenter size-large is-resized\"><a href=\"https:\/\/www.ssaver.gob.mx\/proteccioncontrariesgossanitarios\/wp-content\/uploads\/sites\/10\/2025\/02\/TRIPTICO-LO-QUE-CONTIENEN-2025.pdf\" target=\"_blank\" rel=\" noreferrer noopener\"><img loading=\"lazy\" decoding=\"async\" width=\"919\" height=\"1024\" src=\"https:\/\/www.ssaver.gob.mx\/proteccioncontrariesgossanitarios\/wp-content\/uploads\/sites\/10\/2025\/06\/vapeadores-contienen-tabaco-919x1024.png\" alt=\"\" class=\"wp-image-4751\" style=\"width:243px;height:auto\" srcset=\"https:\/\/www.ssaver.gob.mx\/proteccioncontrariesgossanitarios\/wp-content\/uploads\/sites\/10\/2025\/06\/vapeadores-contienen-tabaco-919x1024.png 919w, https:\/\/www.ssaver.gob.mx\/proteccioncontrariesgossanitarios\/wp-content\/uploads\/sites\/10\/2025\/06\/vapeadores-contienen-tabaco-269x300.png 269w, https:\/\/www.ssaver.gob.mx\/proteccioncontrariesgossanitarios\/wp-content\/uploads\/sites\/10\/2025\/06\/vapeadores-contienen-tabaco-768x856.png 768w, https:\/\/www.ssaver.gob.mx\/proteccioncontrariesgossanitarios\/wp-content\/uploads\/sites\/10\/2025\/06\/vapeadores-contienen-tabaco-1379x1536.png 1379w, https:\/\/www.ssaver.gob.mx\/proteccioncontrariesgossanitarios\/wp-content\/uploads\/sites\/10\/2025\/06\/vapeadores-contienen-tabaco-1838x2048.png 1838w\" sizes=\"auto, (max-width: 919px) 100vw, 919px\" \/><\/a><\/figure>\n<\/div>\n<\/div>\n\n\n\n<p><\/p>\n\n\n\n<h2 class=\"wp-block-heading has-text-align-center has-black-color has-text-color has-large-font-size\" style=\"font-style:normal;font-weight:500\">MATERIAL DID\u00c1CTICO<\/h2>\n\n\n\n<hr class=\"wp-block-separator has-text-color has-alpha-channel-opacity has-background is-style-wide\" style=\"background-color:#ac441e;color:#ac441e\" \/>\n\n\n\n<div class=\"wp-block-columns has-background is-layout-flex wp-container-core-columns-is-layout-28f84493 wp-block-columns-is-layout-flex\" style=\"background-color:#f5f5f5\">\n<div class=\"wp-block-column is-layout-flow wp-block-column-is-layout-flow\">\n<figure class=\"wp-block-image aligncenter size-large is-resized\"><a href=\"https:\/\/www.ssaver.gob.mx\/proteccioncontrariesgossanitarios\/wp-content\/uploads\/sites\/10\/2025\/03\/SOPA-DE-LETRAS-LOS-PELIGROS-DEL-TABACO.pdf\" target=\"_blank\"><img loading=\"lazy\" decoding=\"async\" width=\"919\" height=\"1024\" src=\"https:\/\/www.ssaver.gob.mx\/proteccioncontrariesgossanitarios\/wp-content\/uploads\/sites\/10\/2025\/06\/Sopa-letras-peligro-tabaco-919x1024.png\" alt=\"\" class=\"wp-image-4755\" style=\"aspect-ratio:0.8893129770992366;width:249px;height:auto\" srcset=\"https:\/\/www.ssaver.gob.mx\/proteccioncontrariesgossanitarios\/wp-content\/uploads\/sites\/10\/2025\/06\/Sopa-letras-peligro-tabaco-919x1024.png 919w, https:\/\/www.ssaver.gob.mx\/proteccioncontrariesgossanitarios\/wp-content\/uploads\/sites\/10\/2025\/06\/Sopa-letras-peligro-tabaco-269x300.png 269w, https:\/\/www.ssaver.gob.mx\/proteccioncontrariesgossanitarios\/wp-content\/uploads\/sites\/10\/2025\/06\/Sopa-letras-peligro-tabaco-768x856.png 768w, https:\/\/www.ssaver.gob.mx\/proteccioncontrariesgossanitarios\/wp-content\/uploads\/sites\/10\/2025\/06\/Sopa-letras-peligro-tabaco-1379x1536.png 1379w, https:\/\/www.ssaver.gob.mx\/proteccioncontrariesgossanitarios\/wp-content\/uploads\/sites\/10\/2025\/06\/Sopa-letras-peligro-tabaco-1838x2048.png 1838w\" sizes=\"auto, (max-width: 919px) 100vw, 919px\" \/><\/a><\/figure>\n<\/div>\n\n\n\n<div class=\"wp-block-column is-layout-flow wp-block-column-is-layout-flow\">\n<figure class=\"wp-block-image aligncenter size-large is-resized\"><a href=\"https:\/\/www.ssaver.gob.mx\/proteccioncontrariesgossanitarios\/wp-content\/uploads\/sites\/10\/2025\/06\/SOPA-DE-LETRAS-LOS-PELIGROS-DEL-TABACO-2025.pdf\" target=\"_blank\"><img loading=\"lazy\" decoding=\"async\" width=\"919\" height=\"1024\" src=\"https:\/\/www.ssaver.gob.mx\/proteccioncontrariesgossanitarios\/wp-content\/uploads\/sites\/10\/2025\/06\/Sopa-letras-Tabaco-919x1024.png\" alt=\"\" class=\"wp-image-4754\" style=\"width:245px;height:auto\" srcset=\"https:\/\/www.ssaver.gob.mx\/proteccioncontrariesgossanitarios\/wp-content\/uploads\/sites\/10\/2025\/06\/Sopa-letras-Tabaco-919x1024.png 919w, https:\/\/www.ssaver.gob.mx\/proteccioncontrariesgossanitarios\/wp-content\/uploads\/sites\/10\/2025\/06\/Sopa-letras-Tabaco-269x300.png 269w, https:\/\/www.ssaver.gob.mx\/proteccioncontrariesgossanitarios\/wp-content\/uploads\/sites\/10\/2025\/06\/Sopa-letras-Tabaco-768x856.png 768w, https:\/\/www.ssaver.gob.mx\/proteccioncontrariesgossanitarios\/wp-content\/uploads\/sites\/10\/2025\/06\/Sopa-letras-Tabaco-1379x1536.png 1379w, https:\/\/www.ssaver.gob.mx\/proteccioncontrariesgossanitarios\/wp-content\/uploads\/sites\/10\/2025\/06\/Sopa-letras-Tabaco-1838x2048.png 1838w\" sizes=\"auto, (max-width: 919px) 100vw, 919px\" \/><\/a><\/figure>\n<\/div>\n\n\n\n<div class=\"wp-block-column is-layout-flow wp-block-column-is-layout-flow\">\n<figure class=\"wp-block-image aligncenter size-large is-resized\"><a href=\"https:\/\/www.ssaver.gob.mx\/proteccioncontrariesgossanitarios\/wp-content\/uploads\/sites\/10\/2025\/06\/LOTERIA-JAQUE-AL-VAPE-2025-1.pdf\" target=\"_blank\"><img loading=\"lazy\" decoding=\"async\" width=\"919\" height=\"1024\" src=\"https:\/\/www.ssaver.gob.mx\/proteccioncontrariesgossanitarios\/wp-content\/uploads\/sites\/10\/2025\/06\/Loteria-tabaco-919x1024.png\" alt=\"\" class=\"wp-image-4756\" style=\"width:247px;height:auto\" srcset=\"https:\/\/www.ssaver.gob.mx\/proteccioncontrariesgossanitarios\/wp-content\/uploads\/sites\/10\/2025\/06\/Loteria-tabaco-919x1024.png 919w, https:\/\/www.ssaver.gob.mx\/proteccioncontrariesgossanitarios\/wp-content\/uploads\/sites\/10\/2025\/06\/Loteria-tabaco-269x300.png 269w, https:\/\/www.ssaver.gob.mx\/proteccioncontrariesgossanitarios\/wp-content\/uploads\/sites\/10\/2025\/06\/Loteria-tabaco-768x856.png 768w, https:\/\/www.ssaver.gob.mx\/proteccioncontrariesgossanitarios\/wp-content\/uploads\/sites\/10\/2025\/06\/Loteria-tabaco-1379x1536.png 1379w, https:\/\/www.ssaver.gob.mx\/proteccioncontrariesgossanitarios\/wp-content\/uploads\/sites\/10\/2025\/06\/Loteria-tabaco-1838x2048.png 1838w\" sizes=\"auto, (max-width: 919px) 100vw, 919px\" \/><\/a><\/figure>\n<\/div>\n<\/div>\n\n\n\n<p><\/p>\n<\/div>\n","protected":false},"excerpt":{"rendered":"<p>OBJETIVO Proteger a la poblaci\u00f3n de los riesgos a la salud, causados por el consumo y la exposici\u00f3n al humo<\/p>\n","protected":false},"author":15,"featured_media":0,"parent":0,"menu_order":0,"comment_status":"closed","ping_status":"closed","template":"","meta":{"colormag_page_container_layout":"default_layout","colormag_page_sidebar_layout":"default_layout","footnotes":""},"class_list":["post-1257","page","type-page","status-publish","hentry"],"_links":{"self":[{"href":"https:\/\/www.ssaver.gob.mx\/proteccioncontrariesgossanitarios\/wp-json\/wp\/v2\/pages\/1257","targetHints":{"allow":["GET"]}}],"collection":[{"href":"https:\/\/www.ssaver.gob.mx\/proteccioncontrariesgossanitarios\/wp-json\/wp\/v2\/pages"}],"about":[{"href":"https:\/\/www.ssaver.gob.mx\/proteccioncontrariesgossanitarios\/wp-json\/wp\/v2\/types\/page"}],"author":[{"embeddable":true,"href":"https:\/\/www.ssaver.gob.mx\/proteccioncontrariesgossanitarios\/wp-json\/wp\/v2\/users\/15"}],"replies":[{"embeddable":true,"href":"https:\/\/www.ssaver.gob.mx\/proteccioncontrariesgossanitarios\/wp-json\/wp\/v2\/comments?post=1257"}],"version-history":[{"count":91,"href":"https:\/\/www.ssaver.gob.mx\/proteccioncontrariesgossanitarios\/wp-json\/wp\/v2\/pages\/1257\/revisions"}],"predecessor-version":[{"id":5738,"href":"https:\/\/www.ssaver.gob.mx\/proteccioncontrariesgossanitarios\/wp-json\/wp\/v2\/pages\/1257\/revisions\/5738"}],"wp:attachment":[{"href":"https:\/\/www.ssaver.gob.mx\/proteccioncontrariesgossanitarios\/wp-json\/wp\/v2\/media?parent=1257"}],"curies":[{"name":"wp","href":"https:\/\/api.w.org\/{rel}","templated":true}]}}