{"id":2035,"date":"2022-12-15T12:47:09","date_gmt":"2022-12-15T18:47:09","guid":{"rendered":"https:\/\/www.ssaver.gob.mx\/proteccioncontrariesgossanitarios\/?page_id=2035"},"modified":"2026-03-27T13:50:53","modified_gmt":"2026-03-27T19:50:53","slug":"cis-veracruz","status":"publish","type":"page","link":"https:\/\/www.ssaver.gob.mx\/proteccioncontrariesgossanitarios\/cis-veracruz\/","title":{"rendered":"CIS"},"content":{"rendered":"\n<div class=\"wp-block-group is-layout-constrained wp-container-core-group-is-layout-9517baca wp-block-group-is-layout-constrained\">\n<figure class=\"wp-block-gallery has-nested-images columns-default is-cropped wp-block-gallery-1 is-layout-flex wp-block-gallery-is-layout-flex\">\n<figure class=\"wp-block-image size-large\"><img loading=\"lazy\" decoding=\"async\" width=\"1024\" height=\"413\" data-id=\"5594\" src=\"https:\/\/www.ssaver.gob.mx\/proteccioncontrariesgossanitarios\/wp-content\/uploads\/sites\/10\/2026\/02\/banner-CIS-1024x413.png\" alt=\"\" class=\"wp-image-5594\" srcset=\"https:\/\/www.ssaver.gob.mx\/proteccioncontrariesgossanitarios\/wp-content\/uploads\/sites\/10\/2026\/02\/banner-CIS-1024x413.png 1024w, https:\/\/www.ssaver.gob.mx\/proteccioncontrariesgossanitarios\/wp-content\/uploads\/sites\/10\/2026\/02\/banner-CIS-300x121.png 300w, https:\/\/www.ssaver.gob.mx\/proteccioncontrariesgossanitarios\/wp-content\/uploads\/sites\/10\/2026\/02\/banner-CIS-768x310.png 768w, https:\/\/www.ssaver.gob.mx\/proteccioncontrariesgossanitarios\/wp-content\/uploads\/sites\/10\/2026\/02\/banner-CIS-1536x620.png 1536w, https:\/\/www.ssaver.gob.mx\/proteccioncontrariesgossanitarios\/wp-content\/uploads\/sites\/10\/2026\/02\/banner-CIS-2048x827.png 2048w\" sizes=\"auto, (max-width: 1024px) 100vw, 1024px\" \/><\/figure>\n<\/figure>\n\n\n\n<h1 class=\"wp-block-heading has-text-align-center\">POL\u00cdTICA DE CALIDAD<\/h1>\n\n\n\n<hr class=\"wp-block-separator has-text-color has-alpha-channel-opacity has-background is-style-wide\" style=\"background-color:#e0dd47;color:#e0dd47\" \/>\n\n\n\n<p class=\"has-text-align-center has-medium-font-size\">Nuestro compromiso es atender los tr\u00e1mites en materia de protecci\u00f3n contra riesgos sanitarios con personal altamente capacitado, utilizando herramientas tecnol\u00f3gicas, mediante la mejora continua y aplicando la normatividad vigente.<\/p>\n\n\n\n<p class=\"has-text-align-center has-white-color has-text-color has-background\" style=\"background-color:#666565;font-size:15px\"><strong>TR\u00c1MITES FEDERALES<\/strong><\/p>\n\n\n\n<div class=\"wp-block-columns is-layout-flex wp-container-core-columns-is-layout-28f84493 wp-block-columns-is-layout-flex\">\n<div class=\"wp-block-column is-layout-flow wp-block-column-is-layout-flow\">\n<figure class=\"wp-block-image size-large\"><a href=\"https:\/\/www.gob.mx\/cofepris\/acciones-y-programas\/tipo\"><img loading=\"lazy\" decoding=\"async\" width=\"1024\" height=\"355\" src=\"https:\/\/www.ssaver.gob.mx\/proteccioncontrariesgossanitarios\/wp-content\/uploads\/sites\/10\/2026\/02\/boton-tramites-y-servicios-CIS-1024x355.png\" alt=\"\" class=\"wp-image-5595\" srcset=\"https:\/\/www.ssaver.gob.mx\/proteccioncontrariesgossanitarios\/wp-content\/uploads\/sites\/10\/2026\/02\/boton-tramites-y-servicios-CIS-1024x355.png 1024w, https:\/\/www.ssaver.gob.mx\/proteccioncontrariesgossanitarios\/wp-content\/uploads\/sites\/10\/2026\/02\/boton-tramites-y-servicios-CIS-300x104.png 300w, https:\/\/www.ssaver.gob.mx\/proteccioncontrariesgossanitarios\/wp-content\/uploads\/sites\/10\/2026\/02\/boton-tramites-y-servicios-CIS-768x266.png 768w, https:\/\/www.ssaver.gob.mx\/proteccioncontrariesgossanitarios\/wp-content\/uploads\/sites\/10\/2026\/02\/boton-tramites-y-servicios-CIS.png 1087w\" sizes=\"auto, (max-width: 1024px) 100vw, 1024px\" \/><\/a><\/figure>\n<\/div>\n\n\n\n<div class=\"wp-block-column is-layout-flow wp-block-column-is-layout-flow\">\n<figure class=\"wp-block-image size-large\"><img loading=\"lazy\" decoding=\"async\" width=\"1024\" height=\"355\" src=\"https:\/\/www.ssaver.gob.mx\/proteccioncontrariesgossanitarios\/wp-content\/uploads\/sites\/10\/2026\/02\/boton-catalogo-de-giros-COFEPRIS-CIS-1024x355.png\" alt=\"\" class=\"wp-image-5597\" srcset=\"https:\/\/www.ssaver.gob.mx\/proteccioncontrariesgossanitarios\/wp-content\/uploads\/sites\/10\/2026\/02\/boton-catalogo-de-giros-COFEPRIS-CIS-1024x355.png 1024w, https:\/\/www.ssaver.gob.mx\/proteccioncontrariesgossanitarios\/wp-content\/uploads\/sites\/10\/2026\/02\/boton-catalogo-de-giros-COFEPRIS-CIS-300x104.png 300w, https:\/\/www.ssaver.gob.mx\/proteccioncontrariesgossanitarios\/wp-content\/uploads\/sites\/10\/2026\/02\/boton-catalogo-de-giros-COFEPRIS-CIS-768x266.png 768w, https:\/\/www.ssaver.gob.mx\/proteccioncontrariesgossanitarios\/wp-content\/uploads\/sites\/10\/2026\/02\/boton-catalogo-de-giros-COFEPRIS-CIS.png 1087w\" sizes=\"auto, (max-width: 1024px) 100vw, 1024px\" \/><\/figure>\n<\/div>\n\n\n\n<div class=\"wp-block-column is-layout-flow wp-block-column-is-layout-flow\">\n<figure class=\"wp-block-image size-large\"><a href=\"https:\/\/www.ssaver.gob.mx\/proteccioncontrariesgossanitarios\/wp-content\/uploads\/sites\/10\/2026\/02\/TarifasDePago2026.pdf\"><img loading=\"lazy\" decoding=\"async\" width=\"1024\" height=\"355\" src=\"https:\/\/www.ssaver.gob.mx\/proteccioncontrariesgossanitarios\/wp-content\/uploads\/sites\/10\/2026\/02\/boton-pago-de-derechos-2026-CIS-1024x355.png\" alt=\"\" class=\"wp-image-5598\" srcset=\"https:\/\/www.ssaver.gob.mx\/proteccioncontrariesgossanitarios\/wp-content\/uploads\/sites\/10\/2026\/02\/boton-pago-de-derechos-2026-CIS-1024x355.png 1024w, https:\/\/www.ssaver.gob.mx\/proteccioncontrariesgossanitarios\/wp-content\/uploads\/sites\/10\/2026\/02\/boton-pago-de-derechos-2026-CIS-300x104.png 300w, https:\/\/www.ssaver.gob.mx\/proteccioncontrariesgossanitarios\/wp-content\/uploads\/sites\/10\/2026\/02\/boton-pago-de-derechos-2026-CIS-768x266.png 768w, https:\/\/www.ssaver.gob.mx\/proteccioncontrariesgossanitarios\/wp-content\/uploads\/sites\/10\/2026\/02\/boton-pago-de-derechos-2026-CIS.png 1087w\" sizes=\"auto, (max-width: 1024px) 100vw, 1024px\" \/><\/a><\/figure>\n<\/div>\n<\/div>\n\n\n\n<div class=\"wp-block-columns is-layout-flex wp-container-core-columns-is-layout-28f84493 wp-block-columns-is-layout-flex\">\n<div class=\"wp-block-column is-layout-flow wp-block-column-is-layout-flow\">\n<figure class=\"wp-block-image size-large\"><a href=\"https:\/\/tramiteselectronicos03.cofepris.gob.mx\/DenunciaExterna\/W\/InicioW.aspx\"><img loading=\"lazy\" decoding=\"async\" width=\"1024\" height=\"355\" src=\"https:\/\/www.ssaver.gob.mx\/proteccioncontrariesgossanitarios\/wp-content\/uploads\/sites\/10\/2026\/02\/boton-denuncia-sanitaria-CIS-1024x355.png\" alt=\"\" class=\"wp-image-5599\" srcset=\"https:\/\/www.ssaver.gob.mx\/proteccioncontrariesgossanitarios\/wp-content\/uploads\/sites\/10\/2026\/02\/boton-denuncia-sanitaria-CIS-1024x355.png 1024w, https:\/\/www.ssaver.gob.mx\/proteccioncontrariesgossanitarios\/wp-content\/uploads\/sites\/10\/2026\/02\/boton-denuncia-sanitaria-CIS-300x104.png 300w, https:\/\/www.ssaver.gob.mx\/proteccioncontrariesgossanitarios\/wp-content\/uploads\/sites\/10\/2026\/02\/boton-denuncia-sanitaria-CIS-768x266.png 768w, https:\/\/www.ssaver.gob.mx\/proteccioncontrariesgossanitarios\/wp-content\/uploads\/sites\/10\/2026\/02\/boton-denuncia-sanitaria-CIS.png 1087w\" sizes=\"auto, (max-width: 1024px) 100vw, 1024px\" \/><\/a><\/figure>\n<\/div>\n\n\n\n<div class=\"wp-block-column is-layout-flow wp-block-column-is-layout-flow\">\n<figure class=\"wp-block-image size-large\"><a href=\"https:\/\/www.ssaver.gob.mx\/proteccioncontrariesgossanitarios\/wp-content\/uploads\/sites\/10\/2022\/12\/Comercio-Exterior.pdf\"><img loading=\"lazy\" decoding=\"async\" width=\"1024\" height=\"355\" src=\"https:\/\/www.ssaver.gob.mx\/proteccioncontrariesgossanitarios\/wp-content\/uploads\/sites\/10\/2026\/02\/boton-comercio-exterior-CIS-1024x355.png\" alt=\"\" class=\"wp-image-5600\" srcset=\"https:\/\/www.ssaver.gob.mx\/proteccioncontrariesgossanitarios\/wp-content\/uploads\/sites\/10\/2026\/02\/boton-comercio-exterior-CIS-1024x355.png 1024w, https:\/\/www.ssaver.gob.mx\/proteccioncontrariesgossanitarios\/wp-content\/uploads\/sites\/10\/2026\/02\/boton-comercio-exterior-CIS-300x104.png 300w, https:\/\/www.ssaver.gob.mx\/proteccioncontrariesgossanitarios\/wp-content\/uploads\/sites\/10\/2026\/02\/boton-comercio-exterior-CIS-768x266.png 768w, https:\/\/www.ssaver.gob.mx\/proteccioncontrariesgossanitarios\/wp-content\/uploads\/sites\/10\/2026\/02\/boton-comercio-exterior-CIS.png 1087w\" sizes=\"auto, (max-width: 1024px) 100vw, 1024px\" \/><\/a><\/figure>\n<\/div>\n\n\n\n<div class=\"wp-block-column is-layout-flow wp-block-column-is-layout-flow\">\n<figure class=\"wp-block-image size-large\"><a href=\"https:\/\/www.ssaver.gob.mx\/proteccioncontrariesgossanitarios\/wp-content\/uploads\/sites\/10\/2022\/12\/DIGIPRiS.pdf\"><img loading=\"lazy\" decoding=\"async\" width=\"1024\" height=\"355\" src=\"https:\/\/www.ssaver.gob.mx\/proteccioncontrariesgossanitarios\/wp-content\/uploads\/sites\/10\/2026\/02\/boton-digipris-CIS-1024x355.png\" alt=\"\" class=\"wp-image-5601\" srcset=\"https:\/\/www.ssaver.gob.mx\/proteccioncontrariesgossanitarios\/wp-content\/uploads\/sites\/10\/2026\/02\/boton-digipris-CIS-1024x355.png 1024w, https:\/\/www.ssaver.gob.mx\/proteccioncontrariesgossanitarios\/wp-content\/uploads\/sites\/10\/2026\/02\/boton-digipris-CIS-300x104.png 300w, https:\/\/www.ssaver.gob.mx\/proteccioncontrariesgossanitarios\/wp-content\/uploads\/sites\/10\/2026\/02\/boton-digipris-CIS-768x266.png 768w, https:\/\/www.ssaver.gob.mx\/proteccioncontrariesgossanitarios\/wp-content\/uploads\/sites\/10\/2026\/02\/boton-digipris-CIS.png 1087w\" sizes=\"auto, (max-width: 1024px) 100vw, 1024px\" \/><\/a><\/figure>\n<\/div>\n<\/div>\n\n\n\n<p class=\"has-text-align-center has-white-color has-text-color has-background\" style=\"background-color:#666565;font-size:15px\"><strong>TR\u00c1MITES ESTATALES<\/strong><\/p>\n\n\n\n<p style=\"font-size:15px\"><strong>Formatos:<\/strong><\/p>\n\n\n\n<ul style=\"font-size:15px\" class=\"wp-block-list\">\n<li><a href=\"https:\/\/www.ssaver.gob.mx\/proteccioncontrariesgossanitarios\/wp-content\/uploads\/sites\/10\/2025\/10\/1.-SOL.-PERITO-2025.xlsx\" data-type=\"link\" data-id=\"https:\/\/www.ssaver.gob.mx\/proteccioncontrariesgossanitarios\/wp-content\/uploads\/sites\/10\/2025\/10\/1.-SOL.-PERITO-2025.xlsx\" target=\"_blank\" rel=\"noreferrer noopener\">Solicitud de registro de perito responsable de proyectos y ejecuci\u00f3n de obras de construcci\u00f3n. Primera vez y subsecuente.<\/a><\/li>\n\n\n\n<li><a href=\"https:\/\/www.ssaver.gob.mx\/proteccioncontrariesgossanitarios\/wp-content\/uploads\/sites\/10\/2025\/10\/SOL.-PANTEON-NUEVA-CREACION.xlsx\" data-type=\"link\" data-id=\"https:\/\/www.ssaver.gob.mx\/proteccioncontrariesgossanitarios\/wp-content\/uploads\/sites\/10\/2025\/10\/SOL.-PANTEON-NUEVA-CREACION.xlsx\" target=\"_blank\" rel=\"noreferrer noopener\">Solicitud de autorizaci\u00f3n para pante\u00f3n de nueva creaci\u00f3n.<\/a><\/li>\n\n\n\n<li><a href=\"https:\/\/www.ssaver.gob.mx\/proteccioncontrariesgossanitarios\/wp-content\/uploads\/sites\/10\/2025\/10\/FORMATO-SOLICITUD-DE-REGULARIZACION-2025.xlsx\" data-type=\"link\" data-id=\"https:\/\/www.ssaver.gob.mx\/proteccioncontrariesgossanitarios\/wp-content\/uploads\/sites\/10\/2025\/10\/FORMATO-SOLICITUD-DE-REGULARIZACION-2025.xlsx\" target=\"_blank\" rel=\"noreferrer noopener\">Solicitud de regularizaci\u00f3n para pante\u00f3n<\/a>.<\/li>\n\n\n\n<li><a href=\"https:\/\/www.ssaver.gob.mx\/proteccioncontrariesgossanitarios\/wp-content\/uploads\/sites\/10\/2025\/10\/Solicitud-de-Permiso-de-Obras-No-Medicas-2025-con-requisitos-1.xlsx\" data-type=\"link\" data-id=\"https:\/\/www.ssaver.gob.mx\/proteccioncontrariesgossanitarios\/wp-content\/uploads\/sites\/10\/2025\/10\/Solicitud-de-Permiso-de-Obras-No-Medicas-2025-con-requisitos-1.xlsx\" target=\"_blank\" rel=\"noreferrer noopener\">Solicitud de permiso de construcci\u00f3n de obras no m\u00e9dicas.<\/a><\/li>\n\n\n\n<li><a href=\"https:\/\/www.ssaver.gob.mx\/proteccioncontrariesgossanitarios\/wp-content\/uploads\/sites\/10\/2026\/02\/4.-SSA-06-005-PERMISOS-RELACIONADOS-CON-LA-DISPOSICION-DE-CADAVERES-HUMANOS_2026.xlsx\">Permisos relacionados con la disposici\u00f3n de cad\u00e1veres.<\/a><\/li>\n\n\n\n<li><a href=\"https:\/\/www.ssaver.gob.mx\/proteccioncontrariesgossanitarios\/wp-content\/uploads\/sites\/10\/2025\/10\/8.-SOL.-VISITA-GRANJA-.xlsx\" data-type=\"link\" data-id=\"https:\/\/www.ssaver.gob.mx\/proteccioncontrariesgossanitarios\/wp-content\/uploads\/sites\/10\/2025\/10\/8.-SOL.-VISITA-GRANJA-.xlsx\" target=\"_blank\" rel=\"noreferrer noopener\">Solicitud de verificaci\u00f3n sanitaria para terreno propuesto para granja.<\/a><\/li>\n\n\n\n<li><a href=\"https:\/\/www.ssaver.gob.mx\/proteccioncontrariesgossanitarios\/wp-content\/uploads\/sites\/10\/2025\/10\/9.-SOL.-VISITA-RASTROS-.xlsx\" data-type=\"link\" data-id=\"https:\/\/www.ssaver.gob.mx\/proteccioncontrariesgossanitarios\/wp-content\/uploads\/sites\/10\/2025\/10\/9.-SOL.-VISITA-RASTROS-.xlsx\" target=\"_blank\" rel=\"noreferrer noopener\">Solicitud de verificaci\u00f3n sanitaria para terreno propuesto para rastro.<\/a><\/li>\n\n\n\n<li><a href=\"https:\/\/www.ssaver.gob.mx\/proteccioncontrariesgossanitarios\/wp-content\/uploads\/sites\/10\/2026\/03\/CATALOGO-DE-GIROS-ESTATAL-SALUBRIDAD-LOCAL-marzo-2026.pdf\">Cat\u00e1logo de Giros Estatal de Salubridad Local<\/a><\/li>\n\n\n\n<li><a href=\"https:\/\/www.ssaver.gob.mx\/proteccioncontrariesgossanitarios\/wp-content\/uploads\/sites\/10\/2025\/02\/FORMATO-AVISO-SALUBRIDAD-LOCAL_2025.pdf\" data-type=\"link\" data-id=\"https:\/\/www.ssaver.gob.mx\/proteccioncontrariesgossanitarios\/wp-content\/uploads\/sites\/10\/2025\/02\/FORMATO-AVISO-SALUBRIDAD-LOCAL_2025.pdf\">Formato Aviso Salubridad Local<\/a><\/li>\n<\/ul>\n\n\n\n<p class=\"has-text-align-center has-white-color has-text-color has-background\" style=\"background-color:#666565;font-size:15px\"><strong>TR\u00c1MITES MUNICIPALES<\/strong><\/p>\n\n\n\n<div class=\"wp-block-columns is-layout-flex wp-container-core-columns-is-layout-28f84493 wp-block-columns-is-layout-flex\">\n<div class=\"wp-block-column is-layout-flow wp-block-column-is-layout-flow\">\n<figure class=\"wp-block-image size-full\"><a href=\"https:\/\/www.ssaver.gob.mx\/proteccioncontrariesgossanitarios\/infografia-tramite-solicitud-de-autorizacion-para-panteon-de-nueva-creacion\/\"><img loading=\"lazy\" decoding=\"async\" width=\"544\" height=\"189\" src=\"https:\/\/www.ssaver.gob.mx\/proteccioncontrariesgossanitarios\/wp-content\/uploads\/sites\/10\/2026\/03\/boton-panteon-de-nueva-creacion.png\" alt=\"\" class=\"wp-image-5918\" srcset=\"https:\/\/www.ssaver.gob.mx\/proteccioncontrariesgossanitarios\/wp-content\/uploads\/sites\/10\/2026\/03\/boton-panteon-de-nueva-creacion.png 544w, https:\/\/www.ssaver.gob.mx\/proteccioncontrariesgossanitarios\/wp-content\/uploads\/sites\/10\/2026\/03\/boton-panteon-de-nueva-creacion-300x104.png 300w\" sizes=\"auto, (max-width: 544px) 100vw, 544px\" \/><\/a><\/figure>\n<\/div>\n\n\n\n<div class=\"wp-block-column is-layout-flow wp-block-column-is-layout-flow\">\n<figure class=\"wp-block-image size-full\"><a href=\"https:\/\/www.ssaver.gob.mx\/proteccioncontrariesgossanitarios\/infografia-tramite-solicitud-de-regularizacion-de-panteon\/\"><img loading=\"lazy\" decoding=\"async\" width=\"544\" height=\"189\" src=\"https:\/\/www.ssaver.gob.mx\/proteccioncontrariesgossanitarios\/wp-content\/uploads\/sites\/10\/2026\/03\/boton-regularizacion-para-panteon.png\" alt=\"\" class=\"wp-image-5917\" srcset=\"https:\/\/www.ssaver.gob.mx\/proteccioncontrariesgossanitarios\/wp-content\/uploads\/sites\/10\/2026\/03\/boton-regularizacion-para-panteon.png 544w, https:\/\/www.ssaver.gob.mx\/proteccioncontrariesgossanitarios\/wp-content\/uploads\/sites\/10\/2026\/03\/boton-regularizacion-para-panteon-300x104.png 300w\" sizes=\"auto, (max-width: 544px) 100vw, 544px\" \/><\/a><\/figure>\n<\/div>\n\n\n\n<div class=\"wp-block-column is-layout-flow wp-block-column-is-layout-flow\">\n<figure class=\"wp-block-image size-full\"><a href=\"https:\/\/www.ssaver.gob.mx\/proteccioncontrariesgossanitarios\/solicitud-de-permiso-de-construccion-de-obras-no-medicas\/\"><img loading=\"lazy\" decoding=\"async\" width=\"1087\" height=\"377\" src=\"https:\/\/www.ssaver.gob.mx\/proteccioncontrariesgossanitarios\/wp-content\/uploads\/sites\/10\/2026\/03\/boton-solicitud-de-servicio-de-obras-no-medicas-CIS.png\" alt=\"\" class=\"wp-image-6017\" srcset=\"https:\/\/www.ssaver.gob.mx\/proteccioncontrariesgossanitarios\/wp-content\/uploads\/sites\/10\/2026\/03\/boton-solicitud-de-servicio-de-obras-no-medicas-CIS.png 1087w, https:\/\/www.ssaver.gob.mx\/proteccioncontrariesgossanitarios\/wp-content\/uploads\/sites\/10\/2026\/03\/boton-solicitud-de-servicio-de-obras-no-medicas-CIS-300x104.png 300w, https:\/\/www.ssaver.gob.mx\/proteccioncontrariesgossanitarios\/wp-content\/uploads\/sites\/10\/2026\/03\/boton-solicitud-de-servicio-de-obras-no-medicas-CIS-1024x355.png 1024w, https:\/\/www.ssaver.gob.mx\/proteccioncontrariesgossanitarios\/wp-content\/uploads\/sites\/10\/2026\/03\/boton-solicitud-de-servicio-de-obras-no-medicas-CIS-768x266.png 768w\" sizes=\"auto, (max-width: 1087px) 100vw, 1087px\" \/><\/a><\/figure>\n<\/div>\n<\/div>\n\n\n\n<div class=\"wp-block-columns is-layout-flex wp-container-core-columns-is-layout-28f84493 wp-block-columns-is-layout-flex\">\n<div class=\"wp-block-column is-layout-flow wp-block-column-is-layout-flow\">\n<figure class=\"wp-block-image size-full\"><a href=\"https:\/\/www.ssaver.gob.mx\/proteccioncontrariesgossanitarios\/solicitud-de-verificacion-sanitaria-para-terreno-propuesto-para-rastro\/\"><img loading=\"lazy\" decoding=\"async\" width=\"544\" height=\"189\" src=\"https:\/\/www.ssaver.gob.mx\/proteccioncontrariesgossanitarios\/wp-content\/uploads\/sites\/10\/2026\/03\/boton-terreno-propuesto-para-rastro.png\" alt=\"\" class=\"wp-image-5915\" srcset=\"https:\/\/www.ssaver.gob.mx\/proteccioncontrariesgossanitarios\/wp-content\/uploads\/sites\/10\/2026\/03\/boton-terreno-propuesto-para-rastro.png 544w, https:\/\/www.ssaver.gob.mx\/proteccioncontrariesgossanitarios\/wp-content\/uploads\/sites\/10\/2026\/03\/boton-terreno-propuesto-para-rastro-300x104.png 300w\" sizes=\"auto, (max-width: 544px) 100vw, 544px\" \/><\/a><\/figure>\n<\/div>\n\n\n\n<div class=\"wp-block-column is-layout-flow wp-block-column-is-layout-flow\"><\/div>\n\n\n\n<div class=\"wp-block-column is-layout-flow wp-block-column-is-layout-flow\"><\/div>\n<\/div>\n\n\n\n<p class=\"has-text-align-center has-white-color has-text-color has-background\" style=\"background-color:#666565;font-size:15px\"><strong>CONSULTA DE INFORMACI\u00d3N<\/strong><\/p>\n\n\n\n<ul class=\"wp-block-list\">\n<li style=\"font-size:15px\"><a href=\"https:\/\/www.ssaver.gob.mx\/proteccioncontrariesgossanitarios\/wp-content\/uploads\/sites\/10\/2026\/02\/LISTADO-DE-PERITOS-AUTORIZADOS-EN-EL-ESTADO_50226-1_unlocked.pdf\" data-type=\"link\" data-id=\"https:\/\/www.ssaver.gob.mx\/proteccioncontrariesgossanitarios\/wp-content\/uploads\/sites\/10\/2025\/10\/LISTADO-DE-PERITOS-AUTORIZADOS-EN-EL-ESTADO_protegido.pdf\" target=\"_blank\" rel=\"noreferrer noopener\">Listado de autorizaci\u00f3n de peritos responsables de proyectos y obras de construcci\u00f3n.<\/a><\/li>\n<\/ul>\n\n\n\n<p class=\"has-text-align-center has-white-color has-text-color has-background\" style=\"background-color:#666565;font-size:15px\"><strong>DIRECTORIO DESGLOSADO DE LOS 11 CIS JURISDICCIONALES<\/strong><\/p>\n\n\n\n<p class=\"has-text-align-left has-medium-font-size\">El Centro Integral de Servicios Estatal o CIS Jurisdiccional, es un espacio \u00fanico de atenci\u00f3n al usuario en donde se proporciona informaci\u00f3n relativa a tr\u00e1mites de manera oportuna, de forma honesta y transparente. Desde el primer contacto telef\u00f3nico o personal con la instituci\u00f3n, hasta el ingreso del tr\u00e1mite y la entrega de resoluci\u00f3n.<\/p>\n\n\n\n<figure class=\"wp-block-table is-style-stripes\" style=\"font-size:15px\"><table class=\"has-fixed-layout\"><thead><tr><th>Jurisdicci\u00f3n<\/th><th>Direcci\u00f3n<\/th><th>Tel\u00e9fono<\/th><th>Correo electr\u00f3nico<\/th><th>Horario de atenci\u00f3n<\/th><th class=\"has-text-align-center\" data-align=\"center\">Ubicaci\u00f3n<\/th><\/tr><\/thead><tbody><tr><td>CIS Estatal<\/td><td>Plaza Macuilt\u00e9petl, Morelos N\u00b0 76, Local 7 y 8 Col. Centro, C.P. 91000, Xalapa, Ver.<\/td><td>Tel. (228) 841-9475 y (228) 818 &#8211; 5214, Lada sin costo 800 505 16 70<\/td><td><a>cis.dprs@gmail.com<\/a><\/td><td>Lunes a viernes 09:00 a 15:00 hrs.<\/td><td class=\"has-text-align-center\" data-align=\"center\"><a href=\"https:\/\/goo.gl\/maps\/qmZ66yB8BuESrGuy9\" target=\"_blank\" rel=\"noreferrer noopener\"><img loading=\"lazy\" decoding=\"async\" width=\"512\" height=\"512\" class=\"wp-image-2070\" style=\"width: 50px\" src=\"https:\/\/www.ssaver.gob.mx\/proteccioncontrariesgossanitarios\/wp-content\/uploads\/sites\/10\/2022\/12\/unnamed.png\" alt=\"\" srcset=\"https:\/\/www.ssaver.gob.mx\/proteccioncontrariesgossanitarios\/wp-content\/uploads\/sites\/10\/2022\/12\/unnamed.png 512w, https:\/\/www.ssaver.gob.mx\/proteccioncontrariesgossanitarios\/wp-content\/uploads\/sites\/10\/2022\/12\/unnamed-300x300.png 300w, https:\/\/www.ssaver.gob.mx\/proteccioncontrariesgossanitarios\/wp-content\/uploads\/sites\/10\/2022\/12\/unnamed-150x150.png 150w, https:\/\/www.ssaver.gob.mx\/proteccioncontrariesgossanitarios\/wp-content\/uploads\/sites\/10\/2022\/12\/unnamed-215x215.png 215w\" sizes=\"auto, (max-width: 512px) 100vw, 512px\" \/><\/a><\/td><\/tr><tr><td>1. P\u00e1nuco<\/td><td>Morelos No. 2, Col. Alto de Vi\u00f1as, C.P. 93990, P\u00e1nuco, Ver.<\/td><td>Tel.&nbsp;(846)&nbsp;256-0204<\/td><td><a>cis.js01@gmail.com<\/a><\/td><td>Lunes a viernes 09:00 a 14:00 hrs.<\/td><td class=\"has-text-align-center\" data-align=\"center\"><a href=\"https:\/\/goo.gl\/maps\/7dF1NUMQZnwytcxA8\" target=\"_blank\" rel=\"noreferrer noopener\"><img loading=\"lazy\" decoding=\"async\" width=\"512\" height=\"512\" class=\"wp-image-2070\" style=\"width: 50px\" src=\"https:\/\/www.ssaver.gob.mx\/proteccioncontrariesgossanitarios\/wp-content\/uploads\/sites\/10\/2022\/12\/unnamed.png\" alt=\"\" srcset=\"https:\/\/www.ssaver.gob.mx\/proteccioncontrariesgossanitarios\/wp-content\/uploads\/sites\/10\/2022\/12\/unnamed.png 512w, https:\/\/www.ssaver.gob.mx\/proteccioncontrariesgossanitarios\/wp-content\/uploads\/sites\/10\/2022\/12\/unnamed-300x300.png 300w, https:\/\/www.ssaver.gob.mx\/proteccioncontrariesgossanitarios\/wp-content\/uploads\/sites\/10\/2022\/12\/unnamed-150x150.png 150w, https:\/\/www.ssaver.gob.mx\/proteccioncontrariesgossanitarios\/wp-content\/uploads\/sites\/10\/2022\/12\/unnamed-215x215.png 215w\" sizes=\"auto, (max-width: 512px) 100vw, 512px\" \/><\/a><\/td><\/tr><tr><td>2. Tuxpan<\/td><td>\u00c1lvaro Obreg\u00f3n No. 13, Col. Centro, C.P. 92800, Tuxpan, Ver.<\/td><td>Tel. (783) 834-0941<\/td><td><a>cis.js02@gmail.com<\/a><\/td><td>Lunes a viernes 09:00 a 14:00 hrs.<\/td><td class=\"has-text-align-center\" data-align=\"center\"><a href=\"https:\/\/goo.gl\/maps\/uJczKHJwMCHVNpYTA\" target=\"_blank\" rel=\"noreferrer noopener\"><img loading=\"lazy\" decoding=\"async\" width=\"512\" height=\"512\" class=\"wp-image-2070\" style=\"width: 50px\" src=\"https:\/\/www.ssaver.gob.mx\/proteccioncontrariesgossanitarios\/wp-content\/uploads\/sites\/10\/2022\/12\/unnamed.png\" alt=\"\" srcset=\"https:\/\/www.ssaver.gob.mx\/proteccioncontrariesgossanitarios\/wp-content\/uploads\/sites\/10\/2022\/12\/unnamed.png 512w, https:\/\/www.ssaver.gob.mx\/proteccioncontrariesgossanitarios\/wp-content\/uploads\/sites\/10\/2022\/12\/unnamed-300x300.png 300w, https:\/\/www.ssaver.gob.mx\/proteccioncontrariesgossanitarios\/wp-content\/uploads\/sites\/10\/2022\/12\/unnamed-150x150.png 150w, https:\/\/www.ssaver.gob.mx\/proteccioncontrariesgossanitarios\/wp-content\/uploads\/sites\/10\/2022\/12\/unnamed-215x215.png 215w\" sizes=\"auto, (max-width: 512px) 100vw, 512px\" \/><\/a><\/td><\/tr><tr><td>3. Poza Rica<\/td><td>Pozo 174 S\/N, Col. Morelos, C.P. 93340, Poza Rica, Ver.<\/td><td>Tel.&nbsp;(782)&nbsp;827-0219<\/td><td><a>cis.js03@gmail.com<\/a><\/td><td>Lunes a viernes 09:00 a 14:00 hrs.<\/td><td class=\"has-text-align-center\" data-align=\"center\"><a href=\"https:\/\/goo.gl\/maps\/mXZhT61soHF7ezWn6\" target=\"_blank\" rel=\"noreferrer noopener\"><img loading=\"lazy\" decoding=\"async\" width=\"512\" height=\"512\" class=\"wp-image-2070\" style=\"width: 50px\" src=\"https:\/\/www.ssaver.gob.mx\/proteccioncontrariesgossanitarios\/wp-content\/uploads\/sites\/10\/2022\/12\/unnamed.png\" alt=\"\" srcset=\"https:\/\/www.ssaver.gob.mx\/proteccioncontrariesgossanitarios\/wp-content\/uploads\/sites\/10\/2022\/12\/unnamed.png 512w, https:\/\/www.ssaver.gob.mx\/proteccioncontrariesgossanitarios\/wp-content\/uploads\/sites\/10\/2022\/12\/unnamed-300x300.png 300w, https:\/\/www.ssaver.gob.mx\/proteccioncontrariesgossanitarios\/wp-content\/uploads\/sites\/10\/2022\/12\/unnamed-150x150.png 150w, https:\/\/www.ssaver.gob.mx\/proteccioncontrariesgossanitarios\/wp-content\/uploads\/sites\/10\/2022\/12\/unnamed-215x215.png 215w\" sizes=\"auto, (max-width: 512px) 100vw, 512px\" \/><\/a><\/td><\/tr><tr><td>4. Mart\u00ednez de la Torre<\/td><td>Av. Zaragoza No. 200, Col. Centro, C.P. 93600. Mtz. de la Torre, Ver.<\/td><td>Tel.&nbsp;(232)&nbsp;324-4044<\/td><td><a>cis.js04@gmail.com<\/a><\/td><td>Lunes a viernes 09:00 a 14:00 hrs.<\/td><td class=\"has-text-align-center\" data-align=\"center\"><a href=\"https:\/\/goo.gl\/maps\/4dyvQAwMrpHYX4eEA\" target=\"_blank\" rel=\"noreferrer noopener\"><img loading=\"lazy\" decoding=\"async\" width=\"512\" height=\"512\" class=\"wp-image-2070\" style=\"width: 50px\" src=\"https:\/\/www.ssaver.gob.mx\/proteccioncontrariesgossanitarios\/wp-content\/uploads\/sites\/10\/2022\/12\/unnamed.png\" alt=\"\" srcset=\"https:\/\/www.ssaver.gob.mx\/proteccioncontrariesgossanitarios\/wp-content\/uploads\/sites\/10\/2022\/12\/unnamed.png 512w, https:\/\/www.ssaver.gob.mx\/proteccioncontrariesgossanitarios\/wp-content\/uploads\/sites\/10\/2022\/12\/unnamed-300x300.png 300w, https:\/\/www.ssaver.gob.mx\/proteccioncontrariesgossanitarios\/wp-content\/uploads\/sites\/10\/2022\/12\/unnamed-150x150.png 150w, https:\/\/www.ssaver.gob.mx\/proteccioncontrariesgossanitarios\/wp-content\/uploads\/sites\/10\/2022\/12\/unnamed-215x215.png 215w\" sizes=\"auto, (max-width: 512px) 100vw, 512px\" \/><\/a><\/td><\/tr><tr><td>5. Xalapa<\/td><td>Temaxcalapa No. 24, Col. Temaxcalapa, C.P. 91300. Banderilla, Ver.<\/td><td>Tel.&nbsp;(228)&nbsp;201-8442<\/td><td><a rel=\"noreferrer noopener\" href=\"mailto:cis.js05@gmail.com\" target=\"_blank\">cis.js05@gmail.com<\/a><\/td><td>Lunes a viernes 09:00 a 14:00 hrs.<\/td><td class=\"has-text-align-center\" data-align=\"center\"><a href=\"https:\/\/goo.gl\/maps\/Te6ML7QDiHWN6mYx7\" target=\"_blank\" rel=\"noreferrer noopener\"><img loading=\"lazy\" decoding=\"async\" width=\"512\" height=\"512\" class=\"wp-image-2070\" style=\"width: 50px\" src=\"https:\/\/www.ssaver.gob.mx\/proteccioncontrariesgossanitarios\/wp-content\/uploads\/sites\/10\/2022\/12\/unnamed.png\" alt=\"\" srcset=\"https:\/\/www.ssaver.gob.mx\/proteccioncontrariesgossanitarios\/wp-content\/uploads\/sites\/10\/2022\/12\/unnamed.png 512w, https:\/\/www.ssaver.gob.mx\/proteccioncontrariesgossanitarios\/wp-content\/uploads\/sites\/10\/2022\/12\/unnamed-300x300.png 300w, https:\/\/www.ssaver.gob.mx\/proteccioncontrariesgossanitarios\/wp-content\/uploads\/sites\/10\/2022\/12\/unnamed-150x150.png 150w, https:\/\/www.ssaver.gob.mx\/proteccioncontrariesgossanitarios\/wp-content\/uploads\/sites\/10\/2022\/12\/unnamed-215x215.png 215w\" sizes=\"auto, (max-width: 512px) 100vw, 512px\" \/><\/a><\/td><\/tr><tr><td>6. C\u00f3rdoba<\/td><td>Calle 21 No. 913, Col. Nuevo Jard\u00edn, C.P. 94640, C\u00f3rdoba, Ver.<\/td><td>Tel.&nbsp;(271)&nbsp;405-2425 \/ 714-1288 Ext: 108<\/td><td><a>cis.js06@gmail.com<\/a><\/td><td>Lunes a viernes 09:00 a 14:00 hrs.<\/td><td class=\"has-text-align-center\" data-align=\"center\"><a href=\"https:\/\/goo.gl\/maps\/5UDqUtWHTn9aepgH6\" target=\"_blank\" rel=\"noreferrer noopener\"><img loading=\"lazy\" decoding=\"async\" width=\"512\" height=\"512\" class=\"wp-image-2070\" style=\"width: 50px\" src=\"https:\/\/www.ssaver.gob.mx\/proteccioncontrariesgossanitarios\/wp-content\/uploads\/sites\/10\/2022\/12\/unnamed.png\" alt=\"\" srcset=\"https:\/\/www.ssaver.gob.mx\/proteccioncontrariesgossanitarios\/wp-content\/uploads\/sites\/10\/2022\/12\/unnamed.png 512w, https:\/\/www.ssaver.gob.mx\/proteccioncontrariesgossanitarios\/wp-content\/uploads\/sites\/10\/2022\/12\/unnamed-300x300.png 300w, https:\/\/www.ssaver.gob.mx\/proteccioncontrariesgossanitarios\/wp-content\/uploads\/sites\/10\/2022\/12\/unnamed-150x150.png 150w, https:\/\/www.ssaver.gob.mx\/proteccioncontrariesgossanitarios\/wp-content\/uploads\/sites\/10\/2022\/12\/unnamed-215x215.png 215w\" sizes=\"auto, (max-width: 512px) 100vw, 512px\" \/><\/a><\/td><\/tr><tr><td>7. Orizaba<\/td><td>Col\u00f3n Ote. No. 1231, Col. Centro, C.P. 94300. Orizaba, Ver.<\/td><td>Tel. (272) 72 48 302<\/td><td><a>cis.js07@gmail.com<\/a><\/td><td>Lunes a viernes 09:00 a 14:00 hrs.<\/td><td class=\"has-text-align-center\" data-align=\"center\"><a href=\"https:\/\/goo.gl\/maps\/hBbfUDcEvrr8F72w7\" target=\"_blank\" rel=\"noreferrer noopener\"><img loading=\"lazy\" decoding=\"async\" width=\"512\" height=\"512\" class=\"wp-image-2070\" style=\"width: 50px\" src=\"https:\/\/www.ssaver.gob.mx\/proteccioncontrariesgossanitarios\/wp-content\/uploads\/sites\/10\/2022\/12\/unnamed.png\" alt=\"\" srcset=\"https:\/\/www.ssaver.gob.mx\/proteccioncontrariesgossanitarios\/wp-content\/uploads\/sites\/10\/2022\/12\/unnamed.png 512w, https:\/\/www.ssaver.gob.mx\/proteccioncontrariesgossanitarios\/wp-content\/uploads\/sites\/10\/2022\/12\/unnamed-300x300.png 300w, https:\/\/www.ssaver.gob.mx\/proteccioncontrariesgossanitarios\/wp-content\/uploads\/sites\/10\/2022\/12\/unnamed-150x150.png 150w, https:\/\/www.ssaver.gob.mx\/proteccioncontrariesgossanitarios\/wp-content\/uploads\/sites\/10\/2022\/12\/unnamed-215x215.png 215w\" sizes=\"auto, (max-width: 512px) 100vw, 512px\" \/><\/a><\/td><\/tr><tr><td>8. Veracruz<\/td><td>Alacio P\u00e9rez No. 909 Esq. Carmen Serd\u00e1n, Col. Centro, C.P. 91700. Veracruz, Ver.<\/td><td>Tel.&nbsp;(229)&nbsp;931-1210<\/td><td><a>cis.js08@gmail.com<\/a><\/td><td>Lunes a viernes 09:00 a 14:00 hrs.<\/td><td class=\"has-text-align-center\" data-align=\"center\"><a href=\"https:\/\/goo.gl\/maps\/rSygtWQKxisxc8eG9\" target=\"_blank\" rel=\"noreferrer noopener\"><img loading=\"lazy\" decoding=\"async\" width=\"512\" height=\"512\" class=\"wp-image-2070\" style=\"width: 50px\" src=\"https:\/\/www.ssaver.gob.mx\/proteccioncontrariesgossanitarios\/wp-content\/uploads\/sites\/10\/2022\/12\/unnamed.png\" alt=\"\" srcset=\"https:\/\/www.ssaver.gob.mx\/proteccioncontrariesgossanitarios\/wp-content\/uploads\/sites\/10\/2022\/12\/unnamed.png 512w, https:\/\/www.ssaver.gob.mx\/proteccioncontrariesgossanitarios\/wp-content\/uploads\/sites\/10\/2022\/12\/unnamed-300x300.png 300w, https:\/\/www.ssaver.gob.mx\/proteccioncontrariesgossanitarios\/wp-content\/uploads\/sites\/10\/2022\/12\/unnamed-150x150.png 150w, https:\/\/www.ssaver.gob.mx\/proteccioncontrariesgossanitarios\/wp-content\/uploads\/sites\/10\/2022\/12\/unnamed-215x215.png 215w\" sizes=\"auto, (max-width: 512px) 100vw, 512px\" \/><\/a><\/td><\/tr><tr><td>9. Cosamaloapan<\/td><td>Blvd. Miguel Alem\u00e1n s\/n, entre Pino Su\u00e1rez y Belisario Dom\u00ednguez, Cosamaloapan, Ver.<\/td><td>Tel.&nbsp;(288)&nbsp;882-5371<\/td><td><a>cis.js09@gmail.com<\/a><\/td><td>Lunes a viernes 09:00 a 14:00 hrs.<\/td><td class=\"has-text-align-center\" data-align=\"center\"><a href=\"https:\/\/goo.gl\/maps\/mvCUudio7uAVKarE6\" target=\"_blank\" rel=\"noreferrer noopener\"><img loading=\"lazy\" decoding=\"async\" width=\"512\" height=\"512\" class=\"wp-image-2070\" style=\"width: 50px\" src=\"https:\/\/www.ssaver.gob.mx\/proteccioncontrariesgossanitarios\/wp-content\/uploads\/sites\/10\/2022\/12\/unnamed.png\" alt=\"\" srcset=\"https:\/\/www.ssaver.gob.mx\/proteccioncontrariesgossanitarios\/wp-content\/uploads\/sites\/10\/2022\/12\/unnamed.png 512w, https:\/\/www.ssaver.gob.mx\/proteccioncontrariesgossanitarios\/wp-content\/uploads\/sites\/10\/2022\/12\/unnamed-300x300.png 300w, https:\/\/www.ssaver.gob.mx\/proteccioncontrariesgossanitarios\/wp-content\/uploads\/sites\/10\/2022\/12\/unnamed-150x150.png 150w, https:\/\/www.ssaver.gob.mx\/proteccioncontrariesgossanitarios\/wp-content\/uploads\/sites\/10\/2022\/12\/unnamed-215x215.png 215w\" sizes=\"auto, (max-width: 512px) 100vw, 512px\" \/><\/a><\/td><\/tr><tr><td>10. San Andr\u00e9s Tuxtla<\/td><td>Blvd. 5 de Febrero No. 397, Col. Primero de Mayo, C.P. 95710. San Andr\u00e9s Tuxtla, Ver.<\/td><td>Tel.&nbsp;(294)&nbsp;688-1001<\/td><td><a>cis.js010@gmail.com<\/a><\/td><td>Lunes a viernes 09:00 a 14:00 hrs.<\/td><td class=\"has-text-align-center\" data-align=\"center\"><a href=\"https:\/\/goo.gl\/maps\/1XzVSPe7mssb5Hfv6\" target=\"_blank\" rel=\"noreferrer noopener\"><img loading=\"lazy\" decoding=\"async\" width=\"512\" height=\"512\" class=\"wp-image-2070\" style=\"width: 50px\" src=\"https:\/\/www.ssaver.gob.mx\/proteccioncontrariesgossanitarios\/wp-content\/uploads\/sites\/10\/2022\/12\/unnamed.png\" alt=\"\" srcset=\"https:\/\/www.ssaver.gob.mx\/proteccioncontrariesgossanitarios\/wp-content\/uploads\/sites\/10\/2022\/12\/unnamed.png 512w, https:\/\/www.ssaver.gob.mx\/proteccioncontrariesgossanitarios\/wp-content\/uploads\/sites\/10\/2022\/12\/unnamed-300x300.png 300w, https:\/\/www.ssaver.gob.mx\/proteccioncontrariesgossanitarios\/wp-content\/uploads\/sites\/10\/2022\/12\/unnamed-150x150.png 150w, https:\/\/www.ssaver.gob.mx\/proteccioncontrariesgossanitarios\/wp-content\/uploads\/sites\/10\/2022\/12\/unnamed-215x215.png 215w\" sizes=\"auto, (max-width: 512px) 100vw, 512px\" \/><\/a><\/td><\/tr><tr><td>11. Coatzacoalcos<\/td><td>Av. Las Palmas No. 102, Col. Rancho Alegre II, C.P. 96558, Coatzacoalcos, Ver.<\/td><td>Tel.&nbsp;(921)&nbsp;688-56932<\/td><td><a>cis.js011@gmail.com<\/a><\/td><td>Lunes a viernes 09:00 a 14:00 hrs.<\/td><td class=\"has-text-align-center\" data-align=\"center\"><a href=\"https:\/\/goo.gl\/maps\/icgAH8SCfPg8YgWV6\" target=\"_blank\" rel=\"noreferrer noopener\"><img loading=\"lazy\" decoding=\"async\" width=\"512\" height=\"512\" class=\"wp-image-2070\" style=\"width: 50px\" src=\"https:\/\/www.ssaver.gob.mx\/proteccioncontrariesgossanitarios\/wp-content\/uploads\/sites\/10\/2022\/12\/unnamed.png\" alt=\"\" srcset=\"https:\/\/www.ssaver.gob.mx\/proteccioncontrariesgossanitarios\/wp-content\/uploads\/sites\/10\/2022\/12\/unnamed.png 512w, https:\/\/www.ssaver.gob.mx\/proteccioncontrariesgossanitarios\/wp-content\/uploads\/sites\/10\/2022\/12\/unnamed-300x300.png 300w, https:\/\/www.ssaver.gob.mx\/proteccioncontrariesgossanitarios\/wp-content\/uploads\/sites\/10\/2022\/12\/unnamed-150x150.png 150w, https:\/\/www.ssaver.gob.mx\/proteccioncontrariesgossanitarios\/wp-content\/uploads\/sites\/10\/2022\/12\/unnamed-215x215.png 215w\" sizes=\"auto, (max-width: 512px) 100vw, 512px\" \/><\/a><\/td><\/tr><\/tbody><\/table><\/figure>\n\n\n\n<hr class=\"wp-block-separator has-text-color has-alpha-channel-opacity has-background is-style-wide\" style=\"background-color:#e0dd47;color:#e0dd47\" \/>\n\n\n\n<figure class=\"wp-block-image aligncenter size-large is-resized\"><img loading=\"lazy\" decoding=\"async\" width=\"1024\" height=\"189\" src=\"https:\/\/www.ssaver.gob.mx\/proteccioncontrariesgossanitarios\/wp-content\/uploads\/sites\/10\/2022\/12\/Recurso-6@4x-1024x189.png\" alt=\"\" class=\"wp-image-2076\" style=\"width:622px;height:115px\" srcset=\"https:\/\/www.ssaver.gob.mx\/proteccioncontrariesgossanitarios\/wp-content\/uploads\/sites\/10\/2022\/12\/Recurso-6@4x-1024x189.png 1024w, https:\/\/www.ssaver.gob.mx\/proteccioncontrariesgossanitarios\/wp-content\/uploads\/sites\/10\/2022\/12\/Recurso-6@4x-300x55.png 300w, https:\/\/www.ssaver.gob.mx\/proteccioncontrariesgossanitarios\/wp-content\/uploads\/sites\/10\/2022\/12\/Recurso-6@4x-768x142.png 768w, https:\/\/www.ssaver.gob.mx\/proteccioncontrariesgossanitarios\/wp-content\/uploads\/sites\/10\/2022\/12\/Recurso-6@4x-1536x284.png 1536w, https:\/\/www.ssaver.gob.mx\/proteccioncontrariesgossanitarios\/wp-content\/uploads\/sites\/10\/2022\/12\/Recurso-6@4x-2048x379.png 2048w\" sizes=\"auto, (max-width: 1024px) 100vw, 1024px\" \/><\/figure>\n\n\n\n<p><\/p>\n<\/div>\n","protected":false},"excerpt":{"rendered":"<p>POL\u00cdTICA DE CALIDAD Nuestro compromiso es atender los tr\u00e1mites en materia de protecci\u00f3n contra riesgos sanitarios con personal altamente capacitado,<\/p>\n","protected":false},"author":15,"featured_media":0,"parent":0,"menu_order":0,"comment_status":"closed","ping_status":"closed","template":"","meta":{"colormag_page_container_layout":"default_layout","colormag_page_sidebar_layout":"default_layout","footnotes":""},"class_list":["post-2035","page","type-page","status-publish","hentry"],"_links":{"self":[{"href":"https:\/\/www.ssaver.gob.mx\/proteccioncontrariesgossanitarios\/wp-json\/wp\/v2\/pages\/2035","targetHints":{"allow":["GET"]}}],"collection":[{"href":"https:\/\/www.ssaver.gob.mx\/proteccioncontrariesgossanitarios\/wp-json\/wp\/v2\/pages"}],"about":[{"href":"https:\/\/www.ssaver.gob.mx\/proteccioncontrariesgossanitarios\/wp-json\/wp\/v2\/types\/page"}],"author":[{"embeddable":true,"href":"https:\/\/www.ssaver.gob.mx\/proteccioncontrariesgossanitarios\/wp-json\/wp\/v2\/users\/15"}],"replies":[{"embeddable":true,"href":"https:\/\/www.ssaver.gob.mx\/proteccioncontrariesgossanitarios\/wp-json\/wp\/v2\/comments?post=2035"}],"version-history":[{"count":91,"href":"https:\/\/www.ssaver.gob.mx\/proteccioncontrariesgossanitarios\/wp-json\/wp\/v2\/pages\/2035\/revisions"}],"predecessor-version":[{"id":6104,"href":"https:\/\/www.ssaver.gob.mx\/proteccioncontrariesgossanitarios\/wp-json\/wp\/v2\/pages\/2035\/revisions\/6104"}],"wp:attachment":[{"href":"https:\/\/www.ssaver.gob.mx\/proteccioncontrariesgossanitarios\/wp-json\/wp\/v2\/media?parent=2035"}],"curies":[{"name":"wp","href":"https:\/\/api.w.org\/{rel}","templated":true}]}}