{"id":1110,"date":"2022-07-08T14:17:33","date_gmt":"2022-07-08T19:17:33","guid":{"rendered":"https:\/\/www.ssaver.gob.mx\/riesgos-sanitarios\/?page_id=1110"},"modified":"2023-08-07T12:35:29","modified_gmt":"2023-08-07T17:35:29","slug":"establecimientos","status":"publish","type":"page","link":"https:\/\/www.ssaver.gob.mx\/riesgos-sanitarios\/establecimientos\/","title":{"rendered":"Establecimientos"},"content":{"rendered":"\n<figure class=\"wp-block-image size-large is-resized\"><img loading=\"lazy\" decoding=\"async\" src=\"https:\/\/www.ssaver.gob.mx\/riesgos-sanitarios\/wp-content\/uploads\/sites\/16\/2022\/07\/Covid-establecimientos7-1024x261.png\" alt=\"\" class=\"wp-image-718\" width=\"1140\" height=\"291\" srcset=\"https:\/\/www.ssaver.gob.mx\/riesgos-sanitarios\/wp-content\/uploads\/sites\/16\/2022\/07\/Covid-establecimientos7-1024x261.png 1024w, https:\/\/www.ssaver.gob.mx\/riesgos-sanitarios\/wp-content\/uploads\/sites\/16\/2022\/07\/Covid-establecimientos7-300x77.png 300w, https:\/\/www.ssaver.gob.mx\/riesgos-sanitarios\/wp-content\/uploads\/sites\/16\/2022\/07\/Covid-establecimientos7-768x196.png 768w, https:\/\/www.ssaver.gob.mx\/riesgos-sanitarios\/wp-content\/uploads\/sites\/16\/2022\/07\/Covid-establecimientos7-1536x392.png 1536w, https:\/\/www.ssaver.gob.mx\/riesgos-sanitarios\/wp-content\/uploads\/sites\/16\/2022\/07\/Covid-establecimientos7.png 1650w\" sizes=\"auto, (max-width: 1140px) 100vw, 1140px\" \/><\/figure>\n\n\n\n<p class=\"has-text-align-center has-background has-medium-font-size\" style=\"background-color:#f4f4f4\"><strong>Lineamientos del Protocolo para la prevenci\u00f3n y control de Covid-19 en el estado de Veracruz<\/strong><\/p>\n\n\n\n<div style=\"height:20px\" aria-hidden=\"true\" class=\"wp-block-spacer\"><\/div>\n\n\n\n<hr class=\"wp-block-separator has-text-color has-vivid-red-color has-alpha-channel-opacity has-vivid-red-background-color has-background\" \/>\n\n\n\n<div style=\"height:34px\" aria-hidden=\"true\" class=\"wp-block-spacer\"><\/div>\n\n\n\n<p>DERIVADO DEL ACUERDO QUE ABROGA EL ACUERDO POR EL QUE SE EMITEN LOS LINEAMIENTOS PARA EL REGRESO A LA NUEVA NORMALIDAD DE LAS ACTIVIDADES ECON\u00d3MICAS DE FORMA ORDENADA, GRADUAL Y CAUTA EN EL ESTADO DE VERACRUZ, PUBLICADO EN LA GACETA OFICIAL, EL 22 DE JUNIO DE 2020, N\u00daMERO EXTRAORDINARIO 248, TOMO II. PUBLICADO EN LA GACETA OFICIAL DEL ESTADO DE VERACRUZ. <strong>QUEDA SIN FUNCIONES ESTA PAGINA WEB OFRECIENDOLE LO SIGUIENTE<\/strong>: LA AUTORIDAD SANITARIA BUSCA IMPULSAR Y PROMOVER LA CONFIANZA Y SOLIDARIDAD CIUDADANA A TRAV\u00c9S DE LA PARTICIPACI\u00d3N CONJUNTA MEDIANTE LA INSCRIPCI\u00d3N AL \u201cPADR\u00d3N DE ESTABLECIMIENTOS DE CONFIANZA CIUDADANA: VERACRUZ LIBRE DE RIESGOS SANITARIOS\u201d CON EL OBJETO DE APEGARSE AL PROGRAMA DE <strong>VIGILANCIA PROACTIVA<\/strong>, PODR\u00c1 INICIAR LOS TR\u00c1MITES MEDIANTE LA PLATAFORMA ELECTR\u00d3NICA\u00a0<a rel=\"noreferrer noopener\" href=\"https:\/\/www.ssaver.gob.mx\/RIESGOS-SANITARIOS\/VIGILANCIA-PROACTIVA\/\" target=\"_blank\">HTTPS:\/\/WWW.SSAVER.GOB.MX\/RIESGOS-SANITARIOS\/VIGILANCIA-PROACTIVA\/<\/a>\u00a0PARA SU REGULARIZACI\u00d3N ANTE LA DPRS.\u00a0<\/p>\n\n\n\n<div style=\"height:18px\" aria-hidden=\"true\" class=\"wp-block-spacer\"><\/div>\n\n\n\n<hr class=\"wp-block-separator has-text-color has-vivid-red-color has-alpha-channel-opacity has-vivid-red-background-color has-background\" \/>\n\n\n\n<div style=\"height:34px\" aria-hidden=\"true\" class=\"wp-block-spacer\"><\/div>\n\n\n\n<p style=\"font-size:16px;text-align: justify\"><strong>Objetivo General:<\/strong> Facilitar un instrumento que permita al personal responsable de establecimientos comerciales y centros de trabajo de la micro, mediana y grande empresa, jefaturas de centros o personal directivo de instituciones; evaluar las condiciones sanitarias de infraestructura y equipamiento, supervisar la operaci\u00f3n y responsabilidad compartida con la poblaci\u00f3n y la capacitaci\u00f3n del personal para establecer las medidas de control sanitario asociadas a los factores de riesgo en las rutas de exposici\u00f3n directa e indirecta al SARS-CoV-2 (COVID-19).<\/p>\n\n\n\n<div style=\"height:43px\" aria-hidden=\"true\" class=\"wp-block-spacer\"><\/div>\n\n\n\n<p class=\"has-text-color has-background has-medium-font-size\" style=\"color:#7f5e49;background-color:#f2e7cd\"><strong>Operaci\u00f3n<\/strong><\/p>\n\n\n\n<figure class=\"wp-block-image aligncenter size-large is-resized\"><img loading=\"lazy\" decoding=\"async\" src=\"https:\/\/www.ssaver.gob.mx\/riesgos-sanitarios\/wp-content\/uploads\/sites\/16\/2022\/07\/proceso-2.3-1024x472.png\" alt=\"\" class=\"wp-image-1158\" width=\"1079\" height=\"497\" srcset=\"https:\/\/www.ssaver.gob.mx\/riesgos-sanitarios\/wp-content\/uploads\/sites\/16\/2022\/07\/proceso-2.3-1024x472.png 1024w, https:\/\/www.ssaver.gob.mx\/riesgos-sanitarios\/wp-content\/uploads\/sites\/16\/2022\/07\/proceso-2.3-300x138.png 300w, https:\/\/www.ssaver.gob.mx\/riesgos-sanitarios\/wp-content\/uploads\/sites\/16\/2022\/07\/proceso-2.3-768x354.png 768w, https:\/\/www.ssaver.gob.mx\/riesgos-sanitarios\/wp-content\/uploads\/sites\/16\/2022\/07\/proceso-2.3-1536x708.png 1536w, https:\/\/www.ssaver.gob.mx\/riesgos-sanitarios\/wp-content\/uploads\/sites\/16\/2022\/07\/proceso-2.3.png 2040w\" sizes=\"auto, (max-width: 1079px) 100vw, 1079px\" \/><\/figure>\n\n\n\n<div style=\"height:28px\" aria-hidden=\"true\" class=\"wp-block-spacer\"><\/div>\n\n\n\n<p class=\"has-text-align-center has-background\" style=\"background-color:#cacaca\"><strong><em>\u201cEl c\u00f3digo QR obtenido no cuenta con ning\u00fan tipo de enlace a alg\u00fan sitio de internet, solo contar\u00e1 con un texto de validaci\u00f3n.\u201d<\/em><\/strong><\/p>\n\n\n\n<div style=\"height:28px\" aria-hidden=\"true\" class=\"wp-block-spacer\"><\/div>\n\n\n\n<hr class=\"wp-block-separator has-text-color has-alpha-channel-opacity has-background is-style-default\" style=\"background-color:#8b0000;color:#8b0000\" \/>\n\n\n\n<p class=\"has-text-align-center\" style=\"font-size:25px\">Conozca m\u00e1s sobre Covid-19 dando clic <a rel=\"noreferrer noopener\" href=\"http:\/\/coronavirus.veracruz.gob.mx\/\" target=\"_blank\">AQU\u00cd<\/a><\/p>\n\n\n\n<hr class=\"wp-block-separator has-text-color has-alpha-channel-opacity has-background is-style-default\" style=\"background-color:#8b0000;color:#8b0000\" \/>\n\n\n\n<div style=\"height:53px\" aria-hidden=\"true\" class=\"wp-block-spacer\"><\/div>\n\n\n\n<p class=\"has-text-color has-background has-medium-font-size\" style=\"color:#7f5e49;background-color:#f2e7cd\"><strong>Videotutorial<\/strong><\/p>\n\n\n\n<figure class=\"wp-block-image aligncenter size-full is-resized\"><a href=\"https:\/\/drive.google.com\/file\/d\/1QQuimkPmTss2QifblvpM7cvcDsuJA_M3\/view?usp=sharing\"><img loading=\"lazy\" decoding=\"async\" src=\"https:\/\/www.ssaver.gob.mx\/riesgos-sanitarios\/wp-content\/uploads\/sites\/16\/2022\/10\/play.png\" alt=\"\" class=\"wp-image-3238\" width=\"132\" height=\"132\" \/><\/a><\/figure>\n\n\n\n<p class=\"has-text-align-center\" style=\"font-size:18px\"><strong>D\u00e9 clic <a href=\"https:\/\/drive.google.com\/file\/d\/1QQuimkPmTss2QifblvpM7cvcDsuJA_M3\/view?usp=sharing\">aqu\u00ed<\/a> para visualizar el videotutorial y realizar la captura de informaci\u00f3n en esta plataforma<\/strong><\/p>\n\n\n\n<div style=\"height:47px\" aria-hidden=\"true\" class=\"wp-block-spacer\"><\/div>\n\n\n\n<p class=\"has-text-color has-background has-medium-font-size\" style=\"color:#7f5e49;background-color:#f2e7cd\"><strong>Contacto<\/strong><\/p>\n\n\n\n<p style=\"font-size:17px\">Si tiene alguna duda o pregunta con gusto le atenderemos:<\/p>\n\n\n\n<ul class=\"wp-block-list\">\n<li>Correo electr\u00f3nico <a href=\"mailto:reportes.lineamientos@gmail.com\"><strong>reportes.lineamientos@gmail.com<\/strong><\/a><strong> <\/strong>env\u00ede, nombre del establecimiento, nombre del propietario, RFC y su mensaje de duda o pregunta. Si ya captur\u00f3 y no le lleg\u00f3 su c\u00f3digo QR agregue al mensaje fecha y hora en que se registr\u00f3 en la plataforma.<\/li>\n\n\n\n<li>Tel\u00e9fono <strong>228 842 3000<\/strong>, extensiones <strong>2731, 2735, 2736, 2770<\/strong> en horarios <strong>de lunes a viernes de 08:00 a 14:00 hrs.<\/strong><\/li>\n<\/ul>\n\n\n\n<div style=\"height:50px\" aria-hidden=\"true\" class=\"wp-block-spacer\"><\/div>\n\n\n\n<p class=\"has-text-color has-background has-medium-font-size\" style=\"color:#7f5e49;background-color:#f2e7cd\"><strong>Inicio de Captura<\/strong><\/p>\n\n\n\n<p style=\"font-size:16px\">D\u00e9 clic en la siguiente imagen para<strong> iniciar la captura<\/strong> de los datos del establecimiento:<\/p>\n\n\n\n<figure class=\"wp-block-image aligncenter size-full is-resized\"><a href=\"https:\/\/docs.google.com\/forms\/d\/e\/1FAIpQLSdJ1P3rmaazs9xzA8xx3JMxKf6aXssZPHfN_DPBOekflWmbvg\/viewform?usp=sf_link\"><img loading=\"lazy\" decoding=\"async\" src=\"https:\/\/www.ssaver.gob.mx\/riesgos-sanitarios\/wp-content\/uploads\/sites\/16\/2022\/07\/PROP.-2-PARA-LISTAS-QR-01-flecha.png\" alt=\"\" class=\"wp-image-626\" width=\"636\" height=\"480\" srcset=\"https:\/\/www.ssaver.gob.mx\/riesgos-sanitarios\/wp-content\/uploads\/sites\/16\/2022\/07\/PROP.-2-PARA-LISTAS-QR-01-flecha.png 911w, https:\/\/www.ssaver.gob.mx\/riesgos-sanitarios\/wp-content\/uploads\/sites\/16\/2022\/07\/PROP.-2-PARA-LISTAS-QR-01-flecha-300x226.png 300w, https:\/\/www.ssaver.gob.mx\/riesgos-sanitarios\/wp-content\/uploads\/sites\/16\/2022\/07\/PROP.-2-PARA-LISTAS-QR-01-flecha-768x579.png 768w\" sizes=\"auto, (max-width: 636px) 100vw, 636px\" \/><\/a><\/figure>\n\n\n\n<hr class=\"wp-block-separator has-alpha-channel-opacity\" \/>\n\n\n\n<p class=\"has-text-align-center has-vivid-red-color has-text-color\" style=\"font-size:25px\"><strong>Mejore las condiciones sanitarias<\/strong> y de operaci\u00f3n de su establecimiento<\/p>\n\n\n\n<p class=\"has-text-align-center\">Realice autoverificaci\u00f3n de <strong>Vigilancia Proactiva<\/strong>, le servir\u00e1 como guia para tener todo al corriente antes de ser visitado por un verificador sanitario. <\/p>\n\n\n\n<p class=\"has-text-align-center\" style=\"font-size:25px\"><a href=\"https:\/\/www.ssaver.gob.mx\/riesgos-sanitarios\/vigilancia-proactiva\/\" target=\"_blank\" rel=\"noreferrer noopener\">D\u00e9 clic AQU\u00cd<\/a><\/p>\n\n\n\n<hr class=\"wp-block-separator has-alpha-channel-opacity\" \/>\n\n\n\n<div style=\"height:26px\" aria-hidden=\"true\" class=\"wp-block-spacer\"><\/div>\n\n\n<p style=\"font-size: 15px;text-align: justify\">-Los lineamientos y\/o autoevaluaciones disponibles en los formularios a partir de esta p\u00e1gina no pueden ser alterados o modificados en su contenido, ni exhibirse con el car\u00e1cter de autorizaci\u00f3n sanitaria al p\u00fablico u otra autoridad distinta a SESVER.<\/p>\n<p style=\"font-size: 15px;text-align: justify\">-Una vez obtenido el cartel con c\u00f3digo QR, los protocolos vistos en esta autoevaluaci\u00f3n deber\u00e1n cumplirse de manera permanente en el establecimiento.<\/p>\n<p style=\"font-size: 15px;text-align: justify\">-Introducir informaci\u00f3n falsa en las autoevaluaciones puede generar sanciones administrativas por la autoridad sanitaria, sin perjuicio de las penas que pudieran ser constitutivas de delitos.<\/p>\n\n\n<div style=\"height:49px\" aria-hidden=\"true\" class=\"wp-block-spacer\"><\/div>\n\n\n\n<p class=\"has-text-color has-background has-medium-font-size\" style=\"color:#7f5e49;background-color:#f2e7cd\"><strong>C\u00f3digo QR<\/strong><\/p>\n\n\n\n<p style=\"font-size:16px;text-align: justify\"><b>Recibir\u00e1 un correo electr\u00f3nico con el resultado de cumplimiento,<\/b> si es aprobatorio recibir\u00e1 un cartel con c\u00f3digo QR exclusivamente para el establecimiento del cual captur\u00f3 informaci\u00f3n. Recibido dicho resultado de cumplimiento podr\u00e1 descargar formato de presentaci\u00f3n con c\u00f3digo QR para su impreso a color, ampliaci\u00f3n opcional y colocaci\u00f3n a la vista de la poblaci\u00f3n.<\/p>\n\n\n\n<figure class=\"wp-block-image aligncenter size-large is-resized\"><img loading=\"lazy\" decoding=\"async\" src=\"https:\/\/www.ssaver.gob.mx\/riesgos-sanitarios\/wp-content\/uploads\/sites\/16\/2022\/07\/QR-muestra-1024x754.png\" alt=\"\" class=\"wp-image-792\" width=\"562\" height=\"414\" srcset=\"https:\/\/www.ssaver.gob.mx\/riesgos-sanitarios\/wp-content\/uploads\/sites\/16\/2022\/07\/QR-muestra-1024x754.png 1024w, https:\/\/www.ssaver.gob.mx\/riesgos-sanitarios\/wp-content\/uploads\/sites\/16\/2022\/07\/QR-muestra-300x221.png 300w, https:\/\/www.ssaver.gob.mx\/riesgos-sanitarios\/wp-content\/uploads\/sites\/16\/2022\/07\/QR-muestra-768x566.png 768w, https:\/\/www.ssaver.gob.mx\/riesgos-sanitarios\/wp-content\/uploads\/sites\/16\/2022\/07\/QR-muestra.png 1207w\" sizes=\"auto, (max-width: 562px) 100vw, 562px\" \/><\/figure>\n\n\n\n<div style=\"height:24px\" aria-hidden=\"true\" class=\"wp-block-spacer\"><\/div>\n\n\n\n<p style=\"font-size:16px;text-align: justify\"><b>En caso de no recibir su cartel con c\u00f3digo QR<\/b> igualmente obtendr\u00e1 un correo electr\u00f3nico, el cual le ayudar\u00e1 a observar las partes que tiene que corregir en el protocolo de su establecimiento. Posteriormente a la correcci\u00f3n de dichos puntos observados, podr\u00e1 realizar de nueva cuenta la captura de informaci\u00f3n en esta misma plataforma directo en el paso n\u00famero 3.<\/p>\n\n\n\n<div style=\"height:44px\" aria-hidden=\"true\" class=\"wp-block-spacer\"><\/div>\n\n\n\n<p class=\"has-text-color has-background has-medium-font-size\" style=\"color:#7f5e49;background-color:#f2e7cd\"><strong>Establecimientos con C\u00f3digo QR<\/strong><\/p>\n\n\n\n<p style=\"font-size:16px\">D\u00e9 clic en la siguiente imagen para ingresar a los <strong>Listados de Establecimientos que han colaborado con la Autoridad Sanitaria en la implementaci\u00f3n del Protocolo para la Prevenci\u00f3n y Control de Covid-19 <\/strong>en el Estado de Veracruz y obtenido el cartel con c\u00f3digo QR.<\/p>\n\n\n\n<figure class=\"wp-block-image aligncenter size-full is-resized\"><img loading=\"lazy\" decoding=\"async\" src=\"https:\/\/www.ssaver.gob.mx\/riesgos-sanitarios\/wp-content\/uploads\/sites\/16\/2022\/08\/Listado.png\" alt=\"\" class=\"wp-image-1867\" width=\"291\" height=\"288\" srcset=\"https:\/\/www.ssaver.gob.mx\/riesgos-sanitarios\/wp-content\/uploads\/sites\/16\/2022\/08\/Listado.png 986w, https:\/\/www.ssaver.gob.mx\/riesgos-sanitarios\/wp-content\/uploads\/sites\/16\/2022\/08\/Listado-300x297.png 300w, https:\/\/www.ssaver.gob.mx\/riesgos-sanitarios\/wp-content\/uploads\/sites\/16\/2022\/08\/Listado-768x759.png 768w\" sizes=\"auto, (max-width: 291px) 100vw, 291px\" \/><\/figure>\n\n\n\n<p style=\"font-size:13px;text-align: justify\"><b>Datos del establecimiento:<\/b> La denominaci\u00f3n y direcci\u00f3n comercial del establecimiento o centro de trabajo introducidos en esta plataforma ser\u00e1n utilizados solo para fines de inter\u00e9s social, dentro de un listado que se mostrar\u00e1 a la poblaci\u00f3n para dar a conocer el cumplimiento de las medidas de seguridad sanitaria de su establecimiento en la nueva normalidad: sin embargo, podr\u00eda ser eliminada o rectificada si usted as\u00ed lo desea. Para dichos cambios cont\u00e1ctenos a los correos y\/o extensiones antes mencionados. Se le solicitar\u00e1 acreditar identidad del titular o representante legal con un formato que contenga n\u00famero de QR, nombre completo, direcci\u00f3n de correo electr\u00f3nico, raz\u00f3n social, municipio, localidad y manifestar expresamente si desea que se elimine o rectificar el dato exacto. Si existe homonimia respecto a la denominaci\u00f3n del establecimiento, la autoridad sanitaria se reserva el derecho a solicitar documentos adicionales. La eliminaci\u00f3n de su informaci\u00f3n implica suprimirla de manera definitiva de sucesivas publicaciones oficiales.<\/p>\n\n\n\n<div style=\"height:24px\" aria-hidden=\"true\" class=\"wp-block-spacer\"><\/div>\n\n\n\n<p class=\"has-text-color has-background has-medium-font-size\" style=\"color:#7f5e49;background-color:#f2e7cd\"><strong>Resumen Protocolo<\/strong><\/p>\n\n\n\n<div style=\"height:39px\" aria-hidden=\"true\" class=\"wp-block-spacer\"><\/div>\n\n\n\n<div class=\"wp-block-columns is-layout-flex wp-container-core-columns-is-layout-28f84493 wp-block-columns-is-layout-flex\">\n<div class=\"wp-block-column is-layout-flow wp-block-column-is-layout-flow\"><\/div>\n\n\n\n<div class=\"wp-block-column is-vertically-aligned-center is-layout-flow wp-block-column-is-layout-flow\">\n<figure class=\"wp-block-image aligncenter size-full\"><a href=\"https:\/\/www.ssaver.gob.mx\/riesgos-sanitarios\/wp-content\/uploads\/sites\/16\/2022\/09\/Resumen-protocolo.pdf\" target=\"_blank\" rel=\"noreferrer noopener\"><img loading=\"lazy\" decoding=\"async\" width=\"124\" height=\"123\" src=\"https:\/\/www.ssaver.gob.mx\/riesgos-sanitarios\/wp-content\/uploads\/sites\/16\/2022\/10\/descarga.png\" alt=\"\" class=\"wp-image-3248\" \/><\/a><\/figure>\n<\/div>\n\n\n\n<div class=\"wp-block-column is-layout-flow wp-block-column-is-layout-flow\">\n<p class=\"has-text-align-center\">\u00bfYa recibi\u00f3 su cartel con c\u00f3digo QR pero quiere&nbsp;<strong>recordar los puntos m\u00e1s importantes del protocolo?<\/strong>, descargue este documento dando clic en la imagen.<\/p>\n<\/div>\n\n\n\n<div class=\"wp-block-column is-layout-flow wp-block-column-is-layout-flow\"><\/div>\n<\/div>\n\n\n\n<div style=\"height:49px\" aria-hidden=\"true\" class=\"wp-block-spacer\"><\/div>\n\n\n\n<hr class=\"wp-block-separator has-text-color has-alpha-channel-opacity has-background is-style-wide\" style=\"background-color:#6d5524;color:#6d5524\" \/>\n\n\n\n<div style=\"height:26px\" aria-hidden=\"true\" class=\"wp-block-spacer\"><\/div>\n\n\n\n<p style=\"font-size:13px;text-align: justify\"><i>Los lineamientos presentes, derivan de la <b>estrategia de integraci\u00f3n intersectorial SS, SESVER, STPSS, SEDECOP, SECTUR, SEDEMA Y PC<\/b> para la implementaci\u00f3n del \u201cProtocolo de seguridad sanitaria para el control de COVID-19 en el estado de Veracruz\u201d, en seguimiento, a: ACUERDO SS por el que se establece una estrategia para la reapertura de actividades sociales, educativas y econ\u00f3micas, as\u00ed como un sistema de sem\u00e1foro por regiones para evaluar semanalmente el riesgo epidemiol\u00f3gico relacionado con la reapertura de actividades en cada entidad federativa, as\u00ed como se establecen acciones extraordinarias, DOF 14\/05\/2020, mismo que fue modificado mediante DIVERSO publicado el 15\/05\/2020 y ACUERDO por el que se establecen los Lineamientos T\u00e9cnicos Espec\u00edficos para la Reapertura de las Actividades Econ\u00f3micas, DOF 29\/05\/2020 con el objeto de lograr un mayor impacto y control de COVID-19 en la NUEVA NORMALIDAD del Estado de Veracruz.<\/i><\/p>\n\n\n\n<div style=\"height:21px\" aria-hidden=\"true\" class=\"wp-block-spacer\"><\/div>\n\n\n\n<figure class=\"wp-block-image aligncenter size-large is-resized\"><img loading=\"lazy\" decoding=\"async\" src=\"https:\/\/www.ssaver.gob.mx\/riesgos-sanitarios\/wp-content\/uploads\/sites\/16\/2022\/07\/logos-dependencias2-1024x129.png\" alt=\"\" class=\"wp-image-991\" width=\"952\" height=\"120\" srcset=\"https:\/\/www.ssaver.gob.mx\/riesgos-sanitarios\/wp-content\/uploads\/sites\/16\/2022\/07\/logos-dependencias2-1024x129.png 1024w, https:\/\/www.ssaver.gob.mx\/riesgos-sanitarios\/wp-content\/uploads\/sites\/16\/2022\/07\/logos-dependencias2-300x38.png 300w, https:\/\/www.ssaver.gob.mx\/riesgos-sanitarios\/wp-content\/uploads\/sites\/16\/2022\/07\/logos-dependencias2-768x96.png 768w, https:\/\/www.ssaver.gob.mx\/riesgos-sanitarios\/wp-content\/uploads\/sites\/16\/2022\/07\/logos-dependencias2-1536x193.png 1536w, https:\/\/www.ssaver.gob.mx\/riesgos-sanitarios\/wp-content\/uploads\/sites\/16\/2022\/07\/logos-dependencias2-2048x257.png 2048w\" sizes=\"auto, (max-width: 952px) 100vw, 952px\" \/><\/figure>\n\n\n\n<div style=\"height:21px\" aria-hidden=\"true\" class=\"wp-block-spacer\"><\/div>\n\n\n\n<p style=\"font-size:12px;text-align: justify\"><b>Fundamento jur\u00eddico:<\/b> Constituci\u00f3n Pol\u00edtica de los Estados Unidos Mexicanos; Ley General de Salud y sus Reglamentos; Normas Oficiales Mexicanas; Constituci\u00f3n Pol\u00edtica del Estado de Veracruz de Ignacio de la Llave y Ley de Salud del Estado de Veracruz de Ignacio de la Llave y sus correlativos aplicables; decretos, acuerdos y lineamientos t\u00e9cnicos emitidos por la Autoridad Sanitaria Federal y Estatal.<\/p>\n\n\n\n<p style=\"font-size:12px;text-align: justify\"><b>Referencias:<\/b> Organizaci\u00f3n Mundial de la Salud (OMS), Organizaci\u00f3n Panamericana de la Salud (OPS), Secretar\u00eda de Salud (SS), Comisi\u00f3n Federal de Protecci\u00f3n contra Riesgos Sanitarios (COFEPRIS), Servicios de Salud de Veracruz (SESVER), Direcci\u00f3n de Protecci\u00f3n contra Riesgos Sanitarios (DPRS), Diario Oficial de la Federaci\u00f3n (DOF) y Gaceta Oficial del Estado de Veracruz de Ignacio de la Llave (GOE).<\/p>\n\n\n\n<p style=\"font-size:12px;text-align: justify\"><b>Aviso de Privacidad:<\/b> Integral de propietarios (persona f\u00edsica o persona moral), representantes legales, responsables sanitarios y testigos de establecimientos, productos y servicios sujetos a Vigilancia Sanitaria. La Secretar\u00eda de Salud de Veracruz, es el responsable del tratamiento de los datos personales que nos proporcione. Los datos personales que recabamos de usted, los utilizaremos para las siguientes finalidades: a) contar con un padr\u00f3n de establecimientos, b) elaborar estad\u00edsticas, c) an\u00e1lisis de riesgos, d) Vigilancia Sanitaria, e) seguimiento de procedimientos y f) proyectos gubernamentales. Del mismo modo se informa que no se utilizan sus datos personales para finalidades adicionales. Para mayor informaci\u00f3n acerca del tratamiento y de los derechos que puede hacer vale, usted puede acceder al aviso de privacidad integral a trav\u00e9s de la direcci\u00f3n electr\u00f3nica: https:\/\/www.ssaver.gob.mx\/transparencia\/1260-2\/avisos\/<\/p>\n\n\n\n<p class=\"has-text-align-center has-background\" style=\"background-color:#abb7c22e\"><strong><em>Todo acto y\/o tr\u00e1mite&nbsp;es gratuito.<\/em> <\/strong><br><em>Material elaborado en cumplimiento a la estrategia nacional de&nbsp;buen gobierno en el sistema&nbsp;federal sanitario<\/em><\/p>\n","protected":false},"excerpt":{"rendered":"<p>Lineamientos del Protocolo para la prevenci\u00f3n y control de Covid-19 en el estado de Veracruz DERIVADO DEL ACUERDO QUE ABROGA<\/p>\n","protected":false},"author":17,"featured_media":0,"parent":0,"menu_order":0,"comment_status":"closed","ping_status":"closed","template":"","meta":{"colormag_page_container_layout":"default_layout","colormag_page_sidebar_layout":"default_layout","footnotes":""},"class_list":["post-1110","page","type-page","status-publish","hentry"],"_links":{"self":[{"href":"https:\/\/www.ssaver.gob.mx\/riesgos-sanitarios\/wp-json\/wp\/v2\/pages\/1110","targetHints":{"allow":["GET"]}}],"collection":[{"href":"https:\/\/www.ssaver.gob.mx\/riesgos-sanitarios\/wp-json\/wp\/v2\/pages"}],"about":[{"href":"https:\/\/www.ssaver.gob.mx\/riesgos-sanitarios\/wp-json\/wp\/v2\/types\/page"}],"author":[{"embeddable":true,"href":"https:\/\/www.ssaver.gob.mx\/riesgos-sanitarios\/wp-json\/wp\/v2\/users\/17"}],"replies":[{"embeddable":true,"href":"https:\/\/www.ssaver.gob.mx\/riesgos-sanitarios\/wp-json\/wp\/v2\/comments?post=1110"}],"version-history":[{"count":120,"href":"https:\/\/www.ssaver.gob.mx\/riesgos-sanitarios\/wp-json\/wp\/v2\/pages\/1110\/revisions"}],"predecessor-version":[{"id":4132,"href":"https:\/\/www.ssaver.gob.mx\/riesgos-sanitarios\/wp-json\/wp\/v2\/pages\/1110\/revisions\/4132"}],"wp:attachment":[{"href":"https:\/\/www.ssaver.gob.mx\/riesgos-sanitarios\/wp-json\/wp\/v2\/media?parent=1110"}],"curies":[{"name":"wp","href":"https:\/\/api.w.org\/{rel}","templated":true}]}}