{"id":1249,"date":"2022-07-13T10:00:26","date_gmt":"2022-07-13T15:00:26","guid":{"rendered":"https:\/\/www.ssaver.gob.mx\/riesgos-sanitarios\/?page_id=1249"},"modified":"2025-08-21T10:41:30","modified_gmt":"2025-08-21T16:41:30","slug":"estrategia115","status":"publish","type":"page","link":"https:\/\/www.ssaver.gob.mx\/riesgos-sanitarios\/estrategia115\/","title":{"rendered":"Estrategia 115"},"content":{"rendered":"\n<figure class=\"wp-block-image alignwide size-full\"><img loading=\"lazy\" decoding=\"async\" width=\"1904\" height=\"707\" src=\"https:\/\/www.ssaver.gob.mx\/riesgos-sanitarios\/wp-content\/uploads\/sites\/16\/2025\/08\/banner.png\" alt=\"\" class=\"wp-image-5055\" srcset=\"https:\/\/www.ssaver.gob.mx\/riesgos-sanitarios\/wp-content\/uploads\/sites\/16\/2025\/08\/banner.png 1904w, https:\/\/www.ssaver.gob.mx\/riesgos-sanitarios\/wp-content\/uploads\/sites\/16\/2025\/08\/banner-300x111.png 300w, https:\/\/www.ssaver.gob.mx\/riesgos-sanitarios\/wp-content\/uploads\/sites\/16\/2025\/08\/banner-1024x380.png 1024w, https:\/\/www.ssaver.gob.mx\/riesgos-sanitarios\/wp-content\/uploads\/sites\/16\/2025\/08\/banner-768x285.png 768w, https:\/\/www.ssaver.gob.mx\/riesgos-sanitarios\/wp-content\/uploads\/sites\/16\/2025\/08\/banner-1536x570.png 1536w\" sizes=\"auto, (max-width: 1904px) 100vw, 1904px\" \/><\/figure>\n\n\n\n<div style=\"height:16px\" aria-hidden=\"true\" class=\"wp-block-spacer\"><\/div>\n\n\n\n<p style=\"font-size:16px;text-align: justify\">Facultad reglamentaria del art\u00edculo 115 de la CONSTITUCI\u00d3N POL\u00cdTICA DE LOS ESTADOS UNIDOS MEXICANOS, resguardando los entornos saludables como punto detonante de la atenci\u00f3n primaria a la salud (APS). <br><br> <b>Objetivo:<\/b> Realizar un diagn\u00f3stico de las condiciones sanitarias de los servicios municipales y generar un programa de gesti\u00f3n resolutiva de las condiciones sanitarias y de operaci\u00f3n, en coordinaci\u00f3n con las instituciones involucradas y la poblaci\u00f3n.<\/p>\n\n\n\n<div style=\"height:19px\" aria-hidden=\"true\" class=\"wp-block-spacer\"><\/div>\n\n\n\n<p class=\"has-text-color has-background\" style=\"color:#7f5e49;background-color:#f2e7cd;font-size:17px\"><strong>Paso 1:<\/strong><\/p>\n\n\n\n<figure class=\"wp-block-image aligncenter size-large\"><img loading=\"lazy\" decoding=\"async\" width=\"1024\" height=\"549\" src=\"https:\/\/www.ssaver.gob.mx\/riesgos-sanitarios\/wp-content\/uploads\/sites\/16\/2022\/11\/proceso8-1024x549.png\" alt=\"\" class=\"wp-image-3389\" srcset=\"https:\/\/www.ssaver.gob.mx\/riesgos-sanitarios\/wp-content\/uploads\/sites\/16\/2022\/11\/proceso8-1024x549.png 1024w, https:\/\/www.ssaver.gob.mx\/riesgos-sanitarios\/wp-content\/uploads\/sites\/16\/2022\/11\/proceso8-300x161.png 300w, https:\/\/www.ssaver.gob.mx\/riesgos-sanitarios\/wp-content\/uploads\/sites\/16\/2022\/11\/proceso8-768x412.png 768w, https:\/\/www.ssaver.gob.mx\/riesgos-sanitarios\/wp-content\/uploads\/sites\/16\/2022\/11\/proceso8-1536x823.png 1536w, https:\/\/www.ssaver.gob.mx\/riesgos-sanitarios\/wp-content\/uploads\/sites\/16\/2022\/11\/proceso8.png 1565w\" sizes=\"auto, (max-width: 1024px) 100vw, 1024px\" \/><\/figure>\n\n\n\n<div style=\"height:37px\" aria-hidden=\"true\" class=\"wp-block-spacer\"><\/div>\n\n\n\n<p class=\"has-text-color has-background\" style=\"color:#005281;background-color:#c4e3ea;font-size:17px\"><strong>Paso 2:<\/strong> Registro de Minuta.<\/p>\n\n\n\n<div class=\"wp-block-columns is-layout-flex wp-container-core-columns-is-layout-28f84493 wp-block-columns-is-layout-flex\">\n<div class=\"wp-block-column is-layout-flow wp-block-column-is-layout-flow\" style=\"flex-basis:66.66%\">\n<p style=\"font-size:16px;text-align: justify\"><b>Para realizar la minuta de su municipio siga estos pasos:<\/b><\/p>\n<p style=\"font-size:14px;text-align: justify\">\n1. Dar clic en el bot\u00f3n \u00abRealizar Minuta\u00bb<br>  \n2. Abrir archivo<br>\n3. Capturar datos en los campos subrayados y guardar<br>\n4. Enviar el archivo sin firmas al  correo electr\u00f3nico: dpcis.estrategia115@gmail.com <br>\n5. La minuta se le har\u00e1 llegar f\u00edsicamente al municipio con la firma del titular de esta Direcci\u00f3n<br>\n6. Firmar en f\u00edsico la minuta por parte del municipio<\/p>\n<\/div>\n\n\n\n<div class=\"wp-block-column is-vertically-aligned-center is-layout-flow wp-block-column-is-layout-flow\" style=\"flex-basis:33.33%\">\n<div class=\"wp-block-buttons is-content-justification-center is-layout-flex wp-container-core-buttons-is-layout-a89b3969 wp-block-buttons-is-layout-flex\">\n<div class=\"wp-block-button is-style-outline is-style-outline--1\"><a class=\"wp-block-button__link has-vivid-cyan-blue-color has-white-background-color has-text-color has-background wp-element-button\" href=\"https:\/\/www.ssaver.gob.mx\/riesgos-sanitarios\/wp-content\/uploads\/sites\/16\/2025\/08\/Minuta-115-2025.docx\" target=\"_blank\" rel=\"noreferrer noopener\">Realizar minuta<\/a><\/div>\n<\/div>\n<\/div>\n<\/div>\n\n\n\n<div style=\"height:20px\" aria-hidden=\"true\" class=\"wp-block-spacer\"><\/div>\n\n\n\n<p class=\"has-text-color has-background\" style=\"color:#0c6a00;background-color:#cef0cb;font-size:17px\"><strong>Paso 3:<\/strong> Generar Contrase\u00f1a.<\/p>\n\n\n\n<div class=\"wp-block-columns is-layout-flex wp-container-core-columns-is-layout-28f84493 wp-block-columns-is-layout-flex\">\n<div class=\"wp-block-column is-layout-flow wp-block-column-is-layout-flow\" style=\"flex-basis:66.66%\">\n<p style=\"font-size:14px;text-align: justify\">\n<b>La contrase\u00f1a otorgada ser\u00e1 \u00fanica para cada municipio<\/b> comp\u00e1rtala solo con las personas que van a capturar las autoverificaciones de los servicios municipales, tome nota para recordarla, si la extrav\u00eda llame a los tel\u00e9fonos de contacto para que se le proporcione de nuevo.\n<\/p>\n<\/div>\n\n\n\n<div class=\"wp-block-column is-vertically-aligned-center is-layout-flow wp-block-column-is-layout-flow\" style=\"flex-basis:33.33%\">\n<div class=\"wp-block-buttons is-content-justification-center is-layout-flex wp-container-core-buttons-is-layout-a89b3969 wp-block-buttons-is-layout-flex\">\n<div class=\"wp-block-button is-style-outline is-style-outline--2\"><a class=\"wp-block-button__link has-text-color wp-element-button\" href=\"https:\/\/docs.google.com\/forms\/d\/e\/1FAIpQLSfVm0tKWoDWHjF5BecNGCbdFJGxwWdEhrWN5xCQBtA5JT3ygA\/viewform?usp=sf_link\" style=\"color:#0eb205\">Contrase\u00f1a<\/a><\/div>\n<\/div>\n<\/div>\n<\/div>\n\n\n\n<div style=\"height:20px\" aria-hidden=\"true\" class=\"wp-block-spacer\"><\/div>\n\n\n\n<p class=\"has-text-color has-background\" style=\"color:#9c7300;background-color:#f6ebbc;font-size:17px\"><strong>Paso 4:<\/strong> Realizar Autoverificaciones.<\/p>\n\n\n\n<div class=\"wp-block-siteorigin-panels-layout-block\"><div id=\"pl-1249\" class=\"panel-layout\"><div id=\"pg-1249-0\" class=\"panel-grid panel-no-style\"><div id=\"pgc-1249-0-0\" class=\"panel-grid-cell\"><div id=\"panel-1249-0-0-0\" class=\"widget_text so-panel widget widget_custom_html panel-first-child panel-last-child\" data-index=\"0\"><div class=\"textwidget custom-html-widget\">\n<p style=\"font-size:14px;text-align: justify\">Realice las diferentes autoverificaciones por separado dependiendo del n\u00famero que introdujo en su registro con el cual obtuvo su contrase\u00f1a, ejemplo, si captur\u00f3 en su registro de contrase\u00f1a que su municipio cuenta con 3 mercados, deber\u00e1 realizar 3 veces la autoevaluaci\u00f3n de mercados con los datos y condiciones sanitarias de cada uno de ellos, de igual manera se har\u00e1 con los dem\u00e1s servicios.\n<\/p><\/div><\/div><\/div><\/div><\/div><\/div>\n\n\n\n<div style=\"height:24px\" aria-hidden=\"true\" class=\"wp-block-spacer\"><\/div>\n\n\n\n<div class=\"wp-block-columns is-layout-flex wp-container-core-columns-is-layout-28f84493 wp-block-columns-is-layout-flex\">\n<div class=\"wp-block-column is-layout-flow wp-block-column-is-layout-flow\">\n<figure class=\"wp-block-image aligncenter size-full is-resized\"><a href=\"https:\/\/docs.google.com\/forms\/d\/e\/1FAIpQLSctICmYfFXNUiQLX-_DdYVJALLzjhQaBoPPzcfnE_Z-Xf23CA\/viewform\"><img loading=\"lazy\" decoding=\"async\" width=\"487\" height=\"579\" src=\"https:\/\/www.ssaver.gob.mx\/riesgos-sanitarios\/wp-content\/uploads\/sites\/16\/2025\/08\/boton2.png\" alt=\"\" class=\"wp-image-5046\" style=\"width:263px;height:auto\" srcset=\"https:\/\/www.ssaver.gob.mx\/riesgos-sanitarios\/wp-content\/uploads\/sites\/16\/2025\/08\/boton2.png 487w, https:\/\/www.ssaver.gob.mx\/riesgos-sanitarios\/wp-content\/uploads\/sites\/16\/2025\/08\/boton2-252x300.png 252w\" sizes=\"auto, (max-width: 487px) 100vw, 487px\" \/><\/a><\/figure>\n<\/div>\n\n\n\n<div class=\"wp-block-column is-layout-flow wp-block-column-is-layout-flow\">\n<figure class=\"wp-block-image aligncenter size-full is-resized\"><a href=\"https:\/\/docs.google.com\/forms\/d\/e\/1FAIpQLSdmvNjVZSHIyI8ZW-YU5u2yeaGVPt4EDvbuni9gx49QtHW6Tw\/viewform\"><img loading=\"lazy\" decoding=\"async\" width=\"487\" height=\"577\" src=\"https:\/\/www.ssaver.gob.mx\/riesgos-sanitarios\/wp-content\/uploads\/sites\/16\/2025\/08\/boton6.png\" alt=\"\" class=\"wp-image-5048\" style=\"width:262px;height:auto\" srcset=\"https:\/\/www.ssaver.gob.mx\/riesgos-sanitarios\/wp-content\/uploads\/sites\/16\/2025\/08\/boton6.png 487w, https:\/\/www.ssaver.gob.mx\/riesgos-sanitarios\/wp-content\/uploads\/sites\/16\/2025\/08\/boton6-253x300.png 253w\" sizes=\"auto, (max-width: 487px) 100vw, 487px\" \/><\/a><\/figure>\n<\/div>\n\n\n\n<div class=\"wp-block-column is-layout-flow wp-block-column-is-layout-flow\">\n<figure class=\"wp-block-image aligncenter size-full is-resized\"><a href=\"https:\/\/docs.google.com\/forms\/d\/e\/1FAIpQLSdZVCyQRj0xwbCOCjedckCST9lR3I9PlmYWPinvnNcbCpVWNQ\/viewform\"><img loading=\"lazy\" decoding=\"async\" width=\"487\" height=\"581\" src=\"https:\/\/www.ssaver.gob.mx\/riesgos-sanitarios\/wp-content\/uploads\/sites\/16\/2025\/08\/boton4.png\" alt=\"\" class=\"wp-image-5049\" style=\"width:256px;height:auto\" srcset=\"https:\/\/www.ssaver.gob.mx\/riesgos-sanitarios\/wp-content\/uploads\/sites\/16\/2025\/08\/boton4.png 487w, https:\/\/www.ssaver.gob.mx\/riesgos-sanitarios\/wp-content\/uploads\/sites\/16\/2025\/08\/boton4-251x300.png 251w\" sizes=\"auto, (max-width: 487px) 100vw, 487px\" \/><\/a><\/figure>\n<\/div>\n<\/div>\n\n\n\n<div class=\"wp-block-columns is-layout-flex wp-container-core-columns-is-layout-28f84493 wp-block-columns-is-layout-flex\">\n<div class=\"wp-block-column is-layout-flow wp-block-column-is-layout-flow\">\n<figure class=\"wp-block-image aligncenter size-full is-resized\"><a href=\"https:\/\/docs.google.com\/forms\/d\/e\/1FAIpQLSfeL68VbDfuAnT6TRouY8I_M9lYIWlBXeWZhDKSYbRqEjKnhg\/viewform\"><img loading=\"lazy\" decoding=\"async\" width=\"489\" height=\"574\" src=\"https:\/\/www.ssaver.gob.mx\/riesgos-sanitarios\/wp-content\/uploads\/sites\/16\/2025\/08\/boton3.png\" alt=\"\" class=\"wp-image-5050\" style=\"width:262px;height:auto\" srcset=\"https:\/\/www.ssaver.gob.mx\/riesgos-sanitarios\/wp-content\/uploads\/sites\/16\/2025\/08\/boton3.png 489w, https:\/\/www.ssaver.gob.mx\/riesgos-sanitarios\/wp-content\/uploads\/sites\/16\/2025\/08\/boton3-256x300.png 256w\" sizes=\"auto, (max-width: 489px) 100vw, 489px\" \/><\/a><\/figure>\n<\/div>\n\n\n\n<div class=\"wp-block-column is-layout-flow wp-block-column-is-layout-flow\">\n<figure class=\"wp-block-image aligncenter size-full is-resized\"><a href=\"https:\/\/docs.google.com\/forms\/d\/e\/1FAIpQLScfwelldgehiiAygIPCRq5z9Vat8lxvIWBhkpxQPHWWSOhpJQ\/viewform\"><img loading=\"lazy\" decoding=\"async\" width=\"487\" height=\"580\" src=\"https:\/\/www.ssaver.gob.mx\/riesgos-sanitarios\/wp-content\/uploads\/sites\/16\/2025\/08\/boton5.png\" alt=\"\" class=\"wp-image-5051\" style=\"width:260px;height:auto\" srcset=\"https:\/\/www.ssaver.gob.mx\/riesgos-sanitarios\/wp-content\/uploads\/sites\/16\/2025\/08\/boton5.png 487w, https:\/\/www.ssaver.gob.mx\/riesgos-sanitarios\/wp-content\/uploads\/sites\/16\/2025\/08\/boton5-252x300.png 252w\" sizes=\"auto, (max-width: 487px) 100vw, 487px\" \/><\/a><\/figure>\n<\/div>\n\n\n\n<div class=\"wp-block-column is-layout-flow wp-block-column-is-layout-flow\">\n<figure class=\"wp-block-image aligncenter size-full is-resized\"><a href=\"https:\/\/docs.google.com\/forms\/d\/e\/1FAIpQLSeakgvXZyXIYyap74WupF6-R3qKTI29hWHTTFtFmRbddnnr_w\/viewform\"><img loading=\"lazy\" decoding=\"async\" width=\"499\" height=\"580\" src=\"https:\/\/www.ssaver.gob.mx\/riesgos-sanitarios\/wp-content\/uploads\/sites\/16\/2025\/08\/boton1.png\" alt=\"\" class=\"wp-image-5052\" style=\"width:271px;height:auto\" srcset=\"https:\/\/www.ssaver.gob.mx\/riesgos-sanitarios\/wp-content\/uploads\/sites\/16\/2025\/08\/boton1.png 499w, https:\/\/www.ssaver.gob.mx\/riesgos-sanitarios\/wp-content\/uploads\/sites\/16\/2025\/08\/boton1-258x300.png 258w\" sizes=\"auto, (max-width: 499px) 100vw, 499px\" \/><\/a><\/figure>\n<\/div>\n<\/div>\n\n\n\n<div style=\"height:29px\" aria-hidden=\"true\" class=\"wp-block-spacer\"><\/div>\n\n\n\n<p class=\"has-text-color has-background\" style=\"color:#ff6b01;background-color:#ffe0c9;font-size:17px\"><strong>Paso 5:<\/strong> Cartel con c\u00f3digo QR.<\/p>\n\n\n\n<figure class=\"wp-block-image aligncenter size-large is-resized\"><img loading=\"lazy\" decoding=\"async\" width=\"1614\" height=\"1497\" src=\"https:\/\/www.ssaver.gob.mx\/riesgos-sanitarios\/wp-content\/uploads\/sites\/16\/2022\/10\/cartel-muestra3-edited.png\" alt=\"\" class=\"wp-image-2854\" style=\"width:560px;height:520px\" srcset=\"https:\/\/www.ssaver.gob.mx\/riesgos-sanitarios\/wp-content\/uploads\/sites\/16\/2022\/10\/cartel-muestra3-edited.png 1614w, https:\/\/www.ssaver.gob.mx\/riesgos-sanitarios\/wp-content\/uploads\/sites\/16\/2022\/10\/cartel-muestra3-edited-300x278.png 300w, https:\/\/www.ssaver.gob.mx\/riesgos-sanitarios\/wp-content\/uploads\/sites\/16\/2022\/10\/cartel-muestra3-edited-1024x950.png 1024w, https:\/\/www.ssaver.gob.mx\/riesgos-sanitarios\/wp-content\/uploads\/sites\/16\/2022\/10\/cartel-muestra3-edited-768x712.png 768w, https:\/\/www.ssaver.gob.mx\/riesgos-sanitarios\/wp-content\/uploads\/sites\/16\/2022\/10\/cartel-muestra3-edited-1536x1425.png 1536w\" sizes=\"auto, (max-width: 1614px) 100vw, 1614px\" \/><\/figure>\n\n\n\n<p class=\"has-vivid-red-color has-text-color has-background\" style=\"background-color:#fad1d1;font-size:17px\"><strong>Paso 6:<\/strong> Acciones de Gesti\u00f3n Resolutiva.<\/p>\n\n\n\n<p style=\"font-size:14px;text-align: justify\">\nAcciones de gesti\u00f3n resolutiva entre la Direcci\u00f3n de Protecci\u00f3n contra Riesgos sanitarios y los municipios de acuerdo a los diagn\u00f3sticos obtenidos de las autoevaluaciones e instauraci\u00f3n de los Comit\u00e9 de Protecci\u00f3n contra Riesgos Sanitarios para los entornos saludables de la atenci\u00f3n primaria de Servicios de Salud de Veracruz\n<\/p>\n\n\n\n<div style=\"height:34px\" aria-hidden=\"true\" class=\"wp-block-spacer\"><\/div>\n\n\n\n<p class=\"has-text-color has-background\" style=\"color:#7f5e49;background-color:#f2e7cd;font-size:17px\"><strong>Contacto<\/strong><\/p>\n\n\n\n<p style=\"font-size:14px\"><strong>Si tiene alguna duda con gusto le atendemos:<\/strong><\/p>\n\n\n\n<p style=\"font-size:14px\"><strong>\u00b7<\/strong> Al <strong>correo electr\u00f3nico<\/strong> reportes.lineamientos@gmail.com env\u00ede nombre del municipio, nombre del alcalde y su mensaje de duda o pregunta. Si ya captur\u00f3 todas sus autoevaluaciones y no lleg\u00f3 su c\u00f3digo QR agregue al mensaje fecha y hora de la ultima captura en la plataforma.<\/p>\n\n\n\n<p style=\"font-size:14px\"><strong>\u00b7<\/strong> <strong>Tel\u00e9fono<\/strong> 228 842 3000 <strong>extensi\u00f3n<\/strong> 2735 \u00f3 2736.<\/p>\n\n\n\n<p style=\"font-size:14px\"><strong>\u00b7<\/strong> <strong>Horarios de atenci\u00f3n<\/strong> de 8:00 a 14:00 hrs.<\/p>\n\n\n\n<div style=\"height:40px\" aria-hidden=\"true\" class=\"wp-block-spacer\"><\/div>\n\n\n\n<p style=\"font-size:12px;text-align: justify\"><b>Aviso de Privacidad:<\/b> Integral de propietarios (persona f\u00edsica o persona moral), representantes legales, responsables sanitarios y testigos de establecimientos, productos y servicios sujetos a Vigilancia Sanitaria. La Secretar\u00eda de Salud de Veracruz, es el responsable del tratamiento de los datos personales que nos proporcione. Los datos personales que recabamos de usted, los utilizaremos para las siguientes finalidades: a) contar con un padr\u00f3n de establecimientos, b) elaborar estad\u00edsticas, c) an\u00e1lisis de riesgos, d) Vigilancia Sanitaria, e) seguimiento de procedimientos y f) proyectos gubernamentales. Del mismo modo se informa que no se utilizan sus datos personales para finalidades adicionales. Para mayor informaci\u00f3n acerca del tratamiento y de los derechos que puede hacer vale, usted puede acceder al aviso de privacidad integral a trav\u00e9s de la direcci\u00f3n electr\u00f3nica:<\/p>\n\n\n\n<p class=\"has-text-align-center has-background\" style=\"background-color:#abb7c22e\"><strong><em>Todo acto y\/o tr\u00e1mite&nbsp;es gratuito.<\/em> <\/strong><br><em>Material elaborado en cumplimiento a la estrategia nacional de&nbsp;buen gobierno en el sistema&nbsp;federal sanitario<\/em><\/p>\n","protected":false},"excerpt":{"rendered":"<p>Facultad reglamentaria del art\u00edculo 115 de la CONSTITUCI\u00d3N POL\u00cdTICA DE LOS ESTADOS UNIDOS MEXICANOS, resguardando los entornos saludables como punto<\/p>\n","protected":false},"author":17,"featured_media":0,"parent":0,"menu_order":0,"comment_status":"closed","ping_status":"closed","template":"","meta":{"colormag_page_container_layout":"default_layout","colormag_page_sidebar_layout":"default_layout","footnotes":""},"class_list":["post-1249","page","type-page","status-publish","hentry"],"_links":{"self":[{"href":"https:\/\/www.ssaver.gob.mx\/riesgos-sanitarios\/wp-json\/wp\/v2\/pages\/1249","targetHints":{"allow":["GET"]}}],"collection":[{"href":"https:\/\/www.ssaver.gob.mx\/riesgos-sanitarios\/wp-json\/wp\/v2\/pages"}],"about":[{"href":"https:\/\/www.ssaver.gob.mx\/riesgos-sanitarios\/wp-json\/wp\/v2\/types\/page"}],"author":[{"embeddable":true,"href":"https:\/\/www.ssaver.gob.mx\/riesgos-sanitarios\/wp-json\/wp\/v2\/users\/17"}],"replies":[{"embeddable":true,"href":"https:\/\/www.ssaver.gob.mx\/riesgos-sanitarios\/wp-json\/wp\/v2\/comments?post=1249"}],"version-history":[{"count":190,"href":"https:\/\/www.ssaver.gob.mx\/riesgos-sanitarios\/wp-json\/wp\/v2\/pages\/1249\/revisions"}],"predecessor-version":[{"id":5058,"href":"https:\/\/www.ssaver.gob.mx\/riesgos-sanitarios\/wp-json\/wp\/v2\/pages\/1249\/revisions\/5058"}],"wp:attachment":[{"href":"https:\/\/www.ssaver.gob.mx\/riesgos-sanitarios\/wp-json\/wp\/v2\/media?parent=1249"}],"curies":[{"name":"wp","href":"https:\/\/api.w.org\/{rel}","templated":true}]}}