{"id":514,"date":"2022-07-11T08:41:52","date_gmt":"2022-07-11T13:41:52","guid":{"rendered":"https:\/\/www.ssaver.gob.mx\/riesgos-sanitarios\/?page_id=514"},"modified":"2025-09-17T11:13:37","modified_gmt":"2025-09-17T17:13:37","slug":"vigilancia-proactiva","status":"publish","type":"page","link":"https:\/\/www.ssaver.gob.mx\/riesgos-sanitarios\/vigilancia-proactiva\/","title":{"rendered":"Vigilancia Proactiva"},"content":{"rendered":"\n<figure class=\"wp-block-image alignwide size-full\"><img loading=\"lazy\" decoding=\"async\" width=\"1359\" height=\"471\" src=\"https:\/\/www.ssaver.gob.mx\/riesgos-sanitarios\/wp-content\/uploads\/sites\/16\/2024\/06\/banner20.png\" alt=\"\" class=\"wp-image-4703\" srcset=\"https:\/\/www.ssaver.gob.mx\/riesgos-sanitarios\/wp-content\/uploads\/sites\/16\/2024\/06\/banner20.png 1359w, https:\/\/www.ssaver.gob.mx\/riesgos-sanitarios\/wp-content\/uploads\/sites\/16\/2024\/06\/banner20-300x104.png 300w, https:\/\/www.ssaver.gob.mx\/riesgos-sanitarios\/wp-content\/uploads\/sites\/16\/2024\/06\/banner20-1024x355.png 1024w, https:\/\/www.ssaver.gob.mx\/riesgos-sanitarios\/wp-content\/uploads\/sites\/16\/2024\/06\/banner20-768x266.png 768w\" sizes=\"auto, (max-width: 1359px) 100vw, 1359px\" \/><\/figure>\n\n\n\n<div style=\"height:19px\" aria-hidden=\"true\" class=\"wp-block-spacer\"><\/div>\n\n\n\n<p style=\"font-size:16px;text-align: justify\"><b>Prop\u00f3sito:<\/b> Implementar programas de gesti\u00f3n para la mejora de las condiciones sanitarias y de operaci\u00f3n del establecimiento, as\u00ed como los protocolos y medidas de seguridad sanitaria en su entorno laboral para proteger a sus trabajadores y usuarios de los riesgos sanitarios presentes en el ambiente, generando entornos saludables de aptitud emulable.<\/p>\n\n\n\n<div style=\"height:19px\" aria-hidden=\"true\" class=\"wp-block-spacer\"><\/div>\n\n\n\n<p class=\"has-text-color has-background has-medium-font-size\" style=\"color:#7f5e49;background-color:#f2e7cd\"><strong>Operaci\u00f3n<\/strong><\/p>\n\n\n\n<div style=\"height:31px\" aria-hidden=\"true\" class=\"wp-block-spacer\"><\/div>\n\n\n\n<figure class=\"wp-block-image aligncenter size-full\"><img loading=\"lazy\" decoding=\"async\" width=\"1751\" height=\"609\" src=\"https:\/\/www.ssaver.gob.mx\/riesgos-sanitarios\/wp-content\/uploads\/sites\/16\/2024\/06\/proceso12.png\" alt=\"\" class=\"wp-image-4705\" srcset=\"https:\/\/www.ssaver.gob.mx\/riesgos-sanitarios\/wp-content\/uploads\/sites\/16\/2024\/06\/proceso12.png 1751w, https:\/\/www.ssaver.gob.mx\/riesgos-sanitarios\/wp-content\/uploads\/sites\/16\/2024\/06\/proceso12-300x104.png 300w, https:\/\/www.ssaver.gob.mx\/riesgos-sanitarios\/wp-content\/uploads\/sites\/16\/2024\/06\/proceso12-1024x356.png 1024w, https:\/\/www.ssaver.gob.mx\/riesgos-sanitarios\/wp-content\/uploads\/sites\/16\/2024\/06\/proceso12-768x267.png 768w, https:\/\/www.ssaver.gob.mx\/riesgos-sanitarios\/wp-content\/uploads\/sites\/16\/2024\/06\/proceso12-1536x534.png 1536w\" sizes=\"auto, (max-width: 1751px) 100vw, 1751px\" \/><\/figure>\n\n\n\n<div style=\"height:51px\" aria-hidden=\"true\" class=\"wp-block-spacer\"><\/div>\n\n\n\n<p class=\"has-text-color has-background has-medium-font-size\" style=\"color:#7f5e49;background-color:#f2e7cd\"><strong>Autoverificaciones de cumplimiento normativo<\/strong><\/p>\n\n\n\n<div style=\"height:19px\" aria-hidden=\"true\" class=\"wp-block-spacer\"><\/div>\n\n\n\n<p class=\"has-medium-font-size\">D\u00e9 clic en la imagen correspondiente al giro de su establecimiento para iniciar captura.<\/p>\n\n\n\n<div style=\"height:19px\" aria-hidden=\"true\" class=\"wp-block-spacer\"><\/div>\n\n\n\n<div class=\"wp-block-columns is-layout-flex wp-container-core-columns-is-layout-28f84493 wp-block-columns-is-layout-flex\">\n<div class=\"wp-block-column is-layout-flow wp-block-column-is-layout-flow\">\n<figure class=\"wp-block-image aligncenter size-large\"><a href=\"https:\/\/docs.google.com\/forms\/d\/e\/1FAIpQLSeFr13CIi0g3IzSMSsy9Mue3M9z48b0_0f0piRbFT9Zx8Ddnw\/viewform?usp=sf_link\" target=\"_blank\" rel=\"noreferrer noopener\"><img loading=\"lazy\" decoding=\"async\" width=\"797\" height=\"1024\" src=\"https:\/\/www.ssaver.gob.mx\/riesgos-sanitarios\/wp-content\/uploads\/sites\/16\/2022\/07\/Vigilancia-proactiva_Mesa-de-trabajo-1-1-797x1024.jpg\" alt=\"\" class=\"wp-image-871\" srcset=\"https:\/\/www.ssaver.gob.mx\/riesgos-sanitarios\/wp-content\/uploads\/sites\/16\/2022\/07\/Vigilancia-proactiva_Mesa-de-trabajo-1-1-797x1024.jpg 797w, https:\/\/www.ssaver.gob.mx\/riesgos-sanitarios\/wp-content\/uploads\/sites\/16\/2022\/07\/Vigilancia-proactiva_Mesa-de-trabajo-1-1-234x300.jpg 234w, https:\/\/www.ssaver.gob.mx\/riesgos-sanitarios\/wp-content\/uploads\/sites\/16\/2022\/07\/Vigilancia-proactiva_Mesa-de-trabajo-1-1-768x986.jpg 768w, https:\/\/www.ssaver.gob.mx\/riesgos-sanitarios\/wp-content\/uploads\/sites\/16\/2022\/07\/Vigilancia-proactiva_Mesa-de-trabajo-1-1-1196x1536.jpg 1196w, https:\/\/www.ssaver.gob.mx\/riesgos-sanitarios\/wp-content\/uploads\/sites\/16\/2022\/07\/Vigilancia-proactiva_Mesa-de-trabajo-1-1.jpg 1464w\" sizes=\"auto, (max-width: 797px) 100vw, 797px\" \/><\/a><figcaption class=\"wp-element-caption\">Restaurantes, Procesadores de alimentos<\/figcaption><\/figure>\n<\/div>\n\n\n\n<div class=\"wp-block-column is-layout-flow wp-block-column-is-layout-flow\">\n<figure class=\"wp-block-image aligncenter size-large\"><a href=\"https:\/\/docs.google.com\/forms\/d\/e\/1FAIpQLSee_eUcuACU6FRJ15-wsWMUVxaBYCfq_6lqqr6F1Bw5dc4DmQ\/viewform?usp=sf_link\" target=\"_blank\" rel=\"noreferrer noopener\"><img loading=\"lazy\" decoding=\"async\" width=\"797\" height=\"1024\" src=\"https:\/\/www.ssaver.gob.mx\/riesgos-sanitarios\/wp-content\/uploads\/sites\/16\/2022\/07\/Vigilancia-proactiva-02-797x1024.jpg\" alt=\"\" class=\"wp-image-872\" srcset=\"https:\/\/www.ssaver.gob.mx\/riesgos-sanitarios\/wp-content\/uploads\/sites\/16\/2022\/07\/Vigilancia-proactiva-02-797x1024.jpg 797w, https:\/\/www.ssaver.gob.mx\/riesgos-sanitarios\/wp-content\/uploads\/sites\/16\/2022\/07\/Vigilancia-proactiva-02-234x300.jpg 234w, https:\/\/www.ssaver.gob.mx\/riesgos-sanitarios\/wp-content\/uploads\/sites\/16\/2022\/07\/Vigilancia-proactiva-02-768x986.jpg 768w, https:\/\/www.ssaver.gob.mx\/riesgos-sanitarios\/wp-content\/uploads\/sites\/16\/2022\/07\/Vigilancia-proactiva-02-1196x1536.jpg 1196w, https:\/\/www.ssaver.gob.mx\/riesgos-sanitarios\/wp-content\/uploads\/sites\/16\/2022\/07\/Vigilancia-proactiva-02.jpg 1464w\" sizes=\"auto, (max-width: 797px) 100vw, 797px\" \/><\/a><figcaption class=\"wp-element-caption\">Hoteles, oficinas, gimnasios, gasolineras, talleres mec\u00e1nicos, terminales, departamentales.<\/figcaption><\/figure>\n<\/div>\n\n\n\n<div class=\"wp-block-column is-layout-flow wp-block-column-is-layout-flow\">\n<figure class=\"wp-block-image aligncenter size-large\"><a href=\"https:\/\/docs.google.com\/forms\/d\/e\/1FAIpQLSdjH0qKDxE-LJ7idg5753dtx0arz40E3QCwT6uXYuQMulidcA\/viewform?usp=sf_link\" target=\"_blank\" rel=\"noreferrer noopener\"><img loading=\"lazy\" decoding=\"async\" width=\"797\" height=\"1024\" src=\"https:\/\/www.ssaver.gob.mx\/riesgos-sanitarios\/wp-content\/uploads\/sites\/16\/2022\/07\/Vigilancia-proactiva-03-797x1024.jpg\" alt=\"\" class=\"wp-image-873\" srcset=\"https:\/\/www.ssaver.gob.mx\/riesgos-sanitarios\/wp-content\/uploads\/sites\/16\/2022\/07\/Vigilancia-proactiva-03-797x1024.jpg 797w, https:\/\/www.ssaver.gob.mx\/riesgos-sanitarios\/wp-content\/uploads\/sites\/16\/2022\/07\/Vigilancia-proactiva-03-234x300.jpg 234w, https:\/\/www.ssaver.gob.mx\/riesgos-sanitarios\/wp-content\/uploads\/sites\/16\/2022\/07\/Vigilancia-proactiva-03-768x986.jpg 768w, https:\/\/www.ssaver.gob.mx\/riesgos-sanitarios\/wp-content\/uploads\/sites\/16\/2022\/07\/Vigilancia-proactiva-03-1196x1536.jpg 1196w, https:\/\/www.ssaver.gob.mx\/riesgos-sanitarios\/wp-content\/uploads\/sites\/16\/2022\/07\/Vigilancia-proactiva-03.jpg 1464w\" sizes=\"auto, (max-width: 797px) 100vw, 797px\" \/><\/a><figcaption class=\"wp-element-caption\">Farmacias, droguer\u00edas y almacenes de medicamentos<\/figcaption><\/figure>\n<\/div>\n\n\n\n<div class=\"wp-block-column is-layout-flow wp-block-column-is-layout-flow\">\n<figure class=\"wp-block-image aligncenter size-large\"><a href=\"https:\/\/docs.google.com\/forms\/d\/e\/1FAIpQLSd0Nh58jagUem7N2XG-1kM5XGgRWdhot4NBYACCB2JVpRyhCw\/viewform?usp=sf_link\" target=\"_blank\" rel=\"noreferrer noopener\"><img loading=\"lazy\" decoding=\"async\" width=\"797\" height=\"1024\" src=\"https:\/\/www.ssaver.gob.mx\/riesgos-sanitarios\/wp-content\/uploads\/sites\/16\/2022\/07\/Vigilancia-proactiva-04-797x1024.jpg\" alt=\"\" class=\"wp-image-874\" srcset=\"https:\/\/www.ssaver.gob.mx\/riesgos-sanitarios\/wp-content\/uploads\/sites\/16\/2022\/07\/Vigilancia-proactiva-04-797x1024.jpg 797w, https:\/\/www.ssaver.gob.mx\/riesgos-sanitarios\/wp-content\/uploads\/sites\/16\/2022\/07\/Vigilancia-proactiva-04-234x300.jpg 234w, https:\/\/www.ssaver.gob.mx\/riesgos-sanitarios\/wp-content\/uploads\/sites\/16\/2022\/07\/Vigilancia-proactiva-04-768x986.jpg 768w, https:\/\/www.ssaver.gob.mx\/riesgos-sanitarios\/wp-content\/uploads\/sites\/16\/2022\/07\/Vigilancia-proactiva-04-1196x1536.jpg 1196w, https:\/\/www.ssaver.gob.mx\/riesgos-sanitarios\/wp-content\/uploads\/sites\/16\/2022\/07\/Vigilancia-proactiva-04.jpg 1464w\" sizes=\"auto, (max-width: 797px) 100vw, 797px\" \/><\/a><figcaption class=\"wp-element-caption\">Centros de salud, consultorios, hospitales<\/figcaption><\/figure>\n<\/div>\n<\/div>\n\n\n\n<div style=\"height:19px\" aria-hidden=\"true\" class=\"wp-block-spacer\"><\/div>\n\n\n\n<p class=\"has-text-color has-background has-medium-font-size\" style=\"color:#7f5e49;background-color:#f2e7cd\"><strong>Cartel con C\u00f3digo QR<\/strong><\/p>\n\n\n\n<figure class=\"wp-block-image aligncenter size-full is-resized\"><img loading=\"lazy\" decoding=\"async\" width=\"1507\" height=\"1494\" src=\"https:\/\/www.ssaver.gob.mx\/riesgos-sanitarios\/wp-content\/uploads\/sites\/16\/2022\/10\/Cartel.png\" alt=\"\" class=\"wp-image-2858\" style=\"width:788px;height:781px\" srcset=\"https:\/\/www.ssaver.gob.mx\/riesgos-sanitarios\/wp-content\/uploads\/sites\/16\/2022\/10\/Cartel.png 1507w, https:\/\/www.ssaver.gob.mx\/riesgos-sanitarios\/wp-content\/uploads\/sites\/16\/2022\/10\/Cartel-300x297.png 300w, https:\/\/www.ssaver.gob.mx\/riesgos-sanitarios\/wp-content\/uploads\/sites\/16\/2022\/10\/Cartel-1024x1015.png 1024w, https:\/\/www.ssaver.gob.mx\/riesgos-sanitarios\/wp-content\/uploads\/sites\/16\/2022\/10\/Cartel-150x150.png 150w, https:\/\/www.ssaver.gob.mx\/riesgos-sanitarios\/wp-content\/uploads\/sites\/16\/2022\/10\/Cartel-768x761.png 768w\" sizes=\"auto, (max-width: 1507px) 100vw, 1507px\" \/><\/figure>\n\n\n\n<p style=\"font-size:12px;text-align: justify\"><b>Fundamento jur\u00eddico:<\/b> Acuerdo por el que se emite el Programa Estrat\u00e9gico de Salud para el Bienestar, Acuerdo por el que se emite el Modelo de atenci\u00f3n a la Salud para el Binestar (MAS-Bienestar), Constituci\u00f3n Pol\u00edtica de los Estados Unidos Mexicanos; Ley General de Salud y sus Reglamentos; Normas Oficiales Mexicanas; Constituci\u00f3n Pol\u00edtica del Estado de Veracruz de Ignacio de la Llave y Ley de Salud del Estado de Veracruz de Ignacio de la Llave y sus correlativos aplicables; decretos, acuerdos y lineamientos t\u00e9cnicos emitidos por la Autoridad Sanitaria Federal y Estatal.<\/p>\n\n\n\n<p style=\"font-size:12px;text-align: justify\"><b>Referencias:<\/b> Organizaci\u00f3n Mundial de la Salud (OMS), Organizaci\u00f3n Panamericana de la Salud (OPS), Secretar\u00eda de Salud (SS), Comisi\u00f3n Federal de Protecci\u00f3n contra Riesgos Sanitarios (COFEPRIS), Servicios de Salud de Veracruz (SESVER), Direcci\u00f3n de Protecci\u00f3n contra Riesgos Sanitarios (DPRS), Diario Oficial de la Federaci\u00f3n (DOF) y Gaceta Oficial del Estado de Veracruz de Ignacio de la Llave (GOE).<\/p>\n\n\n\n<p style=\"font-size:12px;text-align: justify\"><b>Aviso de Privacidad:<\/b> Integral de propietarios (persona f\u00edsica o persona moral), representantes legales, responsables sanitarios y testigos de establecimientos, productos y servicios sujetos a Vigilancia Sanitaria. La Secretar\u00eda de Salud de Veracruz, es el responsable del tratamiento de los datos personales que nos proporcione. Los datos personales que recabamos de usted, los utilizaremos para las siguientes finalidades: a) contar con un padr\u00f3n de establecimientos, b) elaborar estad\u00edsticas, c) an\u00e1lisis de riesgos, d) Vigilancia Sanitaria, e) seguimiento de procedimientos y f) proyectos gubernamentales. Del mismo modo se informa que no se utilizan sus datos personales para finalidades adicionales. Para mayor informaci\u00f3n acerca del tratamiento y de los derechos que puede hacer vale, usted puede acceder al aviso de privacidad integral a trav\u00e9s de la direcci\u00f3n electr\u00f3nica:<\/p>\n\n\n\n<p class=\"has-text-align-center has-background\" style=\"background-color:#abb7c22e\"><strong><em>Todo acto y\/o tr\u00e1mite&nbsp;es gratuito.<\/em> <\/strong><br><em>Material elaborado en cumplimiento a la estrategia nacional de&nbsp;buen gobierno en el sistema&nbsp;federal sanitario<\/em><\/p>\n","protected":false},"excerpt":{"rendered":"<p>Prop\u00f3sito: Implementar programas de gesti\u00f3n para la mejora de las condiciones sanitarias y de operaci\u00f3n del establecimiento, as\u00ed como los<\/p>\n","protected":false},"author":22,"featured_media":0,"parent":0,"menu_order":0,"comment_status":"closed","ping_status":"closed","template":"","meta":{"colormag_page_container_layout":"default_layout","colormag_page_sidebar_layout":"default_layout","footnotes":""},"class_list":["post-514","page","type-page","status-publish","hentry"],"_links":{"self":[{"href":"https:\/\/www.ssaver.gob.mx\/riesgos-sanitarios\/wp-json\/wp\/v2\/pages\/514","targetHints":{"allow":["GET"]}}],"collection":[{"href":"https:\/\/www.ssaver.gob.mx\/riesgos-sanitarios\/wp-json\/wp\/v2\/pages"}],"about":[{"href":"https:\/\/www.ssaver.gob.mx\/riesgos-sanitarios\/wp-json\/wp\/v2\/types\/page"}],"author":[{"embeddable":true,"href":"https:\/\/www.ssaver.gob.mx\/riesgos-sanitarios\/wp-json\/wp\/v2\/users\/22"}],"replies":[{"embeddable":true,"href":"https:\/\/www.ssaver.gob.mx\/riesgos-sanitarios\/wp-json\/wp\/v2\/comments?post=514"}],"version-history":[{"count":324,"href":"https:\/\/www.ssaver.gob.mx\/riesgos-sanitarios\/wp-json\/wp\/v2\/pages\/514\/revisions"}],"predecessor-version":[{"id":5063,"href":"https:\/\/www.ssaver.gob.mx\/riesgos-sanitarios\/wp-json\/wp\/v2\/pages\/514\/revisions\/5063"}],"wp:attachment":[{"href":"https:\/\/www.ssaver.gob.mx\/riesgos-sanitarios\/wp-json\/wp\/v2\/media?parent=514"}],"curies":[{"name":"wp","href":"https:\/\/api.w.org\/{rel}","templated":true}]}}