{"id":617,"date":"2022-07-15T08:53:23","date_gmt":"2022-07-15T13:53:23","guid":{"rendered":"https:\/\/www.ssaver.gob.mx\/riesgos-sanitarios\/?page_id=617"},"modified":"2026-04-28T13:52:43","modified_gmt":"2026-04-28T19:52:43","slug":"smcr","status":"publish","type":"page","link":"https:\/\/www.ssaver.gob.mx\/riesgos-sanitarios\/smcr\/","title":{"rendered":"SMCR &#8211; Sistema de Monitoreo de Cloro Residual"},"content":{"rendered":"\n<figure class=\"wp-block-image alignfull size-full is-resized is-style-default\"><img loading=\"lazy\" decoding=\"async\" width=\"1694\" height=\"639\" src=\"https:\/\/www.ssaver.gob.mx\/riesgos-sanitarios\/wp-content\/uploads\/sites\/16\/2026\/01\/Banner.png\" alt=\"\" class=\"wp-image-5079\" srcset=\"https:\/\/www.ssaver.gob.mx\/riesgos-sanitarios\/wp-content\/uploads\/sites\/16\/2026\/01\/Banner.png 1694w, https:\/\/www.ssaver.gob.mx\/riesgos-sanitarios\/wp-content\/uploads\/sites\/16\/2026\/01\/Banner-300x113.png 300w, https:\/\/www.ssaver.gob.mx\/riesgos-sanitarios\/wp-content\/uploads\/sites\/16\/2026\/01\/Banner-1024x386.png 1024w, https:\/\/www.ssaver.gob.mx\/riesgos-sanitarios\/wp-content\/uploads\/sites\/16\/2026\/01\/Banner-768x290.png 768w, https:\/\/www.ssaver.gob.mx\/riesgos-sanitarios\/wp-content\/uploads\/sites\/16\/2026\/01\/Banner-1536x579.png 1536w\" sizes=\"auto, (max-width: 1694px) 100vw, 1694px\" \/><\/figure>\n\n\n\n<div style=\"height:38px\" aria-hidden=\"true\" class=\"wp-block-spacer\"><\/div>\n\n\n\n<p style=\"font-size:17px;text-align: justify\">\n<strong>Objetivo General:<\/strong> Vigilar la calidad sanitaria del agua para uso y consumo humano que es suministrada por los sistemas formales de abastecimiento, para proteger a la poblaci\u00f3n de los riesgos f\u00edsicos, qu\u00edmicos y biol\u00f3gicos asociados al uso y consumo de agua, mediante acciones de control sanitario.\n<\/p>\n\n\n\n<div style=\"height:38px\" aria-hidden=\"true\" class=\"wp-block-spacer\"><\/div>\n\n\n\n<div class=\"wp-block-columns is-layout-flex wp-container-core-columns-is-layout-28f84493 wp-block-columns-is-layout-flex\">\n<div class=\"wp-block-column is-layout-flow wp-block-column-is-layout-flow\">\n<p class=\"has-text-align-center has-colormag-color-1-color has-text-color has-background has-link-color wp-elements-f151bf67a34ed335a086c8d6a8ff3ddf\" style=\"border-width:4px;border-top-left-radius:10px;border-top-right-radius:10px;border-bottom-left-radius:10px;border-bottom-right-radius:10px;background-color:#86a65a;padding-top:var(--wp--preset--spacing--20);padding-right:0;padding-bottom:var(--wp--preset--spacing--20);padding-left:0;font-size:20px\"><strong><a href=\"https:\/\/forms.gle\/o9DMFvumEYymdQw16\">Ingresar captura de muestra<\/a><\/strong><\/p>\n<\/div>\n\n\n\n<div class=\"wp-block-column is-layout-flow wp-block-column-is-layout-flow\">\n<p class=\"has-text-align-center has-colormag-color-1-color has-colormag-color-3-background-color has-text-color has-background has-link-color has-medium-font-size wp-elements-dcd89d73f4c91143d3d3ec32e1103220\" style=\"border-width:5px;border-top-left-radius:10px;border-top-right-radius:10px;border-bottom-left-radius:10px;border-bottom-right-radius:10px;padding-top:var(--wp--preset--spacing--20);padding-right:0;padding-bottom:var(--wp--preset--spacing--20);padding-left:0\"><a href=\"https:\/\/forms.gle\/A8XUH3u4asLYknd16\">Ingresar nuevo punto de monitoreo<\/a><\/p>\n<\/div>\n<\/div>\n\n\n\n<div style=\"height:40px\" aria-hidden=\"true\" class=\"wp-block-spacer\"><\/div>\n\n\n\n<figure class=\"wp-block-image aligncenter size-full is-resized has-custom-border is-style-default\"><a href=\"https:\/\/www.google.com\/maps\/d\/edit?mid=1ut3IDnPDDNQDx-NCIf-y0UNyMi4KT2Y&amp;usp=sharing\"><img loading=\"lazy\" decoding=\"async\" width=\"906\" height=\"972\" src=\"https:\/\/www.ssaver.gob.mx\/riesgos-sanitarios\/wp-content\/uploads\/sites\/16\/2026\/04\/ver.png\" alt=\"\" class=\"wp-image-5270\" style=\"border-style:none;border-width:0px;border-top-left-radius:31px;border-top-right-radius:31px;border-bottom-left-radius:31px;border-bottom-right-radius:31px;width:245px;height:auto\" srcset=\"https:\/\/www.ssaver.gob.mx\/riesgos-sanitarios\/wp-content\/uploads\/sites\/16\/2026\/04\/ver.png 906w, https:\/\/www.ssaver.gob.mx\/riesgos-sanitarios\/wp-content\/uploads\/sites\/16\/2026\/04\/ver-280x300.png 280w, https:\/\/www.ssaver.gob.mx\/riesgos-sanitarios\/wp-content\/uploads\/sites\/16\/2026\/04\/ver-768x824.png 768w\" sizes=\"auto, (max-width: 906px) 100vw, 906px\" \/><\/a><\/figure>\n\n\n\n<p class=\"has-text-align-center has-colormag-color-7-color has-text-color has-link-color has-medium-font-size wp-elements-b292640ad3f89420c2d1d86a0ca8c0d5\"><strong><a href=\"https:\/\/www.google.com\/maps\/d\/viewer?mid=1vFMO8XVuhgHaria-vPK1OTxHzc04TaE&amp;ll=20.046631911912492%2C-96.47303500000001&amp;z=8\">Mapa de puntos de monitoreo<\/a><\/strong><\/p>\n\n\n\n<div style=\"height:48px\" aria-hidden=\"true\" class=\"wp-block-spacer\"><\/div>\n\n\n\n<hr class=\"wp-block-separator aligncenter has-text-color has-black-color has-alpha-channel-opacity has-black-background-color has-background\" \/>\n\n\n\n<div style=\"height:25px\" aria-hidden=\"true\" class=\"wp-block-spacer\"><\/div>\n\n\n\n<div class=\"wp-block-columns is-layout-flex wp-container-core-columns-is-layout-28f84493 wp-block-columns-is-layout-flex\">\n<div class=\"wp-block-column is-layout-flow wp-block-column-is-layout-flow\" style=\"flex-basis:33.33%\">\n<figure class=\"wp-block-image aligncenter size-full is-resized\"><a href=\"https:\/\/riesgossanitarios.ssaver.gob.mx\/calculadora\/\"><img loading=\"lazy\" decoding=\"async\" width=\"534\" height=\"543\" src=\"https:\/\/www.ssaver.gob.mx\/riesgos-sanitarios\/wp-content\/uploads\/sites\/16\/2026\/04\/calc2.png\" alt=\"\" class=\"wp-image-5254\" style=\"aspect-ratio:0.9834887334887334;width:161px;height:auto\" srcset=\"https:\/\/www.ssaver.gob.mx\/riesgos-sanitarios\/wp-content\/uploads\/sites\/16\/2026\/04\/calc2.png 534w, https:\/\/www.ssaver.gob.mx\/riesgos-sanitarios\/wp-content\/uploads\/sites\/16\/2026\/04\/calc2-295x300.png 295w\" sizes=\"auto, (max-width: 534px) 100vw, 534px\" \/><\/a><\/figure>\n\n\n\n<p class=\"has-white-color has-text-color\">.<\/p>\n<\/div>\n\n\n\n<div class=\"wp-block-column is-layout-flow wp-block-column-is-layout-flow\"><\/div>\n\n\n\n<div class=\"wp-block-column is-layout-flow wp-block-column-is-layout-flow\" style=\"flex-basis:66.66%\">\n<h3 class=\"wp-block-heading has-text-align-center\"><a href=\"https:\/\/riesgossanitarios.ssaver.gob.mx\/calculadora\/\">Calculadora para cloraci\u00f3n de agua<\/a><\/h3>\n\n\n\n<p class=\"has-text-align-center\" style=\"font-size:17px\">Esta calculadora le ayudar\u00e1 en la desinfecci\u00f3n de agua para uso y consumo humano por medio de CLORO DE USO DOM\u00c9STICO (Hipoclorito de sodio al 6.0%: l\u00edquido) O INDUSTRIAL (Hipoclorito de sodio al 13.0% : l\u00edquido e Hipoclorito de calcio 65.0%: s\u00f3lido)<\/p>\n<\/div>\n<\/div>\n\n\n\n<div style=\"height:25px\" aria-hidden=\"true\" class=\"wp-block-spacer\"><\/div>\n\n\n\n<hr class=\"wp-block-separator aligncenter has-text-color has-black-color has-alpha-channel-opacity has-black-background-color has-background\" \/>\n\n\n\n<div style=\"height:40px\" aria-hidden=\"true\" class=\"wp-block-spacer\"><\/div>\n\n\n\n<p class=\"has-text-align-center\" style=\"font-size:33px\"><strong>\u00bfQue es SMCR?<\/strong><\/p>\n\n\n\n<p class=\"has-text-align-center\" style=\"font-size:22px\">Sistema de Monitoreo de Cloro Residual<\/p>\n\n\n\n<div style=\"height:10px\" aria-hidden=\"true\" class=\"wp-block-spacer\"><\/div>\n\n\n\n<p style=\"font-size:15px;text-align: justify\">\nEste sistema se utiliza para realizar monitoreos peri\u00f3dicos de cloro en las diferentes localidades de Veracruz, utilizando puntos de monitoreo espec\u00edficos en donde se realizaran a lo largo del a\u00f1o las muestras correspondientes, dichos puntos se geo-localizar\u00e1n en un mapa que nos d\u00e9 lectura de cuales son las zonas mas vulnerables en el estado en cuesti\u00f3n de cloraci\u00f3n de agua.<br>\n\nCarga de datos directamente a una plataforma centralizada con dispositivos m\u00f3viles o ingresar desde oficina, permitiendo una supervisi\u00f3n remota y continua.<br>\n\nFortalece la capacidad de la <strong>Direcci\u00f3n de Protecci\u00f3n contra Riesgos Sanitarios<\/strong> para actuar preventivamente antes de que la ausencia de desinfectante se traduzca en un riesgo epidemiol\u00f3gico para la poblaci\u00f3n.\n<\/p>\n\n\n\n<div style=\"height:59px\" aria-hidden=\"true\" class=\"wp-block-spacer\"><\/div>\n\n\n\n<div class=\"wp-block-columns is-layout-flex wp-container-core-columns-is-layout-28f84493 wp-block-columns-is-layout-flex\">\n<div class=\"wp-block-column is-layout-flow wp-block-column-is-layout-flow\">\n<figure class=\"wp-block-image aligncenter size-full\"><img loading=\"lazy\" decoding=\"async\" width=\"69\" height=\"61\" src=\"https:\/\/www.ssaver.gob.mx\/riesgos-sanitarios\/wp-content\/uploads\/sites\/16\/2022\/10\/Integracion.png\" alt=\"\" class=\"wp-image-3198\" \/><\/figure>\n\n\n\n<p class=\"has-text-align-center has-medium-font-size\"><strong>Integraci\u00f3n <\/strong><br><br>Integraci\u00f3n de todas las lecturas o muestreos del monitoreo de cloro residual libre de las Jurisdicciones del estado de Veracruz<\/p>\n<\/div>\n\n\n\n<div class=\"wp-block-column is-layout-flow wp-block-column-is-layout-flow\">\n<figure class=\"wp-block-image aligncenter size-full is-resized\"><img loading=\"lazy\" decoding=\"async\" width=\"467\" height=\"554\" src=\"https:\/\/www.ssaver.gob.mx\/riesgos-sanitarios\/wp-content\/uploads\/sites\/16\/2026\/01\/logo-2.png\" alt=\"\" class=\"wp-image-5121\" style=\"aspect-ratio:0.842990342990343;width:185px;height:auto\" srcset=\"https:\/\/www.ssaver.gob.mx\/riesgos-sanitarios\/wp-content\/uploads\/sites\/16\/2026\/01\/logo-2.png 467w, https:\/\/www.ssaver.gob.mx\/riesgos-sanitarios\/wp-content\/uploads\/sites\/16\/2026\/01\/logo-2-253x300.png 253w\" sizes=\"auto, (max-width: 467px) 100vw, 467px\" \/><\/figure>\n<\/div>\n\n\n\n<div class=\"wp-block-column is-layout-flow wp-block-column-is-layout-flow\">\n<figure class=\"wp-block-image aligncenter size-full is-resized\"><img loading=\"lazy\" decoding=\"async\" width=\"612\" height=\"612\" src=\"https:\/\/www.ssaver.gob.mx\/riesgos-sanitarios\/wp-content\/uploads\/sites\/16\/2026\/01\/istockphoto-953455882-612x612-3.jpg\" alt=\"\" class=\"wp-image-5122\" style=\"width:81px;height:auto\" srcset=\"https:\/\/www.ssaver.gob.mx\/riesgos-sanitarios\/wp-content\/uploads\/sites\/16\/2026\/01\/istockphoto-953455882-612x612-3.jpg 612w, https:\/\/www.ssaver.gob.mx\/riesgos-sanitarios\/wp-content\/uploads\/sites\/16\/2026\/01\/istockphoto-953455882-612x612-3-300x300.jpg 300w, https:\/\/www.ssaver.gob.mx\/riesgos-sanitarios\/wp-content\/uploads\/sites\/16\/2026\/01\/istockphoto-953455882-612x612-3-150x150.jpg 150w\" sizes=\"auto, (max-width: 612px) 100vw, 612px\" \/><\/figure>\n\n\n\n<p class=\"has-text-align-center has-medium-font-size\"><strong>Mapeo<\/strong><br><br>Mapeo de todos los puntos de monitoreo para analizar zonas vulnerables<\/p>\n<\/div>\n<\/div>\n\n\n\n<div style=\"height:62px\" aria-hidden=\"true\" class=\"wp-block-spacer\"><\/div>\n\n\n\n<hr class=\"wp-block-separator aligncenter has-text-color has-black-color has-alpha-channel-opacity has-black-background-color has-background\" \/>\n\n\n\n<div style=\"height:62px\" aria-hidden=\"true\" class=\"wp-block-spacer\"><\/div>\n\n\n\n<p class=\"has-medium-font-size\"><strong>Contacto:<\/strong><\/p>\n\n\n\n<figure class=\"wp-block-table is-style-stripes has-small-font-size\" style=\"padding-top:var(--wp--preset--spacing--20);padding-right:var(--wp--preset--spacing--20);padding-bottom:var(--wp--preset--spacing--20);padding-left:var(--wp--preset--spacing--20)\"><table class=\"has-background has-border-color has-colormag-color-5-border-color has-fixed-layout\" style=\"background-color:#ffffff00;border-style:solid;border-width:2px\"><tbody><tr><td><strong>Jurisdicci\u00f3n<\/strong><\/td><td><strong>Encargado SMCR:<\/strong><\/td><td><strong>Correo electr\u00f3nico:<\/strong><\/td><td class=\"has-text-align-center\" data-align=\"center\"><strong>Ver listado de Puntos de monitoreo<\/strong><\/td><\/tr><tr><td>1.<\/td><td>JULIO CESAR JU\u00c1REZ DEL ANGEL<\/td><td><a rel=\"noreferrer noopener\" href=\"mailto:jcja.jur.01@gmail.com\" target=\"_blank\">jcja.jur.01@gmail.com<\/a><\/td><td class=\"has-text-align-center\" data-align=\"center\"><a href=\"https:\/\/docs.google.com\/spreadsheets\/d\/16Y6u9si7dFL7AghgJKAh3aLkgjnyUbCiVr-R9oM-Kdk\/edit?usp=sharing\">Ir<\/a> <\/td><\/tr><tr><td>2.<\/td><td>ARQ. MAR\u00cdA LUISA DOM\u00cdNGUEZ GALVAN&nbsp;<\/td><td><a href=\"mailto:gmcg.jr.02@gmail.com\" target=\"_blank\" rel=\"noreferrer noopener\"><\/a><a href=\"mailto:arquigalvan@gmail.com\">arquigalvan@gmail.com<\/a><\/td><td class=\"has-text-align-center\" data-align=\"center\"><a href=\"https:\/\/docs.google.com\/spreadsheets\/d\/10PaHobyPuIMziD84QVnnB79QFIZAe6-Wj2PZT7BIiUg\/edit?usp=sharing\">Ir<\/a><\/td><\/tr><tr><td>3.<\/td><td>LIC. CRISTINA DUARTE CERVANTES&nbsp;<\/td><td><a href=\"mailto:monitoreoclorojs03@gmail.com\"><\/a><a href=\"mailto:criducer71@gmail.com\">criducer71@gmail.com<\/a><\/td><td class=\"has-text-align-center\" data-align=\"center\"><a href=\"https:\/\/docs.google.com\/spreadsheets\/d\/19GqWKBxyPM4UwJ4w9yb6GLAwl_pIbIAHhRbE91LaBBQ\/edit?usp=sharing\">Ir<\/a><\/td><\/tr><tr><td>4.<\/td><td>LQC. CARLO AREND MAR\u00cdN ROSAS<\/td><td><a href=\"mailto:msvd.jur.04@gmail.com\" target=\"_blank\" rel=\"noreferrer noopener\"><\/a><a href=\"mailto:carlo.arend@gmail.com\">carlo.arend@gmail.com<\/a><\/td><td class=\"has-text-align-center\" data-align=\"center\"><a href=\"https:\/\/docs.google.com\/spreadsheets\/d\/1Wgsn3iq6nk-guhJtTU4V2FJdhL7Hy05XPuwPloOPoQE\/edit?usp=sharing\">Ir<\/a><\/td><\/tr><tr><td>5.<\/td><td>MARIO PINEDA LOZANO<\/td><td><a href=\"mailto:mpljur05@gmail.com\">mpljur05@gmail.com<\/a><\/td><td class=\"has-text-align-center\" data-align=\"center\"><a href=\"https:\/\/docs.google.com\/spreadsheets\/d\/1JAFQU1sYjhKI_9_zCmHMe2M3iP4hzxfScS0d7ApIdj0\/edit?usp=sharing\">Ir<\/a><\/td><\/tr><tr><td>6.<\/td><td>LIC. RODOLFO VIDAL AMECA<\/td><td><a href=\"mailto:rva.jur.06@gmail.com\">rva.jur.06@gmail.com<\/a><\/td><td class=\"has-text-align-center\" data-align=\"center\"><a href=\"https:\/\/docs.google.com\/spreadsheets\/d\/1jgcf2Dd5HK97geeYMh_A3R-6ZbtaoIFMPK8s3b9-GY0\/edit?usp=sharing\">Ir<\/a><\/td><\/tr><tr><td>7.<\/td><td>BIOL. CARLOS VIVEROS MATAMOROS<\/td><td><a href=\"mailto:montenegromoralespatricializet@gmail.com\"><\/a><a href=\"mailto:fcviveros@gmail.com\">fcviveros@gmail.com<\/a><\/td><td class=\"has-text-align-center\" data-align=\"center\"><a href=\"https:\/\/docs.google.com\/spreadsheets\/d\/16nGeRTkUtFsE0pQq_xsiMbTQehbgE3umChkrflPzPEs\/edit?usp=sharing\">Ir<\/a><\/td><\/tr><tr><td>8.<\/td><td>ING. EDMUNDO JOS\u00c9 JUNCO GARCIA<\/td><td>m<a href=\"mailto:edmundojunco@hotmail.com\">undojunco71@gmail.com<\/a><\/td><td class=\"has-text-align-center\" data-align=\"center\"><a href=\"https:\/\/docs.google.com\/spreadsheets\/d\/1tdUHzUw8VAP3kSldvnzJGuv67thYmV3MGcCEsLtG9bg\/edit?usp=sharing\">Ir<\/a><\/td><\/tr><tr><td>9.<\/td><td>BIOL. MELANIA TELMA RODRIGUEZ ABREGO<\/td><td><a href=\"mailto:tetycamacho@gmail.com\" target=\"_blank\" rel=\"noreferrer noopener\"><\/a><a href=\"mailto:richilu@hotmail.com\" target=\"_blank\" rel=\"noreferrer noopener\"><\/a><a href=\"mailto:Mtra.jur.09@gmail.com\">Mtra.jur.09@gmail.com<\/a><\/td><td class=\"has-text-align-center\" data-align=\"center\"><a href=\"https:\/\/docs.google.com\/spreadsheets\/d\/1FX6fo_aXY3FHq3iA4Z71IMRI4aNX94uiR5b5vgC3eS4\/edit?usp=sharing\">Ir<\/a><\/td><\/tr><tr><td>10.<\/td><td>ING.&nbsp; IRWING OMAR ANOTA CHIPOL<\/td><td><a href=\"mailto:oanchi1582@hotmail.com\">oanchi1582@hotmail.com<\/a><\/td><td class=\"has-text-align-center\" data-align=\"center\"><a href=\"https:\/\/docs.google.com\/spreadsheets\/d\/1zsOP8lA5rOBfie7JLpnNXgyyLoPc-hUYFHV83Onnggw\/edit?gid=0#gid=0\">Ir<\/a><\/td><\/tr><tr><td>11.<\/td><td>ING. CARLOS JAVIER ARTEAGA RUIZ<\/td><td><a href=\"mailto:alejandrina_claudia@hotmail.com\" target=\"_blank\" rel=\"noreferrer noopener\">regulacionsanitariaxi@gmail.com<\/a><\/td><td class=\"has-text-align-center\" data-align=\"center\"><a href=\"https:\/\/docs.google.com\/spreadsheets\/d\/1ygfe0Zt5fALA_0wfvkYPQbBQLchgzgqTt0RdtLH4r78\/edit?usp=sharing\">Ir<\/a><\/td><\/tr><\/tbody><\/table><\/figure>\n\n\n\n<p data-wp-context---core-fit-text=\"core\/fit-text::{&quot;fontSize&quot;:&quot;&quot;}\" data-wp-init---core-fit-text=\"core\/fit-text::callbacks.init\" data-wp-interactive data-wp-style--font-size=\"core\/fit-text::context.fontSize\" class=\"has-fit-text has-colormag-color-6-color has-text-color has-link-color wp-elements-671e760b34e375e655d362ba10d3a217\"><strong>Los puntos de monitoreo se pueden esta tabla, s\u00f3lo d\u00e9 cl\u00edc en el boton \u00abIr\u00bb<\/strong>&nbsp;<strong>correspodiente<\/strong><\/p>\n","protected":false},"excerpt":{"rendered":"<p>Objetivo General: Vigilar la calidad sanitaria del agua para uso y consumo humano que es suministrada por los sistemas formales<\/p>\n","protected":false},"author":17,"featured_media":0,"parent":0,"menu_order":0,"comment_status":"closed","ping_status":"closed","template":"","meta":{"colormag_page_container_layout":"default_layout","colormag_page_sidebar_layout":"default_layout","footnotes":""},"class_list":["post-617","page","type-page","status-publish","hentry"],"_links":{"self":[{"href":"https:\/\/www.ssaver.gob.mx\/riesgos-sanitarios\/wp-json\/wp\/v2\/pages\/617","targetHints":{"allow":["GET"]}}],"collection":[{"href":"https:\/\/www.ssaver.gob.mx\/riesgos-sanitarios\/wp-json\/wp\/v2\/pages"}],"about":[{"href":"https:\/\/www.ssaver.gob.mx\/riesgos-sanitarios\/wp-json\/wp\/v2\/types\/page"}],"author":[{"embeddable":true,"href":"https:\/\/www.ssaver.gob.mx\/riesgos-sanitarios\/wp-json\/wp\/v2\/users\/17"}],"replies":[{"embeddable":true,"href":"https:\/\/www.ssaver.gob.mx\/riesgos-sanitarios\/wp-json\/wp\/v2\/comments?post=617"}],"version-history":[{"count":224,"href":"https:\/\/www.ssaver.gob.mx\/riesgos-sanitarios\/wp-json\/wp\/v2\/pages\/617\/revisions"}],"predecessor-version":[{"id":5299,"href":"https:\/\/www.ssaver.gob.mx\/riesgos-sanitarios\/wp-json\/wp\/v2\/pages\/617\/revisions\/5299"}],"wp:attachment":[{"href":"https:\/\/www.ssaver.gob.mx\/riesgos-sanitarios\/wp-json\/wp\/v2\/media?parent=617"}],"curies":[{"name":"wp","href":"https:\/\/api.w.org\/{rel}","templated":true}]}}