{"id":1160,"date":"2025-03-13T18:04:52","date_gmt":"2025-03-14T00:04:52","guid":{"rendered":"https:\/\/www.ssaver.gob.mx\/salud-publica\/?page_id=1160"},"modified":"2026-03-27T10:59:15","modified_gmt":"2026-03-27T16:59:15","slug":"vih-cero-discriminacion","status":"publish","type":"page","link":"https:\/\/www.ssaver.gob.mx\/salud-publica\/vih-cero-discriminacion\/","title":{"rendered":"VIH &#8211; Cero discriminaci\u00f3n"},"content":{"rendered":"\n<div class=\"wp-block-group is-layout-constrained wp-container-core-group-is-layout-9517baca wp-block-group-is-layout-constrained\">\n<div class=\"wp-block-columns is-layout-flex wp-container-core-columns-is-layout-28f84493 wp-block-columns-is-layout-flex\">\n<div class=\"wp-block-column is-layout-flow wp-block-column-is-layout-flow\" style=\"flex-basis:100%\">\n<figure class=\"wp-block-image aligncenter size-large is-resized is-style-default\"><img loading=\"lazy\" decoding=\"async\" width=\"1024\" height=\"1024\" src=\"https:\/\/www.ssaver.gob.mx\/salud-publica\/wp-content\/uploads\/sites\/42\/2025\/03\/Publicaciones-discriminacion-VIH-06_Mesa-de-trabajo-1-1024x1024.jpg\" alt=\"\" class=\"wp-image-1162\" style=\"width:776px;height:auto\" srcset=\"https:\/\/www.ssaver.gob.mx\/salud-publica\/wp-content\/uploads\/sites\/42\/2025\/03\/Publicaciones-discriminacion-VIH-06_Mesa-de-trabajo-1-1024x1024.jpg 1024w, https:\/\/www.ssaver.gob.mx\/salud-publica\/wp-content\/uploads\/sites\/42\/2025\/03\/Publicaciones-discriminacion-VIH-06_Mesa-de-trabajo-1-300x300.jpg 300w, https:\/\/www.ssaver.gob.mx\/salud-publica\/wp-content\/uploads\/sites\/42\/2025\/03\/Publicaciones-discriminacion-VIH-06_Mesa-de-trabajo-1-150x150.jpg 150w, https:\/\/www.ssaver.gob.mx\/salud-publica\/wp-content\/uploads\/sites\/42\/2025\/03\/Publicaciones-discriminacion-VIH-06_Mesa-de-trabajo-1-768x768.jpg 768w, https:\/\/www.ssaver.gob.mx\/salud-publica\/wp-content\/uploads\/sites\/42\/2025\/03\/Publicaciones-discriminacion-VIH-06_Mesa-de-trabajo-1-1536x1536.jpg 1536w, https:\/\/www.ssaver.gob.mx\/salud-publica\/wp-content\/uploads\/sites\/42\/2025\/03\/Publicaciones-discriminacion-VIH-06_Mesa-de-trabajo-1-2048x2048.jpg 2048w, https:\/\/www.ssaver.gob.mx\/salud-publica\/wp-content\/uploads\/sites\/42\/2025\/03\/Publicaciones-discriminacion-VIH-06_Mesa-de-trabajo-1-215x215.jpg 215w\" sizes=\"auto, (max-width: 1024px) 100vw, 1024px\" \/><\/figure>\n\n\n\n<p>Proteger del estigma a las personas seropositivas (aquellas que viven con VIH) es fundamental por varias razones:<\/p>\n\n\n\n<ol class=\"wp-block-list\">\n<li><strong>Derechos Humanos y Dignidad<\/strong>: Todas las personas merecen respeto y trato justo, independientemente de su estado de salud. El estigma puede llevar a discriminaci\u00f3n en el trabajo, la educaci\u00f3n y la vida social.<\/li>\n\n\n\n<li><strong>Acceso a Tratamiento y Salud<\/strong>: El miedo al rechazo puede hacer que muchas personas eviten hacerse la prueba del VIH o recibir tratamiento, lo que pone en riesgo su salud y la de los dem\u00e1s.<\/li>\n\n\n\n<li><strong>Bienestar Emocional y Mental<\/strong>: El estigma puede generar depresi\u00f3n, ansiedad y aislamiento social en las personas seropositivas, afectando su calidad de vida y su adherencia al tratamiento.<\/li>\n\n\n\n<li><strong>Prevenci\u00f3n y Conciencia P\u00fablica<\/strong>: Romper el estigma ayuda a difundir informaci\u00f3n real sobre el VIH, combatiendo mitos y promoviendo medidas de prevenci\u00f3n efectivas.<\/li>\n\n\n\n<li><strong>Reducci\u00f3n de la Transmisi\u00f3n<\/strong>: Las personas que reciben apoyo y tratamiento tienen una carga viral indetectable, lo que significa que no pueden transmitir el virus. Disminuir el estigma facilita el acceso a la atenci\u00f3n m\u00e9dica y ayuda a frenar la propagaci\u00f3n del VIH.<\/li>\n<\/ol>\n\n\n\n<p>Combatir el estigma es clave para construir una sociedad m\u00e1s justa, informada y saludable para todos.<\/p>\n\n\n\n<figure class=\"wp-block-video\"><video height=\"720\" style=\"aspect-ratio: 1280 \/ 720;\" width=\"1280\" controls src=\"https:\/\/www.ssaver.gob.mx\/salud-publica\/wp-content\/uploads\/sites\/42\/2026\/01\/VIDEO_VIH.mp4\"><\/video><\/figure>\n\n\n\n<hr class=\"wp-block-separator has-alpha-channel-opacity\" \/>\n\n\n\n<figure class=\"wp-block-image aligncenter size-large\"><img loading=\"lazy\" decoding=\"async\" width=\"1024\" height=\"1024\" src=\"https:\/\/www.ssaver.gob.mx\/salud-publica\/wp-content\/uploads\/sites\/42\/2025\/03\/Publicaciones-discriminacion-VIH-05_Mesa-de-trabajo-1-1024x1024.jpg\" alt=\"\" class=\"wp-image-1165\" srcset=\"https:\/\/www.ssaver.gob.mx\/salud-publica\/wp-content\/uploads\/sites\/42\/2025\/03\/Publicaciones-discriminacion-VIH-05_Mesa-de-trabajo-1-1024x1024.jpg 1024w, https:\/\/www.ssaver.gob.mx\/salud-publica\/wp-content\/uploads\/sites\/42\/2025\/03\/Publicaciones-discriminacion-VIH-05_Mesa-de-trabajo-1-300x300.jpg 300w, https:\/\/www.ssaver.gob.mx\/salud-publica\/wp-content\/uploads\/sites\/42\/2025\/03\/Publicaciones-discriminacion-VIH-05_Mesa-de-trabajo-1-150x150.jpg 150w, https:\/\/www.ssaver.gob.mx\/salud-publica\/wp-content\/uploads\/sites\/42\/2025\/03\/Publicaciones-discriminacion-VIH-05_Mesa-de-trabajo-1-768x768.jpg 768w, https:\/\/www.ssaver.gob.mx\/salud-publica\/wp-content\/uploads\/sites\/42\/2025\/03\/Publicaciones-discriminacion-VIH-05_Mesa-de-trabajo-1-1536x1536.jpg 1536w, https:\/\/www.ssaver.gob.mx\/salud-publica\/wp-content\/uploads\/sites\/42\/2025\/03\/Publicaciones-discriminacion-VIH-05_Mesa-de-trabajo-1-2048x2048.jpg 2048w, https:\/\/www.ssaver.gob.mx\/salud-publica\/wp-content\/uploads\/sites\/42\/2025\/03\/Publicaciones-discriminacion-VIH-05_Mesa-de-trabajo-1-215x215.jpg 215w\" sizes=\"auto, (max-width: 1024px) 100vw, 1024px\" \/><\/figure>\n\n\n\n<figure class=\"wp-block-image aligncenter size-large\"><img loading=\"lazy\" decoding=\"async\" width=\"1024\" height=\"1024\" src=\"https:\/\/www.ssaver.gob.mx\/salud-publica\/wp-content\/uploads\/sites\/42\/2025\/03\/Publicaciones-discriminacion-VIH-07_Mesa-de-trabajo-1-1024x1024.jpg\" alt=\"\" class=\"wp-image-1166\" srcset=\"https:\/\/www.ssaver.gob.mx\/salud-publica\/wp-content\/uploads\/sites\/42\/2025\/03\/Publicaciones-discriminacion-VIH-07_Mesa-de-trabajo-1-1024x1024.jpg 1024w, https:\/\/www.ssaver.gob.mx\/salud-publica\/wp-content\/uploads\/sites\/42\/2025\/03\/Publicaciones-discriminacion-VIH-07_Mesa-de-trabajo-1-300x300.jpg 300w, https:\/\/www.ssaver.gob.mx\/salud-publica\/wp-content\/uploads\/sites\/42\/2025\/03\/Publicaciones-discriminacion-VIH-07_Mesa-de-trabajo-1-150x150.jpg 150w, https:\/\/www.ssaver.gob.mx\/salud-publica\/wp-content\/uploads\/sites\/42\/2025\/03\/Publicaciones-discriminacion-VIH-07_Mesa-de-trabajo-1-768x768.jpg 768w, https:\/\/www.ssaver.gob.mx\/salud-publica\/wp-content\/uploads\/sites\/42\/2025\/03\/Publicaciones-discriminacion-VIH-07_Mesa-de-trabajo-1-1536x1536.jpg 1536w, https:\/\/www.ssaver.gob.mx\/salud-publica\/wp-content\/uploads\/sites\/42\/2025\/03\/Publicaciones-discriminacion-VIH-07_Mesa-de-trabajo-1-2048x2048.jpg 2048w, https:\/\/www.ssaver.gob.mx\/salud-publica\/wp-content\/uploads\/sites\/42\/2025\/03\/Publicaciones-discriminacion-VIH-07_Mesa-de-trabajo-1-215x215.jpg 215w\" sizes=\"auto, (max-width: 1024px) 100vw, 1024px\" \/><\/figure>\n\n\n\n<figure class=\"wp-block-image aligncenter size-large\"><img loading=\"lazy\" decoding=\"async\" width=\"1024\" height=\"1024\" src=\"https:\/\/www.ssaver.gob.mx\/salud-publica\/wp-content\/uploads\/sites\/42\/2025\/03\/Publicaciones-discriminacion-VIH-01_Mesa-de-trabajo-1-1024x1024.jpg\" alt=\"\" class=\"wp-image-1167\" srcset=\"https:\/\/www.ssaver.gob.mx\/salud-publica\/wp-content\/uploads\/sites\/42\/2025\/03\/Publicaciones-discriminacion-VIH-01_Mesa-de-trabajo-1-1024x1024.jpg 1024w, https:\/\/www.ssaver.gob.mx\/salud-publica\/wp-content\/uploads\/sites\/42\/2025\/03\/Publicaciones-discriminacion-VIH-01_Mesa-de-trabajo-1-300x300.jpg 300w, https:\/\/www.ssaver.gob.mx\/salud-publica\/wp-content\/uploads\/sites\/42\/2025\/03\/Publicaciones-discriminacion-VIH-01_Mesa-de-trabajo-1-150x150.jpg 150w, https:\/\/www.ssaver.gob.mx\/salud-publica\/wp-content\/uploads\/sites\/42\/2025\/03\/Publicaciones-discriminacion-VIH-01_Mesa-de-trabajo-1-768x768.jpg 768w, https:\/\/www.ssaver.gob.mx\/salud-publica\/wp-content\/uploads\/sites\/42\/2025\/03\/Publicaciones-discriminacion-VIH-01_Mesa-de-trabajo-1-1536x1536.jpg 1536w, https:\/\/www.ssaver.gob.mx\/salud-publica\/wp-content\/uploads\/sites\/42\/2025\/03\/Publicaciones-discriminacion-VIH-01_Mesa-de-trabajo-1-2048x2048.jpg 2048w, https:\/\/www.ssaver.gob.mx\/salud-publica\/wp-content\/uploads\/sites\/42\/2025\/03\/Publicaciones-discriminacion-VIH-01_Mesa-de-trabajo-1-215x215.jpg 215w\" sizes=\"auto, (max-width: 1024px) 100vw, 1024px\" \/><\/figure>\n\n\n\n<figure class=\"wp-block-image aligncenter size-large\"><img loading=\"lazy\" decoding=\"async\" width=\"1024\" height=\"1024\" src=\"https:\/\/www.ssaver.gob.mx\/salud-publica\/wp-content\/uploads\/sites\/42\/2025\/03\/Publicaciones-discriminacion-VIH-03_Mesa-de-trabajo-1-1024x1024.jpg\" alt=\"\" class=\"wp-image-1168\" srcset=\"https:\/\/www.ssaver.gob.mx\/salud-publica\/wp-content\/uploads\/sites\/42\/2025\/03\/Publicaciones-discriminacion-VIH-03_Mesa-de-trabajo-1-1024x1024.jpg 1024w, https:\/\/www.ssaver.gob.mx\/salud-publica\/wp-content\/uploads\/sites\/42\/2025\/03\/Publicaciones-discriminacion-VIH-03_Mesa-de-trabajo-1-300x300.jpg 300w, https:\/\/www.ssaver.gob.mx\/salud-publica\/wp-content\/uploads\/sites\/42\/2025\/03\/Publicaciones-discriminacion-VIH-03_Mesa-de-trabajo-1-150x150.jpg 150w, https:\/\/www.ssaver.gob.mx\/salud-publica\/wp-content\/uploads\/sites\/42\/2025\/03\/Publicaciones-discriminacion-VIH-03_Mesa-de-trabajo-1-768x768.jpg 768w, https:\/\/www.ssaver.gob.mx\/salud-publica\/wp-content\/uploads\/sites\/42\/2025\/03\/Publicaciones-discriminacion-VIH-03_Mesa-de-trabajo-1-1536x1536.jpg 1536w, https:\/\/www.ssaver.gob.mx\/salud-publica\/wp-content\/uploads\/sites\/42\/2025\/03\/Publicaciones-discriminacion-VIH-03_Mesa-de-trabajo-1-2048x2048.jpg 2048w, https:\/\/www.ssaver.gob.mx\/salud-publica\/wp-content\/uploads\/sites\/42\/2025\/03\/Publicaciones-discriminacion-VIH-03_Mesa-de-trabajo-1-215x215.jpg 215w\" sizes=\"auto, (max-width: 1024px) 100vw, 1024px\" \/><\/figure>\n\n\n\n<figure class=\"wp-block-image aligncenter size-large is-resized\"><img loading=\"lazy\" decoding=\"async\" width=\"1024\" height=\"566\" src=\"https:\/\/www.ssaver.gob.mx\/salud-publica\/wp-content\/uploads\/sites\/42\/2025\/05\/ICONOS-MICROSITIO_dig-08-1024x566.png\" alt=\"\" class=\"wp-image-1452\" style=\"width:382px;height:auto\" srcset=\"https:\/\/www.ssaver.gob.mx\/salud-publica\/wp-content\/uploads\/sites\/42\/2025\/05\/ICONOS-MICROSITIO_dig-08-1024x566.png 1024w, https:\/\/www.ssaver.gob.mx\/salud-publica\/wp-content\/uploads\/sites\/42\/2025\/05\/ICONOS-MICROSITIO_dig-08-300x166.png 300w, https:\/\/www.ssaver.gob.mx\/salud-publica\/wp-content\/uploads\/sites\/42\/2025\/05\/ICONOS-MICROSITIO_dig-08-768x424.png 768w, https:\/\/www.ssaver.gob.mx\/salud-publica\/wp-content\/uploads\/sites\/42\/2025\/05\/ICONOS-MICROSITIO_dig-08-1536x849.png 1536w, https:\/\/www.ssaver.gob.mx\/salud-publica\/wp-content\/uploads\/sites\/42\/2025\/05\/ICONOS-MICROSITIO_dig-08-2048x1132.png 2048w\" sizes=\"auto, (max-width: 1024px) 100vw, 1024px\" \/><\/figure>\n\n\n\n<hr class=\"wp-block-separator has-alpha-channel-opacity\" style=\"margin-top:var(--wp--preset--spacing--40);margin-bottom:var(--wp--preset--spacing--40)\" \/>\n\n\n\n<div class=\"wp-block-columns is-layout-flex wp-container-core-columns-is-layout-28f84493 wp-block-columns-is-layout-flex\">\n<div class=\"wp-block-column is-layout-flow wp-block-column-is-layout-flow\">\n<div data-wp-interactive=\"core\/file\" class=\"wp-block-file\"><object data-wp-bind--hidden=\"!state.hasPdfPreview\" hidden class=\"wp-block-file__embed\" data=\"https:\/\/www.ssaver.gob.mx\/salud-publica\/wp-content\/uploads\/sites\/42\/2025\/11\/DIA-MUNDIAL-DE-LA-SALUD-SEXUAL-2024_SESVER.pdf\" type=\"application\/pdf\" style=\"width:100%;height:600px\" aria-label=\"Incrustado de DIA MUNDIAL DE LA SALUD SEXUAL 2024_SESVER.\"><\/object><a id=\"wp-block-file--media-119cc958-6133-4094-b531-a8a736ea9e3e\" href=\"https:\/\/www.ssaver.gob.mx\/salud-publica\/wp-content\/uploads\/sites\/42\/2025\/11\/DIA-MUNDIAL-DE-LA-SALUD-SEXUAL-2024_SESVER.pdf\">DIA MUNDIAL DE LA SALUD SEXUAL 2024_SESVER<\/a><a href=\"https:\/\/www.ssaver.gob.mx\/salud-publica\/wp-content\/uploads\/sites\/42\/2025\/11\/DIA-MUNDIAL-DE-LA-SALUD-SEXUAL-2024_SESVER.pdf\" class=\"wp-block-file__button wp-element-button\" download aria-describedby=\"wp-block-file--media-119cc958-6133-4094-b531-a8a736ea9e3e\">Descarga<\/a><\/div>\n<\/div>\n\n\n\n<div class=\"wp-block-column is-layout-flow wp-block-column-is-layout-flow\">\n<div data-wp-interactive=\"core\/file\" class=\"wp-block-file\"><object data-wp-bind--hidden=\"!state.hasPdfPreview\" hidden class=\"wp-block-file__embed\" data=\"https:\/\/www.ssaver.gob.mx\/salud-publica\/wp-content\/uploads\/sites\/42\/2025\/11\/VIH_SESVER.pdf\" type=\"application\/pdf\" style=\"width:100%;height:600px\" aria-label=\"Incrustado de VIH_SESVER.\"><\/object><a id=\"wp-block-file--media-07f0c99e-88d1-43e3-b0e3-3152ade3866d\" href=\"https:\/\/www.ssaver.gob.mx\/salud-publica\/wp-content\/uploads\/sites\/42\/2025\/11\/VIH_SESVER.pdf\">VIH_SESVER<\/a><a href=\"https:\/\/www.ssaver.gob.mx\/salud-publica\/wp-content\/uploads\/sites\/42\/2025\/11\/VIH_SESVER.pdf\" class=\"wp-block-file__button wp-element-button\" download aria-describedby=\"wp-block-file--media-07f0c99e-88d1-43e3-b0e3-3152ade3866d\">Descarga<\/a><\/div>\n<\/div>\n<\/div>\n\n\n\n<hr class=\"wp-block-separator has-alpha-channel-opacity\" style=\"margin-top:var(--wp--preset--spacing--40);margin-bottom:var(--wp--preset--spacing--40)\" \/>\n\n\n\n<div class=\"wp-block-columns is-layout-flex wp-container-core-columns-is-layout-28f84493 wp-block-columns-is-layout-flex\">\n<div class=\"wp-block-column is-layout-flow wp-block-column-is-layout-flow\">\n<div data-wp-interactive=\"core\/file\" class=\"wp-block-file\"><object data-wp-bind--hidden=\"!state.hasPdfPreview\" hidden class=\"wp-block-file__embed\" data=\"https:\/\/www.ssaver.gob.mx\/salud-publica\/wp-content\/uploads\/sites\/42\/2025\/11\/La-PrEP-puede-ser-para-ti_SESVER.pdf\" type=\"application\/pdf\" style=\"width:100%;height:600px\" aria-label=\"Incrustado de La PrEP puede ser para ti_SESVER.\"><\/object><a id=\"wp-block-file--media-9b982eb0-3712-42d9-8158-e45f48eaf5c3\" href=\"https:\/\/www.ssaver.gob.mx\/salud-publica\/wp-content\/uploads\/sites\/42\/2025\/11\/La-PrEP-puede-ser-para-ti_SESVER.pdf\">La PrEP puede ser para ti_SESVER<\/a><a href=\"https:\/\/www.ssaver.gob.mx\/salud-publica\/wp-content\/uploads\/sites\/42\/2025\/11\/La-PrEP-puede-ser-para-ti_SESVER.pdf\" class=\"wp-block-file__button wp-element-button\" download aria-describedby=\"wp-block-file--media-9b982eb0-3712-42d9-8158-e45f48eaf5c3\">Descarga<\/a><\/div>\n<\/div>\n\n\n\n<div class=\"wp-block-column is-layout-flow wp-block-column-is-layout-flow\">\n<div data-wp-interactive=\"core\/file\" class=\"wp-block-file\"><object data-wp-bind--hidden=\"!state.hasPdfPreview\" hidden class=\"wp-block-file__embed\" data=\"https:\/\/www.ssaver.gob.mx\/salud-publica\/wp-content\/uploads\/sites\/42\/2025\/11\/PEP_SESVER.pdf\" type=\"application\/pdf\" style=\"width:100%;height:600px\" aria-label=\"Incrustado de PEP_SESVER.\"><\/object><a id=\"wp-block-file--media-43d8918d-3e44-4633-b8f0-cc2cf995114f\" href=\"https:\/\/www.ssaver.gob.mx\/salud-publica\/wp-content\/uploads\/sites\/42\/2025\/11\/PEP_SESVER.pdf\">PEP_SESVER<\/a><a href=\"https:\/\/www.ssaver.gob.mx\/salud-publica\/wp-content\/uploads\/sites\/42\/2025\/11\/PEP_SESVER.pdf\" class=\"wp-block-file__button wp-element-button\" download aria-describedby=\"wp-block-file--media-43d8918d-3e44-4633-b8f0-cc2cf995114f\">Descarga<\/a><\/div>\n<\/div>\n<\/div>\n\n\n\n<hr class=\"wp-block-separator has-alpha-channel-opacity\" style=\"margin-top:var(--wp--preset--spacing--40);margin-bottom:var(--wp--preset--spacing--40)\" \/>\n\n\n\n<div data-wp-interactive=\"core\/file\" class=\"wp-block-file\"><object data-wp-bind--hidden=\"!state.hasPdfPreview\" hidden class=\"wp-block-file__embed\" data=\"https:\/\/www.ssaver.gob.mx\/salud-publica\/wp-content\/uploads\/sites\/42\/2025\/11\/POSTER-LUBRICANTE.pdf\" type=\"application\/pdf\" style=\"width:100%;height:600px\" aria-label=\"Incrustado de POSTER LUBRICANTE.\"><\/object><a id=\"wp-block-file--media-18b21f61-7a0c-4d66-9ace-068c6fa519a0\" href=\"https:\/\/www.ssaver.gob.mx\/salud-publica\/wp-content\/uploads\/sites\/42\/2025\/11\/POSTER-LUBRICANTE.pdf\">POSTER LUBRICANTE<\/a><a href=\"https:\/\/www.ssaver.gob.mx\/salud-publica\/wp-content\/uploads\/sites\/42\/2025\/11\/POSTER-LUBRICANTE.pdf\" class=\"wp-block-file__button wp-element-button\" download aria-describedby=\"wp-block-file--media-18b21f61-7a0c-4d66-9ace-068c6fa519a0\">Descarga<\/a><\/div>\n\n\n\n<hr class=\"wp-block-separator has-alpha-channel-opacity\" style=\"margin-top:var(--wp--preset--spacing--40);margin-bottom:var(--wp--preset--spacing--40)\" \/>\n\n\n\n<div data-wp-interactive=\"core\/file\" class=\"wp-block-file\"><object data-wp-bind--hidden=\"!state.hasPdfPreview\" hidden class=\"wp-block-file__embed\" data=\"https:\/\/www.ssaver.gob.mx\/salud-publica\/wp-content\/uploads\/sites\/42\/2025\/12\/VIH2_SESVER.pdf\" type=\"application\/pdf\" style=\"width:100%;height:600px\" aria-label=\"Incrustado de VIH(2)_SESVER.\"><\/object><a id=\"wp-block-file--media-456a4e36-d9d8-49ee-be4d-f3b4049d305e\" href=\"https:\/\/www.ssaver.gob.mx\/salud-publica\/wp-content\/uploads\/sites\/42\/2025\/12\/VIH2_SESVER.pdf\">VIH(2)_SESVER<\/a><a href=\"https:\/\/www.ssaver.gob.mx\/salud-publica\/wp-content\/uploads\/sites\/42\/2025\/12\/VIH2_SESVER.pdf\" class=\"wp-block-file__button wp-element-button\" download aria-describedby=\"wp-block-file--media-456a4e36-d9d8-49ee-be4d-f3b4049d305e\">Descarga<\/a><\/div>\n\n\n\n<hr class=\"wp-block-separator has-alpha-channel-opacity\" style=\"margin-top:var(--wp--preset--spacing--40);margin-bottom:var(--wp--preset--spacing--40)\" \/>\n\n\n\n<div data-wp-interactive=\"core\/file\" class=\"wp-block-file\"><object data-wp-bind--hidden=\"!state.hasPdfPreview\" hidden class=\"wp-block-file__embed\" data=\"https:\/\/www.ssaver.gob.mx\/salud-publica\/wp-content\/uploads\/sites\/42\/2025\/12\/ITS_SESVER.pdf\" type=\"application\/pdf\" style=\"width:100%;height:600px\" aria-label=\"Incrustado de ITS_SESVER.\"><\/object><a id=\"wp-block-file--media-bbca64e4-2b51-4e27-98c6-63992fcdc278\" href=\"https:\/\/www.ssaver.gob.mx\/salud-publica\/wp-content\/uploads\/sites\/42\/2025\/12\/ITS_SESVER.pdf\">ITS_SESVER<\/a><a href=\"https:\/\/www.ssaver.gob.mx\/salud-publica\/wp-content\/uploads\/sites\/42\/2025\/12\/ITS_SESVER.pdf\" class=\"wp-block-file__button wp-element-button\" download aria-describedby=\"wp-block-file--media-bbca64e4-2b51-4e27-98c6-63992fcdc278\">Descarga<\/a><\/div>\n\n\n\n<hr class=\"wp-block-separator has-text-color has-colormag-color-6-color has-alpha-channel-opacity has-colormag-color-6-background-color has-background is-style-wide\" \/>\n\n\n\n<p class=\"has-text-color has-link-color has-x-large-font-size wp-elements-3c22a2ea11abbd29129da4addc066bb8\" style=\"color:#bf8242;margin-top:var(--wp--preset--spacing--60);margin-right:0;margin-bottom:var(--wp--preset--spacing--60);margin-left:0\">D\u00eda Internacional del Cond\u00f3n <\/p>\n\n\n\n<figure class=\"wp-block-image size-large\"><img loading=\"lazy\" decoding=\"async\" width=\"1024\" height=\"819\" src=\"https:\/\/www.ssaver.gob.mx\/salud-publica\/wp-content\/uploads\/sites\/42\/2026\/02\/Condon-Plecas-02-1024x819.png\" alt=\"\" class=\"wp-image-1694\" srcset=\"https:\/\/www.ssaver.gob.mx\/salud-publica\/wp-content\/uploads\/sites\/42\/2026\/02\/Condon-Plecas-02-1024x819.png 1024w, https:\/\/www.ssaver.gob.mx\/salud-publica\/wp-content\/uploads\/sites\/42\/2026\/02\/Condon-Plecas-02-300x240.png 300w, https:\/\/www.ssaver.gob.mx\/salud-publica\/wp-content\/uploads\/sites\/42\/2026\/02\/Condon-Plecas-02-768x614.png 768w, https:\/\/www.ssaver.gob.mx\/salud-publica\/wp-content\/uploads\/sites\/42\/2026\/02\/Condon-Plecas-02-1536x1229.png 1536w, https:\/\/www.ssaver.gob.mx\/salud-publica\/wp-content\/uploads\/sites\/42\/2026\/02\/Condon-Plecas-02-2048x1638.png 2048w\" sizes=\"auto, (max-width: 1024px) 100vw, 1024px\" \/><\/figure>\n\n\n\n<hr class=\"wp-block-separator has-alpha-channel-opacity\" \/>\n\n\n\n<p class=\"has-medium-font-size\">El 13 de febrero se celebra el D\u00eda Internacional del Cond\u00f3n, una oportunidad para recordar que su uso correcto y constante es una de las formas m\u00e1s efectivas, accesibles y econ\u00f3micas de prevenir el VIH, otras infecciones de transmisi\u00f3n sexual (ITS) y embarazos no planeados.<\/p>\n\n\n\n<p class=\"has-colormag-color-6-color has-text-color has-link-color has-small-font-size wp-elements-f079e6813a7e1af5c25b32de63563601\">#D\u00edaInternacionalDelCond\u00f3n2026<\/p>\n\n\n\n<hr class=\"wp-block-separator has-alpha-channel-opacity\" \/>\n\n\n\n<figure class=\"wp-block-gallery has-nested-images columns-default is-cropped wp-block-gallery-1 is-layout-flex wp-block-gallery-is-layout-flex\">\n<figure class=\"wp-block-image size-large has-custom-border\" style=\"margin-top:0;margin-bottom:0\"><img loading=\"lazy\" decoding=\"async\" width=\"1024\" height=\"819\" data-id=\"1697\" src=\"https:\/\/www.ssaver.gob.mx\/salud-publica\/wp-content\/uploads\/sites\/42\/2026\/02\/Condon-Plecas-04-1024x819.png\" alt=\"\" class=\"wp-image-1697\" style=\"border-top-left-radius:0px;border-top-right-radius:0px;border-bottom-left-radius:0px;border-bottom-right-radius:0px\" srcset=\"https:\/\/www.ssaver.gob.mx\/salud-publica\/wp-content\/uploads\/sites\/42\/2026\/02\/Condon-Plecas-04-1024x819.png 1024w, https:\/\/www.ssaver.gob.mx\/salud-publica\/wp-content\/uploads\/sites\/42\/2026\/02\/Condon-Plecas-04-300x240.png 300w, https:\/\/www.ssaver.gob.mx\/salud-publica\/wp-content\/uploads\/sites\/42\/2026\/02\/Condon-Plecas-04-768x614.png 768w, https:\/\/www.ssaver.gob.mx\/salud-publica\/wp-content\/uploads\/sites\/42\/2026\/02\/Condon-Plecas-04-1536x1229.png 1536w, https:\/\/www.ssaver.gob.mx\/salud-publica\/wp-content\/uploads\/sites\/42\/2026\/02\/Condon-Plecas-04-2048x1638.png 2048w\" sizes=\"auto, (max-width: 1024px) 100vw, 1024px\" \/><\/figure>\n\n\n\n<figure class=\"wp-block-image size-large\"><img loading=\"lazy\" decoding=\"async\" width=\"1024\" height=\"819\" data-id=\"1696\" src=\"https:\/\/www.ssaver.gob.mx\/salud-publica\/wp-content\/uploads\/sites\/42\/2026\/02\/Condon-Plecas-03-1-1024x819.png\" alt=\"\" class=\"wp-image-1696\" srcset=\"https:\/\/www.ssaver.gob.mx\/salud-publica\/wp-content\/uploads\/sites\/42\/2026\/02\/Condon-Plecas-03-1-1024x819.png 1024w, https:\/\/www.ssaver.gob.mx\/salud-publica\/wp-content\/uploads\/sites\/42\/2026\/02\/Condon-Plecas-03-1-300x240.png 300w, https:\/\/www.ssaver.gob.mx\/salud-publica\/wp-content\/uploads\/sites\/42\/2026\/02\/Condon-Plecas-03-1-768x614.png 768w, https:\/\/www.ssaver.gob.mx\/salud-publica\/wp-content\/uploads\/sites\/42\/2026\/02\/Condon-Plecas-03-1-1536x1229.png 1536w, https:\/\/www.ssaver.gob.mx\/salud-publica\/wp-content\/uploads\/sites\/42\/2026\/02\/Condon-Plecas-03-1-2048x1638.png 2048w\" sizes=\"auto, (max-width: 1024px) 100vw, 1024px\" \/><\/figure>\n<\/figure>\n\n\n\n<hr class=\"wp-block-separator has-alpha-channel-opacity\" \/>\n\n\n\n<figure class=\"wp-block-image aligncenter size-large\"><img loading=\"lazy\" decoding=\"async\" width=\"1024\" height=\"1024\" src=\"https:\/\/www.ssaver.gob.mx\/salud-publica\/wp-content\/uploads\/sites\/42\/2026\/02\/Condon-Plecas-05-1024x1024.png\" alt=\"\" class=\"wp-image-1698\" srcset=\"https:\/\/www.ssaver.gob.mx\/salud-publica\/wp-content\/uploads\/sites\/42\/2026\/02\/Condon-Plecas-05-1024x1024.png 1024w, https:\/\/www.ssaver.gob.mx\/salud-publica\/wp-content\/uploads\/sites\/42\/2026\/02\/Condon-Plecas-05-300x300.png 300w, https:\/\/www.ssaver.gob.mx\/salud-publica\/wp-content\/uploads\/sites\/42\/2026\/02\/Condon-Plecas-05-150x150.png 150w, https:\/\/www.ssaver.gob.mx\/salud-publica\/wp-content\/uploads\/sites\/42\/2026\/02\/Condon-Plecas-05-768x768.png 768w, https:\/\/www.ssaver.gob.mx\/salud-publica\/wp-content\/uploads\/sites\/42\/2026\/02\/Condon-Plecas-05-1536x1536.png 1536w, https:\/\/www.ssaver.gob.mx\/salud-publica\/wp-content\/uploads\/sites\/42\/2026\/02\/Condon-Plecas-05.png 1688w\" sizes=\"auto, (max-width: 1024px) 100vw, 1024px\" \/><\/figure>\n\n\n\n<hr class=\"wp-block-separator has-alpha-channel-opacity\" \/>\n\n\n\n<p class=\"has-medium-font-size\">Conmemorar el D\u00eda Internacional del Cond\u00f3n implica no solo promover su uso, sino tambi\u00e9n reforzar mensajes de educaci\u00f3n sexual integral, basados en evidencia cient\u00edfica y derechos humanos.<\/p>\n\n\n\n<p class=\"has-colormag-color-6-color has-text-color has-link-color has-small-font-size wp-elements-5aa168eeee30c3ee4553bbd8ccabd11a\">#PrimeroCond\u00f3n<\/p>\n\n\n\n<hr class=\"wp-block-separator has-alpha-channel-opacity\" \/>\n\n\n\n<figure class=\"wp-block-image size-large\"><img loading=\"lazy\" decoding=\"async\" width=\"1024\" height=\"819\" src=\"https:\/\/www.ssaver.gob.mx\/salud-publica\/wp-content\/uploads\/sites\/42\/2026\/02\/Condon-Plecas-09-1024x819.png\" alt=\"\" class=\"wp-image-1701\" srcset=\"https:\/\/www.ssaver.gob.mx\/salud-publica\/wp-content\/uploads\/sites\/42\/2026\/02\/Condon-Plecas-09-1024x819.png 1024w, https:\/\/www.ssaver.gob.mx\/salud-publica\/wp-content\/uploads\/sites\/42\/2026\/02\/Condon-Plecas-09-300x240.png 300w, https:\/\/www.ssaver.gob.mx\/salud-publica\/wp-content\/uploads\/sites\/42\/2026\/02\/Condon-Plecas-09-768x614.png 768w, https:\/\/www.ssaver.gob.mx\/salud-publica\/wp-content\/uploads\/sites\/42\/2026\/02\/Condon-Plecas-09-1536x1229.png 1536w, https:\/\/www.ssaver.gob.mx\/salud-publica\/wp-content\/uploads\/sites\/42\/2026\/02\/Condon-Plecas-09-2048x1638.png 2048w\" sizes=\"auto, (max-width: 1024px) 100vw, 1024px\" \/><\/figure>\n\n\n\n<hr class=\"wp-block-separator has-alpha-channel-opacity\" \/>\n\n\n\n<p class=\"has-medium-font-size\">Usar cond\u00f3n, ya sea externo o interno, es la \u00fanica opci\u00f3n que ofrece protecci\u00f3n simult\u00e1nea contra el VIH, otras ITS y embarazos no planeados, ayudando a cuidar tu salud y la de tu pareja.<\/p>\n\n\n\n<p class=\"has-colormag-color-6-color has-text-color has-link-color has-small-font-size wp-elements-8b80dcdfcb43410c38b49791188e27fd\">#D\u00edaInternacionalDelCond\u00f3n2026 #PrimeroCond\u00f3n<\/p>\n\n\n\n<hr class=\"wp-block-separator has-alpha-channel-opacity\" \/>\n\n\n\n<figure class=\"wp-block-gallery has-nested-images columns-default is-cropped wp-block-gallery-2 is-layout-flex wp-block-gallery-is-layout-flex\">\n<figure class=\"wp-block-image size-large\"><img loading=\"lazy\" decoding=\"async\" width=\"1024\" height=\"1024\" data-id=\"1704\" src=\"https:\/\/www.ssaver.gob.mx\/salud-publica\/wp-content\/uploads\/sites\/42\/2026\/02\/Condon-Plecas-11-1024x1024.png\" alt=\"\" class=\"wp-image-1704\" srcset=\"https:\/\/www.ssaver.gob.mx\/salud-publica\/wp-content\/uploads\/sites\/42\/2026\/02\/Condon-Plecas-11-1024x1024.png 1024w, https:\/\/www.ssaver.gob.mx\/salud-publica\/wp-content\/uploads\/sites\/42\/2026\/02\/Condon-Plecas-11-300x300.png 300w, https:\/\/www.ssaver.gob.mx\/salud-publica\/wp-content\/uploads\/sites\/42\/2026\/02\/Condon-Plecas-11-150x150.png 150w, https:\/\/www.ssaver.gob.mx\/salud-publica\/wp-content\/uploads\/sites\/42\/2026\/02\/Condon-Plecas-11-768x768.png 768w, https:\/\/www.ssaver.gob.mx\/salud-publica\/wp-content\/uploads\/sites\/42\/2026\/02\/Condon-Plecas-11-1536x1536.png 1536w, https:\/\/www.ssaver.gob.mx\/salud-publica\/wp-content\/uploads\/sites\/42\/2026\/02\/Condon-Plecas-11.png 1688w\" sizes=\"auto, (max-width: 1024px) 100vw, 1024px\" \/><\/figure>\n\n\n\n<figure class=\"wp-block-image size-large\"><img loading=\"lazy\" decoding=\"async\" width=\"1024\" height=\"1024\" data-id=\"1703\" src=\"https:\/\/www.ssaver.gob.mx\/salud-publica\/wp-content\/uploads\/sites\/42\/2026\/02\/Condon-Plecas-10-1024x1024.png\" alt=\"\" class=\"wp-image-1703\" srcset=\"https:\/\/www.ssaver.gob.mx\/salud-publica\/wp-content\/uploads\/sites\/42\/2026\/02\/Condon-Plecas-10-1024x1024.png 1024w, https:\/\/www.ssaver.gob.mx\/salud-publica\/wp-content\/uploads\/sites\/42\/2026\/02\/Condon-Plecas-10-300x300.png 300w, https:\/\/www.ssaver.gob.mx\/salud-publica\/wp-content\/uploads\/sites\/42\/2026\/02\/Condon-Plecas-10-150x150.png 150w, https:\/\/www.ssaver.gob.mx\/salud-publica\/wp-content\/uploads\/sites\/42\/2026\/02\/Condon-Plecas-10-768x768.png 768w, https:\/\/www.ssaver.gob.mx\/salud-publica\/wp-content\/uploads\/sites\/42\/2026\/02\/Condon-Plecas-10-1536x1536.png 1536w, https:\/\/www.ssaver.gob.mx\/salud-publica\/wp-content\/uploads\/sites\/42\/2026\/02\/Condon-Plecas-10.png 1688w\" sizes=\"auto, (max-width: 1024px) 100vw, 1024px\" \/><\/figure>\n<\/figure>\n<\/div>\n<\/div>\n<\/div>\n","protected":false},"excerpt":{"rendered":"<p>Proteger del estigma a las personas seropositivas (aquellas que viven con VIH) es fundamental por varias razones: Combatir el estigma<\/p>\n","protected":false},"author":50,"featured_media":0,"parent":0,"menu_order":0,"comment_status":"closed","ping_status":"closed","template":"","meta":{"colormag_page_container_layout":"default_layout","colormag_page_sidebar_layout":"default_layout","footnotes":""},"class_list":["post-1160","page","type-page","status-publish","hentry"],"_links":{"self":[{"href":"https:\/\/www.ssaver.gob.mx\/salud-publica\/wp-json\/wp\/v2\/pages\/1160","targetHints":{"allow":["GET"]}}],"collection":[{"href":"https:\/\/www.ssaver.gob.mx\/salud-publica\/wp-json\/wp\/v2\/pages"}],"about":[{"href":"https:\/\/www.ssaver.gob.mx\/salud-publica\/wp-json\/wp\/v2\/types\/page"}],"author":[{"embeddable":true,"href":"https:\/\/www.ssaver.gob.mx\/salud-publica\/wp-json\/wp\/v2\/users\/50"}],"replies":[{"embeddable":true,"href":"https:\/\/www.ssaver.gob.mx\/salud-publica\/wp-json\/wp\/v2\/comments?post=1160"}],"version-history":[{"count":11,"href":"https:\/\/www.ssaver.gob.mx\/salud-publica\/wp-json\/wp\/v2\/pages\/1160\/revisions"}],"predecessor-version":[{"id":1754,"href":"https:\/\/www.ssaver.gob.mx\/salud-publica\/wp-json\/wp\/v2\/pages\/1160\/revisions\/1754"}],"wp:attachment":[{"href":"https:\/\/www.ssaver.gob.mx\/salud-publica\/wp-json\/wp\/v2\/media?parent=1160"}],"curies":[{"name":"wp","href":"https:\/\/api.w.org\/{rel}","templated":true}]}}