{"id":1285,"date":"2025-03-19T17:24:20","date_gmt":"2025-03-19T23:24:20","guid":{"rendered":"https:\/\/www.ssaver.gob.mx\/salud-publica\/?page_id=1285"},"modified":"2026-03-27T10:57:03","modified_gmt":"2026-03-27T16:57:03","slug":"vacunacion","status":"publish","type":"page","link":"https:\/\/www.ssaver.gob.mx\/salud-publica\/vacunacion\/","title":{"rendered":"Vacunaci\u00f3n"},"content":{"rendered":"\n<div class=\"wp-block-group is-layout-constrained wp-container-core-group-is-layout-9517baca wp-block-group-is-layout-constrained\">\n<div class=\"wp-block-columns is-layout-flex wp-container-core-columns-is-layout-28f84493 wp-block-columns-is-layout-flex\">\n<div class=\"wp-block-column is-layout-flow wp-block-column-is-layout-flow\" style=\"flex-basis:100%\">\n<p class=\"has-white-color has-text-color has-background has-link-color has-medium-font-size wp-elements-c63b6eda5875ca956f2cabe6d8a5bce4\" style=\"background-color:#801338\">SR y SRP (<strong>sarampi\u00f3n, rub\u00e9ola y parotiditis)<\/strong><\/p>\n\n\n\n<figure class=\"wp-block-video aligncenter\"><video height=\"1080\" style=\"aspect-ratio: 1920 \/ 1080;\" width=\"1920\" controls src=\"https:\/\/www.ssaver.gob.mx\/salud-publica\/wp-content\/uploads\/sites\/42\/2025\/03\/Video-sarampion-\u00bfque-es-el-sarampion.mp4\"><\/video><\/figure>\n\n\n\n<div style=\"height:36px\" aria-hidden=\"true\" class=\"wp-block-spacer\"><\/div>\n\n\n\n<h3 class=\"wp-block-heading has-text-color has-link-color has-large-font-size wp-elements-b4221c5f271b6349a4a60c1d242db37e\" style=\"color:#bd9558\"><strong>\u00bfQu\u00e9 es?<\/strong><\/h3>\n\n\n\n<p class=\"has-medium-font-size\">El <strong>sarampi\u00f3n<\/strong> es una enfermedad viral altamente contagiosa causada por el virus del sarampi\u00f3n, un paramixovirus que se transmite a trav\u00e9s de got\u00edculas respiratorias cuando una persona infectada tose o estornuda.<\/p>\n\n\n\n<h3 class=\"wp-block-heading has-text-color has-link-color has-large-font-size wp-elements-0b43277e5d42e37078908469e0985221\" style=\"color:#bd9558\"><strong>S\u00edntomas principales<\/strong><\/h3>\n\n\n\n<p class=\"has-medium-font-size\">Los s\u00edntomas aparecen entre 7 y 14 d\u00edas despu\u00e9s de la exposici\u00f3n e incluyen:<\/p>\n\n\n\n<ul class=\"wp-block-list\">\n<li class=\"has-medium-font-size\"><strong>Fiebre alta<\/strong> (puede superar los 40 \u00b0C).<\/li>\n\n\n\n<li class=\"has-medium-font-size\"><strong>Erupci\u00f3n cut\u00e1nea<\/strong> que comienza en la cara y se extiende por el cuerpo.<\/li>\n\n\n\n<li class=\"has-medium-font-size\"><strong>Tos seca<\/strong>.<\/li>\n\n\n\n<li class=\"has-medium-font-size\"><strong>Congesti\u00f3n nasal<\/strong>.<\/li>\n\n\n\n<li class=\"has-medium-font-size\"><strong>Ojos rojos e irritados (conjuntivitis)<\/strong>.<\/li>\n\n\n\n<li class=\"has-medium-font-size\"><strong>Manchas de Koplik<\/strong> (peque\u00f1as manchas blancas dentro de la boca, t\u00edpicas del sarampi\u00f3n).<\/li>\n<\/ul>\n\n\n\n<h3 class=\"wp-block-heading has-text-color has-link-color has-large-font-size wp-elements-7392d574413afe130cdcc99fd973dbac\" style=\"color:#bd9558\"><strong>Complicaciones posibles<\/strong><\/h3>\n\n\n\n<p class=\"has-medium-font-size\">Aunque suele resolverse sin problemas, el sarampi\u00f3n puede causar complicaciones graves, como neumon\u00eda, encefalitis o incluso la muerte, especialmente en ni\u00f1os peque\u00f1os y personas con sistemas inmunol\u00f3gicos debilitados.<\/p>\n\n\n\n<h3 class=\"wp-block-heading has-text-color has-link-color has-large-font-size wp-elements-3ad096e596d869ffe81d11f31c1733c6\" style=\"color:#bd9558\"><strong>Prevenci\u00f3n<\/strong><\/h3>\n\n\n\n<p class=\"has-medium-font-size\">La mejor forma de prevenir el sarampi\u00f3n es la <strong>vacuna triple v\u00edrica (SRP)<\/strong>, que protege contra <strong>sarampi\u00f3n, rub\u00e9ola y paperas<\/strong>. Esta vacuna es segura y altamente efectiva.<\/p>\n\n\n\n<figure class=\"wp-block-video\"><video height=\"1080\" style=\"aspect-ratio: 1920 \/ 1080;\" width=\"1920\" controls src=\"https:\/\/www.ssaver.gob.mx\/salud-publica\/wp-content\/uploads\/sites\/42\/2025\/03\/Video-sarampion-sintomas-1.mp4\"><\/video><\/figure>\n\n\n\n<div style=\"height:36px\" aria-hidden=\"true\" class=\"wp-block-spacer\"><\/div>\n\n\n\n<figure class=\"wp-block-image aligncenter size-large is-resized\"><img loading=\"lazy\" decoding=\"async\" width=\"734\" height=\"1024\" src=\"https:\/\/www.ssaver.gob.mx\/salud-publica\/wp-content\/uploads\/sites\/42\/2025\/03\/sarampion-02-734x1024.jpg\" alt=\"\" class=\"wp-image-1270\" style=\"width:731px;height:auto\" srcset=\"https:\/\/www.ssaver.gob.mx\/salud-publica\/wp-content\/uploads\/sites\/42\/2025\/03\/sarampion-02-734x1024.jpg 734w, https:\/\/www.ssaver.gob.mx\/salud-publica\/wp-content\/uploads\/sites\/42\/2025\/03\/sarampion-02-215x300.jpg 215w, https:\/\/www.ssaver.gob.mx\/salud-publica\/wp-content\/uploads\/sites\/42\/2025\/03\/sarampion-02-768x1072.jpg 768w, https:\/\/www.ssaver.gob.mx\/salud-publica\/wp-content\/uploads\/sites\/42\/2025\/03\/sarampion-02-1101x1536.jpg 1101w, https:\/\/www.ssaver.gob.mx\/salud-publica\/wp-content\/uploads\/sites\/42\/2025\/03\/sarampion-02-1468x2048.jpg 1468w, https:\/\/www.ssaver.gob.mx\/salud-publica\/wp-content\/uploads\/sites\/42\/2025\/03\/sarampion-02-scaled.jpg 1835w\" sizes=\"auto, (max-width: 734px) 100vw, 734px\" \/><\/figure>\n\n\n\n<figure class=\"wp-block-gallery has-nested-images columns-default is-cropped wp-block-gallery-1 is-layout-flex wp-block-gallery-is-layout-flex\">\n<figure class=\"wp-block-image size-large\"><img loading=\"lazy\" decoding=\"async\" width=\"1024\" height=\"576\" data-id=\"1491\" src=\"https:\/\/www.ssaver.gob.mx\/salud-publica\/wp-content\/uploads\/sites\/42\/2025\/07\/SARAMPION_JULIO-2025-05-1024x576.jpg\" alt=\"\" class=\"wp-image-1491\" srcset=\"https:\/\/www.ssaver.gob.mx\/salud-publica\/wp-content\/uploads\/sites\/42\/2025\/07\/SARAMPION_JULIO-2025-05-1024x576.jpg 1024w, https:\/\/www.ssaver.gob.mx\/salud-publica\/wp-content\/uploads\/sites\/42\/2025\/07\/SARAMPION_JULIO-2025-05-300x169.jpg 300w, https:\/\/www.ssaver.gob.mx\/salud-publica\/wp-content\/uploads\/sites\/42\/2025\/07\/SARAMPION_JULIO-2025-05-768x432.jpg 768w, https:\/\/www.ssaver.gob.mx\/salud-publica\/wp-content\/uploads\/sites\/42\/2025\/07\/SARAMPION_JULIO-2025-05-1536x864.jpg 1536w, https:\/\/www.ssaver.gob.mx\/salud-publica\/wp-content\/uploads\/sites\/42\/2025\/07\/SARAMPION_JULIO-2025-05-2048x1152.jpg 2048w\" sizes=\"auto, (max-width: 1024px) 100vw, 1024px\" \/><\/figure>\n\n\n\n<figure class=\"wp-block-image size-large\"><img loading=\"lazy\" decoding=\"async\" width=\"1024\" height=\"576\" data-id=\"1492\" src=\"https:\/\/www.ssaver.gob.mx\/salud-publica\/wp-content\/uploads\/sites\/42\/2025\/07\/SARAMPION_JULIO-2025-10-1024x576.jpg\" alt=\"\" class=\"wp-image-1492\" srcset=\"https:\/\/www.ssaver.gob.mx\/salud-publica\/wp-content\/uploads\/sites\/42\/2025\/07\/SARAMPION_JULIO-2025-10-1024x576.jpg 1024w, https:\/\/www.ssaver.gob.mx\/salud-publica\/wp-content\/uploads\/sites\/42\/2025\/07\/SARAMPION_JULIO-2025-10-300x169.jpg 300w, https:\/\/www.ssaver.gob.mx\/salud-publica\/wp-content\/uploads\/sites\/42\/2025\/07\/SARAMPION_JULIO-2025-10-768x432.jpg 768w, https:\/\/www.ssaver.gob.mx\/salud-publica\/wp-content\/uploads\/sites\/42\/2025\/07\/SARAMPION_JULIO-2025-10-1536x864.jpg 1536w, https:\/\/www.ssaver.gob.mx\/salud-publica\/wp-content\/uploads\/sites\/42\/2025\/07\/SARAMPION_JULIO-2025-10-2048x1152.jpg 2048w\" sizes=\"auto, (max-width: 1024px) 100vw, 1024px\" \/><\/figure>\n<\/figure>\n\n\n\n<hr class=\"wp-block-separator has-text-color has-alpha-channel-opacity has-background is-style-wide\" style=\"background-color:#a32445;color:#a32445\" \/>\n\n\n\n<p class=\"has-text-align-center has-text-color has-link-color has-x-large-font-size wp-elements-cbb00ab5bc8cc4cca2b0c6231158e79e\" style=\"color:#bd9558\"><strong>\u00a1Las vacunas salvan vidas!<\/strong><\/p>\n\n\n\n<figure class=\"wp-block-image aligncenter size-large is-resized\"><img loading=\"lazy\" decoding=\"async\" width=\"734\" height=\"1024\" src=\"https:\/\/www.ssaver.gob.mx\/salud-publica\/wp-content\/uploads\/sites\/42\/2025\/03\/sarampion-03-734x1024.jpg\" alt=\"\" class=\"wp-image-1275\" style=\"width:639px;height:auto\" srcset=\"https:\/\/www.ssaver.gob.mx\/salud-publica\/wp-content\/uploads\/sites\/42\/2025\/03\/sarampion-03-734x1024.jpg 734w, https:\/\/www.ssaver.gob.mx\/salud-publica\/wp-content\/uploads\/sites\/42\/2025\/03\/sarampion-03-215x300.jpg 215w, https:\/\/www.ssaver.gob.mx\/salud-publica\/wp-content\/uploads\/sites\/42\/2025\/03\/sarampion-03-768x1072.jpg 768w, https:\/\/www.ssaver.gob.mx\/salud-publica\/wp-content\/uploads\/sites\/42\/2025\/03\/sarampion-03-1101x1536.jpg 1101w, https:\/\/www.ssaver.gob.mx\/salud-publica\/wp-content\/uploads\/sites\/42\/2025\/03\/sarampion-03-1468x2048.jpg 1468w, https:\/\/www.ssaver.gob.mx\/salud-publica\/wp-content\/uploads\/sites\/42\/2025\/03\/sarampion-03-scaled.jpg 1835w\" sizes=\"auto, (max-width: 734px) 100vw, 734px\" \/><\/figure>\n\n\n\n<p class=\"has-text-color has-link-color has-x-large-font-size wp-elements-4286d7cccabb54b86e9cd159d337cfa7\" style=\"color:#bd9558\"><strong>\u00bfC\u00f3mo funciona una vacuna?<\/strong><\/p>\n\n\n\n<p class=\"has-medium-font-size\">Funcionan entrenando al sistema inmunol\u00f3gico para reconocer y combatir un pat\u00f3geno (como un virus o una bacteria) antes de que cause una infecci\u00f3n grave. Esto se logra introduciendo en el cuerpo una forma inofensiva del pat\u00f3geno o partes de \u00e9l, lo que desencadena una respuesta inmunitaria sin causar la enfermedad.<\/p>\n\n\n\n<figure class=\"wp-block-image aligncenter size-large\"><img loading=\"lazy\" decoding=\"async\" width=\"734\" height=\"1024\" src=\"https:\/\/www.ssaver.gob.mx\/salud-publica\/wp-content\/uploads\/sites\/42\/2025\/03\/sarampion-01-734x1024.jpg\" alt=\"\" class=\"wp-image-1281\" srcset=\"https:\/\/www.ssaver.gob.mx\/salud-publica\/wp-content\/uploads\/sites\/42\/2025\/03\/sarampion-01-734x1024.jpg 734w, https:\/\/www.ssaver.gob.mx\/salud-publica\/wp-content\/uploads\/sites\/42\/2025\/03\/sarampion-01-215x300.jpg 215w, https:\/\/www.ssaver.gob.mx\/salud-publica\/wp-content\/uploads\/sites\/42\/2025\/03\/sarampion-01-768x1072.jpg 768w, https:\/\/www.ssaver.gob.mx\/salud-publica\/wp-content\/uploads\/sites\/42\/2025\/03\/sarampion-01-1101x1536.jpg 1101w, https:\/\/www.ssaver.gob.mx\/salud-publica\/wp-content\/uploads\/sites\/42\/2025\/03\/sarampion-01-1468x2048.jpg 1468w, https:\/\/www.ssaver.gob.mx\/salud-publica\/wp-content\/uploads\/sites\/42\/2025\/03\/sarampion-01-scaled.jpg 1835w\" sizes=\"auto, (max-width: 734px) 100vw, 734px\" \/><\/figure>\n\n\n\n<figure class=\"wp-block-gallery has-nested-images columns-default is-cropped wp-block-gallery-2 is-layout-flex wp-block-gallery-is-layout-flex\">\n<figure class=\"wp-block-image aligncenter size-large\"><img loading=\"lazy\" decoding=\"async\" width=\"819\" height=\"1024\" data-id=\"1493\" src=\"https:\/\/www.ssaver.gob.mx\/salud-publica\/wp-content\/uploads\/sites\/42\/2025\/07\/BlogSarampion-14-819x1024.jpg\" alt=\"\" class=\"wp-image-1493\" srcset=\"https:\/\/www.ssaver.gob.mx\/salud-publica\/wp-content\/uploads\/sites\/42\/2025\/07\/BlogSarampion-14-819x1024.jpg 819w, https:\/\/www.ssaver.gob.mx\/salud-publica\/wp-content\/uploads\/sites\/42\/2025\/07\/BlogSarampion-14-240x300.jpg 240w, https:\/\/www.ssaver.gob.mx\/salud-publica\/wp-content\/uploads\/sites\/42\/2025\/07\/BlogSarampion-14-768x960.jpg 768w, https:\/\/www.ssaver.gob.mx\/salud-publica\/wp-content\/uploads\/sites\/42\/2025\/07\/BlogSarampion-14-1229x1536.jpg 1229w, https:\/\/www.ssaver.gob.mx\/salud-publica\/wp-content\/uploads\/sites\/42\/2025\/07\/BlogSarampion-14-1638x2048.jpg 1638w, https:\/\/www.ssaver.gob.mx\/salud-publica\/wp-content\/uploads\/sites\/42\/2025\/07\/BlogSarampion-14-scaled.jpg 2048w\" sizes=\"auto, (max-width: 819px) 100vw, 819px\" \/><\/figure>\n<\/figure>\n\n\n\n<p><\/p>\n\n\n\n<hr class=\"wp-block-separator has-text-color has-alpha-channel-opacity has-background is-style-wide\" style=\"background-color:#a32445;color:#a32445\" \/>\n\n\n\n<p class=\"has-white-color has-text-color has-background has-link-color has-medium-font-size wp-elements-da753d1eea356f0988876231ee85c490\" style=\"background-color:#801338\">Hexavalente, Pentavalente y DPT <strong>(Tosferina, T\u00e9tanos y Difteria)<\/strong><\/p>\n\n\n\n<figure class=\"wp-block-gallery has-nested-images columns-default is-cropped wp-block-gallery-3 is-layout-flex wp-block-gallery-is-layout-flex\">\n<figure class=\"wp-block-image size-large\"><img loading=\"lazy\" decoding=\"async\" width=\"1024\" height=\"1024\" data-id=\"1321\" src=\"https:\/\/www.ssaver.gob.mx\/salud-publica\/wp-content\/uploads\/sites\/42\/2025\/03\/Vacuna-DPT-01-1024x1024.jpg\" alt=\"\" class=\"wp-image-1321\" srcset=\"https:\/\/www.ssaver.gob.mx\/salud-publica\/wp-content\/uploads\/sites\/42\/2025\/03\/Vacuna-DPT-01-1024x1024.jpg 1024w, https:\/\/www.ssaver.gob.mx\/salud-publica\/wp-content\/uploads\/sites\/42\/2025\/03\/Vacuna-DPT-01-300x300.jpg 300w, https:\/\/www.ssaver.gob.mx\/salud-publica\/wp-content\/uploads\/sites\/42\/2025\/03\/Vacuna-DPT-01-150x150.jpg 150w, https:\/\/www.ssaver.gob.mx\/salud-publica\/wp-content\/uploads\/sites\/42\/2025\/03\/Vacuna-DPT-01-768x768.jpg 768w, https:\/\/www.ssaver.gob.mx\/salud-publica\/wp-content\/uploads\/sites\/42\/2025\/03\/Vacuna-DPT-01-1536x1536.jpg 1536w, https:\/\/www.ssaver.gob.mx\/salud-publica\/wp-content\/uploads\/sites\/42\/2025\/03\/Vacuna-DPT-01-215x215.jpg 215w, https:\/\/www.ssaver.gob.mx\/salud-publica\/wp-content\/uploads\/sites\/42\/2025\/03\/Vacuna-DPT-01.jpg 1891w\" sizes=\"auto, (max-width: 1024px) 100vw, 1024px\" \/><\/figure>\n\n\n\n<figure class=\"wp-block-image size-large\"><img loading=\"lazy\" decoding=\"async\" width=\"1024\" height=\"1024\" data-id=\"1322\" src=\"https:\/\/www.ssaver.gob.mx\/salud-publica\/wp-content\/uploads\/sites\/42\/2025\/03\/Vacuna-DPT-02-1024x1024.jpg\" alt=\"\" class=\"wp-image-1322\" srcset=\"https:\/\/www.ssaver.gob.mx\/salud-publica\/wp-content\/uploads\/sites\/42\/2025\/03\/Vacuna-DPT-02-1024x1024.jpg 1024w, https:\/\/www.ssaver.gob.mx\/salud-publica\/wp-content\/uploads\/sites\/42\/2025\/03\/Vacuna-DPT-02-300x300.jpg 300w, https:\/\/www.ssaver.gob.mx\/salud-publica\/wp-content\/uploads\/sites\/42\/2025\/03\/Vacuna-DPT-02-150x150.jpg 150w, https:\/\/www.ssaver.gob.mx\/salud-publica\/wp-content\/uploads\/sites\/42\/2025\/03\/Vacuna-DPT-02-768x768.jpg 768w, https:\/\/www.ssaver.gob.mx\/salud-publica\/wp-content\/uploads\/sites\/42\/2025\/03\/Vacuna-DPT-02-1536x1536.jpg 1536w, https:\/\/www.ssaver.gob.mx\/salud-publica\/wp-content\/uploads\/sites\/42\/2025\/03\/Vacuna-DPT-02-215x215.jpg 215w, https:\/\/www.ssaver.gob.mx\/salud-publica\/wp-content\/uploads\/sites\/42\/2025\/03\/Vacuna-DPT-02.jpg 1891w\" sizes=\"auto, (max-width: 1024px) 100vw, 1024px\" \/><\/figure>\n<\/figure>\n\n\n\n<figure class=\"wp-block-image aligncenter size-large is-resized\"><img loading=\"lazy\" decoding=\"async\" width=\"993\" height=\"1024\" src=\"https:\/\/www.ssaver.gob.mx\/salud-publica\/wp-content\/uploads\/sites\/42\/2025\/03\/Vacunacion-general-05-993x1024.jpg\" alt=\"\" class=\"wp-image-1325\" style=\"width:1092px;height:auto\" srcset=\"https:\/\/www.ssaver.gob.mx\/salud-publica\/wp-content\/uploads\/sites\/42\/2025\/03\/Vacunacion-general-05-993x1024.jpg 993w, https:\/\/www.ssaver.gob.mx\/salud-publica\/wp-content\/uploads\/sites\/42\/2025\/03\/Vacunacion-general-05-291x300.jpg 291w, https:\/\/www.ssaver.gob.mx\/salud-publica\/wp-content\/uploads\/sites\/42\/2025\/03\/Vacunacion-general-05-768x792.jpg 768w, https:\/\/www.ssaver.gob.mx\/salud-publica\/wp-content\/uploads\/sites\/42\/2025\/03\/Vacunacion-general-05-1490x1536.jpg 1490w, https:\/\/www.ssaver.gob.mx\/salud-publica\/wp-content\/uploads\/sites\/42\/2025\/03\/Vacunacion-general-05-1986x2048.jpg 1986w\" sizes=\"auto, (max-width: 993px) 100vw, 993px\" \/><\/figure>\n\n\n\n<figure class=\"wp-block-video\"><video height=\"1080\" style=\"aspect-ratio: 1920 \/ 1080;\" width=\"1920\" controls src=\"https:\/\/www.ssaver.gob.mx\/salud-publica\/wp-content\/uploads\/sites\/42\/2025\/03\/video-tosferina-cortinillia.mp4\"><\/video><\/figure>\n\n\n\n<p class=\"has-text-color has-link-color has-large-font-size wp-elements-393e1b067ac84a1841bfa485caa772d1\" style=\"color:#bd9558\"><strong>\u00bfQu\u00e9 es la Tosferina?<\/strong><\/p>\n\n\n\n<p class=\"has-medium-font-size\">La <strong>tosferina<\/strong> es una infecci\u00f3n respiratoria altamente contagiosa causada por la bacteria <em>Bordetella pertussis<\/em>. Se caracteriza por episodios de tos intensa y persistente, a menudo seguidos de un sonido agudo al inhalar (el \u00abgallo\u00bb caracter\u00edstico).<\/p>\n\n\n\n<h3 class=\"wp-block-heading has-text-color has-link-color has-large-font-size wp-elements-90245b58d9290fb79133c43f2779e16a\" style=\"color:#bd9558\"><strong>S\u00edntomas<\/strong><\/h3>\n\n\n\n<p class=\"has-medium-font-size\">La enfermedad pasa por varias fases:<\/p>\n\n\n\n<ol class=\"wp-block-list\">\n<li class=\"has-medium-font-size\"><strong>Fase catarral<\/strong> (1-2 semanas): s\u00edntomas leves similares a un resfriado, como moqueo, estornudos y fiebre leve.<\/li>\n\n\n\n<li class=\"has-medium-font-size\"><strong>Fase parox\u00edstica<\/strong> (2-6 semanas): ataques de tos severos, dificultad para respirar, v\u00f3mitos despu\u00e9s de toser y sonido agudo al inhalar.<\/li>\n\n\n\n<li class=\"has-medium-font-size\"><strong>Fase de convalecencia<\/strong> (semanas o meses): la tos disminuye gradualmente.<\/li>\n<\/ol>\n\n\n\n<figure class=\"wp-block-image size-large\"><img loading=\"lazy\" decoding=\"async\" width=\"1024\" height=\"576\" src=\"https:\/\/www.ssaver.gob.mx\/salud-publica\/wp-content\/uploads\/sites\/42\/2025\/03\/Vacuna-HEXAVALENTE-04-1024x576.jpg\" alt=\"\" class=\"wp-image-1324\" srcset=\"https:\/\/www.ssaver.gob.mx\/salud-publica\/wp-content\/uploads\/sites\/42\/2025\/03\/Vacuna-HEXAVALENTE-04-1024x576.jpg 1024w, https:\/\/www.ssaver.gob.mx\/salud-publica\/wp-content\/uploads\/sites\/42\/2025\/03\/Vacuna-HEXAVALENTE-04-300x169.jpg 300w, https:\/\/www.ssaver.gob.mx\/salud-publica\/wp-content\/uploads\/sites\/42\/2025\/03\/Vacuna-HEXAVALENTE-04-768x432.jpg 768w, https:\/\/www.ssaver.gob.mx\/salud-publica\/wp-content\/uploads\/sites\/42\/2025\/03\/Vacuna-HEXAVALENTE-04-1536x864.jpg 1536w, https:\/\/www.ssaver.gob.mx\/salud-publica\/wp-content\/uploads\/sites\/42\/2025\/03\/Vacuna-HEXAVALENTE-04-2048x1151.jpg 2048w\" sizes=\"auto, (max-width: 1024px) 100vw, 1024px\" \/><\/figure>\n\n\n\n<h3 class=\"wp-block-heading has-text-color has-link-color has-large-font-size wp-elements-c6dbc9342d0ca1dc6ff62d7c1cff301e\" style=\"color:#bd9558\"><strong>Contagio y Prevenci\u00f3n<\/strong><\/h3>\n\n\n\n<p class=\"has-medium-font-size\">Se transmite por gotas de saliva al toser o estornudar. La mejor forma de prevenirla es la <strong>vacunaci\u00f3n<\/strong> (DTPa en ni\u00f1os y Tdpa en adolescentes y adultos).<\/p>\n\n\n\n<p class=\"has-medium-font-size\">En beb\u00e9s, puede ser grave y llevar a complicaciones como neumon\u00eda o da\u00f1o cerebral. Por eso, se recomienda la vacunaci\u00f3n de embarazadas y personas en contacto con lactantes.<\/p>\n\n\n\n<figure class=\"wp-block-gallery has-nested-images columns-default is-cropped wp-block-gallery-4 is-layout-flex wp-block-gallery-is-layout-flex\">\n<figure class=\"wp-block-image size-large\"><img loading=\"lazy\" decoding=\"async\" width=\"993\" height=\"1024\" data-id=\"1327\" src=\"https:\/\/www.ssaver.gob.mx\/salud-publica\/wp-content\/uploads\/sites\/42\/2025\/03\/Vacunacion-general-01-1-993x1024.jpg\" alt=\"\" class=\"wp-image-1327\" srcset=\"https:\/\/www.ssaver.gob.mx\/salud-publica\/wp-content\/uploads\/sites\/42\/2025\/03\/Vacunacion-general-01-1-993x1024.jpg 993w, https:\/\/www.ssaver.gob.mx\/salud-publica\/wp-content\/uploads\/sites\/42\/2025\/03\/Vacunacion-general-01-1-291x300.jpg 291w, https:\/\/www.ssaver.gob.mx\/salud-publica\/wp-content\/uploads\/sites\/42\/2025\/03\/Vacunacion-general-01-1-768x792.jpg 768w, https:\/\/www.ssaver.gob.mx\/salud-publica\/wp-content\/uploads\/sites\/42\/2025\/03\/Vacunacion-general-01-1-1490x1536.jpg 1490w, https:\/\/www.ssaver.gob.mx\/salud-publica\/wp-content\/uploads\/sites\/42\/2025\/03\/Vacunacion-general-01-1-1986x2048.jpg 1986w\" sizes=\"auto, (max-width: 993px) 100vw, 993px\" \/><\/figure>\n\n\n\n<figure class=\"wp-block-image size-large\"><img loading=\"lazy\" decoding=\"async\" width=\"993\" height=\"1024\" data-id=\"1328\" src=\"https:\/\/www.ssaver.gob.mx\/salud-publica\/wp-content\/uploads\/sites\/42\/2025\/03\/Vacunacion-general-04-993x1024.jpg\" alt=\"\" class=\"wp-image-1328\" srcset=\"https:\/\/www.ssaver.gob.mx\/salud-publica\/wp-content\/uploads\/sites\/42\/2025\/03\/Vacunacion-general-04-993x1024.jpg 993w, https:\/\/www.ssaver.gob.mx\/salud-publica\/wp-content\/uploads\/sites\/42\/2025\/03\/Vacunacion-general-04-291x300.jpg 291w, https:\/\/www.ssaver.gob.mx\/salud-publica\/wp-content\/uploads\/sites\/42\/2025\/03\/Vacunacion-general-04-768x792.jpg 768w, https:\/\/www.ssaver.gob.mx\/salud-publica\/wp-content\/uploads\/sites\/42\/2025\/03\/Vacunacion-general-04-1490x1536.jpg 1490w, https:\/\/www.ssaver.gob.mx\/salud-publica\/wp-content\/uploads\/sites\/42\/2025\/03\/Vacunacion-general-04-1986x2048.jpg 1986w\" sizes=\"auto, (max-width: 993px) 100vw, 993px\" \/><\/figure>\n<\/figure>\n\n\n\n<figure class=\"wp-block-image aligncenter size-large\"><img loading=\"lazy\" decoding=\"async\" width=\"993\" height=\"1024\" src=\"https:\/\/www.ssaver.gob.mx\/salud-publica\/wp-content\/uploads\/sites\/42\/2025\/03\/Vacunacion-general-06-993x1024.jpg\" alt=\"\" class=\"wp-image-1329\" srcset=\"https:\/\/www.ssaver.gob.mx\/salud-publica\/wp-content\/uploads\/sites\/42\/2025\/03\/Vacunacion-general-06-993x1024.jpg 993w, https:\/\/www.ssaver.gob.mx\/salud-publica\/wp-content\/uploads\/sites\/42\/2025\/03\/Vacunacion-general-06-291x300.jpg 291w, https:\/\/www.ssaver.gob.mx\/salud-publica\/wp-content\/uploads\/sites\/42\/2025\/03\/Vacunacion-general-06-768x792.jpg 768w, https:\/\/www.ssaver.gob.mx\/salud-publica\/wp-content\/uploads\/sites\/42\/2025\/03\/Vacunacion-general-06-1490x1536.jpg 1490w, https:\/\/www.ssaver.gob.mx\/salud-publica\/wp-content\/uploads\/sites\/42\/2025\/03\/Vacunacion-general-06-1986x2048.jpg 1986w\" sizes=\"auto, (max-width: 993px) 100vw, 993px\" \/><\/figure>\n\n\n\n<figure class=\"wp-block-image aligncenter size-large\"><img loading=\"lazy\" decoding=\"async\" width=\"1024\" height=\"576\" src=\"https:\/\/www.ssaver.gob.mx\/salud-publica\/wp-content\/uploads\/sites\/42\/2025\/03\/Vacuna-HEXAVALENTE-05-1024x576.jpg\" alt=\"\" class=\"wp-image-1330\" srcset=\"https:\/\/www.ssaver.gob.mx\/salud-publica\/wp-content\/uploads\/sites\/42\/2025\/03\/Vacuna-HEXAVALENTE-05-1024x576.jpg 1024w, https:\/\/www.ssaver.gob.mx\/salud-publica\/wp-content\/uploads\/sites\/42\/2025\/03\/Vacuna-HEXAVALENTE-05-300x169.jpg 300w, https:\/\/www.ssaver.gob.mx\/salud-publica\/wp-content\/uploads\/sites\/42\/2025\/03\/Vacuna-HEXAVALENTE-05-768x432.jpg 768w, https:\/\/www.ssaver.gob.mx\/salud-publica\/wp-content\/uploads\/sites\/42\/2025\/03\/Vacuna-HEXAVALENTE-05-1536x864.jpg 1536w, https:\/\/www.ssaver.gob.mx\/salud-publica\/wp-content\/uploads\/sites\/42\/2025\/03\/Vacuna-HEXAVALENTE-05-2048x1151.jpg 2048w\" sizes=\"auto, (max-width: 1024px) 100vw, 1024px\" \/><\/figure>\n\n\n\n<figure class=\"wp-block-image aligncenter size-large\"><img loading=\"lazy\" decoding=\"async\" width=\"1024\" height=\"576\" src=\"https:\/\/www.ssaver.gob.mx\/salud-publica\/wp-content\/uploads\/sites\/42\/2025\/03\/Vacuna-HEXAVALENTE-02-1-1024x576.jpg\" alt=\"\" class=\"wp-image-1331\" srcset=\"https:\/\/www.ssaver.gob.mx\/salud-publica\/wp-content\/uploads\/sites\/42\/2025\/03\/Vacuna-HEXAVALENTE-02-1-1024x576.jpg 1024w, https:\/\/www.ssaver.gob.mx\/salud-publica\/wp-content\/uploads\/sites\/42\/2025\/03\/Vacuna-HEXAVALENTE-02-1-300x169.jpg 300w, https:\/\/www.ssaver.gob.mx\/salud-publica\/wp-content\/uploads\/sites\/42\/2025\/03\/Vacuna-HEXAVALENTE-02-1-768x432.jpg 768w, https:\/\/www.ssaver.gob.mx\/salud-publica\/wp-content\/uploads\/sites\/42\/2025\/03\/Vacuna-HEXAVALENTE-02-1-1536x864.jpg 1536w, https:\/\/www.ssaver.gob.mx\/salud-publica\/wp-content\/uploads\/sites\/42\/2025\/03\/Vacuna-HEXAVALENTE-02-1-2048x1151.jpg 2048w\" sizes=\"auto, (max-width: 1024px) 100vw, 1024px\" \/><\/figure>\n\n\n\n<p><\/p>\n<\/div>\n<\/div>\n<\/div>\n","protected":false},"excerpt":{"rendered":"<p>SR y SRP (sarampi\u00f3n, rub\u00e9ola y parotiditis) \u00bfQu\u00e9 es? El sarampi\u00f3n es una enfermedad viral altamente contagiosa causada por el<\/p>\n","protected":false},"author":64,"featured_media":0,"parent":0,"menu_order":0,"comment_status":"closed","ping_status":"closed","template":"","meta":{"colormag_page_container_layout":"default_layout","colormag_page_sidebar_layout":"default_layout","footnotes":""},"class_list":["post-1285","page","type-page","status-publish","hentry"],"_links":{"self":[{"href":"https:\/\/www.ssaver.gob.mx\/salud-publica\/wp-json\/wp\/v2\/pages\/1285","targetHints":{"allow":["GET"]}}],"collection":[{"href":"https:\/\/www.ssaver.gob.mx\/salud-publica\/wp-json\/wp\/v2\/pages"}],"about":[{"href":"https:\/\/www.ssaver.gob.mx\/salud-publica\/wp-json\/wp\/v2\/types\/page"}],"author":[{"embeddable":true,"href":"https:\/\/www.ssaver.gob.mx\/salud-publica\/wp-json\/wp\/v2\/users\/64"}],"replies":[{"embeddable":true,"href":"https:\/\/www.ssaver.gob.mx\/salud-publica\/wp-json\/wp\/v2\/comments?post=1285"}],"version-history":[{"count":15,"href":"https:\/\/www.ssaver.gob.mx\/salud-publica\/wp-json\/wp\/v2\/pages\/1285\/revisions"}],"predecessor-version":[{"id":1752,"href":"https:\/\/www.ssaver.gob.mx\/salud-publica\/wp-json\/wp\/v2\/pages\/1285\/revisions\/1752"}],"wp:attachment":[{"href":"https:\/\/www.ssaver.gob.mx\/salud-publica\/wp-json\/wp\/v2\/media?parent=1285"}],"curies":[{"name":"wp","href":"https:\/\/api.w.org\/{rel}","templated":true}]}}