{"id":179,"date":"2024-04-09T10:32:56","date_gmt":"2024-04-09T15:32:56","guid":{"rendered":"https:\/\/www.ssaver.gob.mx\/salud-publica\/?page_id=179"},"modified":"2026-03-26T12:45:49","modified_gmt":"2026-03-26T18:45:49","slug":"dengue","status":"publish","type":"page","link":"https:\/\/www.ssaver.gob.mx\/salud-publica\/dengue\/","title":{"rendered":"Dengue"},"content":{"rendered":"\n<div class=\"wp-block-group is-layout-constrained wp-container-core-group-is-layout-9517baca wp-block-group-is-layout-constrained\">\n<div class=\"wp-block-columns is-layout-flex wp-container-core-columns-is-layout-28f84493 wp-block-columns-is-layout-flex\">\n<div class=\"wp-block-column is-layout-flow wp-block-column-is-layout-flow\" style=\"flex-basis:100%\">\n<figure class=\"wp-block-image aligncenter size-full is-resized\"><img loading=\"lazy\" decoding=\"async\" width=\"2560\" height=\"2560\" src=\"https:\/\/www.ssaver.gob.mx\/salud-publica\/wp-content\/uploads\/sites\/42\/2025\/03\/dengue-2025_albercas-1-01-scaled.jpg\" alt=\"\" class=\"wp-image-1194\" style=\"width:702px;height:auto\" srcset=\"https:\/\/www.ssaver.gob.mx\/salud-publica\/wp-content\/uploads\/sites\/42\/2025\/03\/dengue-2025_albercas-1-01-scaled.jpg 2560w, https:\/\/www.ssaver.gob.mx\/salud-publica\/wp-content\/uploads\/sites\/42\/2025\/03\/dengue-2025_albercas-1-01-300x300.jpg 300w, https:\/\/www.ssaver.gob.mx\/salud-publica\/wp-content\/uploads\/sites\/42\/2025\/03\/dengue-2025_albercas-1-01-1024x1024.jpg 1024w, https:\/\/www.ssaver.gob.mx\/salud-publica\/wp-content\/uploads\/sites\/42\/2025\/03\/dengue-2025_albercas-1-01-150x150.jpg 150w, https:\/\/www.ssaver.gob.mx\/salud-publica\/wp-content\/uploads\/sites\/42\/2025\/03\/dengue-2025_albercas-1-01-768x768.jpg 768w, https:\/\/www.ssaver.gob.mx\/salud-publica\/wp-content\/uploads\/sites\/42\/2025\/03\/dengue-2025_albercas-1-01-1536x1536.jpg 1536w, https:\/\/www.ssaver.gob.mx\/salud-publica\/wp-content\/uploads\/sites\/42\/2025\/03\/dengue-2025_albercas-1-01-2048x2048.jpg 2048w, https:\/\/www.ssaver.gob.mx\/salud-publica\/wp-content\/uploads\/sites\/42\/2025\/03\/dengue-2025_albercas-1-01-215x215.jpg 215w\" sizes=\"auto, (max-width: 2560px) 100vw, 2560px\" \/><\/figure>\n\n\n\n<hr class=\"wp-block-separator has-text-color has-alpha-channel-opacity has-background is-style-wide\" style=\"background-color:#a32445;color:#a32445\" \/>\n\n\n\n<h1 class=\"wp-block-heading has-text-color has-link-color has-large-font-size wp-elements-d52e72d93a9222ade255242becbf101f\" style=\"color:#bd9558\"><strong>\u00bfQu\u00e9 es el Dengue?<\/strong><\/h1>\n\n\n\n<p class=\"has-medium-font-size\" style=\"font-style:normal;font-weight:300\">Es una enfermedad viral, transmitida por el mosquito Aedes aegypti infectado al haber picado a una persona enferma de Dengue; hay cuatro serotipos del virus: DENV1, DENV2, DENV3 y DENV4.<\/p>\n\n\n\n<h1 class=\"wp-block-heading has-text-color has-link-color has-large-font-size wp-elements-65dbd14dd6050981d8982669b4d01f5f\" style=\"color:#bd9558\"><strong>\u00bfQui\u00e9n transmite el Dengue?<\/strong><\/h1>\n\n\n\n<p class=\"has-medium-font-size\">El mosquito Aedes aegypti es originario del continente africano y se ha expandido a casi todo el mundo; la hembra transmite la enfermedad en un ciclo: <\/p>\n\n\n\n<p class=\"has-text-align-center has-medium-font-size\"><strong>persona enferma &gt; mosquito &gt; persona sana. <\/strong><\/p>\n\n\n\n<p class=\"has-text-align-center has-medium-font-size\">Se reproduce principalmente durante \u00e9poca de lluvia en zonas de calor, aunque \u00faltimamente se adapta a todas las estaciones del a\u00f1o y a las diferentes condiciones domiciliarias urbanas.<\/p>\n\n\n\n<hr class=\"wp-block-separator has-text-color has-alpha-channel-opacity has-background is-style-wide\" style=\"background-color:#a32445;color:#a32445\" \/>\n\n\n\n<figure class=\"wp-block-image aligncenter size-large is-resized\"><img loading=\"lazy\" decoding=\"async\" width=\"993\" height=\"1024\" src=\"https:\/\/www.ssaver.gob.mx\/salud-publica\/wp-content\/uploads\/sites\/42\/2025\/03\/Dengue-diciembre-03_Mesa-de-trabajo-1-3-993x1024.jpg\" alt=\"\" class=\"wp-image-1220\" style=\"width:735px;height:auto\" srcset=\"https:\/\/www.ssaver.gob.mx\/salud-publica\/wp-content\/uploads\/sites\/42\/2025\/03\/Dengue-diciembre-03_Mesa-de-trabajo-1-3-993x1024.jpg 993w, https:\/\/www.ssaver.gob.mx\/salud-publica\/wp-content\/uploads\/sites\/42\/2025\/03\/Dengue-diciembre-03_Mesa-de-trabajo-1-3-291x300.jpg 291w, https:\/\/www.ssaver.gob.mx\/salud-publica\/wp-content\/uploads\/sites\/42\/2025\/03\/Dengue-diciembre-03_Mesa-de-trabajo-1-3-768x792.jpg 768w, https:\/\/www.ssaver.gob.mx\/salud-publica\/wp-content\/uploads\/sites\/42\/2025\/03\/Dengue-diciembre-03_Mesa-de-trabajo-1-3-1490x1536.jpg 1490w, https:\/\/www.ssaver.gob.mx\/salud-publica\/wp-content\/uploads\/sites\/42\/2025\/03\/Dengue-diciembre-03_Mesa-de-trabajo-1-3-1986x2048.jpg 1986w\" sizes=\"auto, (max-width: 993px) 100vw, 993px\" \/><\/figure>\n\n\n\n<div class=\"wp-block-columns is-layout-flex wp-container-core-columns-is-layout-28f84493 wp-block-columns-is-layout-flex\">\n<div class=\"wp-block-column is-layout-flow wp-block-column-is-layout-flow\">\n<hr class=\"wp-block-separator has-text-color has-alpha-channel-opacity has-background is-style-wide\" style=\"background-color:#a32445;color:#a32445\" \/>\n\n\n\n<p class=\"has-text-color has-link-color has-large-font-size wp-elements-7ef688ce38cce91ad38f384e45131c5a\" style=\"color:#bd9558\"><strong>\u00bfSab\u00edas que?<\/strong><\/p>\n\n\n\n<p class=\"has-medium-font-size\">Prevenir el dengue es m\u00e1s importante que solo fumigar porque la prevenci\u00f3n ataca la ra\u00edz del problema, mientras que la fumigaci\u00f3n es solo una medida temporal. Aqu\u00ed algunas razones clave:<\/p>\n\n\n\n<ol class=\"wp-block-list\">\n<li class=\"has-medium-font-size\"><strong>Eliminaci\u00f3n del mosquito en la etapa inicial<\/strong> \ud83e\udd9f\n<ul class=\"wp-block-list\">\n<li>El dengue es transmitido por el <em>Aedes aegypti<\/em>, un mosquito que se reproduce en agua estancada. Si eliminamos criaderos (como recipientes con agua), evitamos que haya mosquitos adultos.<\/li>\n<\/ul>\n<\/li>\n\n\n\n<li class=\"has-medium-font-size\"><strong>Fumigar no es 100% efectivo<\/strong> \ud83d\udeab\n<ul class=\"wp-block-list\">\n<li>La fumigaci\u00f3n mata mosquitos adultos, pero no destruye los huevos ni las larvas, por lo que en poco tiempo vuelve a haber mosquitos.<\/li>\n<\/ul>\n<\/li>\n\n\n\n<li class=\"has-medium-font-size\"><strong>Reducci\u00f3n del impacto ambiental<\/strong> \ud83c\udf3f\n<ul class=\"wp-block-list\">\n<li>Los insecticidas usados en la fumigaci\u00f3n pueden afectar a otros insectos beneficiosos, como abejas o mariposas, y contaminar el ambiente.<\/li>\n<\/ul>\n<\/li>\n\n\n\n<li class=\"has-medium-font-size\"><strong>Menos resistencia a los insecticidas<\/strong> \ud83d\udee1\ufe0f\n<ul class=\"wp-block-list\">\n<li>El <em>Aedes aegypti<\/em> puede desarrollar resistencia a los qu\u00edmicos usados en la fumigaci\u00f3n, lo que hace que con el tiempo deje de ser efectiva.<\/li>\n<\/ul>\n<\/li>\n\n\n\n<li class=\"has-medium-font-size\"><strong>Prevenci\u00f3n = Menos enfermos y menos costos<\/strong> \ud83d\udcb0\n<ul class=\"wp-block-list\">\n<li>Si hay menos mosquitos, hay menos transmisi\u00f3n del dengue. Esto reduce los costos m\u00e9dicos, la saturaci\u00f3n de hospitales y el impacto en la salud p\u00fablica.<\/li>\n<\/ul>\n<\/li>\n<\/ol>\n\n\n\n<h3 class=\"wp-block-heading has-text-color has-link-color has-large-font-size wp-elements-ac6499c1c2c4b33c3a7ffac902769227\" style=\"color:#bd9558\"><strong>\u00bfC\u00f3mo prevenir el dengue?<\/strong><\/h3>\n\n\n\n<p class=\"has-medium-font-size\">\u2714\ufe0f Tapar recipientes con agua.<br>\u2714\ufe0f Vaciar y limpiar floreros, bebederos y cubetas.<br>\u2714\ufe0f Mantener los patios limpios y sin objetos que acumulen agua.<br>\u2714\ufe0f Usar mosquiteros y repelente.<\/p>\n\n\n\n<figure class=\"wp-block-image aligncenter size-large is-resized\"><img loading=\"lazy\" decoding=\"async\" width=\"1024\" height=\"934\" src=\"https:\/\/www.ssaver.gob.mx\/salud-publica\/wp-content\/uploads\/sites\/42\/2025\/03\/Redes_Dengue_2025-25-01-1024x934.jpg\" alt=\"\" class=\"wp-image-1208\" style=\"width:775px;height:auto\" srcset=\"https:\/\/www.ssaver.gob.mx\/salud-publica\/wp-content\/uploads\/sites\/42\/2025\/03\/Redes_Dengue_2025-25-01-1024x934.jpg 1024w, https:\/\/www.ssaver.gob.mx\/salud-publica\/wp-content\/uploads\/sites\/42\/2025\/03\/Redes_Dengue_2025-25-01-300x274.jpg 300w, https:\/\/www.ssaver.gob.mx\/salud-publica\/wp-content\/uploads\/sites\/42\/2025\/03\/Redes_Dengue_2025-25-01-768x700.jpg 768w, https:\/\/www.ssaver.gob.mx\/salud-publica\/wp-content\/uploads\/sites\/42\/2025\/03\/Redes_Dengue_2025-25-01-1536x1400.jpg 1536w, https:\/\/www.ssaver.gob.mx\/salud-publica\/wp-content\/uploads\/sites\/42\/2025\/03\/Redes_Dengue_2025-25-01-2048x1867.jpg 2048w\" sizes=\"auto, (max-width: 1024px) 100vw, 1024px\" \/><\/figure>\n<\/div>\n<\/div>\n\n\n\n<hr class=\"wp-block-separator has-text-color has-alpha-channel-opacity has-background is-style-wide\" style=\"background-color:#a32445;color:#a32445\" \/>\n\n\n\n<div class=\"wp-block-group is-layout-constrained wp-block-group-is-layout-constrained\">\n<div class=\"wp-block-columns is-layout-flex wp-container-core-columns-is-layout-28f84493 wp-block-columns-is-layout-flex\">\n<div class=\"wp-block-column is-layout-flow wp-block-column-is-layout-flow\" style=\"flex-basis:100%\">\n<div class=\"wp-block-group is-content-justification-center is-nowrap is-layout-flex wp-container-core-group-is-layout-23441af8 wp-block-group-is-layout-flex\">\n<figure class=\"wp-block-image size-full\"><img loading=\"lazy\" decoding=\"async\" width=\"159\" height=\"197\" src=\"https:\/\/www.ssaver.gob.mx\/salud-publica\/wp-content\/uploads\/sites\/42\/2024\/04\/Cuadernillo_primaria-06.png\" alt=\"\" class=\"wp-image-185\" \/><\/figure>\n\n\n\n<figure class=\"wp-block-image size-full is-resized\"><img loading=\"lazy\" decoding=\"async\" width=\"158\" height=\"157\" src=\"https:\/\/www.ssaver.gob.mx\/salud-publica\/wp-content\/uploads\/sites\/42\/2024\/04\/WHITEEEE-11.png\" alt=\"\" class=\"wp-image-199\" style=\"width:38px;height:auto\" srcset=\"https:\/\/www.ssaver.gob.mx\/salud-publica\/wp-content\/uploads\/sites\/42\/2024\/04\/WHITEEEE-11.png 158w, https:\/\/www.ssaver.gob.mx\/salud-publica\/wp-content\/uploads\/sites\/42\/2024\/04\/WHITEEEE-11-150x150.png 150w\" sizes=\"auto, (max-width: 158px) 100vw, 158px\" \/><\/figure>\n\n\n\n<figure class=\"wp-block-image size-full\"><img loading=\"lazy\" decoding=\"async\" width=\"159\" height=\"197\" src=\"https:\/\/www.ssaver.gob.mx\/salud-publica\/wp-content\/uploads\/sites\/42\/2024\/04\/Cuadernillo_secuendaria-07.png\" alt=\"\" class=\"wp-image-186\" \/><\/figure>\n\n\n\n<figure class=\"wp-block-image size-full is-resized\"><img loading=\"lazy\" decoding=\"async\" width=\"158\" height=\"157\" src=\"https:\/\/www.ssaver.gob.mx\/salud-publica\/wp-content\/uploads\/sites\/42\/2024\/04\/WHITEEEE-11.png\" alt=\"\" class=\"wp-image-199\" style=\"width:39px;height:auto\" srcset=\"https:\/\/www.ssaver.gob.mx\/salud-publica\/wp-content\/uploads\/sites\/42\/2024\/04\/WHITEEEE-11.png 158w, https:\/\/www.ssaver.gob.mx\/salud-publica\/wp-content\/uploads\/sites\/42\/2024\/04\/WHITEEEE-11-150x150.png 150w\" sizes=\"auto, (max-width: 158px) 100vw, 158px\" \/><\/figure>\n\n\n\n<figure class=\"wp-block-image size-full\"><img loading=\"lazy\" decoding=\"async\" width=\"159\" height=\"197\" src=\"https:\/\/www.ssaver.gob.mx\/salud-publica\/wp-content\/uploads\/sites\/42\/2024\/04\/Cuadernillo_preparatoria-08.png\" alt=\"\" class=\"wp-image-184\" \/><\/figure>\n\n\n\n<figure class=\"wp-block-image size-full is-resized\"><img loading=\"lazy\" decoding=\"async\" width=\"158\" height=\"157\" src=\"https:\/\/www.ssaver.gob.mx\/salud-publica\/wp-content\/uploads\/sites\/42\/2024\/04\/WHITEEEE-11.png\" alt=\"\" class=\"wp-image-199\" style=\"width:43px;height:auto\" srcset=\"https:\/\/www.ssaver.gob.mx\/salud-publica\/wp-content\/uploads\/sites\/42\/2024\/04\/WHITEEEE-11.png 158w, https:\/\/www.ssaver.gob.mx\/salud-publica\/wp-content\/uploads\/sites\/42\/2024\/04\/WHITEEEE-11-150x150.png 150w\" sizes=\"auto, (max-width: 158px) 100vw, 158px\" \/><\/figure>\n\n\n\n<figure class=\"wp-block-image size-full is-resized\"><img loading=\"lazy\" decoding=\"async\" width=\"159\" height=\"197\" src=\"https:\/\/www.ssaver.gob.mx\/salud-publica\/wp-content\/uploads\/sites\/42\/2024\/04\/Cuadernillo_universidad-09.png\" alt=\"\" class=\"wp-image-187\" style=\"width:152px;height:auto\" \/><\/figure>\n<\/div>\n<\/div>\n<\/div>\n<\/div>\n\n\n\n<div class=\"wp-block-group alignfull is-content-justification-center is-nowrap is-layout-flex wp-container-core-group-is-layout-23441af8 wp-block-group-is-layout-flex\">\n<figure class=\"wp-block-image size-full\"><a href=\"https:\/\/www.ssaver.gob.mx\/salud-publica\/wp-content\/uploads\/sites\/42\/2024\/04\/PrimariaVeda.pdf\" target=\"_blank\" rel=\"noreferrer noopener\"><img loading=\"lazy\" decoding=\"async\" width=\"158\" height=\"116\" src=\"https:\/\/www.ssaver.gob.mx\/salud-publica\/wp-content\/uploads\/sites\/42\/2024\/04\/Flecha-descargar-02.png\" alt=\"\" class=\"wp-image-192\" \/><\/a><\/figure>\n\n\n\n<figure class=\"wp-block-image size-full is-resized\"><img loading=\"lazy\" decoding=\"async\" width=\"158\" height=\"157\" src=\"https:\/\/www.ssaver.gob.mx\/salud-publica\/wp-content\/uploads\/sites\/42\/2024\/04\/WHITEEEE-11.png\" alt=\"\" class=\"wp-image-199\" style=\"width:39px;height:auto\" srcset=\"https:\/\/www.ssaver.gob.mx\/salud-publica\/wp-content\/uploads\/sites\/42\/2024\/04\/WHITEEEE-11.png 158w, https:\/\/www.ssaver.gob.mx\/salud-publica\/wp-content\/uploads\/sites\/42\/2024\/04\/WHITEEEE-11-150x150.png 150w\" sizes=\"auto, (max-width: 158px) 100vw, 158px\" \/><\/figure>\n\n\n\n<figure class=\"wp-block-image size-full\"><a href=\"https:\/\/www.ssaver.gob.mx\/salud-publica\/wp-content\/uploads\/sites\/42\/2024\/04\/secundariaVeda.pdf\" target=\"_blank\" rel=\"noreferrer noopener\"><img loading=\"lazy\" decoding=\"async\" width=\"158\" height=\"116\" src=\"https:\/\/www.ssaver.gob.mx\/salud-publica\/wp-content\/uploads\/sites\/42\/2024\/04\/Flecha-descargar-02.png\" alt=\"\" class=\"wp-image-192\" \/><\/a><\/figure>\n\n\n\n<figure class=\"wp-block-image size-full is-resized\"><img loading=\"lazy\" decoding=\"async\" width=\"158\" height=\"157\" src=\"https:\/\/www.ssaver.gob.mx\/salud-publica\/wp-content\/uploads\/sites\/42\/2024\/04\/WHITEEEE-11.png\" alt=\"\" class=\"wp-image-199\" style=\"width:46px;height:auto\" srcset=\"https:\/\/www.ssaver.gob.mx\/salud-publica\/wp-content\/uploads\/sites\/42\/2024\/04\/WHITEEEE-11.png 158w, https:\/\/www.ssaver.gob.mx\/salud-publica\/wp-content\/uploads\/sites\/42\/2024\/04\/WHITEEEE-11-150x150.png 150w\" sizes=\"auto, (max-width: 158px) 100vw, 158px\" \/><\/figure>\n\n\n\n<figure class=\"wp-block-image size-full\"><a href=\"https:\/\/www.ssaver.gob.mx\/salud-publica\/wp-content\/uploads\/sites\/42\/2024\/04\/prepaVeda.pdf\" target=\"_blank\" rel=\"noreferrer noopener\"><img loading=\"lazy\" decoding=\"async\" width=\"158\" height=\"116\" src=\"https:\/\/www.ssaver.gob.mx\/salud-publica\/wp-content\/uploads\/sites\/42\/2024\/04\/Flecha-descargar-02.png\" alt=\"\" class=\"wp-image-192\" \/><\/a><\/figure>\n\n\n\n<figure class=\"wp-block-image size-full is-resized\"><img loading=\"lazy\" decoding=\"async\" width=\"158\" height=\"157\" src=\"https:\/\/www.ssaver.gob.mx\/salud-publica\/wp-content\/uploads\/sites\/42\/2024\/04\/WHITEEEE-11.png\" alt=\"\" class=\"wp-image-199\" style=\"width:52px;height:auto\" srcset=\"https:\/\/www.ssaver.gob.mx\/salud-publica\/wp-content\/uploads\/sites\/42\/2024\/04\/WHITEEEE-11.png 158w, https:\/\/www.ssaver.gob.mx\/salud-publica\/wp-content\/uploads\/sites\/42\/2024\/04\/WHITEEEE-11-150x150.png 150w\" sizes=\"auto, (max-width: 158px) 100vw, 158px\" \/><\/figure>\n\n\n\n<figure class=\"wp-block-image size-full\"><a href=\"https:\/\/www.ssaver.gob.mx\/salud-publica\/wp-content\/uploads\/sites\/42\/2024\/04\/universidadVeda.pdf\" target=\"_blank\" rel=\"noreferrer noopener\"><img loading=\"lazy\" decoding=\"async\" width=\"158\" height=\"116\" src=\"https:\/\/www.ssaver.gob.mx\/salud-publica\/wp-content\/uploads\/sites\/42\/2024\/04\/Flecha-descargar-02.png\" alt=\"\" class=\"wp-image-192\" \/><\/a><\/figure>\n<\/div>\n\n\n\n<hr class=\"wp-block-separator has-text-color has-alpha-channel-opacity has-background is-style-wide\" style=\"background-color:#9b1035;color:#9b1035\" \/>\n\n\n\n<p class=\"has-text-color has-link-color has-large-font-size wp-elements-6a6a87b96f933efe7ed3204e9c407150\" style=\"color:#bd9558\"><strong>CHECK LIST<\/strong><\/p>\n\n\n\n<div class=\"wp-block-columns is-layout-flex wp-container-core-columns-is-layout-28f84493 wp-block-columns-is-layout-flex\">\n<div class=\"wp-block-column is-vertically-aligned-center is-layout-flow wp-block-column-is-layout-flow\" style=\"flex-basis:520px\">\n<p class=\"has-text-align-right has-medium-font-size\">HOJA DE AUTOEVALUACIO\u0301N _DENGUE 2024<\/p>\n<\/div>\n\n\n\n<div class=\"wp-block-column is-vertically-aligned-center is-layout-flow wp-block-column-is-layout-flow\">\n<div class=\"wp-block-buttons alignfull is-layout-flex wp-block-buttons-is-layout-flex\">\n<div class=\"wp-block-button has-custom-width wp-block-button__width-50\"><a class=\"wp-block-button__link has-background wp-element-button\" href=\"https:\/\/www.ssaver.gob.mx\/salud-publica\/wp-content\/uploads\/sites\/42\/2024\/04\/HOJA_DE_AUTOEVALUCION_DENGUE_2024.pdf\" style=\"background-color:#228763\" target=\"_blank\" rel=\"noreferrer noopener\"><strong>DESCARGA<\/strong><\/a><\/div>\n<\/div>\n<\/div>\n<\/div>\n\n\n\n<div style=\"height:8px\" aria-hidden=\"true\" class=\"wp-block-spacer\"><\/div>\n\n\n\n\n\n<p class=\"has-text-align-center has-large-font-size\"><\/p>\n\n\n\n<div class=\"wp-block-group is-nowrap is-layout-flex wp-container-core-group-is-layout-6c531013 wp-block-group-is-layout-flex\">\n<figure class=\"wp-block-image size-large is-resized wp-duotone-unset-1\"><img loading=\"lazy\" decoding=\"async\" width=\"993\" height=\"1024\" src=\"https:\/\/www.ssaver.gob.mx\/salud-publica\/wp-content\/uploads\/sites\/42\/2025\/03\/Dengue-diciembre-01_Mesa-de-trabajo-1-1-993x1024.jpg\" alt=\"\" class=\"wp-image-1202\" style=\"width:543px;height:auto\" srcset=\"https:\/\/www.ssaver.gob.mx\/salud-publica\/wp-content\/uploads\/sites\/42\/2025\/03\/Dengue-diciembre-01_Mesa-de-trabajo-1-1-993x1024.jpg 993w, https:\/\/www.ssaver.gob.mx\/salud-publica\/wp-content\/uploads\/sites\/42\/2025\/03\/Dengue-diciembre-01_Mesa-de-trabajo-1-1-291x300.jpg 291w, https:\/\/www.ssaver.gob.mx\/salud-publica\/wp-content\/uploads\/sites\/42\/2025\/03\/Dengue-diciembre-01_Mesa-de-trabajo-1-1-768x792.jpg 768w, https:\/\/www.ssaver.gob.mx\/salud-publica\/wp-content\/uploads\/sites\/42\/2025\/03\/Dengue-diciembre-01_Mesa-de-trabajo-1-1-1490x1536.jpg 1490w, https:\/\/www.ssaver.gob.mx\/salud-publica\/wp-content\/uploads\/sites\/42\/2025\/03\/Dengue-diciembre-01_Mesa-de-trabajo-1-1-1986x2048.jpg 1986w\" sizes=\"auto, (max-width: 993px) 100vw, 993px\" \/><\/figure>\n\n\n\n<figure class=\"wp-block-image size-large is-resized\"><img loading=\"lazy\" decoding=\"async\" width=\"993\" height=\"1024\" src=\"https:\/\/www.ssaver.gob.mx\/salud-publica\/wp-content\/uploads\/sites\/42\/2025\/03\/Dengue-diciembre-06_Mesa-de-trabajo-1-993x1024.jpg\" alt=\"\" class=\"wp-image-1204\" style=\"width:544px;height:auto\" srcset=\"https:\/\/www.ssaver.gob.mx\/salud-publica\/wp-content\/uploads\/sites\/42\/2025\/03\/Dengue-diciembre-06_Mesa-de-trabajo-1-993x1024.jpg 993w, https:\/\/www.ssaver.gob.mx\/salud-publica\/wp-content\/uploads\/sites\/42\/2025\/03\/Dengue-diciembre-06_Mesa-de-trabajo-1-291x300.jpg 291w, https:\/\/www.ssaver.gob.mx\/salud-publica\/wp-content\/uploads\/sites\/42\/2025\/03\/Dengue-diciembre-06_Mesa-de-trabajo-1-768x792.jpg 768w, https:\/\/www.ssaver.gob.mx\/salud-publica\/wp-content\/uploads\/sites\/42\/2025\/03\/Dengue-diciembre-06_Mesa-de-trabajo-1-1490x1536.jpg 1490w, https:\/\/www.ssaver.gob.mx\/salud-publica\/wp-content\/uploads\/sites\/42\/2025\/03\/Dengue-diciembre-06_Mesa-de-trabajo-1-1986x2048.jpg 1986w\" sizes=\"auto, (max-width: 993px) 100vw, 993px\" \/><\/figure>\n<\/div>\n\n\n\n<div class=\"wp-block-group is-nowrap is-layout-flex wp-container-core-group-is-layout-6c531013 wp-block-group-is-layout-flex\">\n<figure class=\"wp-block-image size-large is-resized\"><img loading=\"lazy\" decoding=\"async\" width=\"936\" height=\"1024\" src=\"https:\/\/www.ssaver.gob.mx\/salud-publica\/wp-content\/uploads\/sites\/42\/2025\/03\/Infografia-dengue-02_Mesa-de-trabajo-1-936x1024.jpg\" alt=\"\" class=\"wp-image-1206\" style=\"width:546px;height:auto\" srcset=\"https:\/\/www.ssaver.gob.mx\/salud-publica\/wp-content\/uploads\/sites\/42\/2025\/03\/Infografia-dengue-02_Mesa-de-trabajo-1-936x1024.jpg 936w, https:\/\/www.ssaver.gob.mx\/salud-publica\/wp-content\/uploads\/sites\/42\/2025\/03\/Infografia-dengue-02_Mesa-de-trabajo-1-274x300.jpg 274w, https:\/\/www.ssaver.gob.mx\/salud-publica\/wp-content\/uploads\/sites\/42\/2025\/03\/Infografia-dengue-02_Mesa-de-trabajo-1-768x840.jpg 768w, https:\/\/www.ssaver.gob.mx\/salud-publica\/wp-content\/uploads\/sites\/42\/2025\/03\/Infografia-dengue-02_Mesa-de-trabajo-1-1405x1536.jpg 1405w, https:\/\/www.ssaver.gob.mx\/salud-publica\/wp-content\/uploads\/sites\/42\/2025\/03\/Infografia-dengue-02_Mesa-de-trabajo-1-1873x2048.jpg 1873w\" sizes=\"auto, (max-width: 936px) 100vw, 936px\" \/><\/figure>\n\n\n\n<figure class=\"wp-block-image size-large is-resized\"><img loading=\"lazy\" decoding=\"async\" width=\"936\" height=\"1024\" src=\"https:\/\/www.ssaver.gob.mx\/salud-publica\/wp-content\/uploads\/sites\/42\/2025\/03\/Infografia-dengue-06_Mesa-de-trabajo-1-936x1024.jpg\" alt=\"\" class=\"wp-image-1207\" style=\"width:548px;height:auto\" srcset=\"https:\/\/www.ssaver.gob.mx\/salud-publica\/wp-content\/uploads\/sites\/42\/2025\/03\/Infografia-dengue-06_Mesa-de-trabajo-1-936x1024.jpg 936w, https:\/\/www.ssaver.gob.mx\/salud-publica\/wp-content\/uploads\/sites\/42\/2025\/03\/Infografia-dengue-06_Mesa-de-trabajo-1-274x300.jpg 274w, https:\/\/www.ssaver.gob.mx\/salud-publica\/wp-content\/uploads\/sites\/42\/2025\/03\/Infografia-dengue-06_Mesa-de-trabajo-1-768x840.jpg 768w, https:\/\/www.ssaver.gob.mx\/salud-publica\/wp-content\/uploads\/sites\/42\/2025\/03\/Infografia-dengue-06_Mesa-de-trabajo-1-1405x1536.jpg 1405w, https:\/\/www.ssaver.gob.mx\/salud-publica\/wp-content\/uploads\/sites\/42\/2025\/03\/Infografia-dengue-06_Mesa-de-trabajo-1-1873x2048.jpg 1873w\" sizes=\"auto, (max-width: 936px) 100vw, 936px\" \/><\/figure>\n<\/div>\n\n\n\n<hr class=\"wp-block-separator has-text-color has-alpha-channel-opacity has-background is-style-wide\" style=\"background-color:#a32445;color:#a32445\" \/>\n\n\n\n<p class=\"has-white-color has-text-color has-background has-link-color has-medium-font-size wp-elements-2fd4f37c654c3fc010e0718b2f6c51ca\" style=\"background-color:#9b1035\"><strong>PRIMERA JORNADA NACIONAL DE LUCHA CONTRA EL DENGUE<\/strong><\/p>\n\n\n\n<div class=\"wp-block-columns has-small-font-size is-layout-flex wp-container-core-columns-is-layout-28f84493 wp-block-columns-is-layout-flex\">\n<div class=\"wp-block-column is-layout-flow wp-block-column-is-layout-flow\">\n<figure class=\"wp-block-image size-large\"><img loading=\"lazy\" decoding=\"async\" width=\"1024\" height=\"1024\" src=\"https:\/\/www.ssaver.gob.mx\/salud-publica\/wp-content\/uploads\/sites\/42\/2025\/03\/mensajesmarzo2_JDengue1-1024x1024.jpg\" alt=\"\" class=\"wp-image-1299\" srcset=\"https:\/\/www.ssaver.gob.mx\/salud-publica\/wp-content\/uploads\/sites\/42\/2025\/03\/mensajesmarzo2_JDengue1-1024x1024.jpg 1024w, https:\/\/www.ssaver.gob.mx\/salud-publica\/wp-content\/uploads\/sites\/42\/2025\/03\/mensajesmarzo2_JDengue1-300x300.jpg 300w, https:\/\/www.ssaver.gob.mx\/salud-publica\/wp-content\/uploads\/sites\/42\/2025\/03\/mensajesmarzo2_JDengue1-150x150.jpg 150w, https:\/\/www.ssaver.gob.mx\/salud-publica\/wp-content\/uploads\/sites\/42\/2025\/03\/mensajesmarzo2_JDengue1-768x768.jpg 768w, https:\/\/www.ssaver.gob.mx\/salud-publica\/wp-content\/uploads\/sites\/42\/2025\/03\/mensajesmarzo2_JDengue1-1536x1536.jpg 1536w, https:\/\/www.ssaver.gob.mx\/salud-publica\/wp-content\/uploads\/sites\/42\/2025\/03\/mensajesmarzo2_JDengue1-2048x2048.jpg 2048w, https:\/\/www.ssaver.gob.mx\/salud-publica\/wp-content\/uploads\/sites\/42\/2025\/03\/mensajesmarzo2_JDengue1-215x215.jpg 215w\" sizes=\"auto, (max-width: 1024px) 100vw, 1024px\" \/><\/figure>\n<\/div>\n\n\n\n<div class=\"wp-block-column is-layout-flow wp-block-column-is-layout-flow\">\n<figure class=\"wp-block-image size-large\"><img loading=\"lazy\" decoding=\"async\" width=\"1024\" height=\"1024\" src=\"https:\/\/www.ssaver.gob.mx\/salud-publica\/wp-content\/uploads\/sites\/42\/2025\/03\/mensajesmarzo2_JDengue2-1024x1024.jpg\" alt=\"\" class=\"wp-image-1300\" srcset=\"https:\/\/www.ssaver.gob.mx\/salud-publica\/wp-content\/uploads\/sites\/42\/2025\/03\/mensajesmarzo2_JDengue2-1024x1024.jpg 1024w, https:\/\/www.ssaver.gob.mx\/salud-publica\/wp-content\/uploads\/sites\/42\/2025\/03\/mensajesmarzo2_JDengue2-300x300.jpg 300w, https:\/\/www.ssaver.gob.mx\/salud-publica\/wp-content\/uploads\/sites\/42\/2025\/03\/mensajesmarzo2_JDengue2-150x150.jpg 150w, https:\/\/www.ssaver.gob.mx\/salud-publica\/wp-content\/uploads\/sites\/42\/2025\/03\/mensajesmarzo2_JDengue2-768x768.jpg 768w, https:\/\/www.ssaver.gob.mx\/salud-publica\/wp-content\/uploads\/sites\/42\/2025\/03\/mensajesmarzo2_JDengue2-1536x1536.jpg 1536w, https:\/\/www.ssaver.gob.mx\/salud-publica\/wp-content\/uploads\/sites\/42\/2025\/03\/mensajesmarzo2_JDengue2-2048x2048.jpg 2048w, https:\/\/www.ssaver.gob.mx\/salud-publica\/wp-content\/uploads\/sites\/42\/2025\/03\/mensajesmarzo2_JDengue2-215x215.jpg 215w\" sizes=\"auto, (max-width: 1024px) 100vw, 1024px\" \/><\/figure>\n<\/div>\n\n\n\n<div class=\"wp-block-column is-layout-flow wp-block-column-is-layout-flow\">\n<figure class=\"wp-block-image size-large\"><img loading=\"lazy\" decoding=\"async\" width=\"1024\" height=\"1024\" src=\"https:\/\/www.ssaver.gob.mx\/salud-publica\/wp-content\/uploads\/sites\/42\/2025\/03\/mensajesmarzo2_JDengue3-1024x1024.jpg\" alt=\"\" class=\"wp-image-1301\" srcset=\"https:\/\/www.ssaver.gob.mx\/salud-publica\/wp-content\/uploads\/sites\/42\/2025\/03\/mensajesmarzo2_JDengue3-1024x1024.jpg 1024w, https:\/\/www.ssaver.gob.mx\/salud-publica\/wp-content\/uploads\/sites\/42\/2025\/03\/mensajesmarzo2_JDengue3-300x300.jpg 300w, https:\/\/www.ssaver.gob.mx\/salud-publica\/wp-content\/uploads\/sites\/42\/2025\/03\/mensajesmarzo2_JDengue3-150x150.jpg 150w, https:\/\/www.ssaver.gob.mx\/salud-publica\/wp-content\/uploads\/sites\/42\/2025\/03\/mensajesmarzo2_JDengue3-768x768.jpg 768w, https:\/\/www.ssaver.gob.mx\/salud-publica\/wp-content\/uploads\/sites\/42\/2025\/03\/mensajesmarzo2_JDengue3-1536x1536.jpg 1536w, https:\/\/www.ssaver.gob.mx\/salud-publica\/wp-content\/uploads\/sites\/42\/2025\/03\/mensajesmarzo2_JDengue3-2048x2048.jpg 2048w, https:\/\/www.ssaver.gob.mx\/salud-publica\/wp-content\/uploads\/sites\/42\/2025\/03\/mensajesmarzo2_JDengue3-215x215.jpg 215w\" sizes=\"auto, (max-width: 1024px) 100vw, 1024px\" \/><\/figure>\n<\/div>\n<\/div>\n\n\n\n<div class=\"wp-block-columns is-layout-flex wp-container-core-columns-is-layout-28f84493 wp-block-columns-is-layout-flex\">\n<div class=\"wp-block-column is-layout-flow wp-block-column-is-layout-flow\">\n<figure class=\"wp-block-image size-large\"><img loading=\"lazy\" decoding=\"async\" width=\"1024\" height=\"1024\" src=\"https:\/\/www.ssaver.gob.mx\/salud-publica\/wp-content\/uploads\/sites\/42\/2025\/03\/mensajesmarzo2_JDengue4-1024x1024.jpg\" alt=\"\" class=\"wp-image-1302\" srcset=\"https:\/\/www.ssaver.gob.mx\/salud-publica\/wp-content\/uploads\/sites\/42\/2025\/03\/mensajesmarzo2_JDengue4-1024x1024.jpg 1024w, https:\/\/www.ssaver.gob.mx\/salud-publica\/wp-content\/uploads\/sites\/42\/2025\/03\/mensajesmarzo2_JDengue4-300x300.jpg 300w, https:\/\/www.ssaver.gob.mx\/salud-publica\/wp-content\/uploads\/sites\/42\/2025\/03\/mensajesmarzo2_JDengue4-150x150.jpg 150w, https:\/\/www.ssaver.gob.mx\/salud-publica\/wp-content\/uploads\/sites\/42\/2025\/03\/mensajesmarzo2_JDengue4-768x768.jpg 768w, https:\/\/www.ssaver.gob.mx\/salud-publica\/wp-content\/uploads\/sites\/42\/2025\/03\/mensajesmarzo2_JDengue4-1536x1536.jpg 1536w, https:\/\/www.ssaver.gob.mx\/salud-publica\/wp-content\/uploads\/sites\/42\/2025\/03\/mensajesmarzo2_JDengue4-2048x2048.jpg 2048w, https:\/\/www.ssaver.gob.mx\/salud-publica\/wp-content\/uploads\/sites\/42\/2025\/03\/mensajesmarzo2_JDengue4-215x215.jpg 215w\" sizes=\"auto, (max-width: 1024px) 100vw, 1024px\" \/><\/figure>\n<\/div>\n\n\n\n<div class=\"wp-block-column is-layout-flow wp-block-column-is-layout-flow\">\n<figure class=\"wp-block-image size-large\"><img loading=\"lazy\" decoding=\"async\" width=\"1024\" height=\"1024\" src=\"https:\/\/www.ssaver.gob.mx\/salud-publica\/wp-content\/uploads\/sites\/42\/2025\/03\/mensajesmarzo2_JDengue5-1024x1024.jpg\" alt=\"\" class=\"wp-image-1303\" srcset=\"https:\/\/www.ssaver.gob.mx\/salud-publica\/wp-content\/uploads\/sites\/42\/2025\/03\/mensajesmarzo2_JDengue5-1024x1024.jpg 1024w, https:\/\/www.ssaver.gob.mx\/salud-publica\/wp-content\/uploads\/sites\/42\/2025\/03\/mensajesmarzo2_JDengue5-300x300.jpg 300w, https:\/\/www.ssaver.gob.mx\/salud-publica\/wp-content\/uploads\/sites\/42\/2025\/03\/mensajesmarzo2_JDengue5-150x150.jpg 150w, https:\/\/www.ssaver.gob.mx\/salud-publica\/wp-content\/uploads\/sites\/42\/2025\/03\/mensajesmarzo2_JDengue5-768x768.jpg 768w, https:\/\/www.ssaver.gob.mx\/salud-publica\/wp-content\/uploads\/sites\/42\/2025\/03\/mensajesmarzo2_JDengue5-1536x1536.jpg 1536w, https:\/\/www.ssaver.gob.mx\/salud-publica\/wp-content\/uploads\/sites\/42\/2025\/03\/mensajesmarzo2_JDengue5-2048x2048.jpg 2048w, https:\/\/www.ssaver.gob.mx\/salud-publica\/wp-content\/uploads\/sites\/42\/2025\/03\/mensajesmarzo2_JDengue5-215x215.jpg 215w\" sizes=\"auto, (max-width: 1024px) 100vw, 1024px\" \/><\/figure>\n<\/div>\n\n\n\n<div class=\"wp-block-column is-layout-flow wp-block-column-is-layout-flow\">\n<figure class=\"wp-block-image size-large\"><img loading=\"lazy\" decoding=\"async\" width=\"1024\" height=\"1024\" src=\"https:\/\/www.ssaver.gob.mx\/salud-publica\/wp-content\/uploads\/sites\/42\/2025\/03\/mensajesmarzo2_JDengue6-1024x1024.jpg\" alt=\"\" class=\"wp-image-1304\" srcset=\"https:\/\/www.ssaver.gob.mx\/salud-publica\/wp-content\/uploads\/sites\/42\/2025\/03\/mensajesmarzo2_JDengue6-1024x1024.jpg 1024w, https:\/\/www.ssaver.gob.mx\/salud-publica\/wp-content\/uploads\/sites\/42\/2025\/03\/mensajesmarzo2_JDengue6-300x300.jpg 300w, https:\/\/www.ssaver.gob.mx\/salud-publica\/wp-content\/uploads\/sites\/42\/2025\/03\/mensajesmarzo2_JDengue6-150x150.jpg 150w, https:\/\/www.ssaver.gob.mx\/salud-publica\/wp-content\/uploads\/sites\/42\/2025\/03\/mensajesmarzo2_JDengue6-768x768.jpg 768w, https:\/\/www.ssaver.gob.mx\/salud-publica\/wp-content\/uploads\/sites\/42\/2025\/03\/mensajesmarzo2_JDengue6-1536x1536.jpg 1536w, https:\/\/www.ssaver.gob.mx\/salud-publica\/wp-content\/uploads\/sites\/42\/2025\/03\/mensajesmarzo2_JDengue6-2048x2048.jpg 2048w, https:\/\/www.ssaver.gob.mx\/salud-publica\/wp-content\/uploads\/sites\/42\/2025\/03\/mensajesmarzo2_JDengue6-215x215.jpg 215w\" sizes=\"auto, (max-width: 1024px) 100vw, 1024px\" \/><\/figure>\n<\/div>\n<\/div>\n\n\n\n<div class=\"wp-block-group is-content-justification-center is-nowrap is-layout-flex wp-container-core-group-is-layout-23441af8 wp-block-group-is-layout-flex\">\n<figure class=\"wp-block-image size-large\"><a href=\"https:\/\/www.facebook.com\/PromoSaludVer?mibextid=ZbWKwL\"><img loading=\"lazy\" decoding=\"async\" width=\"1024\" height=\"566\" src=\"https:\/\/www.ssaver.gob.mx\/salud-publica\/wp-content\/uploads\/sites\/42\/2025\/03\/ICONOS-MICROSITIO_dig-07-2-1024x566.png\" alt=\"\" class=\"wp-image-1318\" srcset=\"https:\/\/www.ssaver.gob.mx\/salud-publica\/wp-content\/uploads\/sites\/42\/2025\/03\/ICONOS-MICROSITIO_dig-07-2-1024x566.png 1024w, https:\/\/www.ssaver.gob.mx\/salud-publica\/wp-content\/uploads\/sites\/42\/2025\/03\/ICONOS-MICROSITIO_dig-07-2-300x166.png 300w, https:\/\/www.ssaver.gob.mx\/salud-publica\/wp-content\/uploads\/sites\/42\/2025\/03\/ICONOS-MICROSITIO_dig-07-2-768x424.png 768w, https:\/\/www.ssaver.gob.mx\/salud-publica\/wp-content\/uploads\/sites\/42\/2025\/03\/ICONOS-MICROSITIO_dig-07-2-1536x849.png 1536w, https:\/\/www.ssaver.gob.mx\/salud-publica\/wp-content\/uploads\/sites\/42\/2025\/03\/ICONOS-MICROSITIO_dig-07-2-2048x1132.png 2048w\" sizes=\"auto, (max-width: 1024px) 100vw, 1024px\" \/><\/a><\/figure>\n\n\n\n<figure class=\"wp-block-image size-large\"><a href=\"https:\/\/www.ssaver.gob.mx\/salud-publica\/proximamente-2\/\"><img loading=\"lazy\" decoding=\"async\" width=\"1024\" height=\"566\" src=\"https:\/\/www.ssaver.gob.mx\/salud-publica\/wp-content\/uploads\/sites\/42\/2025\/03\/ICONOS-MICROSITIO_dig-08-1024x566.png\" alt=\"\" class=\"wp-image-1308\" srcset=\"https:\/\/www.ssaver.gob.mx\/salud-publica\/wp-content\/uploads\/sites\/42\/2025\/03\/ICONOS-MICROSITIO_dig-08-1024x566.png 1024w, https:\/\/www.ssaver.gob.mx\/salud-publica\/wp-content\/uploads\/sites\/42\/2025\/03\/ICONOS-MICROSITIO_dig-08-300x166.png 300w, https:\/\/www.ssaver.gob.mx\/salud-publica\/wp-content\/uploads\/sites\/42\/2025\/03\/ICONOS-MICROSITIO_dig-08-768x424.png 768w, https:\/\/www.ssaver.gob.mx\/salud-publica\/wp-content\/uploads\/sites\/42\/2025\/03\/ICONOS-MICROSITIO_dig-08-1536x849.png 1536w, https:\/\/www.ssaver.gob.mx\/salud-publica\/wp-content\/uploads\/sites\/42\/2025\/03\/ICONOS-MICROSITIO_dig-08-2048x1132.png 2048w\" sizes=\"auto, (max-width: 1024px) 100vw, 1024px\" \/><\/a><\/figure>\n\n\n\n<figure class=\"wp-block-image size-large\"><a href=\"https:\/\/www.ssaver.gob.mx\/salud-publica\/proximamente-2\/\"><img loading=\"lazy\" decoding=\"async\" width=\"1024\" height=\"566\" src=\"https:\/\/www.ssaver.gob.mx\/salud-publica\/wp-content\/uploads\/sites\/42\/2025\/03\/ICONOS-MICROSITIO_dig-09-1024x566.png\" alt=\"\" class=\"wp-image-1309\" srcset=\"https:\/\/www.ssaver.gob.mx\/salud-publica\/wp-content\/uploads\/sites\/42\/2025\/03\/ICONOS-MICROSITIO_dig-09-1024x566.png 1024w, https:\/\/www.ssaver.gob.mx\/salud-publica\/wp-content\/uploads\/sites\/42\/2025\/03\/ICONOS-MICROSITIO_dig-09-300x166.png 300w, https:\/\/www.ssaver.gob.mx\/salud-publica\/wp-content\/uploads\/sites\/42\/2025\/03\/ICONOS-MICROSITIO_dig-09-768x424.png 768w, https:\/\/www.ssaver.gob.mx\/salud-publica\/wp-content\/uploads\/sites\/42\/2025\/03\/ICONOS-MICROSITIO_dig-09-1536x849.png 1536w, https:\/\/www.ssaver.gob.mx\/salud-publica\/wp-content\/uploads\/sites\/42\/2025\/03\/ICONOS-MICROSITIO_dig-09-2048x1132.png 2048w\" sizes=\"auto, (max-width: 1024px) 100vw, 1024px\" \/><\/a><\/figure>\n<\/div>\n\n\n\n<p><\/p>\n<\/div>\n<\/div>\n<\/div>\n","protected":false},"excerpt":{"rendered":"<p>\u00bfQu\u00e9 es el Dengue? Es una enfermedad viral, transmitida por el mosquito Aedes aegypti infectado al haber picado a una<\/p>\n","protected":false},"author":50,"featured_media":0,"parent":0,"menu_order":0,"comment_status":"closed","ping_status":"closed","template":"","meta":{"colormag_page_container_layout":"default_layout","colormag_page_sidebar_layout":"default_layout","footnotes":""},"class_list":["post-179","page","type-page","status-publish","hentry"],"_links":{"self":[{"href":"https:\/\/www.ssaver.gob.mx\/salud-publica\/wp-json\/wp\/v2\/pages\/179","targetHints":{"allow":["GET"]}}],"collection":[{"href":"https:\/\/www.ssaver.gob.mx\/salud-publica\/wp-json\/wp\/v2\/pages"}],"about":[{"href":"https:\/\/www.ssaver.gob.mx\/salud-publica\/wp-json\/wp\/v2\/types\/page"}],"author":[{"embeddable":true,"href":"https:\/\/www.ssaver.gob.mx\/salud-publica\/wp-json\/wp\/v2\/users\/50"}],"replies":[{"embeddable":true,"href":"https:\/\/www.ssaver.gob.mx\/salud-publica\/wp-json\/wp\/v2\/comments?post=179"}],"version-history":[{"count":44,"href":"https:\/\/www.ssaver.gob.mx\/salud-publica\/wp-json\/wp\/v2\/pages\/179\/revisions"}],"predecessor-version":[{"id":1738,"href":"https:\/\/www.ssaver.gob.mx\/salud-publica\/wp-json\/wp\/v2\/pages\/179\/revisions\/1738"}],"wp:attachment":[{"href":"https:\/\/www.ssaver.gob.mx\/salud-publica\/wp-json\/wp\/v2\/media?parent=179"}],"curies":[{"name":"wp","href":"https:\/\/api.w.org\/{rel}","templated":true}]}}