{"id":223,"date":"2024-07-26T19:12:00","date_gmt":"2024-07-27T00:12:00","guid":{"rendered":"https:\/\/www.ssaver.gob.mx\/salud-publica\/?page_id=223"},"modified":"2026-03-27T10:45:24","modified_gmt":"2026-03-27T16:45:24","slug":"enfermedades-cardiometabolicas","status":"publish","type":"page","link":"https:\/\/www.ssaver.gob.mx\/salud-publica\/enfermedades-cardiometabolicas\/","title":{"rendered":"Enfermedades Cardiometab\u00f3licas"},"content":{"rendered":"\n<div class=\"wp-block-group is-layout-constrained wp-container-core-group-is-layout-9517baca wp-block-group-is-layout-constrained\">\n<div class=\"wp-block-columns is-layout-flex wp-container-core-columns-is-layout-28f84493 wp-block-columns-is-layout-flex\">\n<div class=\"wp-block-column is-layout-flow wp-block-column-is-layout-flow\" style=\"flex-basis:100%\">\n<figure class=\"wp-block-image aligncenter size-large\"><img loading=\"lazy\" decoding=\"async\" width=\"1024\" height=\"450\" src=\"https:\/\/www.ssaver.gob.mx\/salud-publica\/wp-content\/uploads\/sites\/42\/2024\/09\/CARDIOMETABOLICAS-1024x450.png\" alt=\"\" class=\"wp-image-901\" srcset=\"https:\/\/www.ssaver.gob.mx\/salud-publica\/wp-content\/uploads\/sites\/42\/2024\/09\/CARDIOMETABOLICAS-1024x450.png 1024w, https:\/\/www.ssaver.gob.mx\/salud-publica\/wp-content\/uploads\/sites\/42\/2024\/09\/CARDIOMETABOLICAS-300x132.png 300w, https:\/\/www.ssaver.gob.mx\/salud-publica\/wp-content\/uploads\/sites\/42\/2024\/09\/CARDIOMETABOLICAS-768x337.png 768w, https:\/\/www.ssaver.gob.mx\/salud-publica\/wp-content\/uploads\/sites\/42\/2024\/09\/CARDIOMETABOLICAS-1536x675.png 1536w, https:\/\/www.ssaver.gob.mx\/salud-publica\/wp-content\/uploads\/sites\/42\/2024\/09\/CARDIOMETABOLICAS-2048x900.png 2048w, https:\/\/www.ssaver.gob.mx\/salud-publica\/wp-content\/uploads\/sites\/42\/2024\/09\/CARDIOMETABOLICAS-1070x470.png 1070w\" sizes=\"auto, (max-width: 1024px) 100vw, 1024px\" \/><\/figure>\n\n\n\n<figure class=\"wp-block-image aligncenter size-full is-resized\"><img loading=\"lazy\" decoding=\"async\" width=\"929\" height=\"478\" src=\"https:\/\/www.ssaver.gob.mx\/salud-publica\/wp-content\/uploads\/sites\/42\/2024\/04\/Objetivo-14-09.png\" alt=\"\" class=\"wp-image-228\" style=\"width:676px;height:auto\" srcset=\"https:\/\/www.ssaver.gob.mx\/salud-publica\/wp-content\/uploads\/sites\/42\/2024\/04\/Objetivo-14-09.png 929w, https:\/\/www.ssaver.gob.mx\/salud-publica\/wp-content\/uploads\/sites\/42\/2024\/04\/Objetivo-14-09-300x154.png 300w, https:\/\/www.ssaver.gob.mx\/salud-publica\/wp-content\/uploads\/sites\/42\/2024\/04\/Objetivo-14-09-768x395.png 768w\" sizes=\"auto, (max-width: 929px) 100vw, 929px\" \/><\/figure>\n\n\n\n<p class=\"has-medium-font-size\">El programa tiene como finalidad: <strong>detectar, tratar y controlar<\/strong> oportunamente los casos de <strong>obesidad, diabetes mellitus, hipertensi\u00f3n arterial y dislipidemias<\/strong>.<\/p>\n\n\n\n<figure class=\"wp-block-image size-full\"><img loading=\"lazy\" decoding=\"async\" width=\"158\" height=\"157\" src=\"https:\/\/www.ssaver.gob.mx\/salud-publica\/wp-content\/uploads\/sites\/42\/2024\/04\/WHITEEEE-11.png\" alt=\"\" class=\"wp-image-199\" srcset=\"https:\/\/www.ssaver.gob.mx\/salud-publica\/wp-content\/uploads\/sites\/42\/2024\/04\/WHITEEEE-11.png 158w, https:\/\/www.ssaver.gob.mx\/salud-publica\/wp-content\/uploads\/sites\/42\/2024\/04\/WHITEEEE-11-150x150.png 150w\" sizes=\"auto, (max-width: 158px) 100vw, 158px\" \/><\/figure>\n\n\n\n<h2 class=\"wp-block-heading has-text-align-center\"><strong>CARRERA DE OBST\u00c1CULOS EN EL MARCO DEL D\u00cdA MUNDIAL DE LA OBESIDAD REGISTRATE AQU\u00cd<\/strong> \u2b07\ufe0f<\/h2>\n\n\n\n<figure class=\"wp-block-image aligncenter size-large is-resized\"><img loading=\"lazy\" decoding=\"async\" width=\"663\" height=\"1024\" src=\"https:\/\/www.ssaver.gob.mx\/salud-publica\/wp-content\/uploads\/sites\/42\/2024\/09\/Flyer-SESVER-Race_Mesa-de-trabajo-1-663x1024.jpg\" alt=\"\" class=\"wp-image-865\" style=\"width:561px;height:auto\" srcset=\"https:\/\/www.ssaver.gob.mx\/salud-publica\/wp-content\/uploads\/sites\/42\/2024\/09\/Flyer-SESVER-Race_Mesa-de-trabajo-1-663x1024.jpg 663w, https:\/\/www.ssaver.gob.mx\/salud-publica\/wp-content\/uploads\/sites\/42\/2024\/09\/Flyer-SESVER-Race_Mesa-de-trabajo-1-194x300.jpg 194w, https:\/\/www.ssaver.gob.mx\/salud-publica\/wp-content\/uploads\/sites\/42\/2024\/09\/Flyer-SESVER-Race_Mesa-de-trabajo-1-768x1187.jpg 768w, https:\/\/www.ssaver.gob.mx\/salud-publica\/wp-content\/uploads\/sites\/42\/2024\/09\/Flyer-SESVER-Race_Mesa-de-trabajo-1-994x1536.jpg 994w, https:\/\/www.ssaver.gob.mx\/salud-publica\/wp-content\/uploads\/sites\/42\/2024\/09\/Flyer-SESVER-Race_Mesa-de-trabajo-1-1325x2048.jpg 1325w, https:\/\/www.ssaver.gob.mx\/salud-publica\/wp-content\/uploads\/sites\/42\/2024\/09\/Flyer-SESVER-Race_Mesa-de-trabajo-1.jpg 1650w\" sizes=\"auto, (max-width: 663px) 100vw, 663px\" \/><\/figure>\n\n\n\n<p><\/p>\n\n\n\n<h1 class=\"wp-block-heading has-text-align-center\">\ud83e\ude7a <strong>Reduce el riesgo de tener hipertensi\u00f3n<\/strong> \u2b07\ufe0f<\/h1>\n\n\n\n<div class=\"wp-block-group is-layout-constrained wp-block-group-is-layout-constrained\">\n<figure class=\"wp-block-image aligncenter size-full\"><img loading=\"lazy\" decoding=\"async\" width=\"612\" height=\"792\" src=\"https:\/\/www.ssaver.gob.mx\/salud-publica\/wp-content\/uploads\/sites\/42\/2024\/06\/Infografia-hipertesion-1baja.jpg\" alt=\"\" class=\"wp-image-635\" srcset=\"https:\/\/www.ssaver.gob.mx\/salud-publica\/wp-content\/uploads\/sites\/42\/2024\/06\/Infografia-hipertesion-1baja.jpg 612w, https:\/\/www.ssaver.gob.mx\/salud-publica\/wp-content\/uploads\/sites\/42\/2024\/06\/Infografia-hipertesion-1baja-232x300.jpg 232w\" sizes=\"auto, (max-width: 612px) 100vw, 612px\" \/><\/figure>\n<\/div>\n\n\n\n<p><\/p>\n\n\n\n<figure class=\"wp-block-image aligncenter size-large\"><img loading=\"lazy\" decoding=\"async\" width=\"1024\" height=\"349\" src=\"https:\/\/www.ssaver.gob.mx\/salud-publica\/wp-content\/uploads\/sites\/42\/2024\/04\/Diabetes_Banner_Mesa-de-trabajo-1-min-1024x349.jpg\" alt=\"\" class=\"wp-image-441\" srcset=\"https:\/\/www.ssaver.gob.mx\/salud-publica\/wp-content\/uploads\/sites\/42\/2024\/04\/Diabetes_Banner_Mesa-de-trabajo-1-min-1024x349.jpg 1024w, https:\/\/www.ssaver.gob.mx\/salud-publica\/wp-content\/uploads\/sites\/42\/2024\/04\/Diabetes_Banner_Mesa-de-trabajo-1-min-300x102.jpg 300w, https:\/\/www.ssaver.gob.mx\/salud-publica\/wp-content\/uploads\/sites\/42\/2024\/04\/Diabetes_Banner_Mesa-de-trabajo-1-min-768x262.jpg 768w, https:\/\/www.ssaver.gob.mx\/salud-publica\/wp-content\/uploads\/sites\/42\/2024\/04\/Diabetes_Banner_Mesa-de-trabajo-1-min-1536x524.jpg 1536w, https:\/\/www.ssaver.gob.mx\/salud-publica\/wp-content\/uploads\/sites\/42\/2024\/04\/Diabetes_Banner_Mesa-de-trabajo-1-min-2048x698.jpg 2048w\" sizes=\"auto, (max-width: 1024px) 100vw, 1024px\" \/><\/figure>\n\n\n\n<hr class=\"wp-block-separator has-text-color has-alpha-channel-opacity has-background is-style-wide\" style=\"background-color:#a32445;color:#a32445\" \/>\n\n\n\n<div class=\"wp-block-group is-content-justification-center is-nowrap is-layout-flex wp-container-core-group-is-layout-23441af8 wp-block-group-is-layout-flex\">\n<figure class=\"wp-block-image size-full\"><a href=\"https:\/\/www.facebook.com\/PromoSaludVer?mibextid=ZbWKwL\"><img loading=\"lazy\" decoding=\"async\" width=\"157\" height=\"116\" src=\"https:\/\/www.ssaver.gob.mx\/salud-publica\/wp-content\/uploads\/sites\/42\/2024\/04\/Material-de-difusion-03.png\" alt=\"\" class=\"wp-image-194\" \/><\/a><\/figure>\n\n\n\n<figure class=\"wp-block-image size-full\"><a href=\"https:\/\/www.facebook.com\/share\/v\/RVbxKG7JzfjBEFfH\/?mibextid=qi2Omg\" target=\"_blank\" rel=\"noreferrer noopener\"><img loading=\"lazy\" decoding=\"async\" width=\"158\" height=\"116\" src=\"https:\/\/www.ssaver.gob.mx\/salud-publica\/wp-content\/uploads\/sites\/42\/2024\/04\/Material-de-difusion-04.png\" alt=\"\" class=\"wp-image-189\" \/><\/a><\/figure>\n<\/div>\n\n\n\n<p><\/p>\n<\/div>\n<\/div>\n<\/div>\n","protected":false},"excerpt":{"rendered":"<p>El programa tiene como finalidad: detectar, tratar y controlar oportunamente los casos de obesidad, diabetes mellitus, hipertensi\u00f3n arterial y dislipidemias.<\/p>\n","protected":false},"author":50,"featured_media":0,"parent":0,"menu_order":0,"comment_status":"closed","ping_status":"closed","template":"","meta":{"colormag_page_container_layout":"default_layout","colormag_page_sidebar_layout":"default_layout","footnotes":""},"class_list":["post-223","page","type-page","status-publish","hentry"],"_links":{"self":[{"href":"https:\/\/www.ssaver.gob.mx\/salud-publica\/wp-json\/wp\/v2\/pages\/223","targetHints":{"allow":["GET"]}}],"collection":[{"href":"https:\/\/www.ssaver.gob.mx\/salud-publica\/wp-json\/wp\/v2\/pages"}],"about":[{"href":"https:\/\/www.ssaver.gob.mx\/salud-publica\/wp-json\/wp\/v2\/types\/page"}],"author":[{"embeddable":true,"href":"https:\/\/www.ssaver.gob.mx\/salud-publica\/wp-json\/wp\/v2\/users\/50"}],"replies":[{"embeddable":true,"href":"https:\/\/www.ssaver.gob.mx\/salud-publica\/wp-json\/wp\/v2\/comments?post=223"}],"version-history":[{"count":9,"href":"https:\/\/www.ssaver.gob.mx\/salud-publica\/wp-json\/wp\/v2\/pages\/223\/revisions"}],"predecessor-version":[{"id":1741,"href":"https:\/\/www.ssaver.gob.mx\/salud-publica\/wp-json\/wp\/v2\/pages\/223\/revisions\/1741"}],"wp:attachment":[{"href":"https:\/\/www.ssaver.gob.mx\/salud-publica\/wp-json\/wp\/v2\/media?parent=223"}],"curies":[{"name":"wp","href":"https:\/\/api.w.org\/{rel}","templated":true}]}}