{"id":251,"date":"2024-07-26T15:48:00","date_gmt":"2024-07-26T20:48:00","guid":{"rendered":"https:\/\/www.ssaver.gob.mx\/salud-publica\/?page_id=251"},"modified":"2026-03-27T10:52:08","modified_gmt":"2026-03-27T16:52:08","slug":"planificacion-familiar-y-anticoncepcion","status":"publish","type":"page","link":"https:\/\/www.ssaver.gob.mx\/salud-publica\/planificacion-familiar-y-anticoncepcion\/","title":{"rendered":"Planificaci\u00f3n familiar y anticoncepci\u00f3n"},"content":{"rendered":"\n<div class=\"wp-block-group is-layout-constrained wp-container-core-group-is-layout-9517baca wp-block-group-is-layout-constrained\">\n<div class=\"wp-block-columns is-layout-flex wp-container-core-columns-is-layout-28f84493 wp-block-columns-is-layout-flex\">\n<div class=\"wp-block-column is-layout-flow wp-block-column-is-layout-flow\" style=\"flex-basis:100%\">\n<figure class=\"wp-block-image aligncenter size-large\"><img loading=\"lazy\" decoding=\"async\" width=\"1024\" height=\"450\" src=\"https:\/\/www.ssaver.gob.mx\/salud-publica\/wp-content\/uploads\/sites\/42\/2024\/09\/PLANIFICACION-FAMILIAR-1024x450.png\" alt=\"\" class=\"wp-image-905\" srcset=\"https:\/\/www.ssaver.gob.mx\/salud-publica\/wp-content\/uploads\/sites\/42\/2024\/09\/PLANIFICACION-FAMILIAR-1024x450.png 1024w, https:\/\/www.ssaver.gob.mx\/salud-publica\/wp-content\/uploads\/sites\/42\/2024\/09\/PLANIFICACION-FAMILIAR-300x132.png 300w, https:\/\/www.ssaver.gob.mx\/salud-publica\/wp-content\/uploads\/sites\/42\/2024\/09\/PLANIFICACION-FAMILIAR-768x337.png 768w, https:\/\/www.ssaver.gob.mx\/salud-publica\/wp-content\/uploads\/sites\/42\/2024\/09\/PLANIFICACION-FAMILIAR-1536x675.png 1536w, https:\/\/www.ssaver.gob.mx\/salud-publica\/wp-content\/uploads\/sites\/42\/2024\/09\/PLANIFICACION-FAMILIAR-2048x900.png 2048w, https:\/\/www.ssaver.gob.mx\/salud-publica\/wp-content\/uploads\/sites\/42\/2024\/09\/PLANIFICACION-FAMILIAR-1070x470.png 1070w\" sizes=\"auto, (max-width: 1024px) 100vw, 1024px\" \/><\/figure>\n\n\n\n<p><\/p>\n\n\n\n<figure class=\"wp-block-image aligncenter size-full is-resized\"><img loading=\"lazy\" decoding=\"async\" width=\"929\" height=\"478\" src=\"https:\/\/www.ssaver.gob.mx\/salud-publica\/wp-content\/uploads\/sites\/42\/2024\/04\/Objetivo-14-09.png\" alt=\"\" class=\"wp-image-228\" style=\"width:777px;height:auto\" srcset=\"https:\/\/www.ssaver.gob.mx\/salud-publica\/wp-content\/uploads\/sites\/42\/2024\/04\/Objetivo-14-09.png 929w, https:\/\/www.ssaver.gob.mx\/salud-publica\/wp-content\/uploads\/sites\/42\/2024\/04\/Objetivo-14-09-300x154.png 300w, https:\/\/www.ssaver.gob.mx\/salud-publica\/wp-content\/uploads\/sites\/42\/2024\/04\/Objetivo-14-09-768x395.png 768w\" sizes=\"auto, (max-width: 929px) 100vw, 929px\" \/><\/figure>\n\n\n\n<p class=\"has-medium-font-size\">Hoy en d\u00eda, se define a la <strong>planificaci\u00f3n familiar<\/strong> <em>como el derecho de toda persona a decidir de manera libre y responsable, sobre el n\u00famero de hijos y el momento en que los tendr\u00e1<\/em>; as\u00ed como a recibir informaci\u00f3n sobre el tema y los servicios necesarios.<\/p>\n\n\n\n<blockquote class=\"wp-block-quote is-layout-flow wp-block-quote-is-layout-flow\">\n<p class=\"has-text-align-center has-medium-font-size\"><strong>Este derecho es independiente del sexo, la preferencia sexual, edad y el estado social o legal de las personas.<\/strong><\/p>\n<\/blockquote>\n\n\n\n<p class=\"has-text-align-left has-medium-font-size\">Por lo anterior, este programa concientiza en el tema de la salud sexual y reproductiva a las parejas veracruzanas, con enfoque de<strong> salud p\u00fablica, perspectiva de g\u00e9nero y respeto a los derechos humanos<\/strong>; promueve que las personas que lo desean, tengan acceso a servicios de planificaci\u00f3n familiar y anticoncepci\u00f3n, con oportunidad, calidad, calidez, privacidad, seguridad, equidad, efectividad y eficiencia.<\/p>\n\n\n\n<figure class=\"wp-block-image size-full\"><img loading=\"lazy\" decoding=\"async\" width=\"158\" height=\"157\" src=\"https:\/\/www.ssaver.gob.mx\/salud-publica\/wp-content\/uploads\/sites\/42\/2024\/04\/WHITEEEE-11.png\" alt=\"\" class=\"wp-image-199\" srcset=\"https:\/\/www.ssaver.gob.mx\/salud-publica\/wp-content\/uploads\/sites\/42\/2024\/04\/WHITEEEE-11.png 158w, https:\/\/www.ssaver.gob.mx\/salud-publica\/wp-content\/uploads\/sites\/42\/2024\/04\/WHITEEEE-11-150x150.png 150w\" sizes=\"auto, (max-width: 158px) 100vw, 158px\" \/><\/figure>\n\n\n\n<h2 class=\"wp-block-heading has-text-align-center has-x-large-font-size\">\ud83d\udce3 \ud83d\udce3  <strong>Inf\u00f3rmate y prot\u00e9gete <\/strong>\ud83d\udce3 \ud83d\udce3 <\/h2>\n\n\n\n<div class=\"wp-block-group is-nowrap is-layout-flex wp-container-core-group-is-layout-6c531013 wp-block-group-is-layout-flex\">\n<div class=\"wp-block-group is-nowrap is-layout-flex wp-container-core-group-is-layout-6c531013 wp-block-group-is-layout-flex\">\n<figure class=\"wp-block-image size-large is-resized\"><img loading=\"lazy\" decoding=\"async\" width=\"1024\" height=\"1024\" src=\"https:\/\/www.ssaver.gob.mx\/salud-publica\/wp-content\/uploads\/sites\/42\/2024\/07\/450315522_1029470595238734_366770191289096789_n-1024x1024.jpg\" alt=\"\" class=\"wp-image-694\" style=\"width:589px;height:auto\" srcset=\"https:\/\/www.ssaver.gob.mx\/salud-publica\/wp-content\/uploads\/sites\/42\/2024\/07\/450315522_1029470595238734_366770191289096789_n-1024x1024.jpg 1024w, https:\/\/www.ssaver.gob.mx\/salud-publica\/wp-content\/uploads\/sites\/42\/2024\/07\/450315522_1029470595238734_366770191289096789_n-300x300.jpg 300w, https:\/\/www.ssaver.gob.mx\/salud-publica\/wp-content\/uploads\/sites\/42\/2024\/07\/450315522_1029470595238734_366770191289096789_n-150x150.jpg 150w, https:\/\/www.ssaver.gob.mx\/salud-publica\/wp-content\/uploads\/sites\/42\/2024\/07\/450315522_1029470595238734_366770191289096789_n-768x768.jpg 768w, https:\/\/www.ssaver.gob.mx\/salud-publica\/wp-content\/uploads\/sites\/42\/2024\/07\/450315522_1029470595238734_366770191289096789_n-1536x1536.jpg 1536w, https:\/\/www.ssaver.gob.mx\/salud-publica\/wp-content\/uploads\/sites\/42\/2024\/07\/450315522_1029470595238734_366770191289096789_n-215x215.jpg 215w, https:\/\/www.ssaver.gob.mx\/salud-publica\/wp-content\/uploads\/sites\/42\/2024\/07\/450315522_1029470595238734_366770191289096789_n.jpg 2048w\" sizes=\"auto, (max-width: 1024px) 100vw, 1024px\" \/><\/figure>\n\n\n\n<figure class=\"wp-block-image size-large is-resized\"><img loading=\"lazy\" decoding=\"async\" width=\"1024\" height=\"1024\" src=\"https:\/\/www.ssaver.gob.mx\/salud-publica\/wp-content\/uploads\/sites\/42\/2024\/07\/449948349_1029470705238723_9058390916420989247_n-1024x1024.jpg\" alt=\"\" class=\"wp-image-695\" style=\"width:579px;height:auto\" srcset=\"https:\/\/www.ssaver.gob.mx\/salud-publica\/wp-content\/uploads\/sites\/42\/2024\/07\/449948349_1029470705238723_9058390916420989247_n-1024x1024.jpg 1024w, https:\/\/www.ssaver.gob.mx\/salud-publica\/wp-content\/uploads\/sites\/42\/2024\/07\/449948349_1029470705238723_9058390916420989247_n-300x300.jpg 300w, https:\/\/www.ssaver.gob.mx\/salud-publica\/wp-content\/uploads\/sites\/42\/2024\/07\/449948349_1029470705238723_9058390916420989247_n-150x150.jpg 150w, https:\/\/www.ssaver.gob.mx\/salud-publica\/wp-content\/uploads\/sites\/42\/2024\/07\/449948349_1029470705238723_9058390916420989247_n-768x768.jpg 768w, https:\/\/www.ssaver.gob.mx\/salud-publica\/wp-content\/uploads\/sites\/42\/2024\/07\/449948349_1029470705238723_9058390916420989247_n-1536x1536.jpg 1536w, https:\/\/www.ssaver.gob.mx\/salud-publica\/wp-content\/uploads\/sites\/42\/2024\/07\/449948349_1029470705238723_9058390916420989247_n-215x215.jpg 215w, https:\/\/www.ssaver.gob.mx\/salud-publica\/wp-content\/uploads\/sites\/42\/2024\/07\/449948349_1029470705238723_9058390916420989247_n.jpg 2048w\" sizes=\"auto, (max-width: 1024px) 100vw, 1024px\" \/><\/figure>\n<\/div>\n<\/div>\n\n\n\n<div class=\"wp-block-group is-layout-constrained wp-block-group-is-layout-constrained\">\n<figure class=\"wp-block-image aligncenter size-large is-resized\"><img loading=\"lazy\" decoding=\"async\" width=\"1024\" height=\"1024\" src=\"https:\/\/www.ssaver.gob.mx\/salud-publica\/wp-content\/uploads\/sites\/42\/2024\/07\/449833871_1029470795238714_4966771412067360102_n-1024x1024.jpg\" alt=\"\" class=\"wp-image-696\" style=\"width:634px;height:auto\" srcset=\"https:\/\/www.ssaver.gob.mx\/salud-publica\/wp-content\/uploads\/sites\/42\/2024\/07\/449833871_1029470795238714_4966771412067360102_n-1024x1024.jpg 1024w, https:\/\/www.ssaver.gob.mx\/salud-publica\/wp-content\/uploads\/sites\/42\/2024\/07\/449833871_1029470795238714_4966771412067360102_n-300x300.jpg 300w, https:\/\/www.ssaver.gob.mx\/salud-publica\/wp-content\/uploads\/sites\/42\/2024\/07\/449833871_1029470795238714_4966771412067360102_n-150x150.jpg 150w, https:\/\/www.ssaver.gob.mx\/salud-publica\/wp-content\/uploads\/sites\/42\/2024\/07\/449833871_1029470795238714_4966771412067360102_n-768x768.jpg 768w, https:\/\/www.ssaver.gob.mx\/salud-publica\/wp-content\/uploads\/sites\/42\/2024\/07\/449833871_1029470795238714_4966771412067360102_n-1536x1536.jpg 1536w, https:\/\/www.ssaver.gob.mx\/salud-publica\/wp-content\/uploads\/sites\/42\/2024\/07\/449833871_1029470795238714_4966771412067360102_n-215x215.jpg 215w, https:\/\/www.ssaver.gob.mx\/salud-publica\/wp-content\/uploads\/sites\/42\/2024\/07\/449833871_1029470795238714_4966771412067360102_n.jpg 2048w\" sizes=\"auto, (max-width: 1024px) 100vw, 1024px\" \/><\/figure>\n<\/div>\n\n\n\n<h1 class=\"wp-block-heading has-text-align-center\">\ud83d\udce3 <strong>Jornada de vasectom\u00eda sin bistur\u00ed<\/strong><\/h1>\n\n\n\n<div class=\"wp-block-group is-layout-constrained wp-block-group-is-layout-constrained\">\n<figure class=\"wp-block-image aligncenter size-large\"><img loading=\"lazy\" decoding=\"async\" width=\"663\" height=\"1024\" src=\"https:\/\/www.ssaver.gob.mx\/salud-publica\/wp-content\/uploads\/sites\/42\/2024\/06\/WhatsApp-Image-2024-06-13-at-10.31.19-AM-663x1024.jpeg\" alt=\"\" class=\"wp-image-614\" srcset=\"https:\/\/www.ssaver.gob.mx\/salud-publica\/wp-content\/uploads\/sites\/42\/2024\/06\/WhatsApp-Image-2024-06-13-at-10.31.19-AM-663x1024.jpeg 663w, https:\/\/www.ssaver.gob.mx\/salud-publica\/wp-content\/uploads\/sites\/42\/2024\/06\/WhatsApp-Image-2024-06-13-at-10.31.19-AM-194x300.jpeg 194w, https:\/\/www.ssaver.gob.mx\/salud-publica\/wp-content\/uploads\/sites\/42\/2024\/06\/WhatsApp-Image-2024-06-13-at-10.31.19-AM-768x1187.jpeg 768w, https:\/\/www.ssaver.gob.mx\/salud-publica\/wp-content\/uploads\/sites\/42\/2024\/06\/WhatsApp-Image-2024-06-13-at-10.31.19-AM-994x1536.jpeg 994w, https:\/\/www.ssaver.gob.mx\/salud-publica\/wp-content\/uploads\/sites\/42\/2024\/06\/WhatsApp-Image-2024-06-13-at-10.31.19-AM.jpeg 1080w\" sizes=\"auto, (max-width: 663px) 100vw, 663px\" \/><\/figure>\n\n\n\n<figure class=\"wp-block-image size-full\"><img loading=\"lazy\" decoding=\"async\" width=\"158\" height=\"157\" src=\"https:\/\/www.ssaver.gob.mx\/salud-publica\/wp-content\/uploads\/sites\/42\/2024\/04\/WHITEEEE-11.png\" alt=\"\" class=\"wp-image-199\" srcset=\"https:\/\/www.ssaver.gob.mx\/salud-publica\/wp-content\/uploads\/sites\/42\/2024\/04\/WHITEEEE-11.png 158w, https:\/\/www.ssaver.gob.mx\/salud-publica\/wp-content\/uploads\/sites\/42\/2024\/04\/WHITEEEE-11-150x150.png 150w\" sizes=\"auto, (max-width: 158px) 100vw, 158px\" \/><\/figure>\n\n\n\n<p class=\"has-medium-font-size\"><\/p>\n\n\n\n<figure class=\"wp-block-image aligncenter size-large\"><img loading=\"lazy\" decoding=\"async\" width=\"663\" height=\"1024\" src=\"https:\/\/www.ssaver.gob.mx\/salud-publica\/wp-content\/uploads\/sites\/42\/2024\/07\/450366934_1029492035236590_3549176474589656581_n-663x1024.jpg\" alt=\"\" class=\"wp-image-697\" srcset=\"https:\/\/www.ssaver.gob.mx\/salud-publica\/wp-content\/uploads\/sites\/42\/2024\/07\/450366934_1029492035236590_3549176474589656581_n-663x1024.jpg 663w, https:\/\/www.ssaver.gob.mx\/salud-publica\/wp-content\/uploads\/sites\/42\/2024\/07\/450366934_1029492035236590_3549176474589656581_n-194x300.jpg 194w, https:\/\/www.ssaver.gob.mx\/salud-publica\/wp-content\/uploads\/sites\/42\/2024\/07\/450366934_1029492035236590_3549176474589656581_n-768x1187.jpg 768w, https:\/\/www.ssaver.gob.mx\/salud-publica\/wp-content\/uploads\/sites\/42\/2024\/07\/450366934_1029492035236590_3549176474589656581_n-994x1536.jpg 994w, https:\/\/www.ssaver.gob.mx\/salud-publica\/wp-content\/uploads\/sites\/42\/2024\/07\/450366934_1029492035236590_3549176474589656581_n.jpg 1325w\" sizes=\"auto, (max-width: 663px) 100vw, 663px\" \/><\/figure>\n<\/div>\n\n\n\n<p class=\"has-medium-font-size\">Para mayor seguridad es importante que recibas asesor\u00eda m\u00e9dica, para seleccionar el m\u00e9todo adecuado para ti. Inf\u00f3rmate y busca mayor orientaci\u00f3n.<\/p>\n\n\n\n<p class=\"has-medium-font-size\"><strong><em>Hay mucha variedad de opciones y seguro alguna de ellas se adapta a tus necesidades. \u00a1Usa Cond\u00f3n, as\u00ed te proteges de VIH\/Sida y de otras ITS!<\/em><\/strong><\/p>\n\n\n\n<hr class=\"wp-block-separator has-text-color has-alpha-channel-opacity has-background is-style-wide\" style=\"background-color:#a22345;color:#a22345\" \/>\n\n\n\n<p><\/p>\n\n\n\n<p class=\"has-medium-font-size\">\u00a1Ac\u00e9rcate a los Servicios Amigables para Adolescentes, en centros de salud y hospitales de la Secretar\u00eda de Salud!&nbsp; \u00a1Sus servicios son gratuitos!<\/p>\n\n\n\n<p class=\"has-medium-font-size\">\u00a1ACUDE A TU CENTRO DE SALUD PARA MAYOR INFORMACI\u00d3N!<\/p>\n\n\n\n<div class=\"wp-block-group is-content-justification-center is-nowrap is-layout-flex wp-container-core-group-is-layout-23441af8 wp-block-group-is-layout-flex\">\n<figure class=\"wp-block-image size-full is-resized\"><a href=\"https:\/\/www.facebook.com\/PromoSaludVer?mibextid=ZbWKwL\"><img loading=\"lazy\" decoding=\"async\" width=\"157\" height=\"116\" src=\"https:\/\/www.ssaver.gob.mx\/salud-publica\/wp-content\/uploads\/sites\/42\/2024\/04\/Material-de-difusion-03.png\" alt=\"\" class=\"wp-image-194\" style=\"width:223px;height:auto\" \/><\/a><\/figure>\n<\/div>\n<\/div>\n<\/div>\n<\/div>\n","protected":false},"excerpt":{"rendered":"<p>Hoy en d\u00eda, se define a la planificaci\u00f3n familiar como el derecho de toda persona a decidir de manera libre<\/p>\n","protected":false},"author":50,"featured_media":0,"parent":0,"menu_order":0,"comment_status":"closed","ping_status":"closed","template":"","meta":{"colormag_page_container_layout":"default_layout","colormag_page_sidebar_layout":"default_layout","footnotes":""},"class_list":["post-251","page","type-page","status-publish","hentry"],"_links":{"self":[{"href":"https:\/\/www.ssaver.gob.mx\/salud-publica\/wp-json\/wp\/v2\/pages\/251","targetHints":{"allow":["GET"]}}],"collection":[{"href":"https:\/\/www.ssaver.gob.mx\/salud-publica\/wp-json\/wp\/v2\/pages"}],"about":[{"href":"https:\/\/www.ssaver.gob.mx\/salud-publica\/wp-json\/wp\/v2\/types\/page"}],"author":[{"embeddable":true,"href":"https:\/\/www.ssaver.gob.mx\/salud-publica\/wp-json\/wp\/v2\/users\/50"}],"replies":[{"embeddable":true,"href":"https:\/\/www.ssaver.gob.mx\/salud-publica\/wp-json\/wp\/v2\/comments?post=251"}],"version-history":[{"count":8,"href":"https:\/\/www.ssaver.gob.mx\/salud-publica\/wp-json\/wp\/v2\/pages\/251\/revisions"}],"predecessor-version":[{"id":1747,"href":"https:\/\/www.ssaver.gob.mx\/salud-publica\/wp-json\/wp\/v2\/pages\/251\/revisions\/1747"}],"wp:attachment":[{"href":"https:\/\/www.ssaver.gob.mx\/salud-publica\/wp-json\/wp\/v2\/media?parent=251"}],"curies":[{"name":"wp","href":"https:\/\/api.w.org\/{rel}","templated":true}]}}