{"id":1063,"date":"2022-11-28T14:22:51","date_gmt":"2022-11-28T20:22:51","guid":{"rendered":"https:\/\/www.ssaver.gob.mx\/seic\/?page_id=1063"},"modified":"2026-03-31T15:06:34","modified_gmt":"2026-03-31T21:06:34","slug":"cbe","status":"publish","type":"page","link":"https:\/\/www.ssaver.gob.mx\/seic\/cbe\/","title":{"rendered":"La Comisi\u00f3n de Bio\u00e9tica del Estado de Veracruz de Ignacio de la Llave"},"content":{"rendered":"\n<hr class=\"wp-block-separator has-text-color has-luminous-vivid-amber-color has-alpha-channel-opacity has-luminous-vivid-amber-background-color has-background is-style-wide\" \/>\n\n\n\n<p style=\"text-align:justify;color:#5b4c0d;font-size:22px\"><b>Es un \u00f3rgano consultivo, normativo y de coordinaci\u00f3n entre las dependencias, entidades p\u00fablicas e instituciones privadas, la cual tendr\u00e1 por objeto promover el estudio y observancia de valores y principios \u00e9ticos para el ejercicio tanto de la atenci\u00f3n m\u00e9dica como de la investigaci\u00f3n en salud y fomentar la preservaci\u00f3n del medio ambiente.<\/b><\/p>\n\n\n\n<hr class=\"wp-block-separator has-text-color has-cyan-bluish-gray-color has-alpha-channel-opacity has-cyan-bluish-gray-background-color has-background is-style-wide\" \/>\n\n\n\n<div class=\"wp-block-group is-content-justification-center is-nowrap is-layout-flex wp-container-core-group-is-layout-56adc194 wp-block-group-is-layout-flex\" style=\"margin-top:0;margin-bottom:0;padding-top:0;padding-right:var(--wp--preset--spacing--80);padding-bottom:0;padding-left:var(--wp--preset--spacing--80)\">\n<p class=\"has-text-align-center has-text-color has-link-color has-medium-font-size wp-elements-0f711254fc680eff8783e399f5d63b75\" style=\"color:#5b4c0d\"><strong>Documentos Normativos y Operativos de la Comisi\u00f3n Estatal<br>de Bio\u00e9tica (CEB)<\/strong><\/p>\n\n\n\n<figure class=\"wp-block-image size-medium is-style-default wp-container-content-83148919\"><img loading=\"lazy\" decoding=\"async\" width=\"300\" height=\"208\" src=\"https:\/\/www.ssaver.gob.mx\/seic\/wp-content\/uploads\/sites\/22\/2024\/11\/Imagen1-1-300x208.png\" alt=\"\" class=\"wp-image-2527\" style=\"object-fit:cover\" \/><\/figure>\n<\/div>\n\n\n\n<div class=\"wp-block-group is-layout-grid wp-container-core-group-is-layout-b757edec wp-block-group-is-layout-grid\">\n<ul style=\"color:#5b4c0d\" class=\"wp-block-list has-white-background-color has-text-color has-background has-link-color has-medium-font-size wp-elements-4780143e3c10088c652ae95bf2ccc1eb wp-container-content-91e0b0f7\">\n<li class=\"has-medium-font-size\"><a href=\"https:\/\/www.ssaver.gob.mx\/seic\/wp-content\/uploads\/sites\/22\/2024\/11\/1.-Acuerdo-de-creacion-Comision-Estatal-de-Bioetica-CEB_2-feb-2012.pdf\" target=\"_blank\" rel=\"noreferrer noopener\"><strong>Acuerdo de creaci\u00f3n de la CEB_2012<\/strong><\/a><\/li>\n\n\n\n<li class=\"has-medium-font-size\"><a href=\"https:\/\/www.ssaver.gob.mx\/seic\/wp-content\/uploads\/sites\/22\/2024\/11\/2.-Reglamento-Interior-de-la-CEB_22-nov-2018.pdf\" target=\"_blank\" rel=\"noreferrer noopener\"><strong>Reglamento Interior de la CEB_2018<\/strong><\/a><\/li>\n\n\n\n<li class=\"has-medium-font-size\"><a href=\"https:\/\/www.ssaver.gob.mx\/seic\/wp-content\/uploads\/sites\/22\/2024\/11\/3.-Modificacion-al-Acuerdo-de-creacion-de-la-CEB_9-ag-2024.pdf\" target=\"_blank\" rel=\"noreferrer noopener\"><strong>Modificaci\u00f3n al Acuerdo de creaci\u00f3n de la CEB_2024<\/strong><\/a><\/li>\n\n\n\n<li class=\"has-medium-font-size\"><a href=\"https:\/\/www.ssaver.gob.mx\/seic\/wp-content\/uploads\/sites\/22\/2025\/07\/Actafirmada_ReinstalacionCEB_2025.pdf\" data-type=\"link\" data-id=\"https:\/\/www.ssaver.gob.mx\/seic\/wp-content\/uploads\/sites\/22\/2025\/07\/Actafirmada_ReinstalacionCEB_2025.pdf\" target=\"_blank\" rel=\"noreferrer noopener\"><strong>Acta de Reinstalaci\u00f3n de la CEB 01\/2025<\/strong><\/a><\/li>\n\n\n\n<li class=\"has-medium-font-size\"><strong><a href=\"https:\/\/www.ssaver.gob.mx\/seic\/wp-content\/uploads\/sites\/22\/2025\/12\/2a.-Reunion-Ordinaria-de-la-CEB_-022025.pdf\" data-type=\"link\" data-id=\"https:\/\/www.ssaver.gob.mx\/seic\/wp-content\/uploads\/sites\/22\/2025\/12\/2a.-Reunion-Ordinaria-de-la-CEB_-022025.pdf\" target=\"_blank\" rel=\"noreferrer noopener\">2\u00aa. Reuni\u00f3n Ordinaria de la CEB_02\/2025<\/a><\/strong><\/li>\n\n\n\n<li class=\"has-medium-font-size\"><a href=\"https:\/\/www.ssaver.gob.mx\/seic\/wp-content\/uploads\/sites\/22\/2025\/11\/Reunion-de-Trabajo-de-Comites-de-Etica-en-Investigacion.pdf\" data-type=\"link\" data-id=\"https:\/\/www.ssaver.gob.mx\/seic\/wp-content\/uploads\/sites\/22\/2025\/11\/Reunion-de-Trabajo-de-Comites-de-Etica-en-Investigacion.pdf\" target=\"_blank\" rel=\"noreferrer noopener\"><strong>Reuni\u00f3n de Trabajo de Comit\u00e9s de \u00c9tica en Investigaci\u00f3n<\/strong><\/a><\/li>\n\n\n\n<li class=\"has-medium-font-size\"><a href=\"https:\/\/www.ssaver.gob.mx\/seic\/wp-content\/uploads\/sites\/22\/2025\/12\/1a.-Reunion-extraordinaria-de-la-CEB_012025.pdf\" data-type=\"link\" data-id=\"https:\/\/www.ssaver.gob.mx\/seic\/wp-content\/uploads\/sites\/22\/2025\/12\/1a.-Reunion-extraordinaria-de-la-CEB_012025.pdf\" target=\"_blank\" rel=\"noreferrer noopener\"><strong>Reuni\u00f3n Extraordinaria de la CEB_01\/2025<\/strong><\/a><\/li>\n\n\n\n<li class=\"has-medium-font-size\"><a href=\"https:\/\/www.ssaver.gob.mx\/seic\/wp-content\/uploads\/sites\/22\/2025\/11\/2a.-Reunion-de-Trabajo-de-Comites-de-Etica-en-Investigacion.pdf\" data-type=\"link\" data-id=\"https:\/\/www.ssaver.gob.mx\/seic\/wp-content\/uploads\/sites\/22\/2025\/11\/2a.-Reunion-de-Trabajo-de-Comites-de-Etica-en-Investigacion.pdf\" target=\"_blank\" rel=\"noreferrer noopener\"><strong>2\u00aa. Reuni\u00f3n de Trabajo de Comit\u00e9s de \u00c9tica en Investigaci\u00f3n<\/strong><\/a><\/li>\n\n\n\n<li class=\"has-medium-font-size\"><strong><a href=\"https:\/\/www.ssaver.gob.mx\/seic\/wp-content\/uploads\/sites\/22\/2025\/12\/3a.-Reunion-Ordinaria-de-la-CEB_-032025.pdf\" data-type=\"link\" data-id=\"https:\/\/www.ssaver.gob.mx\/seic\/wp-content\/uploads\/sites\/22\/2025\/12\/3a.-Reunion-Ordinaria-de-la-CEB_-032025.pdf\" target=\"_blank\" rel=\"noreferrer noopener\">3\u00aa. Reuni\u00f3n Ordinaria de la CEB_03\/2025<\/a><\/strong><\/li>\n\n\n\n<li class=\"has-medium-font-size\"><strong><a href=\"https:\/\/www.ssaver.gob.mx\/seic\/wp-content\/uploads\/sites\/22\/2026\/03\/Acta-04_2025_CEB.pdf\" data-type=\"link\" data-id=\"https:\/\/www.ssaver.gob.mx\/seic\/wp-content\/uploads\/sites\/22\/2026\/03\/Acta-04_2025_CEB.pdf\" target=\"_blank\" rel=\"noreferrer noopener\">4\u00aa. Reuni\u00f3n Ordinaria de la CEB_04\/2025<\/a><\/strong><\/li>\n\n\n\n<li class=\"has-medium-font-size\"><a href=\"https:\/\/www.ssaver.gob.mx\/seic\/wp-content\/uploads\/sites\/22\/2026\/03\/DOF_Ref_150126_LGS_art.-41-bis-y-98.pdf\" data-type=\"link\" data-id=\"https:\/\/www.ssaver.gob.mx\/seic\/wp-content\/uploads\/sites\/22\/2026\/03\/DOF_Ref_150126_LGS_art.-41-bis-y-98.pdf\" target=\"_blank\" rel=\"noreferrer noopener\"><strong>Reforma _ Ley General de Salud_Art. 41 Bis y 98 <\/strong><\/a><\/li>\n\n\n\n<li class=\"has-medium-font-size\"><a href=\"https:\/\/www.ssaver.gob.mx\/seic\/wp-content\/uploads\/sites\/22\/2026\/03\/Directorio_marzo_2026_Comision-de-Bioetica-de-Veracruz.pdf\" data-type=\"link\" data-id=\"https:\/\/www.ssaver.gob.mx\/seic\/wp-content\/uploads\/sites\/22\/2026\/03\/Directorio_marzo_2026_Comision-de-Bioetica-de-Veracruz.pdf\" target=\"_blank\" rel=\"noreferrer noopener\"><strong>Directorio CEB 2026<\/strong><\/a><\/li>\n<\/ul>\n<\/div>\n\n\n\n<h1 class=\"wp-block-heading has-text-color has-link-color has-medium-font-size wp-elements-718ca5bb64c125c8321daf32b2e763f9\" style=\"color:#5b4c0d\"><strong>Funciones:<\/strong><\/h1>\n\n\n\n<ul class=\"wp-block-list\">\n<li class=\"has-text-color has-link-color has-medium-font-size wp-elements-c8459e79681954c9bce3fc34badbd829\" style=\"color:#5b4c0d\"><strong>Impulsar acciones de capacitaci\u00f3n en bio\u00e9tica para miembros de la Comisi\u00f3n de Bio\u00e9tica del Estado de Veracruz.<\/strong><\/li>\n\n\n\n<li class=\"has-text-color has-link-color has-medium-font-size wp-elements-92af1aaf4f7f522abbeaefaf27992ef8\" style=\"color:#5b4c0d\"><strong>Desarrollar acciones en colaboraci\u00f3n con la vocal\u00eda de la Comisi\u00f3n Estatal de Bio\u00e9tica (CEB), a fin de fomentar el respeto de los principios \u00e9ticos y valores<\/strong>.<\/li>\n\n\n\n<li class=\"has-text-color has-link-color has-medium-font-size wp-elements-b45d7587080f31b117fa187d57c9cbdd\" style=\"color:#5b4c0d\"><strong>Apoyar en la certificaci\u00f3n y funcionamiento de los Comit\u00e9s de \u00c9tica e Investigaci\u00f3n (CEI) y&nbsp;<a href=\"https:\/\/www.google.com\/search?q=Comit%C3%A9s+de+Bio%C3%A9tica+para+la+Atenci%C3%B3n+de+la+Salud&amp;rlz=1C1CHBF_esMX924MX924&amp;oq=cbas+%2Bconbio%C3%A9tica&amp;gs_lcrp=EgZjaHJvbWUyBggAEEUYOdIBCTEyMTUwajBqN6gCALACAA&amp;sourceid=chrome&amp;ie=UTF-8&amp;ved=2ahUKEwiywpzehrmTAxURJUQIHZI9I_0QgK4QegQIARAB\">Comit\u00e9s de Bio\u00e9tica para la Atenci\u00f3n de la Salud<\/a>&nbsp;(CEBAS) en instituciones p\u00fablicas y privadas.<\/strong><\/li>\n\n\n\n<li class=\"has-text-color has-link-color has-medium-font-size wp-elements-0da68b58c40753853939788b32a348d4\" style=\"color:#5b4c0d\"><strong>Monitorear el funcionamiento de los Comit\u00e9s de Bio\u00e9tica (CBAS y CEI), conforme a los lineamientos publicados por la CONBIO\u00c9TICA, posterior a la Reforma de la LGS de fecha 15 de enero de 2026.<\/strong><\/li>\n\n\n\n<li class=\"has-text-color has-link-color has-medium-font-size wp-elements-36ce94c84edfa77b9b72f9f756978b80\" style=\"color:#5b4c0d\"><strong>Brindar asesor\u00eda e informaci\u00f3n bio\u00e9tica a las instituciones estatales p\u00fablicas y privadas, dentro del marco de su respectiva competencia.<\/strong><\/li>\n<\/ul>\n\n\n\n<div style=\"height:15px\" aria-hidden=\"true\" class=\"wp-block-spacer\"><\/div>\n\n\n\n<p class=\"has-text-color has-link-color has-medium-font-size wp-elements-16f39e94dd33751173fa7b022224520b\" style=\"color:#5b4c0d\"><strong>Actividades:<\/strong><\/p>\n\n\n\n<ul class=\"wp-block-list\">\n<li class=\"has-text-color has-link-color has-medium-font-size wp-elements-dd151a14ed2f375f98a63dfb862f6b1a\" style=\"color:#5b4c0d\"><strong>Asesor\u00eda y acompa\u00f1amiento a los Comit\u00e9s de Bio\u00e9tica (CBAS y CEI) para la certificaci\u00f3n y funcionamiento en los establecimientos del sector salud y acad\u00e9mico.<\/strong><\/li>\n\n\n\n<li class=\"has-text-color has-link-color has-medium-font-size wp-elements-d6a648d2f98a309d3b0866af595fbb6b\" style=\"color:#5b4c0d\"><strong>Difusi\u00f3n de la Oferta de capacitaci\u00f3n y formaci\u00f3n en Bio\u00e9tica:<\/strong><\/li>\n<\/ul>\n\n\n\n<div style=\"height:15px\" aria-hidden=\"true\" class=\"wp-block-spacer\"><\/div>\n\n\n\n<figure class=\"wp-block-image aligncenter size-large is-resized\"><img loading=\"lazy\" decoding=\"async\" width=\"1024\" height=\"535\" src=\"https:\/\/www.ssaver.gob.mx\/seic\/wp-content\/uploads\/sites\/22\/2026\/03\/Videoconferencias_8-abril_10-AM-1024x535.png\" alt=\"\" class=\"wp-image-4215\" style=\"width:695px;height:auto\" srcset=\"https:\/\/www.ssaver.gob.mx\/seic\/wp-content\/uploads\/sites\/22\/2026\/03\/Videoconferencias_8-abril_10-AM-1024x535.png 1024w, https:\/\/www.ssaver.gob.mx\/seic\/wp-content\/uploads\/sites\/22\/2026\/03\/Videoconferencias_8-abril_10-AM-300x157.png 300w, https:\/\/www.ssaver.gob.mx\/seic\/wp-content\/uploads\/sites\/22\/2026\/03\/Videoconferencias_8-abril_10-AM-768x401.png 768w, https:\/\/www.ssaver.gob.mx\/seic\/wp-content\/uploads\/sites\/22\/2026\/03\/Videoconferencias_8-abril_10-AM-1536x803.png 1536w, https:\/\/www.ssaver.gob.mx\/seic\/wp-content\/uploads\/sites\/22\/2026\/03\/Videoconferencias_8-abril_10-AM-2048x1070.png 2048w, https:\/\/www.ssaver.gob.mx\/seic\/wp-content\/uploads\/sites\/22\/2026\/03\/Videoconferencias_8-abril_10-AM-390x205.png 390w\" sizes=\"auto, (max-width: 1024px) 100vw, 1024px\" \/><\/figure>\n\n\n\n<figure class=\"wp-block-image aligncenter size-full is-resized\"><img loading=\"lazy\" decoding=\"async\" width=\"609\" height=\"341\" src=\"https:\/\/www.ssaver.gob.mx\/seic\/wp-content\/uploads\/sites\/22\/2026\/03\/image.png\" alt=\"\" class=\"wp-image-4304\" style=\"width:695px;height:auto\" srcset=\"https:\/\/www.ssaver.gob.mx\/seic\/wp-content\/uploads\/sites\/22\/2026\/03\/image.png 609w, https:\/\/www.ssaver.gob.mx\/seic\/wp-content\/uploads\/sites\/22\/2026\/03\/image-300x168.png 300w\" sizes=\"auto, (max-width: 609px) 100vw, 609px\" \/><\/figure>\n\n\n\n<p class=\"has-text-color has-link-color has-medium-font-size wp-elements-16f3faac4bec3515fc002bb96001480b\" style=\"color:#5b4c0d\"><strong>Para conocer m\u00e1s, consulta otros sitios:<\/strong><\/p>\n\n\n\n<p class=\"has-text-color has-link-color has-medium-font-size wp-elements-130e1c8a43f681bf421e8e8bbe2ff318\" style=\"color:#5b4c0d\"><strong><a href=\"https:\/\/www.paho.org\/es\/bioetica\">Programa Regional de Bio\u00e9tica (OPS)<\/a><\/strong><\/p>\n\n\n\n<figure class=\"wp-block-image aligncenter size-large is-resized\"><a href=\"https:\/\/www.paho.org\/es\/bioetica\" target=\"_blank\" rel=\" noreferrer noopener\"><img loading=\"lazy\" decoding=\"async\" width=\"1024\" height=\"274\" src=\"https:\/\/www.ssaver.gob.mx\/seic\/wp-content\/uploads\/sites\/22\/2025\/01\/paho-bioetica-1024x274.png\" alt=\"\" class=\"wp-image-3020\" style=\"width:852px;height:auto\" srcset=\"https:\/\/www.ssaver.gob.mx\/seic\/wp-content\/uploads\/sites\/22\/2025\/01\/paho-bioetica-1024x274.png 1024w, https:\/\/www.ssaver.gob.mx\/seic\/wp-content\/uploads\/sites\/22\/2025\/01\/paho-bioetica-300x80.png 300w, https:\/\/www.ssaver.gob.mx\/seic\/wp-content\/uploads\/sites\/22\/2025\/01\/paho-bioetica-768x205.png 768w, https:\/\/www.ssaver.gob.mx\/seic\/wp-content\/uploads\/sites\/22\/2025\/01\/paho-bioetica-1536x410.png 1536w, https:\/\/www.ssaver.gob.mx\/seic\/wp-content\/uploads\/sites\/22\/2025\/01\/paho-bioetica-2048x547.png 2048w\" sizes=\"auto, (max-width: 1024px) 100vw, 1024px\" \/><\/a><\/figure>\n\n\n\n<p class=\"has-text-color has-link-color has-medium-font-size wp-elements-09611515ec02ff14c584ffbafc341297\" style=\"color:#5b4c0d\"><br><strong>\u00abEn la p\u00e1gina web de la Comisi\u00f3n Nacional de Bio\u00e9tica encontrar\u00e1s publicaciones, pronunciamientos, comunicados, programas de videoconferencias, bolet\u00edn informativo, cat\u00e1logo de publicaciones cient\u00edficas y normatividad vigente en materia de Bio\u00e9tica.\u00bb<\/strong><\/p>\n\n\n\n<div style=\"height:30px\" aria-hidden=\"true\" class=\"wp-block-spacer\"><\/div>\n\n\n\n<hr class=\"wp-block-separator has-text-color has-alpha-channel-opacity has-background is-style-wide\" style=\"background-color:#dac195;color:#dac195\" \/>\n\n\n\n<p class=\"has-text-align-center has-text-color has-link-color has-medium-font-size wp-elements-49ea83a9a74ac7588b608fc2a0642c90\" style=\"color:#5b4c0d\"><strong>Reforma a la Ley General de Salud. Comit\u00e9s de \u00c9tica e Investigaci\u00f3n (CEI)<\/strong><\/p>\n\n\n\n<figure class=\"wp-block-image aligncenter size-full is-resized\"><a href=\"https:\/\/youtu.be\/Q1sNCEWmL24?si=kkQzQ9y8T7trNaI9\" target=\"_blank\" rel=\" noreferrer noopener\"><img loading=\"lazy\" decoding=\"async\" width=\"696\" height=\"383\" src=\"https:\/\/www.ssaver.gob.mx\/seic\/wp-content\/uploads\/sites\/22\/2026\/03\/CEI.png\" alt=\"\" class=\"wp-image-4283\" style=\"aspect-ratio:1.8172657174329894;width:456px;height:auto\" srcset=\"https:\/\/www.ssaver.gob.mx\/seic\/wp-content\/uploads\/sites\/22\/2026\/03\/CEI.png 696w, https:\/\/www.ssaver.gob.mx\/seic\/wp-content\/uploads\/sites\/22\/2026\/03\/CEI-300x165.png 300w\" sizes=\"auto, (max-width: 696px) 100vw, 696px\" \/><\/a><\/figure>\n\n\n\n<p class=\"has-text-align-center has-text-color has-link-color has-medium-font-size wp-elements-750466b16a770f65390da4879bfbbe7f\" style=\"color:#5b4c0d\"><strong><strong>Reforma a la Ley General de Salud. Comit\u00e9s de Bio\u00e9tica para la Atenci\u00f3n de la Salud (CBAS)<\/strong><\/strong><\/p>\n\n\n\n<figure class=\"wp-block-image aligncenter size-full is-resized\"><a href=\"https:\/\/youtu.be\/sIC1eTdhuZw?si=tgCNXihdqCIZ-Tf6\" target=\"_blank\" rel=\" noreferrer noopener\"><img loading=\"lazy\" decoding=\"async\" width=\"965\" height=\"542\" src=\"https:\/\/www.ssaver.gob.mx\/seic\/wp-content\/uploads\/sites\/22\/2026\/03\/CBAS.png\" alt=\"\" class=\"wp-image-4287\" style=\"aspect-ratio:1.8172657174329894;width:456px;height:auto\" srcset=\"https:\/\/www.ssaver.gob.mx\/seic\/wp-content\/uploads\/sites\/22\/2026\/03\/CBAS.png 965w, https:\/\/www.ssaver.gob.mx\/seic\/wp-content\/uploads\/sites\/22\/2026\/03\/CBAS-300x168.png 300w, https:\/\/www.ssaver.gob.mx\/seic\/wp-content\/uploads\/sites\/22\/2026\/03\/CBAS-768x431.png 768w\" sizes=\"auto, (max-width: 965px) 100vw, 965px\" \/><\/a><\/figure>\n\n\n\n<hr class=\"wp-block-separator has-text-color has-alpha-channel-opacity has-background is-style-wide\" style=\"background-color:#dac195;color:#dac195\" \/>\n\n\n\n<figure class=\"wp-block-image aligncenter size-large is-resized\"><img loading=\"lazy\" decoding=\"async\" width=\"1024\" height=\"408\" src=\"https:\/\/www.ssaver.gob.mx\/seic\/wp-content\/uploads\/sites\/22\/2025\/01\/Logo_of_YouTube-1024x408.png\" alt=\"\" class=\"wp-image-3036\" style=\"width:150px;height:auto\" srcset=\"https:\/\/www.ssaver.gob.mx\/seic\/wp-content\/uploads\/sites\/22\/2025\/01\/Logo_of_YouTube-1024x408.png 1024w, https:\/\/www.ssaver.gob.mx\/seic\/wp-content\/uploads\/sites\/22\/2025\/01\/Logo_of_YouTube-300x120.png 300w, https:\/\/www.ssaver.gob.mx\/seic\/wp-content\/uploads\/sites\/22\/2025\/01\/Logo_of_YouTube-768x306.png 768w, https:\/\/www.ssaver.gob.mx\/seic\/wp-content\/uploads\/sites\/22\/2025\/01\/Logo_of_YouTube-1536x613.png 1536w, https:\/\/www.ssaver.gob.mx\/seic\/wp-content\/uploads\/sites\/22\/2025\/01\/Logo_of_YouTube-2048x817.png 2048w\" sizes=\"auto, (max-width: 1024px) 100vw, 1024px\" \/><\/figure>\n\n\n\n<p class=\"has-text-align-center has-text-color has-link-color has-large-font-size wp-elements-6cb58bbc1bbfb5792af9c19c2bf45da5\" style=\"color:#5b4c0d\"><strong>Canales<\/strong><\/p>\n\n\n\n<div class=\"wp-block-columns is-layout-flex wp-container-core-columns-is-layout-28f84493 wp-block-columns-is-layout-flex\">\n<div class=\"wp-block-column is-vertically-aligned-center is-layout-flow wp-block-column-is-layout-flow\" style=\"flex-basis:100%\">\n<div class=\"wp-block-columns is-layout-flex wp-container-core-columns-is-layout-28f84493 wp-block-columns-is-layout-flex\">\n<div class=\"wp-block-column is-vertically-aligned-stretch is-layout-flow wp-block-column-is-layout-flow\">\n<figure class=\"wp-block-image alignright size-full is-resized\"><a href=\"https:\/\/www.youtube.com\/@conbioeticaMX\" target=\"_blank\" rel=\" noreferrer noopener\"><img loading=\"lazy\" decoding=\"async\" width=\"160\" height=\"160\" src=\"https:\/\/www.ssaver.gob.mx\/seic\/wp-content\/uploads\/sites\/22\/2025\/01\/Comision-Nacional-de-Bioetica.jpg\" alt=\"\" class=\"wp-image-3037\" style=\"width:273px;height:auto\" srcset=\"https:\/\/www.ssaver.gob.mx\/seic\/wp-content\/uploads\/sites\/22\/2025\/01\/Comision-Nacional-de-Bioetica.jpg 160w, https:\/\/www.ssaver.gob.mx\/seic\/wp-content\/uploads\/sites\/22\/2025\/01\/Comision-Nacional-de-Bioetica-150x150.jpg 150w\" sizes=\"auto, (max-width: 160px) 100vw, 160px\" \/><\/a><\/figure>\n<\/div>\n\n\n\n<div class=\"wp-block-column is-layout-flow wp-block-column-is-layout-flow\">\n<figure class=\"wp-block-image aligncenter size-full is-resized\"><a href=\"https:\/\/www.youtube.com\/@UNAMPUIREE\" target=\"_blank\" rel=\" noreferrer noopener\"><img loading=\"lazy\" decoding=\"async\" width=\"160\" height=\"160\" src=\"https:\/\/www.ssaver.gob.mx\/seic\/wp-content\/uploads\/sites\/22\/2025\/01\/Programa-Universitario-de-Investigacion-.jpg\" alt=\"\" class=\"wp-image-3038\" style=\"width:291px;height:auto\" srcset=\"https:\/\/www.ssaver.gob.mx\/seic\/wp-content\/uploads\/sites\/22\/2025\/01\/Programa-Universitario-de-Investigacion-.jpg 160w, https:\/\/www.ssaver.gob.mx\/seic\/wp-content\/uploads\/sites\/22\/2025\/01\/Programa-Universitario-de-Investigacion--150x150.jpg 150w\" sizes=\"auto, (max-width: 160px) 100vw, 160px\" \/><\/a><\/figure>\n<\/div>\n\n\n\n<div class=\"wp-block-column is-layout-flow wp-block-column-is-layout-flow\">\n<figure class=\"wp-block-image aligncenter size-full is-resized\"><a href=\"https:\/\/www.youtube.com\/@programauniversitariodebio293\" target=\"_blank\" rel=\" noreferrer noopener\"><img loading=\"lazy\" decoding=\"async\" width=\"160\" height=\"160\" src=\"https:\/\/www.ssaver.gob.mx\/seic\/wp-content\/uploads\/sites\/22\/2025\/01\/Programa-Universitario-de-Bioetica-.jpg\" alt=\"\" class=\"wp-image-3039\" style=\"width:259px;height:auto\" srcset=\"https:\/\/www.ssaver.gob.mx\/seic\/wp-content\/uploads\/sites\/22\/2025\/01\/Programa-Universitario-de-Bioetica-.jpg 160w, https:\/\/www.ssaver.gob.mx\/seic\/wp-content\/uploads\/sites\/22\/2025\/01\/Programa-Universitario-de-Bioetica--150x150.jpg 150w\" sizes=\"auto, (max-width: 160px) 100vw, 160px\" \/><\/a><\/figure>\n<\/div>\n<\/div>\n<\/div>\n<\/div>\n\n\n\n<div style=\"height:15px\" aria-hidden=\"true\" class=\"wp-block-spacer\"><\/div>\n\n\n\n<figure class=\"wp-block-table has-medium-font-size\"><table class=\"has-text-color has-link-color has-fixed-layout\" style=\"color:#5b4c0d\"><tbody><tr><td class=\"has-text-align-center\" data-align=\"center\"><strong><strong>Comisi\u00f3n Nacional de Bio\u00e9tica.<\/strong><\/strong><\/td><td class=\"has-text-align-center\" data-align=\"center\"><strong><strong>Programa Universitario de Investigaci\u00f3n sobre Riesgos Epidemiol\u00f3gicos y Emergentes \/ UNAM.<\/strong><\/strong><\/td><td class=\"has-text-align-center\" data-align=\"center\"><strong><strong>Programa Universitario de Bio\u00e9tica de la Universidad Nacional Aut\u00f3noma de M\u00e9xico.<\/strong><\/strong><\/td><\/tr><\/tbody><\/table><\/figure>\n\n\n\n<p class=\"has-medium-font-size\"><\/p>\n\n\n\n<p><\/p>\n","protected":false},"excerpt":{"rendered":"<p>Es un \u00f3rgano consultivo, normativo y de coordinaci\u00f3n entre las dependencias, entidades p\u00fablicas e instituciones privadas, la cual tendr\u00e1 por<\/p>\n","protected":false},"author":31,"featured_media":0,"parent":0,"menu_order":0,"comment_status":"closed","ping_status":"closed","template":"","meta":{"colormag_page_container_layout":"default_layout","colormag_page_sidebar_layout":"default_layout","footnotes":""},"class_list":["post-1063","page","type-page","status-publish","hentry"],"_links":{"self":[{"href":"https:\/\/www.ssaver.gob.mx\/seic\/wp-json\/wp\/v2\/pages\/1063","targetHints":{"allow":["GET"]}}],"collection":[{"href":"https:\/\/www.ssaver.gob.mx\/seic\/wp-json\/wp\/v2\/pages"}],"about":[{"href":"https:\/\/www.ssaver.gob.mx\/seic\/wp-json\/wp\/v2\/types\/page"}],"author":[{"embeddable":true,"href":"https:\/\/www.ssaver.gob.mx\/seic\/wp-json\/wp\/v2\/users\/31"}],"replies":[{"embeddable":true,"href":"https:\/\/www.ssaver.gob.mx\/seic\/wp-json\/wp\/v2\/comments?post=1063"}],"version-history":[{"count":133,"href":"https:\/\/www.ssaver.gob.mx\/seic\/wp-json\/wp\/v2\/pages\/1063\/revisions"}],"predecessor-version":[{"id":4305,"href":"https:\/\/www.ssaver.gob.mx\/seic\/wp-json\/wp\/v2\/pages\/1063\/revisions\/4305"}],"wp:attachment":[{"href":"https:\/\/www.ssaver.gob.mx\/seic\/wp-json\/wp\/v2\/media?parent=1063"}],"curies":[{"name":"wp","href":"https:\/\/api.w.org\/{rel}","templated":true}]}}