{"id":1082,"date":"2022-12-23T09:17:45","date_gmt":"2022-12-23T15:17:45","guid":{"rendered":"https:\/\/www.ssaver.gob.mx\/seic\/?page_id=1082"},"modified":"2026-03-27T11:54:45","modified_gmt":"2026-03-27T17:54:45","slug":"residenciasmedicas","status":"publish","type":"page","link":"https:\/\/www.ssaver.gob.mx\/seic\/residenciasmedicas\/","title":{"rendered":"Residencias M\u00e9dicas"},"content":{"rendered":"\n<div class=\"wp-block-group is-layout-constrained wp-block-group-is-layout-constrained\">\n<p class=\"has-text-align-center has-text-color has-link-color has-large-font-size wp-elements-b344af4a300129cb7b10c4dd5f650884\" style=\"color:#570c0c\">Convocatoria 2025<\/p>\n\n\n\n<p class=\"has-text-align-center\">Registro y adscripci\u00f3n de candidatos de nuevo ingreso a residencias m\u00e9dicas: ciclo acad\u00e9mico 2026 &#8211; 2027, en los mServicios de Salud de Veracruz<\/p>\n<\/div>\n\n\n\n<p class=\"has-text-align-center\">Validaci\u00f3n de documentos<br>Xalape\u00f1os Ilustres No. 3, Zona Centro, C.P. 91000, Xalapa, Ver.<br>Oficinas de la Subdirecci\u00f3n de Ense\u00f1anza, Investigaci\u00f3n y Capacitaci\u00f3n de SESVER<br>Departamento de Posgrado e Investigaci\u00f3n<br>Horario de 8:00 a 14:00 hrs, en d\u00edas habiles<\/p>\n\n\n\n<div class=\"wp-block-group is-layout-grid wp-container-core-group-is-layout-29271053 wp-block-group-is-layout-grid\">\n<p>Etapas y calendario oficial, consultar:<br>Documentos para validaci\u00f3n e instrucciones:<br>* <mark style=\"background-color:#ffffff\" class=\"has-inline-color has-luminous-vivid-amber-color\"><strong>Documentos para Recursos Humanos<\/strong>:<\/mark><br>Informaci\u00f3n y asesor\u00eda en los correos:<\/p>\n\n\n\n<p><strong>dgces.salud.gob.mx\/becarios\/index1.php<\/strong><br><a href=\"https:\/\/www.ssaver.gob.mx\/seic\/residenciasmedicas\/\">https:\/\/www.ssaver.gob.mx\/seic\/residenciasmedicas\/ <\/a><br><a href=\"https:\/\/www.ssaver.gob.mx\/administraciondepersonal\/formatos\/\"><mark style=\"background-color:#ffffff\" class=\"has-inline-color has-luminous-vivid-amber-color\">https:\/\/www.ssaver.gob.mx\/administraciondepersonal\/formatos\/<\/mark><\/a><br><strong>posgradolla2026@gmail.com y depto.pib2025@gmail.com<\/strong><\/p>\n<\/div>\n\n\n\n<p>**<strong> No se entregan en la validaci\u00f3n,<\/strong> son documentos que pide el \u00e1rea de Recursos Humanos de SESVER, los entregan los aspirantes que son aceptados. El aspirante debe ingresar al sitio para conocerlos, llenarlos y\/o gestionarlos previamente a su ingreso al hospital designado.<\/p>\n\n\n\n<p class=\"has-background\" style=\"border-width:4px;background-color:#ebbf58\">FECHAS PARA 2DO. PER\u00cdODO DE ASIGNACI\u00d3N: Selecci\u00f3n de especialidad e impresi\u00f3n de constancia de seleccionado 15-19 diciembre 2025, (aspirante). Proceso de evaluaci\u00f3n y entrevista por sede y subsede 5 al 16 enero 2026. Adscripci\u00f3n y firma de campo cl\u00ednico 19-30 enero 2026.<\/p>\n\n\n\n<p class=\"has-background\" style=\"border-width:4px;background-color:#ebbf58\">FECHAS PARA 3ER. PERIODO DE ASIGNACI\u00d3N: Selecci\u00f3n de especialidad e impresi\u00f3n de constancia de seleccionado 16-18 febrero 2026, (aspirante). Proceso de evaluaci\u00f3n y entrevista por sede y subsede 19 al 25 febrero 2026. Adscripci\u00f3n y firma de campo cl\u00ednico 26 y 27 febrero 2026.<\/p>\n\n\n\n<p class=\"has-text-align-center has-medium-font-size\">En la validaci\u00f3n los apirantes deben entregar:<\/p>\n\n\n\n<p><strong>A.- Expediente electr\u00f3nico. Ver instrucciones en el sitio: <\/strong><a href=\"https:\/\/www.ssaver.gob.mx\/seic\/residenciasmedicas\"><strong>https:\/\/www.ssaver.gob.mx\/seic\/residenciasmedicas<\/strong><\/a> &nbsp;&nbsp;&nbsp;&nbsp;&nbsp; <br>En una USB nueva, sin virus, con el nombre del aspirante en may\u00fasculas iniciando con apellido paterno, materno y nombre (s), sin m\u00e1s archivos que los que se piden, integrar los documentos escaneados<strong> del original (no de fotocopia ni escaneados con celular<\/strong>), un archivo por documento en formato PDF (NO jpg), con n\u00famero y nombre del documento en may\u00fasculas y min\u00fasculas, numerados y sin abreviaturas (ejemplo 1. Datos personales; 2. Constancia ENARM; 3. Acuse de registro; y as\u00ed sucesivo). No se aceptan escaneados con tel\u00e9fono celular, borrosas o en formato de fotograf\u00eda (jpg). La memoria se devuelve al aspirante.<\/p>\n\n\n\n<p><strong>B.- Expediente f\u00edsico. Ver instrucciones en el sitio: &nbsp;<\/strong><a href=\"https:\/\/www.ssaver.gob.mx\/seic\/residenciasmedicas\"><strong>https:\/\/www.ssaver.gob.mx\/seic\/residenciasmedicas<\/strong><\/a> <br>En un folder nuevo tama\u00f1o carta, color azul claro, escribir el nombre del aspirante en la pesta\u00f1a, iniciando con apellido paterno, materno y nombre (s), poner fotocopia u original si corresponde, de todos los documentos que se piden en el inciso \u201cC\u201d, hoja tama\u00f1o carta (no opalina), numerado cada documento en la esquina superior derecha, con l\u00e1piz, en el orden del listado, sin engrapar, sin broche, sin clip, sin engargolar.<\/p>\n\n\n\n<p class=\"has-text-align-center has-text-color has-medium-font-size\" style=\"color:#76411e\">Lugar de entrevista y\/o evaluaci\u00f3n de aspirantes:<\/p>\n\n\n\n<p class=\"has-text-color\" style=\"color:#76411e\">Se realiza el mismo d\u00eda de la validaci\u00f3n y recepci\u00f3n de documentos, (o de acuerdo a la indicaci\u00f3n de la Subdirecci\u00f3n de Ense\u00f1anza Estatal). Los aspirantes se env\u00edan al hospital sede o subsede que seleccion\u00f3, con un oficio de presentaci\u00f3n.<\/p>\n\n\n\n<p class=\"has-text-color has-medium-font-size\" style=\"color:#76411e\">1.- Validaci\u00f3n y recepci\u00f3n de documentos.<\/p>\n\n\n\n<p class=\"has-text-color\" style=\"color:#76411e\">En la validaci\u00f3n, el (la) aspirante debe entregar un <strong>expediente electr\u00f3nico<\/strong> (inciso \u201cA\u201d) y <strong>un expediente f\u00edsico<\/strong> (inciso \u201cB\u201d); ambos integrados con los documentos que se mencionan en el inciso \u201cC\u201d. Los documentos del <strong>inciso \u201cE\u201d <\/strong>no se presentan en la validaci\u00f3n; no obstante, se recomienda ingresar al sitio: <a href=\"https:\/\/www.ssaver.gob.mx\/administraciondepersonal\/formatos\/\"><strong>https:\/\/www.ssaver.gob.mx\/administraciondepersonal\/formatos\/<\/strong><\/a>, para conocerlos, descargarlos, imprimirlos y\/o gestionarlos porque el \u00e1rea de Recursos Humanos de SESVER los pide a los <strong>aspirantes aceptados<\/strong> despu\u00e9s de firmar su <strong>Carta de Aceptaci\u00f3n de Campo Cl\u00ednico Asignado<\/strong>.<\/p>\n\n\n\n<p class=\"has-text-color\" style=\"color:#76411e\"><strong>A. <u>Expediente electr\u00f3nico.&nbsp; Instrucciones:<\/u><\/strong><br><br>a) En una memoria <strong>USB <\/strong><mark style=\"background-color:#ffffff\" class=\"has-inline-color has-vivid-red-color\"><strong>nueva<\/strong>, sin virus, sin m\u00e1s archivos que los que se piden,<\/mark> incluir los documentos escaneados<strong> del original<\/strong>, en forma individual (un archivo por documento), en formato PDF. <strong>NO se aceptan<\/strong> escaneados de fotocopias o con tel\u00e9fono celular, borrosos o ilegibles, o en formato de fotograf\u00eda (ej. jpg.).<br><br>b) <strong>En la memoria USB<\/strong> <strong><u>poner una carpeta<\/u><\/strong> con los apellidos y nombre (s) del (la) candidato (a), en may\u00fasculas: APELLIDO PATERNO, APELLIDO MATERNO, NOMBRES (En ese orden, sin n\u00famero, sin m\u00e1s datos).<br><br>c) Todos los archivos colocados en la carpeta deben llevar n\u00famero y nombre del documento, en may\u00fasculas y min\u00fasculas. &nbsp;Ejemplo:&nbsp; 1. Datos personales; 2. Constancia ENARM; 3. Acuse de registro; 4. Acta de nacimiento; etc. (en caso de no tener el documento, por ejemplo: acuse de registro, cartilla militar, constancia de situaci\u00f3n fiscal, etc, se debe escribir el documento y junto FALTANTE Y\/O NO APLICA), se dar\u00e1 una m\u00ednima pr\u00f3rroga para entregarlo y\/o anexarlo.<br><br><strong>Nota.<\/strong> <strong>La memoria USB se devuelve<\/strong> al aspirante para que de la misma manera sea entregada a Ense\u00f1anza de la sede y\/o subsede.<\/p>\n\n\n\n<p class=\"has-text-color\" style=\"color:#76411e\">B. <strong><u>Expediente f\u00edsico. Instrucciones<\/u>:<\/strong><br><br>a) Utilizar folder nuevo tama\u00f1o carta, color azul claro, con el nombre del aspirante en may\u00fasculas:&nbsp; APELLIDO PATERNO, APELLIDO MATERNO Y NOMBRE (S).<\/p>\n\n\n\n<p class=\"has-text-color\" style=\"color:#76411e\"><br>b) Colocar una fotocopia tomada del original de cada documento, en el mismo orden del listado, hoja normal (no opalina), tama\u00f1o carta, numerada con l\u00e1piz (la primera hoja en caso de que sean m\u00e1s de una) en la parte superior derecha; <strong>sin<\/strong> engrapar, <strong>sin<\/strong> broche, <strong>sin<\/strong> clip. No se van a aceptar copias borrosas, ilegibles, manchadas. Se acepta en caso de que sea necesario reducci\u00f3n, por ejemplo, el t\u00edtulo.<\/p>\n\n\n\n<p class=\"has-text-color\" style=\"color:#76411e\"><strong>C. Lista de documentos<\/strong><br><br>1. <strong><u>DATOS PERSONALES<\/u>. &nbsp;<a href=\"https:\/\/www.ssaver.gob.mx\/seic\/wp-content\/uploads\/sites\/22\/2025\/10\/3.-HOJA-DATOS-PERSONALES_2026-2027.xlsx\">Clic aqu\u00ed para descargar<\/a> formato <\/strong>(si no se encuentra en la p\u00e1gina, ingresar a:<strong> <\/strong><a href=\"https:\/\/www.ssaver.gob.mx\/seic\/residenciasmedicas\/\"><strong>https:\/\/www.ssaver.gob.mx\/seic\/residenciasmedicas\/<\/strong><\/a><strong> <\/strong>para descargar formato).<br>a) <strong>En la memoria USB<\/strong>. Llenar el formato (en computadora) y agregarlo a la memoria USB con el mismo formato Excel (NO en PDF). En la segunda hoja del formato poner una fotograf\u00eda digital actual del (la) candidato (a), preferentemente de 480 x 640 pixeles. La fotograf\u00eda puede ser tomada con tel\u00e9fono celular.<br>b) <strong>En el folder.<\/strong> Poner un impreso de la primera hoja del archivo descargado y llenado, sin fotograf\u00eda, numerada (N\u00b01) en la parte superior derecha con l\u00e1piz.<br><br>2.<strong><u>Constancia ENARM<\/u><\/strong>.&nbsp;<br>a) <strong>En la memoria USB<\/strong>. &nbsp;Agregar el archivo electr\u00f3nico original que recibi\u00f3 el aspirante por parte de la CIFRHS Nacional.<br>b) <strong>En el folder<\/strong>.&nbsp; Poner un impreso a color en hoja normal (no opalina) tama\u00f1o carta, firmada con tinta azul, numerado (N\u00b02 en la parte superior derecha con l\u00e1piz).<br><br>3. <strong><u>Acuse&nbsp;de Registro<\/u><\/strong>. Lo emite el <em>\u201cSistema de registro y adscripci\u00f3n de candidatos de nuevo ingreso a residencias m\u00e9dicas ciclo acad\u00e9mico 2026 \u2013 2027, en la Secretar\u00eda de Salud\u201d<\/em> del Sistema Nacional de Residencias M\u00e9dicas \u2013 Convocatoria 2025<strong>. <\/strong>*en caso de que s\u00ed lo emita se anexa*<br>a) <strong>En la memoria USB<\/strong>.&nbsp; Agregar el archivo electr\u00f3nico que emite dicho sistema; si no es posible, se agregar\u00e1 el documento escaneado en PDF, a color, firmado con tinta azul.&nbsp; No se aceptar\u00e1 escaneado en formato de fotograf\u00eda (ej. jpg).<br>b) <strong>En el folder<\/strong>.&nbsp; Poner un impreso a color en hoja normal (no opalina) tama\u00f1o carta, firmada con tinta azul, numerado (N\u00b03) en la parte superior derecha con l\u00e1piz.<br><br>4. <strong><u>Acta de nacimiento.<\/u><\/strong><br>a) <strong>En la memoria USB<\/strong>.&nbsp; Se podr\u00e1 agregar en archivo electr\u00f3nico o el documento escaneado en PDF, a color. No se aceptar\u00e1 escaneado en formato de fotograf\u00eda (ej. jpg).<br>b) <strong>En el folder<\/strong>.&nbsp; Poner un impreso a color en hoja normal (no opalina) tama\u00f1o carta, numerado (N\u00b04) en la parte superior derecha con l\u00e1piz.<br><br>5. <strong><u>Certificado de Estudios<\/u>.<\/strong><br>a) <strong>En la memoria USB<\/strong>.&nbsp; Se podr\u00e1 agregar en archivo electr\u00f3nico o el documento escaneado del original, en PDF, a color. No se aceptar\u00e1 escaneado en formato de fotograf\u00eda (ej. jpg).<br>b) <strong>En el folder<\/strong>.&nbsp; Poner un impreso a color en hoja normal (no opalina) tama\u00f1o carta (reducci\u00f3n a tama\u00f1o carta), numerado (N\u00b05) en la parte superior derecha con l\u00e1piz<br><strong>Importante:<\/strong><br>&#8211; En t\u00e9rminos del art\u00edculo 14 de la Ley General de Educaci\u00f3n Superior, que a la letra dice <em>\u201cLos Certificados\u2026 que expidan los particulares respecto de estudios autorizados o reconocidos requerir\u00e1n de autenticaci\u00f3n por parte de la autoridad o instituci\u00f3n p\u00fablica que haya concedido la autorizaci\u00f3n o el reconocimiento de validez oficial de estudios\u2026\u201d<\/em>. Por lo anterior, no se aceptan Certificados, CARDEX de Calificaciones o Constancias de Estudios que no cuenten con dicha autenticaci\u00f3n.&nbsp;<br>&#8211; En t\u00e9rminos del art\u00edculo 18 de la Ley General de Educaci\u00f3n Superior, <em>\u201clos Certificados\u2026 que expidan las Instituciones de Educaci\u00f3n Superior, con sujeci\u00f3n a los ordenamientos y leyes aplicables, deber\u00e1n registrarse, en los t\u00e9rminos que establezca la Secretar\u00eda, en el Sistema de Informaci\u00f3n y Gesti\u00f3n Educativa\u2026\u201d<\/em>. Por lo anterior, no se aceptan Certificados, CARDEX de Calificaciones o Constancias de Estudios que no cuenten con dicho registro.&nbsp;<br><br>6. <strong><u>T\u00edtulo profesional.<\/u> <\/strong><br>a) <strong>En la memoria USB<\/strong>.&nbsp; Agregar el documento escaneado del original, en PDF, a color. No se aceptar\u00e1 escaneado en formato de fotograf\u00eda (ej. jpg).<br>b) <strong>En el folder<\/strong>.&nbsp; Poner un impreso a color en hoja normal (no opalina) tama\u00f1o carta o reducci\u00f3n a tama\u00f1o carta, numerado (N\u00b06) en la parte superior derecha con l\u00e1piz. <strong>No se aceptar\u00e1n escaneados o impresos de fotocopias o ilegibles.<\/strong><br><strong>Importante:<\/strong><br> &#8211; En t\u00e9rminos del art\u00edculo 14 de la Ley General de Educaci\u00f3n Superior, que a la letra dice <em>\u201cLos\u2026 t\u00edtulos profesionales \u2026que expidan los particulares respecto de estudios autorizados o reconocidos requerir\u00e1n de autenticaci\u00f3n por parte de la autoridad o instituci\u00f3n p\u00fablica que haya concedido la autorizaci\u00f3n o el reconocimiento de validez oficial de estudios.\u201d<\/em>. Por lo anterior, no se aceptan t\u00edtulos profesionales que no cuenten con dicha autenticaci\u00f3n.&nbsp;<br>&#8211; En t\u00e9rminos del art\u00edculo 18 de la Ley General de Educaci\u00f3n Superior, <em>\u201clos\u2026t\u00edtulos profesionales\u2026que expidan las Instituciones de Educaci\u00f3n Superior, con sujeci\u00f3n a los ordenamientos y leyes aplicables, deber\u00e1n registrarse, en los t\u00e9rminos que establezca la Secretar\u00eda, en el Sistema de Informaci\u00f3n y Gesti\u00f3n Educativa\u2026\u201d<\/em>. Por lo anterior, no se aceptan t\u00edtulos profesionales que no cuenten con dicho registro o con registro ante la Direcci\u00f3n General de Profesiones.<br><br>7. C\u00e9dula profesional (definitiva).<br>a) <strong>En la memoria USB<\/strong>.&nbsp; Se podr\u00e1 agregar en archivo electr\u00f3nico o el documento escaneado del original, en formato PDF, a color. No se aceptar\u00e1 escaneada en formato de fotograf\u00eda (ej. jpg).<br>b) <strong>En el folder<\/strong>.&nbsp; Poner una fotocopia del documento original (sin ampliar o reducir), en hoja tama\u00f1o carta normal (no opalina), numerada (N\u00b07) en la parte superior derecha con l\u00e1piz. No se acepta fotocopia de fotocopia o ilegible.<br><strong>Importante. <\/strong>No se aceptar\u00e1n c\u00e9dulas profesionales temporales, ni se otorga pr\u00f3rroga para entregar la c\u00e9dula profesional definitiva. La c\u00e9dula profesional definitiva <strong><u>es un requisito indispensable<\/u><\/strong> para otorgar campo cl\u00ednico a los aspirantes.<br><br>8. <strong>Liberaci\u00f3n de Internado. <\/strong>Carta de liberaci\u00f3n de internado de pregrado.<br>a) <strong>En la memoria USB<\/strong>.&nbsp; Agregar archivo en formato PDF de la liberaci\u00f3n de internado de pregrado, escaneado del original, a color.&nbsp; No se aceptan escaneados de fotocopias ni en formato de fotograf\u00eda (ej. jpg)<br>b) <strong>En el folder<\/strong>.&nbsp; Poner una fotocopia del documento original (sin ampliar o reducir), en hoja tama\u00f1o carta normal (no opalina), numerada (N\u00b08) en la parte superior derecha con l\u00e1piz. &nbsp;No se acepta fotocopia de fotocopia.<br><br>9. <strong>Liberaci\u00f3n Servicio Social. <\/strong>Carta de liberaci\u00f3n de servicio social<br>a) <strong>En la memoria USB<\/strong>.&nbsp; Agregar archivo en PDF de la carta de liberaci\u00f3n de servicio social, a color, escaneado del original.&nbsp; No se aceptan escaneados de fotocopias ni en formato de fotograf\u00eda (ej. jpg)<br>b) <strong>En el folder<\/strong>.&nbsp; Poner una fotocopia del documento original (sin ampliar o reducir), en hoja tama\u00f1o carta normal (no opalina), numerada (N\u00b09) en la parte superior derecha con l\u00e1piz. No se acepta fotocopia de fotocopia.<br><strong>Importante.<\/strong><br>En t\u00e9rminos de lo que se establece en el art\u00edculo 52 de la Ley reglamentaria del art\u00edculo 5\u00b0 Constitucional, y los numerales 7.0, 7.5, 7.5.1 de la Norma Oficial Mexicana NOM-009-SSA3-2013, Educaci\u00f3n en Salud. Criterios para la utilizaci\u00f3n de los establecimientos para la atenci\u00f3n m\u00e9dica como campos cl\u00ednicos para la prestaci\u00f3n del servicio social de medicina y estomatolog\u00eda, <strong>solo se aceptar\u00e1n Cartas de liberaci\u00f3n de servicio social emitidas por Servicios Estatales de Salud,<\/strong> donde se haga constar la adscripci\u00f3n y aceptaci\u00f3n del pasante al campo cl\u00ednico seleccionado y la terminaci\u00f3n&nbsp; del servicio social, una vez que el pasante cumpli\u00f3 con la prestaci\u00f3n del mismo conforme a lo establecido en el instrumento consensual correspondiente.<br><br>10. <strong>RFC. <\/strong>Registro Federal de Contribuyentes<br>a) <strong>En la memoria USB<\/strong>.&nbsp; Agregar archivo en PDF del Registro Federal de Contribuyentes (RFC), a color, escaneado del original.&nbsp; No se aceptan escaneados de fotocopias ni en formato de fotograf\u00eda (ej. jpg)<br>b) <strong>En el folder<\/strong>.&nbsp; Poner una fotocopia del Registro Federal de Contribuyentes (RFC), a color, sin ampliar o reducir, en hoja tama\u00f1o carta normal (no opalina), numerada (N\u00b010) en la parte superior derecha con l\u00e1piz. No se acepta fotocopia de fotocopia.<br><br>11. <strong><u>CURP.<\/u> <\/strong>Clave \u00danica de Registro de Poblaci\u00f3n<br>a) <strong>En la memoria USB<\/strong>.&nbsp; Se podr\u00e1 agregar en archivo electr\u00f3nico o el archivo en PDF de la Clave \u00danica de Registro de Poblaci\u00f3n (CURP), a color, escaneado del original.&nbsp; No se aceptan escaneados de fotocopias ni en formato de fotograf\u00eda (ej. jpg)<br>b) <strong>En el folder<\/strong>.&nbsp; Poner una fotocopia del original de la Clave \u00danica de Registro de Poblaci\u00f3n (CURP), a color, sin ampliar o reducir, en hoja tama\u00f1o carta normal (no opalina), numerada (N\u00b011) en la parte superior derecha con l\u00e1piz. No se acepta fotocopia de fotocopia.<br><br>12. <strong>INE. &nbsp;<\/strong>Credencial del Instituto Nacional Electoral.<br>a) <strong>En la memoria USB<\/strong>.&nbsp; Agregar archivo en PDF de la Credencial del Instituto Nacional Electoral (INE), a color, escaneado del original, anverso y reverso en tama\u00f1o normal y en la misma hoja. No se aceptan escaneados de fotocopias ni en formato de fotograf\u00eda (ej. jpg)<br>b) <strong>En el folder<\/strong>.&nbsp; Poner una fotocopia del original de la Credencial del Instituto Nacional Electoral (INE), a color, anverso y reverso en tama\u00f1o normal (sin ampliar o reducir) y en la misma cara de una hoja tama\u00f1o normal (no opalina), numerada (N\u00b012) en la parte superior derecha con l\u00e1piz. No se acepta fotocopia de fotocopia.<br><br>13. <strong><u>Cartilla Militar <\/u>(Hombres). <\/strong>Cartilla de Servicio Militar<br>a) <strong>En la memoria USB<\/strong>.&nbsp; Agregar archivo en PDF de la Cartilla de Servicio Militar, a color, escaneado del original, de preferencia en una cara de una hoja tama\u00f1o carta. No se aceptan escaneados de fotocopias ni en formato de fotograf\u00eda (ej. jpg)<br>b) <strong>En el folder<\/strong>.&nbsp; Poner una fotocopia del original de la Cartilla de Servicio Militar, a color, sin ampliar o reducir, de preferencia en una cara de una hoja normal tama\u00f1o carta (no opalina), numerada (N\u00b013) en la parte superior derecha con l\u00e1piz. No se acepta fotocopia de fotocopia.<br><strong>Importante.<\/strong><br>a) La Cartilla debe estar liberada;<br>b) Cuando el documento entregado corresponda a una <strong>pre-cartilla<\/strong> o a una<strong> Constancia<\/strong> de estar en tr\u00e1mite la cartilla, en este numeral se pondr\u00e1: Ej.&nbsp; <strong>13<\/strong>. <strong>Pre-cartilla<\/strong> o <strong>13<\/strong>. <strong>Tramite de Cartilla<\/strong>;<br>c) Cuando el aspirante <strong>no cuente con ninguno de los documentos anteriores<\/strong>, y es aceptado en un hospital sede o subsede de residencias m\u00e9dicas, su ingreso estar\u00e1 supeditado a las condicionantes que le imponga el \u00e1rea Administrativa de Servicios de Salud de Veracruz.&nbsp; Lo anterior, con fundamento en los art\u00edculos 11 y 20 de la <strong>Ley del Servicio Militar<\/strong>, \u00faltima reforma publicada en el Diario Oficial de la Federaci\u00f3n el 18 de mayo de 2022.<br><br>14. <strong><u>Curriculum vitae<\/u>.<\/strong><br>a) <strong>En la memoria USB<\/strong>.&nbsp; Agregar archivo original en PDF (protegido de preferencia). No se aceptan escaneados de fotocopias ni en formato de fotograf\u00eda (ej. jpg)<br>b) <strong>En el folder<\/strong>.&nbsp; Poner un impreso del original, tama\u00f1o carta, hoja normal (no opalina), numerada (N\u00b014) en la parte superior derecha con l\u00e1piz. No se acepta fotocopia de fotocopia.<br><strong>Importante. <\/strong>El aspirante puede utilizar una plantilla de su preferencia, que proporcione la siguiente informaci\u00f3n:<br>a) Datos personales: Fotograf\u00eda reciente de frente, nombre completo (apellido paterno, apellido materno y nombres); tel\u00e9fono (fijo, m\u00f3vil o ambos); correo (s) electr\u00f3nico (s).<br>b) Idiomas que domina en porcentaje por apartado por cada idioma: fluidez, comprensi\u00f3n auditiva, expresi\u00f3n oral, comprensi\u00f3n lectora (en medicina), expresi\u00f3n escrita, vocabulario y gram\u00e1tica (en medicina); adem\u00e1s, mencionar si se cuenta con certificaci\u00f3n, como el examen TOEFL o el examen DELF\/DALF.<br>c) Estudios de la licenciatura en medicina:&nbsp; Facultad de Medicina, ubicaci\u00f3n (campus, ciudad, Entidad Federativa), promedio final, n\u00famero de registro del t\u00edtulo, n\u00famero de c\u00e9dula profesional.<br>d) Experiencia profesional en el campo de la medicina en general, con fechas de inicio y t\u00e9rmino en instituci\u00f3n gubernamental, empresa particular, o en forma privada.<br>e) Motivo o motivos para elegir la especialidad que quiere cursar.<br>f) Habilidades del aspirante (solo si quiere manifestarlas) que lo (la) diferencian y aportan valor: deportes, artes, etc.<br><br>15. <strong>Evaluaci\u00f3n Psicom\u00e9trica.&nbsp;<\/strong>Realizada por la Instituci\u00f3n Educativa durante la licenciatura de medicina (solo si se cuenta con la evaluaci\u00f3n).<br>a) <strong>En la memoria USB<\/strong>.&nbsp; Agregar documento en PDF, escaneado del original proporcionado por la Instituci\u00f3n Educativa (Escuela de Medicina), realizado durante la licenciatura. No se acepta escaneado de fotocopia ni en formato de fotograf\u00eda (ej. jpg)<br>b) <strong>En el folder<\/strong>.&nbsp; Poner una fotocopia del original, tama\u00f1o carta, hoja normal (no opalina), numerada (N\u00b015) la primera p\u00e1gina en la parte superior derecha con l\u00e1piz. No se acepta fotocopia de fotocopia.<\/p>\n\n\n\n<p class=\"has-text-color\" style=\"color:#76411e\">D. Despu\u00e9s de validar documentos, el mismo d\u00eda o cuando sea indicado, los aspirantes ser\u00e1n entrevistados en el hospital que ellos seleccionaron; esta acci\u00f3n ser\u00e1 realizada por el profesor titular de la especialidad, por el profesor adjunto, por el o la responsable del \u00e1rea de ense\u00f1anza, o por todos en conjunto. El d\u00eda y hora de entrevista depender\u00e1 de la disponibilidad de los entrevistadores, porque generalmente es personal adscrito con actividades asistenciales programadas. <strong>Se recomienda llevar bata blanca a la entrevista<\/strong>.<br><br>Los entrevistadores no proporcionan a los aspirantes el resultado de la entrevista (se acepta o no se acepta); este se dar\u00e1 a conocer mediante lo que indique Ense\u00f1anza Estatal, conforme al calendario correspondiente.<\/p>\n\n\n\n<p class=\"has-text-color\" style=\"color:#76411e\">E. <strong><u>Aspirantes aceptados<\/u><\/strong>. En el periodo que se\u00f1ale el calendario oficial, deber\u00e1n presentarse en el mismo sitio donde se validaron sus documentos (NO en el hospital), para:<br>a. <strong>Recibir<\/strong> <strong>Carta de Adscripci\u00f3n y Aceptaci\u00f3n&nbsp;del Curso de Especializaci\u00f3n.<\/strong><br>b. <strong>Recibir oficio&nbsp;de presentaci\u00f3n; <\/strong>este se entregar\u00e1 el mismo d\u00eda o al d\u00eda siguiente en el \u00e1rea de&nbsp;Recursos Humanos de Servicios de Salud de Veracruz (SESVER), donde se formalizar\u00e1 la relaci\u00f3n laboral con la instituci\u00f3n (pago de beca, seguro de vida, incorporaci\u00f3n al ISSSTE, y otros).<br><strong>Importante.<\/strong><br>El \u00e1rea de Recursos Humanos de Servicios de Salud de Veracruz solicita otros documentos adicionales a los que se piden en la validaci\u00f3n, considerados como requisito para su ingreso en t\u00e9rminos del art\u00edculo 353-B de la Ley Federal del Trabajo; para conocerlos, los aspirantes deben entrar al sitio:<\/p>\n\n\n\n<div class=\"wp-block-group is-layout-constrained wp-block-group-is-layout-constrained\">\n<p class=\"has-text-align-center\"><a href=\"https:\/\/www.ssaver.gob.mx\/administraciondepersonal\/formatos\/\">https:\/\/www.ssaver.gob.mx\/administraciondepersonal\/formatos\/<\/a><\/p>\n\n\n\n<p class=\"has-text-align-center has-vivid-red-color has-text-color has-link-color wp-elements-e99093c1400c6c606ef00bc3bd9012a3\">Es responsabilidad del aspirante: <strong><u>imprimirlos, llenarlos o gestionarlos con antelaci\u00f3n y entregarlos en dicha \u00e1rea junto con el oficio de presentaci\u00f3n o cuando les sean requeridos.<\/u><\/strong><\/p>\n\n\n\n<p class=\"has-text-align-center has-text-color\" style=\"color:#76411e\"><strong>Ubicaci\u00f3n<\/strong><br><strong>Recursos Humanos de SESVER: <\/strong>Soconusco n\u00fam. 31 Col. Aguacatal, C.P. 91130, Xalapa, Veracruz.<br><strong>\u00c1rea de entrega de documentos:<\/strong> Administraci\u00f3n de Personal, con la C. Daniela Moreno Ram\u00edrez, tel\u00e9fono 228 842 30 00 ext. 3333, correo:&nbsp;<a href=\"mailto:residentes_610@hotmail.com\">residentes_610@hotmail.com<\/a>&nbsp;. En esta \u00e1rea se informar\u00e1 sobre el n\u00famero de fotocopias o impresiones que deben entregarse y la forma en que deben llenarse.<\/p>\n<\/div>\n\n\n\n<p class=\"has-text-color\" style=\"color:#76411e\"><strong>F. Aspirantes No aceptados:<\/strong><br>a) El expediente f\u00edsico se devuelve en la fecha que se\u00f1ale el calendario oficial.<br>b) El expediente electr\u00f3nico se destruye.<br>c) Quienes tengan dict\u00e1menes de \u201cNo aceptado\u201d aplicar\u00e1 lo que sea indicado por la DGCES.<\/p>\n\n\n\n<p><\/p>\n","protected":false},"excerpt":{"rendered":"<p>Convocatoria 2025 Registro y adscripci\u00f3n de candidatos de nuevo ingreso a residencias m\u00e9dicas: ciclo acad\u00e9mico 2026 &#8211; 2027, en los<\/p>\n","protected":false},"author":31,"featured_media":0,"parent":0,"menu_order":0,"comment_status":"closed","ping_status":"closed","template":"","meta":{"colormag_page_container_layout":"default_layout","colormag_page_sidebar_layout":"default_layout","footnotes":""},"class_list":["post-1082","page","type-page","status-publish","hentry"],"_links":{"self":[{"href":"https:\/\/www.ssaver.gob.mx\/seic\/wp-json\/wp\/v2\/pages\/1082","targetHints":{"allow":["GET"]}}],"collection":[{"href":"https:\/\/www.ssaver.gob.mx\/seic\/wp-json\/wp\/v2\/pages"}],"about":[{"href":"https:\/\/www.ssaver.gob.mx\/seic\/wp-json\/wp\/v2\/types\/page"}],"author":[{"embeddable":true,"href":"https:\/\/www.ssaver.gob.mx\/seic\/wp-json\/wp\/v2\/users\/31"}],"replies":[{"embeddable":true,"href":"https:\/\/www.ssaver.gob.mx\/seic\/wp-json\/wp\/v2\/comments?post=1082"}],"version-history":[{"count":110,"href":"https:\/\/www.ssaver.gob.mx\/seic\/wp-json\/wp\/v2\/pages\/1082\/revisions"}],"predecessor-version":[{"id":4294,"href":"https:\/\/www.ssaver.gob.mx\/seic\/wp-json\/wp\/v2\/pages\/1082\/revisions\/4294"}],"wp:attachment":[{"href":"https:\/\/www.ssaver.gob.mx\/seic\/wp-json\/wp\/v2\/media?parent=1082"}],"curies":[{"name":"wp","href":"https:\/\/api.w.org\/{rel}","templated":true}]}}