{"id":1257,"date":"2023-04-04T13:48:10","date_gmt":"2023-04-04T18:48:10","guid":{"rendered":"https:\/\/www.ssaver.gob.mx\/seic\/?page_id=1257"},"modified":"2023-04-04T14:17:04","modified_gmt":"2023-04-04T19:17:04","slug":"impregrado","status":"publish","type":"page","link":"https:\/\/www.ssaver.gob.mx\/seic\/impregrado\/","title":{"rendered":"Internado M\u00e9dico de Pregrado"},"content":{"rendered":"\n<p class=\"has-text-color has-medium-font-size\" style=\"color:#5b4c0d\"><strong>El internado m\u00e9dico es el ciclo acad\u00e9mico te\u00f3rico-pr\u00e1ctico que se realiza como parte de los planes de estudio de la licenciatura en medicina, como una etapa que debe cubrirse previamente al servicio social. La Direcci\u00f3n General de Calidad y Educaci\u00f3n en Salud contempla dos promociones para la realizaci\u00f3n de Internado M\u00e9dico de Pregrado con fecha de inicio del 01 de enero y 01 de julio, con duraci\u00f3n de un a\u00f1o, la planeaci\u00f3n de los campos cl\u00ednicos de internado m\u00e9dico se realiza con cinco meses de anticipaci\u00f3n al inicio del ciclo acad\u00e9mico.<\/strong><\/p>\n\n\n\n<p class=\"has-text-color has-medium-font-size\" style=\"color:#5b4c0d\"><strong>Incorporaci\u00f3n de instituciones educativas al Programa Nacional de Internado M\u00e9dico y Servicio Social en Salud<\/strong><\/p>\n\n\n\n<div class=\"wp-block-group has-background is-layout-flow wp-block-group-is-layout-flow\" style=\"background-color:#fff4e0\">\n<div class=\"wp-block-group has-text-color has-background is-layout-flow wp-block-group-is-layout-flow\" style=\"color:#5b4c0d;background-color:#fff4e0\">\n<div class=\"wp-block-group is-layout-flow wp-block-group-is-layout-flow\">\n<p class=\"has-medium-font-size\">Para que las escuelas y facultades que egresan recurso humano en formaci\u00f3n en salud se incorporen al Programa Nacional de Servicio Social en Salud o al Programa Nacional de Servicio Social, deber\u00e1n remitir la siguiente documentaci\u00f3n:<\/p>\n<\/div>\n\n\n\n<div class=\"wp-block-group has-medium-font-size is-layout-flow wp-block-group-is-layout-flow\">\n<ul class=\"wp-block-list\">\n<li><strong>Oficio dirigido al titular de la secretar\u00eda de salud solicitando la incorporaci\u00f3n al programa<\/strong><\/li>\n\n\n\n<li><strong>Documento que autorice la impartici\u00f3n del plan y programa de estudios; en el caso de las particulares: Reconocimiento de Validez Oficial de Estudios (REVOE) o documento \u201chom\u00f3logo\u201d; en el caso de las p\u00fablicas: \u201cAcuerdo de creaci\u00f3n\u201d<\/strong><\/li>\n\n\n\n<li><strong>Opini\u00f3n T\u00e9cnico Acad\u00e9mica Favorable (OTAF) vigente, para el caso de enfermer\u00eda, lo anterior puede ser sustituido por la acreditaci\u00f3n del \u201cConsejo Mexicano para la Acreditaci\u00f3n de Enfermer\u00eda\u201d (COMASE) o del organismo \u201cComit\u00e9s Interinstitucionales para la Evaluaci\u00f3n de la Educaci\u00f3n Superior\u201d (CIEES)<\/strong><\/li>\n\n\n\n<li><strong>Copia de convenio de colaboraci\u00f3n con alguna instituci\u00f3n de salud que pertenezca al programa nacional<\/strong><\/li>\n<\/ul>\n<\/div>\n<\/div>\n<\/div>\n","protected":false},"excerpt":{"rendered":"<p>El internado m\u00e9dico es el ciclo acad\u00e9mico te\u00f3rico-pr\u00e1ctico que se realiza como parte de los planes de estudio de la<\/p>\n","protected":false},"author":31,"featured_media":0,"parent":0,"menu_order":0,"comment_status":"closed","ping_status":"closed","template":"","meta":{"colormag_page_container_layout":"default_layout","colormag_page_sidebar_layout":"default_layout","footnotes":""},"class_list":["post-1257","page","type-page","status-publish","hentry"],"_links":{"self":[{"href":"https:\/\/www.ssaver.gob.mx\/seic\/wp-json\/wp\/v2\/pages\/1257","targetHints":{"allow":["GET"]}}],"collection":[{"href":"https:\/\/www.ssaver.gob.mx\/seic\/wp-json\/wp\/v2\/pages"}],"about":[{"href":"https:\/\/www.ssaver.gob.mx\/seic\/wp-json\/wp\/v2\/types\/page"}],"author":[{"embeddable":true,"href":"https:\/\/www.ssaver.gob.mx\/seic\/wp-json\/wp\/v2\/users\/31"}],"replies":[{"embeddable":true,"href":"https:\/\/www.ssaver.gob.mx\/seic\/wp-json\/wp\/v2\/comments?post=1257"}],"version-history":[{"count":2,"href":"https:\/\/www.ssaver.gob.mx\/seic\/wp-json\/wp\/v2\/pages\/1257\/revisions"}],"predecessor-version":[{"id":1260,"href":"https:\/\/www.ssaver.gob.mx\/seic\/wp-json\/wp\/v2\/pages\/1257\/revisions\/1260"}],"wp:attachment":[{"href":"https:\/\/www.ssaver.gob.mx\/seic\/wp-json\/wp\/v2\/media?parent=1257"}],"curies":[{"name":"wp","href":"https:\/\/api.w.org\/{rel}","templated":true}]}}