{"id":1280,"date":"2023-04-05T10:19:57","date_gmt":"2023-04-05T15:19:57","guid":{"rendered":"https:\/\/www.ssaver.gob.mx\/seic\/?page_id=1280"},"modified":"2023-04-05T11:31:51","modified_gmt":"2023-04-05T16:31:51","slug":"liberaciones","status":"publish","type":"page","link":"https:\/\/www.ssaver.gob.mx\/seic\/liberaciones\/","title":{"rendered":"Obtenci\u00f3n de Constancias de T\u00e9rmino (Liberaciones)"},"content":{"rendered":"\n<p class=\"has-text-color has-medium-font-size\" style=\"color:#5b4c0d\"><strong>Servicios de Salud de Veracruz, al fungir como enlace en la entidad federativa del Programa Nacional de Servicio Social y del Programa Nacional de Internado M\u00e9dico de Pregrado en la Subdirecci\u00f3n de Ense\u00f1anza Investigaci\u00f3n y Capacitaci\u00f3n, se gestiona la entrega de Constancias de T\u00e9rmino del Servicio Social y del Internado M\u00e9dico de Pregrado, para dicho tr\u00e1mite los pasantes e internos al concluir el ciclo acad\u00e9mico<\/strong><\/p>\n\n\n\n<div class=\"wp-block-group has-background is-layout-flow wp-block-group-is-layout-flow\" style=\"background-color:#fff4e0\">\n<div class=\"wp-block-group has-text-color has-background is-layout-flow wp-block-group-is-layout-flow\" style=\"color:#5b4c0d;background-color:#fff4e0\">\n<p style=\"font-size:21px\">Constancia de T\u00e9rmino de Internado M\u00e9dico de Pregrado:<\/p>\n\n\n\n<ul class=\"wp-block-list\">\n<li style=\"font-size:22px\"><strong>Constancia de Adscripci\u00f3n y Aceptaci\u00f3n<\/strong><\/li>\n\n\n\n<li style=\"font-size:22px\"><strong>Oficio original de liberaci\u00f3n con calificaciones, dirigido al subdirector de Ense\u00f1anza, Investigaci\u00f3n y Capacitaci\u00f3n en turno<\/strong><\/li>\n\n\n\n<li style=\"font-size:22px\"><strong>Oficio de no adeudo, dirigido al subdirector de Ense\u00f1anza, Investigaci\u00f3n y Capacitaci\u00f3n en turno<\/strong><\/li>\n\n\n\n<li style=\"font-size:22px\"><strong>Copia de identificaci\u00f3n oficial, (INE, cartilla de servicio militar o pasaporte)<\/strong><\/li>\n<\/ul>\n<\/div>\n<\/div>\n\n\n\n<div class=\"wp-block-group has-background is-layout-flow wp-block-group-is-layout-flow\" style=\"background-color:#fff4e0\">\n<div class=\"wp-block-group has-text-color has-background is-layout-flow wp-block-group-is-layout-flow\" style=\"color:#5b4c0d;background-color:#fff4e0\">\n<p style=\"font-size:21px\">Constancia de T\u00e9rmino de Servicio Social:<\/p>\n\n\n\n<ul class=\"wp-block-list\">\n<li style=\"font-size:22px\"><strong>Constancia de Adscripci\u00f3n y Aceptaci\u00f3n<\/strong><\/li>\n\n\n\n<li style=\"font-size:22px\"><strong>Oficio original de liberaci\u00f3n, dirigido al subdirector de Ense\u00f1anza, Investigaci\u00f3n y Capacitaci\u00f3n en turno<\/strong><\/li>\n\n\n\n<li style=\"font-size:22px\"><strong>Oficio de no adeudo, dirigido al subdirector de Ense\u00f1anza, Investigaci\u00f3n y Capacitaci\u00f3n en turno<\/strong><\/li>\n\n\n\n<li style=\"font-size:22px\"><strong>Copia de identificaci\u00f3n oficial, (INE, cartilla de servicio militar o pasaporte)<\/strong><\/li>\n<\/ul>\n<\/div>\n<\/div>\n\n\n\n<blockquote class=\"wp-block-quote is-layout-flow wp-block-quote-is-layout-flow\">\n<p class=\"has-text-align-center has-text-color\" style=\"color:#5b4c0d;font-size:21px\"><strong>Nota: El tr\u00e1mite \u00fanicamente se realiza con previa cita de acuerdo al calendario <\/strong><\/p>\n\n\n\n<p class=\"has-text-align-center has-text-color\" style=\"color:#5b4c0d;font-size:21px\"><strong>y fecha de conclusi\u00f3n del ciclo acad\u00e9mico<\/strong><\/p>\n<\/blockquote>\n\n\n\n<div class=\"wp-block-group has-text-color has-background is-layout-constrained wp-block-group-is-layout-constrained\" style=\"color:#5b4c0d;background-color:#fff4e0\">\n<p class=\"has-text-align-center has-text-color has-medium-font-size\" style=\"color:#5b4c0d\">Fechas de liberaci\u00f3n para pasantes e internos que ingresaron en febrero y agosto 2022<\/p>\n\n\n\n<figure class=\"wp-block-table\"><table><tbody><tr><td class=\"has-text-align-center\" data-align=\"center\" colspan=\"2\">Servicio Social<\/td><td class=\"has-text-align-center\" data-align=\"center\" colspan=\"2\">Internado M\u00e9dico de Pregrado<\/td><\/tr><tr><td class=\"has-text-align-center\" data-align=\"center\" colspan=\"2\">febrero 2022<\/td><td class=\"has-text-align-center\" data-align=\"center\">enero 2022<\/td><td>julio 2022<\/td><\/tr><tr><td class=\"has-text-align-center\" data-align=\"center\">Medicina<\/td><td class=\"has-text-align-center\" data-align=\"center\">01 al 07\/marzo 2023<\/td><td rowspan=\"4\">Todos los d\u00edas h\u00e1biles del mes<\/td><td rowspan=\"4\">Todos los d\u00edas h\u00e1biles del mes<\/td><\/tr><tr><td class=\"has-text-align-center\" data-align=\"center\">Odontolog\u00eda<\/td><td class=\"has-text-align-center\" data-align=\"center\">08 al 10\/ marzo 2023<\/td><\/tr><tr><td class=\"has-text-align-center\" data-align=\"center\">Atenci\u00f3n M\u00e9dica<\/td><td class=\"has-text-align-center\" data-align=\"center\">13 al 21\/ marzo 2023<\/td><\/tr><tr><td class=\"has-text-align-center\" data-align=\"center\">Enfermer\u00eda<\/td><td class=\"has-text-align-center\" data-align=\"center\">22\/ marzo al 04\/abril 2023<\/td><\/tr><\/tbody><\/table><figcaption class=\"wp-element-caption\"><strong>En caso de no realizar el tr\u00e1mite en las fechas estipuladas puede agendar cita, una vez terminado el periodo, <\/strong><br><strong>comunic\u00e1ndose al correo electr\u00f3nico: <a href=\"mailto:liberaciones.sesver@gmail.com\">liberaciones.sesver@gmail.com<\/a><\/strong><\/figcaption><\/figure>\n<\/div>\n\n\n\n<div class=\"wp-block-group has-background is-layout-flow wp-block-group-is-layout-flow\" style=\"background-color:#fff4e0\">\n<div class=\"wp-block-group has-text-color has-background is-layout-flow wp-block-group-is-layout-flow\" style=\"color:#5b4c0d;background-color:#fff4e0\">\n<p style=\"font-size:21px\">Los pasantes e internos que concluyeron el ciclo acad\u00e9mico en a\u00f1os anteriores, podr\u00e1n realizar el tr\u00e1mite el resto del a\u00f1o en d\u00edas h\u00e1biles presentando:<\/p>\n\n\n\n<ul class=\"wp-block-list\">\n<li style=\"font-size:22px\"><strong>Escrito de solicitud de Constancia de T\u00e9rmino de forma extempor\u00e1nea, dirigido al subdirector de Ense\u00f1anza, Investigaci\u00f3n y Capacitaci\u00f3n en turno<\/strong><\/li>\n\n\n\n<li style=\"font-size:22px\"><strong>Documentaci\u00f3n requerida para el tr\u00e1mite, con base en lo establecido anteriormente<\/strong><\/li>\n<\/ul>\n<\/div>\n<\/div>\n","protected":false},"excerpt":{"rendered":"<p>Servicios de Salud de Veracruz, al fungir como enlace en la entidad federativa del Programa Nacional de Servicio Social y<\/p>\n","protected":false},"author":31,"featured_media":0,"parent":0,"menu_order":0,"comment_status":"closed","ping_status":"closed","template":"","meta":{"colormag_page_container_layout":"default_layout","colormag_page_sidebar_layout":"default_layout","footnotes":""},"class_list":["post-1280","page","type-page","status-publish","hentry"],"_links":{"self":[{"href":"https:\/\/www.ssaver.gob.mx\/seic\/wp-json\/wp\/v2\/pages\/1280","targetHints":{"allow":["GET"]}}],"collection":[{"href":"https:\/\/www.ssaver.gob.mx\/seic\/wp-json\/wp\/v2\/pages"}],"about":[{"href":"https:\/\/www.ssaver.gob.mx\/seic\/wp-json\/wp\/v2\/types\/page"}],"author":[{"embeddable":true,"href":"https:\/\/www.ssaver.gob.mx\/seic\/wp-json\/wp\/v2\/users\/31"}],"replies":[{"embeddable":true,"href":"https:\/\/www.ssaver.gob.mx\/seic\/wp-json\/wp\/v2\/comments?post=1280"}],"version-history":[{"count":12,"href":"https:\/\/www.ssaver.gob.mx\/seic\/wp-json\/wp\/v2\/pages\/1280\/revisions"}],"predecessor-version":[{"id":1298,"href":"https:\/\/www.ssaver.gob.mx\/seic\/wp-json\/wp\/v2\/pages\/1280\/revisions\/1298"}],"wp:attachment":[{"href":"https:\/\/www.ssaver.gob.mx\/seic\/wp-json\/wp\/v2\/media?parent=1280"}],"curies":[{"name":"wp","href":"https:\/\/api.w.org\/{rel}","templated":true}]}}