{"id":947,"date":"2022-10-14T12:25:29","date_gmt":"2022-10-14T17:25:29","guid":{"rendered":"https:\/\/www.ssaver.gob.mx\/seic\/?page_id=947"},"modified":"2025-05-23T16:54:03","modified_gmt":"2025-05-23T22:54:03","slug":"dept","status":"publish","type":"page","link":"https:\/\/www.ssaver.gob.mx\/seic\/dept\/","title":{"rendered":"Departamento de Ense\u00f1anza Profesional y T\u00e9cnica"},"content":{"rendered":"\n<p class=\"has-text-color\" style=\"color:#5b4c0d;font-size:18px\">Este departamento se encarga de los procesos administrativos para la formaci\u00f3n de recurso humano de las carreras de la salud, ciclos cl\u00ednicos (pr\u00e1cticas profesionales), internado m\u00e9dico de pregrado y servicio social, fungiendo como enlace ante la Direcci\u00f3n General de Calidad y Educaci\u00f3n en Salud (DGCES) y coordinando los procesos al interior de las unidades aplicativas de Servicios de Salud de Veracruz.<\/p>\n\n\n\n<ul style=\"color:#5b4c0d;background-color:#fff4e0;font-size:22px\" class=\"wp-block-list has-text-color has-background\">\n<li><strong><a href=\"https:\/\/www.ssaver.gob.mx\/seic\/ssocial\/\">Servicio Social<\/a><\/strong><\/li>\n\n\n\n<li><strong><a href=\"https:\/\/www.ssaver.gob.mx\/seic\/impregrado\/\">Internado M\u00e9dico de Pregrado<\/a><\/strong><\/li>\n\n\n\n<li><strong><a href=\"https:\/\/www.ssaver.gob.mx\/seic\/pespeciales\/\">Plazas Especiales<\/a><\/strong><\/li>\n\n\n\n<li><strong><strong><a href=\"https:\/\/www.ssaver.gob.mx\/seic\/sccotroestado\/\">Solicitud de campo cl\u00ednico en otro Estado<\/a><\/strong><\/strong><\/li>\n\n\n\n<li><strong><a href=\"https:\/\/www.ssaver.gob.mx\/seic\/liberaciones\/\">Obtenci\u00f3n de Constancias de T\u00e9rmino (Liberaciones)<\/a><\/strong><\/li>\n<\/ul>\n\n\n\n<div style=\"height:50px\" aria-hidden=\"true\" class=\"wp-block-spacer\"><\/div>\n\n\n\n<hr class=\"wp-block-separator aligncenter has-text-color has-luminous-vivid-amber-color has-alpha-channel-opacity has-luminous-vivid-amber-background-color has-background is-style-wide\" \/>\n\n\n\n<h2 class=\"wp-block-heading has-text-align-center has-x-large-font-size\"><strong>Triptico No m\u00e1sViolencia<\/strong><\/h2>\n\n\n\n<figure class=\"wp-block-image aligncenter size-full is-resized\"><a href=\"https:\/\/www.ssaver.gob.mx\/seic\/wp-content\/uploads\/sites\/22\/2025\/05\/Triptico-Servicio-Social-e-IMP.pdf\" target=\"_blank\" rel=\" noreferrer noopener\"><img loading=\"lazy\" decoding=\"async\" width=\"786\" height=\"739\" src=\"https:\/\/www.ssaver.gob.mx\/seic\/wp-content\/uploads\/sites\/22\/2025\/05\/desg-triptico.png\" alt=\"\" class=\"wp-image-3680\" style=\"width:220px\" srcset=\"https:\/\/www.ssaver.gob.mx\/seic\/wp-content\/uploads\/sites\/22\/2025\/05\/desg-triptico.png 786w, https:\/\/www.ssaver.gob.mx\/seic\/wp-content\/uploads\/sites\/22\/2025\/05\/desg-triptico-300x282.png 300w, https:\/\/www.ssaver.gob.mx\/seic\/wp-content\/uploads\/sites\/22\/2025\/05\/desg-triptico-768x722.png 768w\" sizes=\"auto, (max-width: 786px) 100vw, 786px\" \/><\/a><\/figure>\n\n\n\n<hr class=\"wp-block-separator aligncenter has-text-color has-luminous-vivid-amber-color has-alpha-channel-opacity has-luminous-vivid-amber-background-color has-background is-style-wide\" \/>\n\n\n\n<p><\/p>\n","protected":false},"excerpt":{"rendered":"<p>Este departamento se encarga de los procesos administrativos para la formaci\u00f3n de recurso humano de las carreras de la salud,<\/p>\n","protected":false},"author":31,"featured_media":0,"parent":0,"menu_order":0,"comment_status":"closed","ping_status":"closed","template":"","meta":{"colormag_page_container_layout":"default_layout","colormag_page_sidebar_layout":"default_layout","footnotes":""},"class_list":["post-947","page","type-page","status-publish","hentry"],"_links":{"self":[{"href":"https:\/\/www.ssaver.gob.mx\/seic\/wp-json\/wp\/v2\/pages\/947","targetHints":{"allow":["GET"]}}],"collection":[{"href":"https:\/\/www.ssaver.gob.mx\/seic\/wp-json\/wp\/v2\/pages"}],"about":[{"href":"https:\/\/www.ssaver.gob.mx\/seic\/wp-json\/wp\/v2\/types\/page"}],"author":[{"embeddable":true,"href":"https:\/\/www.ssaver.gob.mx\/seic\/wp-json\/wp\/v2\/users\/31"}],"replies":[{"embeddable":true,"href":"https:\/\/www.ssaver.gob.mx\/seic\/wp-json\/wp\/v2\/comments?post=947"}],"version-history":[{"count":8,"href":"https:\/\/www.ssaver.gob.mx\/seic\/wp-json\/wp\/v2\/pages\/947\/revisions"}],"predecessor-version":[{"id":3686,"href":"https:\/\/www.ssaver.gob.mx\/seic\/wp-json\/wp\/v2\/pages\/947\/revisions\/3686"}],"wp:attachment":[{"href":"https:\/\/www.ssaver.gob.mx\/seic\/wp-json\/wp\/v2\/media?parent=947"}],"curies":[{"name":"wp","href":"https:\/\/api.w.org\/{rel}","templated":true}]}}