{"id":949,"date":"2022-10-14T12:25:57","date_gmt":"2022-10-14T17:25:57","guid":{"rendered":"https:\/\/www.ssaver.gob.mx\/seic\/?page_id=949"},"modified":"2025-03-26T16:59:21","modified_gmt":"2025-03-26T22:59:21","slug":"dph","status":"publish","type":"page","link":"https:\/\/www.ssaver.gob.mx\/seic\/dph\/","title":{"rendered":"Departamento de Desarrollo del Potencial Humano"},"content":{"rendered":"\n<hr class=\"wp-block-separator has-alpha-channel-opacity\" \/>\n\n\n\n<h1 class=\"wp-block-heading has-large-font-size\"><strong>Objetivo<\/strong><\/h1>\n\n\n\n<div class=\"wp-block-group wp-container-content-e29552f7 is-nowrap is-layout-flex wp-container-core-group-is-layout-6c531013 wp-block-group-is-layout-flex\">\n<figure class=\"wp-block-image size-full is-resized wp-container-content-69bc4bdf\"><img loading=\"lazy\" decoding=\"async\" width=\"128\" height=\"128\" src=\"https:\/\/www.ssaver.gob.mx\/seic\/wp-content\/uploads\/sites\/22\/2025\/03\/tablero-de-tiro-con-arco.png\" alt=\"\" class=\"wp-image-3315\" style=\"width:550px\" \/><\/figure>\n\n\n\n<p style=\"font-size:20px\">Impulsar la integraci\u00f3n de los principios del <strong>desarrollo humano <\/strong>y el impacto de los<strong> derechos humanos<\/strong> en el \u00e1mbito sanitario, a trav\u00e9s de la <strong>capacitaci\u00f3n, sensibilizaci\u00f3n<\/strong> y<strong> formulaci\u00f3n de estrategias<\/strong> que aseguren el <strong>bienestar laboral <\/strong>y<strong> personal<\/strong>, as\u00ed como una <strong>calidad \u00f3ptima<\/strong> de los servicios de salud y el <strong>trato adecuado<\/strong> a los usuarios por parte del personal dependiente de la Secretar\u00eda de Salud de Veracruz<\/p>\n<\/div>\n\n\n\n<div style=\"height:30px\" aria-hidden=\"true\" class=\"wp-block-spacer\"><\/div>\n\n\n\n<hr class=\"wp-block-separator has-alpha-channel-opacity is-style-default\" \/>\n\n\n\n<h1 class=\"wp-block-heading has-text-align-center has-large-font-size\"><strong><strong>Estrategias de acci\u00f3n<\/strong><\/strong><\/h1>\n\n\n\n<div style=\"height:50px\" aria-hidden=\"true\" class=\"wp-block-spacer\"><\/div>\n\n\n\n<div class=\"wp-block-columns is-layout-flex wp-container-core-columns-is-layout-28f84493 wp-block-columns-is-layout-flex\">\n<div class=\"wp-block-column is-layout-flow wp-block-column-is-layout-flow\">\n<figure class=\"wp-block-image aligncenter size-full is-resized\"><a href=\"https:\/\/www.ssaver.gob.mx\/seic\/deshumano\"><img loading=\"lazy\" decoding=\"async\" width=\"492\" height=\"467\" src=\"https:\/\/www.ssaver.gob.mx\/seic\/wp-content\/uploads\/sites\/22\/2025\/03\/imagen1.png\" alt=\"\" class=\"wp-image-3346\" style=\"width:316px;height:auto\" srcset=\"https:\/\/www.ssaver.gob.mx\/seic\/wp-content\/uploads\/sites\/22\/2025\/03\/imagen1.png 492w, https:\/\/www.ssaver.gob.mx\/seic\/wp-content\/uploads\/sites\/22\/2025\/03\/imagen1-300x285.png 300w\" sizes=\"auto, (max-width: 492px) 100vw, 492px\" \/><\/a><\/figure>\n\n\n\n<p class=\"has-text-align-center has-text-color has-link-color has-medium-font-size wp-elements-a1147528119709ecbdc56a45e6116561\" style=\"color:#7a1737\"><strong><a href=\"https:\/\/www.ssaver.gob.mx\/seic\/deshumano\">Desarrollo Humano<\/a><\/strong><\/p>\n<\/div>\n\n\n\n<div class=\"wp-block-column is-layout-flow wp-block-column-is-layout-flow\">\n<figure class=\"wp-block-image aligncenter size-full is-resized\"><a href=\"https:\/\/www.ssaver.gob.mx\/seic\/edhumanossaludytadecuado\/\"><img loading=\"lazy\" decoding=\"async\" width=\"496\" height=\"485\" src=\"https:\/\/www.ssaver.gob.mx\/seic\/wp-content\/uploads\/sites\/22\/2025\/03\/imagen2.png\" alt=\"\" class=\"wp-image-3347\" style=\"width:305px;height:auto\" srcset=\"https:\/\/www.ssaver.gob.mx\/seic\/wp-content\/uploads\/sites\/22\/2025\/03\/imagen2.png 496w, https:\/\/www.ssaver.gob.mx\/seic\/wp-content\/uploads\/sites\/22\/2025\/03\/imagen2-300x293.png 300w\" sizes=\"auto, (max-width: 496px) 100vw, 496px\" \/><\/a><\/figure>\n\n\n\n<p class=\"has-text-align-center has-text-color has-link-color has-medium-font-size wp-elements-cebfcd35fb6761b3127610021c0a8684\" style=\"color:#7a1737\"><a href=\"https:\/\/www.ssaver.gob.mx\/seic\/edhumanossaludytadecuado\/\"><strong>Derechos Humanos y Trato Adecuado en Salud<\/strong><\/a><\/p>\n<\/div>\n\n\n\n<div class=\"wp-block-column is-layout-flow wp-block-column-is-layout-flow\">\n<figure class=\"wp-block-image aligncenter size-full is-resized\"><a href=\"https:\/\/www.ssaver.gob.mx\/seic\/enlace-de-la-nom-046-ssa2-2005\/\"><img loading=\"lazy\" decoding=\"async\" width=\"495\" height=\"487\" src=\"https:\/\/www.ssaver.gob.mx\/seic\/wp-content\/uploads\/sites\/22\/2025\/03\/imagen3.png\" alt=\"\" class=\"wp-image-3349\" style=\"width:299px;height:auto\" srcset=\"https:\/\/www.ssaver.gob.mx\/seic\/wp-content\/uploads\/sites\/22\/2025\/03\/imagen3.png 495w, https:\/\/www.ssaver.gob.mx\/seic\/wp-content\/uploads\/sites\/22\/2025\/03\/imagen3-300x295.png 300w\" sizes=\"auto, (max-width: 495px) 100vw, 495px\" \/><\/a><\/figure>\n\n\n\n<p class=\"has-text-align-center has-text-color has-link-color has-medium-font-size wp-elements-09219578a5d3030416c82fc9d4f0045f\" style=\"color:#7a1737\"><strong><a href=\"https:\/\/www.ssaver.gob.mx\/seic\/enlace-de-la-nom-046-ssa2-2005\/\">Enlace NOM-046-SSA2-2005<\/a><\/strong><\/p>\n<\/div>\n<\/div>\n\n\n\n<div style=\"height:50px\" aria-hidden=\"true\" class=\"wp-block-spacer\"><\/div>\n\n\n\n<hr class=\"wp-block-separator has-alpha-channel-opacity\" \/>\n\n\n\n<div style=\"height:50px\" aria-hidden=\"true\" class=\"wp-block-spacer\"><\/div>\n\n\n\n<figure class=\"wp-block-image aligncenter size-full is-resized\"><img loading=\"lazy\" decoding=\"async\" width=\"1024\" height=\"353\" src=\"https:\/\/www.ssaver.gob.mx\/seic\/wp-content\/uploads\/sites\/22\/2025\/03\/DPH1.png\" alt=\"\" class=\"wp-image-3326\" style=\"width:347px;height:auto\" srcset=\"https:\/\/www.ssaver.gob.mx\/seic\/wp-content\/uploads\/sites\/22\/2025\/03\/DPH1.png 1024w, https:\/\/www.ssaver.gob.mx\/seic\/wp-content\/uploads\/sites\/22\/2025\/03\/DPH1-300x103.png 300w, https:\/\/www.ssaver.gob.mx\/seic\/wp-content\/uploads\/sites\/22\/2025\/03\/DPH1-768x265.png 768w\" sizes=\"auto, (max-width: 1024px) 100vw, 1024px\" \/><\/figure>\n\n\n\n<p><\/p>\n","protected":false},"excerpt":{"rendered":"<p>Objetivo Impulsar la integraci\u00f3n de los principios del desarrollo humano y el impacto de los derechos humanos en el \u00e1mbito<\/p>\n","protected":false},"author":31,"featured_media":0,"parent":0,"menu_order":0,"comment_status":"closed","ping_status":"closed","template":"","meta":{"colormag_page_container_layout":"default_layout","colormag_page_sidebar_layout":"default_layout","footnotes":""},"class_list":["post-949","page","type-page","status-publish","hentry"],"_links":{"self":[{"href":"https:\/\/www.ssaver.gob.mx\/seic\/wp-json\/wp\/v2\/pages\/949","targetHints":{"allow":["GET"]}}],"collection":[{"href":"https:\/\/www.ssaver.gob.mx\/seic\/wp-json\/wp\/v2\/pages"}],"about":[{"href":"https:\/\/www.ssaver.gob.mx\/seic\/wp-json\/wp\/v2\/types\/page"}],"author":[{"embeddable":true,"href":"https:\/\/www.ssaver.gob.mx\/seic\/wp-json\/wp\/v2\/users\/31"}],"replies":[{"embeddable":true,"href":"https:\/\/www.ssaver.gob.mx\/seic\/wp-json\/wp\/v2\/comments?post=949"}],"version-history":[{"count":39,"href":"https:\/\/www.ssaver.gob.mx\/seic\/wp-json\/wp\/v2\/pages\/949\/revisions"}],"predecessor-version":[{"id":3557,"href":"https:\/\/www.ssaver.gob.mx\/seic\/wp-json\/wp\/v2\/pages\/949\/revisions\/3557"}],"wp:attachment":[{"href":"https:\/\/www.ssaver.gob.mx\/seic\/wp-json\/wp\/v2\/media?parent=949"}],"curies":[{"name":"wp","href":"https:\/\/api.w.org\/{rel}","templated":true}]}}