{"id":1951,"date":"2023-09-26T15:24:46","date_gmt":"2023-09-26T20:24:46","guid":{"rendered":"https:\/\/www.ssaver.gob.mx\/transparencia\/?page_id=1951"},"modified":"2026-03-24T09:37:36","modified_gmt":"2026-03-24T15:37:36","slug":"sanitario","status":"publish","type":"page","link":"https:\/\/www.ssaver.gob.mx\/transparencia\/1260-2\/sanitario\/","title":{"rendered":"Comisi\u00f3n Federal para la Protecci\u00f3n Contra Riesgos Sanitarios"},"content":{"rendered":"\n<hr class=\"wp-block-separator aligncenter has-text-color has-alpha-channel-opacity has-background is-style-wide\" style=\"background-color:#d8bf31;color:#d8bf31\" \/>\n\n\n\n<div class=\"wp-block-group is-layout-constrained wp-container-core-group-is-layout-9517baca wp-block-group-is-layout-constrained\">\n<div class=\"wp-block-columns is-layout-flex wp-container-core-columns-is-layout-9c22b1e3 wp-block-columns-is-layout-flex\">\n<div class=\"wp-block-column is-vertically-aligned-stretch is-layout-flow wp-container-core-column-is-layout-c43c6636 wp-block-column-is-layout-flow\" style=\"padding-right:0;padding-left:0;flex-basis:100%\">\n<div class=\"wp-block-cover wp-elements-3d608b110c686d5b23e0cd341bdb5bf1 has-aspect-ratio\" style=\"margin-top:0;margin-bottom:0;padding-top:0;padding-right:0;padding-bottom:0;padding-left:0;aspect-ratio:auto;min-height:unset;\"><img decoding=\"async\" class=\"wp-block-cover__image-background wp-image-5220 size-full\" alt=\"\" src=\"https:\/\/www.ssaver.gob.mx\/tecnologias\/wp-content\/uploads\/sites\/14\/2025\/09\/textura_areas_TI-scaled.png\" style=\"object-position:15% 27%\" data-object-fit=\"cover\" data-object-position=\"15% 27%\" \/><span aria-hidden=\"true\" class=\"wp-block-cover__background has-background-dim-100 has-background-dim\" style=\"background-color:#720f37\"><\/span><div class=\"wp-block-cover__inner-container is-layout-constrained wp-container-core-cover-is-layout-72190d31 wp-block-cover-is-layout-constrained\">\n<p class=\"has-text-align-center\" style=\"font-size:28px\"><strong>Comisi\u00f3n Federal para la Protecci\u00f3n Contra Riesgos Sanitarios<\/strong><\/p>\n<\/div><\/div>\n<\/div>\n<\/div>\n\n\n\n<div class=\"wp-block-columns is-layout-flex wp-container-core-columns-is-layout-b2864ded wp-block-columns-is-layout-flex\" style=\"margin-top:0;margin-bottom:0;padding-top:0;padding-bottom:0\">\n<div class=\"wp-block-column is-vertically-aligned-center has-background is-layout-flow wp-block-column-is-layout-flow\" style=\"background:linear-gradient(180deg,rgb(233,231,225) 32%,rgba(232,230,225,0) 100%);padding-top:var(--wp--preset--spacing--40);padding-right:var(--wp--preset--spacing--40);padding-bottom:var(--wp--preset--spacing--40);padding-left:var(--wp--preset--spacing--70);flex-basis:100%\">\n<hr class=\"wp-block-separator aligncenter has-text-color has-alpha-channel-opacity has-background is-style-wide\" style=\"margin-top:var(--wp--preset--spacing--20);margin-bottom:var(--wp--preset--spacing--20);background-color:#d6af4d;color:#d6af4d\" \/>\n\n\n\n<div class=\"wp-block-group is-layout-constrained wp-block-group-is-layout-constrained\">\n<h1 class=\"wp-block-heading has-text-align-left has-background\" style=\"background-color:#ffde66;font-size:16px\">La Comisi\u00f3n Federal para la Protecci\u00f3n Contra Riesgo Sanitarios (COFEPRIS), es un \u00f3rgano desconcentrado de la Secretar\u00eda de Salud, creado mediante Decreto publicado en el Diario Oficial de la Federaci\u00f3n (DOF) el 05 de julio de 2001, con atribuciones en materia de regulaci\u00f3n, control y fomento sanitarios, en t\u00e9rminos de la Ley General de Salud (LGS) y dem\u00e1s disposiciones aplicables.<\/h1>\n\n\n\n<h4 class=\"wp-block-heading\"><a href=\"https:\/\/drive.google.com\/file\/d\/1uAOBHI9o3ST9fKoDQ-mKZtOzheg1mJ6h\/view?usp=sharing\">Estrategia Nacional de Buen Gobierno<\/a><\/h4>\n<\/div>\n<\/div>\n<\/div>\n<\/div>\n","protected":false},"excerpt":{"rendered":"<p>La Comisi\u00f3n Federal para la Protecci\u00f3n Contra Riesgo Sanitarios (COFEPRIS), es un \u00f3rgano desconcentrado de la Secretar\u00eda de Salud, creado<\/p>\n","protected":false},"author":18,"featured_media":0,"parent":1260,"menu_order":1,"comment_status":"closed","ping_status":"closed","template":"","meta":{"colormag_page_container_layout":"default_layout","colormag_page_sidebar_layout":"default_layout","footnotes":""},"class_list":["post-1951","page","type-page","status-publish","hentry"],"_links":{"self":[{"href":"https:\/\/www.ssaver.gob.mx\/transparencia\/wp-json\/wp\/v2\/pages\/1951","targetHints":{"allow":["GET"]}}],"collection":[{"href":"https:\/\/www.ssaver.gob.mx\/transparencia\/wp-json\/wp\/v2\/pages"}],"about":[{"href":"https:\/\/www.ssaver.gob.mx\/transparencia\/wp-json\/wp\/v2\/types\/page"}],"author":[{"embeddable":true,"href":"https:\/\/www.ssaver.gob.mx\/transparencia\/wp-json\/wp\/v2\/users\/18"}],"replies":[{"embeddable":true,"href":"https:\/\/www.ssaver.gob.mx\/transparencia\/wp-json\/wp\/v2\/comments?post=1951"}],"version-history":[{"count":6,"href":"https:\/\/www.ssaver.gob.mx\/transparencia\/wp-json\/wp\/v2\/pages\/1951\/revisions"}],"predecessor-version":[{"id":4216,"href":"https:\/\/www.ssaver.gob.mx\/transparencia\/wp-json\/wp\/v2\/pages\/1951\/revisions\/4216"}],"up":[{"embeddable":true,"href":"https:\/\/www.ssaver.gob.mx\/transparencia\/wp-json\/wp\/v2\/pages\/1260"}],"wp:attachment":[{"href":"https:\/\/www.ssaver.gob.mx\/transparencia\/wp-json\/wp\/v2\/media?parent=1951"}],"curies":[{"name":"wp","href":"https:\/\/api.w.org\/{rel}","templated":true}]}}