{"id":459,"date":"2022-06-21T13:53:37","date_gmt":"2022-06-21T18:53:37","guid":{"rendered":"https:\/\/www.ssaver.gob.mx\/transparencia\/?page_id=459"},"modified":"2026-04-30T11:56:29","modified_gmt":"2026-04-30T17:56:29","slug":"avisos","status":"publish","type":"page","link":"https:\/\/www.ssaver.gob.mx\/transparencia\/1260-2\/avisos\/","title":{"rendered":"Avisos de privacidad"},"content":{"rendered":"\n<hr class=\"wp-block-separator aligncenter has-text-color has-alpha-channel-opacity has-background is-style-wide\" style=\"background-color:#d8bf31;color:#d8bf31\" \/>\n\n\n\n<div class=\"wp-block-group is-layout-constrained wp-container-core-group-is-layout-9517baca wp-block-group-is-layout-constrained\">\n<div class=\"wp-block-columns is-layout-flex wp-container-core-columns-is-layout-9c22b1e3 wp-block-columns-is-layout-flex\">\n<div class=\"wp-block-column is-vertically-aligned-stretch is-layout-flow wp-container-core-column-is-layout-c43c6636 wp-block-column-is-layout-flow\" style=\"padding-right:0;padding-left:0;flex-basis:100%\">\n<div class=\"wp-block-cover wp-elements-86342dbfe5ad2f35b07008273e9f3c74 has-aspect-ratio\" style=\"margin-top:0;margin-bottom:0;padding-top:0;padding-right:0;padding-bottom:0;padding-left:0;aspect-ratio:auto;min-height:unset;\"><img decoding=\"async\" class=\"wp-block-cover__image-background wp-image-5220 size-full\" alt=\"\" src=\"https:\/\/www.ssaver.gob.mx\/tecnologias\/wp-content\/uploads\/sites\/14\/2025\/09\/textura_areas_TI-scaled.png\" style=\"object-position:15% 27%\" data-object-fit=\"cover\" data-object-position=\"15% 27%\" \/><span aria-hidden=\"true\" class=\"wp-block-cover__background has-background-dim-100 has-background-dim\" style=\"background-color:#720f37\"><\/span><div class=\"wp-block-cover__inner-container is-layout-constrained wp-container-core-cover-is-layout-72190d31 wp-block-cover-is-layout-constrained\">\n<p class=\"has-text-align-center\" style=\"font-size:28px\"><strong>Avisos de privacidad<\/strong><\/p>\n<\/div><\/div>\n<\/div>\n<\/div>\n\n\n\n<div class=\"wp-block-columns is-layout-flex wp-container-core-columns-is-layout-b2864ded wp-block-columns-is-layout-flex\" style=\"margin-top:0;margin-bottom:0;padding-top:0;padding-bottom:0\">\n<div class=\"wp-block-column is-vertically-aligned-center has-background is-layout-flow wp-block-column-is-layout-flow\" style=\"background:linear-gradient(180deg,rgb(233,231,225) 32%,rgba(232,230,225,0) 100%);padding-top:var(--wp--preset--spacing--40);padding-right:var(--wp--preset--spacing--40);padding-bottom:var(--wp--preset--spacing--40);padding-left:var(--wp--preset--spacing--70);flex-basis:100%\">\n<hr class=\"wp-block-separator aligncenter has-text-color has-alpha-channel-opacity has-background is-style-wide\" style=\"margin-top:var(--wp--preset--spacing--20);margin-bottom:var(--wp--preset--spacing--20);background-color:#d6af4d;color:#d6af4d\" \/>\n\n\n\n<p class=\"has-text-align-center has-white-color has-text-color has-background\" style=\"background-color:#7a1737;font-size:22px\"><strong>1. Avisos de Privacidad de Recursos Humanos (SESVER).<\/strong><\/p>\n\n\n\n<ul class=\"wp-block-list has-medium-font-size\">\n<li><a href=\"https:\/\/www.ssaver.gob.mx\/transparencia\/wp-content\/uploads\/sites\/7\/2022\/06\/avpSRHintegral.pdf\" target=\"_blank\" rel=\"noreferrer noopener\">SRH Integral<\/a><\/li>\n\n\n\n<li><a href=\"https:\/\/www.ssaver.gob.mx\/transparencia\/wp-content\/uploads\/sites\/7\/2022\/06\/avpSRHsimplificado.pdf\" target=\"_blank\" rel=\"noreferrer noopener\">SRH Simplificado<\/a><\/li>\n<\/ul>\n\n\n\n<p class=\"has-text-align-center has-white-color has-text-color has-background\" style=\"background-color:#7a1737;font-size:22px\"><strong>2. <strong>Avisos de Privacidad<\/strong> del Expediente Cl\u00ednico.<\/strong><\/p>\n\n\n\n<ul class=\"wp-block-list has-medium-font-size\">\n<li><a rel=\"noreferrer noopener\" href=\"https:\/\/www.ssaver.gob.mx\/transparencia\/wp-content\/uploads\/sites\/7\/2022\/06\/03APExpUnico.pdf\" target=\"_blank\">Expediente Cl\u00ednico<\/a><\/li>\n<\/ul>\n\n\n\n<p class=\"has-text-align-center has-white-color has-text-color has-background\" style=\"background-color:#7a1737;font-size:22px\"><strong>3. <strong>Avisos de Privacidad<\/strong> de Diagn\u00f3sticos en Materia de Trastornos Mentales y del Comportamiento.<\/strong><\/p>\n\n\n\n<ul class=\"wp-block-list has-medium-font-size\">\n<li><a rel=\"noreferrer noopener\" href=\"https:\/\/www.ssaver.gob.mx\/transparencia\/wp-content\/uploads\/sites\/7\/2022\/06\/AVISO-DE-PRIVACIDAD-INTEGRAL-SIMPLIFICADO-SALUD-METAL.pdf\" target=\"_blank\">Salud Mental<\/a><\/li>\n<\/ul>\n\n\n\n<p class=\"has-text-align-center has-white-color has-text-color has-background\" style=\"background-color:#7a1737;font-size:22px\"><strong>4. <strong>Avisos de Privacidad<\/strong> de informaci\u00f3n proporcionada por los trabajadores de la Secretar\u00eda de Salud referente a Capacitaci\u00f3n.<\/strong><\/p>\n\n\n\n<ul class=\"wp-block-list has-medium-font-size\">\n<li><a rel=\"noreferrer noopener\" href=\"https:\/\/www.ssaver.gob.mx\/transparencia\/wp-content\/uploads\/sites\/7\/2022\/06\/Aviso-de-privacidad-simplificado-e-integral-Capacitacion.pdf\" target=\"_blank\">Capacitaci\u00f3n<\/a><\/li>\n<\/ul>\n\n\n\n<p class=\"has-text-align-center has-white-color has-text-color has-background\" style=\"background-color:#7a1737;font-size:22px\"><strong>5. <strong>Avisos de Privacidad<\/strong> de Informaci\u00f3n proporcionada por Investigadores en la Secretar\u00eda de Salud.<\/strong><\/p>\n\n\n\n<ul class=\"wp-block-list has-medium-font-size\">\n<li><a rel=\"noreferrer noopener\" href=\"https:\/\/www.ssaver.gob.mx\/transparencia\/wp-content\/uploads\/sites\/7\/2022\/06\/AVISO-DE-PRIVACIDAD-SIMPLIFICADO-E-INTEGRAL-DE-INVESTIGACION.pdf\" target=\"_blank\">Investigaci\u00f3n<\/a><\/li>\n<\/ul>\n\n\n\n<p class=\"has-text-align-center has-white-color has-text-color has-background\" style=\"background-color:#7a1737;font-size:22px\"><strong>6. <strong>Avisos de Privacidad<\/strong> de informaci\u00f3n proporcionada por interesados en realizar el servicio social, internado m\u00e9dico y residencias m\u00e9dicas.<\/strong><\/p>\n\n\n\n<ul class=\"wp-block-list has-medium-font-size\">\n<li><a rel=\"noreferrer noopener\" href=\"https:\/\/www.ssaver.gob.mx\/transparencia\/wp-content\/uploads\/sites\/7\/2022\/06\/AVISO-DE-PRIVACIDAD-SIMP-INTEG-PRE-POSGRADO.pdf\" target=\"_blank\">Servicio Social, Internados y Residencias M\u00e9dicas<\/a><\/li>\n<\/ul>\n\n\n\n<p class=\"has-text-align-center has-white-color has-text-color has-background\" style=\"background-color:#7a1737;font-size:22px\"><strong>7. <strong>Avisos de Privacidad<\/strong> de Adultos Mayores residentes en la Casa Hogar \u00abLi Mash Kan\u00bb de Papantla.<\/strong><\/p>\n\n\n\n<ul class=\"wp-block-list has-medium-font-size\">\n<li><a href=\"https:\/\/www.ssaver.gob.mx\/transparencia\/wp-content\/uploads\/sites\/7\/2025\/10\/AP_08.pdf\">Papantla<\/a><\/li>\n<\/ul>\n\n\n\n<p class=\"has-text-align-center has-white-color has-text-color has-background\" style=\"background-color:#7a1737;font-size:22px\"><strong>8. <strong>Avisos de Privacidad<\/strong> de donadores de sangre (transfusi\u00f3n sangu\u00ednea y sus procesos).<\/strong><\/p>\n\n\n\n<ul class=\"wp-block-list has-medium-font-size\">\n<li class=\"has-medium-font-size\"><a href=\"https:\/\/www.ssaver.gob.mx\/transparencia\/wp-content\/uploads\/sites\/7\/2025\/11\/AP_09.pdf\">CETS<\/a><\/li>\n<\/ul>\n\n\n\n<p class=\"has-text-align-center has-white-color has-text-color has-background\" style=\"background-color:#7a1737;font-size:22px\"><strong>9. <strong>Avisos de Privacidad<\/strong> de informaci\u00f3n recopilada de la ciudadan\u00eda por parte de la Unidad de Transparencia, para atender las solicitudes de acceso a la informaci\u00f3n, derechos ARCO y los procesos derivados de estas como son los recursos de revisi\u00f3n.<\/strong><\/p>\n\n\n\n<ul class=\"wp-block-list has-medium-font-size\">\n<li><a href=\"https:\/\/www.ssaver.gob.mx\/transparencia\/wp-content\/uploads\/sites\/7\/2026\/04\/AP_9.pdf\">Transparencia<\/a><\/li>\n<\/ul>\n\n\n\n<p class=\"has-text-align-center has-white-color has-text-color has-background\" style=\"background-color:#7a1737;font-size:22px\"><strong>10. <strong>Avisos de Privacidad<\/strong> de nacimientos y defunciones en el \u00e1rea administrada por las Jurisdicciones Sanitarias<\/strong><\/p>\n\n\n\n<ul class=\"wp-block-list has-medium-font-size\">\n<li><a rel=\"noreferrer noopener\" href=\"https:\/\/www.ssaver.gob.mx\/transparencia\/wp-content\/uploads\/sites\/7\/2022\/06\/AVISO-DE-PRIVACIDAD-NACIMIENTOS-Y-DEFUNCIONES.pdf\" target=\"_blank\">Nacimientos y Defunciones<\/a><\/li>\n<\/ul>\n\n\n\n<p class=\"has-text-align-center has-white-color has-text-color has-background\" style=\"background-color:#7a1737;font-size:22px\"><strong>11. <strong><strong>Avisos de Privacidad<\/strong><\/strong> de pacientes para la prevenci\u00f3n del C\u00e1ncer C\u00e9rvico Uterino o que presentan la enfermedad.<\/strong><\/p>\n\n\n\n<ul class=\"wp-block-list has-medium-font-size\">\n<li><a rel=\"noreferrer noopener\" href=\"https:\/\/www.ssaver.gob.mx\/transparencia\/wp-content\/uploads\/sites\/7\/2022\/06\/AVISO-DE-PRIVACIDAD-SIMPLIFICADO-E-INTREGRAL-CancerCervicoUterino.pdf\" target=\"_blank\">C\u00e1ncer C\u00e9rvico Uterino<\/a><\/li>\n<\/ul>\n\n\n\n<p class=\"has-text-align-center has-white-color has-text-color has-background\" style=\"background-color:#7a1737;font-size:22px\"><strong>12. <strong>Avisos de Privacidad<\/strong> de mujeres con C\u00e1ncer Mamario.<\/strong><\/p>\n\n\n\n<ul class=\"wp-block-list has-medium-font-size\">\n<li><a rel=\"noreferrer noopener\" href=\"https:\/\/www.ssaver.gob.mx\/transparencia\/wp-content\/uploads\/sites\/7\/2022\/06\/AVISO-DE-PRIVACIDAD-SIMPLIFICADO-E-INTREGRAL-MujeresCancerMamario.pdf\" target=\"_blank\">C\u00e1ncer Mamario<\/a><\/li>\n<\/ul>\n\n\n\n<p class=\"has-text-align-center has-white-color has-text-color has-background\" style=\"background-color:#7a1737;font-size:22px\"><strong>13. <strong>Avisos de Privacidad<\/strong> de pacientes afectadas por Tuberculosis: Micobacteriosis y Farmacorresistencia.<\/strong><\/p>\n\n\n\n<ul class=\"wp-block-list has-medium-font-size\">\n<li><a rel=\"noreferrer noopener\" href=\"https:\/\/www.ssaver.gob.mx\/transparencia\/wp-content\/uploads\/sites\/7\/2022\/06\/AVISO-SIMPLIFICADO-E-INTEGRAL-TUBERCULOSIS.pdf\" target=\"_blank\">Tuberculosis<\/a><\/li>\n<\/ul>\n\n\n\n<p class=\"has-text-align-center has-white-color has-text-color has-background\" style=\"background-color:#7a1737;font-size:22px\"><strong>14. <strong>Avisos de Privacidad<\/strong> de pacientes para la prevenci\u00f3n y atenci\u00f3n del Sida y otras infecciones de trasmisi\u00f3n sexual.<\/strong><\/p>\n\n\n\n<ul class=\"wp-block-list has-medium-font-size\">\n<li><a rel=\"noreferrer noopener\" href=\"https:\/\/www.ssaver.gob.mx\/transparencia\/wp-content\/uploads\/sites\/7\/2022\/06\/AVISO-DE-PRIVACIDAD-SIMPLIFICADO-E-INTREGRAL-VIH-SIDA.pdf\" target=\"_blank\">VIH-Sida<\/a><\/li>\n<\/ul>\n\n\n\n<p class=\"has-text-align-center has-white-color has-text-color has-background\" style=\"background-color:#7a1737;font-size:22px\"><strong>15. <strong>Avisos de Privacidad<\/strong> con informaci\u00f3n de Personas con Diagn\u00f3stico Positivo de Enfermedades Zoon\u00f3ticas.<\/strong><\/p>\n\n\n\n<ul class=\"wp-block-list has-medium-font-size\">\n<li><a href=\"https:\/\/www.ssaver.gob.mx\/transparencia\/wp-content\/uploads\/sites\/7\/2022\/07\/16-Sistema-de-Datos-Personales-de-Personas-con-Diagno%CC%81stico-Positivo-de-Enfermedades-Zoono%CC%81ticas-31-01-22.pdf\" target=\"_blank\" rel=\"noreferrer noopener\">Zoonosis<\/a><\/li>\n<\/ul>\n\n\n\n<p class=\"has-text-align-center has-white-color has-text-color has-background\" style=\"background-color:#7a1737;font-size:22px\"><strong>16. <strong>Avisos de Privacidad<\/strong> de pacientes con padecimientos y de las defunciones sujetas a vigilancia epidemiol\u00f3gica atendidos en unidades de salud o en campo.<\/strong><\/p>\n\n\n\n<ul class=\"wp-block-list has-medium-font-size\">\n<li><a rel=\"noreferrer noopener\" href=\"https:\/\/www.ssaver.gob.mx\/transparencia\/wp-content\/uploads\/sites\/7\/2022\/06\/avpVigilanciaEpidemiologica-1.pdf\" target=\"_blank\">Vigilancia Epidemiol\u00f3gica<\/a><\/li>\n<\/ul>\n\n\n\n<p class=\"has-text-align-center has-white-color has-text-color has-background\" style=\"background-color:#7a1737;font-size:22px\"><strong>17. <strong>Avisos de Privacidad<\/strong> de propietarios y responsables legales de establecimientos en el Sistema de Fomento Sanitario (evidencia y manejo).<\/strong><\/p>\n\n\n\n<ul class=\"wp-block-list has-medium-font-size\">\n<li><a rel=\"noreferrer noopener\" href=\"https:\/\/www.ssaver.gob.mx\/transparencia\/wp-content\/uploads\/sites\/7\/2022\/06\/CEDULAS-DE-EVAL-AVISO-PRIVACIDAD-SIMP-INTG.pdf\" target=\"_blank\">Evidencia y Manejo<\/a><\/li>\n<\/ul>\n\n\n\n<p class=\"has-text-align-center has-white-color has-text-color has-background\" style=\"background-color:#7a1737;font-size:22px\"><strong>18. <strong>Avisos de Privacidad<\/strong> de usuarios que realizan tr\u00e1mites de licencias y permisos sanitarios.<\/strong><\/p>\n\n\n\n<ul class=\"wp-block-list has-medium-font-size\">\n<li><a rel=\"noreferrer noopener\" href=\"https:\/\/www.ssaver.gob.mx\/transparencia\/wp-content\/uploads\/sites\/7\/2022\/06\/avisoAutSanitarias.pdf\" target=\"_blank\">Autorizaciones Sanitarias<\/a><\/li>\n<\/ul>\n\n\n\n<p class=\"has-text-align-center has-white-color has-text-color has-background\" style=\"background-color:#7a1737;font-size:22px\"><strong>19. <strong>Avisos de Privacidad<\/strong> de propietarios y responsables legales de establecimientos, productos y servicios sujetos a vigilancia sanitaria.<\/strong><\/p>\n\n\n\n<ul class=\"wp-block-list has-medium-font-size\">\n<li><a rel=\"noreferrer noopener\" href=\"https:\/\/www.ssaver.gob.mx\/transparencia\/wp-content\/uploads\/sites\/7\/2022\/06\/AVISO-DE-PRIVACIDAD-INTEGRAL-VIGILANCIA-SANITARIA.pdf\" target=\"_blank\">Vigilancia Sanitaria<\/a><\/li>\n<\/ul>\n\n\n\n<p class=\"has-text-align-center has-white-color has-text-color has-background\" style=\"background-color:#7a1737;font-size:22px\"><strong>20. <strong>Avisos de Privacidad<\/strong> de individuos afectados posiblemente en emergencias y desastres (seguimientos).<\/strong><\/p>\n\n\n\n<ul class=\"wp-block-list has-medium-font-size\">\n<li><a rel=\"noreferrer noopener\" href=\"https:\/\/www.ssaver.gob.mx\/transparencia\/wp-content\/uploads\/sites\/7\/2022\/06\/PERE-AVISO-DE-PRIVACIDAD-SIMPLIFICADO-E-INTEGRAL.pdf\" target=\"_blank\">Emergencias Radiol\u00f3gicas<\/a><\/li>\n<\/ul>\n\n\n\n<p class=\"has-text-align-center has-white-color has-text-color has-background\" style=\"background-color:#7a1737;font-size:22px\"><strong>21. <strong>Avisos de Privacidad<\/strong> de los Programas de Salud y Seguro Popular SINBA.<\/strong><\/p>\n\n\n\n<ul class=\"wp-block-list has-medium-font-size\">\n<li><a rel=\"noreferrer noopener\" href=\"https:\/\/www.ssaver.gob.mx\/transparencia\/wp-content\/uploads\/sites\/7\/2022\/06\/AVISO-DE-PRIVACIDAD-SIMPLIFICADO-E-INTEGRAL-DE-CLUES.pdf\" target=\"_blank\">CLUES<\/a><\/li>\n<\/ul>\n\n\n\n<p class=\"has-text-align-center has-white-color has-text-color has-background\" style=\"background-color:#7a1737;font-size:22px\"><strong>22. <strong>Avisos de Privacidad<\/strong> del Centro de Atenci\u00f3n Infantil.<\/strong><\/p>\n\n\n\n<ul class=\"wp-block-list has-medium-font-size\">\n<li><a href=\"https:\/\/www.ssaver.gob.mx\/transparencia\/wp-content\/uploads\/sites\/7\/2025\/08\/Aviso_23.pdf\">CAI<\/a><\/li>\n<\/ul>\n\n\n\n<p class=\"has-text-align-center has-white-color has-text-color has-background\" style=\"background-color:#7a1737;font-size:22px\"><strong>23. <strong>Avisos de Privacidad<\/strong> del Adulto Mayor en la Casa Hogar Mariana Sayago.<\/strong><\/p>\n\n\n\n<ul class=\"wp-block-list has-medium-font-size\">\n<li><a href=\"https:\/\/www.ssaver.gob.mx\/transparencia\/wp-content\/uploads\/sites\/7\/2026\/01\/AP_23.pdf\">Casa Hogar Mariana Sayago<\/a><\/li>\n<\/ul>\n\n\n\n<p class=\"has-text-align-center has-white-color has-text-color has-background\" style=\"background-color:#7a1737;font-size:22px\"><strong>24. <strong>Avisos de Privacidad<\/strong> del Centro de Alta Especialidad Dr. Rafael Lucio.<\/strong><\/p>\n\n\n\n<ul class=\"wp-block-list has-medium-font-size\">\n<li>CAE (Sistema abrogado; dic 2022)<\/li>\n<\/ul>\n\n\n\n<p class=\"has-text-align-center has-white-color has-text-color has-background\" style=\"background-color:#7a1737;font-size:22px\"><strong>25. <strong>Avisos de Privacidad<\/strong> de la Subdirecci\u00f3n de la Administraci\u00f3n del Patrimonio de la Beneficencia P\u00fablica en el Estado.<\/strong><\/p>\n\n\n\n<ul class=\"wp-block-list has-medium-font-size\">\n<li><a href=\"https:\/\/www.ssaver.gob.mx\/transparencia\/wp-content\/uploads\/sites\/7\/2026\/04\/AP_25.pdf\">Patrimonio de la Beneficencia P\u00fablica<\/a><\/li>\n<\/ul>\n\n\n\n<p class=\"has-text-align-center has-white-color has-text-color has-background\" style=\"background-color:#7a1737;font-size:22px\"><strong>26. <strong>Avisos de Privacidad<\/strong> de la Subdirecci\u00f3n de Recursos Materiales.<\/strong><\/p>\n\n\n\n<ul class=\"wp-block-list has-medium-font-size\">\n<li><a href=\"https:\/\/www.ssaver.gob.mx\/transparencia\/wp-content\/uploads\/sites\/7\/2022\/06\/AVISO-DE-PRIVACIDAD-SRM.docx\" target=\"_blank\" rel=\"noreferrer noopener\">Subdirecci\u00f3n de Recursos Materiales<\/a><\/li>\n<\/ul>\n\n\n\n<p class=\"has-text-align-center has-white-color has-text-color has-background\" style=\"background-color:#7a1737;font-size:22px\"><strong>27. <strong>Avisos de Privacidad<\/strong> del Hogar del Ni\u00f1o.<\/strong><\/p>\n\n\n\n<ul class=\"wp-block-list has-medium-font-size\">\n<li class=\"has-medium-font-size\"><a href=\"https:\/\/www.ssaver.gob.mx\/transparencia\/wp-content\/uploads\/sites\/7\/2026\/03\/AP_27.pdf\">Casa Hogar del Ni\u00f1o<\/a><\/li>\n<\/ul>\n\n\n\n<p class=\"has-text-align-center has-white-color has-text-color has-background\" style=\"background-color:#7a1737;font-size:22px\"><strong>28. <strong>Avisos de Privacidad<\/strong> de la Subdirecci\u00f3n de Recursos Financieros.<\/strong><\/p>\n\n\n\n<ul class=\"wp-block-list has-medium-font-size\">\n<li><a href=\"https:\/\/www.ssaver.gob.mx\/transparencia\/wp-content\/uploads\/sites\/7\/2022\/06\/UNIDAD-DE-TRANSPARECIA-SRF.docx\" target=\"_blank\" rel=\"noreferrer noopener\">Subdirecci\u00f3n de Recursos Financieros<\/a><\/li>\n<\/ul>\n\n\n\n<p class=\"has-text-align-center has-white-color has-text-color has-background\" style=\"background-color:#7a1737;font-size:22px\"><strong>29. <strong>Avisos de Privacidad<\/strong> del Laboratorio Estatal de Salud P\u00fablica.<\/strong><\/p>\n\n\n\n<ul class=\"wp-block-list has-medium-font-size\">\n<li><a href=\"https:\/\/www.ssaver.gob.mx\/transparencia\/wp-content\/uploads\/sites\/7\/2022\/06\/AVISO-PRIVACIDAD-LABORATORIO-ESTATAL-SALUD-PUBLICA.docx\" target=\"_blank\" rel=\"noreferrer noopener\">Laboratorio Estatal de Salud P\u00fablica<\/a><\/li>\n<\/ul>\n\n\n\n<p class=\"has-text-align-center has-white-color has-text-color has-background\" style=\"background-color:#7a1737;font-size:22px\"><strong>30. <strong>Avisos de Privacidad<\/strong> de la Prevenci\u00f3n y Atenci\u00f3n a la Violencia Familiar y de G\u00e9nero.<\/strong><\/p>\n\n\n\n<ul class=\"wp-block-list has-medium-font-size\">\n<li><a rel=\"noreferrer noopener\" href=\"https:\/\/www.ssaver.gob.mx\/transparencia\/wp-content\/uploads\/sites\/7\/2022\/06\/avpDSP-Violenicia.pdf\" target=\"_blank\">Prevenci\u00f3n y Atenci\u00f3n a la Violencia Familiar y de G\u00e9nero<\/a><\/li>\n<\/ul>\n\n\n\n<p class=\"has-text-align-center has-white-color has-text-color has-background\" style=\"background-color:#7a1737;font-size:22px\"><strong>31. <strong>Avisos de Privacidad<\/strong> Relativo a la Inscripci\u00f3n en el Padr\u00f3n de Contratistas de SESVER, en los Procesos Licitatorios y Celebraci\u00f3n de Contratos Derivados de los Mismos.<\/strong><\/p>\n\n\n\n<ul class=\"wp-block-list has-medium-font-size\">\n<li><a href=\"https:\/\/www.ssaver.gob.mx\/transparencia\/wp-content\/uploads\/sites\/7\/2023\/02\/32-sdpinscripcionPadronContratistasSESVER.pdf\">Licitaciones y compras<\/a><\/li>\n<\/ul>\n\n\n\n<p class=\"has-text-align-center has-white-color has-text-color has-background\" style=\"background-color:#7a1737;font-size:22px\"><strong>32. <strong>Avisos de Privacidad<\/strong> de la STCOEPRA.<\/strong><\/p>\n\n\n\n<ul class=\"wp-block-list has-medium-font-size\">\n<li><a rel=\"noreferrer noopener\" href=\"https:\/\/www.ssaver.gob.mx\/transparencia\/wp-content\/uploads\/sites\/7\/2022\/06\/Aviso-de-Privacidad-STCOEPRA-PrevencionAccidentes.pdf\" target=\"_blank\">Prevenci\u00f3n de Accidentes<\/a><\/li>\n<\/ul>\n\n\n\n<p class=\"has-text-align-center has-white-color has-text-color has-background\" style=\"background-color:#7a1737;font-size:22px\"><strong>33. <strong>Avisos de Privacidad<\/strong> de la UVISA.<\/strong><\/p>\n\n\n\n<ul class=\"wp-block-list has-medium-font-size\">\n<li><a rel=\"noreferrer noopener\" href=\"https:\/\/www.ssaver.gob.mx\/transparencia\/wp-content\/uploads\/sites\/7\/2022\/06\/AVISO-DE-PRIVACIDAD-UVISA-UnidadVidaSaludable.pdf\" target=\"_blank\">Unidad de Vida Saludable<\/a><\/li>\n<\/ul>\n\n\n\n<p class=\"has-text-align-center has-white-color has-text-color has-background\" style=\"background-color:#7a1737;font-size:22px\"><strong>34. <strong>Avisos de Privacidad<\/strong> del C\u00e1ncer en la Infancia y la Adolescencia.<\/strong><\/p>\n\n\n\n<ul class=\"wp-block-list has-medium-font-size\">\n<li><a rel=\"noreferrer noopener\" href=\"https:\/\/www.ssaver.gob.mx\/transparencia\/wp-content\/uploads\/sites\/7\/2022\/06\/AVISO-DE-PRIVACIDAD-CIA-CancerInfanciaAdolescencia.pdf\" target=\"_blank\">C\u00e1ncer en la Infancia y la Adolescencia<\/a><\/li>\n<\/ul>\n\n\n\n<p class=\"has-text-align-center has-white-color has-text-color has-background\" style=\"background-color:#7a1737;font-size:22px\"><strong>35. <strong>Avisos de Privacidad<\/strong> de COVID-19.<\/strong><\/p>\n\n\n\n<ul class=\"wp-block-list has-medium-font-size\">\n<li><a href=\"https:\/\/www.ssaver.gob.mx\/transparencia\/wp-content\/uploads\/sites\/7\/2022\/06\/36-Aviso-de-Privacidad-Simplificado-de-Datos-Personales-sobre-Pacientes-con-Padecimientos-con-Coronavirus-19-07-2021.pdf\" target=\"_blank\" rel=\"noreferrer noopener\">COVID-19<\/a><\/li>\n<\/ul>\n\n\n\n<p class=\"has-text-align-center has-white-color has-text-color has-background\" style=\"background-color:#7a1737;font-size:22px\"><strong>36. <strong>Avisos de Privacidad<\/strong> de Asignaci\u00f3n de Servicios en Materia de Tecnolog\u00edas de la Informaci\u00f3n.<\/strong><\/p>\n\n\n\n<ul class=\"wp-block-list has-medium-font-size\">\n<li><a href=\"https:\/\/www.ssaver.gob.mx\/transparencia\/wp-content\/uploads\/sites\/7\/2023\/02\/38-sdpTecnologiasInformacionIntegral.pdf\">DTI Integral<\/a><\/li>\n\n\n\n<li><a href=\"https:\/\/www.ssaver.gob.mx\/transparencia\/wp-content\/uploads\/sites\/7\/2023\/02\/38-sdpTecnolgiasInformacionSimplificado.pdf\">DTI Simplificado<\/a><\/li>\n<\/ul>\n\n\n\n<p class=\"has-text-align-center has-white-color has-text-color has-background\" style=\"background-color:#7a1737;font-size:22px\"><strong>37. <strong>Avisos de Privacidad<\/strong> de Determinantes de la Salud y estilos de Vida Saludables.<\/strong><\/p>\n\n\n\n<ul class=\"wp-block-list has-medium-font-size\">\n<li><a href=\"https:\/\/www.ssaver.gob.mx\/transparencia\/wp-content\/uploads\/sites\/7\/2026\/02\/AP_37.pdf\">Vida Saludable<\/a><\/li>\n<\/ul>\n\n\n\n<p class=\"has-text-align-center has-white-color has-text-color has-background\" style=\"background-color:#7a1737;font-size:22px\"><strong>38. <strong>Avisos de Privacidad<\/strong> del Programa Obesidad.<\/strong><\/p>\n\n\n\n<ul class=\"wp-block-list has-medium-font-size\">\n<li><a href=\"https:\/\/www.ssaver.gob.mx\/transparencia\/wp-content\/uploads\/sites\/7\/2026\/02\/AP_38.pdf\">Programa de Obesidad<\/a><\/li>\n<\/ul>\n\n\n\n<p class=\"has-text-align-center has-white-color has-text-color has-background\" style=\"background-color:#7a1737;font-size:22px\"><strong>39. <strong>Avisos de Privacidad<\/strong> del Programa de Enfermedades Cardiometab\u00f3licas.<\/strong><\/p>\n\n\n\n<ul class=\"wp-block-list has-medium-font-size\">\n<li><a href=\"https:\/\/www.ssaver.gob.mx\/transparencia\/wp-content\/uploads\/sites\/7\/2022\/06\/AVISO-DE-PRIVACIDAD-CARDIOMETABOLICAS.pdf\" target=\"_blank\" rel=\"noreferrer noopener\">Programa de Enfermedades Cardiometab\u00f3licas<\/a><\/li>\n<\/ul>\n\n\n\n<p class=\"has-text-align-center has-white-color has-text-color has-background\" style=\"background-color:#7a1737;font-size:22px\"><strong>40. <strong>Avisos de Privacidad<\/strong> del Programa de Salud del Adulto Mayor.<\/strong><\/p>\n\n\n\n<ul class=\"wp-block-list has-medium-font-size\">\n<li><a href=\"https:\/\/www.ssaver.gob.mx\/transparencia\/wp-content\/uploads\/sites\/7\/2022\/06\/AVISO-DE-PRIVACIDAD-PROGRAMA-DE-SALUD-DEL-ADULTO-MAYOR.pdf\" target=\"_blank\" rel=\"noreferrer noopener\">Programa de Salud del Adulto Mayor<\/a><\/li>\n<\/ul>\n\n\n\n<p class=\"has-text-align-center has-white-color has-text-color has-background\" style=\"background-color:#7a1737;font-size:22px\"><strong>41. <strong>Avisos de Privacidad<\/strong> para para Procesos del Departamento de Transportes.<\/strong><\/p>\n\n\n\n<ul class=\"wp-block-list has-medium-font-size\">\n<li><a rel=\"noreferrer noopener\" href=\"https:\/\/www.ssaver.gob.mx\/transparencia\/wp-content\/uploads\/sites\/7\/2022\/06\/45-AVISO-DE-PRIVACIDAD-DEP-TRANSPORTES-2021.pdf\" target=\"_blank\">Transportes<\/a><\/li>\n<\/ul>\n\n\n\n<p class=\"has-text-align-center has-white-color has-text-color has-background\" style=\"background-color:#7a1737;font-size:22px\"><strong>42. <strong>Avisos de Privacidad<\/strong> para Procesos de C\u00e1maras de Videovigilancia DPCRS.<\/strong><\/p>\n\n\n\n<ul class=\"wp-block-list has-medium-font-size\">\n<li><a rel=\"noreferrer noopener\" href=\"https:\/\/www.ssaver.gob.mx\/transparencia\/wp-content\/uploads\/sites\/7\/2022\/06\/46-Avisos-de-Privacidad-de-Video-Vigilancia-PARA-PAGINA-DE-SESVER.pdf\" target=\"_blank\">C\u00e1maras de Videovigilancia<\/a><\/li>\n<\/ul>\n\n\n\n<p class=\"has-text-align-center has-white-color has-text-color has-background\" style=\"background-color:#7a1737;font-size:22px\"><strong>43. <strong>Avisos de Privacidad<\/strong> para los Comit\u00e9s de Contralor\u00eda Ciudadana.<\/strong><\/p>\n\n\n\n<ul class=\"wp-block-list has-medium-font-size\">\n<li class=\"has-medium-font-size\"><a href=\"https:\/\/www.ssaver.gob.mx\/transparencia\/wp-content\/uploads\/sites\/7\/2025\/03\/Aviso_47.pdf\">CCC<\/a><\/li>\n<\/ul>\n\n\n\n<p class=\"has-text-align-center has-white-color has-text-color has-background\" style=\"background-color:#7a1737;font-size:22px\"><strong>44. <strong>Avisos de Privacidad<\/strong> para el Proceso de Certificaci\u00f3n de Escuelas Promotoras de la Salud.<\/strong><\/p>\n\n\n\n<ul class=\"wp-block-list has-medium-font-size\">\n<li class=\"has-medium-font-size\"><a href=\"https:\/\/www.ssaver.gob.mx\/transparencia\/wp-content\/uploads\/sites\/7\/2026\/02\/AP_44.pdf\">Escuelas Promotoras de la Salud<\/a><\/li>\n<\/ul>\n\n\n\n<p class=\"has-text-align-center has-white-color has-text-color has-background\" style=\"background-color:#7a1737;font-size:22px\"><strong>45. <strong>Avisos de Privacidad<\/strong> del Programa de Medicina Tradicional Ind\u00edgena.<\/strong><\/p>\n\n\n\n<ul class=\"wp-block-list has-medium-font-size\">\n<li class=\"has-medium-font-size\"><a href=\"https:\/\/drive.google.com\/file\/d\/1nr5mxi3DqiA5Ward-TELoVjnPGeNXpN7\/view?usp=sharing\">Medicina Tradicional Ind\u00edgena Integral<\/a><\/li>\n\n\n\n<li class=\"has-medium-font-size\"><a href=\"https:\/\/www.ssaver.gob.mx\/transparencia\/wp-content\/uploads\/sites\/7\/2026\/02\/AP_45.pdf\">Medicina Tradicional Ind\u00edgena Simplificado<\/a><\/li>\n<\/ul>\n\n\n\n<p class=\"has-text-align-center has-white-color has-text-color has-background\" style=\"background-color:#7a1737;font-size:22px\"><strong>46. <strong>Avisos de Privacidad<\/strong> del Programa Estatal de Eliminaci\u00f3n de la Hepatitis C.<\/strong><\/p>\n\n\n\n<ul class=\"wp-block-list has-medium-font-size\">\n<li class=\"has-medium-font-size\"><a href=\"https:\/\/www.ssaver.gob.mx\/transparencia\/wp-content\/uploads\/sites\/7\/2022\/07\/50-Sistema-de-Datos-Personales-del-Programa-Estatal-de-Eliminacio%CC%81n-de-la-Hepatitis-C.pdf\" target=\"_blank\" rel=\"noreferrer noopener\">Programa Estatal de Eliminaci\u00f3n de la Hepatitis C<\/a><\/li>\n<\/ul>\n\n\n\n<p class=\"has-text-align-center has-white-color has-text-color has-background\" style=\"background-color:#7a1737;font-size:22px\"><strong>47. <strong>Avisos de Privacidad<\/strong> del Programa Estatal de Prevenci\u00f3n y Control de la Lepra.<\/strong><\/p>\n\n\n\n<ul class=\"wp-block-list has-medium-font-size\">\n<li class=\"has-medium-font-size\"><a href=\"https:\/\/www.ssaver.gob.mx\/transparencia\/wp-content\/uploads\/sites\/7\/2022\/07\/51-Sistema-de-Datos-Personales-del-Programa-Estatal-de-Prevencio%CC%81n-y-Control-de-la-Lepra.pdf\" target=\"_blank\" rel=\"noreferrer noopener\">Programa Estatal de Prevenci\u00f3n y Control de la Lepra<\/a><\/li>\n<\/ul>\n\n\n\n<p class=\"has-text-align-center has-white-color has-text-color has-background\" style=\"background-color:#7a1737;font-size:22px\"><strong>48. <strong>Avisos de Privacidad<\/strong> del Programa Estatal de Prevenci\u00f3n y Control de Enfermedades Respiratorias e Influenza.<\/strong><\/p>\n\n\n\n<ul class=\"wp-block-list has-medium-font-size\">\n<li><a href=\"https:\/\/www.ssaver.gob.mx\/transparencia\/wp-content\/uploads\/sites\/7\/2022\/07\/52-Sistema-de-Datos-Ppersonales-del-Programa-Estatal-de-Prevencio%CC%81n-y-Control-de-Enfermedades-Respiratorias-e-Influenza.pdf\" target=\"_blank\" rel=\"noreferrer noopener\">Programa Estatal de Prevenci\u00f3n y Control de Enfermedades Respiratorias e Influenza<\/a><\/li>\n<\/ul>\n\n\n\n<p class=\"has-text-align-center has-white-color has-text-color has-background\" style=\"background-color:#7a1737;font-size:22px\"><strong>49. <strong>Avisos de Privacidad<\/strong> para la prevenci\u00f3n y tratamiento de enfermedades transmitidas por vector: Dengue, Chagas, Leishmaniasis y Paludismo.<\/strong><\/p>\n\n\n\n<ul class=\"wp-block-list has-medium-font-size\">\n<li class=\"has-medium-font-size\"><a rel=\"noreferrer noopener\" href=\"https:\/\/www.ssaver.gob.mx\/transparencia\/wp-content\/uploads\/sites\/7\/2022\/11\/53-Aviso-de-privacidad-vectores_VER.2.pdf\" target=\"_blank\">Vectores<\/a><\/li>\n<\/ul>\n\n\n\n<p class=\"has-text-align-center has-white-color has-text-color has-background\" style=\"background-color:#7a1737;font-size:22px\"><strong>50. Aviso de Privacidad para Atenciones Integrales.<\/strong><\/p>\n\n\n\n<ul class=\"wp-block-list has-medium-font-size\">\n<li class=\"has-medium-font-size\"><a href=\"https:\/\/www.ssaver.gob.mx\/transparencia\/wp-content\/uploads\/sites\/7\/2026\/02\/AP_50.pdf\">CNS Simplificado<\/a><\/li>\n<\/ul>\n\n\n\n<p class=\"has-text-align-center has-white-color has-text-color has-background\" style=\"background-color:#7a1737;font-size:22px\"><strong>51. <strong>Avisos de Privacidad<\/strong><\/strong> <strong>de Personas que Utilizan el Buz\u00f3n Virtual de la Direcci\u00f3n de Protecci\u00f3n contra Riesgos Sanitarios.<\/strong><\/p>\n\n\n\n<ul class=\"wp-block-list\">\n<li class=\"has-medium-font-size\"><a href=\"https:\/\/drive.google.com\/file\/d\/1J0cGZKb7BOvZYGdEFms9mvGUMRK1bVJe\/view?usp=sharing\">Buz\u00f3n Virtual<\/a><\/li>\n<\/ul>\n\n\n\n<p class=\"has-text-align-center has-white-color has-text-color has-background\" style=\"background-color:#7a1737;font-size:22px\"><strong>52. Aviso de Privacidad de las Defunciones Sujetas a Vigilancia Epidemiol\u00f3gica por Enfermedades Diarreicas e Infecciones Respiratorias Agudas.<\/strong><\/p>\n\n\n\n<ul class=\"wp-block-list\">\n<li class=\"has-medium-font-size\"><a href=\"https:\/\/www.ssaver.gob.mx\/transparencia\/wp-content\/uploads\/sites\/7\/2025\/02\/Aviso_56.pdf\">EDA e IRA en menores de 5 a\u00f1os<\/a><\/li>\n<\/ul>\n\n\n\n<p class=\"has-text-align-center has-white-color has-text-color has-background\" style=\"background-color:#7a1737;font-size:22px\"><strong>53.<\/strong> <strong>Aviso de Privacidad del Registro Nominal de Vacunaci\u00f3n y de Eventos Supuestamente Atribuibles a Vacunaci\u00f3n e Inmunizaci\u00f3n (ESAVI).<\/strong><\/p>\n\n\n\n<ul class=\"wp-block-list\">\n<li class=\"has-medium-font-size\"><a href=\"https:\/\/www.ssaver.gob.mx\/transparencia\/wp-content\/uploads\/sites\/7\/2025\/02\/Aviso_57.pdf\">ESAVI<\/a><\/li>\n<\/ul>\n\n\n\n<p class=\"has-text-align-center has-white-color has-text-color has-background\" style=\"background-color:#7a1737;font-size:22px\"><strong>54. Aviso de Privacidad de los Procesos de Adquisici\u00f3n de Bienes y Contrataci\u00f3n de Servicios.<\/strong><\/p>\n\n\n\n<ul class=\"wp-block-list\">\n<li class=\"has-medium-font-size\"><a href=\"https:\/\/www.ssaver.gob.mx\/transparencia\/wp-content\/uploads\/sites\/7\/2025\/11\/AP_54.pdf\">PABC<\/a><\/li>\n<\/ul>\n\n\n\n<p class=\"has-text-align-center has-white-color has-text-color has-background\" style=\"background-color:#7a1737;font-size:22px\"><strong>55. Aviso de privacidad para prevenir y atender el uso y abuso de sustancias psicoactivas y diversas condiciones de salud mental en la Comisi\u00f3n Estatal Contra las Adicciones<\/strong>.<\/p>\n\n\n\n<ul class=\"wp-block-list has-medium-font-size\">\n<li class=\"has-medium-font-size\"><a href=\"https:\/\/www.ssaver.gob.mx\/transparencia\/wp-content\/uploads\/sites\/7\/2025\/07\/Aviso_59.pdf\">CECA<\/a><\/li>\n<\/ul>\n\n\n\n<p class=\"has-text-align-center has-white-color has-text-color has-background\" style=\"background-color:#7a1737;font-size:22px\"><strong>56. Aviso de Privacidad simplificado para prevenir y atender el uso y<br>abuso de sustancias psicoactivas y diversas condiciones de salud<br>mental en el Centro Estatal contra las Adicciones (C\u00daSPIDE).<\/strong><\/p>\n\n\n\n<ul class=\"wp-block-list\">\n<li class=\"has-medium-font-size\"><a href=\"https:\/\/www.ssaver.gob.mx\/transparencia\/wp-content\/uploads\/sites\/7\/2026\/01\/AP_56.pdf\">C\u00daSPIDE<\/a><\/li>\n<\/ul>\n\n\n\n<p class=\"has-text-align-center has-white-color has-text-color has-background\" style=\"background-color:#7a1737;font-size:22px\"><strong>57. Aviso de Privacidad para la Estrategia de Comunidades, Municipios y Entornos Favorables a la Salud.<\/strong><\/p>\n\n\n\n<ul class=\"wp-block-list\">\n<li class=\"has-medium-font-size\"><a href=\"https:\/\/www.ssaver.gob.mx\/transparencia\/wp-content\/uploads\/sites\/7\/2026\/02\/AP_57.pdf\">Entornos Favorables a la Salud<\/a><\/li>\n<\/ul>\n\n\n\n<p class=\"has-large-font-size\"><strong>Protecci\u00f3n de Datos Personales<\/strong><\/p>\n\n\n\n<ul class=\"wp-block-list has-medium-font-size\">\n<li><a href=\"https:\/\/docs.google.com\/spreadsheets\/d\/1reX92g3UAifmVvhBIoXniv1aWXwXrbMg\/edit?usp=sharing&amp;ouid=106642724892189701556&amp;rtpof=true&amp;sd=true\">Plan de Trabajo (Implementaci\u00f3n) (MS Excel)<\/a><\/li>\n\n\n\n<li><a rel=\"noreferrer noopener\" href=\"https:\/\/www.ssaver.gob.mx\/transparencia\/wp-content\/uploads\/sites\/7\/2023\/03\/INVENTARIO-DE-DATOS-PERSONALES.xlsx\" target=\"_blank\">Inventario de Datos Personales<\/a><\/li>\n\n\n\n<li>Sistemas de Datos Personales:\n<ul class=\"wp-block-list\">\n<li><a href=\"https:\/\/www.ssaver.gob.mx\/transparencia\/wp-content\/uploads\/sites\/7\/2025\/05\/FormatoSistemaDatosPersonales.docx\">Formato (MsWord)<\/a><\/li>\n<\/ul>\n<\/li>\n\n\n\n<li><a href=\"https:\/\/www.ssaver.gob.mx\/transparencia\/wp-content\/uploads\/sites\/7\/2022\/07\/acyp65-PoliticaInformatica2.2.pdf\">Pol\u00edticas de Seguridad 2.2<\/a> (vigente)<\/li>\n\n\n\n<li><a href=\"https:\/\/www.ssaver.gob.mx\/transparencia\/wp-content\/uploads\/sites\/7\/2025\/06\/DIAGNOSTICO-PARA-SISTEMAS-DE-DATOS-PERSONALES.docx\">Documento para Diagn\u00f3stico de Sistemas de Datos Personales (MS Word)<\/a><\/li>\n\n\n\n<li><a href=\"https:\/\/www.ssaver.gob.mx\/transparencia\/wp-content\/uploads\/sites\/7\/2025\/08\/NormativaInternaAccesoRestringido.pdf\">Normativa interna sobre documentaci\u00f3n de acceso restringido en la entidad<\/a><\/li>\n\n\n\n<li><a href=\"https:\/\/www.ssaver.gob.mx\/transparencia\/wp-content\/uploads\/sites\/7\/2022\/06\/Formatos-de-Analisis-de-Riesgos-y-Analisis-de-Brecha.xlsx\">Formatos de An\u00e1lisis de Riesgos y An\u00e1lisis de Brecha<\/a><\/li>\n\n\n\n<li><a href=\"https:\/\/www.ssaver.gob.mx\/transparencia\/wp-content\/uploads\/sites\/7\/2022\/12\/Formato-DerechosARCO.docx\">Formato de solicitud de Derechos ARCO<\/a><\/li>\n\n\n\n<li><a href=\"https:\/\/www.ssaver.gob.mx\/transparencia\/wp-content\/uploads\/sites\/7\/2022\/12\/formato-EVALUACION-Y-MONITOREO-DE-SISTEMAS-DE-GESTION-27-01-22.docx\">Formato de Evaluaci\u00f3n y Monitoreo de Sistemas de Gesti\u00f3n (MS Word)<\/a><\/li>\n\n\n\n<li><a href=\"https:\/\/www.ssaver.gob.mx\/transparencia\/wp-content\/uploads\/sites\/7\/2025\/06\/qr_APS.jpeg\" target=\"_blank\" rel=\"noreferrer noopener\">C\u00f3digo QR para aviso de privacidad simplificado<\/a><\/li>\n<\/ul>\n\n\n\n<p class=\"has-medium-font-size\"><strong>Programa de Datos Personales<\/strong><\/p>\n\n\n\n<ul class=\"wp-block-list\">\n<li class=\"has-medium-font-size\"><a href=\"https:\/\/www.ssaver.gob.mx\/transparencia\/wp-content\/uploads\/sites\/7\/2025\/02\/PROGRAMA-DP-2025.pdf\">Ejercicio 2025<\/a><\/li>\n\n\n\n<li class=\"has-medium-font-size\"><a href=\"https:\/\/drive.google.com\/file\/d\/1ZSfpl-8wALilPvD8KlD7Wiulr9WrJgT5\/view?usp=sharing\">Ejercicio 2024<\/a><\/li>\n\n\n\n<li class=\"has-medium-font-size\"><a href=\"https:\/\/www.ssaver.gob.mx\/transparencia\/wp-content\/uploads\/sites\/7\/2023\/06\/PROGRAMA-DE-DATOS-PERSONALES-2023.xlsx\">Ejercicio 2023<\/a><\/li>\n\n\n\n<li class=\"has-medium-font-size\"><a href=\"https:\/\/www.ssaver.gob.mx\/transparencia\/wp-content\/uploads\/sites\/7\/2022\/06\/PROGRAMA-DE-DATOS-PERSONALES-2022.xlsx\">Ejercicio 2022<\/a><\/li>\n\n\n\n<li class=\"has-medium-font-size\"><a href=\"https:\/\/www.ssaver.gob.mx\/transparencia\/wp-content\/uploads\/sites\/7\/2022\/06\/PROGRAMA-DE-DATOS-PERSONALES-2021.xlsx\">Ejercicio 2021<\/a><\/li>\n\n\n\n<li class=\"has-medium-font-size\"><a href=\"https:\/\/www.ssaver.gob.mx\/transparencia\/wp-content\/uploads\/sites\/7\/2022\/06\/PROGRAMA-DE-DATOS-PERSONALES-2020.xlsx\">Ejercicio 2020<\/a><\/li>\n<\/ul>\n\n\n\n<p><\/p>\n<\/div>\n<\/div>\n<\/div>\n","protected":false},"excerpt":{"rendered":"<p>1. Avisos de Privacidad de Recursos Humanos (SESVER). 2. Avisos de Privacidad del Expediente Cl\u00ednico. 3. Avisos de Privacidad de<\/p>\n","protected":false},"author":18,"featured_media":0,"parent":1260,"menu_order":2,"comment_status":"closed","ping_status":"closed","template":"","meta":{"colormag_page_container_layout":"default_layout","colormag_page_sidebar_layout":"default_layout","footnotes":""},"class_list":["post-459","page","type-page","status-publish","hentry"],"_links":{"self":[{"href":"https:\/\/www.ssaver.gob.mx\/transparencia\/wp-json\/wp\/v2\/pages\/459","targetHints":{"allow":["GET"]}}],"collection":[{"href":"https:\/\/www.ssaver.gob.mx\/transparencia\/wp-json\/wp\/v2\/pages"}],"about":[{"href":"https:\/\/www.ssaver.gob.mx\/transparencia\/wp-json\/wp\/v2\/types\/page"}],"author":[{"embeddable":true,"href":"https:\/\/www.ssaver.gob.mx\/transparencia\/wp-json\/wp\/v2\/users\/18"}],"replies":[{"embeddable":true,"href":"https:\/\/www.ssaver.gob.mx\/transparencia\/wp-json\/wp\/v2\/comments?post=459"}],"version-history":[{"count":123,"href":"https:\/\/www.ssaver.gob.mx\/transparencia\/wp-json\/wp\/v2\/pages\/459\/revisions"}],"predecessor-version":[{"id":4327,"href":"https:\/\/www.ssaver.gob.mx\/transparencia\/wp-json\/wp\/v2\/pages\/459\/revisions\/4327"}],"up":[{"embeddable":true,"href":"https:\/\/www.ssaver.gob.mx\/transparencia\/wp-json\/wp\/v2\/pages\/1260"}],"wp:attachment":[{"href":"https:\/\/www.ssaver.gob.mx\/transparencia\/wp-json\/wp\/v2\/media?parent=459"}],"curies":[{"name":"wp","href":"https:\/\/api.w.org\/{rel}","templated":true}]}}