{"id":914,"date":"2022-08-08T13:25:31","date_gmt":"2022-08-08T18:25:31","guid":{"rendered":"https:\/\/www.ssaver.gob.mx\/transparencia\/?page_id=914"},"modified":"2026-03-24T10:49:13","modified_gmt":"2026-03-24T16:49:13","slug":"coesa","status":"publish","type":"page","link":"https:\/\/www.ssaver.gob.mx\/transparencia\/1260-2\/tproactiva\/coesa\/","title":{"rendered":"COESA"},"content":{"rendered":"\n<hr class=\"wp-block-separator aligncenter has-text-color has-alpha-channel-opacity has-background is-style-wide\" style=\"background-color:#d8bf31;color:#d8bf31\" \/>\n\n\n\n<div class=\"wp-block-group is-layout-constrained wp-container-core-group-is-layout-9517baca wp-block-group-is-layout-constrained\">\n<div class=\"wp-block-columns is-layout-flex wp-container-core-columns-is-layout-9c22b1e3 wp-block-columns-is-layout-flex\">\n<div class=\"wp-block-column is-vertically-aligned-stretch is-layout-flow wp-container-core-column-is-layout-c43c6636 wp-block-column-is-layout-flow\" style=\"padding-right:0;padding-left:0;flex-basis:100%\">\n<div class=\"wp-block-cover wp-elements-d44698befc940f7c6a2c9754d589aa3c has-aspect-ratio\" style=\"margin-top:0;margin-bottom:0;padding-top:0;padding-right:0;padding-bottom:0;padding-left:0;aspect-ratio:auto;min-height:unset;\"><img decoding=\"async\" class=\"wp-block-cover__image-background wp-image-5220 size-full\" alt=\"\" src=\"https:\/\/www.ssaver.gob.mx\/tecnologias\/wp-content\/uploads\/sites\/14\/2025\/09\/textura_areas_TI-scaled.png\" style=\"object-position:15% 27%\" data-object-fit=\"cover\" data-object-position=\"15% 27%\" \/><span aria-hidden=\"true\" class=\"wp-block-cover__background has-background-dim-100 has-background-dim\" style=\"background-color:#720f37\"><\/span><div class=\"wp-block-cover__inner-container is-layout-constrained wp-container-core-cover-is-layout-72190d31 wp-block-cover-is-layout-constrained\">\n<p class=\"has-text-align-center\" style=\"font-size:28px\"><strong>COESA<\/strong><\/p>\n<\/div><\/div>\n<\/div>\n<\/div>\n\n\n\n<div class=\"wp-block-columns is-layout-flex wp-container-core-columns-is-layout-b2864ded wp-block-columns-is-layout-flex\" style=\"margin-top:0;margin-bottom:0;padding-top:0;padding-bottom:0\">\n<div class=\"wp-block-column is-vertically-aligned-center has-background is-layout-flow wp-block-column-is-layout-flow\" style=\"background:linear-gradient(180deg,rgb(233,231,225) 32%,rgba(232,230,225,0) 100%);padding-top:var(--wp--preset--spacing--40);padding-right:var(--wp--preset--spacing--40);padding-bottom:var(--wp--preset--spacing--40);padding-left:var(--wp--preset--spacing--70);flex-basis:100%\">\n<hr class=\"wp-block-separator aligncenter has-text-color has-alpha-channel-opacity has-background is-style-wide\" style=\"margin-top:var(--wp--preset--spacing--20);margin-bottom:var(--wp--preset--spacing--20);background-color:#d6af4d;color:#d6af4d\" \/>\n\n\n\n<p class=\"has-text-align-center has-background\" style=\"background-color:#ffde66;font-size:16px\">Comit\u00e9 T\u00e9cnico de Salud y el Consejo Estatal de Salud<\/p>\n\n\n\n<p class=\"has-medium-font-size\"><strong>2024<\/strong><\/p>\n\n\n\n<p class=\"has-medium-font-size\">ACTA DE SESI\u00d3N EXTRAORDINARIA<\/p>\n\n\n\n<ul class=\"wp-block-list has-medium-font-size\">\n<li class=\"has-medium-font-size\"><a href=\"https:\/\/drive.google.com\/file\/d\/1cYTol-cNhSdtdq1m_Yq2uHwca1aUrbO8\/view?usp=sharing\">Primera sesi\u00f3n<\/a><\/li>\n<\/ul>\n\n\n\n<p class=\"has-medium-font-size\">ACTA DE SESI\u00d3N ORDINARIA<\/p>\n\n\n\n<ul class=\"wp-block-list\">\n<li class=\"has-medium-font-size\"><a href=\"https:\/\/drive.google.com\/file\/d\/1DIMzUWuv6YM3gsWbegDaM7YU7-0GGiB7\/view?usp=sharing\">Cuarta sesi\u00f3n<\/a><\/li>\n\n\n\n<li class=\"has-medium-font-size\"><a href=\"https:\/\/drive.google.com\/file\/d\/170Sa81_WtRwTMTV_7S7zpzsb2XhJM9D_\/view?usp=sharing\">Tercera sesi\u00f3n<\/a><\/li>\n\n\n\n<li class=\"has-medium-font-size\"><a href=\"https:\/\/drive.google.com\/file\/d\/1W9iIftbo2zjPSpQvPYHnJUUtHjVlbLTo\/view?usp=sharing\">Segunda sesi\u00f3n<\/a><\/li>\n\n\n\n<li class=\"has-medium-font-size\"><a href=\"https:\/\/drive.google.com\/file\/d\/1qok5MeGJUcGy59jCOJU7TqhrZlozIFUA\/view?usp=sharing\">Primera sesi\u00f3n<\/a><\/li>\n<\/ul>\n\n\n\n<h3 class=\"wp-block-heading has-medium-font-size\"><strong>2023<\/strong><\/h3>\n\n\n\n<p class=\"has-medium-font-size\">ACTA DE SESI\u00d3N EXTRAORDINARIA<\/p>\n\n\n\n<ul class=\"wp-block-list\">\n<li class=\"has-medium-font-size\"><a href=\"https:\/\/drive.google.com\/file\/d\/1USnQzbj1bsvwjMx6iXTe3aHX2LMZIPwl\/view?usp=sharing\">Primera sesi\u00f3n<\/a><\/li>\n<\/ul>\n\n\n\n<p class=\"has-medium-font-size\">ACTA DE SESI\u00d3N ORDINARIA<\/p>\n\n\n\n<ul class=\"wp-block-list\">\n<li class=\"has-medium-font-size\"><a href=\"https:\/\/drive.google.com\/file\/d\/1eHR6myrsHBLkXLPG4oRFQW6AUr71jApC\/view?usp=sharing\">Cuarta sesi\u00f3n<\/a><\/li>\n\n\n\n<li class=\"has-medium-font-size\"><a href=\"https:\/\/drive.google.com\/file\/d\/1X-VebqRXNgW_uoEJJ-4lnRRFfha0x-TU\/view?usp=sharing\">Tercera sesi\u00f3n<\/a><\/li>\n\n\n\n<li class=\"has-medium-font-size\"><a href=\"https:\/\/drive.google.com\/file\/d\/16hcWBKBgCu4FXs7UuYEya9j5SipPdsqQ\/view?usp=sharing\">Segunda sesi\u00f3n<\/a><\/li>\n\n\n\n<li class=\"has-medium-font-size\"><a href=\"https:\/\/drive.google.com\/file\/d\/1rPOR9CXJVxluLmjMXECtz-vjo5IGanIr\/view?usp=sharing\">Primera sesi\u00f3n<\/a><\/li>\n<\/ul>\n\n\n\n<h3 class=\"wp-block-heading has-medium-font-size\"><strong>2022<\/strong><\/h3>\n\n\n\n<p class=\"has-medium-font-size\">ACTA DE SESI\u00d3N EXTRAORDINARIA<\/p>\n\n\n\n<ul class=\"wp-block-list has-medium-font-size\">\n<li class=\"has-medium-font-size\"><a href=\"https:\/\/drive.google.com\/file\/d\/1IzzJY7W3q_sRDNKJB_VW5GmCEmvBASjr\/view?usp=sharing\" target=\"_blank\" rel=\"noreferrer noopener\">Primera sesi\u00f3n<\/a><\/li>\n<\/ul>\n\n\n\n<p class=\"has-medium-font-size\">ACTA DE SESI\u00d3N ORDINARIA<\/p>\n\n\n\n<ul class=\"wp-block-list has-medium-font-size\">\n<li><a href=\"https:\/\/drive.google.com\/file\/d\/1vkX139s2oXIRrsDdFwMYLojIL0TEqkcc\/view?usp=sharing\" target=\"_blank\" rel=\"noreferrer noopener\">Cuarta sesi\u00f3n<\/a><\/li>\n\n\n\n<li><a rel=\"noreferrer noopener\" href=\"https:\/\/drive.google.com\/file\/d\/1LtvoFx6Mofp-ISCIJTF0xf9EotZ-AnI3\/view?usp=sharing\" target=\"_blank\">Tercera sesi\u00f3n<\/a><\/li>\n\n\n\n<li><a rel=\"noreferrer noopener\" href=\"https:\/\/drive.google.com\/file\/d\/1ScvHKUU1UgLy7uP3YAnKEL0P5uqujpkv\/view?usp=sharing\" data-type=\"URL\" data-id=\"https:\/\/drive.google.com\/file\/d\/1ScvHKUU1UgLy7uP3YAnKEL0P5uqujpkv\/view?usp=sharing\" target=\"_blank\">Segunda sesi\u00f3n<\/a><\/li>\n\n\n\n<li><a rel=\"noreferrer noopener\" href=\"https:\/\/drive.google.com\/file\/d\/1o0AaoNgcE1vomqGdagOJvFOi_hVOWyPk\/view?usp=sharing\" target=\"_blank\">Primera sesi\u00f3n<\/a><\/li>\n<\/ul>\n\n\n\n<h3 class=\"wp-block-heading has-medium-font-size\">2021<\/h3>\n\n\n\n<p class=\"has-medium-font-size\">ACTA DE SESI\u00d3N ORDINARIA<\/p>\n\n\n\n<ul class=\"wp-block-list has-medium-font-size\">\n<li><a href=\"https:\/\/drive.google.com\/file\/d\/1amIwEF48nFCYKsg1Z0HqxjeaJvOVVzpk\/view?usp=sharing\" target=\"_blank\" rel=\"noreferrer noopener\">Cuarta sesi\u00f3n<\/a><\/li>\n\n\n\n<li><a rel=\"noreferrer noopener\" href=\"https:\/\/drive.google.com\/file\/d\/14uCV2NyXYQZmJEdhLX-OWO8vIyfWCYqB\/view?usp=sharing\" target=\"_blank\">Tercera sesi\u00f3n<\/a><\/li>\n\n\n\n<li><a rel=\"noreferrer noopener\" href=\"https:\/\/drive.google.com\/file\/d\/1NntyhTYDDsLTNcPjdHaUj1DvxeHjSsrs\/view?usp=sharing\" target=\"_blank\">Segunda sesi\u00f3n<\/a><\/li>\n\n\n\n<li><a rel=\"noreferrer noopener\" href=\"https:\/\/drive.google.com\/file\/d\/1DknwUFWrorYy2m4bzuarvc6vbzEuXSAI\/view?usp=sharing\" target=\"_blank\">Primera sesi\u00f3n<\/a><\/li>\n<\/ul>\n\n\n\n<p class=\"has-medium-font-size\">ACTA DE SESI\u00d3N EXTRAORDINARIA<\/p>\n\n\n\n<ul class=\"wp-block-list has-medium-font-size\">\n<li><a href=\"https:\/\/drive.google.com\/file\/d\/1i3JJ117dSI4YYjEme3XrqknGF-Fbwq1b\/view?usp=sharing\" target=\"_blank\" rel=\"noreferrer noopener\">Cuarta sesi\u00f3n<\/a><\/li>\n\n\n\n<li><a rel=\"noreferrer noopener\" href=\"https:\/\/drive.google.com\/file\/d\/1Ildvd8LtYzgzMVFSDyiinIwLI678vP-8\/view?usp=sharing\" target=\"_blank\">Tercera sesi\u00f3n<\/a><\/li>\n\n\n\n<li><a href=\"https:\/\/www.ssaver.gob.mx\/transparencia\/wp-content\/uploads\/sites\/7\/2022\/08\/COESA-02Ext-2021.pdf\">Segunda sesi\u00f3n<\/a><\/li>\n\n\n\n<li><a rel=\"noreferrer noopener\" href=\"https:\/\/drive.google.com\/file\/d\/1BaQeYjzr3cg4ehAaR8SJfJn6QD0Ar2Of\/view?usp=sharing\" target=\"_blank\">Primera sesi\u00f3n<\/a><\/li>\n<\/ul>\n\n\n\n<h3 class=\"wp-block-heading has-medium-font-size\"><strong>2020<\/strong><\/h3>\n\n\n\n<p class=\"has-medium-font-size\">ACTA DE SESI\u00d3N ORDINARIA<\/p>\n\n\n\n<ul class=\"wp-block-list has-medium-font-size\">\n<li><a href=\"https:\/\/www.ssaver.gob.mx\/transparencia\/wp-content\/uploads\/sites\/7\/2022\/08\/11_ACTA_4a_SESION_ORDINARIA_COESAr.pdf\">Cuarta sesi\u00f3n<\/a><\/li>\n\n\n\n<li><a href=\"https:\/\/drive.google.com\/file\/d\/1AO4fSQ9HwLYjMFS_AHzyKy_ked210o0x\/view?usp=sharing\" target=\"_blank\" rel=\"noreferrer noopener\">Tercera sesi\u00f3n<\/a><\/li>\n\n\n\n<li><a href=\"https:\/\/www.ssaver.gob.mx\/transparencia\/wp-content\/uploads\/sites\/7\/2022\/08\/7_ACTA_2aSESION_ORDINARIA_COESAr.pdf\">Segunda sesi\u00f3n<\/a><\/li>\n\n\n\n<li><a rel=\"noreferrer noopener\" href=\"https:\/\/drive.google.com\/file\/d\/1uRKuO25t6kFlH5eTWJeF_c6yn_Qt5ver\/view?usp=sharing\" target=\"_blank\">Primera sesi\u00f3n<\/a><\/li>\n\n\n\n<li><a href=\"https:\/\/www.ssaver.gob.mx\/transparencia\/wp-content\/uploads\/sites\/7\/2022\/08\/3_ACTA_JEFES_JURISDICCIONALESr.pdf\">Reuni\u00f3n con Jefes Jurisdiccionales<\/a><\/li>\n<\/ul>\n\n\n\n<p class=\"has-medium-font-size\">ACTA DE SESI\u00d3N EXTRAORDINARIA<\/p>\n\n\n\n<ul class=\"wp-block-list has-medium-font-size\">\n<li><a href=\"https:\/\/www.ssaver.gob.mx\/transparencia\/wp-content\/uploads\/sites\/7\/2022\/08\/ACTA_6a_SESIO\u0301N_EXTRAORDINARIA_COESA_08sep2020r.pdf\">Sexta sesi\u00f3n<\/a><\/li>\n\n\n\n<li><a href=\"https:\/\/drive.google.com\/file\/d\/1fbCQPIX4gYtzmWWqXQOdT0VwprVBJ50u\/view?usp=sharing\" target=\"_blank\" rel=\"noreferrer noopener\">Quinta sesi\u00f3n<\/a><\/li>\n\n\n\n<li><a href=\"https:\/\/www.ssaver.gob.mx\/transparencia\/wp-content\/uploads\/sites\/7\/2022\/08\/6_ACTA-4a-S-EXTRAORDINARIA_COESAr.pdf\">Cuarta sesi\u00f3n<\/a><\/li>\n\n\n\n<li><a href=\"https:\/\/www.ssaver.gob.mx\/transparencia\/wp-content\/uploads\/sites\/7\/2022\/08\/5_ACTA-3a-S-EXTRAORDINARIA_COESAr.pdf\">Tercera sesi\u00f3n<\/a><\/li>\n\n\n\n<li><a href=\"https:\/\/www.ssaver.gob.mx\/transparencia\/wp-content\/uploads\/sites\/7\/2022\/08\/4_ACTA-2a-S-EXTRAORDINARIA_COESAr.pdf\">Segunda sesi\u00f3n<\/a><\/li>\n\n\n\n<li><a href=\"https:\/\/www.ssaver.gob.mx\/transparencia\/wp-content\/uploads\/sites\/7\/2022\/08\/2_ACTA-1a-S-EXTRAORDINARIA_COESAr.pdf\">Primera sesi\u00f3n<\/a><\/li>\n<\/ul>\n\n\n\n<h3 class=\"wp-block-heading has-medium-font-size\"><strong>2019<\/strong><\/h3>\n\n\n\n<p class=\"has-medium-font-size\">ACTA DE SESI\u00d3N ORDINARIA<\/p>\n\n\n\n<ul class=\"wp-block-list has-medium-font-size\">\n<li><a href=\"https:\/\/drive.google.com\/file\/d\/16Iaaf_F_sjSegl5Pkil9V-j-Cbf3TS4H\/view?usp=sharing\" target=\"_blank\" rel=\"noreferrer noopener\">Cuarta sesi\u00f3n<\/a><\/li>\n\n\n\n<li><a href=\"https:\/\/drive.google.com\/file\/d\/1Ef1AscxBSI3syhumvp65jP8RVDCHHTuf\/view?usp=sharing\" target=\"_blank\" rel=\"noreferrer noopener\">Tercera sesi\u00f3n<\/a><\/li>\n\n\n\n<li><a href=\"https:\/\/drive.google.com\/file\/d\/1cia0LxEf8iFTZXrPiJvniAkaS1X9xwq7\/view?usp=sharing\" target=\"_blank\" rel=\"noreferrer noopener\">Segunda sesi\u00f3n<\/a><\/li>\n\n\n\n<li><a href=\"https:\/\/drive.google.com\/file\/d\/1htwwYzxKctaLp-3Lnjw3mDg1EA9wiZ7f\/view?usp=sharing\" target=\"_blank\" rel=\"noreferrer noopener\">Primera sesi\u00f3n<\/a><\/li>\n<\/ul>\n\n\n\n<p class=\"has-medium-font-size\">ACTA DE SESI\u00d3N EXTRAORDINARIA<\/p>\n\n\n\n<ul class=\"wp-block-list has-medium-font-size\">\n<li><a href=\"https:\/\/drive.google.com\/file\/d\/1U3faNDlkVldTCJmhyNlK1ZFm_oNTZ8cC\/view?usp=sharing\" target=\"_blank\" rel=\"noreferrer noopener\">Tercera sesi\u00f3n<\/a><\/li>\n\n\n\n<li><a href=\"https:\/\/drive.google.com\/file\/d\/1kwCg2Cv9ypPWdZHSuZ_IbdYRyN89B7m5\/view?usp=sharing\" target=\"_blank\" rel=\"noreferrer noopener\">Segunda sesi\u00f3n<\/a><\/li>\n\n\n\n<li><a href=\"https:\/\/drive.google.com\/file\/d\/1Hmyrrmr4hp95TMos_TbrSyLp48vwguzG\/view?usp=sharing\" target=\"_blank\" rel=\"noreferrer noopener\">Primera sesi\u00f3n<\/a><\/li>\n<\/ul>\n<\/div>\n<\/div>\n<\/div>\n","protected":false},"excerpt":{"rendered":"<p>Comit\u00e9 T\u00e9cnico de Salud y el Consejo Estatal de Salud 2024 ACTA DE SESI\u00d3N EXTRAORDINARIA ACTA DE SESI\u00d3N ORDINARIA 2023<\/p>\n","protected":false},"author":18,"featured_media":0,"parent":905,"menu_order":2,"comment_status":"closed","ping_status":"closed","template":"","meta":{"colormag_page_container_layout":"default_layout","colormag_page_sidebar_layout":"default_layout","footnotes":""},"class_list":["post-914","page","type-page","status-publish","hentry"],"_links":{"self":[{"href":"https:\/\/www.ssaver.gob.mx\/transparencia\/wp-json\/wp\/v2\/pages\/914","targetHints":{"allow":["GET"]}}],"collection":[{"href":"https:\/\/www.ssaver.gob.mx\/transparencia\/wp-json\/wp\/v2\/pages"}],"about":[{"href":"https:\/\/www.ssaver.gob.mx\/transparencia\/wp-json\/wp\/v2\/types\/page"}],"author":[{"embeddable":true,"href":"https:\/\/www.ssaver.gob.mx\/transparencia\/wp-json\/wp\/v2\/users\/18"}],"replies":[{"embeddable":true,"href":"https:\/\/www.ssaver.gob.mx\/transparencia\/wp-json\/wp\/v2\/comments?post=914"}],"version-history":[{"count":34,"href":"https:\/\/www.ssaver.gob.mx\/transparencia\/wp-json\/wp\/v2\/pages\/914\/revisions"}],"predecessor-version":[{"id":4286,"href":"https:\/\/www.ssaver.gob.mx\/transparencia\/wp-json\/wp\/v2\/pages\/914\/revisions\/4286"}],"up":[{"embeddable":true,"href":"https:\/\/www.ssaver.gob.mx\/transparencia\/wp-json\/wp\/v2\/pages\/905"}],"wp:attachment":[{"href":"https:\/\/www.ssaver.gob.mx\/transparencia\/wp-json\/wp\/v2\/media?parent=914"}],"curies":[{"name":"wp","href":"https:\/\/api.w.org\/{rel}","templated":true}]}}